{"id":8024,"date":"2019-10-31T15:58:31","date_gmt":"2019-10-31T15:58:31","guid":{"rendered":"https:\/\/imlauer.com\/hotel-imlauer-salzburg\/fetes-dentreprise-de-noel\/"},"modified":"2026-03-26T13:33:51","modified_gmt":"2026-03-26T13:33:51","slug":"fetes-dentreprise-de-noel","status":"publish","type":"page","link":"https:\/\/imlauer.com\/hotel-imlauer-salzburg\/fetes-dentreprise-de-noel\/?lang=fr","title":{"rendered":"F\u00eates d&#8217;entreprise &amp; de No\u00ebl"},"content":{"rendered":"<p><div class=\"fusion-fullwidth fullwidth-box fusion-builder-row-1 has-pattern-background has-mask-background nonhundred-percent-fullwidth non-hundred-percent-height-scrolling fusion-equal-height-columns\" style=\"--awb-background-position:left top;--awb-border-sizes-top:0px;--awb-border-sizes-bottom:0px;--awb-border-sizes-left:0px;--awb-border-sizes-right:0px;--awb-border-radius-top-left:0px;--awb-border-radius-top-right:0px;--awb-border-radius-bottom-right:0px;--awb-border-radius-bottom-left:0px;--awb-padding-top:0px;--awb-padding-bottom:35px;--awb-margin-top:40px;--awb-flex-wrap:wrap;\" ><div class=\"fusion-builder-row fusion-row\"><div class=\"fusion-layout-column fusion_builder_column fusion-builder-column-0 fusion_builder_column_1_2 1_2 fusion-one-half fusion-column-first\" style=\"--awb-padding-top:40px;--awb-padding-right:40px;--awb-padding-bottom:40px;--awb-padding-left:40px;--awb-bg-color:#ffffff;--awb-bg-color-hover:#ffffff;--awb-bg-size:cover;--awb-border-color:#ebeef1;--awb-border-top:0;--awb-border-right:0;--awb-border-bottom:0;--awb-border-left:0;--awb-border-style:solid;width:48%; margin-right: 4%;\"><div class=\"fusion-column-wrapper fusion-column-has-shadow fusion-flex-column-wrapper-legacy\"><div class=\"fusion-column-content-centered\"><div class=\"fusion-column-content\"><div class=\"fusion-slider-sc fusion-flexslider-loading flexslider flexslider-hover-type-none\" data-slideshow_autoplay=\"1\" data-slideshow_smooth_height=\"0\" data-slideshow_speed=\"7000\" style=\"max-width:100%;height:100%;\"><ul class=\"slides\"><li class=\"image\"><span class=\"lazyload fusion-image-hover-element hover-type-none\"><img decoding=\"async\" src=\"https:\/\/imlauer.com\/hotel-imlauer-salzburg\/wp-content\/uploads\/2026\/03\/Seminarhotel-Salzburg005-web.jpg\" data-orig-src=\"https:\/\/imlauer.com\/hotel-imlauer-salzburg\/wp-content\/uploads\/2026\/03\/Seminarhotel-Salzburg005-web.jpg\" alt=\"Bild: festlich gedeckte Tische im Festsaal des Braurestaurants IMLAUER\" width=\"1000\" height=\"678\" class=\"lazyload wp-image-47324\" srcset=\"data:image\/svg+xml,%3Csvg%20xmlns%3D%27http%3A%2F%2Fwww.w3.org%2F2000%2Fsvg%27%20width%3D%271000%27%20height%3D%27678%27%20viewBox%3D%270%200%201000%20678%27%3E%3Crect%20width%3D%271000%27%20height%3D%27678%27%20fill-opacity%3D%220%22%2F%3E%3C%2Fsvg%3E\" data-srcset=\"https:\/\/imlauer.com\/hotel-imlauer-salzburg\/wp-content\/uploads\/2026\/03\/Seminarhotel-Salzburg005-web-200x136.jpg 200w, https:\/\/imlauer.com\/hotel-imlauer-salzburg\/wp-content\/uploads\/2026\/03\/Seminarhotel-Salzburg005-web-400x271.jpg 400w, https:\/\/imlauer.com\/hotel-imlauer-salzburg\/wp-content\/uploads\/2026\/03\/Seminarhotel-Salzburg005-web-600x407.jpg 600w, https:\/\/imlauer.com\/hotel-imlauer-salzburg\/wp-content\/uploads\/2026\/03\/Seminarhotel-Salzburg005-web-800x542.jpg 800w, https:\/\/imlauer.com\/hotel-imlauer-salzburg\/wp-content\/uploads\/2026\/03\/Seminarhotel-Salzburg005-web.jpg 1000w\" data-sizes=\"auto\" data-orig-sizes=\"(max-width: 969px) 100vw, 600px\" \/><\/span><\/li><li class=\"image\"><span class=\"lazyload fusion-image-hover-element hover-type-none\"><img decoding=\"async\" src=\"https:\/\/imlauer.com\/hotel-imlauer-salzburg\/wp-content\/uploads\/2025\/02\/Weihnachten-in-der-Buergerstube_13.jpg\" data-orig-src=\"https:\/\/imlauer.com\/hotel-imlauer-salzburg\/wp-content\/uploads\/2025\/02\/Weihnachten-in-der-Buergerstube_13.jpg\" width=\"1000\" height=\"667\" class=\"lazyload wp-image-972\" srcset=\"data:image\/svg+xml,%3Csvg%20xmlns%3D%27http%3A%2F%2Fwww.w3.org%2F2000%2Fsvg%27%20width%3D%271000%27%20height%3D%27667%27%20viewBox%3D%270%200%201000%20667%27%3E%3Crect%20width%3D%271000%27%20height%3D%27667%27%20fill-opacity%3D%220%22%2F%3E%3C%2Fsvg%3E\" data-srcset=\"https:\/\/imlauer.com\/hotel-imlauer-salzburg\/wp-content\/uploads\/2025\/02\/Weihnachten-in-der-Buergerstube_13-200x133.jpg 200w, https:\/\/imlauer.com\/hotel-imlauer-salzburg\/wp-content\/uploads\/2025\/02\/Weihnachten-in-der-Buergerstube_13-400x267.jpg 400w, https:\/\/imlauer.com\/hotel-imlauer-salzburg\/wp-content\/uploads\/2025\/02\/Weihnachten-in-der-Buergerstube_13-600x400.jpg 600w, https:\/\/imlauer.com\/hotel-imlauer-salzburg\/wp-content\/uploads\/2025\/02\/Weihnachten-in-der-Buergerstube_13-800x534.jpg 800w, https:\/\/imlauer.com\/hotel-imlauer-salzburg\/wp-content\/uploads\/2025\/02\/Weihnachten-in-der-Buergerstube_13.jpg 1000w\" data-sizes=\"auto\" data-orig-sizes=\"(max-width: 969px) 100vw, 600px\" \/><\/span><\/li><li class=\"image\"><span class=\"lazyload fusion-image-hover-element hover-type-none\"><img decoding=\"async\" src=\"https:\/\/imlauer.com\/hotel-imlauer-salzburg\/wp-content\/uploads\/2026\/03\/Winter-Gastgarten-BRI-IMG_E4834-web.jpg\" data-orig-src=\"https:\/\/imlauer.com\/hotel-imlauer-salzburg\/wp-content\/uploads\/2026\/03\/Winter-Gastgarten-BRI-IMG_E4834-web.jpg\" alt=\"Bild: Gastgarten des Braurestaurant IMLAUER im Advent mit Tannenb\u00e4umen und weihnachtlicher Dekoration\" width=\"1000\" height=\"563\" class=\"lazyload wp-image-47325\" srcset=\"data:image\/svg+xml,%3Csvg%20xmlns%3D%27http%3A%2F%2Fwww.w3.org%2F2000%2Fsvg%27%20width%3D%271000%27%20height%3D%27563%27%20viewBox%3D%270%200%201000%20563%27%3E%3Crect%20width%3D%271000%27%20height%3D%27563%27%20fill-opacity%3D%220%22%2F%3E%3C%2Fsvg%3E\" data-srcset=\"https:\/\/imlauer.com\/hotel-imlauer-salzburg\/wp-content\/uploads\/2026\/03\/Winter-Gastgarten-BRI-IMG_E4834-web-200x113.jpg 200w, https:\/\/imlauer.com\/hotel-imlauer-salzburg\/wp-content\/uploads\/2026\/03\/Winter-Gastgarten-BRI-IMG_E4834-web-400x225.jpg 400w, https:\/\/imlauer.com\/hotel-imlauer-salzburg\/wp-content\/uploads\/2026\/03\/Winter-Gastgarten-BRI-IMG_E4834-web-600x338.jpg 600w, https:\/\/imlauer.com\/hotel-imlauer-salzburg\/wp-content\/uploads\/2026\/03\/Winter-Gastgarten-BRI-IMG_E4834-web-800x450.jpg 800w, https:\/\/imlauer.com\/hotel-imlauer-salzburg\/wp-content\/uploads\/2026\/03\/Winter-Gastgarten-BRI-IMG_E4834-web.jpg 1000w\" data-sizes=\"auto\" data-orig-sizes=\"(max-width: 969px) 100vw, 600px\" \/><\/span><\/li><li class=\"image\"><span class=\"lazyload fusion-image-hover-element hover-type-none\"><img decoding=\"async\" src=\"https:\/\/imlauer.com\/hotel-imlauer-salzburg\/wp-content\/uploads\/2025\/02\/Weihnachten-in-der-Buergerstube_2.jpg\" data-orig-src=\"https:\/\/imlauer.com\/hotel-imlauer-salzburg\/wp-content\/uploads\/2025\/02\/Weihnachten-in-der-Buergerstube_2.jpg\" width=\"1000\" height=\"667\" class=\"lazyload wp-image-962\" srcset=\"data:image\/svg+xml,%3Csvg%20xmlns%3D%27http%3A%2F%2Fwww.w3.org%2F2000%2Fsvg%27%20width%3D%271000%27%20height%3D%27667%27%20viewBox%3D%270%200%201000%20667%27%3E%3Crect%20width%3D%271000%27%20height%3D%27667%27%20fill-opacity%3D%220%22%2F%3E%3C%2Fsvg%3E\" data-srcset=\"https:\/\/imlauer.com\/hotel-imlauer-salzburg\/wp-content\/uploads\/2025\/02\/Weihnachten-in-der-Buergerstube_2-200x133.jpg 200w, https:\/\/imlauer.com\/hotel-imlauer-salzburg\/wp-content\/uploads\/2025\/02\/Weihnachten-in-der-Buergerstube_2-400x267.jpg 400w, https:\/\/imlauer.com\/hotel-imlauer-salzburg\/wp-content\/uploads\/2025\/02\/Weihnachten-in-der-Buergerstube_2-600x400.jpg 600w, https:\/\/imlauer.com\/hotel-imlauer-salzburg\/wp-content\/uploads\/2025\/02\/Weihnachten-in-der-Buergerstube_2-800x534.jpg 800w, https:\/\/imlauer.com\/hotel-imlauer-salzburg\/wp-content\/uploads\/2025\/02\/Weihnachten-in-der-Buergerstube_2.jpg 1000w\" data-sizes=\"auto\" data-orig-sizes=\"(max-width: 969px) 100vw, 600px\" \/><\/span><\/li><\/ul><\/div><\/div><\/div><div class=\"fusion-clearfix\"><\/div><\/div><\/div><div class=\"fusion-layout-column fusion_builder_column fusion-builder-column-1 fusion_builder_column_1_2 1_2 fusion-one-half fusion-column-last\" style=\"--awb-bg-blend:overlay;--awb-bg-size:cover;width:48%;\"><div class=\"fusion-column-wrapper fusion-column-has-shadow fusion-flex-column-wrapper-legacy\"><div class=\"fusion-column-content-centered\"><div class=\"fusion-column-content\"><div class=\"fusion-text fusion-text-1\"><p style=\"letter-spacing: 4px; font-size: 13px; margin-bottom: 0px; text-transform: uppercase; text-align: center;\">Votre f\u00eate dans les h\u00f4tels et restaurants IMLAUER<\/p>\n<h1 style=\"text-align: center;\">F\u00caTES D&#8217;ENTREPRISE ET DE NO\u00cbL<\/h1>\n<h2 style=\"text-align: center;\"><strong>AU RESTAURANT BRASSICOLE IMLAUER<\/strong><\/h2>\n<\/div><div class=\"fusion-text fusion-text-2\"><p style=\"text-align: center;\">Profitez de votre f\u00eate d&#8217;entreprise ou de No\u00ebl dans l&#8217;ambiance charmante du restaurant brassicole IMLAUER, situ\u00e9 au c\u0153ur de Salzbourg, \u00e0 quelques minutes \u00e0 pied du ch\u00e2teau Mirabell. Que vous souhaitiez passer un <strong>moment agr\u00e9able en petit comit\u00e9 ou festif en plus grand nombre<\/strong>, vous trouverez chez nous le cadre id\u00e9al pour passer des moments inoubliables. <\/p>\n<p style=\"text-align: center;\">Profitez d&#8217;une <strong>cuisine autrichienne traditionnelle<\/strong> de haut niveau, d&#8217;une hospitalit\u00e9 chaleureuse et d&#8217;une attention personnelle et professionnelle qui fera de votre \u00e9v\u00e9nement un moment tr\u00e8s sp\u00e9cial. Nos salles modulables offrent l&#8217;espace id\u00e9al pour tout type de f\u00eate. <\/p>\n<p style=\"text-align: center;\">Le jardin d&#8217;ambiance du restaurant brassicole IMLAUER est l&#8217;un des points forts de l&#8217;Avent : Il se transforme en un <strong>merveilleux pays des merveilles hivernales<\/strong> avec des sapins de No\u00ebl vert fonc\u00e9 et des guirlandes lumineuses scintillantes. C&#8217;est l&#8217;endroit id\u00e9al pour se retrouver autour d&#8217;un ap\u00e9ritif et commencer votre f\u00eate de No\u00ebl dans la bonne humeur. <\/p>\n<p style=\"text-align: center;\">Dans cette atmosph\u00e8re unique, d\u00e9gustez du vin chaud ou du punch, des marrons chauds et de d\u00e9licieuses prunes enroul\u00e9es dans du lard, en plein c\u0153ur de Salzbourg.<\/p>\n<p style=\"text-align: center;\">Nous nous r\u00e9jouissons de faire de votre f\u00eate au Braurestaurant IMLAUER un moment inoubliable !<\/p>\n<\/div><\/div><\/div><div class=\"fusion-clearfix\"><\/div><\/div><\/div><\/div><\/div><div class=\"fusion-fullwidth fullwidth-box fusion-builder-row-2 nonhundred-percent-fullwidth non-hundred-percent-height-scrolling\" style=\"--awb-border-radius-top-left:0px;--awb-border-radius-top-right:0px;--awb-border-radius-bottom-right:0px;--awb-border-radius-bottom-left:0px;--awb-flex-wrap:wrap;\" ><div class=\"fusion-builder-row fusion-row\"><div class=\"fusion-layout-column fusion_builder_column fusion-builder-column-2 fusion_builder_column_1_5 1_5 fusion-one-fifth fusion-column-first\" style=\"--awb-bg-size:cover;width:20%;width:calc(20% - ( ( 4% + 4% ) * 0.2 ) );margin-right: 4%;\"><div class=\"fusion-column-wrapper fusion-column-has-shadow fusion-flex-column-wrapper-legacy\"><div class=\"fusion-clearfix\"><\/div><\/div><\/div><div class=\"fusion-layout-column fusion_builder_column fusion-builder-column-3 fusion_builder_column_3_5 3_5 fusion-three-fifth\" style=\"--awb-padding-top:5%;--awb-padding-right:5%;--awb-padding-bottom:5%;--awb-padding-left:5%;--awb-bg-size:cover;--awb-border-color:#d1d1d1;--awb-border-top:1px;--awb-border-right:1px;--awb-border-bottom:1px;--awb-border-left:1px;--awb-border-style:solid;width:60%;width:calc(60% - ( ( 4% + 4% ) * 0.6 ) );margin-right: 4%;\"><div class=\"fusion-column-wrapper fusion-column-has-shadow fusion-flex-column-wrapper-legacy\"><div class=\"fusion-text fusion-text-3\" style=\"--awb-text-transform:none;\"><p style=\"text-align: center;\"><strong>Forfait &#8222;Braurestaurant IMLAUER<\/strong>&#8220; <strong><br \/>\n (jusqu&#8217;\u00e0 150 personnes)<\/strong><\/p>\n<p style=\"text-align: center;\">Faites de votre f\u00eate un plaisir garanti !<\/p>\n<p style=\"text-align: center;\">Vos services inclus<\/p>\n<\/div><ul style=\"--awb-size:17px;--awb-iconcolor:#cbaa5c;--awb-line-height:28.9px;--awb-icon-width:28.9px;--awb-icon-height:28.9px;--awb-icon-margin:11.9px;--awb-content-margin:40.8px;\" class=\"fusion-checklist fusion-checklist-1 fusion-checklist-default type-icons\"><li class=\"fusion-li-item\" style=\"\"><span class=\"icon-wrapper circle-no\"><i class=\"fusion-li-icon fa-glass-cheers fas\" aria-hidden=\"true\"><\/i><\/span><div class=\"fusion-li-item-content\">\n<p><strong>Ap\u00e9ritif dans la for\u00eat hivernale magique <\/strong><br \/>\ny compris punch &amp; vin chaud, punch sans alcool, marrons frais du four &amp; pruneaux enroul\u00e9s dans du lard (1\/2 heure)<\/p>\n<\/div><\/li><li class=\"fusion-li-item\" style=\"\"><span class=\"icon-wrapper circle-no\"><i class=\"fusion-li-icon fa-wine-glass-alt fas\" aria-hidden=\"true\"><\/i><\/span><div class=\"fusion-li-item-content\"><strong>Forfait boissons inclus pour 4 heures :<\/strong><br \/>\nVins autrichiens rouges et blancs, bi\u00e8res Stiegl, boissons non alcoolis\u00e9es, caf\u00e9 et th\u00e9.<\/div><\/li><li class=\"fusion-li-item\" style=\"\"><span class=\"icon-wrapper circle-no\"><i class=\"fusion-li-icon fa-utensils fas\" aria-hidden=\"true\"><\/i><\/span><div class=\"fusion-li-item-content\">\n<p><strong>menu ou buffet de No\u00ebl \u00e0 4 plats<\/strong><\/p>\n<\/div><\/li><li class=\"fusion-li-item\" style=\"\"><span class=\"icon-wrapper circle-no\"><i class=\"fusion-li-icon fa-eye far\" aria-hidden=\"true\"><\/i><\/span><div class=\"fusion-li-item-content\">\n<p><strong>Des salles d\u00e9cor\u00e9es et confortables et un restaurant d\u00e9cor\u00e9 avec go\u00fbt pour No\u00ebl<\/strong><\/p>\n<\/div><\/li><li class=\"fusion-li-item\" style=\"\"><span class=\"icon-wrapper circle-no\"><i class=\"fusion-li-icon fa-parking fas\" aria-hidden=\"true\"><\/i><\/span><div class=\"fusion-li-item-content\">\n<p><strong>Stationnement gratuit pendant votre s\u00e9jour dans les parkings de l&#8217;h\u00f4tel<br \/>\n<\/strong>selon disponibilit\u00e9<\/p>\n<\/div><\/li><\/ul><div class=\"fusion-sep-clear\"><\/div><div class=\"fusion-separator fusion-full-width-sep\" style=\"margin-left: auto;margin-right: auto;margin-top:30px;width:100%;\"><\/div><div class=\"fusion-sep-clear\"><\/div><div class=\"fusion-text fusion-text-4\" style=\"--awb-text-transform:none;\"><p style=\"text-align: center;\"><strong>  Prix par personne \u00e0 partir de \u20ac 105,00  <\/strong><\/p>\n<\/div><div class=\"fusion-text fusion-text-5\" style=\"--awb-text-transform:none;\"><h2 style=\"text-align: center;\"><span style=\"color: #be1622;\"><strong>Votre forfait de No\u00ebl 2026<\/strong><\/span><\/h2>\n<p style=\"text-align: center;\">Notre menu de No\u00ebl festif est actuellement en cours de composition avec beaucoup de soin et d&#8217;attention aux d\u00e9tails et sera bient\u00f4t disponible ici.<\/p>\n<\/div><div class=\"fusion-clearfix\"><\/div><\/div><\/div><div class=\"fusion-layout-column fusion_builder_column fusion-builder-column-4 fusion_builder_column_1_5 1_5 fusion-one-fifth fusion-column-last\" style=\"--awb-bg-size:cover;width:20%;width:calc(20% - ( ( 4% + 4% ) * 0.2 ) );\"><div class=\"fusion-column-wrapper fusion-column-has-shadow fusion-flex-column-wrapper-legacy\"><div class=\"fusion-clearfix\"><\/div><\/div><\/div><\/div><\/div><div class=\"fusion-fullwidth fullwidth-box fusion-builder-row-3 nonhundred-percent-fullwidth non-hundred-percent-height-scrolling\" style=\"--awb-border-radius-top-left:0px;--awb-border-radius-top-right:0px;--awb-border-radius-bottom-right:0px;--awb-border-radius-bottom-left:0px;--awb-flex-wrap:wrap;\" ><div class=\"fusion-builder-row fusion-row\"><div class=\"fusion-layout-column fusion_builder_column fusion-builder-column-5 fusion_builder_column_1_1 1_1 fusion-one-full fusion-column-first fusion-column-last\" style=\"--awb-padding-top:50px;--awb-bg-blend:overlay;--awb-bg-size:cover;\"><div class=\"fusion-column-wrapper fusion-column-has-shadow fusion-flex-column-wrapper-legacy\"><div class=\"fusion-text fusion-text-6\"><h2 style=\"text-align: center; font-size: 27px;\">Nous nous ferons un plaisir de vous proposer un forfait personnalis\u00e9 !<\/h2>\n<\/div><ul style=\"--awb-size:17px;--awb-iconcolor:#cbaa5c;--awb-line-height:28.9px;--awb-icon-width:28.9px;--awb-icon-height:28.9px;--awb-icon-margin:11.9px;--awb-content-margin:40.8px;\" class=\"fusion-checklist fusion-checklist-2 fusion-checklist-default type-icons address\"><li class=\"fusion-li-item\" style=\"\"><span class=\"icon-wrapper circle-no\"><i class=\"fusion-li-icon fa-phone-alt fas\" aria-hidden=\"true\"><\/i><\/span><div class=\"fusion-li-item-content\">\n<p>T\u00e9l : <a href=\"tel:+4366877694918\">+43 (0)662 87 76 94 &#8211; 918 <\/a><\/p>\n<\/div><\/li><li class=\"fusion-li-item\" style=\"\"><span class=\"icon-wrapper circle-no\"><i class=\"fusion-li-icon fa-envelope far\" aria-hidden=\"true\"><\/i><\/span><div class=\"fusion-li-item-content\">\n<p><a href=\"mailto:braurestaurant@imlauer.com\">braurestaurant@imlauer.com<\/a><\/p>\n<\/div><\/li><li class=\"fusion-li-item\" style=\"\"><span class=\"icon-wrapper circle-no\"><i class=\"fusion-li-icon fa-map-marked-alt fas\" aria-hidden=\"true\"><\/i><\/span><div class=\"fusion-li-item-content\">\n<p>Rainerstra\u00dfe 12-14<br \/>\n5020 Salzbourg, Autriche<\/p>\n<\/div><\/li><\/ul><div class=\"fusion-clearfix\"><\/div><\/div><\/div><\/div><\/div><\/p>\n","protected":false},"excerpt":{"rendered":"","protected":false},"author":1,"featured_media":0,"parent":0,"menu_order":0,"comment_status":"closed","ping_status":"closed","template":"100-width.php","meta":{"footnotes":""},"class_list":["post-8024","page","type-page","status-publish","hentry"],"_links":{"self":[{"href":"https:\/\/imlauer.com\/hotel-imlauer-salzburg\/wp-json\/wp\/v2\/pages\/8024","targetHints":{"allow":["GET"]}}],"collection":[{"href":"https:\/\/imlauer.com\/hotel-imlauer-salzburg\/wp-json\/wp\/v2\/pages"}],"about":[{"href":"https:\/\/imlauer.com\/hotel-imlauer-salzburg\/wp-json\/wp\/v2\/types\/page"}],"author":[{"embeddable":true,"href":"https:\/\/imlauer.com\/hotel-imlauer-salzburg\/wp-json\/wp\/v2\/users\/1"}],"replies":[{"embeddable":true,"href":"https:\/\/imlauer.com\/hotel-imlauer-salzburg\/wp-json\/wp\/v2\/comments?post=8024"}],"version-history":[{"count":32,"href":"https:\/\/imlauer.com\/hotel-imlauer-salzburg\/wp-json\/wp\/v2\/pages\/8024\/revisions"}],"predecessor-version":[{"id":47374,"href":"https:\/\/imlauer.com\/hotel-imlauer-salzburg\/wp-json\/wp\/v2\/pages\/8024\/revisions\/47374"}],"wp:attachment":[{"href":"https:\/\/imlauer.com\/hotel-imlauer-salzburg\/wp-json\/wp\/v2\/media?parent=8024"}],"curies":[{"name":"wp","href":"https:\/\/api.w.org\/{rel}","templated":true}]}}