{"id":8077,"date":"2019-10-07T09:27:20","date_gmt":"2019-10-07T09:27:20","guid":{"rendered":"https:\/\/imlauer.com\/hotel-imlauer-salzburg\/salones-de-actos\/"},"modified":"2026-03-05T09:34:34","modified_gmt":"2026-03-05T09:34:34","slug":"salones-de-actos","status":"publish","type":"page","link":"https:\/\/imlauer.com\/hotel-imlauer-salzburg\/salones-de-actos\/?lang=es","title":{"rendered":"Salones de actos"},"content":{"rendered":"<p><div class=\"fusion-fullwidth fullwidth-box fusion-builder-row-1 fusion-flex-container has-pattern-background has-mask-background nonhundred-percent-fullwidth non-hundred-percent-height-scrolling\" style=\"--awb-background-position:left top;--awb-border-sizes-top:0px;--awb-border-sizes-bottom:0px;--awb-border-sizes-left:0px;--awb-border-sizes-right:0px;--awb-border-radius-top-left:0px;--awb-border-radius-top-right:0px;--awb-border-radius-bottom-right:0px;--awb-border-radius-bottom-left:0px;--awb-padding-top:0px;--awb-padding-bottom:35px;--awb-margin-top:40px;--awb-flex-wrap:wrap;\" ><div class=\"fusion-builder-row fusion-row fusion-flex-align-items-stretch fusion-flex-content-wrap\" style=\"max-width:1352px;margin-left: calc(-4% \/ 2 );margin-right: calc(-4% \/ 2 );\"><div class=\"fusion-layout-column fusion_builder_column fusion-builder-column-0 fusion_builder_column_3_5 3_5 fusion-flex-column rahmen\" style=\"--awb-padding-top:40px;--awb-padding-right:40px;--awb-padding-bottom:40px;--awb-padding-left:40px;--awb-bg-color:#ffffff;--awb-bg-color-hover:#ffffff;--awb-bg-size:cover;--awb-border-color:#ebeef1;--awb-border-top:0;--awb-border-right:0;--awb-border-bottom:0;--awb-border-left:0;--awb-border-style:solid;--awb-width-large:60%;--awb-margin-top-large:0px;--awb-spacing-right-large:3.84%;--awb-margin-bottom-large:20px;--awb-spacing-left-large:3.2%;--awb-width-medium:100%;--awb-spacing-right-medium:1.92%;--awb-spacing-left-medium:1.92%;--awb-width-small:100%;--awb-spacing-right-small:1.92%;--awb-spacing-left-small:1.92%;\"><div class=\"fusion-column-wrapper fusion-column-has-shadow fusion-flex-justify-content-center fusion-content-layout-column\"><div class=\"fusion-slider-sc\"><div class=\"fusion-flexslider-loading flexslider flexslider-hover-type-none\" data-slideshow_autoplay=\"1\" data-slideshow_smooth_height=\"0\" data-slideshow_speed=\"7000\" style=\"max-width:100%;height:100%;\"><ul class=\"slides\"><li class=\"image\"><span class=\"lazyload fusion-image-hover-element hover-type-none\"><img decoding=\"async\" src=\"https:\/\/imlauer.com\/hotel-imlauer-salzburg\/wp-content\/uploads\/2025\/02\/Veranstaltungsraum_Muenchen_U-Tafel_3-scaled-1.jpg\" data-orig-src=\"https:\/\/imlauer.com\/hotel-imlauer-salzburg\/wp-content\/uploads\/2025\/02\/Veranstaltungsraum_Muenchen_U-Tafel_3-scaled-1.jpg\" width=\"2560\" height=\"1707\" class=\"lazyload wp-image-863\" srcset=\"data:image\/svg+xml,%3Csvg%20xmlns%3D%27http%3A%2F%2Fwww.w3.org%2F2000%2Fsvg%27%20width%3D%272560%27%20height%3D%271707%27%20viewBox%3D%270%200%202560%201707%27%3E%3Crect%20width%3D%272560%27%20height%3D%271707%27%20fill-opacity%3D%220%22%2F%3E%3C%2Fsvg%3E\" data-srcset=\"https:\/\/imlauer.com\/hotel-imlauer-salzburg\/wp-content\/uploads\/2025\/02\/Veranstaltungsraum_Muenchen_U-Tafel_3-scaled-1-200x133.jpg 200w, https:\/\/imlauer.com\/hotel-imlauer-salzburg\/wp-content\/uploads\/2025\/02\/Veranstaltungsraum_Muenchen_U-Tafel_3-scaled-1-400x267.jpg 400w, https:\/\/imlauer.com\/hotel-imlauer-salzburg\/wp-content\/uploads\/2025\/02\/Veranstaltungsraum_Muenchen_U-Tafel_3-scaled-1-600x400.jpg 600w, https:\/\/imlauer.com\/hotel-imlauer-salzburg\/wp-content\/uploads\/2025\/02\/Veranstaltungsraum_Muenchen_U-Tafel_3-scaled-1-800x533.jpg 800w, https:\/\/imlauer.com\/hotel-imlauer-salzburg\/wp-content\/uploads\/2025\/02\/Veranstaltungsraum_Muenchen_U-Tafel_3-scaled-1-1200x800.jpg 1200w, https:\/\/imlauer.com\/hotel-imlauer-salzburg\/wp-content\/uploads\/2025\/02\/Veranstaltungsraum_Muenchen_U-Tafel_3-scaled-1.jpg 2560w\" data-sizes=\"auto\" data-orig-sizes=\"(max-width: 1024px) 100vw, (max-width: 375px) 100vw, 800px\" \/><\/span><\/li><li class=\"image\"><span class=\"lazyload fusion-image-hover-element hover-type-none\"><img decoding=\"async\" src=\"https:\/\/imlauer.com\/hotel-imlauer-salzburg\/wp-content\/uploads\/2025\/05\/web_imlauer_0425-130-web.jpg\" data-orig-src=\"https:\/\/imlauer.com\/hotel-imlauer-salzburg\/wp-content\/uploads\/2025\/05\/web_imlauer_0425-130-web.jpg\" alt=\"Bild: Seminarraum Salzburg\" width=\"1000\" height=\"667\" class=\"lazyload wp-image-7453\" srcset=\"data:image\/svg+xml,%3Csvg%20xmlns%3D%27http%3A%2F%2Fwww.w3.org%2F2000%2Fsvg%27%20width%3D%271000%27%20height%3D%27667%27%20viewBox%3D%270%200%201000%20667%27%3E%3Crect%20width%3D%271000%27%20height%3D%27667%27%20fill-opacity%3D%220%22%2F%3E%3C%2Fsvg%3E\" data-srcset=\"https:\/\/imlauer.com\/hotel-imlauer-salzburg\/wp-content\/uploads\/2025\/05\/web_imlauer_0425-130-web-200x133.jpg 200w, https:\/\/imlauer.com\/hotel-imlauer-salzburg\/wp-content\/uploads\/2025\/05\/web_imlauer_0425-130-web-400x267.jpg 400w, https:\/\/imlauer.com\/hotel-imlauer-salzburg\/wp-content\/uploads\/2025\/05\/web_imlauer_0425-130-web-600x400.jpg 600w, https:\/\/imlauer.com\/hotel-imlauer-salzburg\/wp-content\/uploads\/2025\/05\/web_imlauer_0425-130-web-800x534.jpg 800w, https:\/\/imlauer.com\/hotel-imlauer-salzburg\/wp-content\/uploads\/2025\/05\/web_imlauer_0425-130-web.jpg 1000w\" data-sizes=\"auto\" data-orig-sizes=\"(max-width: 1024px) 100vw, (max-width: 375px) 100vw, 800px\" \/><\/span><\/li><li class=\"image\"><span class=\"lazyload fusion-image-hover-element hover-type-none\"><img decoding=\"async\" src=\"https:\/\/imlauer.com\/hotel-imlauer-salzburg\/wp-content\/uploads\/2025\/02\/Veranstaltungsraum_Wien_Klassenzimmer_1-scaled-1.jpg\" data-orig-src=\"https:\/\/imlauer.com\/hotel-imlauer-salzburg\/wp-content\/uploads\/2025\/02\/Veranstaltungsraum_Wien_Klassenzimmer_1-scaled-1.jpg\" width=\"2560\" height=\"1707\" class=\"lazyload wp-image-873\" srcset=\"data:image\/svg+xml,%3Csvg%20xmlns%3D%27http%3A%2F%2Fwww.w3.org%2F2000%2Fsvg%27%20width%3D%272560%27%20height%3D%271707%27%20viewBox%3D%270%200%202560%201707%27%3E%3Crect%20width%3D%272560%27%20height%3D%271707%27%20fill-opacity%3D%220%22%2F%3E%3C%2Fsvg%3E\" data-srcset=\"https:\/\/imlauer.com\/hotel-imlauer-salzburg\/wp-content\/uploads\/2025\/02\/Veranstaltungsraum_Wien_Klassenzimmer_1-scaled-1-200x133.jpg 200w, https:\/\/imlauer.com\/hotel-imlauer-salzburg\/wp-content\/uploads\/2025\/02\/Veranstaltungsraum_Wien_Klassenzimmer_1-scaled-1-400x267.jpg 400w, https:\/\/imlauer.com\/hotel-imlauer-salzburg\/wp-content\/uploads\/2025\/02\/Veranstaltungsraum_Wien_Klassenzimmer_1-scaled-1-600x400.jpg 600w, https:\/\/imlauer.com\/hotel-imlauer-salzburg\/wp-content\/uploads\/2025\/02\/Veranstaltungsraum_Wien_Klassenzimmer_1-scaled-1-800x533.jpg 800w, https:\/\/imlauer.com\/hotel-imlauer-salzburg\/wp-content\/uploads\/2025\/02\/Veranstaltungsraum_Wien_Klassenzimmer_1-scaled-1-1200x800.jpg 1200w, https:\/\/imlauer.com\/hotel-imlauer-salzburg\/wp-content\/uploads\/2025\/02\/Veranstaltungsraum_Wien_Klassenzimmer_1-scaled-1.jpg 2560w\" data-sizes=\"auto\" data-orig-sizes=\"(max-width: 1024px) 100vw, (max-width: 375px) 100vw, 800px\" \/><\/span><\/li><li class=\"image\"><span class=\"lazyload fusion-image-hover-element hover-type-none\"><img decoding=\"async\" src=\"https:\/\/imlauer.com\/hotel-imlauer-salzburg\/wp-content\/uploads\/2025\/02\/Veranstaltungsraum_Humboldt_Blocktafel-scaled-1.jpg\" data-orig-src=\"https:\/\/imlauer.com\/hotel-imlauer-salzburg\/wp-content\/uploads\/2025\/02\/Veranstaltungsraum_Humboldt_Blocktafel-scaled-1.jpg\" width=\"2560\" height=\"1707\" class=\"lazyload wp-image-878\" srcset=\"data:image\/svg+xml,%3Csvg%20xmlns%3D%27http%3A%2F%2Fwww.w3.org%2F2000%2Fsvg%27%20width%3D%272560%27%20height%3D%271707%27%20viewBox%3D%270%200%202560%201707%27%3E%3Crect%20width%3D%272560%27%20height%3D%271707%27%20fill-opacity%3D%220%22%2F%3E%3C%2Fsvg%3E\" data-srcset=\"https:\/\/imlauer.com\/hotel-imlauer-salzburg\/wp-content\/uploads\/2025\/02\/Veranstaltungsraum_Humboldt_Blocktafel-scaled-1-200x133.jpg 200w, https:\/\/imlauer.com\/hotel-imlauer-salzburg\/wp-content\/uploads\/2025\/02\/Veranstaltungsraum_Humboldt_Blocktafel-scaled-1-400x267.jpg 400w, https:\/\/imlauer.com\/hotel-imlauer-salzburg\/wp-content\/uploads\/2025\/02\/Veranstaltungsraum_Humboldt_Blocktafel-scaled-1-600x400.jpg 600w, https:\/\/imlauer.com\/hotel-imlauer-salzburg\/wp-content\/uploads\/2025\/02\/Veranstaltungsraum_Humboldt_Blocktafel-scaled-1-800x533.jpg 800w, https:\/\/imlauer.com\/hotel-imlauer-salzburg\/wp-content\/uploads\/2025\/02\/Veranstaltungsraum_Humboldt_Blocktafel-scaled-1-1200x800.jpg 1200w, https:\/\/imlauer.com\/hotel-imlauer-salzburg\/wp-content\/uploads\/2025\/02\/Veranstaltungsraum_Humboldt_Blocktafel-scaled-1.jpg 2560w\" data-sizes=\"auto\" data-orig-sizes=\"(max-width: 1024px) 100vw, (max-width: 375px) 100vw, 800px\" \/><\/span><\/li><li class=\"image\"><span class=\"lazyload fusion-image-hover-element hover-type-none\"><img decoding=\"async\" src=\"https:\/\/imlauer.com\/hotel-imlauer-salzburg\/wp-content\/uploads\/2025\/05\/web_imlauer_0425-0-web-1.jpg\" data-orig-src=\"https:\/\/imlauer.com\/hotel-imlauer-salzburg\/wp-content\/uploads\/2025\/05\/web_imlauer_0425-0-web-1.jpg\" alt=\"Bild: Seminarraum Auersperg\" width=\"1000\" height=\"667\" class=\"lazyload wp-image-7451\" srcset=\"data:image\/svg+xml,%3Csvg%20xmlns%3D%27http%3A%2F%2Fwww.w3.org%2F2000%2Fsvg%27%20width%3D%271000%27%20height%3D%27667%27%20viewBox%3D%270%200%201000%20667%27%3E%3Crect%20width%3D%271000%27%20height%3D%27667%27%20fill-opacity%3D%220%22%2F%3E%3C%2Fsvg%3E\" data-srcset=\"https:\/\/imlauer.com\/hotel-imlauer-salzburg\/wp-content\/uploads\/2025\/05\/web_imlauer_0425-0-web-1-200x133.jpg 200w, https:\/\/imlauer.com\/hotel-imlauer-salzburg\/wp-content\/uploads\/2025\/05\/web_imlauer_0425-0-web-1-400x267.jpg 400w, https:\/\/imlauer.com\/hotel-imlauer-salzburg\/wp-content\/uploads\/2025\/05\/web_imlauer_0425-0-web-1-600x400.jpg 600w, https:\/\/imlauer.com\/hotel-imlauer-salzburg\/wp-content\/uploads\/2025\/05\/web_imlauer_0425-0-web-1-800x534.jpg 800w, https:\/\/imlauer.com\/hotel-imlauer-salzburg\/wp-content\/uploads\/2025\/05\/web_imlauer_0425-0-web-1.jpg 1000w\" data-sizes=\"auto\" data-orig-sizes=\"(max-width: 1024px) 100vw, (max-width: 375px) 100vw, 800px\" \/><\/span><\/li><\/ul><\/div><\/div><\/div><\/div><div class=\"fusion-layout-column fusion_builder_column fusion-builder-column-1 fusion_builder_column_2_5 2_5 fusion-flex-column\" style=\"--awb-bg-blend:overlay;--awb-bg-size:cover;--awb-width-large:40%;--awb-margin-top-large:0px;--awb-spacing-right-large:4.8%;--awb-margin-bottom-large:20px;--awb-spacing-left-large:3.84%;--awb-width-medium:100%;--awb-spacing-right-medium:1.92%;--awb-spacing-left-medium:1.92%;--awb-width-small:100%;--awb-spacing-right-small:1.92%;--awb-spacing-left-small:1.92%;\"><div class=\"fusion-column-wrapper fusion-column-has-shadow fusion-flex-justify-content-center fusion-content-layout-column\"><div class=\"fusion-text fusion-text-1\"><p style=\"letter-spacing: 4px; font-size: 13px; text-align: center; margin-bottom: 0px;\">Habitaciones extraordinarias para ocasiones especiales<\/p>\n<h1 style=\"text-align: center;\"><strong>Salas de reuniones del Hotel IMLAUER &amp; Br\u00e4u Salzburgo<br \/>\n<\/strong><\/h1>\n<\/div><div class=\"fusion-text fusion-text-2\"><div class=\"fusion-text content\" style=\"text-align: center;\">\n<p>Ya sea una reuni\u00f3n de equipo o una gran conferencia: las <strong>salas de diferentes tama\u00f1os<\/strong> del Hotel IMLAUER &amp; Br\u00e4u est\u00e1n predestinadas para eventos de todo tipo. El <strong>r\u00fastico y acogedor sal\u00f3n de baile<\/strong> del <a href=\"https:\/\/imlauer.com\/braurestaurant-imlauer\/\" target=\"_blank\" rel=\"noopener\">restaurante cervecer\u00eda IM<\/a> LAUER, por ejemplo, es tan adecuado para peque\u00f1as celebraciones informales como para grandes fiestas de <strong>hasta 200 personas<\/strong>. El hotel ha sido galardonado con la <a href=\"https:\/\/www.umweltzeichen.at\/de\/tourismus\/beherbergung-und-hotellerie?cert_number=972\" target=\"_blank\" rel=\"noopener noreferrer\"><strong>etiqueta ecol\u00f3gica austriaca<\/strong><\/a> y, por tanto, tu evento se encuentra en la &#8222;zona verde&#8220;<strong>.<\/strong>  <\/p>\n<\/div>\n<p>S\u00f3lo el <strong>Hotel IMLAUER<\/strong> <a href=\"https:\/\/schlosspichlarn.at\/landgut\/\" target=\"_blank\" rel=\"noopener\">Schloss Pichlarn<\/a> es <a href=\"https:\/\/imlauer.com\/hotel-pitter-salzburg\/meetings-events\/\" target=\"_blank\" rel=\"noopener\">a\u00fan m\u00e1s <\/a><a href=\"https:\/\/schlosspichlarn.at\/veranstaltungen\/\" target=\"_blank\" rel=\"noopener\">VERDE<\/a> que el Hotel IMLAUER &amp; Br\u00e4u y el <a href=\"https:\/\/schlosspichlarn.at\/\" target=\"_blank\" rel=\"noopener\">Centro de Eventos Pitter<\/a>, en el coraz\u00f3n de la ciudad de Salzburgo. Nuestro refugio de 5 estrellas con las mejores oportunidades de golf, disfrute, bienestar y eventos est\u00e1 situado en el coraz\u00f3n de la Estiria VERDE, en Aigen im Ennstal. Puedes encontrar m\u00e1s informaci\u00f3n en: <g id=\"gid_5\">schlosspichlarn.at<\/g>  <\/p>\n<div class=\"fusion-text content\" style=\"text-align: center;\">\n<p>En esta p\u00e1gina puedes obtener una visi\u00f3n general de tus opciones. \u00bfTienes alguna pregunta o petici\u00f3n especial? Estaremos encantados de recibir tu consulta.  <\/p>\n<\/div>\n<\/div><\/div><\/div><\/div><\/div><div class=\"fusion-fullwidth fullwidth-box fusion-builder-row-2 fusion-flex-container has-pattern-background has-mask-background hundred-percent-fullwidth non-hundred-percent-height-scrolling\" style=\"--awb-border-radius-top-left:0px;--awb-border-radius-top-right:0px;--awb-border-radius-bottom-right:0px;--awb-border-radius-bottom-left:0px;--awb-padding-top:4%;--awb-padding-right:6%;--awb-padding-bottom:0px;--awb-padding-left:6%;--awb-margin-bottom:0px;--awb-background-color:#f7f7f7;--awb-flex-wrap:wrap;\" ><div class=\"fusion-builder-row fusion-row fusion-flex-align-items-stretch fusion-flex-content-wrap\" style=\"width:calc( 100% + 0px ) !important;max-width:calc( 100% + 0px ) !important;margin-left: calc(-0px \/ 2 );margin-right: calc(-0px \/ 2 );\"><div class=\"fusion-layout-column fusion_builder_column fusion-builder-column-2 fusion_builder_column_1_2 1_2 fusion-flex-column fusion-animated\" style=\"--awb-padding-top:11%;--awb-padding-right:11%;--awb-padding-bottom:11%;--awb-padding-left:11%;--awb-bg-color:#ffffff;--awb-bg-color-hover:#ffffff;--awb-bg-size:cover;--awb-width-large:50%;--awb-margin-top-large:0px;--awb-spacing-right-large:0px;--awb-margin-bottom-large:0px;--awb-spacing-left-large:0px;--awb-width-medium:100%;--awb-order-medium:1;--awb-spacing-right-medium:0px;--awb-spacing-left-medium:0px;--awb-width-small:100%;--awb-spacing-right-small:0px;--awb-spacing-left-small:0px;\" data-animationType=\"fadeInLeft\" data-animationDuration=\"0.8\" data-animationOffset=\"top-into-view\"><div class=\"fusion-column-wrapper fusion-column-has-shadow fusion-flex-justify-content-center fusion-content-layout-column\"><div class=\"fusion-text fusion-text-3\"><h1 style=\"text-align: center;\">El FESTSAAL<\/h1>\n<\/div><div class=\"fusion-text fusion-text-4\"><div class=\"fusion-text content\">\n<div class=\"fusion-text content\" style=\"text-align: right;\">\n<p style=\"text-align: center;\"><strong>Hasta 200 personas<\/strong> pueden <strong>celebrar o celebrar reuniones <\/strong>en el <strong>gran sal\u00f3n de baile <\/strong>. <strong>Las paredes con paneles de madera clara<\/strong> y los elementos decorativos discretamente elegantes transmiten un encanto especial y crean un <strong>ambiente agradable<\/strong> en el que disfrutar\u00e1s pasando el tiempo.<\/p>\n<p style=\"text-align: center;\">El luminoso sal\u00f3n de baile del Hotel IMLAUER &amp; Br\u00e4u Salzburg es el marco perfecto para <strong>reuniones de<\/strong> negocios <strong>o presentaciones de productos<\/strong>, as\u00ed como para <strong>celebraciones<\/strong> <strong>privadas de<\/strong> <strong>todo tipo<\/strong>, desde aniversarios hasta fiestas navide\u00f1as.<\/p>\n<p style=\"text-align: center;\">\u00bfQuieres reservar el sal\u00f3n de baile para un grupo m\u00e1s peque\u00f1o? Con las paredes divisorias flexibles, el gran sal\u00f3n de baile puede <strong>dividirse en tres salas de actos individuales<\/strong>: las salas &#8222;M\u00fanich&#8220;, &#8222;Viena&#8220; y &#8222;Salzburgo&#8220;. <\/p>\n<p style=\"text-align: center;\">Nuestro consejo: Disfruta del <strong>jard\u00edn de invitados<\/strong> del Hotel IMLAUER &amp; Br\u00e4u, que est\u00e1 <strong>a pocos pasos del sal\u00f3n de baile <\/strong>, durante las pausas de tu evento. Si\u00e9ntate bajo <strong>los viejos casta\u00f1os<\/strong> y deja que el sol te caliente, \u00a1y vive <strong>un<\/strong> aut\u00e9ntico <strong>ambiente de cervecer\u00eda al aire libre<\/strong> en el centro de Salzburgo! <\/p>\n<\/div>\n<\/div>\n<\/div><ul style=\"--awb-size:17px;--awb-iconcolor:#cbaa5c;--awb-line-height:28.9px;--awb-icon-width:28.9px;--awb-icon-height:28.9px;--awb-icon-margin:11.9px;--awb-content-margin:40.8px;\" class=\"fusion-checklist fusion-checklist-1 fusion-checklist-default type-icons\"><li class=\"fusion-li-item\" style=\"\"><span class=\"icon-wrapper circle-no\"><i class=\"fusion-li-icon fa-arrows-alt fas\" aria-hidden=\"true\"><\/i><\/span><div class=\"fusion-li-item-content\">\n<p style=\"text-align: left;\">Tama\u00f1o: 189<sup>m2<\/sup><\/p>\n<\/div><\/li><li class=\"fusion-li-item\" style=\"\"><span class=\"icon-wrapper circle-no\"><i class=\"fusion-li-icon fa-arrows-alt-v fas\" aria-hidden=\"true\"><\/i><\/span><div class=\"fusion-li-item-content\">\n<p>Altura de la sala: 3 m<\/p>\n<\/div><\/li><li class=\"fusion-li-item\" style=\"\"><span class=\"icon-wrapper circle-no\"><i class=\"fusion-li-icon fa-photo-video fas\" aria-hidden=\"true\"><\/i><\/span><div class=\"fusion-li-item-content\">\n<p style=\"text-align: left;\">Tecnolog\u00eda: proyector y pantalla disponibles<\/p>\n<\/div><\/li><li class=\"fusion-li-item\" style=\"\"><span class=\"icon-wrapper circle-no\"><i class=\"fusion-li-icon fa-sun fas\" aria-hidden=\"true\"><\/i><\/span><div class=\"fusion-li-item-content\">\n<p style=\"text-align: left;\">Mucha luz diurna<\/p>\n<\/div><\/li><li class=\"fusion-li-item\" style=\"\"><span class=\"icon-wrapper circle-no\"><i class=\"fusion-li-icon fa-hourglass far\" aria-hidden=\"true\"><\/i><\/span><div class=\"fusion-li-item-content\">\n<p>Vest\u00edbulo adyacente para reuniones, pausas, exposiciones<\/p>\n<\/div><\/li><li class=\"fusion-li-item\" style=\"\"><span class=\"icon-wrapper circle-no\"><i class=\"fusion-li-icon fa-door-open fas\" aria-hidden=\"true\"><\/i><\/span><div class=\"fusion-li-item-content\">\n<p>Entrada privada al sal\u00f3n de baile<\/p>\n<\/div><\/li><li class=\"fusion-li-item\" style=\"\"><span class=\"icon-wrapper circle-no\"><i class=\"fusion-li-icon fa-tree fas\" aria-hidden=\"true\"><\/i><\/span><div class=\"fusion-li-item-content\">\n<p>Acceso directo al jard\u00edn de invitados<\/p>\n<\/div><\/li><li class=\"fusion-li-item\" style=\"\"><span class=\"icon-wrapper circle-no\"><i class=\"fusion-li-icon fa-chair fas\" aria-hidden=\"true\"><\/i><\/span><div class=\"fusion-li-item-content\">\n<p style=\"text-align: left;\">Opciones de asiento flexibles<\/p>\n<\/div><\/li><\/ul><div class=\"fusion-separator fusion-full-width-sep\" style=\"align-self: center;margin-left: auto;margin-right: auto;margin-bottom:40px;width:100%;\"><\/div><div class=\"fusion-modal modal fade modal-1 raumplan\" tabindex=\"-1\" role=\"dialog\" aria-labelledby=\"modal-heading-1\" aria-hidden=\"true\" style=\"--awb-border-color:#ebebeb;--awb-background:#f6f6f6;\"><div class=\"modal-dialog modal-lg\" role=\"document\"><div class=\"modal-content fusion-modal-content\"><div class=\"modal-header\"><button class=\"close\" type=\"button\" data-dismiss=\"modal\" aria-hidden=\"true\" aria-label=\"Close\">&times;<\/button><h3 class=\"modal-title\" id=\"modal-heading-1\" data-dismiss=\"modal\" aria-hidden=\"true\">Plano de la sala y capacidades<\/h3><\/div><div class=\"modal-body fusion-clearfix\"><div class=\"fusion-slider-sc fusion-flexslider-loading flexslider flexslider-hover-type-none\" data-slideshow_autoplay=\"1\" data-slideshow_smooth_height=\"0\" data-slideshow_speed=\"7000\" style=\"max-width:100%;height:100%;\"><ul class=\"slides\"><li class=\"image\"><span class=\"lazyload fusion-image-hover-element hover-type-none\"><img decoding=\"async\" src=\"data:image\/gif;base64,R0lGODlhAQABAAAAACH5BAEKAAEALAAAAAABAAEAAAICTAEAOw==\" data-orig-src=\"https:\/\/imlauer.com\/hotel-imlauer-salzburg\/wp-content\/uploads\/sites\/4\/2024\/03\/Imlauer_Kapazitaeten_Infoblatt_ImlauerBraeu_A4-final-scaled.jpg\" class=\"lazyload wp-image-6007\" \/><\/span><\/li><li class=\"image\"><span class=\"lazyload fusion-image-hover-element hover-type-none\"><img decoding=\"async\" src=\"data:image\/gif;base64,R0lGODlhAQABAAAAACH5BAEKAAEALAAAAAABAAEAAAICTAEAOw==\" data-orig-src=\"https:\/\/imlauer.com\/hotel-imlauer-salzburg\/wp-content\/uploads\/sites\/4\/2020\/07\/IMLAUER-Br\u00e4u-Hotel_Raumplan.jpg\" class=\"lazyload wp-image-6006\" \/><\/span><\/li><li class=\"image\"><span class=\"lazyload fusion-image-hover-element hover-type-none\"><img decoding=\"async\" src=\"data:image\/gif;base64,R0lGODlhAQABAAAAACH5BAEKAAEALAAAAAABAAEAAAICTAEAOw==\" data-orig-src=\"https:\/\/imlauer.com\/hotel-imlauer-salzburg\/wp-content\/uploads\/sites\/4\/2020\/07\/IMLAUER-Br\u00e4u-Hotel_Raumplan_1OG.jpg\" class=\"lazyload wp-image-6006\" \/><\/span><\/li><\/ul><\/div><\/div><div class=\"modal-footer\"><button class=\"fusion-button button-default button-medium button default medium\" type=\"button\" data-dismiss=\"modal\">Close<\/button><\/div><\/div><\/div><\/div><\/div><\/div><div class=\"fusion-layout-column fusion_builder_column fusion-builder-column-3 fusion_builder_column_1_2 1_2 fusion-flex-column fusion-animated\" style=\"--awb-bg-position:center center;--awb-bg-size:cover;--awb-width-large:50%;--awb-margin-top-large:0px;--awb-spacing-right-large:0px;--awb-margin-bottom-large:0px;--awb-spacing-left-large:0px;--awb-width-medium:100%;--awb-order-medium:0;--awb-spacing-right-medium:0px;--awb-spacing-left-medium:0px;--awb-width-small:100%;--awb-spacing-right-small:0px;--awb-spacing-left-small:0px;\" data-animationType=\"fadeInRight\" data-animationDuration=\"0.8\" data-animationOffset=\"top-into-view\"><div class=\"fusion-column-wrapper lazyload fusion-column-has-shadow fusion-flex-justify-content-flex-start fusion-content-layout-column fusion-empty-column-bg-image fusion-column-has-bg-image\" data-bg-url=\"https:\/\/imlauer.com\/hotel-imlauer-salzburg\/wp-content\/uploads\/2025\/02\/Festsaal-komplett.jpg\" data-bg=\"https:\/\/imlauer.com\/hotel-imlauer-salzburg\/wp-content\/uploads\/2025\/02\/Festsaal-komplett.jpg\"><img decoding=\"async\" class=\"fusion-empty-dims-img-placeholder fusion-no-large-visibility\" aria-label=\"Festsaal-komplett\" src=\"data:image\/svg+xml,%3Csvg%20xmlns%3D%27http%3A%2F%2Fwww.w3.org%2F2000%2Fsvg%27%20width%3D%271000%27%20height%3D%27596%27%20viewBox%3D%270%200%201000%20596%27%3E%3Crect%20width%3D%271000%27%20height%3D%27596%27%20fill-opacity%3D%220%22%2F%3E%3C%2Fsvg%3E\"><\/div><\/div><\/div><\/div><div class=\"fusion-fullwidth fullwidth-box fusion-builder-row-3 fusion-flex-container has-pattern-background has-mask-background hundred-percent-fullwidth non-hundred-percent-height-scrolling\" style=\"--awb-border-radius-top-left:0px;--awb-border-radius-top-right:0px;--awb-border-radius-bottom-right:0px;--awb-border-radius-bottom-left:0px;--awb-padding-top:0px;--awb-padding-right:6%;--awb-padding-bottom:3%;--awb-padding-left:6%;--awb-margin-top:0px;--awb-background-color:#f7f7f7;--awb-flex-wrap:wrap;\" ><div class=\"fusion-builder-row fusion-row fusion-flex-align-items-stretch fusion-flex-content-wrap\" style=\"width:calc( 100% + 0px ) !important;max-width:calc( 100% + 0px ) !important;margin-left: calc(-0px \/ 2 );margin-right: calc(-0px \/ 2 );\"><div class=\"fusion-layout-column fusion_builder_column fusion-builder-column-4 fusion_builder_column_1_2 1_2 fusion-flex-column fusion-animated\" style=\"--awb-bg-position:center center;--awb-bg-size:cover;--awb-width-large:50%;--awb-margin-top-large:0px;--awb-spacing-right-large:0px;--awb-margin-bottom-large:0px;--awb-spacing-left-large:0px;--awb-width-medium:100%;--awb-order-medium:0;--awb-spacing-right-medium:0px;--awb-spacing-left-medium:0px;--awb-width-small:100%;--awb-order-small:0;--awb-spacing-right-small:0px;--awb-spacing-left-small:0px;\" data-animationType=\"fadeInLeft\" data-animationDuration=\"0.8\" data-animationOffset=\"top-into-view\"><div class=\"fusion-column-wrapper lazyload fusion-column-has-shadow fusion-flex-justify-content-flex-start fusion-content-layout-column fusion-empty-column-bg-image fusion-column-has-bg-image\" data-bg-url=\"https:\/\/imlauer.com\/hotel-imlauer-salzburg\/wp-content\/uploads\/2025\/02\/Veranstaltungsraum_Muenchen_U-Tafel_3.jpg\" data-bg=\"https:\/\/imlauer.com\/hotel-imlauer-salzburg\/wp-content\/uploads\/2025\/02\/Veranstaltungsraum_Muenchen_U-Tafel_3.jpg\"><img decoding=\"async\" class=\"fusion-empty-dims-img-placeholder fusion-no-large-visibility\" aria-label=\"Veranstaltungsraum_Muenchen_U-Tafel_3\" src=\"data:image\/svg+xml,%3Csvg%20xmlns%3D%27http%3A%2F%2Fwww.w3.org%2F2000%2Fsvg%27%20width%3D%271000%27%20height%3D%27667%27%20viewBox%3D%270%200%201000%20667%27%3E%3Crect%20width%3D%271000%27%20height%3D%27667%27%20fill-opacity%3D%220%22%2F%3E%3C%2Fsvg%3E\"><\/div><\/div><div class=\"fusion-layout-column fusion_builder_column fusion-builder-column-5 fusion_builder_column_1_2 1_2 fusion-flex-column fusion-animated\" style=\"--awb-padding-top:11%;--awb-padding-right:11%;--awb-padding-bottom:11%;--awb-padding-left:11%;--awb-bg-color:#ffffff;--awb-bg-color-hover:#ffffff;--awb-bg-size:cover;--awb-width-large:50%;--awb-margin-top-large:0px;--awb-spacing-right-large:0px;--awb-margin-bottom-large:0px;--awb-spacing-left-large:0px;--awb-width-medium:100%;--awb-order-medium:1;--awb-spacing-right-medium:0px;--awb-spacing-left-medium:0px;--awb-width-small:100%;--awb-order-small:1;--awb-spacing-right-small:0px;--awb-spacing-left-small:0px;\" data-animationType=\"fadeInLeft\" data-animationDuration=\"0.8\" data-animationOffset=\"top-into-view\"><div class=\"fusion-column-wrapper fusion-column-has-shadow fusion-flex-justify-content-center fusion-content-layout-column\"><div class=\"fusion-text fusion-text-5\"><h1 style=\"text-align: center;\">M\u00fanich<\/h1>\n<\/div><div class=\"fusion-text fusion-text-6\"><p style=\"text-align: center;\">La sala &#8222;M\u00fanich&#8220; forma parte de la gran sala de banquetes y puede dividirse en una sala con <strong>espacio para hasta 50 personas<\/strong> mediante hermosos tabiques flexibles de madera clara.<\/p>\n<p style=\"text-align: center;\">La sala &#8222;M\u00fanich&#8220; es una <strong>sala<\/strong> especialmente atmosf\u00e9rica y <strong>acogedora, con mucha luz natural<\/strong>, perfecta para celebraciones como <strong>fiestas de Navidad, fiestas familiares<\/strong> o <strong>seminarios<\/strong>. Podemos adaptar la <strong>iluminaci\u00f3n<\/strong> exactamente a tus necesidades individuales. <\/p>\n<\/div><ul style=\"--awb-size:17px;--awb-iconcolor:#cbaa5c;--awb-line-height:28.9px;--awb-icon-width:28.9px;--awb-icon-height:28.9px;--awb-icon-margin:11.9px;--awb-content-margin:40.8px;\" class=\"fusion-checklist fusion-checklist-2 fusion-checklist-default type-icons\"><li class=\"fusion-li-item\" style=\"\"><span class=\"icon-wrapper circle-no\"><i class=\"fusion-li-icon fa-arrows-alt fas\" aria-hidden=\"true\"><\/i><\/span><div class=\"fusion-li-item-content\">\n<p style=\"text-align: left;\">Tama\u00f1o: 54<sup>m2<\/sup><\/p>\n<\/div><\/li><li class=\"fusion-li-item\" style=\"\"><span class=\"icon-wrapper circle-no\"><i class=\"fusion-li-icon fa-arrows-alt-v fas\" aria-hidden=\"true\"><\/i><\/span><div class=\"fusion-li-item-content\">\n<p>Altura de la sala: 3 m<\/p>\n<\/div><\/li><li class=\"fusion-li-item\" style=\"\"><span class=\"icon-wrapper circle-no\"><i class=\"fusion-li-icon fa-photo-video fas\" aria-hidden=\"true\"><\/i><\/span><div class=\"fusion-li-item-content\">\n<p style=\"text-align: left;\">Tecnolog\u00eda: proyector y pantalla disponibles<\/p>\n<\/div><\/li><li class=\"fusion-li-item\" style=\"\"><span class=\"icon-wrapper circle-no\"><i class=\"fusion-li-icon fa-sun fas\" aria-hidden=\"true\"><\/i><\/span><div class=\"fusion-li-item-content\">\n<p style=\"text-align: left;\">Mucha luz diurna<\/p>\n<\/div><\/li><li class=\"fusion-li-item\" style=\"\"><span class=\"icon-wrapper circle-no\"><i class=\"fusion-li-icon fa-hourglass far\" aria-hidden=\"true\"><\/i><\/span><div class=\"fusion-li-item-content\">\n<p>Vest\u00edbulo contiguo e independiente con acceso al jard\u00edn de invitados<\/p>\n<\/div><\/li><li class=\"fusion-li-item\" style=\"\"><span class=\"icon-wrapper circle-no\"><i class=\"fusion-li-icon fa-adjust fas\" aria-hidden=\"true\"><\/i><\/span><div class=\"fusion-li-item-content\">\n<p>Se puede oscurecer<\/p>\n<\/div><\/li><li class=\"fusion-li-item\" style=\"\"><span class=\"icon-wrapper circle-no\"><i class=\"fusion-li-icon fa-chair fas\" aria-hidden=\"true\"><\/i><\/span><div class=\"fusion-li-item-content\">\n<p style=\"text-align: left;\">Opciones de asiento flexibles<\/p>\n<\/div><\/li><\/ul><div class=\"fusion-separator fusion-full-width-sep\" style=\"align-self: center;margin-left: auto;margin-right: auto;margin-bottom:40px;width:100%;\"><\/div><\/div><\/div><div class=\"fusion-layout-column fusion_builder_column fusion-builder-column-6 fusion_builder_column_1_2 1_2 fusion-flex-column fusion-animated\" style=\"--awb-padding-top:11%;--awb-padding-right:11%;--awb-padding-bottom:11%;--awb-padding-left:11%;--awb-bg-color:#ffffff;--awb-bg-color-hover:#ffffff;--awb-bg-size:cover;--awb-width-large:50%;--awb-margin-top-large:0px;--awb-spacing-right-large:0px;--awb-margin-bottom-large:0px;--awb-spacing-left-large:0px;--awb-width-medium:100%;--awb-order-medium:3;--awb-spacing-right-medium:0px;--awb-spacing-left-medium:0px;--awb-width-small:100%;--awb-order-small:3;--awb-spacing-right-small:0px;--awb-spacing-left-small:0px;\" data-animationType=\"fadeInRight\" data-animationDuration=\"0.8\" data-animationOffset=\"top-into-view\"><div class=\"fusion-column-wrapper fusion-column-has-shadow fusion-flex-justify-content-center fusion-content-layout-column\"><div class=\"fusion-text fusion-text-7\"><h1 style=\"text-align: center;\">Viena<\/h1>\n<\/div><div class=\"fusion-text fusion-text-8\"><p style=\"text-align: center;\">Como parte del acogedor sal\u00f3n de baile, la sala &#8222;Wien&#8220; ofrece espacio para <strong>hasta 100 personas<\/strong>. Con sus paredes revestidas de madera, la sala irradia confort y calidez: \u00a1ideal para <strong>reuniones y presentaciones<\/strong> en un ambiente agradable! <\/p>\n<p style=\"text-align: center;\">Dependiendo del tipo de evento que est\u00e9s planeando en la sala &#8222;Viena&#8220;, personalizaremos para ti el <strong>ambiente luminoso<\/strong>. Tambi\u00e9n estaremos encantados de personalizar las <strong>zonas de buf\u00e9 <\/strong>seg\u00fan tus deseos. Por cierto: gracias al <strong>acceso directo al patio interior<\/strong>, la entrega es especialmente pr\u00e1ctica y f\u00e1cil.  <\/p>\n<\/div><ul style=\"--awb-size:17px;--awb-iconcolor:#cbaa5c;--awb-line-height:28.9px;--awb-icon-width:28.9px;--awb-icon-height:28.9px;--awb-icon-margin:11.9px;--awb-content-margin:40.8px;\" class=\"fusion-checklist fusion-checklist-3 fusion-checklist-default type-icons\"><li class=\"fusion-li-item\" style=\"\"><span class=\"icon-wrapper circle-no\"><i class=\"fusion-li-icon fa-arrows-alt fas\" aria-hidden=\"true\"><\/i><\/span><div class=\"fusion-li-item-content\">\n<p style=\"text-align: left;\">Tama\u00f1o: 86<sup>m2<\/sup><\/p>\n<\/div><\/li><li class=\"fusion-li-item\" style=\"\"><span class=\"icon-wrapper circle-no\"><i class=\"fusion-li-icon fa-arrows-alt-v fas\" aria-hidden=\"true\"><\/i><\/span><div class=\"fusion-li-item-content\">\n<p>Altura de la sala: 3 m<\/p>\n<\/div><\/li><li class=\"fusion-li-item\" style=\"\"><span class=\"icon-wrapper circle-no\"><i class=\"fusion-li-icon fa-photo-video fas\" aria-hidden=\"true\"><\/i><\/span><div class=\"fusion-li-item-content\">\n<p style=\"text-align: left;\">Tecnolog\u00eda: proyector y pantalla disponibles<\/p>\n<\/div><\/li><li class=\"fusion-li-item\" style=\"\"><span class=\"icon-wrapper circle-no\"><i class=\"fusion-li-icon fa-sun fas\" aria-hidden=\"true\"><\/i><\/span><div class=\"fusion-li-item-content\">\n<p style=\"text-align: left;\">Mucha luz diurna<\/p>\n<\/div><\/li><li class=\"fusion-li-item\" style=\"\"><span class=\"icon-wrapper circle-no\"><i class=\"fusion-li-icon fa-hourglass far\" aria-hidden=\"true\"><\/i><\/span><div class=\"fusion-li-item-content\">\n<p>Vest\u00edbulo contiguo e independiente con acceso al jard\u00edn de invitados<\/p>\n<\/div><\/li><li class=\"fusion-li-item\" style=\"\"><span class=\"icon-wrapper circle-no\"><i class=\"fusion-li-icon fa-truck fas\" aria-hidden=\"true\"><\/i><\/span><div class=\"fusion-li-item-content\">\n<p>Entrega a trav\u00e9s del patio interior<\/p>\n<\/div><\/li><li class=\"fusion-li-item\" style=\"\"><span class=\"icon-wrapper circle-no\"><i class=\"fusion-li-icon fa-adjust fas\" aria-hidden=\"true\"><\/i><\/span><div class=\"fusion-li-item-content\">\n<p>Se puede oscurecer<\/p>\n<\/div><\/li><li class=\"fusion-li-item\" style=\"\"><span class=\"icon-wrapper circle-no\"><i class=\"fusion-li-icon fa-chair fas\" aria-hidden=\"true\"><\/i><\/span><div class=\"fusion-li-item-content\">\n<p style=\"text-align: left;\">Opciones de asiento flexibles<\/p>\n<\/div><\/li><\/ul><div class=\"fusion-separator fusion-full-width-sep\" style=\"align-self: center;margin-left: auto;margin-right: auto;margin-bottom:40px;width:100%;\"><\/div><\/div><\/div><div class=\"fusion-layout-column fusion_builder_column fusion-builder-column-7 fusion_builder_column_1_2 1_2 fusion-flex-column fusion-animated\" style=\"--awb-bg-position:center center;--awb-bg-size:cover;--awb-width-large:50%;--awb-margin-top-large:0px;--awb-spacing-right-large:0px;--awb-margin-bottom-large:0px;--awb-spacing-left-large:0px;--awb-width-medium:100%;--awb-order-medium:2;--awb-spacing-right-medium:0px;--awb-spacing-left-medium:0px;--awb-width-small:100%;--awb-order-small:2;--awb-spacing-right-small:0px;--awb-spacing-left-small:0px;\" data-animationType=\"fadeInLeft\" data-animationDuration=\"0.8\" data-animationOffset=\"top-into-view\"><div class=\"fusion-column-wrapper lazyload fusion-column-has-shadow fusion-flex-justify-content-flex-start fusion-content-layout-column fusion-empty-column-bg-image fusion-column-has-bg-image\" data-bg-url=\"https:\/\/imlauer.com\/hotel-imlauer-salzburg\/wp-content\/uploads\/2025\/02\/Veranstaltungsraum_Wien_Klassenzimmer_2.jpg\" data-bg=\"https:\/\/imlauer.com\/hotel-imlauer-salzburg\/wp-content\/uploads\/2025\/02\/Veranstaltungsraum_Wien_Klassenzimmer_2.jpg\"><img decoding=\"async\" class=\"fusion-empty-dims-img-placeholder fusion-no-large-visibility\" aria-label=\"Veranstaltungsraum_Wien_Klassenzimmer_2\" src=\"data:image\/svg+xml,%3Csvg%20xmlns%3D%27http%3A%2F%2Fwww.w3.org%2F2000%2Fsvg%27%20width%3D%271000%27%20height%3D%27667%27%20viewBox%3D%270%200%201000%20667%27%3E%3Crect%20width%3D%271000%27%20height%3D%27667%27%20fill-opacity%3D%220%22%2F%3E%3C%2Fsvg%3E\"><\/div><\/div><div class=\"fusion-layout-column fusion_builder_column fusion-builder-column-8 fusion_builder_column_1_2 1_2 fusion-flex-column fusion-animated\" style=\"--awb-bg-position:center center;--awb-bg-size:cover;--awb-width-large:50%;--awb-margin-top-large:0px;--awb-spacing-right-large:0px;--awb-margin-bottom-large:0px;--awb-spacing-left-large:0px;--awb-width-medium:100%;--awb-order-medium:4;--awb-spacing-right-medium:0px;--awb-spacing-left-medium:0px;--awb-width-small:100%;--awb-order-small:4;--awb-spacing-right-small:0px;--awb-spacing-left-small:0px;\" data-animationType=\"fadeInRight\" data-animationDuration=\"0.8\" data-animationOffset=\"top-into-view\"><div class=\"fusion-column-wrapper lazyload fusion-column-has-shadow fusion-flex-justify-content-flex-start fusion-content-layout-column fusion-empty-column-bg-image fusion-column-has-bg-image\" data-bg-url=\"https:\/\/imlauer.com\/hotel-imlauer-salzburg\/wp-content\/uploads\/2025\/02\/Raum-Salzburg-Block-1-1.jpg\" data-bg=\"https:\/\/imlauer.com\/hotel-imlauer-salzburg\/wp-content\/uploads\/2025\/02\/Raum-Salzburg-Block-1-1.jpg\"><img decoding=\"async\" class=\"fusion-empty-dims-img-placeholder fusion-no-large-visibility\" aria-label=\"Raum-Salzburg-Block-1\" src=\"data:image\/svg+xml,%3Csvg%20xmlns%3D%27http%3A%2F%2Fwww.w3.org%2F2000%2Fsvg%27%20width%3D%271000%27%20height%3D%27667%27%20viewBox%3D%270%200%201000%20667%27%3E%3Crect%20width%3D%271000%27%20height%3D%27667%27%20fill-opacity%3D%220%22%2F%3E%3C%2Fsvg%3E\"><\/div><\/div><div class=\"fusion-layout-column fusion_builder_column fusion-builder-column-9 fusion_builder_column_1_2 1_2 fusion-flex-column fusion-animated\" style=\"--awb-padding-top:11%;--awb-padding-right:11%;--awb-padding-bottom:11%;--awb-padding-left:11%;--awb-bg-color:#ffffff;--awb-bg-color-hover:#ffffff;--awb-bg-size:cover;--awb-width-large:50%;--awb-margin-top-large:0px;--awb-spacing-right-large:0px;--awb-margin-bottom-large:0px;--awb-spacing-left-large:0px;--awb-width-medium:100%;--awb-order-medium:5;--awb-spacing-right-medium:0px;--awb-spacing-left-medium:0px;--awb-width-small:100%;--awb-order-small:5;--awb-spacing-right-small:0px;--awb-spacing-left-small:0px;\" data-animationType=\"fadeInLeft\" data-animationDuration=\"0.8\" data-animationOffset=\"top-into-view\"><div class=\"fusion-column-wrapper fusion-column-has-shadow fusion-flex-justify-content-center fusion-content-layout-column\"><div class=\"fusion-text fusion-text-9\"><h1 style=\"text-align: center;\">Salzburgo<\/h1>\n<\/div><div class=\"fusion-text fusion-text-10\"><p style=\"text-align: center;\">La encantadora sala &#8222;Salzburgo&#8220; forma parte del gran sal\u00f3n de baile del Hotel IMLAUER &amp; Br\u00e4u. Aqu\u00ed pueden reunirse <strong>hasta 25 personas<\/strong> en un ambiente acogedor, celebrar reuniones o <strong>festejos privados como fiestas familiares o navide\u00f1as<\/strong>.<\/p>\n<p style=\"text-align: center;\">En lo que respecta a <strong>la iluminaci\u00f3n<\/strong>, estaremos encantados de satisfacer <strong>tus deseos personales<\/strong>, dependiendo de si est\u00e1s organizando un acto profesional o una celebraci\u00f3n privada.<\/p>\n<\/div><ul style=\"--awb-size:17px;--awb-iconcolor:#cbaa5c;--awb-line-height:28.9px;--awb-icon-width:28.9px;--awb-icon-height:28.9px;--awb-icon-margin:11.9px;--awb-content-margin:40.8px;\" class=\"fusion-checklist fusion-checklist-4 fusion-checklist-default type-icons\"><li class=\"fusion-li-item\" style=\"\"><span class=\"icon-wrapper circle-no\"><i class=\"fusion-li-icon fa-arrows-alt fas\" aria-hidden=\"true\"><\/i><\/span><div class=\"fusion-li-item-content\">\n<p style=\"text-align: left;\">Tama\u00f1o: 33<sup>m2<\/sup><\/p>\n<\/div><\/li><li class=\"fusion-li-item\" style=\"\"><span class=\"icon-wrapper circle-no\"><i class=\"fusion-li-icon fa-arrows-alt-v fas\" aria-hidden=\"true\"><\/i><\/span><div class=\"fusion-li-item-content\">\n<p>Altura de la sala: 3 m<\/p>\n<\/div><\/li><li class=\"fusion-li-item\" style=\"\"><span class=\"icon-wrapper circle-no\"><i class=\"fusion-li-icon fa-sun fas\" aria-hidden=\"true\"><\/i><\/span><div class=\"fusion-li-item-content\">\n<p style=\"text-align: left;\">Mucha luz diurna<\/p>\n<\/div><\/li><li class=\"fusion-li-item\" style=\"\"><span class=\"icon-wrapper circle-no\"><i class=\"fusion-li-icon fa-hourglass far\" aria-hidden=\"true\"><\/i><\/span><div class=\"fusion-li-item-content\">\n<p>Vest\u00edbulo contiguo e independiente con acceso al jard\u00edn de invitados<\/p>\n<\/div><\/li><li class=\"fusion-li-item\" style=\"\"><span class=\"icon-wrapper circle-no\"><i class=\"fusion-li-icon fa-adjust fas\" aria-hidden=\"true\"><\/i><\/span><div class=\"fusion-li-item-content\">\n<p>Se puede oscurecer<\/p>\n<\/div><\/li><li class=\"fusion-li-item\" style=\"\"><span class=\"icon-wrapper circle-no\"><i class=\"fusion-li-icon fa-chair fas\" aria-hidden=\"true\"><\/i><\/span><div class=\"fusion-li-item-content\">\n<p style=\"text-align: left;\">Opciones de asiento flexibles<\/p>\n<\/div><\/li><\/ul><div class=\"fusion-separator fusion-full-width-sep\" style=\"align-self: center;margin-left: auto;margin-right: auto;margin-bottom:40px;width:100%;\"><\/div><\/div><\/div><div class=\"fusion-layout-column fusion_builder_column fusion-builder-column-10 fusion_builder_column_1_2 1_2 fusion-flex-column fusion-animated\" style=\"--awb-padding-top:11%;--awb-padding-right:11%;--awb-padding-bottom:11%;--awb-padding-left:11%;--awb-bg-color:#ffffff;--awb-bg-color-hover:#ffffff;--awb-bg-size:cover;--awb-width-large:50%;--awb-margin-top-large:0px;--awb-spacing-right-large:0px;--awb-margin-bottom-large:0px;--awb-spacing-left-large:0px;--awb-width-medium:100%;--awb-order-medium:7;--awb-spacing-right-medium:0px;--awb-spacing-left-medium:0px;--awb-width-small:100%;--awb-order-small:7;--awb-spacing-right-small:0px;--awb-spacing-left-small:0px;\" data-animationType=\"fadeInLeft\" data-animationDuration=\"0.8\" data-animationOffset=\"top-into-view\"><div class=\"fusion-column-wrapper fusion-column-has-shadow fusion-flex-justify-content-center fusion-content-layout-column\"><div class=\"fusion-text fusion-text-11\"><h1 style=\"text-align: center;\">Humboldt<\/h1>\n<\/div><div class=\"fusion-text fusion-text-12\"><p style=\"text-align: center;\">\u00bfTe gustar\u00eda celebrar tu reuni\u00f3n, conferencia o seminario <strong>en un grupo m\u00e1s reducido, con un m\u00e1ximo de 14 personas <\/strong>? Entonces la sala &#8222;Humboldt&#8220; es la opci\u00f3n adecuada para ti. Situada en la <strong>primera planta<\/strong> del Hotel IMLAUER &amp; Br\u00e4u, sus grandes ventanales permiten la entrada <strong>de mucha luz natural<\/strong> en esta sala cl\u00e1sica.  <\/p>\n<p style=\"text-align: center;\">Puedes pasar tus <strong>descansos<\/strong> relaj\u00e1ndote en el <strong>vest\u00edbulo contiguo<\/strong>o en el <strong>acogedor <a href=\"https:\/\/imlauer.com\/braurestaurant-imlauer\/\" target=\"_blank\" rel=\"noopener\">restaurante cervecero IMLAUER<\/a><\/strong> de la planta baja.<br \/>\n\u00a1T\u00fa eliges!<\/p>\n<\/div><ul style=\"--awb-size:17px;--awb-iconcolor:#cbaa5c;--awb-line-height:28.9px;--awb-icon-width:28.9px;--awb-icon-height:28.9px;--awb-icon-margin:11.9px;--awb-content-margin:40.8px;\" class=\"fusion-checklist fusion-checklist-5 fusion-checklist-default type-icons\"><li class=\"fusion-li-item\" style=\"\"><span class=\"icon-wrapper circle-no\"><i class=\"fusion-li-icon fa-arrows-alt fas\" aria-hidden=\"true\"><\/i><\/span><div class=\"fusion-li-item-content\">\n<p style=\"text-align: left;\">Tama\u00f1o: 38<sup>m2<\/sup><\/p>\n<\/div><\/li><li class=\"fusion-li-item\" style=\"\"><span class=\"icon-wrapper circle-no\"><i class=\"fusion-li-icon fa-arrows-alt-v fas\" aria-hidden=\"true\"><\/i><\/span><div class=\"fusion-li-item-content\">\n<p>Altura de la sala: 2,5 m<\/p>\n<\/div><\/li><li class=\"fusion-li-item\" style=\"\"><span class=\"icon-wrapper circle-no\"><i class=\"fusion-li-icon fa-photo-video fas\" aria-hidden=\"true\"><\/i><\/span><div class=\"fusion-li-item-content\">\n<p style=\"text-align: left;\">Tecnolog\u00eda: proyector y pantalla disponibles<\/p>\n<\/div><\/li><li class=\"fusion-li-item\" style=\"\"><span class=\"icon-wrapper circle-no\"><i class=\"fusion-li-icon fa-sun fas\" aria-hidden=\"true\"><\/i><\/span><div class=\"fusion-li-item-content\">\n<p style=\"text-align: left;\">Mucha luz diurna<\/p>\n<\/div><\/li><li class=\"fusion-li-item\" style=\"\"><span class=\"icon-wrapper circle-no\"><i class=\"fusion-li-icon fa-hourglass far\" aria-hidden=\"true\"><\/i><\/span><div class=\"fusion-li-item-content\">\n<p>Vest\u00edbulo contiguo y separado<\/p>\n<\/div><\/li><li class=\"fusion-li-item\" style=\"\"><span class=\"icon-wrapper circle-no\"><i class=\"fusion-li-icon fa-adjust fas\" aria-hidden=\"true\"><\/i><\/span><div class=\"fusion-li-item-content\">\n<p>Se puede oscurecer<\/p>\n<\/div><\/li><li class=\"fusion-li-item\" style=\"\"><span class=\"icon-wrapper circle-no\"><i class=\"fusion-li-icon fa-chair fas\" aria-hidden=\"true\"><\/i><\/span><div class=\"fusion-li-item-content\">\n<p style=\"text-align: left;\">Opciones de asiento flexibles<\/p>\n<\/div><\/li><\/ul><div class=\"fusion-separator fusion-full-width-sep\" style=\"align-self: center;margin-left: auto;margin-right: auto;margin-bottom:40px;width:100%;\"><\/div><\/div><\/div><div class=\"fusion-layout-column fusion_builder_column fusion-builder-column-11 fusion_builder_column_1_2 1_2 fusion-flex-column fusion-animated\" style=\"--awb-bg-position:center center;--awb-bg-size:cover;--awb-width-large:50%;--awb-margin-top-large:0px;--awb-spacing-right-large:0px;--awb-margin-bottom-large:0px;--awb-spacing-left-large:0px;--awb-width-medium:100%;--awb-order-medium:6;--awb-spacing-right-medium:0px;--awb-spacing-left-medium:0px;--awb-width-small:100%;--awb-order-small:6;--awb-spacing-right-small:0px;--awb-spacing-left-small:0px;\" data-animationType=\"fadeInRight\" data-animationDuration=\"0.8\" data-animationOffset=\"top-into-view\"><div class=\"fusion-column-wrapper lazyload fusion-column-has-shadow fusion-flex-justify-content-flex-start fusion-content-layout-column fusion-empty-column-bg-image fusion-column-has-bg-image\" data-bg-url=\"https:\/\/imlauer.com\/hotel-imlauer-salzburg\/wp-content\/uploads\/2025\/02\/Veranstaltungsraum_Humboldt_Blocktafel.jpg\" data-bg=\"https:\/\/imlauer.com\/hotel-imlauer-salzburg\/wp-content\/uploads\/2025\/02\/Veranstaltungsraum_Humboldt_Blocktafel.jpg\"><img decoding=\"async\" class=\"fusion-empty-dims-img-placeholder fusion-no-large-visibility\" aria-label=\"Veranstaltungsraum_Humboldt_Blocktafel\" src=\"data:image\/svg+xml,%3Csvg%20xmlns%3D%27http%3A%2F%2Fwww.w3.org%2F2000%2Fsvg%27%20width%3D%271000%27%20height%3D%27667%27%20viewBox%3D%270%200%201000%20667%27%3E%3Crect%20width%3D%271000%27%20height%3D%27667%27%20fill-opacity%3D%220%22%2F%3E%3C%2Fsvg%3E\"><\/div><\/div><div class=\"fusion-layout-column fusion_builder_column fusion-builder-column-12 fusion_builder_column_1_2 1_2 fusion-flex-column fusion-animated\" style=\"--awb-bg-position:center center;--awb-bg-size:cover;--awb-width-large:50%;--awb-margin-top-large:0px;--awb-spacing-right-large:0px;--awb-margin-bottom-large:0px;--awb-spacing-left-large:0px;--awb-width-medium:100%;--awb-order-medium:8;--awb-spacing-right-medium:0px;--awb-spacing-left-medium:0px;--awb-width-small:100%;--awb-order-small:8;--awb-spacing-right-small:0px;--awb-spacing-left-small:0px;\" data-animationType=\"fadeInRight\" data-animationDuration=\"0.8\" data-animationOffset=\"top-into-view\" data-scroll-devices=\"small-visibility,medium-visibility,large-visibility\"><div class=\"fusion-column-wrapper lazyload fusion-column-has-shadow fusion-flex-justify-content-flex-start fusion-content-layout-column fusion-empty-column-bg-image fusion-column-has-bg-image\" data-bg-url=\"https:\/\/imlauer.com\/hotel-imlauer-salzburg\/wp-content\/uploads\/2025\/05\/web_imlauer_0425-3-web.jpg\" data-bg=\"https:\/\/imlauer.com\/hotel-imlauer-salzburg\/wp-content\/uploads\/2025\/05\/web_imlauer_0425-3-web.jpg\"><img decoding=\"async\" class=\"fusion-empty-dims-img-placeholder fusion-no-large-visibility\" src=\"data:image\/gif;base64,R0lGODlhAQABAAAAACH5BAEKAAEALAAAAAABAAEAAAICTAEAOw==\"><\/div><\/div><div class=\"fusion-layout-column fusion_builder_column fusion-builder-column-13 fusion_builder_column_1_2 1_2 fusion-flex-column fusion-animated\" style=\"--awb-padding-top:11%;--awb-padding-right:11%;--awb-padding-bottom:11%;--awb-padding-left:11%;--awb-bg-color:#ffffff;--awb-bg-color-hover:#ffffff;--awb-bg-size:cover;--awb-width-large:50%;--awb-margin-top-large:0px;--awb-spacing-right-large:0px;--awb-margin-bottom-large:0px;--awb-spacing-left-large:0px;--awb-width-medium:100%;--awb-order-medium:9;--awb-spacing-right-medium:0px;--awb-spacing-left-medium:0px;--awb-width-small:100%;--awb-order-small:9;--awb-spacing-right-small:0px;--awb-spacing-left-small:0px;\" data-animationType=\"fadeInLeft\" data-animationDuration=\"0.8\" data-animationOffset=\"top-into-view\"><div class=\"fusion-column-wrapper fusion-column-has-shadow fusion-flex-justify-content-center fusion-content-layout-column\"><div class=\"fusion-text fusion-text-13\"><h1 style=\"text-align: center;\">Auersperg<\/h1>\n<\/div><div class=\"fusion-text fusion-text-14\"><p style=\"text-align: center;\">La sala &#8222;Auersperg&#8220; te da la bienvenida <strong>en la primera planta<\/strong> del Hotel IMLAUER &amp; Br\u00e4u. Esta sala es perfecta para <strong>reuniones, conferencias o seminarios<\/strong>, con asientos en forma de U para unos 20 participantes. <\/p>\n<p style=\"text-align: center;\">Pasa tus <strong>descansos<\/strong> en el <strong>vest\u00edbulo<\/strong> contiguo o disfruta de una aut\u00e9ntica comida en nuestro<strong> restaurante<\/strong> de la planta baja. En los meses m\u00e1s c\u00e1lidos del a\u00f1o, la <strong>maravillosa cervecer\u00eda al aire libre<\/strong> te atraer\u00e1 cuando haga buen tiempo. <\/p>\n<p style=\"text-align: center;\">Aqu\u00ed puedes sentarte bajo <strong>viejos casta\u00f1os<\/strong> mientras disfrutas de un vaso de cerveza bien fr\u00eda o dejas que una de las <strong>especialidades<\/strong> regionales se deshaga en tu boca. \u00bfCu\u00e1l es tu lugar favorito? La elecci\u00f3n depende totalmente de ti.  <\/p>\n<\/div><ul style=\"--awb-size:17px;--awb-iconcolor:#cbaa5c;--awb-line-height:28.9px;--awb-icon-width:28.9px;--awb-icon-height:28.9px;--awb-icon-margin:11.9px;--awb-content-margin:40.8px;\" class=\"fusion-checklist fusion-checklist-6 fusion-checklist-default type-icons\"><li class=\"fusion-li-item\" style=\"\"><span class=\"icon-wrapper circle-no\"><i class=\"fusion-li-icon fa-arrows-alt fas\" aria-hidden=\"true\"><\/i><\/span><div class=\"fusion-li-item-content\">\n<p style=\"text-align: left;\">Tama\u00f1o: 60<sup>m2<\/sup><\/p>\n<\/div><\/li><li class=\"fusion-li-item\" style=\"\"><span class=\"icon-wrapper circle-no\"><i class=\"fusion-li-icon fa-arrows-alt-v fas\" aria-hidden=\"true\"><\/i><\/span><div class=\"fusion-li-item-content\">\n<p>Altura de la sala: 2,5 m<\/p>\n<\/div><\/li><li class=\"fusion-li-item\" style=\"\"><span class=\"icon-wrapper circle-no\"><i class=\"fusion-li-icon fa-photo-video fas\" aria-hidden=\"true\"><\/i><\/span><div class=\"fusion-li-item-content\">\n<p style=\"text-align: left;\">Tecnolog\u00eda: proyector y pantalla disponibles<\/p>\n<\/div><\/li><li class=\"fusion-li-item\" style=\"\"><span class=\"icon-wrapper circle-no\"><i class=\"fusion-li-icon fa-sun fas\" aria-hidden=\"true\"><\/i><\/span><div class=\"fusion-li-item-content\">\n<p style=\"text-align: left;\">Mucha luz diurna<\/p>\n<\/div><\/li><li class=\"fusion-li-item\" style=\"\"><span class=\"icon-wrapper circle-no\"><i class=\"fusion-li-icon fa-hourglass far\" aria-hidden=\"true\"><\/i><\/span><div class=\"fusion-li-item-content\">\n<p>Vest\u00edbulo contiguo y separado<\/p>\n<\/div><\/li><li class=\"fusion-li-item\" style=\"\"><span class=\"icon-wrapper circle-no\"><i class=\"fusion-li-icon fa-adjust fas\" aria-hidden=\"true\"><\/i><\/span><div class=\"fusion-li-item-content\">\n<p style=\"text-align: left;\">Se puede oscurecer<\/p>\n<\/div><\/li><li class=\"fusion-li-item\" style=\"\"><span class=\"icon-wrapper circle-no\"><i class=\"fusion-li-icon fa-chair fas\" aria-hidden=\"true\"><\/i><\/span><div class=\"fusion-li-item-content\">\n<p style=\"text-align: left;\">Opciones de asiento flexibles<\/p>\n<\/div><\/li><\/ul><div class=\"fusion-separator fusion-full-width-sep\" style=\"align-self: center;margin-left: auto;margin-right: auto;margin-bottom:40px;width:100%;\"><\/div><\/div><\/div><\/div><\/div><div class=\"fusion-fullwidth fullwidth-box fusion-builder-row-4 nonhundred-percent-fullwidth non-hundred-percent-height-scrolling\" style=\"--awb-border-radius-top-left:0px;--awb-border-radius-top-right:0px;--awb-border-radius-bottom-right:0px;--awb-border-radius-bottom-left:0px;--awb-flex-wrap:wrap;\" ><div class=\"fusion-builder-row fusion-row\"><div class=\"fusion-layout-column fusion_builder_column fusion-builder-column-14 fusion_builder_column_1_1 1_1 fusion-one-full fusion-column-first fusion-column-last\" style=\"--awb-padding-top:50px;--awb-bg-blend:overlay;--awb-bg-size:cover;\"><div class=\"fusion-column-wrapper fusion-column-has-shadow fusion-flex-column-wrapper-legacy\"><div class=\"fusion-text fusion-text-15\"><p style=\"letter-spacing: 4px; font-size: 13px; text-align: center; margin-bottom: 0px;\">Saber qu\u00e9 esperar<\/p>\n<h1 style=\"text-align: center;\">Paquete de conferencias Hotel IMLAUER &amp; Br\u00e4u<\/h1>\n<\/div><div class=\"fusion-text fusion-text-16\"><p style=\"text-align: center;\">\u00bfTe gustar\u00eda saber de antemano <strong>qu\u00e9 servicios recibir\u00e1s y a qu\u00e9 precio<\/strong>? Con los paquetes de conferencias del Hotel IMLAUER &amp; Br\u00e4u, sabes exactamente qu\u00e9 esperar. Y puedes <strong>planificar<\/strong> tu evento <strong>con precisi\u00f3n en cuanto a horario y presupuesto<\/strong>.  <\/p>\n<p style=\"text-align: center;\">\u00bfTienes alguna pregunta sobre los paquetes individuales? Estaremos encantados de ayudarte. <\/p>\n<\/div><div class=\"fusion-clearfix\"><\/div><\/div><\/div><\/div><\/div><div class=\"fusion-fullwidth fullwidth-box fusion-builder-row-5 nonhundred-percent-fullwidth non-hundred-percent-height-scrolling\" style=\"--awb-border-radius-top-left:0px;--awb-border-radius-top-right:0px;--awb-border-radius-bottom-right:0px;--awb-border-radius-bottom-left:0px;--awb-margin-top:40px;--awb-flex-wrap:wrap;\" ><div class=\"fusion-builder-row fusion-row\"><div class=\"fusion-layout-column fusion_builder_column fusion-builder-column-15 fusion_builder_column_1_5 1_5 fusion-one-fifth fusion-column-first\" style=\"--awb-padding-top:50px;--awb-bg-blend:overlay;--awb-bg-size:cover;width:20%;width:calc(20% - ( ( 4% + 4% ) * 0.2 ) );margin-right: 4%;\"><div class=\"fusion-column-wrapper fusion-column-has-shadow fusion-flex-column-wrapper-legacy\"><div class=\"fusion-clearfix\"><\/div><\/div><\/div><div class=\"fusion-layout-column fusion_builder_column fusion-builder-column-16 fusion_builder_column_3_5 3_5 fusion-three-fifth\" style=\"--awb-padding-top:5%;--awb-padding-right:15%;--awb-padding-bottom:5%;--awb-padding-left:15%;--awb-bg-size:cover;--awb-border-color:#d1d1d1;--awb-border-top:1px;--awb-border-right:1px;--awb-border-bottom:1px;--awb-border-left:1px;--awb-border-style:solid;width:60%;width:calc(60% - ( ( 4% + 4% ) * 0.6 ) );margin-right: 4%;\"><div class=\"fusion-column-wrapper fusion-column-has-shadow fusion-flex-column-wrapper-legacy\"><div class=\"fusion-text fusion-text-17\"><p style=\"letter-spacing: 4px; font-size: 13px; text-align: center; margin-bottom: 10px;\">Incluido en todos los paquetes<\/p>\n<h2 style=\"text-align: center;\">Servicios est\u00e1ndar Paquetes de conferencias<\/h2>\n<\/div><ul style=\"--awb-size:17px;--awb-iconcolor:#cbaa5c;--awb-line-height:28.9px;--awb-icon-width:28.9px;--awb-icon-height:28.9px;--awb-icon-margin:11.9px;--awb-content-margin:40.8px;\" class=\"fusion-checklist fusion-checklist-7 fusion-checklist-default type-icons\"><li class=\"fusion-li-item\" style=\"\"><span class=\"icon-wrapper circle-no\"><i class=\"fusion-li-icon fa-euro-sign fas\" aria-hidden=\"true\"><\/i><\/span><div class=\"fusion-li-item-content\">\n<p>Gastos de alquiler y suministro de la sala principal climatizada<\/p>\n<\/div><\/li><li class=\"fusion-li-item\" style=\"\"><span class=\"icon-wrapper circle-no\"><i class=\"fusion-li-icon fa-photo-video fas\" aria-hidden=\"true\"><\/i><\/span><div class=\"fusion-li-item-content\">\n<p>Tecnolog\u00eda del evento: 1 pantalla, 1 proyector, 1 rotafolios, 1 tabl\u00f3n de anuncios, acceso W-LAN para todos los participantes en la conferencia<\/p>\n<\/div><\/li><li class=\"fusion-li-item\" style=\"\"><span class=\"icon-wrapper circle-no\"><i class=\"fusion-li-icon fa-wine-glass-alt fas\" aria-hidden=\"true\"><\/i><\/span><div class=\"fusion-li-item-content\">\n<p>Agua mineral ilimitada en la sala de conferencias<\/p>\n<\/div><\/li><li class=\"fusion-li-item\" style=\"\"><span class=\"icon-wrapper circle-no\"><i class=\"fusion-li-icon fa-mug-hot fas\" aria-hidden=\"true\"><\/i><\/span><div class=\"fusion-li-item-content\">\n<p>Pausa matinal con caf\u00e9 y aperitivos salados<\/p>\n<\/div><\/li><li class=\"fusion-li-item\" style=\"\"><span class=\"icon-wrapper circle-no\"><i class=\"fusion-li-icon fa-utensils fas\" aria-hidden=\"true\"><\/i><\/span><div class=\"fusion-li-item-content\">\n<p>Almuerzo de negocios de temporada en el restaurante de la cervecer\u00eda IMLAUER<\/p>\n<\/div><\/li><li class=\"fusion-li-item\" style=\"\"><span class=\"icon-wrapper circle-no\"><i class=\"fusion-li-icon fa-wine-glass-alt fas\" aria-hidden=\"true\"><\/i><\/span><div class=\"fusion-li-item-content\">\n<p>Bebidas no alcoh\u00f3licas para el almuerzo<\/p>\n<\/div><\/li><li class=\"fusion-li-item\" style=\"\"><span class=\"icon-wrapper circle-no\"><i class=\"fusion-li-icon fa-mug-hot fas\" aria-hidden=\"true\"><\/i><\/span><div class=\"fusion-li-item-content\">\n<p>Pausa caf\u00e9 por la tarde con aperitivos dulces<\/p>\n<\/div><\/li><li class=\"fusion-li-item\" style=\"\"><span class=\"icon-wrapper circle-no\"><i class=\"fusion-li-icon fa-wine-glass-alt fas\" aria-hidden=\"true\"><\/i><\/span><div class=\"fusion-li-item-content\">\n<p>Caf\u00e9 y t\u00e9 ilimitados<\/p>\n<\/div><\/li><li class=\"fusion-li-item\" style=\"\"><span class=\"icon-wrapper circle-no\"><i class=\"fusion-li-icon fa-parking fas\" aria-hidden=\"true\"><\/i><\/span><div class=\"fusion-li-item-content\">\n<p>3 horas de aparcamiento gratuito, despu\u00e9s una plaza cuesta 2,00 \u20ac por hora<\/p>\n<\/div><\/li><li class=\"fusion-li-item\" style=\"\"><span class=\"icon-wrapper circle-no\"><i class=\"fusion-li-icon fa-pen-alt fas\" aria-hidden=\"true\"><\/i><\/span><div class=\"fusion-li-item-content\">\n<p>Blocs de notas y bol\u00edgrafos<\/p>\n<\/div><\/li><\/ul><div class=\"fusion-sep-clear\"><\/div><div class=\"fusion-separator fusion-full-width-sep\" style=\"margin-left: auto;margin-right: auto;margin-top:50px;width:100%;\"><\/div><div class=\"fusion-sep-clear\"><\/div><div class=\"fusion-text fusion-text-18\"><p><strong>Paquete de d\u00eda completo: precio por persona y d\u00eda a partir de 75,00 euros<br \/>\nPaquete de medio d\u00eda: precio por persona y d\u00eda a partir de 65,00 euros  <\/strong><\/p>\n<\/div><div class=\"fusion-clearfix\"><\/div><\/div><\/div><div class=\"fusion-layout-column fusion_builder_column fusion-builder-column-17 fusion_builder_column_1_5 1_5 fusion-one-fifth fusion-column-last\" style=\"--awb-padding-top:50px;--awb-bg-blend:overlay;--awb-bg-size:cover;width:20%;width:calc(20% - ( ( 4% + 4% ) * 0.2 ) );\"><div class=\"fusion-column-wrapper fusion-column-has-shadow fusion-flex-column-wrapper-legacy\"><div class=\"fusion-clearfix\"><\/div><\/div><\/div><div class=\"fusion-layout-column fusion_builder_column fusion-builder-column-18 fusion_builder_column_1_1 1_1 fusion-one-full fusion-column-first fusion-column-last\" style=\"--awb-padding-top:50px;--awb-bg-blend:overlay;--awb-bg-size:cover;\"><div class=\"fusion-column-wrapper fusion-column-has-shadow fusion-flex-column-wrapper-legacy\"><div class=\"fusion-text fusion-text-19\"><h1 style=\"text-align: center;\">\u00bfTienes alguna pregunta sobre los paquetes individuales? Estaremos encantados de ayudarte. <\/h1>\n<\/div><ul style=\"--awb-size:17px;--awb-iconcolor:#cbaa5c;--awb-line-height:28.9px;--awb-icon-width:28.9px;--awb-icon-height:28.9px;--awb-icon-margin:11.9px;--awb-content-margin:40.8px;\" class=\"fusion-checklist fusion-checklist-8 fusion-checklist-default type-icons address\"><li class=\"fusion-li-item\" style=\"\"><span class=\"icon-wrapper circle-no\"><i class=\"fusion-li-icon fa-phone-alt fas\" aria-hidden=\"true\"><\/i><\/span><div class=\"fusion-li-item-content\">Tel: <a href=\"tel:+4366877694912\"> +43(0)662 877694-912<\/a><\/div><\/li><li class=\"fusion-li-item\" style=\"\"><span class=\"icon-wrapper circle-no\"><i class=\"fusion-li-icon fa-envelope far\" aria-hidden=\"true\"><\/i><\/span><div class=\"fusion-li-item-content\"><a href=\"mailto:seminar@imlauer.com\">seminar@imlauer.com<\/a><\/div><\/li><li class=\"fusion-li-item\" style=\"\"><span class=\"icon-wrapper circle-no\"><i class=\"fusion-li-icon fa-map-marked-alt fas\" aria-hidden=\"true\"><\/i><\/span><div class=\"fusion-li-item-content\">\n<p>Rainerstra\u00dfe 12-14<br \/>\n5020 Salzburgo, Austria<\/p>\n<\/div><\/li><\/ul><div class=\"fusion-clearfix\"><\/div><\/div><\/div><\/div><\/div><\/p>\n","protected":false},"excerpt":{"rendered":"","protected":false},"author":1,"featured_media":0,"parent":0,"menu_order":0,"comment_status":"closed","ping_status":"closed","template":"100-width.php","meta":{"footnotes":""},"class_list":["post-8077","page","type-page","status-publish","hentry"],"_links":{"self":[{"href":"https:\/\/imlauer.com\/hotel-imlauer-salzburg\/wp-json\/wp\/v2\/pages\/8077","targetHints":{"allow":["GET"]}}],"collection":[{"href":"https:\/\/imlauer.com\/hotel-imlauer-salzburg\/wp-json\/wp\/v2\/pages"}],"about":[{"href":"https:\/\/imlauer.com\/hotel-imlauer-salzburg\/wp-json\/wp\/v2\/types\/page"}],"author":[{"embeddable":true,"href":"https:\/\/imlauer.com\/hotel-imlauer-salzburg\/wp-json\/wp\/v2\/users\/1"}],"replies":[{"embeddable":true,"href":"https:\/\/imlauer.com\/hotel-imlauer-salzburg\/wp-json\/wp\/v2\/comments?post=8077"}],"version-history":[{"count":54,"href":"https:\/\/imlauer.com\/hotel-imlauer-salzburg\/wp-json\/wp\/v2\/pages\/8077\/revisions"}],"predecessor-version":[{"id":47209,"href":"https:\/\/imlauer.com\/hotel-imlauer-salzburg\/wp-json\/wp\/v2\/pages\/8077\/revisions\/47209"}],"wp:attachment":[{"href":"https:\/\/imlauer.com\/hotel-imlauer-salzburg\/wp-json\/wp\/v2\/media?parent=8077"}],"curies":[{"name":"wp","href":"https:\/\/api.w.org\/{rel}","templated":true}]}}