{"id":8084,"date":"2019-10-15T07:10:44","date_gmt":"2019-10-15T07:10:44","guid":{"rendered":"https:\/\/imlauer.com\/hotel-imlauer-salzburg\/importante-da-sapere\/"},"modified":"2026-04-09T06:36:26","modified_gmt":"2026-04-09T06:36:26","slug":"importante-da-sapere","status":"publish","type":"page","link":"https:\/\/imlauer.com\/hotel-imlauer-salzburg\/importante-da-sapere\/?lang=it","title":{"rendered":"Importante da sapere"},"content":{"rendered":"<p><div class=\"fusion-fullwidth fullwidth-box fusion-builder-row-1 has-pattern-background has-mask-background nonhundred-percent-fullwidth non-hundred-percent-height-scrolling fusion-equal-height-columns\" style=\"--awb-background-position:left top;--awb-border-sizes-top:0px;--awb-border-sizes-bottom:0px;--awb-border-sizes-left:0px;--awb-border-sizes-right:0px;--awb-border-radius-top-left:0px;--awb-border-radius-top-right:0px;--awb-border-radius-bottom-right:0px;--awb-border-radius-bottom-left:0px;--awb-padding-top:0px;--awb-padding-bottom:35px;--awb-margin-top:40px;--awb-flex-wrap:wrap;\" ><div class=\"fusion-builder-row fusion-row\"><div class=\"fusion-layout-column fusion_builder_column fusion-builder-column-0 fusion_builder_column_1_2 1_2 fusion-one-half fusion-column-first\" style=\"--awb-padding-top:40px;--awb-padding-bottom:40px;--awb-bg-color:#ffffff;--awb-bg-color-hover:#ffffff;--awb-bg-size:cover;--awb-border-color:#ebeef1;--awb-border-top:0;--awb-border-right:0;--awb-border-bottom:0;--awb-border-left:0;--awb-border-style:solid;width:48%; margin-right: 4%;\"><div class=\"fusion-column-wrapper fusion-column-has-shadow fusion-flex-column-wrapper-legacy\"><div class=\"fusion-column-content-centered\"><div class=\"fusion-column-content\"><div class=\"fusion-image-element fusion-image-align-center in-legacy-container\" style=\"text-align:center;--awb-liftup-border-radius:0px;--awb-caption-title-font-family:var(--h2_typography-font-family);--awb-caption-title-font-weight:var(--h2_typography-font-weight);--awb-caption-title-font-style:var(--h2_typography-font-style);--awb-caption-title-size:var(--h2_typography-font-size);--awb-caption-title-transform:var(--h2_typography-text-transform);--awb-caption-title-line-height:var(--h2_typography-line-height);--awb-caption-title-letter-spacing:var(--h2_typography-letter-spacing);\"><div class=\"imageframe-align-center\"><div class=\"awb-image-frame awb-image-frame-1 imageframe-liftup\"><span class=\" fusion-imageframe imageframe-none imageframe-1\"><a href=\"https:\/\/imlauer.com\/hotel-imlauer-salzburg\/wp-content\/uploads\/2025\/02\/hotel-imlauer-braeu-salzburg-eingang-1.jpg\" class=\"fusion-lightbox\" data-rel=\"iLightbox[2c65ad0d7b76e507644]\" data-title=\"hotel-imlauer-braeu-salzburg-eingang\" title=\"hotel-imlauer-braeu-salzburg-eingang\"><img decoding=\"async\" width=\"2000\" height=\"1358\" src=\"https:\/\/imlauer.com\/hotel-imlauer-salzburg\/wp-content\/uploads\/2025\/02\/hotel-imlauer-braeu-salzburg-eingang-1.jpg\" data-orig-src=\"https:\/\/imlauer.com\/hotel-imlauer-salzburg\/wp-content\/uploads\/2025\/02\/hotel-imlauer-braeu-salzburg-eingang-1.jpg\" alt class=\"lazyload img-responsive wp-image-1055\" srcset=\"data:image\/svg+xml,%3Csvg%20xmlns%3D%27http%3A%2F%2Fwww.w3.org%2F2000%2Fsvg%27%20width%3D%272000%27%20height%3D%271358%27%20viewBox%3D%270%200%202000%201358%27%3E%3Crect%20width%3D%272000%27%20height%3D%271358%27%20fill-opacity%3D%220%22%2F%3E%3C%2Fsvg%3E\" data-srcset=\"https:\/\/imlauer.com\/hotel-imlauer-salzburg\/wp-content\/uploads\/2025\/02\/hotel-imlauer-braeu-salzburg-eingang-1-200x136.jpg 200w, https:\/\/imlauer.com\/hotel-imlauer-salzburg\/wp-content\/uploads\/2025\/02\/hotel-imlauer-braeu-salzburg-eingang-1-400x272.jpg 400w, https:\/\/imlauer.com\/hotel-imlauer-salzburg\/wp-content\/uploads\/2025\/02\/hotel-imlauer-braeu-salzburg-eingang-1-600x407.jpg 600w, https:\/\/imlauer.com\/hotel-imlauer-salzburg\/wp-content\/uploads\/2025\/02\/hotel-imlauer-braeu-salzburg-eingang-1-800x543.jpg 800w, https:\/\/imlauer.com\/hotel-imlauer-salzburg\/wp-content\/uploads\/2025\/02\/hotel-imlauer-braeu-salzburg-eingang-1-1200x815.jpg 1200w, https:\/\/imlauer.com\/hotel-imlauer-salzburg\/wp-content\/uploads\/2025\/02\/hotel-imlauer-braeu-salzburg-eingang-1.jpg 2000w\" data-sizes=\"auto\" data-orig-sizes=\"(max-width: 969px) 100vw, 800px\" \/><\/a><\/span><\/div><\/div><\/div><\/div><\/div><div class=\"fusion-clearfix\"><\/div><\/div><\/div><div class=\"fusion-layout-column fusion_builder_column fusion-builder-column-1 fusion_builder_column_1_2 1_2 fusion-one-half fusion-column-last\" style=\"--awb-bg-blend:overlay;--awb-bg-size:cover;width:48%;\"><div class=\"fusion-column-wrapper fusion-column-has-shadow fusion-flex-column-wrapper-legacy\"><div class=\"fusion-column-content-centered\"><div class=\"fusion-column-content\"><div class=\"fusion-text fusion-text-1\"><h1 style=\"text-align: center;\">DOMANDE FREQUENTI<\/h1>\n<\/div><div class=\"fusion-sep-clear\"><\/div><div class=\"fusion-separator\" style=\"margin-left: auto;margin-right: auto;margin-top:0px;margin-bottom:20px;width:100%;max-width:50px;\"><div class=\"fusion-separator-border sep-single sep-solid\" style=\"--awb-height:20px;--awb-amount:20px;--awb-sep-color:#af9755;border-color:#af9755;border-top-width:1px;\"><\/div><\/div><div class=\"fusion-sep-clear\"><\/div><div class=\"fusion-text fusion-text-2\"><p style=\"text-align: center;\">Hai qualche domanda sul tuo soggiorno a Salisburgo? Sfoglia semplicemente la nostra sezione &#8222;Importante da sapere&#8220;. In questo catalogo di FAQ troverai i dati principali dell&#8217;IMLAUER Hotel Pitter. Se non trovi quello che stai cercando, non esitare a contattarci.   <\/p>\n<p style=\"text-align: center;\">Saremo lieti di rispondere alle tue richieste anche via e-mail all&#8217;indirizzo <a href=\"mailto:hotel@imlauer.com\">hotel@imlauer.com<\/a><br \/>\no per telefono al numero <a href=\"tel:+43662889920\">+43 (0) 662 88 99 20<\/a>.<\/p>\n<div class=\"titles\">\n<p style=\"text-align: center;\">Siamo felici di poterti aiutare in qualsiasi momento.<\/p>\n<\/div>\n<\/div><\/div><\/div><div class=\"fusion-clearfix\"><\/div><\/div><\/div><\/div><\/div><div class=\"fusion-fullwidth fullwidth-box fusion-builder-row-2 hundred-percent-fullwidth non-hundred-percent-height-scrolling fusion-equal-height-columns\" style=\"--awb-background-position:left top;--awb-border-sizes-top:0px;--awb-border-sizes-bottom:0px;--awb-border-sizes-left:0px;--awb-border-sizes-right:0px;--awb-border-radius-top-left:0px;--awb-border-radius-top-right:0px;--awb-border-radius-bottom-right:0px;--awb-border-radius-bottom-left:0px;--awb-padding-top:20px;--awb-padding-right:20px;--awb-padding-bottom:20px;--awb-padding-left:20px;--awb-margin-top:0px;--awb-margin-bottom:0px;--awb-background-color:#af9755;--awb-flex-wrap:wrap;\" id=\"faq_themen\" ><div class=\"fusion-builder-row fusion-row\"><div class=\"fusion-layout-column fusion_builder_column fusion-builder-column-2 fusion_builder_column_1_1 1_1 fusion-one-full fusion-column-first fusion-column-last fusion-column-no-min-height\" style=\"--awb-bg-size:cover;--awb-margin-bottom:0px;\"><div class=\"fusion-column-wrapper fusion-column-has-shadow fusion-flex-column-wrapper-legacy\"><div class=\"fusion-column-content-centered\"><div class=\"fusion-column-content\"><div class=\"fusion-text fusion-text-3\"><h2 style=\"text-align: center;\"><span style=\"color: #ffffff;\">SELEZIONE DELL&#8217;ARGOMENTO<\/span><\/h2>\n<\/div><div class=\"fusion-content-boxes content-boxes columns row fusion-columns-5 fusion-columns-total-5 fusion-content-boxes-1 content-boxes-icon-on-top content-left\" style=\"--awb-backgroundcolor:#ffffff;--awb-body-color:#636362;--awb-title-color:#af9755;--awb-iconcolor:#008ab4;--awb-hover-accent-color:#008ab4;--awb-circle-hover-accent-color:transparent;\" id=\"themenauswahl\" data-animationOffset=\"top-into-view\"><div style=\"--awb-backgroundcolor:#ffffff;--awb-iconcolor:#008ab4;\" class=\"fusion-column content-box-column content-box-column-1 col-lg-2 col-md-2 col-sm-2 fusion-content-box-hover content-box-column-first-in-row\"><div class=\"col content-box-wrapper content-wrapper-background link-area-box link-type-text icon-hover-animation-slide\" data-link=\"#anreise\" data-link-target=\"_self\" data-animationOffset=\"top-into-view\"><div class=\"heading heading-with-icon icon-left\"><a class=\"heading-link\" href=\"#anreise\" target=\"_self\"><div aria-hidden=\"true\" class=\"image\"><img decoding=\"async\" class=\"lazyload\" src=\"data:image\/svg+xml,%3Csvg%20xmlns%3D%27http%3A%2F%2Fwww.w3.org%2F2000%2Fsvg%27%20width%3D%27100%27%20height%3D%27100%27%20viewBox%3D%270%200%20100%20100%27%3E%3Crect%20width%3D%27100%27%20height%3D%27100%27%20fill-opacity%3D%220%22%2F%3E%3C%2Fsvg%3E\" data-orig-src=\"https:\/\/imlauer.com\/hotel-imlauer-salzburg\/wp-content\/uploads\/2025\/02\/schluessel.png\" width=\"100\" height=\"100\" alt=\"\" \/><\/div><h2 class=\"content-box-heading\" style=\"--h2_typography-font-size:20px;line-height:25px;\">Viaggio<\/h2><\/a><\/div><\/div><\/div><div style=\"--awb-backgroundcolor:#ffffff;--awb-iconcolor:#008ab4;\" class=\"fusion-column content-box-column content-box-column-2 col-lg-2 col-md-2 col-sm-2 fusion-content-box-hover \"><div class=\"col content-box-wrapper content-wrapper-background link-area-box link-type-text icon-hover-animation-slide\" data-link=\"#abreise\" data-link-target=\"_self\" data-animationOffset=\"top-into-view\"><div class=\"heading heading-with-icon icon-left\"><a class=\"heading-link\" href=\"#abreise\" target=\"_self\"><div aria-hidden=\"true\" class=\"image\"><img decoding=\"async\" class=\"lazyload\" src=\"data:image\/svg+xml,%3Csvg%20xmlns%3D%27http%3A%2F%2Fwww.w3.org%2F2000%2Fsvg%27%20width%3D%27100%27%20height%3D%27100%27%20viewBox%3D%270%200%20100%20100%27%3E%3Crect%20width%3D%27100%27%20height%3D%27100%27%20fill-opacity%3D%220%22%2F%3E%3C%2Fsvg%3E\" data-orig-src=\"https:\/\/imlauer.com\/hotel-imlauer-salzburg\/wp-content\/uploads\/2025\/02\/wegweiser-1.png\" width=\"100\" height=\"100\" alt=\"\" \/><\/div><h2 class=\"content-box-heading\" style=\"--h2_typography-font-size:20px;line-height:25px;\">Partenza<\/h2><\/a><\/div><\/div><\/div><div style=\"--awb-backgroundcolor:#ffffff;--awb-iconcolor:#008ab4;\" class=\"fusion-column content-box-column content-box-column-3 col-lg-2 col-md-2 col-sm-2 fusion-content-box-hover \"><div class=\"col content-box-wrapper content-wrapper-background link-area-box link-type-text icon-hover-animation-slide\" data-link=\"#hotel\" data-link-target=\"_self\" data-animationOffset=\"top-into-view\"><div class=\"heading heading-with-icon icon-left\"><a class=\"heading-link\" href=\"#hotel\" target=\"_self\"><div aria-hidden=\"true\" class=\"image\"><img decoding=\"async\" class=\"lazyload\" src=\"data:image\/svg+xml,%3Csvg%20xmlns%3D%27http%3A%2F%2Fwww.w3.org%2F2000%2Fsvg%27%20width%3D%27100%27%20height%3D%27100%27%20viewBox%3D%270%200%20100%20100%27%3E%3Crect%20width%3D%27100%27%20height%3D%27100%27%20fill-opacity%3D%220%22%2F%3E%3C%2Fsvg%3E\" data-orig-src=\"https:\/\/imlauer.com\/hotel-imlauer-salzburg\/wp-content\/uploads\/2025\/02\/HotelIcon.png\" width=\"100\" height=\"100\" alt=\"\" \/><\/div><h2 class=\"content-box-heading\" style=\"--h2_typography-font-size:20px;line-height:25px;\">in hotel<\/h2><\/a><\/div><\/div><\/div><div style=\"--awb-backgroundcolor:#ffffff;--awb-iconcolor:#008ab4;\" class=\"fusion-column content-box-column content-box-column-4 col-lg-2 col-md-2 col-sm-2 fusion-content-box-hover \"><div class=\"col content-box-wrapper content-wrapper-background link-area-box link-type-text icon-hover-animation-slide\" data-link=\"#naehe\" data-link-target=\"_self\" data-animationOffset=\"top-into-view\"><div class=\"heading heading-with-icon icon-left\"><a class=\"heading-link\" href=\"#naehe\" target=\"_self\"><div aria-hidden=\"true\" class=\"image\"><img decoding=\"async\" class=\"lazyload\" src=\"data:image\/svg+xml,%3Csvg%20xmlns%3D%27http%3A%2F%2Fwww.w3.org%2F2000%2Fsvg%27%20width%3D%27100%27%20height%3D%27100%27%20viewBox%3D%270%200%20100%20100%27%3E%3Crect%20width%3D%27100%27%20height%3D%27100%27%20fill-opacity%3D%220%22%2F%3E%3C%2Fsvg%3E\" data-orig-src=\"https:\/\/imlauer.com\/hotel-imlauer-salzburg\/wp-content\/uploads\/2025\/02\/imlauernearby.png\" width=\"100\" height=\"100\" alt=\"\" \/><\/div><h2 class=\"content-box-heading\" style=\"--h2_typography-font-size:20px;line-height:25px;\">nelle vicinanze<\/h2><\/a><\/div><\/div><\/div><div style=\"--awb-backgroundcolor:#ffffff;--awb-iconcolor:#008ab4;\" class=\"fusion-column content-box-column content-box-column-5 col-lg-2 col-md-2 col-sm-2 fusion-content-box-hover content-box-column-last content-box-column-last-in-row\"><div class=\"col content-box-wrapper content-wrapper-background link-area-box link-type-text icon-hover-animation-slide\" data-link=\"#kulinarik\" data-link-target=\"_self\" data-animationOffset=\"top-into-view\"><div class=\"heading heading-with-icon icon-left\"><a class=\"heading-link\" href=\"#kulinarik\" target=\"_self\"><div aria-hidden=\"true\" class=\"image\"><img decoding=\"async\" class=\"lazyload\" src=\"data:image\/svg+xml,%3Csvg%20xmlns%3D%27http%3A%2F%2Fwww.w3.org%2F2000%2Fsvg%27%20width%3D%27100%27%20height%3D%27100%27%20viewBox%3D%270%200%20100%20100%27%3E%3Crect%20width%3D%27100%27%20height%3D%27100%27%20fill-opacity%3D%220%22%2F%3E%3C%2Fsvg%3E\" data-orig-src=\"https:\/\/imlauer.com\/hotel-imlauer-salzburg\/wp-content\/uploads\/2025\/02\/besteck-glas-1.png\" width=\"100\" height=\"100\" alt=\"\" \/><\/div><h2 class=\"content-box-heading\" style=\"--h2_typography-font-size:20px;line-height:25px;\">Delizie culinarie<\/h2><\/a><\/div><\/div><\/div><div class=\"fusion-clearfix\"><\/div><\/div><\/div><\/div><div class=\"fusion-clearfix\"><\/div><\/div><\/div><\/div><\/div><div class=\"fusion-fullwidth fullwidth-box fusion-builder-row-3 hundred-percent-fullwidth non-hundred-percent-height-scrolling\" style=\"--awb-border-radius-top-left:0px;--awb-border-radius-top-right:0px;--awb-border-radius-bottom-right:0px;--awb-border-radius-bottom-left:0px;--awb-padding-top:4%;--awb-padding-right:6%;--awb-padding-bottom:3%;--awb-padding-left:6%;--awb-flex-wrap:wrap;\" id=\"faq_themen\" ><div class=\"fusion-builder-row fusion-row\"><div class=\"fusion-layout-column fusion_builder_column fusion-builder-column-3 fusion_builder_column_1_2 1_2 fusion-one-half fusion-column-first fusion-animated\" style=\"--awb-padding-top:5%;--awb-padding-right:11%;--awb-padding-bottom:5%;--awb-padding-left:11%;--awb-bg-color:#ffffff;--awb-bg-color-hover:#ffffff;--awb-bg-size:cover;--awb-margin-bottom:0px;width:50%;width:calc(50% - ( ( 0 ) * 0.5 ) );margin-right: 0px;\" data-animationType=\"fadeInLeft\" data-animationDuration=\"0.8\" data-animationOffset=\"top-into-view\" id=\"anreise\"><div class=\"fusion-column-wrapper fusion-column-has-shadow fusion-flex-column-wrapper-legacy\"><div class=\"fusion-content-boxes content-boxes columns row fusion-columns-1 fusion-columns-total-1 fusion-content-boxes-2 content-boxes-icon-on-top content-left\" style=\"--awb-backgroundcolor:#ffffff;--awb-body-color:#636362;--awb-title-color:#af9755;--awb-iconcolor:#008ab4;--awb-hover-accent-color:#af9755;--awb-circle-hover-accent-color:transparent;--awb-item-margin-bottom:40px;\" data-animationOffset=\"top-into-view\"><div style=\"--awb-backgroundcolor:#ffffff;--awb-iconcolor:#008ab4;\" class=\"fusion-column content-box-column content-box-column content-box-column-1 col-lg-12 col-md-12 col-sm-12 fusion-content-box-hover content-box-column-last content-box-column-last-in-row\"><div class=\"col content-box-wrapper content-wrapper-background link-area-box icon-hover-animation-slide\" data-animationOffset=\"top-into-view\"><div class=\"heading heading-with-icon icon-left\"><div aria-hidden=\"true\" class=\"image\"><img decoding=\"async\" class=\"lazyload\" src=\"data:image\/svg+xml,%3Csvg%20xmlns%3D%27http%3A%2F%2Fwww.w3.org%2F2000%2Fsvg%27%20width%3D%27100%27%20height%3D%27100%27%20viewBox%3D%270%200%20100%20100%27%3E%3Crect%20width%3D%27100%27%20height%3D%27100%27%20fill-opacity%3D%220%22%2F%3E%3C%2Fsvg%3E\" data-orig-src=\"https:\/\/imlauer.com\/hotel-imlauer-salzburg\/wp-content\/uploads\/2025\/02\/schluessel.png\" width=\"100\" height=\"100\" alt=\"\" \/><\/div><h2 class=\"content-box-heading\" style=\"--h2_typography-font-size:20px;line-height:25px;\">Viaggio<\/h2><\/div><\/div><\/div><div class=\"fusion-clearfix\"><\/div><\/div><div class=\"accordian fusion-accordian\" style=\"--awb-border-size:1px;--awb-icon-size:13px;--awb-content-font-size:18px;--awb-icon-alignment:right;--awb-hover-color:#f9f9f9;--awb-border-color:#cccccc;--awb-background-color:#ffffff;--awb-divider-color:#e0dede;--awb-divider-hover-color:#e0dede;--awb-icon-color:#ffffff;--awb-title-color:#af9755;--awb-content-color:#747474;--awb-icon-box-color:#333333;--awb-toggle-hover-accent-color:#af9754;--awb-title-font-family:&quot;Bitter&quot;;--awb-title-font-weight:400;--awb-title-font-style:normal;--awb-content-font-family:&quot;Source Sans Pro&quot;;--awb-content-font-style:normal;--awb-content-font-weight:400;\"><div class=\"panel-group fusion-toggle-icon-right fusion-toggle-icon-boxed\" id=\"accordion-8084-1\"><div class=\"fusion-panel panel-default panel-3f673388b3957ba81 fusion-toggle-has-divider\"><div class=\"panel-heading\"><h4 class=\"panel-title toggle\" id=\"toggle_3f673388b3957ba81\"><a aria-expanded=\"false\" aria-controls=\"3f673388b3957ba81\" role=\"button\" data-toggle=\"collapse\" data-parent=\"#accordion-8084-1\" data-target=\"#3f673388b3957ba81\" href=\"#3f673388b3957ba81\"><span class=\"fusion-toggle-icon-wrapper\" aria-hidden=\"true\"><i class=\"fa-fusion-box active-icon awb-icon-minus\" aria-hidden=\"true\"><\/i><i class=\"fa-fusion-box inactive-icon awb-icon-plus\" aria-hidden=\"true\"><\/i><\/span><span class=\"fusion-toggle-heading\">Puoi ricaricare un veicolo elettrico?<\/span><\/a><\/h4><\/div><div id=\"3f673388b3957ba81\" class=\"panel-collapse collapse \" aria-labelledby=\"toggle_3f673388b3957ba81\"><div class=\"panel-body toggle-content fusion-clearfix\">\n<div class=\"fusion-text content\" style=\"text-align: left;\">\n<p>Offriamo 3 stazioni di ricarica elettronica dove potrai ricaricare per 0,45 \u20ac\/kWh<strong>. <\/strong>Non \u00e8 possibile prenotare una stazione di ricarica.<\/p>\n<\/div>\n<\/div><\/div><\/div><div class=\"fusion-panel panel-default panel-7bb6111d856de6830 fusion-toggle-has-divider\"><div class=\"panel-heading\"><h4 class=\"panel-title toggle\" id=\"toggle_7bb6111d856de6830\"><a aria-expanded=\"false\" aria-controls=\"7bb6111d856de6830\" role=\"button\" data-toggle=\"collapse\" data-parent=\"#accordion-8084-1\" data-target=\"#7bb6111d856de6830\" href=\"#7bb6111d856de6830\"><span class=\"fusion-toggle-icon-wrapper\" aria-hidden=\"true\"><i class=\"fa-fusion-box active-icon awb-icon-minus\" aria-hidden=\"true\"><\/i><i class=\"fa-fusion-box inactive-icon awb-icon-plus\" aria-hidden=\"true\"><\/i><\/span><span class=\"fusion-toggle-heading\">Sono disponibili posti auto? Sono gratuiti? <\/span><\/a><\/h4><\/div><div id=\"7bb6111d856de6830\" class=\"panel-collapse collapse \" aria-labelledby=\"toggle_7bb6111d856de6830\"><div class=\"panel-body toggle-content fusion-clearfix\">\n<div class=\"fusion-text content\" style=\"text-align: left;\">\n<p>Puoi parcheggiare la tua auto nel nostro parcheggio dietro l&#8217;hotel, all&#8217;angolo tra Humboldtstra\u00dfe e Faberstra\u00dfe, al costo di \u20ac 20,00 per notte e posto auto, in base alla disponibilit\u00e0.<\/p>\n<\/div>\n<\/div><\/div><\/div><div class=\"fusion-panel panel-default panel-4671a9b16f8511ea8 fusion-toggle-has-divider\"><div class=\"panel-heading\"><h4 class=\"panel-title toggle\" id=\"toggle_4671a9b16f8511ea8\"><a aria-expanded=\"false\" aria-controls=\"4671a9b16f8511ea8\" role=\"button\" data-toggle=\"collapse\" data-parent=\"#accordion-8084-1\" data-target=\"#4671a9b16f8511ea8\" href=\"#4671a9b16f8511ea8\"><span class=\"fusion-toggle-icon-wrapper\" aria-hidden=\"true\"><i class=\"fa-fusion-box active-icon awb-icon-minus\" aria-hidden=\"true\"><\/i><i class=\"fa-fusion-box inactive-icon awb-icon-plus\" aria-hidden=\"true\"><\/i><\/span><span class=\"fusion-toggle-heading\">Ho bisogno di un documento d&#039;identit\u00e0 per il check-in?<\/span><\/a><\/h4><\/div><div id=\"4671a9b16f8511ea8\" class=\"panel-collapse collapse \" aria-labelledby=\"toggle_4671a9b16f8511ea8\"><div class=\"panel-body toggle-content fusion-clearfix\">\n<div class=\"fusion-text content\" style=\"text-align: left;\">\n<p>In Austria\/ Cittadini UE &#8211; identificazione obbligatoria con carta d&#8217;identit\u00e0 o passaporto<\/p>\n<p>Cittadini non UE &#8211; identificazione obbligatoria con passaporto<\/p>\n<\/div>\n<\/div><\/div><\/div><div class=\"fusion-panel panel-default panel-ceefe43085d7b39d0 fusion-toggle-has-divider\"><div class=\"panel-heading\"><h4 class=\"panel-title toggle\" id=\"toggle_ceefe43085d7b39d0\"><a aria-expanded=\"false\" aria-controls=\"ceefe43085d7b39d0\" role=\"button\" data-toggle=\"collapse\" data-parent=\"#accordion-8084-1\" data-target=\"#ceefe43085d7b39d0\" href=\"#ceefe43085d7b39d0\"><span class=\"fusion-toggle-icon-wrapper\" aria-hidden=\"true\"><i class=\"fa-fusion-box active-icon awb-icon-minus\" aria-hidden=\"true\"><\/i><i class=\"fa-fusion-box inactive-icon awb-icon-plus\" aria-hidden=\"true\"><\/i><\/span><span class=\"fusion-toggle-heading\">\u00c8 possibile ordinare un trasferimento? Quanto costa? <\/span><\/a><\/h4><\/div><div id=\"ceefe43085d7b39d0\" class=\"panel-collapse collapse \" aria-labelledby=\"toggle_ceefe43085d7b39d0\"><div class=\"panel-body toggle-content fusion-clearfix\">\n<div class=\"fusion-text content\" style=\"text-align: left;\">\n<p>Saremo lieti di aiutarti a organizzare un trasferimento. Chiedi al nostro staff della reception. <\/p>\n<\/div>\n<\/div><\/div><\/div><div class=\"fusion-panel panel-default panel-2cdea605a33a5a74d fusion-toggle-has-divider\"><div class=\"panel-heading\"><h4 class=\"panel-title toggle\" id=\"toggle_2cdea605a33a5a74d\"><a aria-expanded=\"false\" aria-controls=\"2cdea605a33a5a74d\" role=\"button\" data-toggle=\"collapse\" data-parent=\"#accordion-8084-1\" data-target=\"#2cdea605a33a5a74d\" href=\"#2cdea605a33a5a74d\"><span class=\"fusion-toggle-icon-wrapper\" aria-hidden=\"true\"><i class=\"fa-fusion-box active-icon awb-icon-minus\" aria-hidden=\"true\"><\/i><i class=\"fa-fusion-box inactive-icon awb-icon-plus\" aria-hidden=\"true\"><\/i><\/span><span class=\"fusion-toggle-heading\">Per quanto tempo \u00e8 aperta la reception?<\/span><\/a><\/h4><\/div><div id=\"2cdea605a33a5a74d\" class=\"panel-collapse collapse \" aria-labelledby=\"toggle_2cdea605a33a5a74d\"><div class=\"panel-body toggle-content fusion-clearfix\">\n<div class=\"fusion-text content\" style=\"text-align: left;\">\n<p>Il nostro team di accoglienza \u00e8 a tua disposizione 24 ore al giorno.<\/p>\n<\/div>\n<\/div><\/div><\/div><div class=\"fusion-panel panel-default panel-8d1809edeb24987c0 fusion-toggle-has-divider\"><div class=\"panel-heading\"><h4 class=\"panel-title toggle\" id=\"toggle_8d1809edeb24987c0\"><a aria-expanded=\"false\" aria-controls=\"8d1809edeb24987c0\" role=\"button\" data-toggle=\"collapse\" data-parent=\"#accordion-8084-1\" data-target=\"#8d1809edeb24987c0\" href=\"#8d1809edeb24987c0\"><span class=\"fusion-toggle-icon-wrapper\" aria-hidden=\"true\"><i class=\"fa-fusion-box active-icon awb-icon-minus\" aria-hidden=\"true\"><\/i><i class=\"fa-fusion-box inactive-icon awb-icon-plus\" aria-hidden=\"true\"><\/i><\/span><span class=\"fusion-toggle-heading\">Qual \u00e8 il modo pi\u00f9 semplice per arrivare all&#039;Hotel Imlauer &amp; Br\u00e4u?<\/span><\/a><\/h4><\/div><div id=\"8d1809edeb24987c0\" class=\"panel-collapse collapse \" aria-labelledby=\"toggle_8d1809edeb24987c0\"><div class=\"panel-body toggle-content fusion-clearfix\">\n<div class=\"fusion-text content\" style=\"text-align: left;\">\n<p>La fermata dei mezzi pubblici pi\u00f9 vicina \u00e8 Kiesel (linee 1,2,3,5,6,25). Anche l&#8217;autobus dell&#8217;aeroporto (linea 2) si ferma a Kiesel. <\/p>\n<\/div>\n<\/div><\/div><\/div><div class=\"fusion-panel panel-default panel-63adee805e5df338e fusion-toggle-has-divider\"><div class=\"panel-heading\"><h4 class=\"panel-title toggle\" id=\"toggle_63adee805e5df338e\"><a aria-expanded=\"false\" aria-controls=\"63adee805e5df338e\" role=\"button\" data-toggle=\"collapse\" data-parent=\"#accordion-8084-1\" data-target=\"#63adee805e5df338e\" href=\"#63adee805e5df338e\"><span class=\"fusion-toggle-icon-wrapper\" aria-hidden=\"true\"><i class=\"fa-fusion-box active-icon awb-icon-minus\" aria-hidden=\"true\"><\/i><i class=\"fa-fusion-box inactive-icon awb-icon-plus\" aria-hidden=\"true\"><\/i><\/span><span class=\"fusion-toggle-heading\">Posso lasciare le mie valigie se arrivo prima o se voglio partire tardi?<\/span><\/a><\/h4><\/div><div id=\"63adee805e5df338e\" class=\"panel-collapse collapse \" aria-labelledby=\"toggle_63adee805e5df338e\"><div class=\"panel-body toggle-content fusion-clearfix\">\n<div class=\"fusion-text content\" style=\"text-align: left;\">\n<p>S\u00ec, ti offriamo un deposito bagagli chiuso a chiave dove saremo lieti di depositare i tuoi bagagli.<\/p>\n<\/div>\n<\/div><\/div><\/div><div class=\"fusion-panel panel-default panel-bfa65ba80bc75e7a5 fusion-toggle-has-divider\"><div class=\"panel-heading\"><h4 class=\"panel-title toggle\" id=\"toggle_bfa65ba80bc75e7a5\"><a aria-expanded=\"false\" aria-controls=\"bfa65ba80bc75e7a5\" role=\"button\" data-toggle=\"collapse\" data-parent=\"#accordion-8084-1\" data-target=\"#bfa65ba80bc75e7a5\" href=\"#bfa65ba80bc75e7a5\"><span class=\"fusion-toggle-icon-wrapper\" aria-hidden=\"true\"><i class=\"fa-fusion-box active-icon awb-icon-minus\" aria-hidden=\"true\"><\/i><i class=\"fa-fusion-box inactive-icon awb-icon-plus\" aria-hidden=\"true\"><\/i><\/span><span class=\"fusion-toggle-heading\">Il deposito bagagli \u00e8 gratuito?<\/span><\/a><\/h4><\/div><div id=\"bfa65ba80bc75e7a5\" class=\"panel-collapse collapse \" aria-labelledby=\"toggle_bfa65ba80bc75e7a5\"><div class=\"panel-body toggle-content fusion-clearfix\">\n<div class=\"fusion-text content\" style=\"text-align: left;\">\n<p>S\u00ec, \u00e8 gratuito per gli ospiti dell&#8217;hotel.<\/p>\n<\/div>\n<\/div><\/div><\/div><div class=\"fusion-panel panel-default panel-109d42f2c5fd84d5d fusion-toggle-has-divider\"><div class=\"panel-heading\"><h4 class=\"panel-title toggle\" id=\"toggle_109d42f2c5fd84d5d\"><a aria-expanded=\"false\" aria-controls=\"109d42f2c5fd84d5d\" role=\"button\" data-toggle=\"collapse\" data-parent=\"#accordion-8084-1\" data-target=\"#109d42f2c5fd84d5d\" href=\"#109d42f2c5fd84d5d\"><span class=\"fusion-toggle-icon-wrapper\" aria-hidden=\"true\"><i class=\"fa-fusion-box active-icon awb-icon-minus\" aria-hidden=\"true\"><\/i><i class=\"fa-fusion-box inactive-icon awb-icon-plus\" aria-hidden=\"true\"><\/i><\/span><span class=\"fusion-toggle-heading\">Quali sono gli orari di check-in e check-out?<\/span><\/a><\/h4><\/div><div id=\"109d42f2c5fd84d5d\" class=\"panel-collapse collapse \" aria-labelledby=\"toggle_109d42f2c5fd84d5d\"><div class=\"panel-body toggle-content fusion-clearfix\">\n<div class=\"fusion-text content\" style=\"text-align: left;\">\n<p>Check-in dalle 15:00 | Check-out fino alle 11:00. Il nostro staff della reception \u00e8 a tua disposizione 24 ore su 24. <\/p>\n<\/div>\n<\/div><\/div><\/div><div class=\"fusion-panel panel-default panel-9474dba86ea465973 fusion-toggle-has-divider\"><div class=\"panel-heading\"><h4 class=\"panel-title toggle\" id=\"toggle_9474dba86ea465973\"><a aria-expanded=\"false\" aria-controls=\"9474dba86ea465973\" role=\"button\" data-toggle=\"collapse\" data-parent=\"#accordion-8084-1\" data-target=\"#9474dba86ea465973\" href=\"#9474dba86ea465973\"><span class=\"fusion-toggle-icon-wrapper\" aria-hidden=\"true\"><i class=\"fa-fusion-box active-icon awb-icon-minus\" aria-hidden=\"true\"><\/i><i class=\"fa-fusion-box inactive-icon awb-icon-plus\" aria-hidden=\"true\"><\/i><\/span><span class=\"fusion-toggle-heading\">\u00c8 possibile prenotare un posto auto?<\/span><\/a><\/h4><\/div><div id=\"9474dba86ea465973\" class=\"panel-collapse collapse \" aria-labelledby=\"toggle_9474dba86ea465973\"><div class=\"panel-body toggle-content fusion-clearfix\">\n<div class=\"fusion-text content\" style=\"text-align: left;\">\n<p>No, i nostri parcheggi sono a disposizione degli ospiti in base alla disponibilit\u00e0.<\/p>\n<\/div>\n<\/div><\/div><\/div><div class=\"fusion-panel panel-default panel-81e648f5179001605 fusion-toggle-has-divider\"><div class=\"panel-heading\"><h4 class=\"panel-title toggle\" id=\"toggle_81e648f5179001605\"><a aria-expanded=\"false\" aria-controls=\"81e648f5179001605\" role=\"button\" data-toggle=\"collapse\" data-parent=\"#accordion-8084-1\" data-target=\"#81e648f5179001605\" href=\"#81e648f5179001605\"><span class=\"fusion-toggle-icon-wrapper\" aria-hidden=\"true\"><i class=\"fa-fusion-box active-icon awb-icon-minus\" aria-hidden=\"true\"><\/i><i class=\"fa-fusion-box inactive-icon awb-icon-plus\" aria-hidden=\"true\"><\/i><\/span><span class=\"fusion-toggle-heading\">Quanto costa il parcheggio?<\/span><\/a><\/h4><\/div><div id=\"81e648f5179001605\" class=\"panel-collapse collapse \" aria-labelledby=\"toggle_81e648f5179001605\"><div class=\"panel-body toggle-content fusion-clearfix\">\n<div class=\"fusion-text content\" style=\"text-align: left;\">\n<p>20,00 EUR a notte (giorno di arrivo e partenza inclusi)<\/p>\n<\/div>\n<\/div><\/div><\/div><\/div><\/div><div class=\"fusion-clearfix\"><\/div><\/div><\/div><div class=\"fusion-layout-column fusion_builder_column fusion-builder-column-4 fusion_builder_column_1_2 1_2 fusion-one-half fusion-column-last fusion-animated\" style=\"--awb-padding-top:5%;--awb-padding-right:11%;--awb-padding-bottom:5%;--awb-padding-left:11%;--awb-bg-color:#ffffff;--awb-bg-color-hover:#ffffff;--awb-bg-size:cover;--awb-margin-bottom:0px;width:50%;width:calc(50% - ( ( 0 ) * 0.5 ) );\" data-animationType=\"fadeInLeft\" data-animationDuration=\"0.8\" data-animationOffset=\"top-into-view\" id=\"abreise\"><div class=\"fusion-column-wrapper fusion-column-has-shadow fusion-flex-column-wrapper-legacy\"><div class=\"fusion-content-boxes content-boxes columns row fusion-columns-1 fusion-columns-total-1 fusion-content-boxes-3 content-boxes-icon-on-top content-left\" style=\"--awb-backgroundcolor:#ffffff;--awb-body-color:#636362;--awb-title-color:#af9755;--awb-iconcolor:#008ab4;--awb-hover-accent-color:#af9755;--awb-circle-hover-accent-color:transparent;--awb-item-margin-bottom:40px;\" data-animationOffset=\"top-into-view\"><div style=\"--awb-backgroundcolor:#ffffff;--awb-iconcolor:#008ab4;\" class=\"fusion-column content-box-column content-box-column content-box-column-1 col-lg-12 col-md-12 col-sm-12 fusion-content-box-hover content-box-column-last content-box-column-last-in-row\"><div class=\"col content-box-wrapper content-wrapper-background link-area-box icon-hover-animation-slide\" data-animationOffset=\"top-into-view\"><div class=\"heading heading-with-icon icon-left\"><div aria-hidden=\"true\" class=\"image\"><img decoding=\"async\" class=\"lazyload\" src=\"data:image\/svg+xml,%3Csvg%20xmlns%3D%27http%3A%2F%2Fwww.w3.org%2F2000%2Fsvg%27%20width%3D%27100%27%20height%3D%27100%27%20viewBox%3D%270%200%20100%20100%27%3E%3Crect%20width%3D%27100%27%20height%3D%27100%27%20fill-opacity%3D%220%22%2F%3E%3C%2Fsvg%3E\" data-orig-src=\"https:\/\/imlauer.com\/hotel-imlauer-salzburg\/wp-content\/uploads\/2025\/02\/wegweiser-1.png\" width=\"100\" height=\"100\" alt=\"\" \/><\/div><h2 class=\"content-box-heading\" style=\"--h2_typography-font-size:20px;line-height:25px;\">Partenza<\/h2><\/div><\/div><\/div><div class=\"fusion-clearfix\"><\/div><\/div><div class=\"accordian fusion-accordian\" style=\"--awb-border-size:1px;--awb-icon-size:13px;--awb-content-font-size:18px;--awb-icon-alignment:right;--awb-hover-color:#f9f9f9;--awb-border-color:#cccccc;--awb-background-color:#ffffff;--awb-divider-color:#e0dede;--awb-divider-hover-color:#e0dede;--awb-icon-color:#ffffff;--awb-title-color:#af9755;--awb-content-color:#747474;--awb-icon-box-color:#333333;--awb-toggle-hover-accent-color:#af9754;--awb-title-font-family:&quot;Bitter&quot;;--awb-title-font-weight:400;--awb-title-font-style:normal;--awb-content-font-family:&quot;Source Sans Pro&quot;;--awb-content-font-style:normal;--awb-content-font-weight:400;\"><div class=\"panel-group fusion-toggle-icon-right fusion-toggle-icon-boxed\" id=\"accordion-8084-2\"><div class=\"fusion-panel panel-default panel-321ec66907401ba66 fusion-toggle-has-divider\"><div class=\"panel-heading\"><h4 class=\"panel-title toggle\" id=\"toggle_321ec66907401ba66\"><a aria-expanded=\"false\" aria-controls=\"321ec66907401ba66\" role=\"button\" data-toggle=\"collapse\" data-parent=\"#accordion-8084-2\" data-target=\"#321ec66907401ba66\" href=\"#321ec66907401ba66\"><span class=\"fusion-toggle-icon-wrapper\" aria-hidden=\"true\"><i class=\"fa-fusion-box active-icon awb-icon-minus\" aria-hidden=\"true\"><\/i><i class=\"fa-fusion-box inactive-icon awb-icon-plus\" aria-hidden=\"true\"><\/i><\/span><span class=\"fusion-toggle-heading\">Posso lasciare le mie valigie se arrivo prima o se voglio partire tardi?<\/span><\/a><\/h4><\/div><div id=\"321ec66907401ba66\" class=\"panel-collapse collapse \" aria-labelledby=\"toggle_321ec66907401ba66\"><div class=\"panel-body toggle-content fusion-clearfix\">\n<p>S\u00ec, ti offriamo un deposito bagagli chiuso a chiave dove saremo lieti di depositare i tuoi bagagli.<\/p>\n<\/div><\/div><\/div><div class=\"fusion-panel panel-default panel-5ea1276233a7442bc fusion-toggle-has-divider\"><div class=\"panel-heading\"><h4 class=\"panel-title toggle\" id=\"toggle_5ea1276233a7442bc\"><a aria-expanded=\"false\" aria-controls=\"5ea1276233a7442bc\" role=\"button\" data-toggle=\"collapse\" data-parent=\"#accordion-8084-2\" data-target=\"#5ea1276233a7442bc\" href=\"#5ea1276233a7442bc\"><span class=\"fusion-toggle-icon-wrapper\" aria-hidden=\"true\"><i class=\"fa-fusion-box active-icon awb-icon-minus\" aria-hidden=\"true\"><\/i><i class=\"fa-fusion-box inactive-icon awb-icon-plus\" aria-hidden=\"true\"><\/i><\/span><span class=\"fusion-toggle-heading\">Esiste un&#039;opzione di check-out tardivo?<\/span><\/a><\/h4><\/div><div id=\"5ea1276233a7442bc\" class=\"panel-collapse collapse \" aria-labelledby=\"toggle_5ea1276233a7442bc\"><div class=\"panel-body toggle-content fusion-clearfix\">\n<p>La camera pu\u00f2 essere utilizzata fino alle 11:00 del giorno della partenza. Le partenze tardive sono possibili in base alla disponibilit\u00e0 e a un costo aggiuntivo.<\/p>\n<\/div><\/div><\/div><div class=\"fusion-panel panel-default panel-d939e651e7ae10d77 fusion-toggle-has-divider\"><div class=\"panel-heading\"><h4 class=\"panel-title toggle\" id=\"toggle_d939e651e7ae10d77\"><a aria-expanded=\"false\" aria-controls=\"d939e651e7ae10d77\" role=\"button\" data-toggle=\"collapse\" data-parent=\"#accordion-8084-2\" data-target=\"#d939e651e7ae10d77\" href=\"#d939e651e7ae10d77\"><span class=\"fusion-toggle-icon-wrapper\" aria-hidden=\"true\"><i class=\"fa-fusion-box active-icon awb-icon-minus\" aria-hidden=\"true\"><\/i><i class=\"fa-fusion-box inactive-icon awb-icon-plus\" aria-hidden=\"true\"><\/i><\/span><span class=\"fusion-toggle-heading\">Quali sono gli orari di check-in e check-out?<\/span><\/a><\/h4><\/div><div id=\"d939e651e7ae10d77\" class=\"panel-collapse collapse \" aria-labelledby=\"toggle_d939e651e7ae10d77\"><div class=\"panel-body toggle-content fusion-clearfix\">\n<p>Check-in dalle 15:00 | Check-out fino alle 11:00. Il nostro team di reception \u00e8 a tua disposizione 24 ore su 24.<\/p>\n<\/div><\/div><\/div><\/div><\/div><div class=\"fusion-clearfix\"><\/div><\/div><\/div><div class=\"fusion-layout-column fusion_builder_column fusion-builder-column-5 fusion_builder_column_1_2 1_2 fusion-one-half fusion-column-first fusion-animated\" style=\"--awb-padding-top:5%;--awb-padding-right:11%;--awb-padding-bottom:5%;--awb-padding-left:11%;--awb-bg-color:#ffffff;--awb-bg-color-hover:#ffffff;--awb-bg-size:cover;--awb-margin-bottom:0px;width:50%;width:calc(50% - ( ( 0 ) * 0.5 ) );margin-right: 0px;\" data-animationType=\"fadeInLeft\" data-animationDuration=\"0.8\" data-animationOffset=\"top-into-view\" id=\"hotel\"><div class=\"fusion-column-wrapper fusion-column-has-shadow fusion-flex-column-wrapper-legacy\"><div class=\"fusion-content-boxes content-boxes columns row fusion-columns-1 fusion-columns-total-1 fusion-content-boxes-4 content-boxes-icon-on-top content-left\" style=\"--awb-backgroundcolor:#ffffff;--awb-body-color:#636362;--awb-title-color:#af9755;--awb-iconcolor:#008ab4;--awb-hover-accent-color:#af9755;--awb-circle-hover-accent-color:transparent;--awb-item-margin-bottom:40px;\" data-animationOffset=\"top-into-view\"><div style=\"--awb-backgroundcolor:#ffffff;--awb-iconcolor:#008ab4;\" class=\"fusion-column content-box-column content-box-column content-box-column-1 col-lg-12 col-md-12 col-sm-12 fusion-content-box-hover content-box-column-last content-box-column-last-in-row\"><div class=\"col content-box-wrapper content-wrapper-background link-area-box icon-hover-animation-slide\" data-animationOffset=\"top-into-view\"><div class=\"heading heading-with-icon icon-left\"><div aria-hidden=\"true\" class=\"image\"><img decoding=\"async\" class=\"lazyload\" src=\"data:image\/svg+xml,%3Csvg%20xmlns%3D%27http%3A%2F%2Fwww.w3.org%2F2000%2Fsvg%27%20width%3D%27100%27%20height%3D%27100%27%20viewBox%3D%270%200%20100%20100%27%3E%3Crect%20width%3D%27100%27%20height%3D%27100%27%20fill-opacity%3D%220%22%2F%3E%3C%2Fsvg%3E\" data-orig-src=\"https:\/\/imlauer.com\/hotel-imlauer-salzburg\/wp-content\/uploads\/2025\/02\/HotelIcon.png\" width=\"100\" height=\"100\" alt=\"\" \/><\/div><h2 class=\"content-box-heading\" style=\"--h2_typography-font-size:20px;line-height:25px;\">in hotel<\/h2><\/div><\/div><\/div><div class=\"fusion-clearfix\"><\/div><\/div><div class=\"accordian fusion-accordian\" style=\"--awb-border-size:1px;--awb-icon-size:13px;--awb-content-font-size:18px;--awb-icon-alignment:right;--awb-hover-color:#f9f9f9;--awb-border-color:#cccccc;--awb-background-color:#ffffff;--awb-divider-color:#e0dede;--awb-divider-hover-color:#e0dede;--awb-icon-color:#ffffff;--awb-title-color:#af9755;--awb-content-color:#747474;--awb-icon-box-color:#333333;--awb-toggle-hover-accent-color:#af9754;--awb-title-font-family:&quot;Bitter&quot;;--awb-title-font-weight:400;--awb-title-font-style:normal;--awb-content-font-family:&quot;Source Sans Pro&quot;;--awb-content-font-style:normal;--awb-content-font-weight:400;\"><div class=\"panel-group fusion-toggle-icon-right fusion-toggle-icon-boxed\" id=\"accordion-8084-3\"><div class=\"fusion-panel panel-default panel-4c40fc540f255c9f4 fusion-toggle-has-divider\"><div class=\"panel-heading\"><h4 class=\"panel-title toggle\" id=\"toggle_4c40fc540f255c9f4\"><a aria-expanded=\"false\" aria-controls=\"4c40fc540f255c9f4\" role=\"button\" data-toggle=\"collapse\" data-parent=\"#accordion-8084-3\" data-target=\"#4c40fc540f255c9f4\" href=\"#4c40fc540f255c9f4\"><span class=\"fusion-toggle-icon-wrapper\" aria-hidden=\"true\"><i class=\"fa-fusion-box active-icon awb-icon-minus\" aria-hidden=\"true\"><\/i><i class=\"fa-fusion-box inactive-icon awb-icon-plus\" aria-hidden=\"true\"><\/i><\/span><span class=\"fusion-toggle-heading\">C&#039;\u00e8 un minibar?<\/span><\/a><\/h4><\/div><div id=\"4c40fc540f255c9f4\" class=\"panel-collapse collapse \" aria-labelledby=\"toggle_4c40fc540f255c9f4\"><div class=\"panel-body toggle-content fusion-clearfix\">\n<p>S\u00ec, ogni camera dispone di un minibar con bevande e snack. Il servizio \u00e8 a pagamento.<\/p>\n<\/div><\/div><\/div><div class=\"fusion-panel panel-default panel-747ce48bf9c5c351d fusion-toggle-has-divider\"><div class=\"panel-heading\"><h4 class=\"panel-title toggle\" id=\"toggle_747ce48bf9c5c351d\"><a aria-expanded=\"false\" aria-controls=\"747ce48bf9c5c351d\" role=\"button\" data-toggle=\"collapse\" data-parent=\"#accordion-8084-3\" data-target=\"#747ce48bf9c5c351d\" href=\"#747ce48bf9c5c351d\"><span class=\"fusion-toggle-icon-wrapper\" aria-hidden=\"true\"><i class=\"fa-fusion-box active-icon awb-icon-minus\" aria-hidden=\"true\"><\/i><i class=\"fa-fusion-box inactive-icon awb-icon-plus\" aria-hidden=\"true\"><\/i><\/span><span class=\"fusion-toggle-heading\">L&#039;hotel dispone di un ristorante?<\/span><\/a><\/h4><\/div><div id=\"747ce48bf9c5c351d\" class=\"panel-collapse collapse \" aria-labelledby=\"toggle_747ce48bf9c5c351d\"><div class=\"panel-body toggle-content fusion-clearfix\">\n<p>Il nostro team del ristorante della birreria IMLAUER dell&#8217;hotel non vede l&#8217;ora di viziarti con delizie culinarie dalle 11:00 alle 23:00. Goditi la cultura della birra e la cucina casalinga ai massimi livelli.<\/p>\n<\/div><\/div><\/div><div class=\"fusion-panel panel-default panel-fe8e23f8804ba72c0 fusion-toggle-has-divider\" style=\"--awb-title-color:#af9755;--awb-content-color:#747474;\"><div class=\"panel-heading\"><h4 class=\"panel-title toggle\" id=\"toggle_fe8e23f8804ba72c0\"><a aria-expanded=\"false\" aria-controls=\"fe8e23f8804ba72c0\" role=\"button\" data-toggle=\"collapse\" data-parent=\"#accordion-8084-3\" data-target=\"#fe8e23f8804ba72c0\" href=\"#fe8e23f8804ba72c0\"><span class=\"fusion-toggle-icon-wrapper\" aria-hidden=\"true\"><i class=\"fa-fusion-box active-icon awb-icon-minus\" aria-hidden=\"true\"><\/i><i class=\"fa-fusion-box inactive-icon awb-icon-plus\" aria-hidden=\"true\"><\/i><\/span><span class=\"fusion-toggle-heading\">La colazione \u00e8 inclusa nel prezzo?<\/span><\/a><\/h4><\/div><div id=\"fe8e23f8804ba72c0\" class=\"panel-collapse collapse \" aria-labelledby=\"toggle_fe8e23f8804ba72c0\"><div class=\"panel-body toggle-content fusion-clearfix\">\n<p>La colazione costa \u20ac 25,00 per adulto al giorno e \u20ac 12,50 per i bambini fino a 12 anni al giorno; i bambini fino a 6 anni fanno colazione gratis.<\/p>\n<\/div><\/div><\/div><div class=\"fusion-panel panel-default panel-af28a41e5e368787b fusion-toggle-has-divider\"><div class=\"panel-heading\"><h4 class=\"panel-title toggle\" id=\"toggle_af28a41e5e368787b\"><a aria-expanded=\"false\" aria-controls=\"af28a41e5e368787b\" role=\"button\" data-toggle=\"collapse\" data-parent=\"#accordion-8084-3\" data-target=\"#af28a41e5e368787b\" href=\"#af28a41e5e368787b\"><span class=\"fusion-toggle-icon-wrapper\" aria-hidden=\"true\"><i class=\"fa-fusion-box active-icon awb-icon-minus\" aria-hidden=\"true\"><\/i><i class=\"fa-fusion-box inactive-icon awb-icon-plus\" aria-hidden=\"true\"><\/i><\/span><span class=\"fusion-toggle-heading\">Avete l&#039;aria condizionata nell&#039;hotel\/ristorante?<\/span><\/a><\/h4><\/div><div id=\"af28a41e5e368787b\" class=\"panel-collapse collapse \" aria-labelledby=\"toggle_af28a41e5e368787b\"><div class=\"panel-body toggle-content fusion-clearfix\">\n<p>Il nostro ristorante e tutte le camere sono dotate di aria condizionata.<\/p>\n<\/div><\/div><\/div><div class=\"fusion-panel panel-default panel-4e79f399ae33a7301 fusion-toggle-has-divider\"><div class=\"panel-heading\"><h4 class=\"panel-title toggle\" id=\"toggle_4e79f399ae33a7301\"><a aria-expanded=\"false\" aria-controls=\"4e79f399ae33a7301\" role=\"button\" data-toggle=\"collapse\" data-parent=\"#accordion-8084-3\" data-target=\"#4e79f399ae33a7301\" href=\"#4e79f399ae33a7301\"><span class=\"fusion-toggle-icon-wrapper\" aria-hidden=\"true\"><i class=\"fa-fusion-box active-icon awb-icon-minus\" aria-hidden=\"true\"><\/i><i class=\"fa-fusion-box inactive-icon awb-icon-plus\" aria-hidden=\"true\"><\/i><\/span><span class=\"fusion-toggle-heading\">Offrite biancheria da letto per chi soffre di allergie?<\/span><\/a><\/h4><\/div><div id=\"4e79f399ae33a7301\" class=\"panel-collapse collapse \" aria-labelledby=\"toggle_4e79f399ae33a7301\"><div class=\"panel-body toggle-content fusion-clearfix\">\n<p>S\u00ec, \u00e8 possibile ottenerli su richiesta.<\/p>\n<\/div><\/div><\/div><div class=\"fusion-panel panel-default panel-5eeb24661a1b5929a fusion-toggle-has-divider\"><div class=\"panel-heading\"><h4 class=\"panel-title toggle\" id=\"toggle_5eeb24661a1b5929a\"><a aria-expanded=\"false\" aria-controls=\"5eeb24661a1b5929a\" role=\"button\" data-toggle=\"collapse\" data-parent=\"#accordion-8084-3\" data-target=\"#5eeb24661a1b5929a\" href=\"#5eeb24661a1b5929a\"><span class=\"fusion-toggle-icon-wrapper\" aria-hidden=\"true\"><i class=\"fa-fusion-box active-icon awb-icon-minus\" aria-hidden=\"true\"><\/i><i class=\"fa-fusion-box inactive-icon awb-icon-plus\" aria-hidden=\"true\"><\/i><\/span><span class=\"fusion-toggle-heading\">Avete camere con porte comunicanti?<\/span><\/a><\/h4><\/div><div id=\"5eeb24661a1b5929a\" class=\"panel-collapse collapse \" aria-labelledby=\"toggle_5eeb24661a1b5929a\"><div class=\"panel-body toggle-content fusion-clearfix\">\n<p>No, saremo lieti di riservare due camere una accanto all&#8217;altra o una di fronte all&#8217;altra, in base alla disponibilit\u00e0.<\/p>\n<\/div><\/div><\/div><div class=\"fusion-panel panel-default panel-5d498c47d0c697faa fusion-toggle-has-divider\" style=\"--awb-title-color:#af9755;--awb-content-color:#747474;\"><div class=\"panel-heading\"><h4 class=\"panel-title toggle\" id=\"toggle_5d498c47d0c697faa\"><a aria-expanded=\"false\" aria-controls=\"5d498c47d0c697faa\" role=\"button\" data-toggle=\"collapse\" data-parent=\"#accordion-8084-3\" data-target=\"#5d498c47d0c697faa\" href=\"#5d498c47d0c697faa\"><span class=\"fusion-toggle-icon-wrapper\" aria-hidden=\"true\"><i class=\"fa-fusion-box active-icon awb-icon-minus\" aria-hidden=\"true\"><\/i><i class=\"fa-fusion-box inactive-icon awb-icon-plus\" aria-hidden=\"true\"><\/i><\/span><span class=\"fusion-toggle-heading\">I cani sono ammessi in hotel?<\/span><\/a><\/h4><\/div><div id=\"5d498c47d0c697faa\" class=\"panel-collapse collapse \" aria-labelledby=\"toggle_5d498c47d0c697faa\"><div class=\"panel-body toggle-content fusion-clearfix\">\n<p>I cani sono ammessi nel nostro hotel. Purtroppo gli altri animali domestici devono rimanere a casa. Il costo \u00e8 di \u20ac 25,00 a notte e per cane. In cambio, il tuo amico a quattro zampe ricever\u00e0 una coperta e una ciotola per tutta la durata del soggiorno.<\/p>\n<\/div><\/div><\/div><div class=\"fusion-panel panel-default panel-842e9fdd1277c1615 fusion-toggle-has-divider\"><div class=\"panel-heading\"><h4 class=\"panel-title toggle\" id=\"toggle_842e9fdd1277c1615\"><a aria-expanded=\"false\" aria-controls=\"842e9fdd1277c1615\" role=\"button\" data-toggle=\"collapse\" data-parent=\"#accordion-8084-3\" data-target=\"#842e9fdd1277c1615\" href=\"#842e9fdd1277c1615\"><span class=\"fusion-toggle-icon-wrapper\" aria-hidden=\"true\"><i class=\"fa-fusion-box active-icon awb-icon-minus\" aria-hidden=\"true\"><\/i><i class=\"fa-fusion-box inactive-icon awb-icon-plus\" aria-hidden=\"true\"><\/i><\/span><span class=\"fusion-toggle-heading\">I bambini sono i benvenuti?<\/span><\/a><\/h4><\/div><div id=\"842e9fdd1277c1615\" class=\"panel-collapse collapse \" aria-labelledby=\"toggle_842e9fdd1277c1615\"><div class=\"panel-body toggle-content fusion-clearfix\">\n<p>I bambini sono i benvenuti qui.<\/p>\n<\/div><\/div><\/div><div class=\"fusion-panel panel-default panel-d60d13f800fd7782c fusion-toggle-has-divider\"><div class=\"panel-heading\"><h4 class=\"panel-title toggle\" id=\"toggle_d60d13f800fd7782c\"><a aria-expanded=\"false\" aria-controls=\"d60d13f800fd7782c\" role=\"button\" data-toggle=\"collapse\" data-parent=\"#accordion-8084-3\" data-target=\"#d60d13f800fd7782c\" href=\"#d60d13f800fd7782c\"><span class=\"fusion-toggle-icon-wrapper\" aria-hidden=\"true\"><i class=\"fa-fusion-box active-icon awb-icon-minus\" aria-hidden=\"true\"><\/i><i class=\"fa-fusion-box inactive-icon awb-icon-plus\" aria-hidden=\"true\"><\/i><\/span><span class=\"fusion-toggle-heading\">Possiamo leggere i nostri soliti giornali a casa tua?<\/span><\/a><\/h4><\/div><div id=\"d60d13f800fd7782c\" class=\"panel-collapse collapse \" aria-labelledby=\"toggle_d60d13f800fd7782c\"><div class=\"panel-body toggle-content fusion-clearfix\">\n<p>Nel nostro ristorante ti offriamo una selezione gratuita di quotidiani austriaci. I giornali internazionali possono essere acquistati nelle vicinanze.<\/p>\n<\/div><\/div><\/div><div class=\"fusion-panel panel-default panel-baba1b02d4c2bb91e fusion-toggle-has-divider\"><div class=\"panel-heading\"><h4 class=\"panel-title toggle\" id=\"toggle_baba1b02d4c2bb91e\"><a aria-expanded=\"false\" aria-controls=\"baba1b02d4c2bb91e\" role=\"button\" data-toggle=\"collapse\" data-parent=\"#accordion-8084-3\" data-target=\"#baba1b02d4c2bb91e\" href=\"#baba1b02d4c2bb91e\"><span class=\"fusion-toggle-icon-wrapper\" aria-hidden=\"true\"><i class=\"fa-fusion-box active-icon awb-icon-minus\" aria-hidden=\"true\"><\/i><i class=\"fa-fusion-box inactive-icon awb-icon-plus\" aria-hidden=\"true\"><\/i><\/span><span class=\"fusion-toggle-heading\">\u00c8 consentito fumare in hotel? Esiste un&#039;area speciale per i fumatori? <\/span><\/a><\/h4><\/div><div id=\"baba1b02d4c2bb91e\" class=\"panel-collapse collapse \" aria-labelledby=\"toggle_baba1b02d4c2bb91e\"><div class=\"panel-body toggle-content fusion-clearfix\">\n<p>Siamo un hotel per non fumatori. \u00c8 consentito fumare davanti al nostro hotel.<\/p>\n<\/div><\/div><\/div><div class=\"fusion-panel panel-default panel-8cd859be49e1615d7 fusion-toggle-has-divider\"><div class=\"panel-heading\"><h4 class=\"panel-title toggle\" id=\"toggle_8cd859be49e1615d7\"><a aria-expanded=\"false\" aria-controls=\"8cd859be49e1615d7\" role=\"button\" data-toggle=\"collapse\" data-parent=\"#accordion-8084-3\" data-target=\"#8cd859be49e1615d7\" href=\"#8cd859be49e1615d7\"><span class=\"fusion-toggle-icon-wrapper\" aria-hidden=\"true\"><i class=\"fa-fusion-box active-icon awb-icon-minus\" aria-hidden=\"true\"><\/i><i class=\"fa-fusion-box inactive-icon awb-icon-plus\" aria-hidden=\"true\"><\/i><\/span><span class=\"fusion-toggle-heading\">C&#039;\u00e8 internet nell&#039;hotel e quanto costa?<\/span><\/a><\/h4><\/div><div id=\"8cd859be49e1615d7\" class=\"panel-collapse collapse \" aria-labelledby=\"toggle_8cd859be49e1615d7\"><div class=\"panel-body toggle-content fusion-clearfix\">\n<p>La connessione Wi-Fi \u00e8 disponibile in tutto l&#8217;hotel e in ogni camera ed \u00e8 gratuita.<\/p>\n<\/div><\/div><\/div><div class=\"fusion-panel panel-default panel-5620e174ddd8689e7 fusion-toggle-has-divider\"><div class=\"panel-heading\"><h4 class=\"panel-title toggle\" id=\"toggle_5620e174ddd8689e7\"><a aria-expanded=\"false\" aria-controls=\"5620e174ddd8689e7\" role=\"button\" data-toggle=\"collapse\" data-parent=\"#accordion-8084-3\" data-target=\"#5620e174ddd8689e7\" href=\"#5620e174ddd8689e7\"><span class=\"fusion-toggle-icon-wrapper\" aria-hidden=\"true\"><i class=\"fa-fusion-box active-icon awb-icon-minus\" aria-hidden=\"true\"><\/i><i class=\"fa-fusion-box inactive-icon awb-icon-plus\" aria-hidden=\"true\"><\/i><\/span><span class=\"fusion-toggle-heading\">Per quanto tempo \u00e8 aperta la reception?<\/span><\/a><\/h4><\/div><div id=\"5620e174ddd8689e7\" class=\"panel-collapse collapse \" aria-labelledby=\"toggle_5620e174ddd8689e7\"><div class=\"panel-body toggle-content fusion-clearfix\">\n<p>Il nostro team di reception \u00e8 a tua disposizione 24 ore al giorno.<\/p>\n<\/div><\/div><\/div><div class=\"fusion-panel panel-default panel-272339e3823669483 fusion-toggle-has-divider\"><div class=\"panel-heading\"><h4 class=\"panel-title toggle\" id=\"toggle_272339e3823669483\"><a aria-expanded=\"false\" aria-controls=\"272339e3823669483\" role=\"button\" data-toggle=\"collapse\" data-parent=\"#accordion-8084-3\" data-target=\"#272339e3823669483\" href=\"#272339e3823669483\"><span class=\"fusion-toggle-icon-wrapper\" aria-hidden=\"true\"><i class=\"fa-fusion-box active-icon awb-icon-minus\" aria-hidden=\"true\"><\/i><i class=\"fa-fusion-box inactive-icon awb-icon-plus\" aria-hidden=\"true\"><\/i><\/span><span class=\"fusion-toggle-heading\">Quali forme di pagamento accettate?<\/span><\/a><\/h4><\/div><div id=\"272339e3823669483\" class=\"panel-collapse collapse \" aria-labelledby=\"toggle_272339e3823669483\"><div class=\"panel-body toggle-content fusion-clearfix\">\n<p>Accettiamo contanti, bancomat, Visa, Mastercard, American Express, Diners Club e JCB.<\/p>\n<\/div><\/div><\/div><div class=\"fusion-panel panel-default panel-03a9a19a35763c3cf fusion-toggle-has-divider\"><div class=\"panel-heading\"><h4 class=\"panel-title toggle\" id=\"toggle_03a9a19a35763c3cf\"><a aria-expanded=\"false\" aria-controls=\"03a9a19a35763c3cf\" role=\"button\" data-toggle=\"collapse\" data-parent=\"#accordion-8084-3\" data-target=\"#03a9a19a35763c3cf\" href=\"#03a9a19a35763c3cf\"><span class=\"fusion-toggle-icon-wrapper\" aria-hidden=\"true\"><i class=\"fa-fusion-box active-icon awb-icon-minus\" aria-hidden=\"true\"><\/i><i class=\"fa-fusion-box inactive-icon awb-icon-plus\" aria-hidden=\"true\"><\/i><\/span><span class=\"fusion-toggle-heading\">Ho bisogno di una carta di credito per la prenotazione? Perch\u00e9 avete bisogno dei dati della mia carta di credito? Sono protetti?  <\/span><\/a><\/h4><\/div><div id=\"03a9a19a35763c3cf\" class=\"panel-collapse collapse \" aria-labelledby=\"toggle_03a9a19a35763c3cf\"><div class=\"panel-body toggle-content fusion-clearfix\">\n<p>S\u00ec, abbiamo bisogno dei dati della carta di credito come garanzia o per pagare la prenotazione in caso di rateizzazione promozionale. Se \u00e8 presente una carta di credito, ti garantiamo la prenotazione fino al tuo arrivo. Al momento del check-in potrai decidere se pagare la tua prenotazione in contanti o con carta di credito, se non \u00e8 gi\u00e0 stata pagata in anticipo.<\/p>\n<p>Se non desideri inviare i dati della tua carta di credito via Internet, puoi inviarceli via fax o telefono.<\/p>\n<p>Il nostro hotel \u00e8 verificato PCI e quindi garantisce la protezione dei tuoi dati.<\/p>\n<p>Ulteriori informazioni su: <a href=\"https:\/\/imlauer.com\/datenschutz\/\">https:\/\/imlauer.com\/datenschutz\/<\/a><\/p>\n<\/div><\/div><\/div><div class=\"fusion-panel panel-default panel-f7a94f1ca8efd9973 fusion-toggle-has-divider\"><div class=\"panel-heading\"><h4 class=\"panel-title toggle\" id=\"toggle_f7a94f1ca8efd9973\"><a aria-expanded=\"false\" aria-controls=\"f7a94f1ca8efd9973\" role=\"button\" data-toggle=\"collapse\" data-parent=\"#accordion-8084-3\" data-target=\"#f7a94f1ca8efd9973\" href=\"#f7a94f1ca8efd9973\"><span class=\"fusion-toggle-icon-wrapper\" aria-hidden=\"true\"><i class=\"fa-fusion-box active-icon awb-icon-minus\" aria-hidden=\"true\"><\/i><i class=\"fa-fusion-box inactive-icon awb-icon-plus\" aria-hidden=\"true\"><\/i><\/span><span class=\"fusion-toggle-heading\">Quali opzioni ho se non ho una carta di credito?<\/span><\/a><\/h4><\/div><div id=\"f7a94f1ca8efd9973\" class=\"panel-collapse collapse \" aria-labelledby=\"toggle_f7a94f1ca8efd9973\"><div class=\"panel-body toggle-content fusion-clearfix\">\n<p>Se non disponi di una carta di credito, puoi anche pagare in anticipo. Per ulteriori informazioni, contatta l&#8217;ufficio prenotazioni.<\/p>\n<\/div><\/div><\/div><div class=\"fusion-panel panel-default panel-473d0de99e5513379 fusion-toggle-has-divider\"><div class=\"panel-heading\"><h4 class=\"panel-title toggle\" id=\"toggle_473d0de99e5513379\"><a aria-expanded=\"false\" aria-controls=\"473d0de99e5513379\" role=\"button\" data-toggle=\"collapse\" data-parent=\"#accordion-8084-3\" data-target=\"#473d0de99e5513379\" href=\"#473d0de99e5513379\"><span class=\"fusion-toggle-icon-wrapper\" aria-hidden=\"true\"><i class=\"fa-fusion-box active-icon awb-icon-minus\" aria-hidden=\"true\"><\/i><i class=\"fa-fusion-box inactive-icon awb-icon-plus\" aria-hidden=\"true\"><\/i><\/span><span class=\"fusion-toggle-heading\">Che cos&#039;\u00e8 un&#039;autorizzazione?<\/span><\/a><\/h4><\/div><div id=\"473d0de99e5513379\" class=\"panel-collapse collapse \" aria-labelledby=\"toggle_473d0de99e5513379\"><div class=\"panel-body toggle-content fusion-clearfix\">\n<p>Con una pre-autorizzazione, la banca emittente della carta di credito riserva un importo sulla tua carta di credito. Ci\u00f2 significa che la tua carta di credito non viene effettivamente addebitata.<br \/>\nTuttavia, non puoi disporre dell&#8217;importo riservato per un certo periodo di tempo.<br \/>\nQuesta procedura serve a garantire il pagamento per l&#8217;hotel, ad esempio.<\/p>\n<\/div><\/div><\/div><div class=\"fusion-panel panel-default panel-afdd85565cfeb7e07 fusion-toggle-has-divider\"><div class=\"panel-heading\"><h4 class=\"panel-title toggle\" id=\"toggle_afdd85565cfeb7e07\"><a aria-expanded=\"false\" aria-controls=\"afdd85565cfeb7e07\" role=\"button\" data-toggle=\"collapse\" data-parent=\"#accordion-8084-3\" data-target=\"#afdd85565cfeb7e07\" href=\"#afdd85565cfeb7e07\"><span class=\"fusion-toggle-icon-wrapper\" aria-hidden=\"true\"><i class=\"fa-fusion-box active-icon awb-icon-minus\" aria-hidden=\"true\"><\/i><i class=\"fa-fusion-box inactive-icon awb-icon-plus\" aria-hidden=\"true\"><\/i><\/span><span class=\"fusion-toggle-heading\">Devo pagare un deposito per garantire la prenotazione?<\/span><\/a><\/h4><\/div><div id=\"afdd85565cfeb7e07\" class=\"panel-collapse collapse \" aria-labelledby=\"toggle_afdd85565cfeb7e07\"><div class=\"panel-body toggle-content fusion-clearfix\">\n<p>No, una carta di credito \u00e8 sufficiente come garanzia.<\/p>\n<\/div><\/div><\/div><div class=\"fusion-panel panel-default panel-67759c700e3165f13 fusion-toggle-has-divider\"><div class=\"panel-heading\"><h4 class=\"panel-title toggle\" id=\"toggle_67759c700e3165f13\"><a aria-expanded=\"false\" aria-controls=\"67759c700e3165f13\" role=\"button\" data-toggle=\"collapse\" data-parent=\"#accordion-8084-3\" data-target=\"#67759c700e3165f13\" href=\"#67759c700e3165f13\"><span class=\"fusion-toggle-icon-wrapper\" aria-hidden=\"true\"><i class=\"fa-fusion-box active-icon awb-icon-minus\" aria-hidden=\"true\"><\/i><i class=\"fa-fusion-box inactive-icon awb-icon-plus\" aria-hidden=\"true\"><\/i><\/span><span class=\"fusion-toggle-heading\">Per quanto tempo possiamo disdire gratuitamente?<\/span><\/a><\/h4><\/div><div id=\"67759c700e3165f13\" class=\"panel-collapse collapse \" aria-labelledby=\"toggle_67759c700e3165f13\"><div class=\"panel-body toggle-content fusion-clearfix\">\n<p>Se desideri modificare o cancellare la tua prenotazione, devi farlo entro il periodo di cancellazione specificato. Le condizioni di cancellazione sono riportate nella conferma della prenotazione. Puoi contattare il nostro ufficio prenotazioni per qualsiasi richiesta.  <\/p>\n<p>Se non cancelli la tua prenotazione entro i termini previsti, l&#8217;hotel ti addebiter\u00e0 il costo della prima notte. Tieni presente che il nostro hotel offre tariffe diverse e quindi condizioni di cancellazione diverse. <\/p>\n<p>Per le tariffe &#8222;NoShow&#8220;, verr\u00e0 addebitata la carta di credito fornita per la garanzia al momento della prenotazione.<\/p>\n<\/div><\/div><\/div><div class=\"fusion-panel panel-default panel-b3709e228369bd4bc fusion-toggle-has-divider\"><div class=\"panel-heading\"><h4 class=\"panel-title toggle\" id=\"toggle_b3709e228369bd4bc\"><a aria-expanded=\"false\" aria-controls=\"b3709e228369bd4bc\" role=\"button\" data-toggle=\"collapse\" data-parent=\"#accordion-8084-3\" data-target=\"#b3709e228369bd4bc\" href=\"#b3709e228369bd4bc\"><span class=\"fusion-toggle-icon-wrapper\" aria-hidden=\"true\"><i class=\"fa-fusion-box active-icon awb-icon-minus\" aria-hidden=\"true\"><\/i><i class=\"fa-fusion-box inactive-icon awb-icon-plus\" aria-hidden=\"true\"><\/i><\/span><span class=\"fusion-toggle-heading\">Dove posso cambiare i soldi?<\/span><\/a><\/h4><\/div><div id=\"b3709e228369bd4bc\" class=\"panel-collapse collapse \" aria-labelledby=\"toggle_b3709e228369bd4bc\"><div class=\"panel-body toggle-content fusion-clearfix\">\n<p>Presso la banca pi\u00f9 vicina (Sparkasse, Bawag)<\/p>\n<\/div><\/div><\/div><div class=\"fusion-panel panel-default panel-8a8f7bf8d3ea80822 fusion-toggle-has-divider\"><div class=\"panel-heading\"><h4 class=\"panel-title toggle\" id=\"toggle_8a8f7bf8d3ea80822\"><a aria-expanded=\"false\" aria-controls=\"8a8f7bf8d3ea80822\" role=\"button\" data-toggle=\"collapse\" data-parent=\"#accordion-8084-3\" data-target=\"#8a8f7bf8d3ea80822\" href=\"#8a8f7bf8d3ea80822\"><span class=\"fusion-toggle-icon-wrapper\" aria-hidden=\"true\"><i class=\"fa-fusion-box active-icon awb-icon-minus\" aria-hidden=\"true\"><\/i><i class=\"fa-fusion-box inactive-icon awb-icon-plus\" aria-hidden=\"true\"><\/i><\/span><span class=\"fusion-toggle-heading\">Il deposito bagagli \u00e8 gratuito?<\/span><\/a><\/h4><\/div><div id=\"8a8f7bf8d3ea80822\" class=\"panel-collapse collapse \" aria-labelledby=\"toggle_8a8f7bf8d3ea80822\"><div class=\"panel-body toggle-content fusion-clearfix\">\n<p>S\u00ec, \u00e8 gratuito per gli ospiti dell&#8217;hotel.<\/p>\n<\/div><\/div><\/div><div class=\"fusion-panel panel-default panel-99171c88f68174b86 fusion-toggle-has-divider\"><div class=\"panel-heading\"><h4 class=\"panel-title toggle\" id=\"toggle_99171c88f68174b86\"><a aria-expanded=\"false\" aria-controls=\"99171c88f68174b86\" role=\"button\" data-toggle=\"collapse\" data-parent=\"#accordion-8084-3\" data-target=\"#99171c88f68174b86\" href=\"#99171c88f68174b86\"><span class=\"fusion-toggle-icon-wrapper\" aria-hidden=\"true\"><i class=\"fa-fusion-box active-icon awb-icon-minus\" aria-hidden=\"true\"><\/i><i class=\"fa-fusion-box inactive-icon awb-icon-plus\" aria-hidden=\"true\"><\/i><\/span><span class=\"fusion-toggle-heading\">Hai delle Salzburg Cards?<\/span><\/a><\/h4><\/div><div id=\"99171c88f68174b86\" class=\"panel-collapse collapse \" aria-labelledby=\"toggle_99171c88f68174b86\"><div class=\"panel-body toggle-content fusion-clearfix\">\n<p>S\u00ec, possono essere acquistati alla reception.<\/p>\n<\/div><\/div><\/div><\/div><\/div><div class=\"fusion-clearfix\"><\/div><\/div><\/div><div class=\"fusion-layout-column fusion_builder_column fusion-builder-column-6 fusion_builder_column_1_2 1_2 fusion-one-half fusion-column-last fusion-animated\" style=\"--awb-padding-top:5%;--awb-padding-right:11%;--awb-padding-bottom:5%;--awb-padding-left:11%;--awb-bg-color:#ffffff;--awb-bg-color-hover:#ffffff;--awb-bg-size:cover;--awb-margin-bottom:0px;width:50%;width:calc(50% - ( ( 0 ) * 0.5 ) );\" data-animationType=\"fadeInLeft\" data-animationDuration=\"0.8\" data-animationOffset=\"top-into-view\" id=\"naehe\"><div class=\"fusion-column-wrapper fusion-column-has-shadow fusion-flex-column-wrapper-legacy\"><div class=\"fusion-content-boxes content-boxes columns row fusion-columns-1 fusion-columns-total-1 fusion-content-boxes-5 content-boxes-icon-on-top content-left\" style=\"--awb-backgroundcolor:#ffffff;--awb-body-color:#636362;--awb-title-color:#af9755;--awb-iconcolor:#008ab4;--awb-hover-accent-color:#af9755;--awb-circle-hover-accent-color:transparent;--awb-item-margin-bottom:40px;\" data-animationOffset=\"top-into-view\"><div style=\"--awb-backgroundcolor:#ffffff;--awb-iconcolor:#008ab4;\" class=\"fusion-column content-box-column content-box-column content-box-column-1 col-lg-12 col-md-12 col-sm-12 fusion-content-box-hover content-box-column-last content-box-column-last-in-row\"><div class=\"col content-box-wrapper content-wrapper-background link-area-box icon-hover-animation-slide\" data-animationOffset=\"top-into-view\"><div class=\"heading heading-with-icon icon-left\"><div aria-hidden=\"true\" class=\"image\"><img decoding=\"async\" class=\"lazyload\" src=\"data:image\/svg+xml,%3Csvg%20xmlns%3D%27http%3A%2F%2Fwww.w3.org%2F2000%2Fsvg%27%20width%3D%27100%27%20height%3D%27100%27%20viewBox%3D%270%200%20100%20100%27%3E%3Crect%20width%3D%27100%27%20height%3D%27100%27%20fill-opacity%3D%220%22%2F%3E%3C%2Fsvg%3E\" data-orig-src=\"https:\/\/imlauer.com\/hotel-imlauer-salzburg\/wp-content\/uploads\/2025\/02\/imlauernearby.png\" width=\"100\" height=\"100\" alt=\"\" \/><\/div><h2 class=\"content-box-heading\" style=\"--h2_typography-font-size:20px;line-height:25px;\">vicino all&#039;hotel<\/h2><\/div><\/div><\/div><div class=\"fusion-clearfix\"><\/div><\/div><div class=\"accordian fusion-accordian\" style=\"--awb-border-size:1px;--awb-icon-size:13px;--awb-content-font-size:18px;--awb-icon-alignment:left;--awb-hover-color:#f9f9f9;--awb-border-color:#cccccc;--awb-background-color:#ffffff;--awb-divider-color:#e0dede;--awb-divider-hover-color:#e0dede;--awb-icon-color:#ffffff;--awb-title-color:#af9755;--awb-content-color:#747474;--awb-icon-box-color:#333333;--awb-toggle-hover-accent-color:#af9754;--awb-title-font-family:&quot;Bitter&quot;;--awb-title-font-weight:400;--awb-title-font-style:normal;--awb-content-font-family:&quot;Source Sans Pro&quot;;--awb-content-font-style:normal;--awb-content-font-weight:400;\"><div class=\"panel-group fusion-toggle-icon-boxed\" id=\"accordion-8084-4\"><div class=\"fusion-panel panel-default panel-b5a8d832d4489d91d fusion-toggle-has-divider\"><div class=\"panel-heading\"><h4 class=\"panel-title toggle\" id=\"toggle_b5a8d832d4489d91d\"><a aria-expanded=\"false\" aria-controls=\"b5a8d832d4489d91d\" role=\"button\" data-toggle=\"collapse\" data-parent=\"#accordion-8084-4\" data-target=\"#b5a8d832d4489d91d\" href=\"#b5a8d832d4489d91d\"><span class=\"fusion-toggle-icon-wrapper\" aria-hidden=\"true\"><i class=\"fa-fusion-box active-icon awb-icon-minus\" aria-hidden=\"true\"><\/i><i class=\"fa-fusion-box inactive-icon awb-icon-plus\" aria-hidden=\"true\"><\/i><\/span><span class=\"fusion-toggle-heading\">Quanto tempo ci vuole per arrivare in auto al Designer Outlet o all&#039;Europark?<\/span><\/a><\/h4><\/div><div id=\"b5a8d832d4489d91d\" class=\"panel-collapse collapse \" aria-labelledby=\"toggle_b5a8d832d4489d91d\"><div class=\"panel-body toggle-content fusion-clearfix\">\n<p>Il Designer Outlet Salzburg si trova direttamente sull&#8217;autostrada e pu\u00f2 essere raggiunto in 15-20 minuti. Saremo lieti di informarti alla reception sulle opzioni di trasferimento con i mezzi pubblici. <\/p>\n<p>L&#8217;Europark si trova direttamente alla periferia di Salisburgo. Dal nostro hotel dista circa 20 minuti in auto o 25-30 minuti in autobus.<\/p>\n<\/div><\/div><\/div><div class=\"fusion-panel panel-default panel-1108b74eee4baead6 fusion-toggle-has-divider\"><div class=\"panel-heading\"><h4 class=\"panel-title toggle\" id=\"toggle_1108b74eee4baead6\"><a aria-expanded=\"false\" aria-controls=\"1108b74eee4baead6\" role=\"button\" data-toggle=\"collapse\" data-parent=\"#accordion-8084-4\" data-target=\"#1108b74eee4baead6\" href=\"#1108b74eee4baead6\"><span class=\"fusion-toggle-icon-wrapper\" aria-hidden=\"true\"><i class=\"fa-fusion-box active-icon awb-icon-minus\" aria-hidden=\"true\"><\/i><i class=\"fa-fusion-box inactive-icon awb-icon-plus\" aria-hidden=\"true\"><\/i><\/span><span class=\"fusion-toggle-heading\">Quanto dista il centro espositivo?<\/span><\/a><\/h4><\/div><div id=\"1108b74eee4baead6\" class=\"panel-collapse collapse \" aria-labelledby=\"toggle_1108b74eee4baead6\"><div class=\"panel-body toggle-content fusion-clearfix\">\n<p>Il nostro hotel dista circa 20 minuti dal centro espositivo. La fermata dell&#8217;autobus pi\u00f9 vicina all&#8217;hotel si trova a 200 metri.<\/p>\n<\/div><\/div><\/div><div class=\"fusion-panel panel-default panel-0acff66cb1a2e5850 fusion-toggle-has-divider\"><div class=\"panel-heading\"><h4 class=\"panel-title toggle\" id=\"toggle_0acff66cb1a2e5850\"><a aria-expanded=\"false\" aria-controls=\"0acff66cb1a2e5850\" role=\"button\" data-toggle=\"collapse\" data-parent=\"#accordion-8084-4\" data-target=\"#0acff66cb1a2e5850\" href=\"#0acff66cb1a2e5850\"><span class=\"fusion-toggle-icon-wrapper\" aria-hidden=\"true\"><i class=\"fa-fusion-box active-icon awb-icon-minus\" aria-hidden=\"true\"><\/i><i class=\"fa-fusion-box inactive-icon awb-icon-plus\" aria-hidden=\"true\"><\/i><\/span><span class=\"fusion-toggle-heading\">Quanto dista il centro congressi dall&#039;hotel?<\/span><\/a><\/h4><\/div><div id=\"0acff66cb1a2e5850\" class=\"panel-collapse collapse \" aria-labelledby=\"toggle_0acff66cb1a2e5850\"><div class=\"panel-body toggle-content fusion-clearfix\">\n<p>La Kongresshaus Salzburg dista circa 200 metri dall&#8217;hotel.<\/p>\n<\/div><\/div><\/div><div class=\"fusion-panel panel-default panel-db10a58218994e881 fusion-toggle-has-divider\"><div class=\"panel-heading\"><h4 class=\"panel-title toggle\" id=\"toggle_db10a58218994e881\"><a aria-expanded=\"false\" aria-controls=\"db10a58218994e881\" role=\"button\" data-toggle=\"collapse\" data-parent=\"#accordion-8084-4\" data-target=\"#db10a58218994e881\" href=\"#db10a58218994e881\"><span class=\"fusion-toggle-icon-wrapper\" aria-hidden=\"true\"><i class=\"fa-fusion-box active-icon awb-icon-minus\" aria-hidden=\"true\"><\/i><i class=\"fa-fusion-box inactive-icon awb-icon-plus\" aria-hidden=\"true\"><\/i><\/span><span class=\"fusion-toggle-heading\">Quanto dista il centro storico dall&#039;hotel?<\/span><\/a><\/h4><\/div><div id=\"db10a58218994e881\" class=\"panel-collapse collapse \" aria-labelledby=\"toggle_db10a58218994e881\"><div class=\"panel-body toggle-content fusion-clearfix\">\n<p>Il nostro hotel si trova sul lato destro del centro storico. Puoi raggiungere la parte sinistra del centro storico (compresa la casa natale di Mozart) in 15 minuti con una piacevole passeggiata attraverso i Giardini Mirabell.<\/p>\n<\/div><\/div><\/div><div class=\"fusion-panel panel-default panel-5d8e8ef5a50d95053 fusion-toggle-has-divider\"><div class=\"panel-heading\"><h4 class=\"panel-title toggle\" id=\"toggle_5d8e8ef5a50d95053\"><a aria-expanded=\"false\" aria-controls=\"5d8e8ef5a50d95053\" role=\"button\" data-toggle=\"collapse\" data-parent=\"#accordion-8084-4\" data-target=\"#5d8e8ef5a50d95053\" href=\"#5d8e8ef5a50d95053\"><span class=\"fusion-toggle-icon-wrapper\" aria-hidden=\"true\"><i class=\"fa-fusion-box active-icon awb-icon-minus\" aria-hidden=\"true\"><\/i><i class=\"fa-fusion-box inactive-icon awb-icon-plus\" aria-hidden=\"true\"><\/i><\/span><span class=\"fusion-toggle-heading\">Ci sono supermercati o farmacie nelle vicinanze?<\/span><\/a><\/h4><\/div><div id=\"5d8e8ef5a50d95053\" class=\"panel-collapse collapse \" aria-labelledby=\"toggle_5d8e8ef5a50d95053\"><div class=\"panel-body toggle-content fusion-clearfix\">\n<p>Ci sono due supermercati nelle immediate vicinanze. La farmacia Elisabeth si trova in Elisabethstra\u00dfe 1a e dista due minuti a piedi dall&#8217;hotel. Puoi chiedere informazioni sugli orari di apertura alla reception.<\/p>\n<\/div><\/div><\/div><div class=\"fusion-panel panel-default panel-aa901aba8d3493e64 fusion-toggle-has-divider\"><div class=\"panel-heading\"><h4 class=\"panel-title toggle\" id=\"toggle_aa901aba8d3493e64\"><a aria-expanded=\"false\" aria-controls=\"aa901aba8d3493e64\" role=\"button\" data-toggle=\"collapse\" data-parent=\"#accordion-8084-4\" data-target=\"#aa901aba8d3493e64\" href=\"#aa901aba8d3493e64\"><span class=\"fusion-toggle-icon-wrapper\" aria-hidden=\"true\"><i class=\"fa-fusion-box active-icon awb-icon-minus\" aria-hidden=\"true\"><\/i><i class=\"fa-fusion-box inactive-icon awb-icon-plus\" aria-hidden=\"true\"><\/i><\/span><span class=\"fusion-toggle-heading\">Quanto dista la stazione ferroviaria pi\u00f9 vicina?<\/span><\/a><\/h4><\/div><div id=\"aa901aba8d3493e64\" class=\"panel-collapse collapse \" aria-labelledby=\"toggle_aa901aba8d3493e64\"><div class=\"panel-body toggle-content fusion-clearfix\">\n<p>I treni internazionali partono dalla stazione centrale di Salisburgo (500 metri). La stazione \u00e8 facilmente raggiungibile con i mezzi pubblici, a piedi o con una breve corsa in taxi.<\/p>\n<\/div><\/div><\/div><div class=\"fusion-panel panel-default panel-073f55a0bcac36d94 fusion-toggle-has-divider\"><div class=\"panel-heading\"><h4 class=\"panel-title toggle\" id=\"toggle_073f55a0bcac36d94\"><a aria-expanded=\"false\" aria-controls=\"073f55a0bcac36d94\" role=\"button\" data-toggle=\"collapse\" data-parent=\"#accordion-8084-4\" data-target=\"#073f55a0bcac36d94\" href=\"#073f55a0bcac36d94\"><span class=\"fusion-toggle-icon-wrapper\" aria-hidden=\"true\"><i class=\"fa-fusion-box active-icon awb-icon-minus\" aria-hidden=\"true\"><\/i><i class=\"fa-fusion-box inactive-icon awb-icon-plus\" aria-hidden=\"true\"><\/i><\/span><span class=\"fusion-toggle-heading\">Quanto dista l&#039;aeroporto pi\u00f9 vicino?<\/span><\/a><\/h4><\/div><div id=\"073f55a0bcac36d94\" class=\"panel-collapse collapse \" aria-labelledby=\"toggle_073f55a0bcac36d94\"><div class=\"panel-body toggle-content fusion-clearfix\">\n<p>Puoi raggiungere l&#8217;aeroporto di Salisburgo in circa 25 minuti (15 fermate) con la linea 2 del filobus dalla vicina fermata &#8222;Kiesel&#8220;.<\/p>\n<p>Una corsa in taxi dall&#8217;hotel all&#8217;aeroporto costa circa \u20ac 15,00 e dura 15-20 minuti, a seconda del traffico.<\/p>\n<\/div><\/div><\/div><\/div><\/div><div class=\"fusion-clearfix\"><\/div><\/div><\/div><div class=\"fusion-layout-column fusion_builder_column fusion-builder-column-7 fusion_builder_column_1_2 1_2 fusion-one-half fusion-column-first fusion-animated\" style=\"--awb-padding-top:5%;--awb-padding-right:11%;--awb-padding-bottom:5%;--awb-padding-left:11%;--awb-bg-color:#ffffff;--awb-bg-color-hover:#ffffff;--awb-bg-size:cover;--awb-margin-bottom:8%;width:50%;width:calc(50% - ( ( 0 ) * 0.5 ) );margin-right: 0px;\" data-animationType=\"fadeInRight\" data-animationDuration=\"0.8\" data-animationOffset=\"top-into-view\" id=\"kulinarik\"><div class=\"fusion-column-wrapper fusion-column-has-shadow fusion-flex-column-wrapper-legacy\"><div class=\"fusion-content-boxes content-boxes columns row fusion-columns-1 fusion-columns-total-1 fusion-content-boxes-6 content-boxes-icon-on-top content-left\" style=\"--awb-backgroundcolor:#ffffff;--awb-body-color:#636362;--awb-title-color:#af9755;--awb-iconcolor:#008ab4;--awb-hover-accent-color:#af9755;--awb-circle-hover-accent-color:transparent;--awb-item-margin-bottom:40px;\" data-animationOffset=\"top-into-view\"><div style=\"--awb-backgroundcolor:#ffffff;--awb-iconcolor:#008ab4;\" class=\"fusion-column content-box-column content-box-column content-box-column-1 col-lg-12 col-md-12 col-sm-12 fusion-content-box-hover content-box-column-last content-box-column-last-in-row\"><div class=\"col content-box-wrapper content-wrapper-background link-area-box icon-hover-animation-slide\" data-animationOffset=\"top-into-view\"><div class=\"heading heading-with-icon icon-left\"><div aria-hidden=\"true\" class=\"image\"><img decoding=\"async\" class=\"lazyload\" src=\"data:image\/svg+xml,%3Csvg%20xmlns%3D%27http%3A%2F%2Fwww.w3.org%2F2000%2Fsvg%27%20width%3D%27100%27%20height%3D%27100%27%20viewBox%3D%270%200%20100%20100%27%3E%3Crect%20width%3D%27100%27%20height%3D%27100%27%20fill-opacity%3D%220%22%2F%3E%3C%2Fsvg%3E\" data-orig-src=\"https:\/\/imlauer.com\/hotel-imlauer-salzburg\/wp-content\/uploads\/2025\/02\/besteck-glas-1.png\" width=\"100\" height=\"100\" alt=\"\" \/><\/div><h2 class=\"content-box-heading\" style=\"--h2_typography-font-size:20px;line-height:25px;\">Delizie culinarie<\/h2><\/div><\/div><\/div><div class=\"fusion-clearfix\"><\/div><\/div><div class=\"accordian fusion-accordian\" style=\"--awb-border-size:1px;--awb-icon-size:13px;--awb-content-font-size:18px;--awb-icon-alignment:left;--awb-hover-color:#f9f9f9;--awb-border-color:#cccccc;--awb-background-color:#ffffff;--awb-divider-color:#e0dede;--awb-divider-hover-color:#e0dede;--awb-icon-color:#ffffff;--awb-title-color:#af9755;--awb-content-color:#747474;--awb-icon-box-color:#333333;--awb-toggle-hover-accent-color:#af9754;--awb-title-font-family:&quot;Bitter&quot;;--awb-title-font-weight:400;--awb-title-font-style:normal;--awb-content-font-family:&quot;Source Sans Pro&quot;;--awb-content-font-style:normal;--awb-content-font-weight:400;\"><div class=\"panel-group fusion-toggle-icon-boxed\" id=\"accordion-8084-5\"><div class=\"fusion-panel panel-default panel-1867829d07a341f1d fusion-toggle-has-divider\"><div class=\"panel-heading\"><h4 class=\"panel-title toggle\" id=\"toggle_1867829d07a341f1d\"><a aria-expanded=\"false\" aria-controls=\"1867829d07a341f1d\" role=\"button\" data-toggle=\"collapse\" data-parent=\"#accordion-8084-5\" data-target=\"#1867829d07a341f1d\" href=\"#1867829d07a341f1d\"><span class=\"fusion-toggle-icon-wrapper\" aria-hidden=\"true\"><i class=\"fa-fusion-box active-icon awb-icon-minus\" aria-hidden=\"true\"><\/i><i class=\"fa-fusion-box inactive-icon awb-icon-plus\" aria-hidden=\"true\"><\/i><\/span><span class=\"fusion-toggle-heading\">Offrite anche prodotti senza lattosio e senza glutine?<\/span><\/a><\/h4><\/div><div id=\"1867829d07a341f1d\" class=\"panel-collapse collapse \" aria-labelledby=\"toggle_1867829d07a341f1d\"><div class=\"panel-body toggle-content fusion-clearfix\">\n<p>Siamo lieti di offrire prodotti senza lattosio e senza glutine su richiesta.<\/p>\n<\/div><\/div><\/div><div class=\"fusion-panel panel-default panel-fb1f042ff30452a27 fusion-toggle-has-divider\"><div class=\"panel-heading\"><h4 class=\"panel-title toggle\" id=\"toggle_fb1f042ff30452a27\"><a aria-expanded=\"false\" aria-controls=\"fb1f042ff30452a27\" role=\"button\" data-toggle=\"collapse\" data-parent=\"#accordion-8084-5\" data-target=\"#fb1f042ff30452a27\" href=\"#fb1f042ff30452a27\"><span class=\"fusion-toggle-icon-wrapper\" aria-hidden=\"true\"><i class=\"fa-fusion-box active-icon awb-icon-minus\" aria-hidden=\"true\"><\/i><i class=\"fa-fusion-box inactive-icon awb-icon-plus\" aria-hidden=\"true\"><\/i><\/span><span class=\"fusion-toggle-heading\">L&#039;hotel dispone di un ristorante?<\/span><\/a><\/h4><\/div><div id=\"fb1f042ff30452a27\" class=\"panel-collapse collapse \" aria-labelledby=\"toggle_fb1f042ff30452a27\"><div class=\"panel-body toggle-content fusion-clearfix\">\n<p>Il nostro team del ristorante della birreria IMLAUER dell&#8217;hotel non vede l&#8217;ora di viziarti dalle 12:00 alle 22:00 (cucina fino alle 21:00). Goditi la cultura della birra e la cucina casalinga ai massimi livelli.<\/p>\n<\/div><\/div><\/div><div class=\"fusion-panel panel-default panel-a98d992473e10d75b fusion-toggle-has-divider\"><div class=\"panel-heading\"><h4 class=\"panel-title toggle\" id=\"toggle_a98d992473e10d75b\"><a aria-expanded=\"false\" aria-controls=\"a98d992473e10d75b\" role=\"button\" data-toggle=\"collapse\" data-parent=\"#accordion-8084-5\" data-target=\"#a98d992473e10d75b\" href=\"#a98d992473e10d75b\"><span class=\"fusion-toggle-icon-wrapper\" aria-hidden=\"true\"><i class=\"fa-fusion-box active-icon awb-icon-minus\" aria-hidden=\"true\"><\/i><i class=\"fa-fusion-box inactive-icon awb-icon-plus\" aria-hidden=\"true\"><\/i><\/span><span class=\"fusion-toggle-heading\">\u00c8 possibile fare colazione in hotel come ospite esterno?<\/span><\/a><\/h4><\/div><div id=\"a98d992473e10d75b\" class=\"panel-collapse collapse \" aria-labelledby=\"toggle_a98d992473e10d75b\"><div class=\"panel-body toggle-content fusion-clearfix\">\n<p>S\u00ec, \u00e8 possibile per gli ospiti fuori casa gustare la nostra colazione alle condizioni elencate di seguito. Si prega di prenotare in anticipo.<\/p>\n<\/div><\/div><\/div><div class=\"fusion-panel panel-default panel-d053ad658e08a1ac7 fusion-toggle-has-divider\"><div class=\"panel-heading\"><h4 class=\"panel-title toggle\" id=\"toggle_d053ad658e08a1ac7\"><a aria-expanded=\"false\" aria-controls=\"d053ad658e08a1ac7\" role=\"button\" data-toggle=\"collapse\" data-parent=\"#accordion-8084-5\" data-target=\"#d053ad658e08a1ac7\" href=\"#d053ad658e08a1ac7\"><span class=\"fusion-toggle-icon-wrapper\" aria-hidden=\"true\"><i class=\"fa-fusion-box active-icon awb-icon-minus\" aria-hidden=\"true\"><\/i><i class=\"fa-fusion-box inactive-icon awb-icon-plus\" aria-hidden=\"true\"><\/i><\/span><span class=\"fusion-toggle-heading\">Quali sono gli orari della colazione?<\/span><\/a><\/h4><\/div><div id=\"d053ad658e08a1ac7\" class=\"panel-collapse collapse \" aria-labelledby=\"toggle_d053ad658e08a1ac7\"><div class=\"panel-body toggle-content fusion-clearfix\">\n<p>Ti offriamo ogni giorno una ricca colazione a buffet dalle 6.30 alle 10.00.<\/p>\n<\/div><\/div><\/div><div class=\"fusion-panel panel-default panel-e59a0f8c62b26e984 fusion-toggle-has-divider\"><div class=\"panel-heading\"><h4 class=\"panel-title toggle\" id=\"toggle_e59a0f8c62b26e984\"><a aria-expanded=\"false\" aria-controls=\"e59a0f8c62b26e984\" role=\"button\" data-toggle=\"collapse\" data-parent=\"#accordion-8084-5\" data-target=\"#e59a0f8c62b26e984\" href=\"#e59a0f8c62b26e984\"><span class=\"fusion-toggle-icon-wrapper\" aria-hidden=\"true\"><i class=\"fa-fusion-box active-icon awb-icon-minus\" aria-hidden=\"true\"><\/i><i class=\"fa-fusion-box inactive-icon awb-icon-plus\" aria-hidden=\"true\"><\/i><\/span><span class=\"fusion-toggle-heading\">Ci sono consigli per i ristoranti?<\/span><\/a><\/h4><\/div><div id=\"e59a0f8c62b26e984\" class=\"panel-collapse collapse \" aria-labelledby=\"toggle_e59a0f8c62b26e984\"><div class=\"panel-body toggle-content fusion-clearfix\">\n<p>Ti consigliamo il ristorante della birreria IMLAUER, l&#8217;IMLAUER Sky Bar &amp; Restaurant e il PitterKeller.<\/p>\n<p>Nel ristorante della birreria IMLAUER potrai assaporare la cultura della birra e la cucina casalinga ai massimi livelli.<\/p>\n<p>Nell&#8217;IMLAUER Sky Bar &amp; Restaurant potrai assaporare le delizie culinarie con un&#8217;incomparabile vista sul centro storico di Salisburgo e sulle montagne.<\/p>\n<p>Nel ristorante PitterKeller ti serviamo le prelibatezze tradizionali della regione in un ambiente rustico e accogliente.<\/p>\n<\/div><\/div><\/div><div class=\"fusion-panel panel-default panel-0e95ba8a11d5acf01 fusion-toggle-has-divider\" style=\"--awb-title-color:#af9755;--awb-content-color:#747474;\"><div class=\"panel-heading\"><h4 class=\"panel-title toggle\" id=\"toggle_0e95ba8a11d5acf01\"><a aria-expanded=\"false\" aria-controls=\"0e95ba8a11d5acf01\" role=\"button\" data-toggle=\"collapse\" data-parent=\"#accordion-8084-5\" data-target=\"#0e95ba8a11d5acf01\" href=\"#0e95ba8a11d5acf01\"><span class=\"fusion-toggle-icon-wrapper\" aria-hidden=\"true\"><i class=\"fa-fusion-box active-icon awb-icon-minus\" aria-hidden=\"true\"><\/i><i class=\"fa-fusion-box inactive-icon awb-icon-plus\" aria-hidden=\"true\"><\/i><\/span><span class=\"fusion-toggle-heading\">Quanto costa la colazione?<\/span><\/a><\/h4><\/div><div id=\"0e95ba8a11d5acf01\" class=\"panel-collapse collapse \" aria-labelledby=\"toggle_0e95ba8a11d5acf01\"><div class=\"panel-body toggle-content fusion-clearfix\">\n<p>La colazione costa \u20ac 25,00 per adulto al giorno e \u20ac 12,50 per i bambini fino a 12 anni al giorno; i bambini fino a 6 anni hanno la colazione gratuita.<\/p>\n<\/div><\/div><\/div><\/div><\/div><div class=\"fusion-clearfix\"><\/div><\/div><\/div><\/div><\/div><\/p>\n","protected":false},"excerpt":{"rendered":"","protected":false},"author":1,"featured_media":0,"parent":0,"menu_order":0,"comment_status":"closed","ping_status":"closed","template":"100-width.php","meta":{"footnotes":""},"class_list":["post-8084","page","type-page","status-publish","hentry"],"_links":{"self":[{"href":"https:\/\/imlauer.com\/hotel-imlauer-salzburg\/wp-json\/wp\/v2\/pages\/8084","targetHints":{"allow":["GET"]}}],"collection":[{"href":"https:\/\/imlauer.com\/hotel-imlauer-salzburg\/wp-json\/wp\/v2\/pages"}],"about":[{"href":"https:\/\/imlauer.com\/hotel-imlauer-salzburg\/wp-json\/wp\/v2\/types\/page"}],"author":[{"embeddable":true,"href":"https:\/\/imlauer.com\/hotel-imlauer-salzburg\/wp-json\/wp\/v2\/users\/1"}],"replies":[{"embeddable":true,"href":"https:\/\/imlauer.com\/hotel-imlauer-salzburg\/wp-json\/wp\/v2\/comments?post=8084"}],"version-history":[{"count":9,"href":"https:\/\/imlauer.com\/hotel-imlauer-salzburg\/wp-json\/wp\/v2\/pages\/8084\/revisions"}],"predecessor-version":[{"id":47521,"href":"https:\/\/imlauer.com\/hotel-imlauer-salzburg\/wp-json\/wp\/v2\/pages\/8084\/revisions\/47521"}],"wp:attachment":[{"href":"https:\/\/imlauer.com\/hotel-imlauer-salzburg\/wp-json\/wp\/v2\/media?parent=8084"}],"curies":[{"name":"wp","href":"https:\/\/api.w.org\/{rel}","templated":true}]}}