{"id":8092,"date":"2019-10-15T07:10:44","date_gmt":"2019-10-15T07:10:44","guid":{"rendered":"https:\/\/imlauer.com\/hotel-imlauer-salzburg\/importante-saber\/"},"modified":"2026-04-09T06:36:26","modified_gmt":"2026-04-09T06:36:26","slug":"importante-saber","status":"publish","type":"page","link":"https:\/\/imlauer.com\/hotel-imlauer-salzburg\/importante-saber\/?lang=es","title":{"rendered":"Importante saber"},"content":{"rendered":"<p><div class=\"fusion-fullwidth fullwidth-box fusion-builder-row-1 has-pattern-background has-mask-background nonhundred-percent-fullwidth non-hundred-percent-height-scrolling fusion-equal-height-columns\" style=\"--awb-background-position:left top;--awb-border-sizes-top:0px;--awb-border-sizes-bottom:0px;--awb-border-sizes-left:0px;--awb-border-sizes-right:0px;--awb-border-radius-top-left:0px;--awb-border-radius-top-right:0px;--awb-border-radius-bottom-right:0px;--awb-border-radius-bottom-left:0px;--awb-padding-top:0px;--awb-padding-bottom:35px;--awb-margin-top:40px;--awb-flex-wrap:wrap;\" ><div class=\"fusion-builder-row fusion-row\"><div class=\"fusion-layout-column fusion_builder_column fusion-builder-column-0 fusion_builder_column_1_2 1_2 fusion-one-half fusion-column-first\" style=\"--awb-padding-top:40px;--awb-padding-bottom:40px;--awb-bg-color:#ffffff;--awb-bg-color-hover:#ffffff;--awb-bg-size:cover;--awb-border-color:#ebeef1;--awb-border-top:0;--awb-border-right:0;--awb-border-bottom:0;--awb-border-left:0;--awb-border-style:solid;width:48%; margin-right: 4%;\"><div class=\"fusion-column-wrapper fusion-column-has-shadow fusion-flex-column-wrapper-legacy\"><div class=\"fusion-column-content-centered\"><div class=\"fusion-column-content\"><div class=\"fusion-image-element fusion-image-align-center in-legacy-container\" style=\"text-align:center;--awb-liftup-border-radius:0px;--awb-caption-title-font-family:var(--h2_typography-font-family);--awb-caption-title-font-weight:var(--h2_typography-font-weight);--awb-caption-title-font-style:var(--h2_typography-font-style);--awb-caption-title-size:var(--h2_typography-font-size);--awb-caption-title-transform:var(--h2_typography-text-transform);--awb-caption-title-line-height:var(--h2_typography-line-height);--awb-caption-title-letter-spacing:var(--h2_typography-letter-spacing);\"><div class=\"imageframe-align-center\"><div class=\"awb-image-frame awb-image-frame-1 imageframe-liftup\"><span class=\" fusion-imageframe imageframe-none imageframe-1\"><a href=\"https:\/\/imlauer.com\/hotel-imlauer-salzburg\/wp-content\/uploads\/2025\/02\/hotel-imlauer-braeu-salzburg-eingang-1.jpg\" class=\"fusion-lightbox\" data-rel=\"iLightbox[2c65ad0d7b76e507644]\" data-title=\"hotel-imlauer-braeu-salzburg-eingang\" title=\"hotel-imlauer-braeu-salzburg-eingang\"><img decoding=\"async\" width=\"2000\" height=\"1358\" src=\"https:\/\/imlauer.com\/hotel-imlauer-salzburg\/wp-content\/uploads\/2025\/02\/hotel-imlauer-braeu-salzburg-eingang-1.jpg\" data-orig-src=\"https:\/\/imlauer.com\/hotel-imlauer-salzburg\/wp-content\/uploads\/2025\/02\/hotel-imlauer-braeu-salzburg-eingang-1.jpg\" alt class=\"lazyload img-responsive wp-image-1055\" srcset=\"data:image\/svg+xml,%3Csvg%20xmlns%3D%27http%3A%2F%2Fwww.w3.org%2F2000%2Fsvg%27%20width%3D%272000%27%20height%3D%271358%27%20viewBox%3D%270%200%202000%201358%27%3E%3Crect%20width%3D%272000%27%20height%3D%271358%27%20fill-opacity%3D%220%22%2F%3E%3C%2Fsvg%3E\" data-srcset=\"https:\/\/imlauer.com\/hotel-imlauer-salzburg\/wp-content\/uploads\/2025\/02\/hotel-imlauer-braeu-salzburg-eingang-1-200x136.jpg 200w, https:\/\/imlauer.com\/hotel-imlauer-salzburg\/wp-content\/uploads\/2025\/02\/hotel-imlauer-braeu-salzburg-eingang-1-400x272.jpg 400w, https:\/\/imlauer.com\/hotel-imlauer-salzburg\/wp-content\/uploads\/2025\/02\/hotel-imlauer-braeu-salzburg-eingang-1-600x407.jpg 600w, https:\/\/imlauer.com\/hotel-imlauer-salzburg\/wp-content\/uploads\/2025\/02\/hotel-imlauer-braeu-salzburg-eingang-1-800x543.jpg 800w, https:\/\/imlauer.com\/hotel-imlauer-salzburg\/wp-content\/uploads\/2025\/02\/hotel-imlauer-braeu-salzburg-eingang-1-1200x815.jpg 1200w, https:\/\/imlauer.com\/hotel-imlauer-salzburg\/wp-content\/uploads\/2025\/02\/hotel-imlauer-braeu-salzburg-eingang-1.jpg 2000w\" data-sizes=\"auto\" data-orig-sizes=\"(max-width: 969px) 100vw, 800px\" \/><\/a><\/span><\/div><\/div><\/div><\/div><\/div><div class=\"fusion-clearfix\"><\/div><\/div><\/div><div class=\"fusion-layout-column fusion_builder_column fusion-builder-column-1 fusion_builder_column_1_2 1_2 fusion-one-half fusion-column-last\" style=\"--awb-bg-blend:overlay;--awb-bg-size:cover;width:48%;\"><div class=\"fusion-column-wrapper fusion-column-has-shadow fusion-flex-column-wrapper-legacy\"><div class=\"fusion-column-content-centered\"><div class=\"fusion-column-content\"><div class=\"fusion-text fusion-text-1\"><h1 style=\"text-align: center;\">PREGUNTAS FRECUENTES<\/h1>\n<\/div><div class=\"fusion-sep-clear\"><\/div><div class=\"fusion-separator\" style=\"margin-left: auto;margin-right: auto;margin-top:0px;margin-bottom:20px;width:100%;max-width:50px;\"><div class=\"fusion-separator-border sep-single sep-solid\" style=\"--awb-height:20px;--awb-amount:20px;--awb-sep-color:#af9755;border-color:#af9755;border-top-width:1px;\"><\/div><\/div><div class=\"fusion-sep-clear\"><\/div><div class=\"fusion-text fusion-text-2\"><p style=\"text-align: center;\">\u00bfTienes alguna pregunta sobre tu estancia en Salzburgo? S\u00f3lo tienes que echar un vistazo a nuestra secci\u00f3n &#8222;Importante saber&#8220;. En este cat\u00e1logo de preguntas frecuentes encontrar\u00e1s los datos clave m\u00e1s importantes sobre el IMLAUER Hotel Pitter. Si no encuentras lo que buscas, no dudes en ponerte en contacto con nosotros.   <\/p>\n<p style=\"text-align: center;\">Tambi\u00e9n estaremos encantados de responder a tu consulta por correo electr\u00f3nico en <a href=\"mailto:hotel@imlauer.com\">hotel@imlauer.com<\/a><br \/>\no por tel\u00e9fono en el <a href=\"tel:+43662889920\">+43 (0) 662 88 99 20<\/a><\/p>\n<div class=\"titles\">\n<p style=\"text-align: center;\">Estaremos encantados de ayudarte en cualquier momento.<\/p>\n<\/div>\n<\/div><\/div><\/div><div class=\"fusion-clearfix\"><\/div><\/div><\/div><\/div><\/div><div class=\"fusion-fullwidth fullwidth-box fusion-builder-row-2 hundred-percent-fullwidth non-hundred-percent-height-scrolling fusion-equal-height-columns\" style=\"--awb-background-position:left top;--awb-border-sizes-top:0px;--awb-border-sizes-bottom:0px;--awb-border-sizes-left:0px;--awb-border-sizes-right:0px;--awb-border-radius-top-left:0px;--awb-border-radius-top-right:0px;--awb-border-radius-bottom-right:0px;--awb-border-radius-bottom-left:0px;--awb-padding-top:20px;--awb-padding-right:20px;--awb-padding-bottom:20px;--awb-padding-left:20px;--awb-margin-top:0px;--awb-margin-bottom:0px;--awb-background-color:#af9755;--awb-flex-wrap:wrap;\" id=\"faq_themen\" ><div class=\"fusion-builder-row fusion-row\"><div class=\"fusion-layout-column fusion_builder_column fusion-builder-column-2 fusion_builder_column_1_1 1_1 fusion-one-full fusion-column-first fusion-column-last fusion-column-no-min-height\" style=\"--awb-bg-size:cover;--awb-margin-bottom:0px;\"><div class=\"fusion-column-wrapper fusion-column-has-shadow fusion-flex-column-wrapper-legacy\"><div class=\"fusion-column-content-centered\"><div class=\"fusion-column-content\"><div class=\"fusion-text fusion-text-3\"><h2 style=\"text-align: center;\"><span style=\"color: #ffffff;\">SELECCI\u00d3N DE TEMAS<\/span><\/h2>\n<\/div><div class=\"fusion-content-boxes content-boxes columns row fusion-columns-5 fusion-columns-total-5 fusion-content-boxes-1 content-boxes-icon-on-top content-left\" style=\"--awb-backgroundcolor:#ffffff;--awb-body-color:#636362;--awb-title-color:#af9755;--awb-iconcolor:#008ab4;--awb-hover-accent-color:#008ab4;--awb-circle-hover-accent-color:transparent;\" id=\"themenauswahl\" data-animationOffset=\"top-into-view\"><div style=\"--awb-backgroundcolor:#ffffff;--awb-iconcolor:#008ab4;\" class=\"fusion-column content-box-column content-box-column-1 col-lg-2 col-md-2 col-sm-2 fusion-content-box-hover content-box-column-first-in-row\"><div class=\"col content-box-wrapper content-wrapper-background link-area-box link-type-text icon-hover-animation-slide\" data-link=\"#anreise\" data-link-target=\"_self\" data-animationOffset=\"top-into-view\"><div class=\"heading heading-with-icon icon-left\"><a class=\"heading-link\" href=\"#anreise\" target=\"_self\"><div aria-hidden=\"true\" class=\"image\"><img decoding=\"async\" class=\"lazyload\" src=\"data:image\/svg+xml,%3Csvg%20xmlns%3D%27http%3A%2F%2Fwww.w3.org%2F2000%2Fsvg%27%20width%3D%27100%27%20height%3D%27100%27%20viewBox%3D%270%200%20100%20100%27%3E%3Crect%20width%3D%27100%27%20height%3D%27100%27%20fill-opacity%3D%220%22%2F%3E%3C%2Fsvg%3E\" data-orig-src=\"https:\/\/imlauer.com\/hotel-imlauer-salzburg\/wp-content\/uploads\/2025\/02\/schluessel.png\" width=\"100\" height=\"100\" alt=\"\" \/><\/div><h2 class=\"content-box-heading\" style=\"--h2_typography-font-size:20px;line-height:25px;\">Viaje<\/h2><\/a><\/div><\/div><\/div><div style=\"--awb-backgroundcolor:#ffffff;--awb-iconcolor:#008ab4;\" class=\"fusion-column content-box-column content-box-column-2 col-lg-2 col-md-2 col-sm-2 fusion-content-box-hover \"><div class=\"col content-box-wrapper content-wrapper-background link-area-box link-type-text icon-hover-animation-slide\" data-link=\"#abreise\" data-link-target=\"_self\" data-animationOffset=\"top-into-view\"><div class=\"heading heading-with-icon icon-left\"><a class=\"heading-link\" href=\"#abreise\" target=\"_self\"><div aria-hidden=\"true\" class=\"image\"><img decoding=\"async\" class=\"lazyload\" src=\"data:image\/svg+xml,%3Csvg%20xmlns%3D%27http%3A%2F%2Fwww.w3.org%2F2000%2Fsvg%27%20width%3D%27100%27%20height%3D%27100%27%20viewBox%3D%270%200%20100%20100%27%3E%3Crect%20width%3D%27100%27%20height%3D%27100%27%20fill-opacity%3D%220%22%2F%3E%3C%2Fsvg%3E\" data-orig-src=\"https:\/\/imlauer.com\/hotel-imlauer-salzburg\/wp-content\/uploads\/2025\/02\/wegweiser-1.png\" width=\"100\" height=\"100\" alt=\"\" \/><\/div><h2 class=\"content-box-heading\" style=\"--h2_typography-font-size:20px;line-height:25px;\">Salida<\/h2><\/a><\/div><\/div><\/div><div style=\"--awb-backgroundcolor:#ffffff;--awb-iconcolor:#008ab4;\" class=\"fusion-column content-box-column content-box-column-3 col-lg-2 col-md-2 col-sm-2 fusion-content-box-hover \"><div class=\"col content-box-wrapper content-wrapper-background link-area-box link-type-text icon-hover-animation-slide\" data-link=\"#hotel\" data-link-target=\"_self\" data-animationOffset=\"top-into-view\"><div class=\"heading heading-with-icon icon-left\"><a class=\"heading-link\" href=\"#hotel\" target=\"_self\"><div aria-hidden=\"true\" class=\"image\"><img decoding=\"async\" class=\"lazyload\" src=\"data:image\/svg+xml,%3Csvg%20xmlns%3D%27http%3A%2F%2Fwww.w3.org%2F2000%2Fsvg%27%20width%3D%27100%27%20height%3D%27100%27%20viewBox%3D%270%200%20100%20100%27%3E%3Crect%20width%3D%27100%27%20height%3D%27100%27%20fill-opacity%3D%220%22%2F%3E%3C%2Fsvg%3E\" data-orig-src=\"https:\/\/imlauer.com\/hotel-imlauer-salzburg\/wp-content\/uploads\/2025\/02\/HotelIcon.png\" width=\"100\" height=\"100\" alt=\"\" \/><\/div><h2 class=\"content-box-heading\" style=\"--h2_typography-font-size:20px;line-height:25px;\">en el hotel<\/h2><\/a><\/div><\/div><\/div><div style=\"--awb-backgroundcolor:#ffffff;--awb-iconcolor:#008ab4;\" class=\"fusion-column content-box-column content-box-column-4 col-lg-2 col-md-2 col-sm-2 fusion-content-box-hover \"><div class=\"col content-box-wrapper content-wrapper-background link-area-box link-type-text icon-hover-animation-slide\" data-link=\"#naehe\" data-link-target=\"_self\" data-animationOffset=\"top-into-view\"><div class=\"heading heading-with-icon icon-left\"><a class=\"heading-link\" href=\"#naehe\" target=\"_self\"><div aria-hidden=\"true\" class=\"image\"><img decoding=\"async\" class=\"lazyload\" src=\"data:image\/svg+xml,%3Csvg%20xmlns%3D%27http%3A%2F%2Fwww.w3.org%2F2000%2Fsvg%27%20width%3D%27100%27%20height%3D%27100%27%20viewBox%3D%270%200%20100%20100%27%3E%3Crect%20width%3D%27100%27%20height%3D%27100%27%20fill-opacity%3D%220%22%2F%3E%3C%2Fsvg%3E\" data-orig-src=\"https:\/\/imlauer.com\/hotel-imlauer-salzburg\/wp-content\/uploads\/2025\/02\/imlauernearby.png\" width=\"100\" height=\"100\" alt=\"\" \/><\/div><h2 class=\"content-box-heading\" style=\"--h2_typography-font-size:20px;line-height:25px;\">en los alrededores<\/h2><\/a><\/div><\/div><\/div><div style=\"--awb-backgroundcolor:#ffffff;--awb-iconcolor:#008ab4;\" class=\"fusion-column content-box-column content-box-column-5 col-lg-2 col-md-2 col-sm-2 fusion-content-box-hover content-box-column-last content-box-column-last-in-row\"><div class=\"col content-box-wrapper content-wrapper-background link-area-box link-type-text icon-hover-animation-slide\" data-link=\"#kulinarik\" data-link-target=\"_self\" data-animationOffset=\"top-into-view\"><div class=\"heading heading-with-icon icon-left\"><a class=\"heading-link\" href=\"#kulinarik\" target=\"_self\"><div aria-hidden=\"true\" class=\"image\"><img decoding=\"async\" class=\"lazyload\" src=\"data:image\/svg+xml,%3Csvg%20xmlns%3D%27http%3A%2F%2Fwww.w3.org%2F2000%2Fsvg%27%20width%3D%27100%27%20height%3D%27100%27%20viewBox%3D%270%200%20100%20100%27%3E%3Crect%20width%3D%27100%27%20height%3D%27100%27%20fill-opacity%3D%220%22%2F%3E%3C%2Fsvg%3E\" data-orig-src=\"https:\/\/imlauer.com\/hotel-imlauer-salzburg\/wp-content\/uploads\/2025\/02\/besteck-glas-1.png\" width=\"100\" height=\"100\" alt=\"\" \/><\/div><h2 class=\"content-box-heading\" style=\"--h2_typography-font-size:20px;line-height:25px;\">Delicias culinarias<\/h2><\/a><\/div><\/div><\/div><div class=\"fusion-clearfix\"><\/div><\/div><\/div><\/div><div class=\"fusion-clearfix\"><\/div><\/div><\/div><\/div><\/div><div class=\"fusion-fullwidth fullwidth-box fusion-builder-row-3 hundred-percent-fullwidth non-hundred-percent-height-scrolling\" style=\"--awb-border-radius-top-left:0px;--awb-border-radius-top-right:0px;--awb-border-radius-bottom-right:0px;--awb-border-radius-bottom-left:0px;--awb-padding-top:4%;--awb-padding-right:6%;--awb-padding-bottom:3%;--awb-padding-left:6%;--awb-flex-wrap:wrap;\" id=\"faq_themen\" ><div class=\"fusion-builder-row fusion-row\"><div class=\"fusion-layout-column fusion_builder_column fusion-builder-column-3 fusion_builder_column_1_2 1_2 fusion-one-half fusion-column-first fusion-animated\" style=\"--awb-padding-top:5%;--awb-padding-right:11%;--awb-padding-bottom:5%;--awb-padding-left:11%;--awb-bg-color:#ffffff;--awb-bg-color-hover:#ffffff;--awb-bg-size:cover;--awb-margin-bottom:0px;width:50%;width:calc(50% - ( ( 0 ) * 0.5 ) );margin-right: 0px;\" data-animationType=\"fadeInLeft\" data-animationDuration=\"0.8\" data-animationOffset=\"top-into-view\" id=\"anreise\"><div class=\"fusion-column-wrapper fusion-column-has-shadow fusion-flex-column-wrapper-legacy\"><div class=\"fusion-content-boxes content-boxes columns row fusion-columns-1 fusion-columns-total-1 fusion-content-boxes-2 content-boxes-icon-on-top content-left\" style=\"--awb-backgroundcolor:#ffffff;--awb-body-color:#636362;--awb-title-color:#af9755;--awb-iconcolor:#008ab4;--awb-hover-accent-color:#af9755;--awb-circle-hover-accent-color:transparent;--awb-item-margin-bottom:40px;\" data-animationOffset=\"top-into-view\"><div style=\"--awb-backgroundcolor:#ffffff;--awb-iconcolor:#008ab4;\" class=\"fusion-column content-box-column content-box-column content-box-column-1 col-lg-12 col-md-12 col-sm-12 fusion-content-box-hover content-box-column-last content-box-column-last-in-row\"><div class=\"col content-box-wrapper content-wrapper-background link-area-box icon-hover-animation-slide\" data-animationOffset=\"top-into-view\"><div class=\"heading heading-with-icon icon-left\"><div aria-hidden=\"true\" class=\"image\"><img decoding=\"async\" class=\"lazyload\" src=\"data:image\/svg+xml,%3Csvg%20xmlns%3D%27http%3A%2F%2Fwww.w3.org%2F2000%2Fsvg%27%20width%3D%27100%27%20height%3D%27100%27%20viewBox%3D%270%200%20100%20100%27%3E%3Crect%20width%3D%27100%27%20height%3D%27100%27%20fill-opacity%3D%220%22%2F%3E%3C%2Fsvg%3E\" data-orig-src=\"https:\/\/imlauer.com\/hotel-imlauer-salzburg\/wp-content\/uploads\/2025\/02\/schluessel.png\" width=\"100\" height=\"100\" alt=\"\" \/><\/div><h2 class=\"content-box-heading\" style=\"--h2_typography-font-size:20px;line-height:25px;\">Viaje<\/h2><\/div><\/div><\/div><div class=\"fusion-clearfix\"><\/div><\/div><div class=\"accordian fusion-accordian\" style=\"--awb-border-size:1px;--awb-icon-size:13px;--awb-content-font-size:18px;--awb-icon-alignment:right;--awb-hover-color:#f9f9f9;--awb-border-color:#cccccc;--awb-background-color:#ffffff;--awb-divider-color:#e0dede;--awb-divider-hover-color:#e0dede;--awb-icon-color:#ffffff;--awb-title-color:#af9755;--awb-content-color:#747474;--awb-icon-box-color:#333333;--awb-toggle-hover-accent-color:#af9754;--awb-title-font-family:&quot;Bitter&quot;;--awb-title-font-weight:400;--awb-title-font-style:normal;--awb-content-font-family:&quot;Source Sans Pro&quot;;--awb-content-font-style:normal;--awb-content-font-weight:400;\"><div class=\"panel-group fusion-toggle-icon-right fusion-toggle-icon-boxed\" id=\"accordion-8092-1\"><div class=\"fusion-panel panel-default panel-4637c7c658d044be4 fusion-toggle-has-divider\"><div class=\"panel-heading\"><h4 class=\"panel-title toggle\" id=\"toggle_4637c7c658d044be4\"><a aria-expanded=\"false\" aria-controls=\"4637c7c658d044be4\" role=\"button\" data-toggle=\"collapse\" data-parent=\"#accordion-8092-1\" data-target=\"#4637c7c658d044be4\" href=\"#4637c7c658d044be4\"><span class=\"fusion-toggle-icon-wrapper\" aria-hidden=\"true\"><i class=\"fa-fusion-box active-icon awb-icon-minus\" aria-hidden=\"true\"><\/i><i class=\"fa-fusion-box inactive-icon awb-icon-plus\" aria-hidden=\"true\"><\/i><\/span><span class=\"fusion-toggle-heading\">\u00bfPuedes cargar un veh\u00edculo el\u00e9ctrico?<\/span><\/a><\/h4><\/div><div id=\"4637c7c658d044be4\" class=\"panel-collapse collapse \" aria-labelledby=\"toggle_4637c7c658d044be4\"><div class=\"panel-body toggle-content fusion-clearfix\">\n<div class=\"fusion-text content\" style=\"text-align: left;\">\n<p>Ofrecemos 3 estaciones de recarga electr\u00f3nica donde puedes cargar por 0,45 \u20ac\/kWh<strong>. <\/strong>No es posible reservar una estaci\u00f3n de carga.<\/p>\n<\/div>\n<\/div><\/div><\/div><div class=\"fusion-panel panel-default panel-80009435c2d129b97 fusion-toggle-has-divider\"><div class=\"panel-heading\"><h4 class=\"panel-title toggle\" id=\"toggle_80009435c2d129b97\"><a aria-expanded=\"false\" aria-controls=\"80009435c2d129b97\" role=\"button\" data-toggle=\"collapse\" data-parent=\"#accordion-8092-1\" data-target=\"#80009435c2d129b97\" href=\"#80009435c2d129b97\"><span class=\"fusion-toggle-icon-wrapper\" aria-hidden=\"true\"><i class=\"fa-fusion-box active-icon awb-icon-minus\" aria-hidden=\"true\"><\/i><i class=\"fa-fusion-box inactive-icon awb-icon-plus\" aria-hidden=\"true\"><\/i><\/span><span class=\"fusion-toggle-heading\">\u00bfHay plazas de aparcamiento disponibles? \u00bfSon gratuitas? <\/span><\/a><\/h4><\/div><div id=\"80009435c2d129b97\" class=\"panel-collapse collapse \" aria-labelledby=\"toggle_80009435c2d129b97\"><div class=\"panel-body toggle-content fusion-clearfix\">\n<div class=\"fusion-text content\" style=\"text-align: left;\">\n<p>Puedes aparcar tu coche en nuestro aparcamiento situado detr\u00e1s del hotel, en la esquina de las calles Humboldtstra\u00dfe y Faberstra\u00dfe, por 20,00 euros por noche y plaza, sujeto a disponibilidad.<\/p>\n<\/div>\n<\/div><\/div><\/div><div class=\"fusion-panel panel-default panel-7d2d764557aef7f20 fusion-toggle-has-divider\"><div class=\"panel-heading\"><h4 class=\"panel-title toggle\" id=\"toggle_7d2d764557aef7f20\"><a aria-expanded=\"false\" aria-controls=\"7d2d764557aef7f20\" role=\"button\" data-toggle=\"collapse\" data-parent=\"#accordion-8092-1\" data-target=\"#7d2d764557aef7f20\" href=\"#7d2d764557aef7f20\"><span class=\"fusion-toggle-icon-wrapper\" aria-hidden=\"true\"><i class=\"fa-fusion-box active-icon awb-icon-minus\" aria-hidden=\"true\"><\/i><i class=\"fa-fusion-box inactive-icon awb-icon-plus\" aria-hidden=\"true\"><\/i><\/span><span class=\"fusion-toggle-heading\">\u00bfNecesito un documento de identidad para registrarme?<\/span><\/a><\/h4><\/div><div id=\"7d2d764557aef7f20\" class=\"panel-collapse collapse \" aria-labelledby=\"toggle_7d2d764557aef7f20\"><div class=\"panel-body toggle-content fusion-clearfix\">\n<div class=\"fusion-text content\" style=\"text-align: left;\">\n<p>En Austria\/ Ciudadanos de la UE &#8211; identificaci\u00f3n obligatoria con documento de identidad o pasaporte<\/p>\n<p>Ciudadanos no comunitarios &#8211; identificaci\u00f3n obligatoria con pasaporte<\/p>\n<\/div>\n<\/div><\/div><\/div><div class=\"fusion-panel panel-default panel-b922c660177b46a88 fusion-toggle-has-divider\"><div class=\"panel-heading\"><h4 class=\"panel-title toggle\" id=\"toggle_b922c660177b46a88\"><a aria-expanded=\"false\" aria-controls=\"b922c660177b46a88\" role=\"button\" data-toggle=\"collapse\" data-parent=\"#accordion-8092-1\" data-target=\"#b922c660177b46a88\" href=\"#b922c660177b46a88\"><span class=\"fusion-toggle-icon-wrapper\" aria-hidden=\"true\"><i class=\"fa-fusion-box active-icon awb-icon-minus\" aria-hidden=\"true\"><\/i><i class=\"fa-fusion-box inactive-icon awb-icon-plus\" aria-hidden=\"true\"><\/i><\/span><span class=\"fusion-toggle-heading\">\u00bfEs posible pedir una transferencia? \u00bfCu\u00e1nto cuesta? <\/span><\/a><\/h4><\/div><div id=\"b922c660177b46a88\" class=\"panel-collapse collapse \" aria-labelledby=\"toggle_b922c660177b46a88\"><div class=\"panel-body toggle-content fusion-clearfix\">\n<div class=\"fusion-text content\" style=\"text-align: left;\">\n<p>Estaremos encantados de ayudarte a organizar un traslado. Pregunta a nuestro equipo de recepci\u00f3n. <\/p>\n<\/div>\n<\/div><\/div><\/div><div class=\"fusion-panel panel-default panel-f07d428b2ed81655a fusion-toggle-has-divider\"><div class=\"panel-heading\"><h4 class=\"panel-title toggle\" id=\"toggle_f07d428b2ed81655a\"><a aria-expanded=\"false\" aria-controls=\"f07d428b2ed81655a\" role=\"button\" data-toggle=\"collapse\" data-parent=\"#accordion-8092-1\" data-target=\"#f07d428b2ed81655a\" href=\"#f07d428b2ed81655a\"><span class=\"fusion-toggle-icon-wrapper\" aria-hidden=\"true\"><i class=\"fa-fusion-box active-icon awb-icon-minus\" aria-hidden=\"true\"><\/i><i class=\"fa-fusion-box inactive-icon awb-icon-plus\" aria-hidden=\"true\"><\/i><\/span><span class=\"fusion-toggle-heading\">\u00bfCu\u00e1nto tiempo est\u00e1 abierta la recepci\u00f3n?<\/span><\/a><\/h4><\/div><div id=\"f07d428b2ed81655a\" class=\"panel-collapse collapse \" aria-labelledby=\"toggle_f07d428b2ed81655a\"><div class=\"panel-body toggle-content fusion-clearfix\">\n<div class=\"fusion-text content\" style=\"text-align: left;\">\n<p>Nuestro equipo de recepci\u00f3n est\u00e1 a tu disposici\u00f3n las 24 horas del d\u00eda.<\/p>\n<\/div>\n<\/div><\/div><\/div><div class=\"fusion-panel panel-default panel-89c8f48430b9798f8 fusion-toggle-has-divider\"><div class=\"panel-heading\"><h4 class=\"panel-title toggle\" id=\"toggle_89c8f48430b9798f8\"><a aria-expanded=\"false\" aria-controls=\"89c8f48430b9798f8\" role=\"button\" data-toggle=\"collapse\" data-parent=\"#accordion-8092-1\" data-target=\"#89c8f48430b9798f8\" href=\"#89c8f48430b9798f8\"><span class=\"fusion-toggle-icon-wrapper\" aria-hidden=\"true\"><i class=\"fa-fusion-box active-icon awb-icon-minus\" aria-hidden=\"true\"><\/i><i class=\"fa-fusion-box inactive-icon awb-icon-plus\" aria-hidden=\"true\"><\/i><\/span><span class=\"fusion-toggle-heading\">\u00bfCu\u00e1l es la forma m\u00e1s f\u00e1cil de llegar al Hotel Imlauer &amp; Br\u00e4u?<\/span><\/a><\/h4><\/div><div id=\"89c8f48430b9798f8\" class=\"panel-collapse collapse \" aria-labelledby=\"toggle_89c8f48430b9798f8\"><div class=\"panel-body toggle-content fusion-clearfix\">\n<div class=\"fusion-text content\" style=\"text-align: left;\">\n<p>La parada de transporte p\u00fablico m\u00e1s cercana es Kiesel (l\u00edneas 1,2,3,5,6,25). El autob\u00fas del aeropuerto (l\u00ednea 2) tambi\u00e9n para en Kiesel. <\/p>\n<\/div>\n<\/div><\/div><\/div><div class=\"fusion-panel panel-default panel-a23b61022d6e92e3d fusion-toggle-has-divider\"><div class=\"panel-heading\"><h4 class=\"panel-title toggle\" id=\"toggle_a23b61022d6e92e3d\"><a aria-expanded=\"false\" aria-controls=\"a23b61022d6e92e3d\" role=\"button\" data-toggle=\"collapse\" data-parent=\"#accordion-8092-1\" data-target=\"#a23b61022d6e92e3d\" href=\"#a23b61022d6e92e3d\"><span class=\"fusion-toggle-icon-wrapper\" aria-hidden=\"true\"><i class=\"fa-fusion-box active-icon awb-icon-minus\" aria-hidden=\"true\"><\/i><i class=\"fa-fusion-box inactive-icon awb-icon-plus\" aria-hidden=\"true\"><\/i><\/span><span class=\"fusion-toggle-heading\">\u00bfPuedo dejar las maletas si llego pronto o quiero irme tarde?<\/span><\/a><\/h4><\/div><div id=\"a23b61022d6e92e3d\" class=\"panel-collapse collapse \" aria-labelledby=\"toggle_a23b61022d6e92e3d\"><div class=\"panel-body toggle-content fusion-clearfix\">\n<div class=\"fusion-text content\" style=\"text-align: left;\">\n<p>S\u00ed, ponemos a tu disposici\u00f3n un dep\u00f3sito de equipajes cerrado donde estaremos encantados de guardar tu equipaje.<\/p>\n<\/div>\n<\/div><\/div><\/div><div class=\"fusion-panel panel-default panel-7be9d35194fa20d77 fusion-toggle-has-divider\"><div class=\"panel-heading\"><h4 class=\"panel-title toggle\" id=\"toggle_7be9d35194fa20d77\"><a aria-expanded=\"false\" aria-controls=\"7be9d35194fa20d77\" role=\"button\" data-toggle=\"collapse\" data-parent=\"#accordion-8092-1\" data-target=\"#7be9d35194fa20d77\" href=\"#7be9d35194fa20d77\"><span class=\"fusion-toggle-icon-wrapper\" aria-hidden=\"true\"><i class=\"fa-fusion-box active-icon awb-icon-minus\" aria-hidden=\"true\"><\/i><i class=\"fa-fusion-box inactive-icon awb-icon-plus\" aria-hidden=\"true\"><\/i><\/span><span class=\"fusion-toggle-heading\">\u00bfLa consigna de equipaje es gratuita?<\/span><\/a><\/h4><\/div><div id=\"7be9d35194fa20d77\" class=\"panel-collapse collapse \" aria-labelledby=\"toggle_7be9d35194fa20d77\"><div class=\"panel-body toggle-content fusion-clearfix\">\n<div class=\"fusion-text content\" style=\"text-align: left;\">\n<p>S\u00ed, es gratuito para los hu\u00e9spedes del hotel.<\/p>\n<\/div>\n<\/div><\/div><\/div><div class=\"fusion-panel panel-default panel-468c9ce4df67a9db8 fusion-toggle-has-divider\"><div class=\"panel-heading\"><h4 class=\"panel-title toggle\" id=\"toggle_468c9ce4df67a9db8\"><a aria-expanded=\"false\" aria-controls=\"468c9ce4df67a9db8\" role=\"button\" data-toggle=\"collapse\" data-parent=\"#accordion-8092-1\" data-target=\"#468c9ce4df67a9db8\" href=\"#468c9ce4df67a9db8\"><span class=\"fusion-toggle-icon-wrapper\" aria-hidden=\"true\"><i class=\"fa-fusion-box active-icon awb-icon-minus\" aria-hidden=\"true\"><\/i><i class=\"fa-fusion-box inactive-icon awb-icon-plus\" aria-hidden=\"true\"><\/i><\/span><span class=\"fusion-toggle-heading\">\u00bfCu\u00e1l es tu horario de entrada y salida?<\/span><\/a><\/h4><\/div><div id=\"468c9ce4df67a9db8\" class=\"panel-collapse collapse \" aria-labelledby=\"toggle_468c9ce4df67a9db8\"><div class=\"panel-body toggle-content fusion-clearfix\">\n<div class=\"fusion-text content\" style=\"text-align: left;\">\n<p>Entrada a partir de las 15:00 | Salida hasta las 11:00. Nuestro equipo de recepci\u00f3n est\u00e1 a tu disposici\u00f3n las 24 horas del d\u00eda. <\/p>\n<\/div>\n<\/div><\/div><\/div><div class=\"fusion-panel panel-default panel-0ea79ec8f4e130501 fusion-toggle-has-divider\"><div class=\"panel-heading\"><h4 class=\"panel-title toggle\" id=\"toggle_0ea79ec8f4e130501\"><a aria-expanded=\"false\" aria-controls=\"0ea79ec8f4e130501\" role=\"button\" data-toggle=\"collapse\" data-parent=\"#accordion-8092-1\" data-target=\"#0ea79ec8f4e130501\" href=\"#0ea79ec8f4e130501\"><span class=\"fusion-toggle-icon-wrapper\" aria-hidden=\"true\"><i class=\"fa-fusion-box active-icon awb-icon-minus\" aria-hidden=\"true\"><\/i><i class=\"fa-fusion-box inactive-icon awb-icon-plus\" aria-hidden=\"true\"><\/i><\/span><span class=\"fusion-toggle-heading\">\u00bfEs posible reservar una plaza de aparcamiento?<\/span><\/a><\/h4><\/div><div id=\"0ea79ec8f4e130501\" class=\"panel-collapse collapse \" aria-labelledby=\"toggle_0ea79ec8f4e130501\"><div class=\"panel-body toggle-content fusion-clearfix\">\n<div class=\"fusion-text content\" style=\"text-align: left;\">\n<p>No, nuestros aparcamientos est\u00e1n a disposici\u00f3n de nuestros hu\u00e9spedes en funci\u00f3n de la disponibilidad.<\/p>\n<\/div>\n<\/div><\/div><\/div><div class=\"fusion-panel panel-default panel-4f289dde7c8d94c34 fusion-toggle-has-divider\"><div class=\"panel-heading\"><h4 class=\"panel-title toggle\" id=\"toggle_4f289dde7c8d94c34\"><a aria-expanded=\"false\" aria-controls=\"4f289dde7c8d94c34\" role=\"button\" data-toggle=\"collapse\" data-parent=\"#accordion-8092-1\" data-target=\"#4f289dde7c8d94c34\" href=\"#4f289dde7c8d94c34\"><span class=\"fusion-toggle-icon-wrapper\" aria-hidden=\"true\"><i class=\"fa-fusion-box active-icon awb-icon-minus\" aria-hidden=\"true\"><\/i><i class=\"fa-fusion-box inactive-icon awb-icon-plus\" aria-hidden=\"true\"><\/i><\/span><span class=\"fusion-toggle-heading\">\u00bfCu\u00e1nto cuesta el aparcamiento?<\/span><\/a><\/h4><\/div><div id=\"4f289dde7c8d94c34\" class=\"panel-collapse collapse \" aria-labelledby=\"toggle_4f289dde7c8d94c34\"><div class=\"panel-body toggle-content fusion-clearfix\">\n<div class=\"fusion-text content\" style=\"text-align: left;\">\n<p>20,00 EUR por noche (d\u00eda de llegada y salida incluidos)<\/p>\n<\/div>\n<\/div><\/div><\/div><\/div><\/div><div class=\"fusion-clearfix\"><\/div><\/div><\/div><div class=\"fusion-layout-column fusion_builder_column fusion-builder-column-4 fusion_builder_column_1_2 1_2 fusion-one-half fusion-column-last fusion-animated\" style=\"--awb-padding-top:5%;--awb-padding-right:11%;--awb-padding-bottom:5%;--awb-padding-left:11%;--awb-bg-color:#ffffff;--awb-bg-color-hover:#ffffff;--awb-bg-size:cover;--awb-margin-bottom:0px;width:50%;width:calc(50% - ( ( 0 ) * 0.5 ) );\" data-animationType=\"fadeInLeft\" data-animationDuration=\"0.8\" data-animationOffset=\"top-into-view\" id=\"abreise\"><div class=\"fusion-column-wrapper fusion-column-has-shadow fusion-flex-column-wrapper-legacy\"><div class=\"fusion-content-boxes content-boxes columns row fusion-columns-1 fusion-columns-total-1 fusion-content-boxes-3 content-boxes-icon-on-top content-left\" style=\"--awb-backgroundcolor:#ffffff;--awb-body-color:#636362;--awb-title-color:#af9755;--awb-iconcolor:#008ab4;--awb-hover-accent-color:#af9755;--awb-circle-hover-accent-color:transparent;--awb-item-margin-bottom:40px;\" data-animationOffset=\"top-into-view\"><div style=\"--awb-backgroundcolor:#ffffff;--awb-iconcolor:#008ab4;\" class=\"fusion-column content-box-column content-box-column content-box-column-1 col-lg-12 col-md-12 col-sm-12 fusion-content-box-hover content-box-column-last content-box-column-last-in-row\"><div class=\"col content-box-wrapper content-wrapper-background link-area-box icon-hover-animation-slide\" data-animationOffset=\"top-into-view\"><div class=\"heading heading-with-icon icon-left\"><div aria-hidden=\"true\" class=\"image\"><img decoding=\"async\" class=\"lazyload\" src=\"data:image\/svg+xml,%3Csvg%20xmlns%3D%27http%3A%2F%2Fwww.w3.org%2F2000%2Fsvg%27%20width%3D%27100%27%20height%3D%27100%27%20viewBox%3D%270%200%20100%20100%27%3E%3Crect%20width%3D%27100%27%20height%3D%27100%27%20fill-opacity%3D%220%22%2F%3E%3C%2Fsvg%3E\" data-orig-src=\"https:\/\/imlauer.com\/hotel-imlauer-salzburg\/wp-content\/uploads\/2025\/02\/wegweiser-1.png\" width=\"100\" height=\"100\" alt=\"\" \/><\/div><h2 class=\"content-box-heading\" style=\"--h2_typography-font-size:20px;line-height:25px;\">Salida<\/h2><\/div><\/div><\/div><div class=\"fusion-clearfix\"><\/div><\/div><div class=\"accordian fusion-accordian\" style=\"--awb-border-size:1px;--awb-icon-size:13px;--awb-content-font-size:18px;--awb-icon-alignment:right;--awb-hover-color:#f9f9f9;--awb-border-color:#cccccc;--awb-background-color:#ffffff;--awb-divider-color:#e0dede;--awb-divider-hover-color:#e0dede;--awb-icon-color:#ffffff;--awb-title-color:#af9755;--awb-content-color:#747474;--awb-icon-box-color:#333333;--awb-toggle-hover-accent-color:#af9754;--awb-title-font-family:&quot;Bitter&quot;;--awb-title-font-weight:400;--awb-title-font-style:normal;--awb-content-font-family:&quot;Source Sans Pro&quot;;--awb-content-font-style:normal;--awb-content-font-weight:400;\"><div class=\"panel-group fusion-toggle-icon-right fusion-toggle-icon-boxed\" id=\"accordion-8092-2\"><div class=\"fusion-panel panel-default panel-f378220818fd04921 fusion-toggle-has-divider\"><div class=\"panel-heading\"><h4 class=\"panel-title toggle\" id=\"toggle_f378220818fd04921\"><a aria-expanded=\"false\" aria-controls=\"f378220818fd04921\" role=\"button\" data-toggle=\"collapse\" data-parent=\"#accordion-8092-2\" data-target=\"#f378220818fd04921\" href=\"#f378220818fd04921\"><span class=\"fusion-toggle-icon-wrapper\" aria-hidden=\"true\"><i class=\"fa-fusion-box active-icon awb-icon-minus\" aria-hidden=\"true\"><\/i><i class=\"fa-fusion-box inactive-icon awb-icon-plus\" aria-hidden=\"true\"><\/i><\/span><span class=\"fusion-toggle-heading\">\u00bfPuedo dejar las maletas si llego pronto o quiero irme tarde?<\/span><\/a><\/h4><\/div><div id=\"f378220818fd04921\" class=\"panel-collapse collapse \" aria-labelledby=\"toggle_f378220818fd04921\"><div class=\"panel-body toggle-content fusion-clearfix\">\n<p>S\u00ed, ponemos a tu disposici\u00f3n un dep\u00f3sito de equipajes cerrado donde estaremos encantados de guardar tu equipaje.<\/p>\n<\/div><\/div><\/div><div class=\"fusion-panel panel-default panel-59dbce148029700f1 fusion-toggle-has-divider\"><div class=\"panel-heading\"><h4 class=\"panel-title toggle\" id=\"toggle_59dbce148029700f1\"><a aria-expanded=\"false\" aria-controls=\"59dbce148029700f1\" role=\"button\" data-toggle=\"collapse\" data-parent=\"#accordion-8092-2\" data-target=\"#59dbce148029700f1\" href=\"#59dbce148029700f1\"><span class=\"fusion-toggle-icon-wrapper\" aria-hidden=\"true\"><i class=\"fa-fusion-box active-icon awb-icon-minus\" aria-hidden=\"true\"><\/i><i class=\"fa-fusion-box inactive-icon awb-icon-plus\" aria-hidden=\"true\"><\/i><\/span><span class=\"fusion-toggle-heading\">\u00bfExiste la opci\u00f3n de salida tard\u00eda?<\/span><\/a><\/h4><\/div><div id=\"59dbce148029700f1\" class=\"panel-collapse collapse \" aria-labelledby=\"toggle_59dbce148029700f1\"><div class=\"panel-body toggle-content fusion-clearfix\">\n<p>La habitaci\u00f3n se puede utilizar hasta las 11.00 h del d\u00eda de salida. Las salidas tard\u00edas son posibles seg\u00fan disponibilidad y por un cargo adicional.<\/p>\n<\/div><\/div><\/div><div class=\"fusion-panel panel-default panel-5614f0d1cba7060f5 fusion-toggle-has-divider\"><div class=\"panel-heading\"><h4 class=\"panel-title toggle\" id=\"toggle_5614f0d1cba7060f5\"><a aria-expanded=\"false\" aria-controls=\"5614f0d1cba7060f5\" role=\"button\" data-toggle=\"collapse\" data-parent=\"#accordion-8092-2\" data-target=\"#5614f0d1cba7060f5\" href=\"#5614f0d1cba7060f5\"><span class=\"fusion-toggle-icon-wrapper\" aria-hidden=\"true\"><i class=\"fa-fusion-box active-icon awb-icon-minus\" aria-hidden=\"true\"><\/i><i class=\"fa-fusion-box inactive-icon awb-icon-plus\" aria-hidden=\"true\"><\/i><\/span><span class=\"fusion-toggle-heading\">\u00bfCu\u00e1l es tu horario de entrada y salida?<\/span><\/a><\/h4><\/div><div id=\"5614f0d1cba7060f5\" class=\"panel-collapse collapse \" aria-labelledby=\"toggle_5614f0d1cba7060f5\"><div class=\"panel-body toggle-content fusion-clearfix\">\n<p>Entrada a partir de las 15:00 | Salida hasta las 11:00. Nuestro equipo de recepci\u00f3n est\u00e1 a tu disposici\u00f3n las 24 horas del d\u00eda.<\/p>\n<\/div><\/div><\/div><\/div><\/div><div class=\"fusion-clearfix\"><\/div><\/div><\/div><div class=\"fusion-layout-column fusion_builder_column fusion-builder-column-5 fusion_builder_column_1_2 1_2 fusion-one-half fusion-column-first fusion-animated\" style=\"--awb-padding-top:5%;--awb-padding-right:11%;--awb-padding-bottom:5%;--awb-padding-left:11%;--awb-bg-color:#ffffff;--awb-bg-color-hover:#ffffff;--awb-bg-size:cover;--awb-margin-bottom:0px;width:50%;width:calc(50% - ( ( 0 ) * 0.5 ) );margin-right: 0px;\" data-animationType=\"fadeInLeft\" data-animationDuration=\"0.8\" data-animationOffset=\"top-into-view\" id=\"hotel\"><div class=\"fusion-column-wrapper fusion-column-has-shadow fusion-flex-column-wrapper-legacy\"><div class=\"fusion-content-boxes content-boxes columns row fusion-columns-1 fusion-columns-total-1 fusion-content-boxes-4 content-boxes-icon-on-top content-left\" style=\"--awb-backgroundcolor:#ffffff;--awb-body-color:#636362;--awb-title-color:#af9755;--awb-iconcolor:#008ab4;--awb-hover-accent-color:#af9755;--awb-circle-hover-accent-color:transparent;--awb-item-margin-bottom:40px;\" data-animationOffset=\"top-into-view\"><div style=\"--awb-backgroundcolor:#ffffff;--awb-iconcolor:#008ab4;\" class=\"fusion-column content-box-column content-box-column content-box-column-1 col-lg-12 col-md-12 col-sm-12 fusion-content-box-hover content-box-column-last content-box-column-last-in-row\"><div class=\"col content-box-wrapper content-wrapper-background link-area-box icon-hover-animation-slide\" data-animationOffset=\"top-into-view\"><div class=\"heading heading-with-icon icon-left\"><div aria-hidden=\"true\" class=\"image\"><img decoding=\"async\" class=\"lazyload\" src=\"data:image\/svg+xml,%3Csvg%20xmlns%3D%27http%3A%2F%2Fwww.w3.org%2F2000%2Fsvg%27%20width%3D%27100%27%20height%3D%27100%27%20viewBox%3D%270%200%20100%20100%27%3E%3Crect%20width%3D%27100%27%20height%3D%27100%27%20fill-opacity%3D%220%22%2F%3E%3C%2Fsvg%3E\" data-orig-src=\"https:\/\/imlauer.com\/hotel-imlauer-salzburg\/wp-content\/uploads\/2025\/02\/HotelIcon.png\" width=\"100\" height=\"100\" alt=\"\" \/><\/div><h2 class=\"content-box-heading\" style=\"--h2_typography-font-size:20px;line-height:25px;\">en el hotel<\/h2><\/div><\/div><\/div><div class=\"fusion-clearfix\"><\/div><\/div><div class=\"accordian fusion-accordian\" style=\"--awb-border-size:1px;--awb-icon-size:13px;--awb-content-font-size:18px;--awb-icon-alignment:right;--awb-hover-color:#f9f9f9;--awb-border-color:#cccccc;--awb-background-color:#ffffff;--awb-divider-color:#e0dede;--awb-divider-hover-color:#e0dede;--awb-icon-color:#ffffff;--awb-title-color:#af9755;--awb-content-color:#747474;--awb-icon-box-color:#333333;--awb-toggle-hover-accent-color:#af9754;--awb-title-font-family:&quot;Bitter&quot;;--awb-title-font-weight:400;--awb-title-font-style:normal;--awb-content-font-family:&quot;Source Sans Pro&quot;;--awb-content-font-style:normal;--awb-content-font-weight:400;\"><div class=\"panel-group fusion-toggle-icon-right fusion-toggle-icon-boxed\" id=\"accordion-8092-3\"><div class=\"fusion-panel panel-default panel-a2e8cc136d84d59a1 fusion-toggle-has-divider\"><div class=\"panel-heading\"><h4 class=\"panel-title toggle\" id=\"toggle_a2e8cc136d84d59a1\"><a aria-expanded=\"false\" aria-controls=\"a2e8cc136d84d59a1\" role=\"button\" data-toggle=\"collapse\" data-parent=\"#accordion-8092-3\" data-target=\"#a2e8cc136d84d59a1\" href=\"#a2e8cc136d84d59a1\"><span class=\"fusion-toggle-icon-wrapper\" aria-hidden=\"true\"><i class=\"fa-fusion-box active-icon awb-icon-minus\" aria-hidden=\"true\"><\/i><i class=\"fa-fusion-box inactive-icon awb-icon-plus\" aria-hidden=\"true\"><\/i><\/span><span class=\"fusion-toggle-heading\">\u00bfHay minibar?<\/span><\/a><\/h4><\/div><div id=\"a2e8cc136d84d59a1\" class=\"panel-collapse collapse \" aria-labelledby=\"toggle_a2e8cc136d84d59a1\"><div class=\"panel-body toggle-content fusion-clearfix\">\n<p>S\u00ed, cada habitaci\u00f3n tiene un minibar con bebidas y aperitivos. Est\u00e1 sujeto a un cargo.<\/p>\n<\/div><\/div><\/div><div class=\"fusion-panel panel-default panel-d547f76c2bcd65158 fusion-toggle-has-divider\"><div class=\"panel-heading\"><h4 class=\"panel-title toggle\" id=\"toggle_d547f76c2bcd65158\"><a aria-expanded=\"false\" aria-controls=\"d547f76c2bcd65158\" role=\"button\" data-toggle=\"collapse\" data-parent=\"#accordion-8092-3\" data-target=\"#d547f76c2bcd65158\" href=\"#d547f76c2bcd65158\"><span class=\"fusion-toggle-icon-wrapper\" aria-hidden=\"true\"><i class=\"fa-fusion-box active-icon awb-icon-minus\" aria-hidden=\"true\"><\/i><i class=\"fa-fusion-box inactive-icon awb-icon-plus\" aria-hidden=\"true\"><\/i><\/span><span class=\"fusion-toggle-heading\">\u00bfTiene restaurante el hotel?<\/span><\/a><\/h4><\/div><div id=\"d547f76c2bcd65158\" class=\"panel-collapse collapse \" aria-labelledby=\"toggle_d547f76c2bcd65158\"><div class=\"panel-body toggle-content fusion-clearfix\">\n<p>Nuestro equipo del restaurante cervecer\u00eda IMLAUER, propiedad del hotel, est\u00e1 deseando mimarte con delicias culinarias de 11:00 a 23:00. Disfruta de la cultura cervecera y la cocina casera al m\u00e1s alto nivel.<\/p>\n<\/div><\/div><\/div><div class=\"fusion-panel panel-default panel-911d79d111086c7fa fusion-toggle-has-divider\" style=\"--awb-title-color:#af9755;--awb-content-color:#747474;\"><div class=\"panel-heading\"><h4 class=\"panel-title toggle\" id=\"toggle_911d79d111086c7fa\"><a aria-expanded=\"false\" aria-controls=\"911d79d111086c7fa\" role=\"button\" data-toggle=\"collapse\" data-parent=\"#accordion-8092-3\" data-target=\"#911d79d111086c7fa\" href=\"#911d79d111086c7fa\"><span class=\"fusion-toggle-icon-wrapper\" aria-hidden=\"true\"><i class=\"fa-fusion-box active-icon awb-icon-minus\" aria-hidden=\"true\"><\/i><i class=\"fa-fusion-box inactive-icon awb-icon-plus\" aria-hidden=\"true\"><\/i><\/span><span class=\"fusion-toggle-heading\">\u00bfEst\u00e1 incluido el desayuno en el precio?<\/span><\/a><\/h4><\/div><div id=\"911d79d111086c7fa\" class=\"panel-collapse collapse \" aria-labelledby=\"toggle_911d79d111086c7fa\"><div class=\"panel-body toggle-content fusion-clearfix\">\n<p>El desayuno cuesta 25,00 \u20ac por adulto y d\u00eda y 12,50 \u20ac por ni\u00f1o de hasta 12 a\u00f1os y d\u00eda; los ni\u00f1os de hasta 6 a\u00f1os desayunan gratis.<\/p>\n<\/div><\/div><\/div><div class=\"fusion-panel panel-default panel-a117a54660cb1e7c5 fusion-toggle-has-divider\"><div class=\"panel-heading\"><h4 class=\"panel-title toggle\" id=\"toggle_a117a54660cb1e7c5\"><a aria-expanded=\"false\" aria-controls=\"a117a54660cb1e7c5\" role=\"button\" data-toggle=\"collapse\" data-parent=\"#accordion-8092-3\" data-target=\"#a117a54660cb1e7c5\" href=\"#a117a54660cb1e7c5\"><span class=\"fusion-toggle-icon-wrapper\" aria-hidden=\"true\"><i class=\"fa-fusion-box active-icon awb-icon-minus\" aria-hidden=\"true\"><\/i><i class=\"fa-fusion-box inactive-icon awb-icon-plus\" aria-hidden=\"true\"><\/i><\/span><span class=\"fusion-toggle-heading\">\u00bfHay aire acondicionado en el hotel\/restaurante?<\/span><\/a><\/h4><\/div><div id=\"a117a54660cb1e7c5\" class=\"panel-collapse collapse \" aria-labelledby=\"toggle_a117a54660cb1e7c5\"><div class=\"panel-body toggle-content fusion-clearfix\">\n<p>Nuestro restaurante y todas las habitaciones tienen aire acondicionado.<\/p>\n<\/div><\/div><\/div><div class=\"fusion-panel panel-default panel-349ac3a8e33989db9 fusion-toggle-has-divider\"><div class=\"panel-heading\"><h4 class=\"panel-title toggle\" id=\"toggle_349ac3a8e33989db9\"><a aria-expanded=\"false\" aria-controls=\"349ac3a8e33989db9\" role=\"button\" data-toggle=\"collapse\" data-parent=\"#accordion-8092-3\" data-target=\"#349ac3a8e33989db9\" href=\"#349ac3a8e33989db9\"><span class=\"fusion-toggle-icon-wrapper\" aria-hidden=\"true\"><i class=\"fa-fusion-box active-icon awb-icon-minus\" aria-hidden=\"true\"><\/i><i class=\"fa-fusion-box inactive-icon awb-icon-plus\" aria-hidden=\"true\"><\/i><\/span><span class=\"fusion-toggle-heading\">\u00bfOfrec\u00e9is ropa de cama para al\u00e9rgicos?<\/span><\/a><\/h4><\/div><div id=\"349ac3a8e33989db9\" class=\"panel-collapse collapse \" aria-labelledby=\"toggle_349ac3a8e33989db9\"><div class=\"panel-body toggle-content fusion-clearfix\">\n<p>S\u00ed, puedes obtenerlos previa solicitud.<\/p>\n<\/div><\/div><\/div><div class=\"fusion-panel panel-default panel-84c8d6459da69687b fusion-toggle-has-divider\"><div class=\"panel-heading\"><h4 class=\"panel-title toggle\" id=\"toggle_84c8d6459da69687b\"><a aria-expanded=\"false\" aria-controls=\"84c8d6459da69687b\" role=\"button\" data-toggle=\"collapse\" data-parent=\"#accordion-8092-3\" data-target=\"#84c8d6459da69687b\" href=\"#84c8d6459da69687b\"><span class=\"fusion-toggle-icon-wrapper\" aria-hidden=\"true\"><i class=\"fa-fusion-box active-icon awb-icon-minus\" aria-hidden=\"true\"><\/i><i class=\"fa-fusion-box inactive-icon awb-icon-plus\" aria-hidden=\"true\"><\/i><\/span><span class=\"fusion-toggle-heading\">\u00bfTienes habitaciones con puertas comunicantes?<\/span><\/a><\/h4><\/div><div id=\"84c8d6459da69687b\" class=\"panel-collapse collapse \" aria-labelledby=\"toggle_84c8d6459da69687b\"><div class=\"panel-body toggle-content fusion-clearfix\">\n<p>No, podemos reservar dos habitaciones contiguas o enfrentadas, siempre que haya disponibilidad.<\/p>\n<\/div><\/div><\/div><div class=\"fusion-panel panel-default panel-16f8e095fef7c27c3 fusion-toggle-has-divider\" style=\"--awb-title-color:#af9755;--awb-content-color:#747474;\"><div class=\"panel-heading\"><h4 class=\"panel-title toggle\" id=\"toggle_16f8e095fef7c27c3\"><a aria-expanded=\"false\" aria-controls=\"16f8e095fef7c27c3\" role=\"button\" data-toggle=\"collapse\" data-parent=\"#accordion-8092-3\" data-target=\"#16f8e095fef7c27c3\" href=\"#16f8e095fef7c27c3\"><span class=\"fusion-toggle-icon-wrapper\" aria-hidden=\"true\"><i class=\"fa-fusion-box active-icon awb-icon-minus\" aria-hidden=\"true\"><\/i><i class=\"fa-fusion-box inactive-icon awb-icon-plus\" aria-hidden=\"true\"><\/i><\/span><span class=\"fusion-toggle-heading\">\u00bfSe admiten perros en el hotel?<\/span><\/a><\/h4><\/div><div id=\"16f8e095fef7c27c3\" class=\"panel-collapse collapse \" aria-labelledby=\"toggle_16f8e095fef7c27c3\"><div class=\"panel-body toggle-content fusion-clearfix\">\n<p>En nuestro hotel se admiten perros. Lamentablemente, las dem\u00e1s mascotas deben quedarse en casa. El coste es de 25,00 \u20ac por noche y por perro. A cambio, tu amigo de cuatro patas recibir\u00e1 una manta para perros y un comedero durante toda su estancia.<\/p>\n<\/div><\/div><\/div><div class=\"fusion-panel panel-default panel-b5ca7ec8c4c509c2b fusion-toggle-has-divider\"><div class=\"panel-heading\"><h4 class=\"panel-title toggle\" id=\"toggle_b5ca7ec8c4c509c2b\"><a aria-expanded=\"false\" aria-controls=\"b5ca7ec8c4c509c2b\" role=\"button\" data-toggle=\"collapse\" data-parent=\"#accordion-8092-3\" data-target=\"#b5ca7ec8c4c509c2b\" href=\"#b5ca7ec8c4c509c2b\"><span class=\"fusion-toggle-icon-wrapper\" aria-hidden=\"true\"><i class=\"fa-fusion-box active-icon awb-icon-minus\" aria-hidden=\"true\"><\/i><i class=\"fa-fusion-box inactive-icon awb-icon-plus\" aria-hidden=\"true\"><\/i><\/span><span class=\"fusion-toggle-heading\">\u00bfSon bienvenidos los ni\u00f1os?<\/span><\/a><\/h4><\/div><div id=\"b5ca7ec8c4c509c2b\" class=\"panel-collapse collapse \" aria-labelledby=\"toggle_b5ca7ec8c4c509c2b\"><div class=\"panel-body toggle-content fusion-clearfix\">\n<p>Los ni\u00f1os son muy bienvenidos aqu\u00ed.<\/p>\n<\/div><\/div><\/div><div class=\"fusion-panel panel-default panel-2aab7da1de2f3aaa2 fusion-toggle-has-divider\"><div class=\"panel-heading\"><h4 class=\"panel-title toggle\" id=\"toggle_2aab7da1de2f3aaa2\"><a aria-expanded=\"false\" aria-controls=\"2aab7da1de2f3aaa2\" role=\"button\" data-toggle=\"collapse\" data-parent=\"#accordion-8092-3\" data-target=\"#2aab7da1de2f3aaa2\" href=\"#2aab7da1de2f3aaa2\"><span class=\"fusion-toggle-icon-wrapper\" aria-hidden=\"true\"><i class=\"fa-fusion-box active-icon awb-icon-minus\" aria-hidden=\"true\"><\/i><i class=\"fa-fusion-box inactive-icon awb-icon-plus\" aria-hidden=\"true\"><\/i><\/span><span class=\"fusion-toggle-heading\">\u00bfPodemos leer nuestros peri\u00f3dicos habituales en tu casa?<\/span><\/a><\/h4><\/div><div id=\"2aab7da1de2f3aaa2\" class=\"panel-collapse collapse \" aria-labelledby=\"toggle_2aab7da1de2f3aaa2\"><div class=\"panel-body toggle-content fusion-clearfix\">\n<p>Te ofrecemos una selecci\u00f3n gratuita de peri\u00f3dicos austriacos en nuestro restaurante. Los peri\u00f3dicos internacionales se pueden comprar en las inmediaciones.<\/p>\n<\/div><\/div><\/div><div class=\"fusion-panel panel-default panel-8c7732baa250bd96d fusion-toggle-has-divider\"><div class=\"panel-heading\"><h4 class=\"panel-title toggle\" id=\"toggle_8c7732baa250bd96d\"><a aria-expanded=\"false\" aria-controls=\"8c7732baa250bd96d\" role=\"button\" data-toggle=\"collapse\" data-parent=\"#accordion-8092-3\" data-target=\"#8c7732baa250bd96d\" href=\"#8c7732baa250bd96d\"><span class=\"fusion-toggle-icon-wrapper\" aria-hidden=\"true\"><i class=\"fa-fusion-box active-icon awb-icon-minus\" aria-hidden=\"true\"><\/i><i class=\"fa-fusion-box inactive-icon awb-icon-plus\" aria-hidden=\"true\"><\/i><\/span><span class=\"fusion-toggle-heading\">\u00bfSe puede fumar en el hotel? \u00bfHay una zona especial para fumadores? <\/span><\/a><\/h4><\/div><div id=\"8c7732baa250bd96d\" class=\"panel-collapse collapse \" aria-labelledby=\"toggle_8c7732baa250bd96d\"><div class=\"panel-body toggle-content fusion-clearfix\">\n<p>Somos un hotel para no fumadores. Est\u00e1 permitido fumar delante de nuestro hotel.<\/p>\n<\/div><\/div><\/div><div class=\"fusion-panel panel-default panel-6d2e2c3900f8f07aa fusion-toggle-has-divider\"><div class=\"panel-heading\"><h4 class=\"panel-title toggle\" id=\"toggle_6d2e2c3900f8f07aa\"><a aria-expanded=\"false\" aria-controls=\"6d2e2c3900f8f07aa\" role=\"button\" data-toggle=\"collapse\" data-parent=\"#accordion-8092-3\" data-target=\"#6d2e2c3900f8f07aa\" href=\"#6d2e2c3900f8f07aa\"><span class=\"fusion-toggle-icon-wrapper\" aria-hidden=\"true\"><i class=\"fa-fusion-box active-icon awb-icon-minus\" aria-hidden=\"true\"><\/i><i class=\"fa-fusion-box inactive-icon awb-icon-plus\" aria-hidden=\"true\"><\/i><\/span><span class=\"fusion-toggle-heading\">\u00bfHay Internet en el hotel y cu\u00e1nto cuesta?<\/span><\/a><\/h4><\/div><div id=\"6d2e2c3900f8f07aa\" class=\"panel-collapse collapse \" aria-labelledby=\"toggle_6d2e2c3900f8f07aa\"><div class=\"panel-body toggle-content fusion-clearfix\">\n<p>Hay conexi\u00f3n Wi-Fi gratuita en todo el hotel y en todas las habitaciones.<\/p>\n<\/div><\/div><\/div><div class=\"fusion-panel panel-default panel-ca6363c2a1cca4991 fusion-toggle-has-divider\"><div class=\"panel-heading\"><h4 class=\"panel-title toggle\" id=\"toggle_ca6363c2a1cca4991\"><a aria-expanded=\"false\" aria-controls=\"ca6363c2a1cca4991\" role=\"button\" data-toggle=\"collapse\" data-parent=\"#accordion-8092-3\" data-target=\"#ca6363c2a1cca4991\" href=\"#ca6363c2a1cca4991\"><span class=\"fusion-toggle-icon-wrapper\" aria-hidden=\"true\"><i class=\"fa-fusion-box active-icon awb-icon-minus\" aria-hidden=\"true\"><\/i><i class=\"fa-fusion-box inactive-icon awb-icon-plus\" aria-hidden=\"true\"><\/i><\/span><span class=\"fusion-toggle-heading\">\u00bfCu\u00e1nto tiempo est\u00e1 abierta la recepci\u00f3n?<\/span><\/a><\/h4><\/div><div id=\"ca6363c2a1cca4991\" class=\"panel-collapse collapse \" aria-labelledby=\"toggle_ca6363c2a1cca4991\"><div class=\"panel-body toggle-content fusion-clearfix\">\n<p>Nuestro equipo de recepci\u00f3n est\u00e1 a tu disposici\u00f3n las 24 horas del d\u00eda.<\/p>\n<\/div><\/div><\/div><div class=\"fusion-panel panel-default panel-6e40a26090f8f4af2 fusion-toggle-has-divider\"><div class=\"panel-heading\"><h4 class=\"panel-title toggle\" id=\"toggle_6e40a26090f8f4af2\"><a aria-expanded=\"false\" aria-controls=\"6e40a26090f8f4af2\" role=\"button\" data-toggle=\"collapse\" data-parent=\"#accordion-8092-3\" data-target=\"#6e40a26090f8f4af2\" href=\"#6e40a26090f8f4af2\"><span class=\"fusion-toggle-icon-wrapper\" aria-hidden=\"true\"><i class=\"fa-fusion-box active-icon awb-icon-minus\" aria-hidden=\"true\"><\/i><i class=\"fa-fusion-box inactive-icon awb-icon-plus\" aria-hidden=\"true\"><\/i><\/span><span class=\"fusion-toggle-heading\">\u00bfQu\u00e9 formas de pago acept\u00e1is?<\/span><\/a><\/h4><\/div><div id=\"6e40a26090f8f4af2\" class=\"panel-collapse collapse \" aria-labelledby=\"toggle_6e40a26090f8f4af2\"><div class=\"panel-body toggle-content fusion-clearfix\">\n<p>Aceptamos efectivo, cajero autom\u00e1tico, Visa, Mastercard, American Express, Diners Club y JCB.<\/p>\n<\/div><\/div><\/div><div class=\"fusion-panel panel-default panel-b72ccb6787868371c fusion-toggle-has-divider\"><div class=\"panel-heading\"><h4 class=\"panel-title toggle\" id=\"toggle_b72ccb6787868371c\"><a aria-expanded=\"false\" aria-controls=\"b72ccb6787868371c\" role=\"button\" data-toggle=\"collapse\" data-parent=\"#accordion-8092-3\" data-target=\"#b72ccb6787868371c\" href=\"#b72ccb6787868371c\"><span class=\"fusion-toggle-icon-wrapper\" aria-hidden=\"true\"><i class=\"fa-fusion-box active-icon awb-icon-minus\" aria-hidden=\"true\"><\/i><i class=\"fa-fusion-box inactive-icon awb-icon-plus\" aria-hidden=\"true\"><\/i><\/span><span class=\"fusion-toggle-heading\">\u00bfNecesito una tarjeta de cr\u00e9dito para hacer la reserva? \u00bfPor qu\u00e9 necesit\u00e1is los datos de mi tarjeta de cr\u00e9dito? \u00bfEst\u00e1n protegidos?  <\/span><\/a><\/h4><\/div><div id=\"b72ccb6787868371c\" class=\"panel-collapse collapse \" aria-labelledby=\"toggle_b72ccb6787868371c\"><div class=\"panel-body toggle-content fusion-clearfix\">\n<p>S\u00ed, necesitamos los datos de la tarjeta de cr\u00e9dito como garant\u00eda o para pagar la reserva en el caso de los plazos promocionales. Si hay una tarjeta de cr\u00e9dito registrada, garantizamos el mantenimiento de tu reserva hasta tu llegada. Al registrarte, puedes decidir si quieres pagar tu reserva en efectivo o con tarjeta de cr\u00e9dito, si no la has pagado ya por adelantado.<\/p>\n<p>Si no deseas enviar los datos de tu tarjeta de cr\u00e9dito por Internet, puedes envi\u00e1rnoslos por fax o tel\u00e9fono.<\/p>\n<p>Nuestro hotel est\u00e1 verificado por PCI y, por tanto, garantiza la protecci\u00f3n de tus datos.<\/p>\n<p>M\u00e1s informaci\u00f3n en: <a href=\"https:\/\/imlauer.com\/datenschutz\/\">https:\/\/imlauer.com\/datenschutz\/<\/a><\/p>\n<\/div><\/div><\/div><div class=\"fusion-panel panel-default panel-6bc748c1d75f2b690 fusion-toggle-has-divider\"><div class=\"panel-heading\"><h4 class=\"panel-title toggle\" id=\"toggle_6bc748c1d75f2b690\"><a aria-expanded=\"false\" aria-controls=\"6bc748c1d75f2b690\" role=\"button\" data-toggle=\"collapse\" data-parent=\"#accordion-8092-3\" data-target=\"#6bc748c1d75f2b690\" href=\"#6bc748c1d75f2b690\"><span class=\"fusion-toggle-icon-wrapper\" aria-hidden=\"true\"><i class=\"fa-fusion-box active-icon awb-icon-minus\" aria-hidden=\"true\"><\/i><i class=\"fa-fusion-box inactive-icon awb-icon-plus\" aria-hidden=\"true\"><\/i><\/span><span class=\"fusion-toggle-heading\">\u00bfQu\u00e9 opciones tengo si no tengo tarjeta de cr\u00e9dito?<\/span><\/a><\/h4><\/div><div id=\"6bc748c1d75f2b690\" class=\"panel-collapse collapse \" aria-labelledby=\"toggle_6bc748c1d75f2b690\"><div class=\"panel-body toggle-content fusion-clearfix\">\n<p>Si no tienes tarjeta de cr\u00e9dito, tambi\u00e9n puedes pagar por adelantado. Para m\u00e1s informaci\u00f3n, ponte en contacto con el departamento de reservas.<\/p>\n<\/div><\/div><\/div><div class=\"fusion-panel panel-default panel-1b305894fa6789a9e fusion-toggle-has-divider\"><div class=\"panel-heading\"><h4 class=\"panel-title toggle\" id=\"toggle_1b305894fa6789a9e\"><a aria-expanded=\"false\" aria-controls=\"1b305894fa6789a9e\" role=\"button\" data-toggle=\"collapse\" data-parent=\"#accordion-8092-3\" data-target=\"#1b305894fa6789a9e\" href=\"#1b305894fa6789a9e\"><span class=\"fusion-toggle-icon-wrapper\" aria-hidden=\"true\"><i class=\"fa-fusion-box active-icon awb-icon-minus\" aria-hidden=\"true\"><\/i><i class=\"fa-fusion-box inactive-icon awb-icon-plus\" aria-hidden=\"true\"><\/i><\/span><span class=\"fusion-toggle-heading\">\u00bfQu\u00e9 es una autorizaci\u00f3n?<\/span><\/a><\/h4><\/div><div id=\"1b305894fa6789a9e\" class=\"panel-collapse collapse \" aria-labelledby=\"toggle_1b305894fa6789a9e\"><div class=\"panel-body toggle-content fusion-clearfix\">\n<p>Con una preautorizaci\u00f3n, el banco emisor de la tarjeta reserva un importe en tu tarjeta de cr\u00e9dito. Esto significa que, en realidad, no se realiza ning\u00fan cargo en tu tarjeta de cr\u00e9dito.<br \/>\nSin embargo, no puedes disponer del importe reservado durante un determinado periodo de tiempo.<br \/>\nEste procedimiento sirve como seguridad de pago para el hotel, por ejemplo.<\/p>\n<\/div><\/div><\/div><div class=\"fusion-panel panel-default panel-6a584561e312aeb31 fusion-toggle-has-divider\"><div class=\"panel-heading\"><h4 class=\"panel-title toggle\" id=\"toggle_6a584561e312aeb31\"><a aria-expanded=\"false\" aria-controls=\"6a584561e312aeb31\" role=\"button\" data-toggle=\"collapse\" data-parent=\"#accordion-8092-3\" data-target=\"#6a584561e312aeb31\" href=\"#6a584561e312aeb31\"><span class=\"fusion-toggle-icon-wrapper\" aria-hidden=\"true\"><i class=\"fa-fusion-box active-icon awb-icon-minus\" aria-hidden=\"true\"><\/i><i class=\"fa-fusion-box inactive-icon awb-icon-plus\" aria-hidden=\"true\"><\/i><\/span><span class=\"fusion-toggle-heading\">\u00bfTengo que pagar un dep\u00f3sito para asegurar la reserva?<\/span><\/a><\/h4><\/div><div id=\"6a584561e312aeb31\" class=\"panel-collapse collapse \" aria-labelledby=\"toggle_6a584561e312aeb31\"><div class=\"panel-body toggle-content fusion-clearfix\">\n<p>No, una tarjeta de cr\u00e9dito es suficiente como garant\u00eda.<\/p>\n<\/div><\/div><\/div><div class=\"fusion-panel panel-default panel-86d9439276ee6d8e8 fusion-toggle-has-divider\"><div class=\"panel-heading\"><h4 class=\"panel-title toggle\" id=\"toggle_86d9439276ee6d8e8\"><a aria-expanded=\"false\" aria-controls=\"86d9439276ee6d8e8\" role=\"button\" data-toggle=\"collapse\" data-parent=\"#accordion-8092-3\" data-target=\"#86d9439276ee6d8e8\" href=\"#86d9439276ee6d8e8\"><span class=\"fusion-toggle-icon-wrapper\" aria-hidden=\"true\"><i class=\"fa-fusion-box active-icon awb-icon-minus\" aria-hidden=\"true\"><\/i><i class=\"fa-fusion-box inactive-icon awb-icon-plus\" aria-hidden=\"true\"><\/i><\/span><span class=\"fusion-toggle-heading\">\u00bfHasta cu\u00e1ndo podemos anular gratuitamente?<\/span><\/a><\/h4><\/div><div id=\"86d9439276ee6d8e8\" class=\"panel-collapse collapse \" aria-labelledby=\"toggle_86d9439276ee6d8e8\"><div class=\"panel-body toggle-content fusion-clearfix\">\n<p>Si deseas modificar o anular tu reserva, debes hacerlo dentro del plazo de anulaci\u00f3n especificado. Las condiciones de cancelaci\u00f3n figuran en la confirmaci\u00f3n de tu reserva. Puedes ponerte en contacto con nuestro departamento de reservas para cualquier consulta.  <\/p>\n<p>Si no cancelas la reserva dentro del plazo establecido, el hotel te cobrar\u00e1 la primera noche. Ten en cuenta que nuestro hotel ofrece diferentes tarifas y, por tanto, diferentes condiciones de cancelaci\u00f3n. <\/p>\n<p>Para las tarifas &#8222;NoShow&#8220;, se cargar\u00e1 en la tarjeta de cr\u00e9dito que proporcionaste para la garant\u00eda en el momento de la reserva.<\/p>\n<\/div><\/div><\/div><div class=\"fusion-panel panel-default panel-7702d9be38ac5ee97 fusion-toggle-has-divider\"><div class=\"panel-heading\"><h4 class=\"panel-title toggle\" id=\"toggle_7702d9be38ac5ee97\"><a aria-expanded=\"false\" aria-controls=\"7702d9be38ac5ee97\" role=\"button\" data-toggle=\"collapse\" data-parent=\"#accordion-8092-3\" data-target=\"#7702d9be38ac5ee97\" href=\"#7702d9be38ac5ee97\"><span class=\"fusion-toggle-icon-wrapper\" aria-hidden=\"true\"><i class=\"fa-fusion-box active-icon awb-icon-minus\" aria-hidden=\"true\"><\/i><i class=\"fa-fusion-box inactive-icon awb-icon-plus\" aria-hidden=\"true\"><\/i><\/span><span class=\"fusion-toggle-heading\">\u00bfD\u00f3nde puedo cambiar dinero?<\/span><\/a><\/h4><\/div><div id=\"7702d9be38ac5ee97\" class=\"panel-collapse collapse \" aria-labelledby=\"toggle_7702d9be38ac5ee97\"><div class=\"panel-body toggle-content fusion-clearfix\">\n<p>En el banco m\u00e1s cercano (Sparkasse, Bawag)<\/p>\n<\/div><\/div><\/div><div class=\"fusion-panel panel-default panel-e82f4759578808a40 fusion-toggle-has-divider\"><div class=\"panel-heading\"><h4 class=\"panel-title toggle\" id=\"toggle_e82f4759578808a40\"><a aria-expanded=\"false\" aria-controls=\"e82f4759578808a40\" role=\"button\" data-toggle=\"collapse\" data-parent=\"#accordion-8092-3\" data-target=\"#e82f4759578808a40\" href=\"#e82f4759578808a40\"><span class=\"fusion-toggle-icon-wrapper\" aria-hidden=\"true\"><i class=\"fa-fusion-box active-icon awb-icon-minus\" aria-hidden=\"true\"><\/i><i class=\"fa-fusion-box inactive-icon awb-icon-plus\" aria-hidden=\"true\"><\/i><\/span><span class=\"fusion-toggle-heading\">\u00bfLa consigna de equipaje es gratuita?<\/span><\/a><\/h4><\/div><div id=\"e82f4759578808a40\" class=\"panel-collapse collapse \" aria-labelledby=\"toggle_e82f4759578808a40\"><div class=\"panel-body toggle-content fusion-clearfix\">\n<p>S\u00ed, es gratuito para los hu\u00e9spedes del hotel.<\/p>\n<\/div><\/div><\/div><div class=\"fusion-panel panel-default panel-873b336630dff81dc fusion-toggle-has-divider\"><div class=\"panel-heading\"><h4 class=\"panel-title toggle\" id=\"toggle_873b336630dff81dc\"><a aria-expanded=\"false\" aria-controls=\"873b336630dff81dc\" role=\"button\" data-toggle=\"collapse\" data-parent=\"#accordion-8092-3\" data-target=\"#873b336630dff81dc\" href=\"#873b336630dff81dc\"><span class=\"fusion-toggle-icon-wrapper\" aria-hidden=\"true\"><i class=\"fa-fusion-box active-icon awb-icon-minus\" aria-hidden=\"true\"><\/i><i class=\"fa-fusion-box inactive-icon awb-icon-plus\" aria-hidden=\"true\"><\/i><\/span><span class=\"fusion-toggle-heading\">\u00bfTienes tarjetas de Salzburgo?<\/span><\/a><\/h4><\/div><div id=\"873b336630dff81dc\" class=\"panel-collapse collapse \" aria-labelledby=\"toggle_873b336630dff81dc\"><div class=\"panel-body toggle-content fusion-clearfix\">\n<p>S\u00ed, se pueden comprar en recepci\u00f3n.<\/p>\n<\/div><\/div><\/div><\/div><\/div><div class=\"fusion-clearfix\"><\/div><\/div><\/div><div class=\"fusion-layout-column fusion_builder_column fusion-builder-column-6 fusion_builder_column_1_2 1_2 fusion-one-half fusion-column-last fusion-animated\" style=\"--awb-padding-top:5%;--awb-padding-right:11%;--awb-padding-bottom:5%;--awb-padding-left:11%;--awb-bg-color:#ffffff;--awb-bg-color-hover:#ffffff;--awb-bg-size:cover;--awb-margin-bottom:0px;width:50%;width:calc(50% - ( ( 0 ) * 0.5 ) );\" data-animationType=\"fadeInLeft\" data-animationDuration=\"0.8\" data-animationOffset=\"top-into-view\" id=\"naehe\"><div class=\"fusion-column-wrapper fusion-column-has-shadow fusion-flex-column-wrapper-legacy\"><div class=\"fusion-content-boxes content-boxes columns row fusion-columns-1 fusion-columns-total-1 fusion-content-boxes-5 content-boxes-icon-on-top content-left\" style=\"--awb-backgroundcolor:#ffffff;--awb-body-color:#636362;--awb-title-color:#af9755;--awb-iconcolor:#008ab4;--awb-hover-accent-color:#af9755;--awb-circle-hover-accent-color:transparent;--awb-item-margin-bottom:40px;\" data-animationOffset=\"top-into-view\"><div style=\"--awb-backgroundcolor:#ffffff;--awb-iconcolor:#008ab4;\" class=\"fusion-column content-box-column content-box-column content-box-column-1 col-lg-12 col-md-12 col-sm-12 fusion-content-box-hover content-box-column-last content-box-column-last-in-row\"><div class=\"col content-box-wrapper content-wrapper-background link-area-box icon-hover-animation-slide\" data-animationOffset=\"top-into-view\"><div class=\"heading heading-with-icon icon-left\"><div aria-hidden=\"true\" class=\"image\"><img decoding=\"async\" class=\"lazyload\" src=\"data:image\/svg+xml,%3Csvg%20xmlns%3D%27http%3A%2F%2Fwww.w3.org%2F2000%2Fsvg%27%20width%3D%27100%27%20height%3D%27100%27%20viewBox%3D%270%200%20100%20100%27%3E%3Crect%20width%3D%27100%27%20height%3D%27100%27%20fill-opacity%3D%220%22%2F%3E%3C%2Fsvg%3E\" data-orig-src=\"https:\/\/imlauer.com\/hotel-imlauer-salzburg\/wp-content\/uploads\/2025\/02\/imlauernearby.png\" width=\"100\" height=\"100\" alt=\"\" \/><\/div><h2 class=\"content-box-heading\" style=\"--h2_typography-font-size:20px;line-height:25px;\">cerca del hotel<\/h2><\/div><\/div><\/div><div class=\"fusion-clearfix\"><\/div><\/div><div class=\"accordian fusion-accordian\" style=\"--awb-border-size:1px;--awb-icon-size:13px;--awb-content-font-size:18px;--awb-icon-alignment:left;--awb-hover-color:#f9f9f9;--awb-border-color:#cccccc;--awb-background-color:#ffffff;--awb-divider-color:#e0dede;--awb-divider-hover-color:#e0dede;--awb-icon-color:#ffffff;--awb-title-color:#af9755;--awb-content-color:#747474;--awb-icon-box-color:#333333;--awb-toggle-hover-accent-color:#af9754;--awb-title-font-family:&quot;Bitter&quot;;--awb-title-font-weight:400;--awb-title-font-style:normal;--awb-content-font-family:&quot;Source Sans Pro&quot;;--awb-content-font-style:normal;--awb-content-font-weight:400;\"><div class=\"panel-group fusion-toggle-icon-boxed\" id=\"accordion-8092-4\"><div class=\"fusion-panel panel-default panel-89a8152d289eefe21 fusion-toggle-has-divider\"><div class=\"panel-heading\"><h4 class=\"panel-title toggle\" id=\"toggle_89a8152d289eefe21\"><a aria-expanded=\"false\" aria-controls=\"89a8152d289eefe21\" role=\"button\" data-toggle=\"collapse\" data-parent=\"#accordion-8092-4\" data-target=\"#89a8152d289eefe21\" href=\"#89a8152d289eefe21\"><span class=\"fusion-toggle-icon-wrapper\" aria-hidden=\"true\"><i class=\"fa-fusion-box active-icon awb-icon-minus\" aria-hidden=\"true\"><\/i><i class=\"fa-fusion-box inactive-icon awb-icon-plus\" aria-hidden=\"true\"><\/i><\/span><span class=\"fusion-toggle-heading\">\u00bfCu\u00e1nto se tarda en llegar en coche al Designer Outlet o al Europark?<\/span><\/a><\/h4><\/div><div id=\"89a8152d289eefe21\" class=\"panel-collapse collapse \" aria-labelledby=\"toggle_89a8152d289eefe21\"><div class=\"panel-body toggle-content fusion-clearfix\">\n<p>El Designer Outlet Salzburgo est\u00e1 situado directamente en la autopista y se puede llegar a \u00e9l en 15-20 minutos. Estaremos encantados de informarte en recepci\u00f3n sobre las opciones de traslado en transporte p\u00fablico. <\/p>\n<p>El Europark est\u00e1 situado directamente en las afueras de Salzburgo. Desde nuestro hotel hay unos 20 minutos en coche o 25-30 minutos en autob\u00fas.<\/p>\n<\/div><\/div><\/div><div class=\"fusion-panel panel-default panel-aed31b5b5b2dc0d2a fusion-toggle-has-divider\"><div class=\"panel-heading\"><h4 class=\"panel-title toggle\" id=\"toggle_aed31b5b5b2dc0d2a\"><a aria-expanded=\"false\" aria-controls=\"aed31b5b5b2dc0d2a\" role=\"button\" data-toggle=\"collapse\" data-parent=\"#accordion-8092-4\" data-target=\"#aed31b5b5b2dc0d2a\" href=\"#aed31b5b5b2dc0d2a\"><span class=\"fusion-toggle-icon-wrapper\" aria-hidden=\"true\"><i class=\"fa-fusion-box active-icon awb-icon-minus\" aria-hidden=\"true\"><\/i><i class=\"fa-fusion-box inactive-icon awb-icon-plus\" aria-hidden=\"true\"><\/i><\/span><span class=\"fusion-toggle-heading\">\u00bfA qu\u00e9 distancia est\u00e1 el recinto ferial?<\/span><\/a><\/h4><\/div><div id=\"aed31b5b5b2dc0d2a\" class=\"panel-collapse collapse \" aria-labelledby=\"toggle_aed31b5b5b2dc0d2a\"><div class=\"panel-body toggle-content fusion-clearfix\">\n<p>Desde nuestro hotel al recinto ferial hay unos 20 minutos. La parada de autob\u00fas m\u00e1s cercana al hotel est\u00e1 a 200 metros.<\/p>\n<\/div><\/div><\/div><div class=\"fusion-panel panel-default panel-6107324c5ac13acfb fusion-toggle-has-divider\"><div class=\"panel-heading\"><h4 class=\"panel-title toggle\" id=\"toggle_6107324c5ac13acfb\"><a aria-expanded=\"false\" aria-controls=\"6107324c5ac13acfb\" role=\"button\" data-toggle=\"collapse\" data-parent=\"#accordion-8092-4\" data-target=\"#6107324c5ac13acfb\" href=\"#6107324c5ac13acfb\"><span class=\"fusion-toggle-icon-wrapper\" aria-hidden=\"true\"><i class=\"fa-fusion-box active-icon awb-icon-minus\" aria-hidden=\"true\"><\/i><i class=\"fa-fusion-box inactive-icon awb-icon-plus\" aria-hidden=\"true\"><\/i><\/span><span class=\"fusion-toggle-heading\">\u00bfA qu\u00e9 distancia est\u00e1 el centro de congresos del hotel?<\/span><\/a><\/h4><\/div><div id=\"6107324c5ac13acfb\" class=\"panel-collapse collapse \" aria-labelledby=\"toggle_6107324c5ac13acfb\"><div class=\"panel-body toggle-content fusion-clearfix\">\n<p>El Kongresshaus Salzburg est\u00e1 a unos 200 metros del hotel.<\/p>\n<\/div><\/div><\/div><div class=\"fusion-panel panel-default panel-45a494f49596dcccb fusion-toggle-has-divider\"><div class=\"panel-heading\"><h4 class=\"panel-title toggle\" id=\"toggle_45a494f49596dcccb\"><a aria-expanded=\"false\" aria-controls=\"45a494f49596dcccb\" role=\"button\" data-toggle=\"collapse\" data-parent=\"#accordion-8092-4\" data-target=\"#45a494f49596dcccb\" href=\"#45a494f49596dcccb\"><span class=\"fusion-toggle-icon-wrapper\" aria-hidden=\"true\"><i class=\"fa-fusion-box active-icon awb-icon-minus\" aria-hidden=\"true\"><\/i><i class=\"fa-fusion-box inactive-icon awb-icon-plus\" aria-hidden=\"true\"><\/i><\/span><span class=\"fusion-toggle-heading\">\u00bfA qu\u00e9 distancia est\u00e1 el casco antiguo del hotel?<\/span><\/a><\/h4><\/div><div id=\"45a494f49596dcccb\" class=\"panel-collapse collapse \" aria-labelledby=\"toggle_45a494f49596dcccb\"><div class=\"panel-body toggle-content fusion-clearfix\">\n<p>Nuestro hotel est\u00e1 situado en el lado derecho del casco antiguo. Puedes llegar al lado izquierdo del casco antiguo (incluida la casa natal de Mozart) en 15 minutos dando un agradable paseo por los Jardines de Mirabell.<\/p>\n<\/div><\/div><\/div><div class=\"fusion-panel panel-default panel-374c18d08f9498f35 fusion-toggle-has-divider\"><div class=\"panel-heading\"><h4 class=\"panel-title toggle\" id=\"toggle_374c18d08f9498f35\"><a aria-expanded=\"false\" aria-controls=\"374c18d08f9498f35\" role=\"button\" data-toggle=\"collapse\" data-parent=\"#accordion-8092-4\" data-target=\"#374c18d08f9498f35\" href=\"#374c18d08f9498f35\"><span class=\"fusion-toggle-icon-wrapper\" aria-hidden=\"true\"><i class=\"fa-fusion-box active-icon awb-icon-minus\" aria-hidden=\"true\"><\/i><i class=\"fa-fusion-box inactive-icon awb-icon-plus\" aria-hidden=\"true\"><\/i><\/span><span class=\"fusion-toggle-heading\">\u00bfHay supermercados\/farmacia cerca?<\/span><\/a><\/h4><\/div><div id=\"374c18d08f9498f35\" class=\"panel-collapse collapse \" aria-labelledby=\"toggle_374c18d08f9498f35\"><div class=\"panel-body toggle-content fusion-clearfix\">\n<p>Hay dos supermercados en las inmediaciones. La farmacia Elisabeth est\u00e1 en la calle Elisabethstra\u00dfe 1a, a dos minutos a pie del hotel. Puedes informarte sobre los horarios de apertura en recepci\u00f3n.<\/p>\n<\/div><\/div><\/div><div class=\"fusion-panel panel-default panel-a52c8bce1a0077704 fusion-toggle-has-divider\"><div class=\"panel-heading\"><h4 class=\"panel-title toggle\" id=\"toggle_a52c8bce1a0077704\"><a aria-expanded=\"false\" aria-controls=\"a52c8bce1a0077704\" role=\"button\" data-toggle=\"collapse\" data-parent=\"#accordion-8092-4\" data-target=\"#a52c8bce1a0077704\" href=\"#a52c8bce1a0077704\"><span class=\"fusion-toggle-icon-wrapper\" aria-hidden=\"true\"><i class=\"fa-fusion-box active-icon awb-icon-minus\" aria-hidden=\"true\"><\/i><i class=\"fa-fusion-box inactive-icon awb-icon-plus\" aria-hidden=\"true\"><\/i><\/span><span class=\"fusion-toggle-heading\">\u00bfA qu\u00e9 distancia est\u00e1 la estaci\u00f3n de ferrocarril m\u00e1s cercana?<\/span><\/a><\/h4><\/div><div id=\"a52c8bce1a0077704\" class=\"panel-collapse collapse \" aria-labelledby=\"toggle_a52c8bce1a0077704\"><div class=\"panel-body toggle-content fusion-clearfix\">\n<p>Los trenes internacionales salen de la estaci\u00f3n central de Salzburgo (500 metros). Se puede llegar f\u00e1cilmente a la estaci\u00f3n en transporte p\u00fablico, a pie o en un corto trayecto en taxi.<\/p>\n<\/div><\/div><\/div><div class=\"fusion-panel panel-default panel-428df3f23440318b8 fusion-toggle-has-divider\"><div class=\"panel-heading\"><h4 class=\"panel-title toggle\" id=\"toggle_428df3f23440318b8\"><a aria-expanded=\"false\" aria-controls=\"428df3f23440318b8\" role=\"button\" data-toggle=\"collapse\" data-parent=\"#accordion-8092-4\" data-target=\"#428df3f23440318b8\" href=\"#428df3f23440318b8\"><span class=\"fusion-toggle-icon-wrapper\" aria-hidden=\"true\"><i class=\"fa-fusion-box active-icon awb-icon-minus\" aria-hidden=\"true\"><\/i><i class=\"fa-fusion-box inactive-icon awb-icon-plus\" aria-hidden=\"true\"><\/i><\/span><span class=\"fusion-toggle-heading\">\u00bfA qu\u00e9 distancia est\u00e1 el aeropuerto m\u00e1s cercano?<\/span><\/a><\/h4><\/div><div id=\"428df3f23440318b8\" class=\"panel-collapse collapse \" aria-labelledby=\"toggle_428df3f23440318b8\"><div class=\"panel-body toggle-content fusion-clearfix\">\n<p>Puedes llegar al aeropuerto de Salzburgo en unos 25 minutos (15 paradas) con la l\u00ednea 2 del troleb\u00fas desde la cercana parada de &#8222;Kiesel&#8220;.<\/p>\n<p>El trayecto en taxi desde el hotel hasta el aeropuerto cuesta unos 15,00 euros y tarda entre 15 y 20 minutos, dependiendo del tr\u00e1fico.<\/p>\n<\/div><\/div><\/div><\/div><\/div><div class=\"fusion-clearfix\"><\/div><\/div><\/div><div class=\"fusion-layout-column fusion_builder_column fusion-builder-column-7 fusion_builder_column_1_2 1_2 fusion-one-half fusion-column-first fusion-animated\" style=\"--awb-padding-top:5%;--awb-padding-right:11%;--awb-padding-bottom:5%;--awb-padding-left:11%;--awb-bg-color:#ffffff;--awb-bg-color-hover:#ffffff;--awb-bg-size:cover;--awb-margin-bottom:8%;width:50%;width:calc(50% - ( ( 0 ) * 0.5 ) );margin-right: 0px;\" data-animationType=\"fadeInRight\" data-animationDuration=\"0.8\" data-animationOffset=\"top-into-view\" id=\"kulinarik\"><div class=\"fusion-column-wrapper fusion-column-has-shadow fusion-flex-column-wrapper-legacy\"><div class=\"fusion-content-boxes content-boxes columns row fusion-columns-1 fusion-columns-total-1 fusion-content-boxes-6 content-boxes-icon-on-top content-left\" style=\"--awb-backgroundcolor:#ffffff;--awb-body-color:#636362;--awb-title-color:#af9755;--awb-iconcolor:#008ab4;--awb-hover-accent-color:#af9755;--awb-circle-hover-accent-color:transparent;--awb-item-margin-bottom:40px;\" data-animationOffset=\"top-into-view\"><div style=\"--awb-backgroundcolor:#ffffff;--awb-iconcolor:#008ab4;\" class=\"fusion-column content-box-column content-box-column content-box-column-1 col-lg-12 col-md-12 col-sm-12 fusion-content-box-hover content-box-column-last content-box-column-last-in-row\"><div class=\"col content-box-wrapper content-wrapper-background link-area-box icon-hover-animation-slide\" data-animationOffset=\"top-into-view\"><div class=\"heading heading-with-icon icon-left\"><div aria-hidden=\"true\" class=\"image\"><img decoding=\"async\" class=\"lazyload\" src=\"data:image\/svg+xml,%3Csvg%20xmlns%3D%27http%3A%2F%2Fwww.w3.org%2F2000%2Fsvg%27%20width%3D%27100%27%20height%3D%27100%27%20viewBox%3D%270%200%20100%20100%27%3E%3Crect%20width%3D%27100%27%20height%3D%27100%27%20fill-opacity%3D%220%22%2F%3E%3C%2Fsvg%3E\" data-orig-src=\"https:\/\/imlauer.com\/hotel-imlauer-salzburg\/wp-content\/uploads\/2025\/02\/besteck-glas-1.png\" width=\"100\" height=\"100\" alt=\"\" \/><\/div><h2 class=\"content-box-heading\" style=\"--h2_typography-font-size:20px;line-height:25px;\">Delicias culinarias<\/h2><\/div><\/div><\/div><div class=\"fusion-clearfix\"><\/div><\/div><div class=\"accordian fusion-accordian\" style=\"--awb-border-size:1px;--awb-icon-size:13px;--awb-content-font-size:18px;--awb-icon-alignment:left;--awb-hover-color:#f9f9f9;--awb-border-color:#cccccc;--awb-background-color:#ffffff;--awb-divider-color:#e0dede;--awb-divider-hover-color:#e0dede;--awb-icon-color:#ffffff;--awb-title-color:#af9755;--awb-content-color:#747474;--awb-icon-box-color:#333333;--awb-toggle-hover-accent-color:#af9754;--awb-title-font-family:&quot;Bitter&quot;;--awb-title-font-weight:400;--awb-title-font-style:normal;--awb-content-font-family:&quot;Source Sans Pro&quot;;--awb-content-font-style:normal;--awb-content-font-weight:400;\"><div class=\"panel-group fusion-toggle-icon-boxed\" id=\"accordion-8092-5\"><div class=\"fusion-panel panel-default panel-74863073360bda8d6 fusion-toggle-has-divider\"><div class=\"panel-heading\"><h4 class=\"panel-title toggle\" id=\"toggle_74863073360bda8d6\"><a aria-expanded=\"false\" aria-controls=\"74863073360bda8d6\" role=\"button\" data-toggle=\"collapse\" data-parent=\"#accordion-8092-5\" data-target=\"#74863073360bda8d6\" href=\"#74863073360bda8d6\"><span class=\"fusion-toggle-icon-wrapper\" aria-hidden=\"true\"><i class=\"fa-fusion-box active-icon awb-icon-minus\" aria-hidden=\"true\"><\/i><i class=\"fa-fusion-box inactive-icon awb-icon-plus\" aria-hidden=\"true\"><\/i><\/span><span class=\"fusion-toggle-heading\">\u00bfOfrec\u00e9is tambi\u00e9n productos sin lactosa y sin gluten?<\/span><\/a><\/h4><\/div><div id=\"74863073360bda8d6\" class=\"panel-collapse collapse \" aria-labelledby=\"toggle_74863073360bda8d6\"><div class=\"panel-body toggle-content fusion-clearfix\">\n<p>Si lo solicitas, podemos ofrecerte productos sin lactosa y sin gluten.<\/p>\n<\/div><\/div><\/div><div class=\"fusion-panel panel-default panel-2534d1fe80d48d99e fusion-toggle-has-divider\"><div class=\"panel-heading\"><h4 class=\"panel-title toggle\" id=\"toggle_2534d1fe80d48d99e\"><a aria-expanded=\"false\" aria-controls=\"2534d1fe80d48d99e\" role=\"button\" data-toggle=\"collapse\" data-parent=\"#accordion-8092-5\" data-target=\"#2534d1fe80d48d99e\" href=\"#2534d1fe80d48d99e\"><span class=\"fusion-toggle-icon-wrapper\" aria-hidden=\"true\"><i class=\"fa-fusion-box active-icon awb-icon-minus\" aria-hidden=\"true\"><\/i><i class=\"fa-fusion-box inactive-icon awb-icon-plus\" aria-hidden=\"true\"><\/i><\/span><span class=\"fusion-toggle-heading\">\u00bfTiene restaurante el hotel?<\/span><\/a><\/h4><\/div><div id=\"2534d1fe80d48d99e\" class=\"panel-collapse collapse \" aria-labelledby=\"toggle_2534d1fe80d48d99e\"><div class=\"panel-body toggle-content fusion-clearfix\">\n<p>Nuestro equipo del restaurante cervecer\u00eda IMLAUER, propiedad del hotel, est\u00e1 deseando mimarte de 12:00 a 22:00 (cocina hasta las 21:00). Disfruta de la cultura cervecera y la cocina casera al m\u00e1s alto nivel.<\/p>\n<\/div><\/div><\/div><div class=\"fusion-panel panel-default panel-af1c7fee474e88965 fusion-toggle-has-divider\"><div class=\"panel-heading\"><h4 class=\"panel-title toggle\" id=\"toggle_af1c7fee474e88965\"><a aria-expanded=\"false\" aria-controls=\"af1c7fee474e88965\" role=\"button\" data-toggle=\"collapse\" data-parent=\"#accordion-8092-5\" data-target=\"#af1c7fee474e88965\" href=\"#af1c7fee474e88965\"><span class=\"fusion-toggle-icon-wrapper\" aria-hidden=\"true\"><i class=\"fa-fusion-box active-icon awb-icon-minus\" aria-hidden=\"true\"><\/i><i class=\"fa-fusion-box inactive-icon awb-icon-plus\" aria-hidden=\"true\"><\/i><\/span><span class=\"fusion-toggle-heading\">\u00bfEs posible desayunar en el hotel como hu\u00e9sped externo?<\/span><\/a><\/h4><\/div><div id=\"af1c7fee474e88965\" class=\"panel-collapse collapse \" aria-labelledby=\"toggle_af1c7fee474e88965\"><div class=\"panel-body toggle-content fusion-clearfix\">\n<p>S\u00ed, es posible que los hu\u00e9spedes de fuera de casa disfruten de nuestro desayuno en las condiciones que se indican a continuaci\u00f3n. Por favor, reserva con antelaci\u00f3n.<\/p>\n<\/div><\/div><\/div><div class=\"fusion-panel panel-default panel-8662ec8597ad072ba fusion-toggle-has-divider\"><div class=\"panel-heading\"><h4 class=\"panel-title toggle\" id=\"toggle_8662ec8597ad072ba\"><a aria-expanded=\"false\" aria-controls=\"8662ec8597ad072ba\" role=\"button\" data-toggle=\"collapse\" data-parent=\"#accordion-8092-5\" data-target=\"#8662ec8597ad072ba\" href=\"#8662ec8597ad072ba\"><span class=\"fusion-toggle-icon-wrapper\" aria-hidden=\"true\"><i class=\"fa-fusion-box active-icon awb-icon-minus\" aria-hidden=\"true\"><\/i><i class=\"fa-fusion-box inactive-icon awb-icon-plus\" aria-hidden=\"true\"><\/i><\/span><span class=\"fusion-toggle-heading\">\u00bfCu\u00e1les son los horarios del desayuno?<\/span><\/a><\/h4><\/div><div id=\"8662ec8597ad072ba\" class=\"panel-collapse collapse \" aria-labelledby=\"toggle_8662ec8597ad072ba\"><div class=\"panel-body toggle-content fusion-clearfix\">\n<p>Te ofrecemos un rico desayuno buf\u00e9 diario de 6.30 a 10.00 h.<\/p>\n<\/div><\/div><\/div><div class=\"fusion-panel panel-default panel-d9d397f53dc271845 fusion-toggle-has-divider\"><div class=\"panel-heading\"><h4 class=\"panel-title toggle\" id=\"toggle_d9d397f53dc271845\"><a aria-expanded=\"false\" aria-controls=\"d9d397f53dc271845\" role=\"button\" data-toggle=\"collapse\" data-parent=\"#accordion-8092-5\" data-target=\"#d9d397f53dc271845\" href=\"#d9d397f53dc271845\"><span class=\"fusion-toggle-icon-wrapper\" aria-hidden=\"true\"><i class=\"fa-fusion-box active-icon awb-icon-minus\" aria-hidden=\"true\"><\/i><i class=\"fa-fusion-box inactive-icon awb-icon-plus\" aria-hidden=\"true\"><\/i><\/span><span class=\"fusion-toggle-heading\">\u00bfHay recomendaciones de restaurantes?<\/span><\/a><\/h4><\/div><div id=\"d9d397f53dc271845\" class=\"panel-collapse collapse \" aria-labelledby=\"toggle_d9d397f53dc271845\"><div class=\"panel-body toggle-content fusion-clearfix\">\n<p>Te recomendamos el restaurante cervecer\u00eda IMLAUER, el Sky Bar &amp; Restaurant IMLAUER y el PitterKeller.<\/p>\n<p>En el restaurante cervecer\u00eda IMLAUER podr\u00e1s disfrutar de la cultura cervecera y la cocina casera al m\u00e1s alto nivel.<\/p>\n<p>En el Sky Bar &amp; Restaurant IMLAUER podr\u00e1s experimentar delicias culinarias con una vista incomparable del casco antiguo de Salzburgo y las monta\u00f1as.<\/p>\n<p>En el restaurante PitterKeller te servimos delicias tradicionales de la regi\u00f3n en un ambiente r\u00fastico y acogedor.<\/p>\n<\/div><\/div><\/div><div class=\"fusion-panel panel-default panel-7d663e3dd630ac2d1 fusion-toggle-has-divider\" style=\"--awb-title-color:#af9755;--awb-content-color:#747474;\"><div class=\"panel-heading\"><h4 class=\"panel-title toggle\" id=\"toggle_7d663e3dd630ac2d1\"><a aria-expanded=\"false\" aria-controls=\"7d663e3dd630ac2d1\" role=\"button\" data-toggle=\"collapse\" data-parent=\"#accordion-8092-5\" data-target=\"#7d663e3dd630ac2d1\" href=\"#7d663e3dd630ac2d1\"><span class=\"fusion-toggle-icon-wrapper\" aria-hidden=\"true\"><i class=\"fa-fusion-box active-icon awb-icon-minus\" aria-hidden=\"true\"><\/i><i class=\"fa-fusion-box inactive-icon awb-icon-plus\" aria-hidden=\"true\"><\/i><\/span><span class=\"fusion-toggle-heading\">\u00bfCu\u00e1nto cuesta el desayuno?<\/span><\/a><\/h4><\/div><div id=\"7d663e3dd630ac2d1\" class=\"panel-collapse collapse \" aria-labelledby=\"toggle_7d663e3dd630ac2d1\"><div class=\"panel-body toggle-content fusion-clearfix\">\n<p>El desayuno cuesta 25,00 \u20ac por adulto y d\u00eda y 12,50 \u20ac por ni\u00f1o de hasta 12 a\u00f1os y d\u00eda; los ni\u00f1os de hasta 6 a\u00f1os desayunan gratis.<\/p>\n<\/div><\/div><\/div><\/div><\/div><div class=\"fusion-clearfix\"><\/div><\/div><\/div><\/div><\/div><\/p>\n","protected":false},"excerpt":{"rendered":"","protected":false},"author":1,"featured_media":0,"parent":0,"menu_order":0,"comment_status":"closed","ping_status":"closed","template":"100-width.php","meta":{"footnotes":""},"class_list":["post-8092","page","type-page","status-publish","hentry"],"_links":{"self":[{"href":"https:\/\/imlauer.com\/hotel-imlauer-salzburg\/wp-json\/wp\/v2\/pages\/8092","targetHints":{"allow":["GET"]}}],"collection":[{"href":"https:\/\/imlauer.com\/hotel-imlauer-salzburg\/wp-json\/wp\/v2\/pages"}],"about":[{"href":"https:\/\/imlauer.com\/hotel-imlauer-salzburg\/wp-json\/wp\/v2\/types\/page"}],"author":[{"embeddable":true,"href":"https:\/\/imlauer.com\/hotel-imlauer-salzburg\/wp-json\/wp\/v2\/users\/1"}],"replies":[{"embeddable":true,"href":"https:\/\/imlauer.com\/hotel-imlauer-salzburg\/wp-json\/wp\/v2\/comments?post=8092"}],"version-history":[{"count":11,"href":"https:\/\/imlauer.com\/hotel-imlauer-salzburg\/wp-json\/wp\/v2\/pages\/8092\/revisions"}],"predecessor-version":[{"id":47520,"href":"https:\/\/imlauer.com\/hotel-imlauer-salzburg\/wp-json\/wp\/v2\/pages\/8092\/revisions\/47520"}],"wp:attachment":[{"href":"https:\/\/imlauer.com\/hotel-imlauer-salzburg\/wp-json\/wp\/v2\/media?parent=8092"}],"curies":[{"name":"wp","href":"https:\/\/api.w.org\/{rel}","templated":true}]}}