{"id":8228,"date":"2019-06-13T08:36:25","date_gmt":"2019-06-13T08:36:25","guid":{"rendered":"https:\/\/imlauer.com\/hotel-imlauer-salzburg\/habitacion\/"},"modified":"2026-04-16T12:30:39","modified_gmt":"2026-04-16T12:30:39","slug":"habitacion","status":"publish","type":"page","link":"https:\/\/imlauer.com\/hotel-imlauer-salzburg\/habitacion\/?lang=es","title":{"rendered":"Habitaci\u00f3n"},"content":{"rendered":"<p><div id=\"habitaci\u00f3n\" class=\"fusion-container-anchor\"><div class=\"fusion-fullwidth fullwidth-box fusion-builder-row-1 fusion-flex-container has-pattern-background has-mask-background hundred-percent-fullwidth non-hundred-percent-height-scrolling zimmer\" style=\"--awb-background-position:center top;--awb-border-sizes-top:20px;--awb-border-sizes-bottom:20px;--awb-border-sizes-left:0px;--awb-border-sizes-right:0px;--awb-border-color:#ffffff;--awb-border-radius-top-left:0px;--awb-border-radius-top-right:0px;--awb-border-radius-bottom-right:0px;--awb-border-radius-bottom-left:0px;--awb-padding-top:0px;--awb-padding-right:20px;--awb-padding-bottom:0px;--awb-padding-left:20px;--awb-padding-right-small:0px;--awb-padding-left-small:0px;--awb-background-color:rgba(255,255,255,0.15);--awb-flex-wrap:wrap;\" ><div class=\"fusion-builder-row fusion-row fusion-flex-align-items-stretch fusion-flex-content-wrap\" style=\"width:104% !important;max-width:104% !important;margin-left: calc(-4% \/ 2 );margin-right: calc(-4% \/ 2 );\"><div class=\"fusion-layout-column fusion_builder_column fusion-builder-column-0 fusion_builder_column_1_1 1_1 fusion-flex-column fusion-flex-align-self-flex-start fusion-column-no-min-height\" style=\"--awb-bg-blend:overlay;--awb-bg-size:cover;--awb-width-large:100%;--awb-margin-top-large:0px;--awb-spacing-right-large:1.92%;--awb-margin-bottom-large:0px;--awb-spacing-left-large:1.92%;--awb-width-medium:100%;--awb-spacing-right-medium:1.92%;--awb-spacing-left-medium:1.92%;--awb-width-small:100%;--awb-spacing-right-small:1.92%;--awb-spacing-left-small:1.92%;\"><div class=\"fusion-column-wrapper fusion-flex-justify-content-flex-start fusion-content-layout-column\"><div class=\"fusion-separator fusion-full-width-sep\" style=\"align-self: center;margin-left: auto;margin-right: auto;margin-top:25px;width:100%;\"><\/div><\/div><\/div><div class=\"fusion-layout-column fusion_builder_column fusion-builder-column-1 fusion_builder_column_1_1 1_1 fusion-flex-column fusion-flex-align-self-flex-start fusion-column-no-min-height\" style=\"--awb-padding-right:5%;--awb-padding-bottom:3%;--awb-padding-left:5%;--awb-bg-blend:overlay;--awb-bg-size:cover;--awb-width-large:100%;--awb-margin-top-large:0px;--awb-spacing-right-large:1.92%;--awb-margin-bottom-large:0px;--awb-spacing-left-large:1.92%;--awb-width-medium:100%;--awb-order-medium:0;--awb-spacing-right-medium:1.92%;--awb-spacing-left-medium:1.92%;--awb-width-small:100%;--awb-order-small:0;--awb-spacing-right-small:1.92%;--awb-spacing-left-small:1.92%;\" data-scroll-devices=\"small-visibility,medium-visibility,large-visibility\"><div class=\"fusion-column-wrapper fusion-column-has-shadow fusion-flex-justify-content-flex-start fusion-content-layout-column\"><div class=\"fusion-text fusion-text-1\"><p style=\"letter-spacing: 4px; font-size: 13px; text-align: center; margin-bottom: 0px;\">94 buenas razones para quedarte en la cama un poco m\u00e1s<\/p>\n<h1 style=\"text-align: center;\">Alojamiento en el Hotel IMLAUER &amp; Br\u00e4u Salzburgo<\/h1>\n<\/div><div class=\"fusion-text fusion-text-2\"><p style=\"text-align: center;\">Podr\u00edamos enumerar aqu\u00ed las <strong>ventajas de nuestras 94 habitaciones<\/strong>. Podr\u00edamos decirte que son modernas y est\u00e1n amuebladas con estilo, pero siempre con reminiscencias <strong>del patrimonio alpino de Salzburgo<\/strong>. <\/p>\n<p style=\"text-align: center;\">Podr\u00edamos decirte que puedes elegir entre <strong>distintas categor\u00edas de habitaciones<\/strong> seg\u00fan tus preferencias. Que <strong>puedes esperar<\/strong> el m\u00e1ximo nivel de confort y <strong>un ambiente relajado y agradable<\/strong> en todas las habitaciones. <\/p>\n<p style=\"text-align: center;\"><strong>Pero es mucho mejor que lo experimentes por ti mismo.<\/strong>  Y hasta que tus vacaciones en el Hotel IMLAUER &amp; Br\u00e4u est\u00e9n a la vuelta de la esquina, puedes hacerte una primera idea de lo que te espera aqu\u00ed.<\/p>\n<\/div><\/div><\/div><div class=\"fusion-layout-column fusion_builder_column fusion-builder-column-2 fusion_builder_column_1_2 1_2 fusion-flex-column\" style=\"--awb-padding-top:380px;--awb-padding-right:40px;--awb-padding-bottom:40px;--awb-padding-left:40px;--awb-padding-right-small:5px;--awb-padding-left-small:5px;--awb-bg-color:#ffffff;--awb-bg-color-hover:#ffffff;--awb-bg-position:center top;--awb-bg-size:cover;--awb-width-large:50%;--awb-margin-top-large:0px;--awb-spacing-right-large:3.84%;--awb-margin-bottom-large:20px;--awb-spacing-left-large:3.84%;--awb-width-medium:100%;--awb-order-medium:0;--awb-spacing-right-medium:1.92%;--awb-spacing-left-medium:1.92%;--awb-width-small:100%;--awb-order-small:0;--awb-spacing-right-small:1.92%;--awb-spacing-left-small:1.92%;\" data-scroll-devices=\"small-visibility,medium-visibility,large-visibility\"><div class=\"fusion-column-wrapper lazyload fusion-column-has-shadow fusion-flex-justify-content-flex-start fusion-content-layout-block fusion-column-has-bg-image\" data-bg-url=\"https:\/\/imlauer.com\/hotel-imlauer-salzburg\/wp-content\/uploads\/2026\/04\/Einzelzimmer.png\" data-bg=\"https:\/\/imlauer.com\/hotel-imlauer-salzburg\/wp-content\/uploads\/2026\/04\/Einzelzimmer.png\"><div class=\"fusion-content-boxes content-boxes columns row fusion-columns-1 fusion-columns-total-1 fusion-content-boxes-1 content-boxes-icon-on-top content-left\" style=\"--awb-body-color:#646567;--awb-title-color:#646567;--awb-margin-top:100px;--awb-margin-bottom:0px;--awb-hover-accent-color:#646567;--awb-circle-hover-accent-color:#646567;--awb-item-margin-bottom:40px;\" data-animationOffset=\"top-into-view\"><div style=\"--awb-backgroundcolor:#ffffff;\" class=\"fusion-column content-box-column content-box-column content-box-column-1 col-lg-12 col-md-12 col-sm-12 fusion-content-box-hover content-box-column-last content-box-column-last-in-row\"><div class=\"col content-box-wrapper content-wrapper-background link-area-link-icon icon-hover-animation-fade\" data-animationOffset=\"top-into-view\"><div class=\"heading icon-left\"><h2 class=\"content-box-heading\" style=\"--h2_typography-font-size:25px;line-height:30px;\">Habitaci\u00f3n individual<\/h2><\/div><div class=\"fusion-clearfix\"><\/div><div class=\"content-container\"><div class=\"fusion-separator\" style=\"align-self: center;margin-left: auto;margin-right: auto;margin-top:10px;margin-bottom:20px;width:100%;max-width:50px;\"><div class=\"fusion-separator-border sep-single sep-solid\" style=\"--awb-height:20px;--awb-amount:20px;--awb-sep-color:#af9755;border-color:#AF9755;border-top-width:1px;\"><\/div><\/div>\n<p>12 m\u00b2  <img decoding=\"async\" class=\"lazyload alignnone wp-image-2791 \" src=\"data:image\/gif;base64,R0lGODlhAQABAAAAACH5BAEKAAEALAAAAAABAAEAAAICTAEAOw==\" data-orig-src=\"https:\/\/imlauer.com\/hotel-pitter-salzburg\/wp-content\/uploads\/2025\/04\/Kind.png\" alt=\"un ni\u00f1o IMLAUER HOTEL PITTER Salzburgo\" width=\"20\"><\/p>\n<ul style=\"text-align: left;\">\n<li style=\"text-align: left;\">WLAN gratuito<\/li>\n<li style=\"text-align: left;\">Aire acondicionado<\/li>\n<li style=\"text-align: left;\">Estaci\u00f3n de caf\u00e9\/t\u00e9<\/li>\n<\/ul>\n<\/div><\/div><\/div><div class=\"fusion-clearfix\"><\/div><\/div><div class=\"fusion-alignleft\"><a class=\"fusion-button button-flat fusion-button-default-size button-default fusion-button-default button-1 fusion-button-default-span fusion-button-default-type\" target=\"_self\" href=\"https:\/\/imlauer.com\/hotel-imlauer-salzburg\/portfolio-items\/habitacion-individual\/?lang=es\"><span class=\"fusion-button-text awb-button__text awb-button__text--default fusion-button-text-right\">Detalles de la habitaci\u00f3n<\/span><span class=\"fusion-button-icon-divider button-icon-divider-right\"><i class=\"fa-angle-right fas awb-button__icon awb-button__icon--default\" aria-hidden=\"true\"><\/i><\/span><\/a><\/div><div class=\"fusion-alignright\"><a class=\"fusion-button button-flat fusion-button-default-size button-default fusion-button-default button-2 fusion-button-default-span fusion-button-default-type\" target=\"_blank\" rel=\"noopener noreferrer\" href=\"https:\/\/imlauer.com\/hotel-imlauer-salzburg\/jetzt-buchen\/\"><span class=\"fusion-button-text awb-button__text awb-button__text--default fusion-button-text-right\">Jetzt buchen<\/span><span class=\"fusion-button-icon-divider button-icon-divider-right\"><i class=\"fa-angle-right fas awb-button__icon awb-button__icon--default\" aria-hidden=\"true\"><\/i><\/span><\/a><\/div>\n<\/div><\/div><div class=\"fusion-layout-column fusion_builder_column fusion-builder-column-3 fusion_builder_column_1_2 1_2 fusion-flex-column\" style=\"--awb-padding-top:380px;--awb-padding-right:40px;--awb-padding-bottom:40px;--awb-padding-left:40px;--awb-padding-right-small:5px;--awb-padding-left-small:5px;--awb-bg-color:#ffffff;--awb-bg-color-hover:#ffffff;--awb-bg-position:center top;--awb-bg-size:cover;--awb-width-large:50%;--awb-margin-top-large:0px;--awb-spacing-right-large:3.84%;--awb-margin-bottom-large:20px;--awb-spacing-left-large:3.84%;--awb-width-medium:100%;--awb-order-medium:0;--awb-spacing-right-medium:1.92%;--awb-spacing-left-medium:1.92%;--awb-width-small:100%;--awb-order-small:0;--awb-spacing-right-small:1.92%;--awb-spacing-left-small:1.92%;\" data-scroll-devices=\"small-visibility,medium-visibility,large-visibility\"><div class=\"fusion-column-wrapper lazyload fusion-column-has-shadow fusion-flex-justify-content-flex-start fusion-content-layout-block fusion-column-has-bg-image\" data-bg-url=\"https:\/\/imlauer.com\/hotel-imlauer-salzburg\/wp-content\/uploads\/2026\/04\/Kleines-Doppelzimmer.png\" data-bg=\"https:\/\/imlauer.com\/hotel-imlauer-salzburg\/wp-content\/uploads\/2026\/04\/Kleines-Doppelzimmer.png\"><div class=\"fusion-content-boxes content-boxes columns row fusion-columns-1 fusion-columns-total-1 fusion-content-boxes-2 content-boxes-icon-on-top content-left\" style=\"--awb-body-color:#646567;--awb-title-color:#646567;--awb-margin-top:100px;--awb-margin-bottom:0px;--awb-hover-accent-color:#646567;--awb-circle-hover-accent-color:#646567;--awb-item-margin-bottom:40px;\" data-animationOffset=\"top-into-view\"><div style=\"--awb-backgroundcolor:#ffffff;\" class=\"fusion-column content-box-column content-box-column content-box-column-1 col-lg-12 col-md-12 col-sm-12 fusion-content-box-hover content-box-column-last content-box-column-last-in-row\"><div class=\"col content-box-wrapper content-wrapper-background link-area-link-icon icon-hover-animation-fade\" data-animationOffset=\"top-into-view\"><div class=\"heading icon-left\"><h2 class=\"content-box-heading\" style=\"--h2_typography-font-size:25px;line-height:30px;\">Habitaci\u00f3n doble peque\u00f1a<\/h2><\/div><div class=\"fusion-clearfix\"><\/div><div class=\"content-container\">\n<div class=\"fusion-separator\" style=\"align-self: center;margin-left: auto;margin-right: auto;margin-top:10px;margin-bottom:20px;width:100%;max-width:50px;\"><div class=\"fusion-separator-border sep-single sep-solid\" style=\"--awb-height:20px;--awb-amount:20px;--awb-sep-color:#af9755;border-color:#AF9755;border-top-width:1px;\"><\/div><\/div>\n<p>15 m\u00b2  <img decoding=\"async\" class=\"lazyload alignnone size-full wp-image-2793\" src=\"data:image\/gif;base64,R0lGODlhAQABAAAAACH5BAEKAAEALAAAAAABAAEAAAICTAEAOw==\" data-orig-src=\"https:\/\/imlauer.com\/hotel-pitter-salzburg\/wp-content\/uploads\/2025\/04\/zwei-personen.png\" alt=\"dos personas\" width=\"25px\"><\/p>\n<ul style=\"text-align: left;\">\n<li>WLAN gratuito<\/li>\n<li>Aire acondicionado<\/li>\n<li>Estaci\u00f3n de caf\u00e9\/t\u00e9<\/li>\n<\/ul>\n<\/div><\/div><\/div><div class=\"fusion-clearfix\"><\/div><\/div><div class=\"fusion-alignleft\"><a class=\"fusion-button button-flat fusion-button-default-size button-default fusion-button-default button-3 fusion-button-default-span fusion-button-default-type\" target=\"_self\" href=\"https:\/\/imlauer.com\/hotel-imlauer-salzburg\/portfolio-items\/habitacion-doble\/?lang=es\"><span class=\"fusion-button-text awb-button__text awb-button__text--default fusion-button-text-right\">Detalles de la habitaci\u00f3n<\/span><span class=\"fusion-button-icon-divider button-icon-divider-right\"><i class=\"fa-angle-right fas awb-button__icon awb-button__icon--default\" aria-hidden=\"true\"><\/i><\/span><\/a><\/div><div class=\"fusion-alignright\"><a class=\"fusion-button button-flat fusion-button-default-size button-default fusion-button-default button-4 fusion-button-default-span fusion-button-default-type\" target=\"_blank\" rel=\"noopener noreferrer\" href=\"https:\/\/imlauer.com\/hotel-imlauer-salzburg\/jetzt-buchen\/\"><span class=\"fusion-button-text awb-button__text awb-button__text--default fusion-button-text-right\">Jetzt buchen<\/span><span class=\"fusion-button-icon-divider button-icon-divider-right\"><i class=\"fa-angle-right fas awb-button__icon awb-button__icon--default\" aria-hidden=\"true\"><\/i><\/span><\/a><\/div>\n<\/div><\/div><div class=\"fusion-layout-column fusion_builder_column fusion-builder-column-4 fusion_builder_column_1_2 1_2 fusion-flex-column\" style=\"--awb-padding-top:380px;--awb-padding-right:40px;--awb-padding-bottom:40px;--awb-padding-left:40px;--awb-padding-right-small:5px;--awb-padding-left-small:5px;--awb-bg-color:#ffffff;--awb-bg-color-hover:#ffffff;--awb-bg-position:center top;--awb-bg-size:cover;--awb-width-large:50%;--awb-margin-top-large:0px;--awb-spacing-right-large:3.84%;--awb-margin-bottom-large:20px;--awb-spacing-left-large:3.84%;--awb-width-medium:100%;--awb-order-medium:0;--awb-spacing-right-medium:1.92%;--awb-spacing-left-medium:1.92%;--awb-width-small:100%;--awb-order-small:0;--awb-spacing-right-small:1.92%;--awb-spacing-left-small:1.92%;\" data-scroll-devices=\"small-visibility,medium-visibility,large-visibility\"><div class=\"fusion-column-wrapper lazyload fusion-column-has-shadow fusion-flex-justify-content-flex-start fusion-content-layout-block fusion-column-has-bg-image\" data-bg-url=\"https:\/\/imlauer.com\/hotel-imlauer-salzburg\/wp-content\/uploads\/2026\/04\/Doppelzimmer.png\" data-bg=\"https:\/\/imlauer.com\/hotel-imlauer-salzburg\/wp-content\/uploads\/2026\/04\/Doppelzimmer.png\"><div class=\"fusion-content-boxes content-boxes columns row fusion-columns-1 fusion-columns-total-1 fusion-content-boxes-3 content-boxes-icon-on-top content-left\" style=\"--awb-body-color:#646567;--awb-title-color:#646567;--awb-margin-top:100px;--awb-margin-bottom:0px;--awb-hover-accent-color:#646567;--awb-circle-hover-accent-color:#646567;--awb-item-margin-bottom:40px;\" data-animationOffset=\"top-into-view\"><div style=\"--awb-backgroundcolor:#ffffff;\" class=\"fusion-column content-box-column content-box-column content-box-column-1 col-lg-12 col-md-12 col-sm-12 fusion-content-box-hover content-box-column-last content-box-column-last-in-row\"><div class=\"col content-box-wrapper content-wrapper-background link-area-link-icon icon-hover-animation-fade\" data-animationOffset=\"top-into-view\"><div class=\"heading icon-left\"><h2 class=\"content-box-heading\" style=\"--h2_typography-font-size:25px;line-height:30px;\">Habitaci\u00f3n doble<\/h2><\/div><div class=\"fusion-clearfix\"><\/div><div class=\"content-container\">\n<div class=\"fusion-separator\" style=\"align-self: center;margin-left: auto;margin-right: auto;margin-top:10px;margin-bottom:20px;width:100%;max-width:50px;\"><div class=\"fusion-separator-border sep-single sep-solid\" style=\"--awb-height:20px;--awb-amount:20px;--awb-sep-color:#af9755;border-color:#AF9755;border-top-width:1px;\"><\/div><\/div>\n<p>17 &#8211; 19 m\u00b2  <img decoding=\"async\" class=\"lazyload alignnone size-full wp-image-2793\" src=\"data:image\/gif;base64,R0lGODlhAQABAAAAACH5BAEKAAEALAAAAAABAAEAAAICTAEAOw==\" data-orig-src=\"https:\/\/imlauer.com\/hotel-pitter-salzburg\/wp-content\/uploads\/2025\/04\/zwei-personen.png\" alt=\"dos personas\" width=\"25px\"><\/p>\n<ul style=\"text-align: left;\">\n<li>WLAN gratuito<\/li>\n<li>Aire acondicionado<\/li>\n<li>Estaci\u00f3n de caf\u00e9\/t\u00e9<\/li>\n<\/ul>\n<\/div><\/div><\/div><div class=\"fusion-clearfix\"><\/div><\/div><div class=\"fusion-alignleft\"><a class=\"fusion-button button-flat fusion-button-default-size button-default fusion-button-default button-5 fusion-button-default-span fusion-button-default-type\" target=\"_self\" href=\"https:\/\/imlauer.com\/hotel-imlauer-salzburg\/portfolio-items\/habitacion-doble-2\/?lang=es\"><span class=\"fusion-button-text awb-button__text awb-button__text--default fusion-button-text-right\">Detalles de la habitaci\u00f3n<\/span><span class=\"fusion-button-icon-divider button-icon-divider-right\"><i class=\"fa-angle-right fas awb-button__icon awb-button__icon--default\" aria-hidden=\"true\"><\/i><\/span><\/a><\/div><div class=\"fusion-alignright\"><a class=\"fusion-button button-flat fusion-button-default-size button-default fusion-button-default button-6 fusion-button-default-span fusion-button-default-type\" target=\"_blank\" rel=\"noopener noreferrer\" href=\"https:\/\/imlauer.com\/hotel-imlauer-salzburg\/jetzt-buchen\/\"><span class=\"fusion-button-text awb-button__text awb-button__text--default fusion-button-text-right\">Jetzt buchen<\/span><span class=\"fusion-button-icon-divider button-icon-divider-right\"><i class=\"fa-angle-right fas awb-button__icon awb-button__icon--default\" aria-hidden=\"true\"><\/i><\/span><\/a><\/div>\n<\/div><\/div><div class=\"fusion-layout-column fusion_builder_column fusion-builder-column-5 fusion_builder_column_1_2 1_2 fusion-flex-column\" style=\"--awb-padding-top:380px;--awb-padding-right:40px;--awb-padding-bottom:40px;--awb-padding-left:40px;--awb-padding-right-small:5px;--awb-padding-left-small:5px;--awb-bg-color:#ffffff;--awb-bg-color-hover:#ffffff;--awb-bg-position:center top;--awb-bg-size:cover;--awb-width-large:50%;--awb-margin-top-large:0px;--awb-spacing-right-large:3.84%;--awb-margin-bottom-large:20px;--awb-spacing-left-large:3.84%;--awb-width-medium:100%;--awb-order-medium:0;--awb-spacing-right-medium:1.92%;--awb-spacing-left-medium:1.92%;--awb-width-small:100%;--awb-order-small:0;--awb-spacing-right-small:1.92%;--awb-spacing-left-small:1.92%;\" data-scroll-devices=\"small-visibility,medium-visibility,large-visibility\"><div class=\"fusion-column-wrapper lazyload fusion-column-has-shadow fusion-flex-justify-content-flex-start fusion-content-layout-block fusion-column-has-bg-image\" data-bg-url=\"https:\/\/imlauer.com\/hotel-imlauer-salzburg\/wp-content\/uploads\/2025\/05\/IHS-Superior-Doppelzimmer-mit-Kingsize.png\" data-bg=\"https:\/\/imlauer.com\/hotel-imlauer-salzburg\/wp-content\/uploads\/2025\/05\/IHS-Superior-Doppelzimmer-mit-Kingsize.png\"><div class=\"fusion-content-boxes content-boxes columns row fusion-columns-1 fusion-columns-total-1 fusion-content-boxes-4 content-boxes-icon-on-top content-left\" style=\"--awb-body-color:#646567;--awb-title-color:#646567;--awb-margin-top:100px;--awb-margin-bottom:0px;--awb-hover-accent-color:#646567;--awb-circle-hover-accent-color:#646567;--awb-item-margin-bottom:40px;\" data-animationOffset=\"top-into-view\"><div style=\"--awb-backgroundcolor:#ffffff;\" class=\"fusion-column content-box-column content-box-column content-box-column-1 col-lg-12 col-md-12 col-sm-12 fusion-content-box-hover content-box-column-last content-box-column-last-in-row\"><div class=\"col content-box-wrapper content-wrapper-background link-area-link-icon icon-hover-animation-fade\" data-animationOffset=\"top-into-view\"><div class=\"heading icon-left\"><h2 class=\"content-box-heading\" style=\"--h2_typography-font-size:25px;line-height:30px;\">Habitaci\u00f3n doble deluxe con cama king-size<\/h2><\/div><div class=\"fusion-clearfix\"><\/div><div class=\"content-container\">\n<div class=\"fusion-separator\" style=\"align-self: center;margin-left: auto;margin-right: auto;margin-top:10px;margin-bottom:20px;width:100%;max-width:50px;\"><div class=\"fusion-separator-border sep-single sep-solid\" style=\"--awb-height:20px;--awb-amount:20px;--awb-sep-color:#af9755;border-color:#AF9755;border-top-width:1px;\"><\/div><\/div>\n<p>20 &#8211; 22 m\u00b2  <img decoding=\"async\" class=\"lazyload alignnone size-full wp-image-2793\" src=\"data:image\/gif;base64,R0lGODlhAQABAAAAACH5BAEKAAEALAAAAAABAAEAAAICTAEAOw==\" data-orig-src=\"https:\/\/imlauer.com\/hotel-pitter-salzburg\/wp-content\/uploads\/2025\/04\/zwei-personen.png\" alt=\"dos personas\" width=\"25px\"><\/p>\n<ul style=\"text-align: left;\">\n<li>Cama de matrimonio<\/li>\n<li>Cuarto de ba\u00f1o espacioso<\/li>\n<li>Cafetera con caf\u00e9 Segafredo<\/li>\n<li>Aire acondicionado<\/li>\n<li>WLAN gratuito<\/li>\n<\/ul>\n<\/div><\/div><\/div><div class=\"fusion-clearfix\"><\/div><\/div><div class=\"fusion-alignleft\"><a class=\"fusion-button button-flat fusion-button-default-size button-default fusion-button-default button-7 fusion-button-default-span fusion-button-default-type\" target=\"_self\" href=\"https:\/\/imlauer.com\/hotel-imlauer-salzburg\/portfolio-items\/superior-zimmer\/?lang=es\"><span class=\"fusion-button-text awb-button__text awb-button__text--default fusion-button-text-right\">Detalles de la habitaci\u00f3n<\/span><span class=\"fusion-button-icon-divider button-icon-divider-right\"><i class=\"fa-angle-right fas awb-button__icon awb-button__icon--default\" aria-hidden=\"true\"><\/i><\/span><\/a><\/div><div class=\"fusion-alignright\"><a class=\"fusion-button button-flat fusion-button-default-size button-default fusion-button-default button-8 fusion-button-default-span fusion-button-default-type\" target=\"_blank\" rel=\"noopener noreferrer\" href=\"https:\/\/imlauer.com\/hotel-imlauer-salzburg\/jetzt-buchen\/\"><span class=\"fusion-button-text awb-button__text awb-button__text--default fusion-button-text-right\">Jetzt buchen<\/span><span class=\"fusion-button-icon-divider button-icon-divider-right\"><i class=\"fa-angle-right fas awb-button__icon awb-button__icon--default\" aria-hidden=\"true\"><\/i><\/span><\/a><\/div>\n<\/div><\/div><div class=\"fusion-layout-column fusion_builder_column fusion-builder-column-6 fusion_builder_column_1_2 1_2 fusion-flex-column\" style=\"--awb-padding-top:380px;--awb-padding-right:40px;--awb-padding-bottom:40px;--awb-padding-left:40px;--awb-padding-right-small:5px;--awb-padding-left-small:5px;--awb-bg-color:#ffffff;--awb-bg-color-hover:#ffffff;--awb-bg-position:center top;--awb-bg-size:cover;--awb-width-large:50%;--awb-margin-top-large:0px;--awb-spacing-right-large:3.84%;--awb-margin-bottom-large:20px;--awb-spacing-left-large:3.84%;--awb-width-medium:100%;--awb-order-medium:0;--awb-spacing-right-medium:1.92%;--awb-spacing-left-medium:1.92%;--awb-width-small:100%;--awb-order-small:0;--awb-spacing-right-small:1.92%;--awb-spacing-left-small:1.92%;\" data-scroll-devices=\"small-visibility,medium-visibility,large-visibility\"><div class=\"fusion-column-wrapper lazyload fusion-column-has-shadow fusion-flex-justify-content-flex-start fusion-content-layout-block fusion-column-has-bg-image\" data-bg-url=\"https:\/\/imlauer.com\/hotel-imlauer-salzburg\/wp-content\/uploads\/2025\/05\/IHS-Superior-Doppel-Twin.png\" data-bg=\"https:\/\/imlauer.com\/hotel-imlauer-salzburg\/wp-content\/uploads\/2025\/05\/IHS-Superior-Doppel-Twin.png\"><div class=\"fusion-content-boxes content-boxes columns row fusion-columns-1 fusion-columns-total-1 fusion-content-boxes-5 content-boxes-icon-on-top content-left\" style=\"--awb-body-color:#646567;--awb-title-color:#646567;--awb-margin-top:100px;--awb-margin-bottom:0px;--awb-hover-accent-color:#646567;--awb-circle-hover-accent-color:#646567;--awb-item-margin-bottom:40px;\" data-animationOffset=\"top-into-view\"><div style=\"--awb-backgroundcolor:#ffffff;\" class=\"fusion-column content-box-column content-box-column content-box-column-1 col-lg-12 col-md-12 col-sm-12 fusion-content-box-hover content-box-column-last content-box-column-last-in-row\"><div class=\"col content-box-wrapper content-wrapper-background link-area-link-icon icon-hover-animation-fade\" data-animationOffset=\"top-into-view\"><div class=\"heading icon-left\"><h2 class=\"content-box-heading\" style=\"--h2_typography-font-size:25px;line-height:30px;\">Habitaci\u00f3n deluxe doble o con dos camas<\/h2><\/div><div class=\"fusion-clearfix\"><\/div><div class=\"content-container\">\n<div class=\"fusion-separator\" style=\"align-self: center;margin-left: auto;margin-right: auto;margin-top:10px;margin-bottom:20px;width:100%;max-width:50px;\"><div class=\"fusion-separator-border sep-single sep-solid\" style=\"--awb-height:20px;--awb-amount:20px;--awb-sep-color:#af9755;border-color:#AF9755;border-top-width:1px;\"><\/div><\/div>\n<p>22 &#8211; 25 m\u00b2  <img decoding=\"async\" class=\"lazyload alignnone size-full wp-image-2793\" src=\"data:image\/gif;base64,R0lGODlhAQABAAAAACH5BAEKAAEALAAAAAABAAEAAAICTAEAOw==\" data-orig-src=\"https:\/\/imlauer.com\/hotel-pitter-salzburg\/wp-content\/uploads\/2025\/04\/zwei-personen.png\" alt=\"dos personas\" width=\"25px\"><\/p>\n<ul style=\"text-align: left;\">\n<li>C\u00f3moda cama doble o individual<\/li>\n<li>Cuarto de ba\u00f1o espacioso<\/li>\n<li>WLAN gratuito<\/li>\n<li>Aire acondicionado<\/li>\n<li>Estaci\u00f3n de caf\u00e9\/t\u00e9<\/li>\n<\/ul>\n<\/div><\/div><\/div><div class=\"fusion-clearfix\"><\/div><\/div><div class=\"fusion-alignleft\"><a class=\"fusion-button button-flat fusion-button-default-size button-default fusion-button-default button-9 fusion-button-default-span fusion-button-default-type\" target=\"_self\" href=\"https:\/\/imlauer.com\/hotel-imlauer-salzburg\/portfolio-items\/superior-twin-zimmer\/?lang=es\"><span class=\"fusion-button-text awb-button__text awb-button__text--default fusion-button-text-right\">Detalles de la habitaci\u00f3n<\/span><span class=\"fusion-button-icon-divider button-icon-divider-right\"><i class=\"fa-angle-right fas awb-button__icon awb-button__icon--default\" aria-hidden=\"true\"><\/i><\/span><\/a><\/div><div class=\"fusion-alignright\"><a class=\"fusion-button button-flat fusion-button-default-size button-default fusion-button-default button-10 fusion-button-default-span fusion-button-default-type\" target=\"_blank\" rel=\"noopener noreferrer\" href=\"https:\/\/imlauer.com\/hotel-imlauer-salzburg\/jetzt-buchen\/\"><span class=\"fusion-button-text awb-button__text awb-button__text--default fusion-button-text-right\">Jetzt buchen<\/span><span class=\"fusion-button-icon-divider button-icon-divider-right\"><i class=\"fa-angle-right fas awb-button__icon awb-button__icon--default\" aria-hidden=\"true\"><\/i><\/span><\/a><\/div>\n<\/div><\/div><div class=\"fusion-layout-column fusion_builder_column fusion-builder-column-7 fusion_builder_column_1_2 1_2 fusion-flex-column\" style=\"--awb-padding-top:380px;--awb-padding-right:40px;--awb-padding-bottom:40px;--awb-padding-left:40px;--awb-padding-right-small:5px;--awb-padding-left-small:5px;--awb-bg-color:#ffffff;--awb-bg-color-hover:#ffffff;--awb-bg-position:center top;--awb-bg-size:cover;--awb-width-large:50%;--awb-margin-top-large:0px;--awb-spacing-right-large:3.84%;--awb-margin-bottom-large:20px;--awb-spacing-left-large:3.84%;--awb-width-medium:100%;--awb-order-medium:0;--awb-spacing-right-medium:1.92%;--awb-spacing-left-medium:1.92%;--awb-width-small:100%;--awb-order-small:0;--awb-spacing-right-small:1.92%;--awb-spacing-left-small:1.92%;\" data-scroll-devices=\"small-visibility,medium-visibility,large-visibility\"><div class=\"fusion-column-wrapper lazyload fusion-column-has-shadow fusion-flex-justify-content-flex-start fusion-content-layout-block fusion-column-has-bg-image\" data-bg-url=\"https:\/\/imlauer.com\/hotel-imlauer-salzburg\/wp-content\/uploads\/2025\/05\/IHS-Deluxe-Doppelzimmer.png\" data-bg=\"https:\/\/imlauer.com\/hotel-imlauer-salzburg\/wp-content\/uploads\/2025\/05\/IHS-Deluxe-Doppelzimmer.png\"><div class=\"fusion-content-boxes content-boxes columns row fusion-columns-1 fusion-columns-total-1 fusion-content-boxes-6 content-boxes-icon-on-top content-left\" style=\"--awb-body-color:#646567;--awb-title-color:#646567;--awb-margin-top:100px;--awb-margin-bottom:0px;--awb-hover-accent-color:#646567;--awb-circle-hover-accent-color:#646567;--awb-item-margin-bottom:40px;\" data-animationOffset=\"top-into-view\"><div style=\"--awb-backgroundcolor:#ffffff;\" class=\"fusion-column content-box-column content-box-column content-box-column-1 col-lg-12 col-md-12 col-sm-12 fusion-content-box-hover content-box-column-last content-box-column-last-in-row\"><div class=\"col content-box-wrapper content-wrapper-background link-area-link-icon icon-hover-animation-fade\" data-animationOffset=\"top-into-view\"><div class=\"heading icon-left\"><h2 class=\"content-box-heading\" style=\"--h2_typography-font-size:25px;line-height:30px;\">Habitaci\u00f3n doble Premium<\/h2><\/div><div class=\"fusion-clearfix\"><\/div><div class=\"content-container\">\n<div class=\"fusion-separator\" style=\"align-self: center;margin-left: auto;margin-right: auto;margin-top:10px;margin-bottom:20px;width:100%;max-width:50px;\"><div class=\"fusion-separator-border sep-single sep-solid\" style=\"--awb-height:20px;--awb-amount:20px;--awb-sep-color:#af9755;border-color:#AF9755;border-top-width:1px;\"><\/div><\/div>\n<p>22 &#8211; 25 m\u00b2  <img decoding=\"async\" class=\"lazyload alignnone size-full wp-image-2793\" src=\"data:image\/gif;base64,R0lGODlhAQABAAAAACH5BAEKAAEALAAAAAABAAEAAAICTAEAOw==\" data-orig-src=\"https:\/\/imlauer.com\/hotel-pitter-salzburg\/wp-content\/uploads\/2025\/04\/zwei-personen.png\" alt=\"dos personas\" width=\"25px\"><img decoding=\"async\" class=\"lazyload alignnone wp-image-2791 \" src=\"data:image\/gif;base64,R0lGODlhAQABAAAAACH5BAEKAAEALAAAAAABAAEAAAICTAEAOw==\" data-orig-src=\"https:\/\/imlauer.com\/hotel-pitter-salzburg\/wp-content\/uploads\/2025\/04\/Kind.png\" alt=\"un ni\u00f1o IMLAUER HOTEL PITTER Salzburgo\" width=\"20\"><\/p>\n<ul style=\"text-align: left;\">\n<li>Cuarto de ba\u00f1o espacioso<\/li>\n<li>Cafetera con caf\u00e9 Segafredo<\/li>\n<li>Aire acondicionado<\/li>\n<li>WLAN gratuito<\/li>\n<\/ul>\n<\/div><\/div><\/div><div class=\"fusion-clearfix\"><\/div><\/div><div class=\"fusion-alignleft\"><a class=\"fusion-button button-flat fusion-button-default-size button-default fusion-button-default button-11 fusion-button-default-span fusion-button-default-type\" target=\"_self\" href=\"https:\/\/imlauer.com\/hotel-imlauer-salzburg\/portfolio-items\/habitacion-doble-deluxe\/?lang=es\"><span class=\"fusion-button-text awb-button__text awb-button__text--default fusion-button-text-right\">Detalles de la habitaci\u00f3n<\/span><span class=\"fusion-button-icon-divider button-icon-divider-right\"><i class=\"fa-angle-right fas awb-button__icon awb-button__icon--default\" aria-hidden=\"true\"><\/i><\/span><\/a><\/div><div class=\"fusion-alignright\"><a class=\"fusion-button button-flat fusion-button-default-size button-default fusion-button-default button-12 fusion-button-default-span fusion-button-default-type\" target=\"_blank\" rel=\"noopener noreferrer\" href=\"https:\/\/imlauer.com\/hotel-imlauer-salzburg\/jetzt-buchen\/\"><span class=\"fusion-button-text awb-button__text awb-button__text--default fusion-button-text-right\">Jetzt buchen<\/span><span class=\"fusion-button-icon-divider button-icon-divider-right\"><i class=\"fa-angle-right fas awb-button__icon awb-button__icon--default\" aria-hidden=\"true\"><\/i><\/span><\/a><\/div>\n<\/div><\/div><\/div><\/div><\/div><div id=\"habitaci\u00f3n\" class=\"fusion-container-anchor\"><div class=\"fusion-fullwidth fullwidth-box fusion-builder-row-2 fusion-flex-container has-pattern-background has-mask-background hundred-percent-fullwidth non-hundred-percent-height-scrolling zimmer\" style=\"--awb-background-position:center top;--awb-border-sizes-top:20px;--awb-border-sizes-bottom:20px;--awb-border-sizes-left:0px;--awb-border-sizes-right:0px;--awb-border-color:#ffffff;--awb-border-radius-top-left:0px;--awb-border-radius-top-right:0px;--awb-border-radius-bottom-right:0px;--awb-border-radius-bottom-left:0px;--awb-padding-top:0px;--awb-padding-right:20px;--awb-padding-bottom:0px;--awb-padding-left:20px;--awb-padding-right-small:0px;--awb-padding-left-small:0px;--awb-background-color:rgba(255,255,255,0.15);--awb-flex-wrap:wrap;\" ><div class=\"fusion-builder-row fusion-row fusion-flex-align-items-stretch fusion-flex-content-wrap\" style=\"width:104% !important;max-width:104% !important;margin-left: calc(-4% \/ 2 );margin-right: calc(-4% \/ 2 );\"><div class=\"fusion-layout-column fusion_builder_column fusion-builder-column-8 fusion_builder_column_1_2 1_2 fusion-flex-column\" style=\"--awb-padding-top:380px;--awb-padding-right:40px;--awb-padding-bottom:40px;--awb-padding-left:40px;--awb-padding-right-small:5px;--awb-padding-left-small:5px;--awb-bg-color:#ffffff;--awb-bg-color-hover:#ffffff;--awb-bg-position:center top;--awb-bg-size:cover;--awb-width-large:50%;--awb-margin-top-large:0px;--awb-spacing-right-large:3.84%;--awb-margin-bottom-large:20px;--awb-spacing-left-large:3.84%;--awb-width-medium:100%;--awb-order-medium:0;--awb-spacing-right-medium:1.92%;--awb-spacing-left-medium:1.92%;--awb-width-small:100%;--awb-order-small:0;--awb-spacing-right-small:1.92%;--awb-spacing-left-small:1.92%;\" data-scroll-devices=\"small-visibility,medium-visibility,large-visibility\"><div class=\"fusion-column-wrapper lazyload fusion-column-has-shadow fusion-flex-justify-content-flex-start fusion-content-layout-block fusion-column-has-bg-image\" data-bg-url=\"https:\/\/imlauer.com\/hotel-imlauer-salzburg\/wp-content\/uploads\/2026\/04\/Familienzimmer-1.png\" data-bg=\"https:\/\/imlauer.com\/hotel-imlauer-salzburg\/wp-content\/uploads\/2026\/04\/Familienzimmer-1.png\"><div class=\"fusion-content-boxes content-boxes columns row fusion-columns-1 fusion-columns-total-1 fusion-content-boxes-7 content-boxes-icon-on-top content-left\" style=\"--awb-body-color:#646567;--awb-title-color:#646567;--awb-margin-top:100px;--awb-margin-bottom:0px;--awb-hover-accent-color:#646567;--awb-circle-hover-accent-color:#646567;--awb-item-margin-bottom:40px;\" data-animationOffset=\"top-into-view\"><div style=\"--awb-backgroundcolor:#ffffff;\" class=\"fusion-column content-box-column content-box-column content-box-column-1 col-lg-12 col-md-12 col-sm-12 fusion-content-box-hover content-box-column-last content-box-column-last-in-row\"><div class=\"col content-box-wrapper content-wrapper-background link-area-link-icon icon-hover-animation-fade\" data-animationOffset=\"top-into-view\"><div class=\"heading icon-left\"><h2 class=\"content-box-heading\" style=\"--h2_typography-font-size:25px;line-height:30px;\">Habitaci\u00f3n familiar<\/h2><\/div><div class=\"fusion-clearfix\"><\/div><div class=\"content-container\">\n<div class=\"fusion-separator\" style=\"align-self: center;margin-left: auto;margin-right: auto;margin-top:10px;margin-bottom:20px;width:100%;max-width:50px;\"><div class=\"fusion-separator-border sep-single sep-solid\" style=\"--awb-height:20px;--awb-amount:20px;--awb-sep-color:#af9755;border-color:#AF9755;border-top-width:1px;\"><\/div><\/div>\n<p>26 &#8211; 28 m\u00b2  <img decoding=\"async\" class=\"lazyload alignnone size-full wp-image-2788\" src=\"data:image\/gif;base64,R0lGODlhAQABAAAAACH5BAEKAAEALAAAAAABAAEAAAICTAEAOw==\" data-orig-src=\"https:\/\/imlauer.com\/hotel-pitter-salzburg\/wp-content\/uploads\/2025\/04\/4-personen.png\" alt=\"4 personas\" width=\"45\"><\/p>\n<ul style=\"text-align: left;\">\n<li>Apto para hasta 4 personas<\/li>\n<li>1 cama doble y 1 sof\u00e1 cama doble<\/li>\n<li>WLAN gratuito<\/li>\n<li>Aire acondicionado<\/li>\n<li>Estaci\u00f3n de caf\u00e9\/t\u00e9<\/li>\n<\/ul>\n<\/div><\/div><\/div><div class=\"fusion-clearfix\"><\/div><\/div><div class=\"fusion-alignleft\"><a class=\"fusion-button button-flat fusion-button-default-size button-default fusion-button-default button-13 fusion-button-default-span fusion-button-default-type\" target=\"_self\" href=\"https:\/\/imlauer.com\/hotel-imlauer-salzburg\/portfolio-items\/habitacion-familiar\/?lang=es\"><span class=\"fusion-button-text awb-button__text awb-button__text--default fusion-button-text-right\">Detalles de la habitaci\u00f3n<\/span><span class=\"fusion-button-icon-divider button-icon-divider-right\"><i class=\"fa-angle-right fas awb-button__icon awb-button__icon--default\" aria-hidden=\"true\"><\/i><\/span><\/a><\/div><div class=\"fusion-alignright\"><a class=\"fusion-button button-flat fusion-button-default-size button-default fusion-button-default button-14 fusion-button-default-span fusion-button-default-type\" target=\"_blank\" rel=\"noopener noreferrer\" href=\"https:\/\/imlauer.com\/hotel-imlauer-salzburg\/jetzt-buchen\/\"><span class=\"fusion-button-text awb-button__text awb-button__text--default fusion-button-text-right\">Jetzt buchen<\/span><span class=\"fusion-button-icon-divider button-icon-divider-right\"><i class=\"fa-angle-right fas awb-button__icon awb-button__icon--default\" aria-hidden=\"true\"><\/i><\/span><\/a><\/div>\n<\/div><\/div><div class=\"fusion-layout-column fusion_builder_column fusion-builder-column-9 fusion_builder_column_1_2 1_2 fusion-flex-column\" style=\"--awb-padding-top:380px;--awb-padding-right:40px;--awb-padding-bottom:40px;--awb-padding-left:40px;--awb-padding-right-small:5px;--awb-padding-left-small:5px;--awb-bg-color:#ffffff;--awb-bg-color-hover:#ffffff;--awb-bg-position:center top;--awb-bg-size:cover;--awb-width-large:50%;--awb-margin-top-large:0px;--awb-spacing-right-large:3.84%;--awb-margin-bottom-large:20px;--awb-spacing-left-large:3.84%;--awb-width-medium:100%;--awb-order-medium:0;--awb-spacing-right-medium:1.92%;--awb-spacing-left-medium:1.92%;--awb-width-small:100%;--awb-order-small:0;--awb-spacing-right-small:1.92%;--awb-spacing-left-small:1.92%;\" data-scroll-devices=\"small-visibility,medium-visibility,large-visibility\"><div class=\"fusion-column-wrapper lazyload fusion-column-has-shadow fusion-flex-justify-content-flex-start fusion-content-layout-block fusion-column-has-bg-image\" data-bg-url=\"https:\/\/imlauer.com\/hotel-imlauer-salzburg\/wp-content\/uploads\/2026\/04\/Familienzimmer-2.png\" data-bg=\"https:\/\/imlauer.com\/hotel-imlauer-salzburg\/wp-content\/uploads\/2026\/04\/Familienzimmer-2.png\"><div class=\"fusion-content-boxes content-boxes columns row fusion-columns-1 fusion-columns-total-1 fusion-content-boxes-8 content-boxes-icon-on-top content-left\" style=\"--awb-body-color:#646567;--awb-title-color:#646567;--awb-margin-top:100px;--awb-margin-bottom:0px;--awb-hover-accent-color:#646567;--awb-circle-hover-accent-color:#646567;--awb-item-margin-bottom:40px;\" data-animationOffset=\"top-into-view\"><div style=\"--awb-backgroundcolor:#ffffff;\" class=\"fusion-column content-box-column content-box-column content-box-column-1 col-lg-12 col-md-12 col-sm-12 fusion-content-box-hover content-box-column-last content-box-column-last-in-row\"><div class=\"col content-box-wrapper content-wrapper-background link-area-link-icon icon-hover-animation-fade\" data-animationOffset=\"top-into-view\"><div class=\"heading icon-left\"><h2 class=\"content-box-heading\" style=\"--h2_typography-font-size:25px;line-height:30px;\">Habitaci\u00f3n familiar superior<\/h2><\/div><div class=\"fusion-clearfix\"><\/div><div class=\"content-container\">\n<div class=\"fusion-separator\" style=\"align-self: center;margin-left: auto;margin-right: auto;margin-top:10px;margin-bottom:20px;width:100%;max-width:50px;\"><div class=\"fusion-separator-border sep-single sep-solid\" style=\"--awb-height:20px;--awb-amount:20px;--awb-sep-color:#af9755;border-color:#AF9755;border-top-width:1px;\"><\/div><\/div>\n<p>26 &#8211; 28 m\u00b2  <img decoding=\"async\" class=\"lazyload alignnone size-full wp-image-2788\" src=\"data:image\/gif;base64,R0lGODlhAQABAAAAACH5BAEKAAEALAAAAAABAAEAAAICTAEAOw==\" data-orig-src=\"https:\/\/imlauer.com\/hotel-pitter-salzburg\/wp-content\/uploads\/2025\/04\/4-personen.png\" alt=\"4 personas\" width=\"45\"><\/p>\n<ul style=\"text-align: left;\">\n<li>Apto para hasta 4 personas<\/li>\n<li>con puerta corredera, 2 zonas separadas<\/li>\n<li>1 cama doble y 1 sof\u00e1 cama doble<\/li>\n<li>WLAN gratuito<\/li>\n<li>Aire acondicionado<\/li>\n<li>Estaci\u00f3n de caf\u00e9\/t\u00e9<\/li>\n<\/ul>\n<\/div><\/div><\/div><div class=\"fusion-clearfix\"><\/div><\/div><div class=\"fusion-alignleft\"><a class=\"fusion-button button-flat fusion-button-default-size button-default fusion-button-default button-15 fusion-button-default-span fusion-button-default-type\" target=\"_self\" href=\"https:\/\/imlauer.com\/hotel-imlauer-salzburg\/portfolio-items\/habitacion-familiar-superior-2\/?lang=es\"><span class=\"fusion-button-text awb-button__text awb-button__text--default fusion-button-text-right\">Detalles de la habitaci\u00f3n<\/span><span class=\"fusion-button-icon-divider button-icon-divider-right\"><i class=\"fa-angle-right fas awb-button__icon awb-button__icon--default\" aria-hidden=\"true\"><\/i><\/span><\/a><\/div><div class=\"fusion-alignright\"><a class=\"fusion-button button-flat fusion-button-default-size button-default fusion-button-default button-16 fusion-button-default-span fusion-button-default-type\" target=\"_blank\" rel=\"noopener noreferrer\" href=\"https:\/\/imlauer.com\/hotel-imlauer-salzburg\/jetzt-buchen\/\"><span class=\"fusion-button-text awb-button__text awb-button__text--default fusion-button-text-right\">Jetzt buchen<\/span><span class=\"fusion-button-icon-divider button-icon-divider-right\"><i class=\"fa-angle-right fas awb-button__icon awb-button__icon--default\" aria-hidden=\"true\"><\/i><\/span><\/a><\/div>\n<\/div><\/div><div class=\"fusion-layout-column fusion_builder_column fusion-builder-column-10 fusion_builder_column_1_2 1_2 fusion-flex-column\" style=\"--awb-padding-top:380px;--awb-padding-right:40px;--awb-padding-bottom:40px;--awb-padding-left:40px;--awb-padding-right-small:5px;--awb-padding-left-small:5px;--awb-bg-color:#ffffff;--awb-bg-color-hover:#ffffff;--awb-bg-position:center top;--awb-bg-size:cover;--awb-width-large:50%;--awb-margin-top-large:0px;--awb-spacing-right-large:3.84%;--awb-margin-bottom-large:20px;--awb-spacing-left-large:3.84%;--awb-width-medium:100%;--awb-order-medium:0;--awb-spacing-right-medium:1.92%;--awb-spacing-left-medium:1.92%;--awb-width-small:100%;--awb-order-small:0;--awb-spacing-right-small:1.92%;--awb-spacing-left-small:1.92%;\" data-scroll-devices=\"small-visibility,medium-visibility,large-visibility\"><div class=\"fusion-column-wrapper lazyload fusion-column-has-shadow fusion-flex-justify-content-flex-start fusion-content-layout-block fusion-column-has-bg-image\" data-bg-url=\"https:\/\/imlauer.com\/hotel-imlauer-salzburg\/wp-content\/uploads\/2025\/05\/IHS-Superior-Familienzimmer.png\" data-bg=\"https:\/\/imlauer.com\/hotel-imlauer-salzburg\/wp-content\/uploads\/2025\/05\/IHS-Superior-Familienzimmer.png\"><div class=\"fusion-content-boxes content-boxes columns row fusion-columns-1 fusion-columns-total-1 fusion-content-boxes-9 content-boxes-icon-on-top content-left\" style=\"--awb-body-color:#646567;--awb-title-color:#646567;--awb-margin-top:100px;--awb-margin-bottom:0px;--awb-hover-accent-color:#646567;--awb-circle-hover-accent-color:#646567;--awb-item-margin-bottom:40px;\" data-animationOffset=\"top-into-view\"><div style=\"--awb-backgroundcolor:#ffffff;\" class=\"fusion-column content-box-column content-box-column content-box-column-1 col-lg-12 col-md-12 col-sm-12 fusion-content-box-hover content-box-column-last content-box-column-last-in-row\"><div class=\"col content-box-wrapper content-wrapper-background link-area-link-icon icon-hover-animation-fade\" data-animationOffset=\"top-into-view\"><div class=\"heading icon-left\"><h2 class=\"content-box-heading\" style=\"--h2_typography-font-size:25px;line-height:30px;\">Habitaci\u00f3n familiar Deluxe<\/h2><\/div><div class=\"fusion-clearfix\"><\/div><div class=\"content-container\">\n<div class=\"fusion-separator\" style=\"align-self: center;margin-left: auto;margin-right: auto;margin-top:10px;margin-bottom:20px;width:100%;max-width:50px;\"><div class=\"fusion-separator-border sep-single sep-solid\" style=\"--awb-height:20px;--awb-amount:20px;--awb-sep-color:#af9755;border-color:#AF9755;border-top-width:1px;\"><\/div><\/div>\n<p>35 m\u00b2  <img decoding=\"async\" class=\"lazyload alignnone size-full wp-image-2788\" src=\"data:image\/gif;base64,R0lGODlhAQABAAAAACH5BAEKAAEALAAAAAABAAEAAAICTAEAOw==\" data-orig-src=\"https:\/\/imlauer.com\/hotel-pitter-salzburg\/wp-content\/uploads\/2025\/04\/4-personen.png\" alt=\"4 personas\" width=\"45\"><\/p>\n<ul style=\"text-align: left;\">\n<li>Apto para hasta 4 personas<\/li>\n<li>1 cama doble y 1 sof\u00e1 cama doble<\/li>\n<li>W-LAN gratuita<\/li>\n<li>Estaci\u00f3n de caf\u00e9\/t\u00e9<\/li>\n<li>Aire acondicionado<\/li>\n<\/ul>\n<\/div><\/div><\/div><div class=\"fusion-clearfix\"><\/div><\/div><div class=\"fusion-alignleft\"><a class=\"fusion-button button-flat fusion-button-default-size button-default fusion-button-default button-17 fusion-button-default-span fusion-button-default-type\" target=\"_self\" href=\"https:\/\/imlauer.com\/hotel-imlauer-salzburg\/portfolio-items\/habitacion-familiar-superior\/?lang=es\"><span class=\"fusion-button-text awb-button__text awb-button__text--default fusion-button-text-right\">Detalles de la habitaci\u00f3n<\/span><span class=\"fusion-button-icon-divider button-icon-divider-right\"><i class=\"fa-angle-right fas awb-button__icon awb-button__icon--default\" aria-hidden=\"true\"><\/i><\/span><\/a><\/div><div class=\"fusion-alignright\"><a class=\"fusion-button button-flat fusion-button-default-size button-default fusion-button-default button-18 fusion-button-default-span fusion-button-default-type\" target=\"_blank\" rel=\"noopener noreferrer\" href=\"https:\/\/imlauer.com\/hotel-imlauer-salzburg\/jetzt-buchen\/\"><span class=\"fusion-button-text awb-button__text awb-button__text--default fusion-button-text-right\">Jetzt buchen<\/span><span class=\"fusion-button-icon-divider button-icon-divider-right\"><i class=\"fa-angle-right fas awb-button__icon awb-button__icon--default\" aria-hidden=\"true\"><\/i><\/span><\/a><\/div>\n<\/div><\/div><div class=\"fusion-layout-column fusion_builder_column fusion-builder-column-11 fusion_builder_column_1_2 1_2 fusion-flex-column\" style=\"--awb-padding-top:380px;--awb-padding-right:40px;--awb-padding-bottom:40px;--awb-padding-left:40px;--awb-padding-right-small:5px;--awb-padding-left-small:5px;--awb-bg-color:#ffffff;--awb-bg-color-hover:#ffffff;--awb-bg-position:center top;--awb-bg-size:cover;--awb-width-large:50%;--awb-margin-top-large:0px;--awb-spacing-right-large:3.84%;--awb-margin-bottom-large:20px;--awb-spacing-left-large:3.84%;--awb-width-medium:100%;--awb-order-medium:0;--awb-spacing-right-medium:1.92%;--awb-spacing-left-medium:1.92%;--awb-width-small:100%;--awb-order-small:0;--awb-spacing-right-small:1.92%;--awb-spacing-left-small:1.92%;\" data-scroll-devices=\"small-visibility,medium-visibility,large-visibility\"><div class=\"fusion-column-wrapper lazyload fusion-column-has-shadow fusion-flex-justify-content-flex-start fusion-content-layout-block fusion-column-has-bg-image\" data-bg-url=\"https:\/\/imlauer.com\/hotel-imlauer-salzburg\/wp-content\/uploads\/2025\/05\/IHS-Superior-Suite.png\" data-bg=\"https:\/\/imlauer.com\/hotel-imlauer-salzburg\/wp-content\/uploads\/2025\/05\/IHS-Superior-Suite.png\"><div class=\"fusion-content-boxes content-boxes columns row fusion-columns-1 fusion-columns-total-1 fusion-content-boxes-10 content-boxes-icon-on-top content-left\" style=\"--awb-body-color:#646567;--awb-title-color:#646567;--awb-margin-top:100px;--awb-margin-bottom:0px;--awb-hover-accent-color:#646567;--awb-circle-hover-accent-color:#646567;--awb-item-margin-bottom:40px;\" data-animationOffset=\"top-into-view\"><div style=\"--awb-backgroundcolor:#ffffff;\" class=\"fusion-column content-box-column content-box-column content-box-column-1 col-lg-12 col-md-12 col-sm-12 fusion-content-box-hover content-box-column-last content-box-column-last-in-row\"><div class=\"col content-box-wrapper content-wrapper-background link-area-link-icon icon-hover-animation-fade\" data-animationOffset=\"top-into-view\"><div class=\"heading icon-left\"><h2 class=\"content-box-heading\" style=\"--h2_typography-font-size:25px;line-height:30px;\">Suite Deluxe<\/h2><\/div><div class=\"fusion-clearfix\"><\/div><div class=\"content-container\">\n<div class=\"fusion-separator\" style=\"align-self: center;margin-left: auto;margin-right: auto;margin-top:10px;margin-bottom:20px;width:100%;max-width:50px;\"><div class=\"fusion-separator-border sep-single sep-solid\" style=\"--awb-height:20px;--awb-amount:20px;--awb-sep-color:#af9755;border-color:#AF9755;border-top-width:1px;\"><\/div><\/div>\n<p>40 m\u00b2  <img decoding=\"async\" class=\"lazyload alignnone size-full wp-image-2788\" src=\"data:image\/gif;base64,R0lGODlhAQABAAAAACH5BAEKAAEALAAAAAABAAEAAAICTAEAOw==\" data-orig-src=\"https:\/\/imlauer.com\/hotel-pitter-salzburg\/wp-content\/uploads\/2025\/04\/4-personen.png\" alt=\"4 personas\" width=\"45\"><img decoding=\"async\" class=\"lazyload alignnone wp-image-2791 \" src=\"data:image\/gif;base64,R0lGODlhAQABAAAAACH5BAEKAAEALAAAAAABAAEAAAICTAEAOw==\" data-orig-src=\"https:\/\/imlauer.com\/hotel-pitter-salzburg\/wp-content\/uploads\/2025\/04\/Kind.png\" alt=\"un ni\u00f1o IMLAUER HOTEL PITTER Salzburgo\" width=\"20\"><\/p>\n<ul style=\"text-align: left;\">\n<li>Apto para hasta 5 personas<\/li>\n<li>2 Zonas separadas<\/li>\n<li>1 cama doble, 1 sof\u00e1 cama doble y 1 sof\u00e1 cama individual<\/li>\n<li>Cuarto de ba\u00f1o espacioso<\/li>\n<li>W-LAN gratuita<\/li>\n<li>Estaci\u00f3n de caf\u00e9\/t\u00e9<\/li>\n<li>Aire acondicionado<\/li>\n<\/ul>\n<\/div><\/div><\/div><div class=\"fusion-clearfix\"><\/div><\/div><div class=\"fusion-alignleft\"><a class=\"fusion-button button-flat fusion-button-default-size button-default fusion-button-default button-19 fusion-button-default-span fusion-button-default-type\" target=\"_self\" href=\"https:\/\/imlauer.com\/hotel-imlauer-salzburg\/portfolio-items\/suite-superior\/?lang=es\"><span class=\"fusion-button-text awb-button__text awb-button__text--default fusion-button-text-right\">Detalles de la habitaci\u00f3n<\/span><span class=\"fusion-button-icon-divider button-icon-divider-right\"><i class=\"fa-angle-right fas awb-button__icon awb-button__icon--default\" aria-hidden=\"true\"><\/i><\/span><\/a><\/div><div class=\"fusion-alignright\"><a class=\"fusion-button button-flat fusion-button-default-size button-default fusion-button-default button-20 fusion-button-default-span fusion-button-default-type\" target=\"_blank\" rel=\"noopener noreferrer\" href=\"https:\/\/imlauer.com\/hotel-imlauer-salzburg\/jetzt-buchen\/\"><span class=\"fusion-button-text awb-button__text awb-button__text--default fusion-button-text-right\">Jetzt buchen<\/span><span class=\"fusion-button-icon-divider button-icon-divider-right\"><i class=\"fa-angle-right fas awb-button__icon awb-button__icon--default\" aria-hidden=\"true\"><\/i><\/span><\/a><\/div>\n<\/div><\/div><div class=\"fusion-layout-column fusion_builder_column fusion-builder-column-12 fusion_builder_column_1_2 1_2 fusion-flex-column\" style=\"--awb-padding-top:380px;--awb-padding-right:40px;--awb-padding-bottom:40px;--awb-padding-left:40px;--awb-padding-right-small:5px;--awb-padding-left-small:5px;--awb-bg-color:#ffffff;--awb-bg-color-hover:#ffffff;--awb-bg-position:center top;--awb-bg-size:cover;--awb-width-large:50%;--awb-margin-top-large:0px;--awb-spacing-right-large:3.84%;--awb-margin-bottom-large:20px;--awb-spacing-left-large:3.84%;--awb-width-medium:100%;--awb-order-medium:0;--awb-spacing-right-medium:1.92%;--awb-spacing-left-medium:1.92%;--awb-width-small:100%;--awb-order-small:0;--awb-spacing-right-small:1.92%;--awb-spacing-left-small:1.92%;\" data-scroll-devices=\"small-visibility,medium-visibility,large-visibility\"><div class=\"fusion-column-wrapper lazyload fusion-column-has-shadow fusion-flex-justify-content-flex-start fusion-content-layout-block fusion-column-has-bg-image\" data-bg-url=\"https:\/\/imlauer.com\/hotel-imlauer-salzburg\/wp-content\/uploads\/2025\/05\/Deluxe-Suite.png\" data-bg=\"https:\/\/imlauer.com\/hotel-imlauer-salzburg\/wp-content\/uploads\/2025\/05\/Deluxe-Suite.png\"><div class=\"fusion-content-boxes content-boxes columns row fusion-columns-1 fusion-columns-total-1 fusion-content-boxes-11 content-boxes-icon-on-top content-left\" style=\"--awb-body-color:#646567;--awb-title-color:#646567;--awb-margin-top:100px;--awb-margin-bottom:0px;--awb-hover-accent-color:#646567;--awb-circle-hover-accent-color:#646567;--awb-item-margin-bottom:40px;\" data-animationOffset=\"top-into-view\"><div style=\"--awb-backgroundcolor:#ffffff;\" class=\"fusion-column content-box-column content-box-column content-box-column-1 col-lg-12 col-md-12 col-sm-12 fusion-content-box-hover content-box-column-last content-box-column-last-in-row\"><div class=\"col content-box-wrapper content-wrapper-background link-area-link-icon icon-hover-animation-fade\" data-animationOffset=\"top-into-view\"><div class=\"heading icon-left\"><h2 class=\"content-box-heading\" style=\"--h2_typography-font-size:25px;line-height:30px;\">Suite Premium<\/h2><\/div><div class=\"fusion-clearfix\"><\/div><div class=\"content-container\">\n<div class=\"fusion-separator\" style=\"align-self: center;margin-left: auto;margin-right: auto;margin-top:10px;margin-bottom:20px;width:100%;max-width:50px;\"><div class=\"fusion-separator-border sep-single sep-solid\" style=\"--awb-height:20px;--awb-amount:20px;--awb-sep-color:#af9755;border-color:#AF9755;border-top-width:1px;\"><\/div><\/div>\n<p>40 m\u00b2  <img decoding=\"async\" class=\"lazyload alignnone size-full wp-image-2788\" src=\"data:image\/gif;base64,R0lGODlhAQABAAAAACH5BAEKAAEALAAAAAABAAEAAAICTAEAOw==\" data-orig-src=\"https:\/\/imlauer.com\/hotel-pitter-salzburg\/wp-content\/uploads\/2025\/04\/4-personen.png\" alt=\"4 personas\" width=\"45\"><img decoding=\"async\" class=\"lazyload alignnone wp-image-2791 \" src=\"data:image\/gif;base64,R0lGODlhAQABAAAAACH5BAEKAAEALAAAAAABAAEAAAICTAEAOw==\" data-orig-src=\"https:\/\/imlauer.com\/hotel-pitter-salzburg\/wp-content\/uploads\/2025\/04\/Kind.png\" alt=\"un ni\u00f1o IMLAUER HOTEL PITTER Salzburgo\" width=\"20\"><\/p>\n<ul style=\"text-align: left;\">\n<li>Apto para hasta 5 personas<\/li>\n<li>1 cama doble, 1 sof\u00e1 cama doble y 1 sof\u00e1 cama individual<\/li>\n<li>2 zonas separadas y espacio suficiente<\/li>\n<li>W-LAN gratuita<\/li>\n<li>Estaci\u00f3n de caf\u00e9\/t\u00e9<\/li>\n<li>Aire acondicionado<\/li>\n<\/ul>\n<\/div><\/div><\/div><div class=\"fusion-clearfix\"><\/div><\/div><div class=\"fusion-alignleft\"><a class=\"fusion-button button-flat fusion-button-default-size button-default fusion-button-default button-21 fusion-button-default-span fusion-button-default-type\" target=\"_self\" href=\"https:\/\/imlauer.com\/hotel-imlauer-salzburg\/portfolio-items\/suite-deluxe\/?lang=es\"><span class=\"fusion-button-text awb-button__text awb-button__text--default fusion-button-text-right\">Detalles de la habitaci\u00f3n<\/span><span class=\"fusion-button-icon-divider button-icon-divider-right\"><i class=\"fa-angle-right fas awb-button__icon awb-button__icon--default\" aria-hidden=\"true\"><\/i><\/span><\/a><\/div><div class=\"fusion-alignright\"><a class=\"fusion-button button-flat fusion-button-default-size button-default fusion-button-default button-22 fusion-button-default-span fusion-button-default-type\" target=\"_blank\" rel=\"noopener noreferrer\" href=\"https:\/\/imlauer.com\/hotel-imlauer-salzburg\/jetzt-buchen\/\"><span class=\"fusion-button-text awb-button__text awb-button__text--default fusion-button-text-right\">Jetzt buchen<\/span><span class=\"fusion-button-icon-divider button-icon-divider-right\"><i class=\"fa-angle-right fas awb-button__icon awb-button__icon--default\" aria-hidden=\"true\"><\/i><\/span><\/a><\/div>\n<\/div><\/div><\/div><\/div><\/div><\/p>\n","protected":false},"excerpt":{"rendered":"","protected":false},"author":1,"featured_media":0,"parent":0,"menu_order":0,"comment_status":"closed","ping_status":"closed","template":"","meta":{"footnotes":""},"class_list":["post-8228","page","type-page","status-publish","hentry"],"_links":{"self":[{"href":"https:\/\/imlauer.com\/hotel-imlauer-salzburg\/wp-json\/wp\/v2\/pages\/8228","targetHints":{"allow":["GET"]}}],"collection":[{"href":"https:\/\/imlauer.com\/hotel-imlauer-salzburg\/wp-json\/wp\/v2\/pages"}],"about":[{"href":"https:\/\/imlauer.com\/hotel-imlauer-salzburg\/wp-json\/wp\/v2\/types\/page"}],"author":[{"embeddable":true,"href":"https:\/\/imlauer.com\/hotel-imlauer-salzburg\/wp-json\/wp\/v2\/users\/1"}],"replies":[{"embeddable":true,"href":"https:\/\/imlauer.com\/hotel-imlauer-salzburg\/wp-json\/wp\/v2\/comments?post=8228"}],"version-history":[{"count":309,"href":"https:\/\/imlauer.com\/hotel-imlauer-salzburg\/wp-json\/wp\/v2\/pages\/8228\/revisions"}],"predecessor-version":[{"id":48007,"href":"https:\/\/imlauer.com\/hotel-imlauer-salzburg\/wp-json\/wp\/v2\/pages\/8228\/revisions\/48007"}],"wp:attachment":[{"href":"https:\/\/imlauer.com\/hotel-imlauer-salzburg\/wp-json\/wp\/v2\/media?parent=8228"}],"curies":[{"name":"wp","href":"https:\/\/api.w.org\/{rel}","templated":true}]}}