{"id":8254,"date":"2019-10-15T07:10:44","date_gmt":"2019-10-15T07:10:44","guid":{"rendered":"https:\/\/imlauer.com\/hotel-imlauer-salzburg\/important-a-savoir\/"},"modified":"2026-04-09T06:36:26","modified_gmt":"2026-04-09T06:36:26","slug":"important-a-savoir","status":"publish","type":"page","link":"https:\/\/imlauer.com\/hotel-imlauer-salzburg\/important-a-savoir\/?lang=fr","title":{"rendered":"Important \u00e0 savoir"},"content":{"rendered":"<p><div class=\"fusion-fullwidth fullwidth-box fusion-builder-row-1 has-pattern-background has-mask-background nonhundred-percent-fullwidth non-hundred-percent-height-scrolling fusion-equal-height-columns\" style=\"--awb-background-position:left top;--awb-border-sizes-top:0px;--awb-border-sizes-bottom:0px;--awb-border-sizes-left:0px;--awb-border-sizes-right:0px;--awb-border-radius-top-left:0px;--awb-border-radius-top-right:0px;--awb-border-radius-bottom-right:0px;--awb-border-radius-bottom-left:0px;--awb-padding-top:0px;--awb-padding-bottom:35px;--awb-margin-top:40px;--awb-flex-wrap:wrap;\" ><div class=\"fusion-builder-row fusion-row\"><div class=\"fusion-layout-column fusion_builder_column fusion-builder-column-0 fusion_builder_column_1_2 1_2 fusion-one-half fusion-column-first\" style=\"--awb-padding-top:40px;--awb-padding-bottom:40px;--awb-bg-color:#ffffff;--awb-bg-color-hover:#ffffff;--awb-bg-size:cover;--awb-border-color:#ebeef1;--awb-border-top:0;--awb-border-right:0;--awb-border-bottom:0;--awb-border-left:0;--awb-border-style:solid;width:48%; margin-right: 4%;\"><div class=\"fusion-column-wrapper fusion-column-has-shadow fusion-flex-column-wrapper-legacy\"><div class=\"fusion-column-content-centered\"><div class=\"fusion-column-content\"><div class=\"fusion-image-element fusion-image-align-center in-legacy-container\" style=\"text-align:center;--awb-liftup-border-radius:0px;--awb-caption-title-font-family:var(--h2_typography-font-family);--awb-caption-title-font-weight:var(--h2_typography-font-weight);--awb-caption-title-font-style:var(--h2_typography-font-style);--awb-caption-title-size:var(--h2_typography-font-size);--awb-caption-title-transform:var(--h2_typography-text-transform);--awb-caption-title-line-height:var(--h2_typography-line-height);--awb-caption-title-letter-spacing:var(--h2_typography-letter-spacing);\"><div class=\"imageframe-align-center\"><div class=\"awb-image-frame awb-image-frame-1 imageframe-liftup\"><span class=\" fusion-imageframe imageframe-none imageframe-1\"><a href=\"https:\/\/imlauer.com\/hotel-imlauer-salzburg\/wp-content\/uploads\/2025\/02\/hotel-imlauer-braeu-salzburg-eingang-1.jpg\" class=\"fusion-lightbox\" data-rel=\"iLightbox[2c65ad0d7b76e507644]\" data-title=\"hotel-imlauer-braeu-salzburg-eingang\" title=\"hotel-imlauer-braeu-salzburg-eingang\"><img decoding=\"async\" width=\"2000\" height=\"1358\" src=\"https:\/\/imlauer.com\/hotel-imlauer-salzburg\/wp-content\/uploads\/2025\/02\/hotel-imlauer-braeu-salzburg-eingang-1.jpg\" data-orig-src=\"https:\/\/imlauer.com\/hotel-imlauer-salzburg\/wp-content\/uploads\/2025\/02\/hotel-imlauer-braeu-salzburg-eingang-1.jpg\" alt class=\"lazyload img-responsive wp-image-1055\" srcset=\"data:image\/svg+xml,%3Csvg%20xmlns%3D%27http%3A%2F%2Fwww.w3.org%2F2000%2Fsvg%27%20width%3D%272000%27%20height%3D%271358%27%20viewBox%3D%270%200%202000%201358%27%3E%3Crect%20width%3D%272000%27%20height%3D%271358%27%20fill-opacity%3D%220%22%2F%3E%3C%2Fsvg%3E\" data-srcset=\"https:\/\/imlauer.com\/hotel-imlauer-salzburg\/wp-content\/uploads\/2025\/02\/hotel-imlauer-braeu-salzburg-eingang-1-200x136.jpg 200w, https:\/\/imlauer.com\/hotel-imlauer-salzburg\/wp-content\/uploads\/2025\/02\/hotel-imlauer-braeu-salzburg-eingang-1-400x272.jpg 400w, https:\/\/imlauer.com\/hotel-imlauer-salzburg\/wp-content\/uploads\/2025\/02\/hotel-imlauer-braeu-salzburg-eingang-1-600x407.jpg 600w, https:\/\/imlauer.com\/hotel-imlauer-salzburg\/wp-content\/uploads\/2025\/02\/hotel-imlauer-braeu-salzburg-eingang-1-800x543.jpg 800w, https:\/\/imlauer.com\/hotel-imlauer-salzburg\/wp-content\/uploads\/2025\/02\/hotel-imlauer-braeu-salzburg-eingang-1-1200x815.jpg 1200w, https:\/\/imlauer.com\/hotel-imlauer-salzburg\/wp-content\/uploads\/2025\/02\/hotel-imlauer-braeu-salzburg-eingang-1.jpg 2000w\" data-sizes=\"auto\" data-orig-sizes=\"(max-width: 969px) 100vw, 800px\" \/><\/a><\/span><\/div><\/div><\/div><\/div><\/div><div class=\"fusion-clearfix\"><\/div><\/div><\/div><div class=\"fusion-layout-column fusion_builder_column fusion-builder-column-1 fusion_builder_column_1_2 1_2 fusion-one-half fusion-column-last\" style=\"--awb-bg-blend:overlay;--awb-bg-size:cover;width:48%;\"><div class=\"fusion-column-wrapper fusion-column-has-shadow fusion-flex-column-wrapper-legacy\"><div class=\"fusion-column-content-centered\"><div class=\"fusion-column-content\"><div class=\"fusion-text fusion-text-1\"><h1 style=\"text-align: center;\">FAQ<\/h1>\n<\/div><div class=\"fusion-sep-clear\"><\/div><div class=\"fusion-separator\" style=\"margin-left: auto;margin-right: auto;margin-top:0px;margin-bottom:20px;width:100%;max-width:50px;\"><div class=\"fusion-separator-border sep-single sep-solid\" style=\"--awb-height:20px;--awb-amount:20px;--awb-sep-color:#af9755;border-color:#af9755;border-top-width:1px;\"><\/div><\/div><div class=\"fusion-sep-clear\"><\/div><div class=\"fusion-text fusion-text-2\"><p style=\"text-align: center;\">Vous avez des questions sur votre s\u00e9jour \u00e0 Salzbourg ? Consultez notre rubrique &#8222;Important \u00e0 savoir&#8220;. Dans ce catalogue FAQ, vous trouverez les donn\u00e9es de r\u00e9f\u00e9rence les plus importantes concernant l&#8217;h\u00f4tel IMLAUER Pitter. Si vous ne trouvez pas ce que vous cherchez, n&#8217;h\u00e9sitez pas \u00e0 nous contacter.   <\/p>\n<p style=\"text-align: center;\">Nous pouvons \u00e9galement r\u00e9pondre \u00e0 vos questions par e-mail \u00e0 <a href=\"mailto:hotel@imlauer.com\">hotel@imlauer.com<\/a><br \/>\nou par t\u00e9l\u00e9phone au <a href=\"tel:+43662889920\">+43 (0) 662 88 99 20<\/a>.<\/p>\n<div class=\"titles\">\n<p style=\"text-align: center;\">Nous serons heureux de vous aider \u00e0 tout moment.<\/p>\n<\/div>\n<\/div><\/div><\/div><div class=\"fusion-clearfix\"><\/div><\/div><\/div><\/div><\/div><div class=\"fusion-fullwidth fullwidth-box fusion-builder-row-2 hundred-percent-fullwidth non-hundred-percent-height-scrolling fusion-equal-height-columns\" style=\"--awb-background-position:left top;--awb-border-sizes-top:0px;--awb-border-sizes-bottom:0px;--awb-border-sizes-left:0px;--awb-border-sizes-right:0px;--awb-border-radius-top-left:0px;--awb-border-radius-top-right:0px;--awb-border-radius-bottom-right:0px;--awb-border-radius-bottom-left:0px;--awb-padding-top:20px;--awb-padding-right:20px;--awb-padding-bottom:20px;--awb-padding-left:20px;--awb-margin-top:0px;--awb-margin-bottom:0px;--awb-background-color:#af9755;--awb-flex-wrap:wrap;\" id=\"faq_themen\" ><div class=\"fusion-builder-row fusion-row\"><div class=\"fusion-layout-column fusion_builder_column fusion-builder-column-2 fusion_builder_column_1_1 1_1 fusion-one-full fusion-column-first fusion-column-last fusion-column-no-min-height\" style=\"--awb-bg-size:cover;--awb-margin-bottom:0px;\"><div class=\"fusion-column-wrapper fusion-column-has-shadow fusion-flex-column-wrapper-legacy\"><div class=\"fusion-column-content-centered\"><div class=\"fusion-column-content\"><div class=\"fusion-text fusion-text-3\"><h2 style=\"text-align: center;\"><span style=\"color: #ffffff;\">S\u00c9LECTION DE TH\u00c8MES<\/span><\/h2>\n<\/div><div class=\"fusion-content-boxes content-boxes columns row fusion-columns-5 fusion-columns-total-5 fusion-content-boxes-1 content-boxes-icon-on-top content-left\" style=\"--awb-backgroundcolor:#ffffff;--awb-body-color:#636362;--awb-title-color:#af9755;--awb-iconcolor:#008ab4;--awb-hover-accent-color:#008ab4;--awb-circle-hover-accent-color:transparent;\" id=\"themenauswahl\" data-animationOffset=\"top-into-view\"><div style=\"--awb-backgroundcolor:#ffffff;--awb-iconcolor:#008ab4;\" class=\"fusion-column content-box-column content-box-column-1 col-lg-2 col-md-2 col-sm-2 fusion-content-box-hover content-box-column-first-in-row\"><div class=\"col content-box-wrapper content-wrapper-background link-area-box link-type-text icon-hover-animation-slide\" data-link=\"#anreise\" data-link-target=\"_self\" data-animationOffset=\"top-into-view\"><div class=\"heading heading-with-icon icon-left\"><a class=\"heading-link\" href=\"#anreise\" target=\"_self\"><div aria-hidden=\"true\" class=\"image\"><img decoding=\"async\" class=\"lazyload\" src=\"data:image\/svg+xml,%3Csvg%20xmlns%3D%27http%3A%2F%2Fwww.w3.org%2F2000%2Fsvg%27%20width%3D%27100%27%20height%3D%27100%27%20viewBox%3D%270%200%20100%20100%27%3E%3Crect%20width%3D%27100%27%20height%3D%27100%27%20fill-opacity%3D%220%22%2F%3E%3C%2Fsvg%3E\" data-orig-src=\"https:\/\/imlauer.com\/hotel-imlauer-salzburg\/wp-content\/uploads\/2025\/02\/schluessel.png\" width=\"100\" height=\"100\" alt=\"\" \/><\/div><h2 class=\"content-box-heading\" style=\"--h2_typography-font-size:20px;line-height:25px;\">Arriv\u00e9e<\/h2><\/a><\/div><\/div><\/div><div style=\"--awb-backgroundcolor:#ffffff;--awb-iconcolor:#008ab4;\" class=\"fusion-column content-box-column content-box-column-2 col-lg-2 col-md-2 col-sm-2 fusion-content-box-hover \"><div class=\"col content-box-wrapper content-wrapper-background link-area-box link-type-text icon-hover-animation-slide\" data-link=\"#abreise\" data-link-target=\"_self\" data-animationOffset=\"top-into-view\"><div class=\"heading heading-with-icon icon-left\"><a class=\"heading-link\" href=\"#abreise\" target=\"_self\"><div aria-hidden=\"true\" class=\"image\"><img decoding=\"async\" class=\"lazyload\" src=\"data:image\/svg+xml,%3Csvg%20xmlns%3D%27http%3A%2F%2Fwww.w3.org%2F2000%2Fsvg%27%20width%3D%27100%27%20height%3D%27100%27%20viewBox%3D%270%200%20100%20100%27%3E%3Crect%20width%3D%27100%27%20height%3D%27100%27%20fill-opacity%3D%220%22%2F%3E%3C%2Fsvg%3E\" data-orig-src=\"https:\/\/imlauer.com\/hotel-imlauer-salzburg\/wp-content\/uploads\/2025\/02\/wegweiser-1.png\" width=\"100\" height=\"100\" alt=\"\" \/><\/div><h2 class=\"content-box-heading\" style=\"--h2_typography-font-size:20px;line-height:25px;\">D\u00e9part<\/h2><\/a><\/div><\/div><\/div><div style=\"--awb-backgroundcolor:#ffffff;--awb-iconcolor:#008ab4;\" class=\"fusion-column content-box-column content-box-column-3 col-lg-2 col-md-2 col-sm-2 fusion-content-box-hover \"><div class=\"col content-box-wrapper content-wrapper-background link-area-box link-type-text icon-hover-animation-slide\" data-link=\"#hotel\" data-link-target=\"_self\" data-animationOffset=\"top-into-view\"><div class=\"heading heading-with-icon icon-left\"><a class=\"heading-link\" href=\"#hotel\" target=\"_self\"><div aria-hidden=\"true\" class=\"image\"><img decoding=\"async\" class=\"lazyload\" src=\"data:image\/svg+xml,%3Csvg%20xmlns%3D%27http%3A%2F%2Fwww.w3.org%2F2000%2Fsvg%27%20width%3D%27100%27%20height%3D%27100%27%20viewBox%3D%270%200%20100%20100%27%3E%3Crect%20width%3D%27100%27%20height%3D%27100%27%20fill-opacity%3D%220%22%2F%3E%3C%2Fsvg%3E\" data-orig-src=\"https:\/\/imlauer.com\/hotel-imlauer-salzburg\/wp-content\/uploads\/2025\/02\/HotelIcon.png\" width=\"100\" height=\"100\" alt=\"\" \/><\/div><h2 class=\"content-box-heading\" style=\"--h2_typography-font-size:20px;line-height:25px;\">\u00e0 l&#039;h\u00f4tel<\/h2><\/a><\/div><\/div><\/div><div style=\"--awb-backgroundcolor:#ffffff;--awb-iconcolor:#008ab4;\" class=\"fusion-column content-box-column content-box-column-4 col-lg-2 col-md-2 col-sm-2 fusion-content-box-hover \"><div class=\"col content-box-wrapper content-wrapper-background link-area-box link-type-text icon-hover-animation-slide\" data-link=\"#naehe\" data-link-target=\"_self\" data-animationOffset=\"top-into-view\"><div class=\"heading heading-with-icon icon-left\"><a class=\"heading-link\" href=\"#naehe\" target=\"_self\"><div aria-hidden=\"true\" class=\"image\"><img decoding=\"async\" class=\"lazyload\" src=\"data:image\/svg+xml,%3Csvg%20xmlns%3D%27http%3A%2F%2Fwww.w3.org%2F2000%2Fsvg%27%20width%3D%27100%27%20height%3D%27100%27%20viewBox%3D%270%200%20100%20100%27%3E%3Crect%20width%3D%27100%27%20height%3D%27100%27%20fill-opacity%3D%220%22%2F%3E%3C%2Fsvg%3E\" data-orig-src=\"https:\/\/imlauer.com\/hotel-imlauer-salzburg\/wp-content\/uploads\/2025\/02\/imlauernearby.png\" width=\"100\" height=\"100\" alt=\"\" \/><\/div><h2 class=\"content-box-heading\" style=\"--h2_typography-font-size:20px;line-height:25px;\">\u00e0 proximit\u00e9<\/h2><\/a><\/div><\/div><\/div><div style=\"--awb-backgroundcolor:#ffffff;--awb-iconcolor:#008ab4;\" class=\"fusion-column content-box-column content-box-column-5 col-lg-2 col-md-2 col-sm-2 fusion-content-box-hover content-box-column-last content-box-column-last-in-row\"><div class=\"col content-box-wrapper content-wrapper-background link-area-box link-type-text icon-hover-animation-slide\" data-link=\"#kulinarik\" data-link-target=\"_self\" data-animationOffset=\"top-into-view\"><div class=\"heading heading-with-icon icon-left\"><a class=\"heading-link\" href=\"#kulinarik\" target=\"_self\"><div aria-hidden=\"true\" class=\"image\"><img decoding=\"async\" class=\"lazyload\" src=\"data:image\/svg+xml,%3Csvg%20xmlns%3D%27http%3A%2F%2Fwww.w3.org%2F2000%2Fsvg%27%20width%3D%27100%27%20height%3D%27100%27%20viewBox%3D%270%200%20100%20100%27%3E%3Crect%20width%3D%27100%27%20height%3D%27100%27%20fill-opacity%3D%220%22%2F%3E%3C%2Fsvg%3E\" data-orig-src=\"https:\/\/imlauer.com\/hotel-imlauer-salzburg\/wp-content\/uploads\/2025\/02\/besteck-glas-1.png\" width=\"100\" height=\"100\" alt=\"\" \/><\/div><h2 class=\"content-box-heading\" style=\"--h2_typography-font-size:20px;line-height:25px;\">Culinaire<\/h2><\/a><\/div><\/div><\/div><div class=\"fusion-clearfix\"><\/div><\/div><\/div><\/div><div class=\"fusion-clearfix\"><\/div><\/div><\/div><\/div><\/div><div class=\"fusion-fullwidth fullwidth-box fusion-builder-row-3 hundred-percent-fullwidth non-hundred-percent-height-scrolling\" style=\"--awb-border-radius-top-left:0px;--awb-border-radius-top-right:0px;--awb-border-radius-bottom-right:0px;--awb-border-radius-bottom-left:0px;--awb-padding-top:4%;--awb-padding-right:6%;--awb-padding-bottom:3%;--awb-padding-left:6%;--awb-flex-wrap:wrap;\" id=\"faq_themen\" ><div class=\"fusion-builder-row fusion-row\"><div class=\"fusion-layout-column fusion_builder_column fusion-builder-column-3 fusion_builder_column_1_2 1_2 fusion-one-half fusion-column-first fusion-animated\" style=\"--awb-padding-top:5%;--awb-padding-right:11%;--awb-padding-bottom:5%;--awb-padding-left:11%;--awb-bg-color:#ffffff;--awb-bg-color-hover:#ffffff;--awb-bg-size:cover;--awb-margin-bottom:0px;width:50%;width:calc(50% - ( ( 0 ) * 0.5 ) );margin-right: 0px;\" data-animationType=\"fadeInLeft\" data-animationDuration=\"0.8\" data-animationOffset=\"top-into-view\" id=\"anreise\"><div class=\"fusion-column-wrapper fusion-column-has-shadow fusion-flex-column-wrapper-legacy\"><div class=\"fusion-content-boxes content-boxes columns row fusion-columns-1 fusion-columns-total-1 fusion-content-boxes-2 content-boxes-icon-on-top content-left\" style=\"--awb-backgroundcolor:#ffffff;--awb-body-color:#636362;--awb-title-color:#af9755;--awb-iconcolor:#008ab4;--awb-hover-accent-color:#af9755;--awb-circle-hover-accent-color:transparent;--awb-item-margin-bottom:40px;\" data-animationOffset=\"top-into-view\"><div style=\"--awb-backgroundcolor:#ffffff;--awb-iconcolor:#008ab4;\" class=\"fusion-column content-box-column content-box-column content-box-column-1 col-lg-12 col-md-12 col-sm-12 fusion-content-box-hover content-box-column-last content-box-column-last-in-row\"><div class=\"col content-box-wrapper content-wrapper-background link-area-box icon-hover-animation-slide\" data-animationOffset=\"top-into-view\"><div class=\"heading heading-with-icon icon-left\"><div aria-hidden=\"true\" class=\"image\"><img decoding=\"async\" class=\"lazyload\" src=\"data:image\/svg+xml,%3Csvg%20xmlns%3D%27http%3A%2F%2Fwww.w3.org%2F2000%2Fsvg%27%20width%3D%27100%27%20height%3D%27100%27%20viewBox%3D%270%200%20100%20100%27%3E%3Crect%20width%3D%27100%27%20height%3D%27100%27%20fill-opacity%3D%220%22%2F%3E%3C%2Fsvg%3E\" data-orig-src=\"https:\/\/imlauer.com\/hotel-imlauer-salzburg\/wp-content\/uploads\/2025\/02\/schluessel.png\" width=\"100\" height=\"100\" alt=\"\" \/><\/div><h2 class=\"content-box-heading\" style=\"--h2_typography-font-size:20px;line-height:25px;\">Arriv\u00e9e<\/h2><\/div><\/div><\/div><div class=\"fusion-clearfix\"><\/div><\/div><div class=\"accordian fusion-accordian\" style=\"--awb-border-size:1px;--awb-icon-size:13px;--awb-content-font-size:18px;--awb-icon-alignment:right;--awb-hover-color:#f9f9f9;--awb-border-color:#cccccc;--awb-background-color:#ffffff;--awb-divider-color:#e0dede;--awb-divider-hover-color:#e0dede;--awb-icon-color:#ffffff;--awb-title-color:#af9755;--awb-content-color:#747474;--awb-icon-box-color:#333333;--awb-toggle-hover-accent-color:#af9754;--awb-title-font-family:&quot;Bitter&quot;;--awb-title-font-weight:400;--awb-title-font-style:normal;--awb-content-font-family:&quot;Source Sans Pro&quot;;--awb-content-font-style:normal;--awb-content-font-weight:400;\"><div class=\"panel-group fusion-toggle-icon-right fusion-toggle-icon-boxed\" id=\"accordion-8254-1\"><div class=\"fusion-panel panel-default panel-8fc4a36257e8d11ad fusion-toggle-has-divider\"><div class=\"panel-heading\"><h4 class=\"panel-title toggle\" id=\"toggle_8fc4a36257e8d11ad\"><a aria-expanded=\"false\" aria-controls=\"8fc4a36257e8d11ad\" role=\"button\" data-toggle=\"collapse\" data-parent=\"#accordion-8254-1\" data-target=\"#8fc4a36257e8d11ad\" href=\"#8fc4a36257e8d11ad\"><span class=\"fusion-toggle-icon-wrapper\" aria-hidden=\"true\"><i class=\"fa-fusion-box active-icon awb-icon-minus\" aria-hidden=\"true\"><\/i><i class=\"fa-fusion-box inactive-icon awb-icon-plus\" aria-hidden=\"true\"><\/i><\/span><span class=\"fusion-toggle-heading\">Est-il possible de charger un v\u00e9hicule \u00e9lectrique chez vous ?<\/span><\/a><\/h4><\/div><div id=\"8fc4a36257e8d11ad\" class=\"panel-collapse collapse \" aria-labelledby=\"toggle_8fc4a36257e8d11ad\"><div class=\"panel-body toggle-content fusion-clearfix\">\n<div class=\"fusion-text content\" style=\"text-align: left;\">\n<p>Nous mettons \u00e0 votre disposition 3 stations de recharge \u00e9lectrique, o\u00f9 vous pouvez recharger pour 0,45 \u20ac\/kWh<strong>. <\/strong>Il n&#8217;est pas possible de r\u00e9server une borne de recharge.<\/p>\n<\/div>\n<\/div><\/div><\/div><div class=\"fusion-panel panel-default panel-b55ae577dc5cd70fa fusion-toggle-has-divider\"><div class=\"panel-heading\"><h4 class=\"panel-title toggle\" id=\"toggle_b55ae577dc5cd70fa\"><a aria-expanded=\"false\" aria-controls=\"b55ae577dc5cd70fa\" role=\"button\" data-toggle=\"collapse\" data-parent=\"#accordion-8254-1\" data-target=\"#b55ae577dc5cd70fa\" href=\"#b55ae577dc5cd70fa\"><span class=\"fusion-toggle-icon-wrapper\" aria-hidden=\"true\"><i class=\"fa-fusion-box active-icon awb-icon-minus\" aria-hidden=\"true\"><\/i><i class=\"fa-fusion-box inactive-icon awb-icon-plus\" aria-hidden=\"true\"><\/i><\/span><span class=\"fusion-toggle-heading\">Y a-t-il des places de parking disponibles ? Sont-elles gratuites ? <\/span><\/a><\/h4><\/div><div id=\"b55ae577dc5cd70fa\" class=\"panel-collapse collapse \" aria-labelledby=\"toggle_b55ae577dc5cd70fa\"><div class=\"panel-body toggle-content fusion-clearfix\">\n<div class=\"fusion-text content\" style=\"text-align: left;\">\n<p>Vous pouvez garer votre voiture sur notre parking derri\u00e8re l&#8217;h\u00f4tel dans la Humboldtstra\u00dfe\/le coin de la Faberstra\u00dfe, sous r\u00e9serve de disponibilit\u00e9, pour 20,00 \u20ac par nuit et par emplacement.<\/p>\n<\/div>\n<\/div><\/div><\/div><div class=\"fusion-panel panel-default panel-60e653724bc110e1c fusion-toggle-has-divider\"><div class=\"panel-heading\"><h4 class=\"panel-title toggle\" id=\"toggle_60e653724bc110e1c\"><a aria-expanded=\"false\" aria-controls=\"60e653724bc110e1c\" role=\"button\" data-toggle=\"collapse\" data-parent=\"#accordion-8254-1\" data-target=\"#60e653724bc110e1c\" href=\"#60e653724bc110e1c\"><span class=\"fusion-toggle-icon-wrapper\" aria-hidden=\"true\"><i class=\"fa-fusion-box active-icon awb-icon-minus\" aria-hidden=\"true\"><\/i><i class=\"fa-fusion-box inactive-icon awb-icon-plus\" aria-hidden=\"true\"><\/i><\/span><span class=\"fusion-toggle-heading\">Ai-je besoin d&#039;une pi\u00e8ce d&#039;identit\u00e9 pour l&#039;enregistrement ?<\/span><\/a><\/h4><\/div><div id=\"60e653724bc110e1c\" class=\"panel-collapse collapse \" aria-labelledby=\"toggle_60e653724bc110e1c\"><div class=\"panel-body toggle-content fusion-clearfix\">\n<div class=\"fusion-text content\" style=\"text-align: left;\">\n<p>En Autriche\/citoyens de l&#8217;UE &#8211; carte d&#8217;identit\u00e9 ou passeport obligatoire<\/p>\n<p>Citoyens non europ\u00e9ens &#8211; passeport obligatoire<\/p>\n<\/div>\n<\/div><\/div><\/div><div class=\"fusion-panel panel-default panel-2ab86e2e47bac24dd fusion-toggle-has-divider\"><div class=\"panel-heading\"><h4 class=\"panel-title toggle\" id=\"toggle_2ab86e2e47bac24dd\"><a aria-expanded=\"false\" aria-controls=\"2ab86e2e47bac24dd\" role=\"button\" data-toggle=\"collapse\" data-parent=\"#accordion-8254-1\" data-target=\"#2ab86e2e47bac24dd\" href=\"#2ab86e2e47bac24dd\"><span class=\"fusion-toggle-icon-wrapper\" aria-hidden=\"true\"><i class=\"fa-fusion-box active-icon awb-icon-minus\" aria-hidden=\"true\"><\/i><i class=\"fa-fusion-box inactive-icon awb-icon-plus\" aria-hidden=\"true\"><\/i><\/span><span class=\"fusion-toggle-heading\">Est-il possible de commander un transfert ? Combien cela co\u00fbte-t-il ? <\/span><\/a><\/h4><\/div><div id=\"2ab86e2e47bac24dd\" class=\"panel-collapse collapse \" aria-labelledby=\"toggle_2ab86e2e47bac24dd\"><div class=\"panel-body toggle-content fusion-clearfix\">\n<div class=\"fusion-text content\" style=\"text-align: left;\">\n<p>Nous serons ravis de vous aider \u00e0 organiser un transfert. Veuillez vous adresser \u00e0 notre \u00e9quipe de r\u00e9ception. <\/p>\n<\/div>\n<\/div><\/div><\/div><div class=\"fusion-panel panel-default panel-07b88064a0181cb9c fusion-toggle-has-divider\"><div class=\"panel-heading\"><h4 class=\"panel-title toggle\" id=\"toggle_07b88064a0181cb9c\"><a aria-expanded=\"false\" aria-controls=\"07b88064a0181cb9c\" role=\"button\" data-toggle=\"collapse\" data-parent=\"#accordion-8254-1\" data-target=\"#07b88064a0181cb9c\" href=\"#07b88064a0181cb9c\"><span class=\"fusion-toggle-icon-wrapper\" aria-hidden=\"true\"><i class=\"fa-fusion-box active-icon awb-icon-minus\" aria-hidden=\"true\"><\/i><i class=\"fa-fusion-box inactive-icon awb-icon-plus\" aria-hidden=\"true\"><\/i><\/span><span class=\"fusion-toggle-heading\">Quelles sont les heures d&#039;ouverture de la r\u00e9ception ?<\/span><\/a><\/h4><\/div><div id=\"07b88064a0181cb9c\" class=\"panel-collapse collapse \" aria-labelledby=\"toggle_07b88064a0181cb9c\"><div class=\"panel-body toggle-content fusion-clearfix\">\n<div class=\"fusion-text content\" style=\"text-align: left;\">\n<p>Notre \u00e9quipe de r\u00e9ception est \u00e0 votre disposition 24 heures sur 24.<\/p>\n<\/div>\n<\/div><\/div><\/div><div class=\"fusion-panel panel-default panel-167faafbce51ad136 fusion-toggle-has-divider\"><div class=\"panel-heading\"><h4 class=\"panel-title toggle\" id=\"toggle_167faafbce51ad136\"><a aria-expanded=\"false\" aria-controls=\"167faafbce51ad136\" role=\"button\" data-toggle=\"collapse\" data-parent=\"#accordion-8254-1\" data-target=\"#167faafbce51ad136\" href=\"#167faafbce51ad136\"><span class=\"fusion-toggle-icon-wrapper\" aria-hidden=\"true\"><i class=\"fa-fusion-box active-icon awb-icon-minus\" aria-hidden=\"true\"><\/i><i class=\"fa-fusion-box inactive-icon awb-icon-plus\" aria-hidden=\"true\"><\/i><\/span><span class=\"fusion-toggle-heading\">Quel est le moyen le plus simple de se rendre \u00e0 l&#039;h\u00f4tel Imlauer &amp; Br\u00e4u ?<\/span><\/a><\/h4><\/div><div id=\"167faafbce51ad136\" class=\"panel-collapse collapse \" aria-labelledby=\"toggle_167faafbce51ad136\"><div class=\"panel-body toggle-content fusion-clearfix\">\n<div class=\"fusion-text content\" style=\"text-align: left;\">\n<p>L&#8217;arr\u00eat de transport public le plus proche est Kiesel (lignes 1,2,3,5,6,25). La navette de l&#8217;a\u00e9roport (ligne 2) s&#8217;arr\u00eate \u00e9galement \u00e0 Kiesel. <\/p>\n<\/div>\n<\/div><\/div><\/div><div class=\"fusion-panel panel-default panel-608c5dc3cdfcd6868 fusion-toggle-has-divider\"><div class=\"panel-heading\"><h4 class=\"panel-title toggle\" id=\"toggle_608c5dc3cdfcd6868\"><a aria-expanded=\"false\" aria-controls=\"608c5dc3cdfcd6868\" role=\"button\" data-toggle=\"collapse\" data-parent=\"#accordion-8254-1\" data-target=\"#608c5dc3cdfcd6868\" href=\"#608c5dc3cdfcd6868\"><span class=\"fusion-toggle-icon-wrapper\" aria-hidden=\"true\"><i class=\"fa-fusion-box active-icon awb-icon-minus\" aria-hidden=\"true\"><\/i><i class=\"fa-fusion-box inactive-icon awb-icon-plus\" aria-hidden=\"true\"><\/i><\/span><span class=\"fusion-toggle-heading\">Puis-je poser mes valises si j&#039;arrive plus t\u00f4t ou si je veux partir plus tard ?<\/span><\/a><\/h4><\/div><div id=\"608c5dc3cdfcd6868\" class=\"panel-collapse collapse \" aria-labelledby=\"toggle_608c5dc3cdfcd6868\"><div class=\"panel-body toggle-content fusion-clearfix\">\n<div class=\"fusion-text content\" style=\"text-align: left;\">\n<p>Oui, nous mettons \u00e0 votre disposition une consigne \u00e0 bagages ferm\u00e9e \u00e0 cl\u00e9, dans laquelle nous serons heureux de d\u00e9poser vos bagages.<\/p>\n<\/div>\n<\/div><\/div><\/div><div class=\"fusion-panel panel-default panel-5b1a9c8aa2a89f3bd fusion-toggle-has-divider\"><div class=\"panel-heading\"><h4 class=\"panel-title toggle\" id=\"toggle_5b1a9c8aa2a89f3bd\"><a aria-expanded=\"false\" aria-controls=\"5b1a9c8aa2a89f3bd\" role=\"button\" data-toggle=\"collapse\" data-parent=\"#accordion-8254-1\" data-target=\"#5b1a9c8aa2a89f3bd\" href=\"#5b1a9c8aa2a89f3bd\"><span class=\"fusion-toggle-icon-wrapper\" aria-hidden=\"true\"><i class=\"fa-fusion-box active-icon awb-icon-minus\" aria-hidden=\"true\"><\/i><i class=\"fa-fusion-box inactive-icon awb-icon-plus\" aria-hidden=\"true\"><\/i><\/span><span class=\"fusion-toggle-heading\">La consigne \u00e0 bagages est-elle gratuite ?<\/span><\/a><\/h4><\/div><div id=\"5b1a9c8aa2a89f3bd\" class=\"panel-collapse collapse \" aria-labelledby=\"toggle_5b1a9c8aa2a89f3bd\"><div class=\"panel-body toggle-content fusion-clearfix\">\n<div class=\"fusion-text content\" style=\"text-align: left;\">\n<p>Oui, elle est gratuite pour les clients de l&#8217;h\u00f4tel.<\/p>\n<\/div>\n<\/div><\/div><\/div><div class=\"fusion-panel panel-default panel-aad790a1fceaff8e6 fusion-toggle-has-divider\"><div class=\"panel-heading\"><h4 class=\"panel-title toggle\" id=\"toggle_aad790a1fceaff8e6\"><a aria-expanded=\"false\" aria-controls=\"aad790a1fceaff8e6\" role=\"button\" data-toggle=\"collapse\" data-parent=\"#accordion-8254-1\" data-target=\"#aad790a1fceaff8e6\" href=\"#aad790a1fceaff8e6\"><span class=\"fusion-toggle-icon-wrapper\" aria-hidden=\"true\"><i class=\"fa-fusion-box active-icon awb-icon-minus\" aria-hidden=\"true\"><\/i><i class=\"fa-fusion-box inactive-icon awb-icon-plus\" aria-hidden=\"true\"><\/i><\/span><span class=\"fusion-toggle-heading\">Quelles sont les heures de check-in et de check-out chez vous ?<\/span><\/a><\/h4><\/div><div id=\"aad790a1fceaff8e6\" class=\"panel-collapse collapse \" aria-labelledby=\"toggle_aad790a1fceaff8e6\"><div class=\"panel-body toggle-content fusion-clearfix\">\n<div class=\"fusion-text content\" style=\"text-align: left;\">\n<p>Check-in \u00e0 partir de 15:00 | Check-out avant 11:00. Notre \u00e9quipe de r\u00e9ception est \u00e0 votre disposition 24 heures\/jour. <\/p>\n<\/div>\n<\/div><\/div><\/div><div class=\"fusion-panel panel-default panel-12afee4ef78121277 fusion-toggle-has-divider\"><div class=\"panel-heading\"><h4 class=\"panel-title toggle\" id=\"toggle_12afee4ef78121277\"><a aria-expanded=\"false\" aria-controls=\"12afee4ef78121277\" role=\"button\" data-toggle=\"collapse\" data-parent=\"#accordion-8254-1\" data-target=\"#12afee4ef78121277\" href=\"#12afee4ef78121277\"><span class=\"fusion-toggle-icon-wrapper\" aria-hidden=\"true\"><i class=\"fa-fusion-box active-icon awb-icon-minus\" aria-hidden=\"true\"><\/i><i class=\"fa-fusion-box inactive-icon awb-icon-plus\" aria-hidden=\"true\"><\/i><\/span><span class=\"fusion-toggle-heading\">Est-il possible de r\u00e9server une place de parking ?<\/span><\/a><\/h4><\/div><div id=\"12afee4ef78121277\" class=\"panel-collapse collapse \" aria-labelledby=\"toggle_12afee4ef78121277\"><div class=\"panel-body toggle-content fusion-clearfix\">\n<div class=\"fusion-text content\" style=\"text-align: left;\">\n<p>Non, nos parkings sont \u00e0 la disposition de nos clients sous r\u00e9serve de disponibilit\u00e9.<\/p>\n<\/div>\n<\/div><\/div><\/div><div class=\"fusion-panel panel-default panel-f76a41d39c90b3681 fusion-toggle-has-divider\"><div class=\"panel-heading\"><h4 class=\"panel-title toggle\" id=\"toggle_f76a41d39c90b3681\"><a aria-expanded=\"false\" aria-controls=\"f76a41d39c90b3681\" role=\"button\" data-toggle=\"collapse\" data-parent=\"#accordion-8254-1\" data-target=\"#f76a41d39c90b3681\" href=\"#f76a41d39c90b3681\"><span class=\"fusion-toggle-icon-wrapper\" aria-hidden=\"true\"><i class=\"fa-fusion-box active-icon awb-icon-minus\" aria-hidden=\"true\"><\/i><i class=\"fa-fusion-box inactive-icon awb-icon-plus\" aria-hidden=\"true\"><\/i><\/span><span class=\"fusion-toggle-heading\">Combien co\u00fbte le parking ?<\/span><\/a><\/h4><\/div><div id=\"f76a41d39c90b3681\" class=\"panel-collapse collapse \" aria-labelledby=\"toggle_f76a41d39c90b3681\"><div class=\"panel-body toggle-content fusion-clearfix\">\n<div class=\"fusion-text content\" style=\"text-align: left;\">\n<p>EUR 20,00 par nuit (jour d&#8217;arriv\u00e9e et de d\u00e9part inclus)<\/p>\n<\/div>\n<\/div><\/div><\/div><\/div><\/div><div class=\"fusion-clearfix\"><\/div><\/div><\/div><div class=\"fusion-layout-column fusion_builder_column fusion-builder-column-4 fusion_builder_column_1_2 1_2 fusion-one-half fusion-column-last fusion-animated\" style=\"--awb-padding-top:5%;--awb-padding-right:11%;--awb-padding-bottom:5%;--awb-padding-left:11%;--awb-bg-color:#ffffff;--awb-bg-color-hover:#ffffff;--awb-bg-size:cover;--awb-margin-bottom:0px;width:50%;width:calc(50% - ( ( 0 ) * 0.5 ) );\" data-animationType=\"fadeInLeft\" data-animationDuration=\"0.8\" data-animationOffset=\"top-into-view\" id=\"abreise\"><div class=\"fusion-column-wrapper fusion-column-has-shadow fusion-flex-column-wrapper-legacy\"><div class=\"fusion-content-boxes content-boxes columns row fusion-columns-1 fusion-columns-total-1 fusion-content-boxes-3 content-boxes-icon-on-top content-left\" style=\"--awb-backgroundcolor:#ffffff;--awb-body-color:#636362;--awb-title-color:#af9755;--awb-iconcolor:#008ab4;--awb-hover-accent-color:#af9755;--awb-circle-hover-accent-color:transparent;--awb-item-margin-bottom:40px;\" data-animationOffset=\"top-into-view\"><div style=\"--awb-backgroundcolor:#ffffff;--awb-iconcolor:#008ab4;\" class=\"fusion-column content-box-column content-box-column content-box-column-1 col-lg-12 col-md-12 col-sm-12 fusion-content-box-hover content-box-column-last content-box-column-last-in-row\"><div class=\"col content-box-wrapper content-wrapper-background link-area-box icon-hover-animation-slide\" data-animationOffset=\"top-into-view\"><div class=\"heading heading-with-icon icon-left\"><div aria-hidden=\"true\" class=\"image\"><img decoding=\"async\" class=\"lazyload\" src=\"data:image\/svg+xml,%3Csvg%20xmlns%3D%27http%3A%2F%2Fwww.w3.org%2F2000%2Fsvg%27%20width%3D%27100%27%20height%3D%27100%27%20viewBox%3D%270%200%20100%20100%27%3E%3Crect%20width%3D%27100%27%20height%3D%27100%27%20fill-opacity%3D%220%22%2F%3E%3C%2Fsvg%3E\" data-orig-src=\"https:\/\/imlauer.com\/hotel-imlauer-salzburg\/wp-content\/uploads\/2025\/02\/wegweiser-1.png\" width=\"100\" height=\"100\" alt=\"\" \/><\/div><h2 class=\"content-box-heading\" style=\"--h2_typography-font-size:20px;line-height:25px;\">D\u00e9part<\/h2><\/div><\/div><\/div><div class=\"fusion-clearfix\"><\/div><\/div><div class=\"accordian fusion-accordian\" style=\"--awb-border-size:1px;--awb-icon-size:13px;--awb-content-font-size:18px;--awb-icon-alignment:right;--awb-hover-color:#f9f9f9;--awb-border-color:#cccccc;--awb-background-color:#ffffff;--awb-divider-color:#e0dede;--awb-divider-hover-color:#e0dede;--awb-icon-color:#ffffff;--awb-title-color:#af9755;--awb-content-color:#747474;--awb-icon-box-color:#333333;--awb-toggle-hover-accent-color:#af9754;--awb-title-font-family:&quot;Bitter&quot;;--awb-title-font-weight:400;--awb-title-font-style:normal;--awb-content-font-family:&quot;Source Sans Pro&quot;;--awb-content-font-style:normal;--awb-content-font-weight:400;\"><div class=\"panel-group fusion-toggle-icon-right fusion-toggle-icon-boxed\" id=\"accordion-8254-2\"><div class=\"fusion-panel panel-default panel-28421903a5f6e7ebf fusion-toggle-has-divider\"><div class=\"panel-heading\"><h4 class=\"panel-title toggle\" id=\"toggle_28421903a5f6e7ebf\"><a aria-expanded=\"false\" aria-controls=\"28421903a5f6e7ebf\" role=\"button\" data-toggle=\"collapse\" data-parent=\"#accordion-8254-2\" data-target=\"#28421903a5f6e7ebf\" href=\"#28421903a5f6e7ebf\"><span class=\"fusion-toggle-icon-wrapper\" aria-hidden=\"true\"><i class=\"fa-fusion-box active-icon awb-icon-minus\" aria-hidden=\"true\"><\/i><i class=\"fa-fusion-box inactive-icon awb-icon-plus\" aria-hidden=\"true\"><\/i><\/span><span class=\"fusion-toggle-heading\">Puis-je poser mes valises si j&#039;arrive plus t\u00f4t ou si je veux partir plus tard ?<\/span><\/a><\/h4><\/div><div id=\"28421903a5f6e7ebf\" class=\"panel-collapse collapse \" aria-labelledby=\"toggle_28421903a5f6e7ebf\"><div class=\"panel-body toggle-content fusion-clearfix\">\n<p>Oui, nous mettons \u00e0 votre disposition une consigne \u00e0 bagages ferm\u00e9e \u00e0 cl\u00e9, dans laquelle nous serons heureux de d\u00e9poser vos bagages.<\/p>\n<\/div><\/div><\/div><div class=\"fusion-panel panel-default panel-17f1f155df0372b6c fusion-toggle-has-divider\"><div class=\"panel-heading\"><h4 class=\"panel-title toggle\" id=\"toggle_17f1f155df0372b6c\"><a aria-expanded=\"false\" aria-controls=\"17f1f155df0372b6c\" role=\"button\" data-toggle=\"collapse\" data-parent=\"#accordion-8254-2\" data-target=\"#17f1f155df0372b6c\" href=\"#17f1f155df0372b6c\"><span class=\"fusion-toggle-icon-wrapper\" aria-hidden=\"true\"><i class=\"fa-fusion-box active-icon awb-icon-minus\" aria-hidden=\"true\"><\/i><i class=\"fa-fusion-box inactive-icon awb-icon-plus\" aria-hidden=\"true\"><\/i><\/span><span class=\"fusion-toggle-heading\">Existe-t-il une possibilit\u00e9 de late check-out ?<\/span><\/a><\/h4><\/div><div id=\"17f1f155df0372b6c\" class=\"panel-collapse collapse \" aria-labelledby=\"toggle_17f1f155df0372b6c\"><div class=\"panel-body toggle-content fusion-clearfix\">\n<p>La chambre peut \u00eatre utilis\u00e9e jusqu&#8217;\u00e0 11h00 le jour du d\u00e9part. Les d\u00e9parts tardifs sont possibles sous r\u00e9serve de disponibilit\u00e9 et moyennant un suppl\u00e9ment.<\/p>\n<\/div><\/div><\/div><div class=\"fusion-panel panel-default panel-71cbe9fc4ddb1e9d1 fusion-toggle-has-divider\"><div class=\"panel-heading\"><h4 class=\"panel-title toggle\" id=\"toggle_71cbe9fc4ddb1e9d1\"><a aria-expanded=\"false\" aria-controls=\"71cbe9fc4ddb1e9d1\" role=\"button\" data-toggle=\"collapse\" data-parent=\"#accordion-8254-2\" data-target=\"#71cbe9fc4ddb1e9d1\" href=\"#71cbe9fc4ddb1e9d1\"><span class=\"fusion-toggle-icon-wrapper\" aria-hidden=\"true\"><i class=\"fa-fusion-box active-icon awb-icon-minus\" aria-hidden=\"true\"><\/i><i class=\"fa-fusion-box inactive-icon awb-icon-plus\" aria-hidden=\"true\"><\/i><\/span><span class=\"fusion-toggle-heading\">Quelles sont les heures de check-in et de check-out chez vous ?<\/span><\/a><\/h4><\/div><div id=\"71cbe9fc4ddb1e9d1\" class=\"panel-collapse collapse \" aria-labelledby=\"toggle_71cbe9fc4ddb1e9d1\"><div class=\"panel-body toggle-content fusion-clearfix\">\n<p>Check-in \u00e0 partir de 15:00 | Check-out avant 11:00. Notre \u00e9quipe de r\u00e9ception est \u00e0 votre disposition 24 heures\/jour.<\/p>\n<\/div><\/div><\/div><\/div><\/div><div class=\"fusion-clearfix\"><\/div><\/div><\/div><div class=\"fusion-layout-column fusion_builder_column fusion-builder-column-5 fusion_builder_column_1_2 1_2 fusion-one-half fusion-column-first fusion-animated\" style=\"--awb-padding-top:5%;--awb-padding-right:11%;--awb-padding-bottom:5%;--awb-padding-left:11%;--awb-bg-color:#ffffff;--awb-bg-color-hover:#ffffff;--awb-bg-size:cover;--awb-margin-bottom:0px;width:50%;width:calc(50% - ( ( 0 ) * 0.5 ) );margin-right: 0px;\" data-animationType=\"fadeInLeft\" data-animationDuration=\"0.8\" data-animationOffset=\"top-into-view\" id=\"hotel\"><div class=\"fusion-column-wrapper fusion-column-has-shadow fusion-flex-column-wrapper-legacy\"><div class=\"fusion-content-boxes content-boxes columns row fusion-columns-1 fusion-columns-total-1 fusion-content-boxes-4 content-boxes-icon-on-top content-left\" style=\"--awb-backgroundcolor:#ffffff;--awb-body-color:#636362;--awb-title-color:#af9755;--awb-iconcolor:#008ab4;--awb-hover-accent-color:#af9755;--awb-circle-hover-accent-color:transparent;--awb-item-margin-bottom:40px;\" data-animationOffset=\"top-into-view\"><div style=\"--awb-backgroundcolor:#ffffff;--awb-iconcolor:#008ab4;\" class=\"fusion-column content-box-column content-box-column content-box-column-1 col-lg-12 col-md-12 col-sm-12 fusion-content-box-hover content-box-column-last content-box-column-last-in-row\"><div class=\"col content-box-wrapper content-wrapper-background link-area-box icon-hover-animation-slide\" data-animationOffset=\"top-into-view\"><div class=\"heading heading-with-icon icon-left\"><div aria-hidden=\"true\" class=\"image\"><img decoding=\"async\" class=\"lazyload\" src=\"data:image\/svg+xml,%3Csvg%20xmlns%3D%27http%3A%2F%2Fwww.w3.org%2F2000%2Fsvg%27%20width%3D%27100%27%20height%3D%27100%27%20viewBox%3D%270%200%20100%20100%27%3E%3Crect%20width%3D%27100%27%20height%3D%27100%27%20fill-opacity%3D%220%22%2F%3E%3C%2Fsvg%3E\" data-orig-src=\"https:\/\/imlauer.com\/hotel-imlauer-salzburg\/wp-content\/uploads\/2025\/02\/HotelIcon.png\" width=\"100\" height=\"100\" alt=\"\" \/><\/div><h2 class=\"content-box-heading\" style=\"--h2_typography-font-size:20px;line-height:25px;\">\u00e0 l&#039;h\u00f4tel<\/h2><\/div><\/div><\/div><div class=\"fusion-clearfix\"><\/div><\/div><div class=\"accordian fusion-accordian\" style=\"--awb-border-size:1px;--awb-icon-size:13px;--awb-content-font-size:18px;--awb-icon-alignment:right;--awb-hover-color:#f9f9f9;--awb-border-color:#cccccc;--awb-background-color:#ffffff;--awb-divider-color:#e0dede;--awb-divider-hover-color:#e0dede;--awb-icon-color:#ffffff;--awb-title-color:#af9755;--awb-content-color:#747474;--awb-icon-box-color:#333333;--awb-toggle-hover-accent-color:#af9754;--awb-title-font-family:&quot;Bitter&quot;;--awb-title-font-weight:400;--awb-title-font-style:normal;--awb-content-font-family:&quot;Source Sans Pro&quot;;--awb-content-font-style:normal;--awb-content-font-weight:400;\"><div class=\"panel-group fusion-toggle-icon-right fusion-toggle-icon-boxed\" id=\"accordion-8254-3\"><div class=\"fusion-panel panel-default panel-3c9e6fa00278bb2cc fusion-toggle-has-divider\"><div class=\"panel-heading\"><h4 class=\"panel-title toggle\" id=\"toggle_3c9e6fa00278bb2cc\"><a aria-expanded=\"false\" aria-controls=\"3c9e6fa00278bb2cc\" role=\"button\" data-toggle=\"collapse\" data-parent=\"#accordion-8254-3\" data-target=\"#3c9e6fa00278bb2cc\" href=\"#3c9e6fa00278bb2cc\"><span class=\"fusion-toggle-icon-wrapper\" aria-hidden=\"true\"><i class=\"fa-fusion-box active-icon awb-icon-minus\" aria-hidden=\"true\"><\/i><i class=\"fa-fusion-box inactive-icon awb-icon-plus\" aria-hidden=\"true\"><\/i><\/span><span class=\"fusion-toggle-heading\">Y a-t-il un minibar ?<\/span><\/a><\/h4><\/div><div id=\"3c9e6fa00278bb2cc\" class=\"panel-collapse collapse \" aria-labelledby=\"toggle_3c9e6fa00278bb2cc\"><div class=\"panel-body toggle-content fusion-clearfix\">\n<p>Oui, chaque chambre dispose d&#8217;un minibar avec des boissons et des snacks. Celui-ci est payant.<\/p>\n<\/div><\/div><\/div><div class=\"fusion-panel panel-default panel-b804ffd825e8f9be0 fusion-toggle-has-divider\"><div class=\"panel-heading\"><h4 class=\"panel-title toggle\" id=\"toggle_b804ffd825e8f9be0\"><a aria-expanded=\"false\" aria-controls=\"b804ffd825e8f9be0\" role=\"button\" data-toggle=\"collapse\" data-parent=\"#accordion-8254-3\" data-target=\"#b804ffd825e8f9be0\" href=\"#b804ffd825e8f9be0\"><span class=\"fusion-toggle-icon-wrapper\" aria-hidden=\"true\"><i class=\"fa-fusion-box active-icon awb-icon-minus\" aria-hidden=\"true\"><\/i><i class=\"fa-fusion-box inactive-icon awb-icon-plus\" aria-hidden=\"true\"><\/i><\/span><span class=\"fusion-toggle-heading\">L&#039;h\u00f4tel dispose-t-il d&#039;un restaurant ?<\/span><\/a><\/h4><\/div><div id=\"b804ffd825e8f9be0\" class=\"panel-collapse collapse \" aria-labelledby=\"toggle_b804ffd825e8f9be0\"><div class=\"panel-body toggle-content fusion-clearfix\">\n<p>Notre \u00e9quipe du restaurant brassicole IMLAUER de l&#8217;h\u00f4tel se r\u00e9jouit de pouvoir vous g\u00e2ter sur le plan culinaire de 11h00 \u00e0 23h00. Profitez de la culture de la bi\u00e8re et d&#8217;une cuisine bourgeoise de haut niveau.<\/p>\n<\/div><\/div><\/div><div class=\"fusion-panel panel-default panel-3060781dc6637276f fusion-toggle-has-divider\" style=\"--awb-title-color:#af9755;--awb-content-color:#747474;\"><div class=\"panel-heading\"><h4 class=\"panel-title toggle\" id=\"toggle_3060781dc6637276f\"><a aria-expanded=\"false\" aria-controls=\"3060781dc6637276f\" role=\"button\" data-toggle=\"collapse\" data-parent=\"#accordion-8254-3\" data-target=\"#3060781dc6637276f\" href=\"#3060781dc6637276f\"><span class=\"fusion-toggle-icon-wrapper\" aria-hidden=\"true\"><i class=\"fa-fusion-box active-icon awb-icon-minus\" aria-hidden=\"true\"><\/i><i class=\"fa-fusion-box inactive-icon awb-icon-plus\" aria-hidden=\"true\"><\/i><\/span><span class=\"fusion-toggle-heading\">Le petit d\u00e9jeuner est-il inclus dans le prix ?<\/span><\/a><\/h4><\/div><div id=\"3060781dc6637276f\" class=\"panel-collapse collapse \" aria-labelledby=\"toggle_3060781dc6637276f\"><div class=\"panel-body toggle-content fusion-clearfix\">\n<p>Le petit d\u00e9jeuner co\u00fbte 25,00 \u20ac par adulte par jour et 12,50 \u20ac par enfant jusqu&#8217;\u00e0 12 ans par jour ; le petit d\u00e9jeuner est gratuit pour les enfants jusqu&#8217;\u00e0 6 ans.<\/p>\n<\/div><\/div><\/div><div class=\"fusion-panel panel-default panel-44538f0a0a7ee3925 fusion-toggle-has-divider\"><div class=\"panel-heading\"><h4 class=\"panel-title toggle\" id=\"toggle_44538f0a0a7ee3925\"><a aria-expanded=\"false\" aria-controls=\"44538f0a0a7ee3925\" role=\"button\" data-toggle=\"collapse\" data-parent=\"#accordion-8254-3\" data-target=\"#44538f0a0a7ee3925\" href=\"#44538f0a0a7ee3925\"><span class=\"fusion-toggle-icon-wrapper\" aria-hidden=\"true\"><i class=\"fa-fusion-box active-icon awb-icon-minus\" aria-hidden=\"true\"><\/i><i class=\"fa-fusion-box inactive-icon awb-icon-plus\" aria-hidden=\"true\"><\/i><\/span><span class=\"fusion-toggle-heading\">Avez-vous la climatisation dans votre h\u00f4tel\/restaurant ?<\/span><\/a><\/h4><\/div><div id=\"44538f0a0a7ee3925\" class=\"panel-collapse collapse \" aria-labelledby=\"toggle_44538f0a0a7ee3925\"><div class=\"panel-body toggle-content fusion-clearfix\">\n<p>Notre restaurant et toutes les chambres disposent de la climatisation.<\/p>\n<\/div><\/div><\/div><div class=\"fusion-panel panel-default panel-1b56fbbc5d3dec68a fusion-toggle-has-divider\"><div class=\"panel-heading\"><h4 class=\"panel-title toggle\" id=\"toggle_1b56fbbc5d3dec68a\"><a aria-expanded=\"false\" aria-controls=\"1b56fbbc5d3dec68a\" role=\"button\" data-toggle=\"collapse\" data-parent=\"#accordion-8254-3\" data-target=\"#1b56fbbc5d3dec68a\" href=\"#1b56fbbc5d3dec68a\"><span class=\"fusion-toggle-icon-wrapper\" aria-hidden=\"true\"><i class=\"fa-fusion-box active-icon awb-icon-minus\" aria-hidden=\"true\"><\/i><i class=\"fa-fusion-box inactive-icon awb-icon-plus\" aria-hidden=\"true\"><\/i><\/span><span class=\"fusion-toggle-heading\">Proposez-vous du linge de lit pour les personnes allergiques ?<\/span><\/a><\/h4><\/div><div id=\"1b56fbbc5d3dec68a\" class=\"panel-collapse collapse \" aria-labelledby=\"toggle_1b56fbbc5d3dec68a\"><div class=\"panel-body toggle-content fusion-clearfix\">\n<p>Oui, vous pouvez les obtenir sur demande.<\/p>\n<\/div><\/div><\/div><div class=\"fusion-panel panel-default panel-15ff8e3c915b799c3 fusion-toggle-has-divider\"><div class=\"panel-heading\"><h4 class=\"panel-title toggle\" id=\"toggle_15ff8e3c915b799c3\"><a aria-expanded=\"false\" aria-controls=\"15ff8e3c915b799c3\" role=\"button\" data-toggle=\"collapse\" data-parent=\"#accordion-8254-3\" data-target=\"#15ff8e3c915b799c3\" href=\"#15ff8e3c915b799c3\"><span class=\"fusion-toggle-icon-wrapper\" aria-hidden=\"true\"><i class=\"fa-fusion-box active-icon awb-icon-minus\" aria-hidden=\"true\"><\/i><i class=\"fa-fusion-box inactive-icon awb-icon-plus\" aria-hidden=\"true\"><\/i><\/span><span class=\"fusion-toggle-heading\">Avez-vous des chambres avec des portes communicantes ?<\/span><\/a><\/h4><\/div><div id=\"15ff8e3c915b799c3\" class=\"panel-collapse collapse \" aria-labelledby=\"toggle_15ff8e3c915b799c3\"><div class=\"panel-body toggle-content fusion-clearfix\">\n<p>Non, nous vous r\u00e9servons volontiers deux chambres c\u00f4te \u00e0 c\u00f4te ou en face l&#8217;une de l&#8217;autre, sous r\u00e9serve de disponibilit\u00e9.<\/p>\n<\/div><\/div><\/div><div class=\"fusion-panel panel-default panel-b8a54d732a08779ed fusion-toggle-has-divider\" style=\"--awb-title-color:#af9755;--awb-content-color:#747474;\"><div class=\"panel-heading\"><h4 class=\"panel-title toggle\" id=\"toggle_b8a54d732a08779ed\"><a aria-expanded=\"false\" aria-controls=\"b8a54d732a08779ed\" role=\"button\" data-toggle=\"collapse\" data-parent=\"#accordion-8254-3\" data-target=\"#b8a54d732a08779ed\" href=\"#b8a54d732a08779ed\"><span class=\"fusion-toggle-icon-wrapper\" aria-hidden=\"true\"><i class=\"fa-fusion-box active-icon awb-icon-minus\" aria-hidden=\"true\"><\/i><i class=\"fa-fusion-box inactive-icon awb-icon-plus\" aria-hidden=\"true\"><\/i><\/span><span class=\"fusion-toggle-heading\">Les chiens sont-ils autoris\u00e9s dans l&#039;h\u00f4tel ?<\/span><\/a><\/h4><\/div><div id=\"b8a54d732a08779ed\" class=\"panel-collapse collapse \" aria-labelledby=\"toggle_b8a54d732a08779ed\"><div class=\"panel-body toggle-content fusion-clearfix\">\n<p>Les chiens sont autoris\u00e9s dans notre h\u00f4tel. Les autres animaux domestiques doivent malheureusement rester \u00e0 la maison. Le co\u00fbt est de 25,00 \u20ac par nuit et par chien. En \u00e9change, votre compagnon \u00e0 quatre pattes recevra une couverture pour chien et une gamelle pour la dur\u00e9e de son s\u00e9jour.<\/p>\n<\/div><\/div><\/div><div class=\"fusion-panel panel-default panel-7e53d3fa5180f5dba fusion-toggle-has-divider\"><div class=\"panel-heading\"><h4 class=\"panel-title toggle\" id=\"toggle_7e53d3fa5180f5dba\"><a aria-expanded=\"false\" aria-controls=\"7e53d3fa5180f5dba\" role=\"button\" data-toggle=\"collapse\" data-parent=\"#accordion-8254-3\" data-target=\"#7e53d3fa5180f5dba\" href=\"#7e53d3fa5180f5dba\"><span class=\"fusion-toggle-icon-wrapper\" aria-hidden=\"true\"><i class=\"fa-fusion-box active-icon awb-icon-minus\" aria-hidden=\"true\"><\/i><i class=\"fa-fusion-box inactive-icon awb-icon-plus\" aria-hidden=\"true\"><\/i><\/span><span class=\"fusion-toggle-heading\">Les enfants sont-ils les bienvenus chez vous ?<\/span><\/a><\/h4><\/div><div id=\"7e53d3fa5180f5dba\" class=\"panel-collapse collapse \" aria-labelledby=\"toggle_7e53d3fa5180f5dba\"><div class=\"panel-body toggle-content fusion-clearfix\">\n<p>Les enfants sont les bienvenus chez nous.<\/p>\n<\/div><\/div><\/div><div class=\"fusion-panel panel-default panel-89f9893d66e0e6dca fusion-toggle-has-divider\"><div class=\"panel-heading\"><h4 class=\"panel-title toggle\" id=\"toggle_89f9893d66e0e6dca\"><a aria-expanded=\"false\" aria-controls=\"89f9893d66e0e6dca\" role=\"button\" data-toggle=\"collapse\" data-parent=\"#accordion-8254-3\" data-target=\"#89f9893d66e0e6dca\" href=\"#89f9893d66e0e6dca\"><span class=\"fusion-toggle-icon-wrapper\" aria-hidden=\"true\"><i class=\"fa-fusion-box active-icon awb-icon-minus\" aria-hidden=\"true\"><\/i><i class=\"fa-fusion-box inactive-icon awb-icon-plus\" aria-hidden=\"true\"><\/i><\/span><span class=\"fusion-toggle-heading\">Pouvons-nous lire nos journaux habituels chez vous ?<\/span><\/a><\/h4><\/div><div id=\"89f9893d66e0e6dca\" class=\"panel-collapse collapse \" aria-labelledby=\"toggle_89f9893d66e0e6dca\"><div class=\"panel-body toggle-content fusion-clearfix\">\n<p>Nous vous proposons une s\u00e9lection gratuite de journaux autrichiens dans notre restaurant. La presse internationale peut \u00eatre achet\u00e9e \u00e0 proximit\u00e9.<\/p>\n<\/div><\/div><\/div><div class=\"fusion-panel panel-default panel-7555f91727a5e0f50 fusion-toggle-has-divider\"><div class=\"panel-heading\"><h4 class=\"panel-title toggle\" id=\"toggle_7555f91727a5e0f50\"><a aria-expanded=\"false\" aria-controls=\"7555f91727a5e0f50\" role=\"button\" data-toggle=\"collapse\" data-parent=\"#accordion-8254-3\" data-target=\"#7555f91727a5e0f50\" href=\"#7555f91727a5e0f50\"><span class=\"fusion-toggle-icon-wrapper\" aria-hidden=\"true\"><i class=\"fa-fusion-box active-icon awb-icon-minus\" aria-hidden=\"true\"><\/i><i class=\"fa-fusion-box inactive-icon awb-icon-plus\" aria-hidden=\"true\"><\/i><\/span><span class=\"fusion-toggle-heading\">Est-il permis de fumer dans l&#039;h\u00f4tel ? Y a-t-il une zone sp\u00e9ciale pour les fumeurs ? <\/span><\/a><\/h4><\/div><div id=\"7555f91727a5e0f50\" class=\"panel-collapse collapse \" aria-labelledby=\"toggle_7555f91727a5e0f50\"><div class=\"panel-body toggle-content fusion-clearfix\">\n<p>Nous sommes un h\u00f4tel non-fumeur. Il est permis de fumer devant notre h\u00f4tel.<\/p>\n<\/div><\/div><\/div><div class=\"fusion-panel panel-default panel-d76125447a009f416 fusion-toggle-has-divider\"><div class=\"panel-heading\"><h4 class=\"panel-title toggle\" id=\"toggle_d76125447a009f416\"><a aria-expanded=\"false\" aria-controls=\"d76125447a009f416\" role=\"button\" data-toggle=\"collapse\" data-parent=\"#accordion-8254-3\" data-target=\"#d76125447a009f416\" href=\"#d76125447a009f416\"><span class=\"fusion-toggle-icon-wrapper\" aria-hidden=\"true\"><i class=\"fa-fusion-box active-icon awb-icon-minus\" aria-hidden=\"true\"><\/i><i class=\"fa-fusion-box inactive-icon awb-icon-plus\" aria-hidden=\"true\"><\/i><\/span><span class=\"fusion-toggle-heading\">L&#039;h\u00f4tel dispose-t-il d&#039;Internet et combien cela co\u00fbte-t-il ?<\/span><\/a><\/h4><\/div><div id=\"d76125447a009f416\" class=\"panel-collapse collapse \" aria-labelledby=\"toggle_d76125447a009f416\"><div class=\"panel-body toggle-content fusion-clearfix\">\n<p>Une connexion Wi-Fi est disponible et gratuite dans tout l&#8217;h\u00f4tel et dans chaque chambre.<\/p>\n<\/div><\/div><\/div><div class=\"fusion-panel panel-default panel-78ac7015a500f225d fusion-toggle-has-divider\"><div class=\"panel-heading\"><h4 class=\"panel-title toggle\" id=\"toggle_78ac7015a500f225d\"><a aria-expanded=\"false\" aria-controls=\"78ac7015a500f225d\" role=\"button\" data-toggle=\"collapse\" data-parent=\"#accordion-8254-3\" data-target=\"#78ac7015a500f225d\" href=\"#78ac7015a500f225d\"><span class=\"fusion-toggle-icon-wrapper\" aria-hidden=\"true\"><i class=\"fa-fusion-box active-icon awb-icon-minus\" aria-hidden=\"true\"><\/i><i class=\"fa-fusion-box inactive-icon awb-icon-plus\" aria-hidden=\"true\"><\/i><\/span><span class=\"fusion-toggle-heading\">Quelles sont les heures d&#039;ouverture de la r\u00e9ception ?<\/span><\/a><\/h4><\/div><div id=\"78ac7015a500f225d\" class=\"panel-collapse collapse \" aria-labelledby=\"toggle_78ac7015a500f225d\"><div class=\"panel-body toggle-content fusion-clearfix\">\n<p>Notre \u00e9quipe de r\u00e9ception est \u00e0 votre disposition 24 heures sur 24.<\/p>\n<\/div><\/div><\/div><div class=\"fusion-panel panel-default panel-33d3e76d410e42f2c fusion-toggle-has-divider\"><div class=\"panel-heading\"><h4 class=\"panel-title toggle\" id=\"toggle_33d3e76d410e42f2c\"><a aria-expanded=\"false\" aria-controls=\"33d3e76d410e42f2c\" role=\"button\" data-toggle=\"collapse\" data-parent=\"#accordion-8254-3\" data-target=\"#33d3e76d410e42f2c\" href=\"#33d3e76d410e42f2c\"><span class=\"fusion-toggle-icon-wrapper\" aria-hidden=\"true\"><i class=\"fa-fusion-box active-icon awb-icon-minus\" aria-hidden=\"true\"><\/i><i class=\"fa-fusion-box inactive-icon awb-icon-plus\" aria-hidden=\"true\"><\/i><\/span><span class=\"fusion-toggle-heading\">Quels types de paiement acceptez-vous ?<\/span><\/a><\/h4><\/div><div id=\"33d3e76d410e42f2c\" class=\"panel-collapse collapse \" aria-labelledby=\"toggle_33d3e76d410e42f2c\"><div class=\"panel-body toggle-content fusion-clearfix\">\n<p>Nous acceptons les esp\u00e8ces, les distributeurs de billets, les cartes Visa, Mastercard, American Express, Diners Club et JCB.<\/p>\n<\/div><\/div><\/div><div class=\"fusion-panel panel-default panel-04e43a0be127ad924 fusion-toggle-has-divider\"><div class=\"panel-heading\"><h4 class=\"panel-title toggle\" id=\"toggle_04e43a0be127ad924\"><a aria-expanded=\"false\" aria-controls=\"04e43a0be127ad924\" role=\"button\" data-toggle=\"collapse\" data-parent=\"#accordion-8254-3\" data-target=\"#04e43a0be127ad924\" href=\"#04e43a0be127ad924\"><span class=\"fusion-toggle-icon-wrapper\" aria-hidden=\"true\"><i class=\"fa-fusion-box active-icon awb-icon-minus\" aria-hidden=\"true\"><\/i><i class=\"fa-fusion-box inactive-icon awb-icon-plus\" aria-hidden=\"true\"><\/i><\/span><span class=\"fusion-toggle-heading\">Ai-je besoin d&#039;une carte de cr\u00e9dit pour r\u00e9server ? Pourquoi les donn\u00e9es de ma carte de cr\u00e9dit sont-elles n\u00e9cessaires ? Sont-elles prot\u00e9g\u00e9es ?  <\/span><\/a><\/h4><\/div><div id=\"04e43a0be127ad924\" class=\"panel-collapse collapse \" aria-labelledby=\"toggle_04e43a0be127ad924\"><div class=\"panel-body toggle-content fusion-clearfix\">\n<p>Oui, nous avons besoin des d\u00e9tails de la carte de cr\u00e9dit \u00e0 titre de garantie ou pour payer la r\u00e9servation dans le cas de taux promotionnels. Si une carte de cr\u00e9dit est d\u00e9pos\u00e9e, nous garantissons le maintien de votre r\u00e9servation jusqu&#8217;\u00e0 votre arriv\u00e9e. Au moment de l&#8217;enregistrement, vous pouvez choisir de payer votre r\u00e9servation en esp\u00e8ces ou par carte de cr\u00e9dit, si celle-ci n&#8217;a pas d\u00e9j\u00e0 \u00e9t\u00e9 pay\u00e9e \u00e0 l&#8217;avance.<\/p>\n<p>Si vous ne souhaitez pas envoyer les informations relatives \u00e0 votre carte de cr\u00e9dit par Internet, vous pouvez nous les faire parvenir par fax ou par t\u00e9l\u00e9phone.<\/p>\n<p>Notre h\u00f4tel est certifi\u00e9 PCI et garantit ainsi la protection de vos donn\u00e9es.<\/p>\n<p>Plus d&#8217;informations sur <a href=\"https:\/\/imlauer.com\/datenschutz\/\">: https:\/\/imlauer.com\/datenschutz\/<\/a><\/p>\n<\/div><\/div><\/div><div class=\"fusion-panel panel-default panel-486d9f5fbc1e60992 fusion-toggle-has-divider\"><div class=\"panel-heading\"><h4 class=\"panel-title toggle\" id=\"toggle_486d9f5fbc1e60992\"><a aria-expanded=\"false\" aria-controls=\"486d9f5fbc1e60992\" role=\"button\" data-toggle=\"collapse\" data-parent=\"#accordion-8254-3\" data-target=\"#486d9f5fbc1e60992\" href=\"#486d9f5fbc1e60992\"><span class=\"fusion-toggle-icon-wrapper\" aria-hidden=\"true\"><i class=\"fa-fusion-box active-icon awb-icon-minus\" aria-hidden=\"true\"><\/i><i class=\"fa-fusion-box inactive-icon awb-icon-plus\" aria-hidden=\"true\"><\/i><\/span><span class=\"fusion-toggle-heading\">Quelle est la possibilit\u00e9 si je n&#039;ai pas de carte de cr\u00e9dit ?<\/span><\/a><\/h4><\/div><div id=\"486d9f5fbc1e60992\" class=\"panel-collapse collapse \" aria-labelledby=\"toggle_486d9f5fbc1e60992\"><div class=\"panel-body toggle-content fusion-clearfix\">\n<p>Si vous n&#8217;avez pas de carte de cr\u00e9dit, vous pouvez payer par avance. Pour plus d&#8217;informations, veuillez contacter le service de r\u00e9servation.<\/p>\n<\/div><\/div><\/div><div class=\"fusion-panel panel-default panel-84cd4880adfdd86c3 fusion-toggle-has-divider\"><div class=\"panel-heading\"><h4 class=\"panel-title toggle\" id=\"toggle_84cd4880adfdd86c3\"><a aria-expanded=\"false\" aria-controls=\"84cd4880adfdd86c3\" role=\"button\" data-toggle=\"collapse\" data-parent=\"#accordion-8254-3\" data-target=\"#84cd4880adfdd86c3\" href=\"#84cd4880adfdd86c3\"><span class=\"fusion-toggle-icon-wrapper\" aria-hidden=\"true\"><i class=\"fa-fusion-box active-icon awb-icon-minus\" aria-hidden=\"true\"><\/i><i class=\"fa-fusion-box inactive-icon awb-icon-plus\" aria-hidden=\"true\"><\/i><\/span><span class=\"fusion-toggle-heading\">Qu&#039;est-ce qu&#039;une autorisation ?<\/span><\/a><\/h4><\/div><div id=\"84cd4880adfdd86c3\" class=\"panel-collapse collapse \" aria-labelledby=\"toggle_84cd4880adfdd86c3\"><div class=\"panel-body toggle-content fusion-clearfix\">\n<p>Dans le cas d&#8217;une pr\u00e9-autorisation, la banque \u00e9mettrice de la carte r\u00e9serve un montant sur votre carte de cr\u00e9dit. Cela signifie que votre carte de cr\u00e9dit n&#8217;est pas effectivement d\u00e9bit\u00e9e.<br \/>\nVous ne pouvez toutefois pas disposer du montant r\u00e9serv\u00e9 pendant une certaine dur\u00e9e.<br \/>\nCette proc\u00e9dure sert par exemple de garantie de paiement \u00e0 l&#8217;h\u00f4tel.<\/p>\n<\/div><\/div><\/div><div class=\"fusion-panel panel-default panel-f26cf3044ac0096f8 fusion-toggle-has-divider\"><div class=\"panel-heading\"><h4 class=\"panel-title toggle\" id=\"toggle_f26cf3044ac0096f8\"><a aria-expanded=\"false\" aria-controls=\"f26cf3044ac0096f8\" role=\"button\" data-toggle=\"collapse\" data-parent=\"#accordion-8254-3\" data-target=\"#f26cf3044ac0096f8\" href=\"#f26cf3044ac0096f8\"><span class=\"fusion-toggle-icon-wrapper\" aria-hidden=\"true\"><i class=\"fa-fusion-box active-icon awb-icon-minus\" aria-hidden=\"true\"><\/i><i class=\"fa-fusion-box inactive-icon awb-icon-plus\" aria-hidden=\"true\"><\/i><\/span><span class=\"fusion-toggle-heading\">Faut-il verser un acompte pour garantir la r\u00e9servation ?<\/span><\/a><\/h4><\/div><div id=\"f26cf3044ac0096f8\" class=\"panel-collapse collapse \" aria-labelledby=\"toggle_f26cf3044ac0096f8\"><div class=\"panel-body toggle-content fusion-clearfix\">\n<p>Non une carte de cr\u00e9dit suffit comme garantie.<\/p>\n<\/div><\/div><\/div><div class=\"fusion-panel panel-default panel-4cfb41bf9744902cb fusion-toggle-has-divider\"><div class=\"panel-heading\"><h4 class=\"panel-title toggle\" id=\"toggle_4cfb41bf9744902cb\"><a aria-expanded=\"false\" aria-controls=\"4cfb41bf9744902cb\" role=\"button\" data-toggle=\"collapse\" data-parent=\"#accordion-8254-3\" data-target=\"#4cfb41bf9744902cb\" href=\"#4cfb41bf9744902cb\"><span class=\"fusion-toggle-icon-wrapper\" aria-hidden=\"true\"><i class=\"fa-fusion-box active-icon awb-icon-minus\" aria-hidden=\"true\"><\/i><i class=\"fa-fusion-box inactive-icon awb-icon-plus\" aria-hidden=\"true\"><\/i><\/span><span class=\"fusion-toggle-heading\">Combien de temps pouvons-nous annuler sans frais ?<\/span><\/a><\/h4><\/div><div id=\"4cfb41bf9744902cb\" class=\"panel-collapse collapse \" aria-labelledby=\"toggle_4cfb41bf9744902cb\"><div class=\"panel-body toggle-content fusion-clearfix\">\n<p>Si vous souhaitez modifier ou annuler votre r\u00e9servation, vous devez le faire dans le d\u00e9lai d&#8217;annulation indiqu\u00e9. Les conditions d&#8217;annulation sont indiqu\u00e9es dans votre confirmation de r\u00e9servation. N&#8217;h\u00e9sitez pas \u00e0 contacter notre service de r\u00e9servation pour toute demande.  <\/p>\n<p>Si vous n&#8217;avez pas annul\u00e9 votre r\u00e9servation dans les d\u00e9lais impartis, l&#8217;h\u00f4tel vous facturera la premi\u00e8re nuit. Veuillez noter que notre h\u00f4tel propose diff\u00e9rents taux et donc diff\u00e9rentes conditions d&#8217;annulation. <\/p>\n<p>Pour les frais de &#8222;NoShow&#8220;, la carte de cr\u00e9dit que vous avez fournie pour la garantie lors de la r\u00e9servation sera d\u00e9bit\u00e9e.<\/p>\n<\/div><\/div><\/div><div class=\"fusion-panel panel-default panel-a8c341af1b25d6615 fusion-toggle-has-divider\"><div class=\"panel-heading\"><h4 class=\"panel-title toggle\" id=\"toggle_a8c341af1b25d6615\"><a aria-expanded=\"false\" aria-controls=\"a8c341af1b25d6615\" role=\"button\" data-toggle=\"collapse\" data-parent=\"#accordion-8254-3\" data-target=\"#a8c341af1b25d6615\" href=\"#a8c341af1b25d6615\"><span class=\"fusion-toggle-icon-wrapper\" aria-hidden=\"true\"><i class=\"fa-fusion-box active-icon awb-icon-minus\" aria-hidden=\"true\"><\/i><i class=\"fa-fusion-box inactive-icon awb-icon-plus\" aria-hidden=\"true\"><\/i><\/span><span class=\"fusion-toggle-heading\">O\u00f9 puis-je changer de l&#039;argent ?<\/span><\/a><\/h4><\/div><div id=\"a8c341af1b25d6615\" class=\"panel-collapse collapse \" aria-labelledby=\"toggle_a8c341af1b25d6615\"><div class=\"panel-body toggle-content fusion-clearfix\">\n<p>\u00c0 la banque la plus proche (Sparkasse, Bawag)<\/p>\n<\/div><\/div><\/div><div class=\"fusion-panel panel-default panel-8933ef2de6a522344 fusion-toggle-has-divider\"><div class=\"panel-heading\"><h4 class=\"panel-title toggle\" id=\"toggle_8933ef2de6a522344\"><a aria-expanded=\"false\" aria-controls=\"8933ef2de6a522344\" role=\"button\" data-toggle=\"collapse\" data-parent=\"#accordion-8254-3\" data-target=\"#8933ef2de6a522344\" href=\"#8933ef2de6a522344\"><span class=\"fusion-toggle-icon-wrapper\" aria-hidden=\"true\"><i class=\"fa-fusion-box active-icon awb-icon-minus\" aria-hidden=\"true\"><\/i><i class=\"fa-fusion-box inactive-icon awb-icon-plus\" aria-hidden=\"true\"><\/i><\/span><span class=\"fusion-toggle-heading\">La consigne \u00e0 bagages est-elle gratuite ?<\/span><\/a><\/h4><\/div><div id=\"8933ef2de6a522344\" class=\"panel-collapse collapse \" aria-labelledby=\"toggle_8933ef2de6a522344\"><div class=\"panel-body toggle-content fusion-clearfix\">\n<p>Oui, elle est gratuite pour les clients de l&#8217;h\u00f4tel.<\/p>\n<\/div><\/div><\/div><div class=\"fusion-panel panel-default panel-c516cc607117788ba fusion-toggle-has-divider\"><div class=\"panel-heading\"><h4 class=\"panel-title toggle\" id=\"toggle_c516cc607117788ba\"><a aria-expanded=\"false\" aria-controls=\"c516cc607117788ba\" role=\"button\" data-toggle=\"collapse\" data-parent=\"#accordion-8254-3\" data-target=\"#c516cc607117788ba\" href=\"#c516cc607117788ba\"><span class=\"fusion-toggle-icon-wrapper\" aria-hidden=\"true\"><i class=\"fa-fusion-box active-icon awb-icon-minus\" aria-hidden=\"true\"><\/i><i class=\"fa-fusion-box inactive-icon awb-icon-plus\" aria-hidden=\"true\"><\/i><\/span><span class=\"fusion-toggle-heading\">Vous avez des cartes Salzbourg ?<\/span><\/a><\/h4><\/div><div id=\"c516cc607117788ba\" class=\"panel-collapse collapse \" aria-labelledby=\"toggle_c516cc607117788ba\"><div class=\"panel-body toggle-content fusion-clearfix\">\n<p>Oui, ils peuvent \u00eatre achet\u00e9s \u00e0 la r\u00e9ception.<\/p>\n<\/div><\/div><\/div><\/div><\/div><div class=\"fusion-clearfix\"><\/div><\/div><\/div><div class=\"fusion-layout-column fusion_builder_column fusion-builder-column-6 fusion_builder_column_1_2 1_2 fusion-one-half fusion-column-last fusion-animated\" style=\"--awb-padding-top:5%;--awb-padding-right:11%;--awb-padding-bottom:5%;--awb-padding-left:11%;--awb-bg-color:#ffffff;--awb-bg-color-hover:#ffffff;--awb-bg-size:cover;--awb-margin-bottom:0px;width:50%;width:calc(50% - ( ( 0 ) * 0.5 ) );\" data-animationType=\"fadeInLeft\" data-animationDuration=\"0.8\" data-animationOffset=\"top-into-view\" id=\"naehe\"><div class=\"fusion-column-wrapper fusion-column-has-shadow fusion-flex-column-wrapper-legacy\"><div class=\"fusion-content-boxes content-boxes columns row fusion-columns-1 fusion-columns-total-1 fusion-content-boxes-5 content-boxes-icon-on-top content-left\" style=\"--awb-backgroundcolor:#ffffff;--awb-body-color:#636362;--awb-title-color:#af9755;--awb-iconcolor:#008ab4;--awb-hover-accent-color:#af9755;--awb-circle-hover-accent-color:transparent;--awb-item-margin-bottom:40px;\" data-animationOffset=\"top-into-view\"><div style=\"--awb-backgroundcolor:#ffffff;--awb-iconcolor:#008ab4;\" class=\"fusion-column content-box-column content-box-column content-box-column-1 col-lg-12 col-md-12 col-sm-12 fusion-content-box-hover content-box-column-last content-box-column-last-in-row\"><div class=\"col content-box-wrapper content-wrapper-background link-area-box icon-hover-animation-slide\" data-animationOffset=\"top-into-view\"><div class=\"heading heading-with-icon icon-left\"><div aria-hidden=\"true\" class=\"image\"><img decoding=\"async\" class=\"lazyload\" src=\"data:image\/svg+xml,%3Csvg%20xmlns%3D%27http%3A%2F%2Fwww.w3.org%2F2000%2Fsvg%27%20width%3D%27100%27%20height%3D%27100%27%20viewBox%3D%270%200%20100%20100%27%3E%3Crect%20width%3D%27100%27%20height%3D%27100%27%20fill-opacity%3D%220%22%2F%3E%3C%2Fsvg%3E\" data-orig-src=\"https:\/\/imlauer.com\/hotel-imlauer-salzburg\/wp-content\/uploads\/2025\/02\/imlauernearby.png\" width=\"100\" height=\"100\" alt=\"\" \/><\/div><h2 class=\"content-box-heading\" style=\"--h2_typography-font-size:20px;line-height:25px;\">\u00e0 proximit\u00e9 de l&#039;h\u00f4tel<\/h2><\/div><\/div><\/div><div class=\"fusion-clearfix\"><\/div><\/div><div class=\"accordian fusion-accordian\" style=\"--awb-border-size:1px;--awb-icon-size:13px;--awb-content-font-size:18px;--awb-icon-alignment:left;--awb-hover-color:#f9f9f9;--awb-border-color:#cccccc;--awb-background-color:#ffffff;--awb-divider-color:#e0dede;--awb-divider-hover-color:#e0dede;--awb-icon-color:#ffffff;--awb-title-color:#af9755;--awb-content-color:#747474;--awb-icon-box-color:#333333;--awb-toggle-hover-accent-color:#af9754;--awb-title-font-family:&quot;Bitter&quot;;--awb-title-font-weight:400;--awb-title-font-style:normal;--awb-content-font-family:&quot;Source Sans Pro&quot;;--awb-content-font-style:normal;--awb-content-font-weight:400;\"><div class=\"panel-group fusion-toggle-icon-boxed\" id=\"accordion-8254-4\"><div class=\"fusion-panel panel-default panel-bb0ba0e8437fbd84d fusion-toggle-has-divider\"><div class=\"panel-heading\"><h4 class=\"panel-title toggle\" id=\"toggle_bb0ba0e8437fbd84d\"><a aria-expanded=\"false\" aria-controls=\"bb0ba0e8437fbd84d\" role=\"button\" data-toggle=\"collapse\" data-parent=\"#accordion-8254-4\" data-target=\"#bb0ba0e8437fbd84d\" href=\"#bb0ba0e8437fbd84d\"><span class=\"fusion-toggle-icon-wrapper\" aria-hidden=\"true\"><i class=\"fa-fusion-box active-icon awb-icon-minus\" aria-hidden=\"true\"><\/i><i class=\"fa-fusion-box inactive-icon awb-icon-plus\" aria-hidden=\"true\"><\/i><\/span><span class=\"fusion-toggle-heading\">Combien de temps faut-il pour se rendre au Designer Outlet ou \u00e0 Europark ?<\/span><\/a><\/h4><\/div><div id=\"bb0ba0e8437fbd84d\" class=\"panel-collapse collapse \" aria-labelledby=\"toggle_bb0ba0e8437fbd84d\"><div class=\"panel-body toggle-content fusion-clearfix\">\n<p>Le Designer Outlet Salzbourg se trouve directement \u00e0 c\u00f4t\u00e9 de l&#8217;autoroute et est accessible en 15-20 minutes. Nous nous ferons un plaisir de vous informer \u00e0 la r\u00e9ception sur les possibilit\u00e9s de transfert par les transports en commun. <\/p>\n<p>Europark est situ\u00e9 \u00e0 la p\u00e9riph\u00e9rie de Salzbourg. Il faut environ 20 minutes en voiture ou 25 \u00e0 30 minutes en bus pour s&#8217;y rendre depuis notre h\u00f4tel.<\/p>\n<\/div><\/div><\/div><div class=\"fusion-panel panel-default panel-4cf7a967907683e16 fusion-toggle-has-divider\"><div class=\"panel-heading\"><h4 class=\"panel-title toggle\" id=\"toggle_4cf7a967907683e16\"><a aria-expanded=\"false\" aria-controls=\"4cf7a967907683e16\" role=\"button\" data-toggle=\"collapse\" data-parent=\"#accordion-8254-4\" data-target=\"#4cf7a967907683e16\" href=\"#4cf7a967907683e16\"><span class=\"fusion-toggle-icon-wrapper\" aria-hidden=\"true\"><i class=\"fa-fusion-box active-icon awb-icon-minus\" aria-hidden=\"true\"><\/i><i class=\"fa-fusion-box inactive-icon awb-icon-plus\" aria-hidden=\"true\"><\/i><\/span><span class=\"fusion-toggle-heading\">Quelle est la distance jusqu&#039;au parc des expositions ?<\/span><\/a><\/h4><\/div><div id=\"4cf7a967907683e16\" class=\"panel-collapse collapse \" aria-labelledby=\"toggle_4cf7a967907683e16\"><div class=\"panel-body toggle-content fusion-clearfix\">\n<p>Il faut compter environ 20 minutes entre notre h\u00f4tel et le parc des expositions. Vous pouvez prendre la ligne de bus 1, dont l&#8217;arr\u00eat le plus proche de l&#8217;h\u00f4tel est \u00e0 200 m\u00e8tres.<\/p>\n<\/div><\/div><\/div><div class=\"fusion-panel panel-default panel-2728a63453f9b6be8 fusion-toggle-has-divider\"><div class=\"panel-heading\"><h4 class=\"panel-title toggle\" id=\"toggle_2728a63453f9b6be8\"><a aria-expanded=\"false\" aria-controls=\"2728a63453f9b6be8\" role=\"button\" data-toggle=\"collapse\" data-parent=\"#accordion-8254-4\" data-target=\"#2728a63453f9b6be8\" href=\"#2728a63453f9b6be8\"><span class=\"fusion-toggle-icon-wrapper\" aria-hidden=\"true\"><i class=\"fa-fusion-box active-icon awb-icon-minus\" aria-hidden=\"true\"><\/i><i class=\"fa-fusion-box inactive-icon awb-icon-plus\" aria-hidden=\"true\"><\/i><\/span><span class=\"fusion-toggle-heading\">\u00c0 quelle distance se trouve le Palais des Congr\u00e8s de l&#039;h\u00f4tel ?<\/span><\/a><\/h4><\/div><div id=\"2728a63453f9b6be8\" class=\"panel-collapse collapse \" aria-labelledby=\"toggle_2728a63453f9b6be8\"><div class=\"panel-body toggle-content fusion-clearfix\">\n<p>Le Palais des Congr\u00e8s de Salzbourg se trouve \u00e0 environ 200 m\u00e8tres de l&#8217;h\u00f4tel.<\/p>\n<\/div><\/div><\/div><div class=\"fusion-panel panel-default panel-c9a77ee7a91e1d303 fusion-toggle-has-divider\"><div class=\"panel-heading\"><h4 class=\"panel-title toggle\" id=\"toggle_c9a77ee7a91e1d303\"><a aria-expanded=\"false\" aria-controls=\"c9a77ee7a91e1d303\" role=\"button\" data-toggle=\"collapse\" data-parent=\"#accordion-8254-4\" data-target=\"#c9a77ee7a91e1d303\" href=\"#c9a77ee7a91e1d303\"><span class=\"fusion-toggle-icon-wrapper\" aria-hidden=\"true\"><i class=\"fa-fusion-box active-icon awb-icon-minus\" aria-hidden=\"true\"><\/i><i class=\"fa-fusion-box inactive-icon awb-icon-plus\" aria-hidden=\"true\"><\/i><\/span><span class=\"fusion-toggle-heading\">\u00c0 quelle distance se trouve la vieille ville de l&#039;h\u00f4tel ?<\/span><\/a><\/h4><\/div><div id=\"c9a77ee7a91e1d303\" class=\"panel-collapse collapse \" aria-labelledby=\"toggle_c9a77ee7a91e1d303\"><div class=\"panel-body toggle-content fusion-clearfix\">\n<p>Notre h\u00f4tel est situ\u00e9 sur le c\u00f4t\u00e9 droit de la vieille ville. Vous pouvez rejoindre le c\u00f4t\u00e9 gauche de la vieille ville (y compris la maison natale de Mozart) en 15 minutes en faisant une belle promenade dans les jardins de Mirabell.<\/p>\n<\/div><\/div><\/div><div class=\"fusion-panel panel-default panel-67cbddf742b1ab736 fusion-toggle-has-divider\"><div class=\"panel-heading\"><h4 class=\"panel-title toggle\" id=\"toggle_67cbddf742b1ab736\"><a aria-expanded=\"false\" aria-controls=\"67cbddf742b1ab736\" role=\"button\" data-toggle=\"collapse\" data-parent=\"#accordion-8254-4\" data-target=\"#67cbddf742b1ab736\" href=\"#67cbddf742b1ab736\"><span class=\"fusion-toggle-icon-wrapper\" aria-hidden=\"true\"><i class=\"fa-fusion-box active-icon awb-icon-minus\" aria-hidden=\"true\"><\/i><i class=\"fa-fusion-box inactive-icon awb-icon-plus\" aria-hidden=\"true\"><\/i><\/span><span class=\"fusion-toggle-heading\">Y a-t-il des supermarch\u00e9s\/une pharmacie \u00e0 proximit\u00e9 ?<\/span><\/a><\/h4><\/div><div id=\"67cbddf742b1ab736\" class=\"panel-collapse collapse \" aria-labelledby=\"toggle_67cbddf742b1ab736\"><div class=\"panel-body toggle-content fusion-clearfix\">\n<p>Il y a deux supermarch\u00e9s dans les environs imm\u00e9diats. La pharmacie Elisabethapotheke se trouve au 1a de la Elisabethstra\u00dfe, \u00e0 deux minutes \u00e0 pied de l&#8217;h\u00f4tel. Vous pouvez vous renseigner sur les heures d&#8217;ouverture \u00e0 la r\u00e9ception.<\/p>\n<\/div><\/div><\/div><div class=\"fusion-panel panel-default panel-bd959fc31d385b7b7 fusion-toggle-has-divider\"><div class=\"panel-heading\"><h4 class=\"panel-title toggle\" id=\"toggle_bd959fc31d385b7b7\"><a aria-expanded=\"false\" aria-controls=\"bd959fc31d385b7b7\" role=\"button\" data-toggle=\"collapse\" data-parent=\"#accordion-8254-4\" data-target=\"#bd959fc31d385b7b7\" href=\"#bd959fc31d385b7b7\"><span class=\"fusion-toggle-icon-wrapper\" aria-hidden=\"true\"><i class=\"fa-fusion-box active-icon awb-icon-minus\" aria-hidden=\"true\"><\/i><i class=\"fa-fusion-box inactive-icon awb-icon-plus\" aria-hidden=\"true\"><\/i><\/span><span class=\"fusion-toggle-heading\">A quelle distance se trouve la gare la plus proche ?<\/span><\/a><\/h4><\/div><div id=\"bd959fc31d385b7b7\" class=\"panel-collapse collapse \" aria-labelledby=\"toggle_bd959fc31d385b7b7\"><div class=\"panel-body toggle-content fusion-clearfix\">\n<p>Les trains internationaux partent de la gare centrale de Salzbourg (500 m). La gare est facilement accessible par les transports en commun, \u00e0 pied ou par un court trajet en taxi.<\/p>\n<\/div><\/div><\/div><div class=\"fusion-panel panel-default panel-17a1f809c13f55bb2 fusion-toggle-has-divider\"><div class=\"panel-heading\"><h4 class=\"panel-title toggle\" id=\"toggle_17a1f809c13f55bb2\"><a aria-expanded=\"false\" aria-controls=\"17a1f809c13f55bb2\" role=\"button\" data-toggle=\"collapse\" data-parent=\"#accordion-8254-4\" data-target=\"#17a1f809c13f55bb2\" href=\"#17a1f809c13f55bb2\"><span class=\"fusion-toggle-icon-wrapper\" aria-hidden=\"true\"><i class=\"fa-fusion-box active-icon awb-icon-minus\" aria-hidden=\"true\"><\/i><i class=\"fa-fusion-box inactive-icon awb-icon-plus\" aria-hidden=\"true\"><\/i><\/span><span class=\"fusion-toggle-heading\">\u00c0 quelle distance se trouve l&#039;a\u00e9roport le plus proche ?<\/span><\/a><\/h4><\/div><div id=\"17a1f809c13f55bb2\" class=\"panel-collapse collapse \" aria-labelledby=\"toggle_17a1f809c13f55bb2\"><div class=\"panel-body toggle-content fusion-clearfix\">\n<p>Vous pouvez vous rendre \u00e0 l&#8217;a\u00e9roport de Salzbourg en 25 minutes environ (15 arr\u00eats) en prenant la ligne 2 du trolleybus \u00e0 l&#8217;arr\u00eat &#8222;Kiesel&#8220; situ\u00e9 \u00e0 proximit\u00e9.<\/p>\n<p>Un trajet en taxi de l&#8217;h\u00f4tel \u00e0 l&#8217;a\u00e9roport co\u00fbte environ 15,00 \u20ac et dure 15-20 minutes, selon les conditions de circulation.<\/p>\n<\/div><\/div><\/div><\/div><\/div><div class=\"fusion-clearfix\"><\/div><\/div><\/div><div class=\"fusion-layout-column fusion_builder_column fusion-builder-column-7 fusion_builder_column_1_2 1_2 fusion-one-half fusion-column-first fusion-animated\" style=\"--awb-padding-top:5%;--awb-padding-right:11%;--awb-padding-bottom:5%;--awb-padding-left:11%;--awb-bg-color:#ffffff;--awb-bg-color-hover:#ffffff;--awb-bg-size:cover;--awb-margin-bottom:8%;width:50%;width:calc(50% - ( ( 0 ) * 0.5 ) );margin-right: 0px;\" data-animationType=\"fadeInRight\" data-animationDuration=\"0.8\" data-animationOffset=\"top-into-view\" id=\"kulinarik\"><div class=\"fusion-column-wrapper fusion-column-has-shadow fusion-flex-column-wrapper-legacy\"><div class=\"fusion-content-boxes content-boxes columns row fusion-columns-1 fusion-columns-total-1 fusion-content-boxes-6 content-boxes-icon-on-top content-left\" style=\"--awb-backgroundcolor:#ffffff;--awb-body-color:#636362;--awb-title-color:#af9755;--awb-iconcolor:#008ab4;--awb-hover-accent-color:#af9755;--awb-circle-hover-accent-color:transparent;--awb-item-margin-bottom:40px;\" data-animationOffset=\"top-into-view\"><div style=\"--awb-backgroundcolor:#ffffff;--awb-iconcolor:#008ab4;\" class=\"fusion-column content-box-column content-box-column content-box-column-1 col-lg-12 col-md-12 col-sm-12 fusion-content-box-hover content-box-column-last content-box-column-last-in-row\"><div class=\"col content-box-wrapper content-wrapper-background link-area-box icon-hover-animation-slide\" data-animationOffset=\"top-into-view\"><div class=\"heading heading-with-icon icon-left\"><div aria-hidden=\"true\" class=\"image\"><img decoding=\"async\" class=\"lazyload\" src=\"data:image\/svg+xml,%3Csvg%20xmlns%3D%27http%3A%2F%2Fwww.w3.org%2F2000%2Fsvg%27%20width%3D%27100%27%20height%3D%27100%27%20viewBox%3D%270%200%20100%20100%27%3E%3Crect%20width%3D%27100%27%20height%3D%27100%27%20fill-opacity%3D%220%22%2F%3E%3C%2Fsvg%3E\" data-orig-src=\"https:\/\/imlauer.com\/hotel-imlauer-salzburg\/wp-content\/uploads\/2025\/02\/besteck-glas-1.png\" width=\"100\" height=\"100\" alt=\"\" \/><\/div><h2 class=\"content-box-heading\" style=\"--h2_typography-font-size:20px;line-height:25px;\">Culinaire<\/h2><\/div><\/div><\/div><div class=\"fusion-clearfix\"><\/div><\/div><div class=\"accordian fusion-accordian\" style=\"--awb-border-size:1px;--awb-icon-size:13px;--awb-content-font-size:18px;--awb-icon-alignment:left;--awb-hover-color:#f9f9f9;--awb-border-color:#cccccc;--awb-background-color:#ffffff;--awb-divider-color:#e0dede;--awb-divider-hover-color:#e0dede;--awb-icon-color:#ffffff;--awb-title-color:#af9755;--awb-content-color:#747474;--awb-icon-box-color:#333333;--awb-toggle-hover-accent-color:#af9754;--awb-title-font-family:&quot;Bitter&quot;;--awb-title-font-weight:400;--awb-title-font-style:normal;--awb-content-font-family:&quot;Source Sans Pro&quot;;--awb-content-font-style:normal;--awb-content-font-weight:400;\"><div class=\"panel-group fusion-toggle-icon-boxed\" id=\"accordion-8254-5\"><div class=\"fusion-panel panel-default panel-d92f254fef0654385 fusion-toggle-has-divider\"><div class=\"panel-heading\"><h4 class=\"panel-title toggle\" id=\"toggle_d92f254fef0654385\"><a aria-expanded=\"false\" aria-controls=\"d92f254fef0654385\" role=\"button\" data-toggle=\"collapse\" data-parent=\"#accordion-8254-5\" data-target=\"#d92f254fef0654385\" href=\"#d92f254fef0654385\"><span class=\"fusion-toggle-icon-wrapper\" aria-hidden=\"true\"><i class=\"fa-fusion-box active-icon awb-icon-minus\" aria-hidden=\"true\"><\/i><i class=\"fa-fusion-box inactive-icon awb-icon-plus\" aria-hidden=\"true\"><\/i><\/span><span class=\"fusion-toggle-heading\">Proposez-vous \u00e9galement des produits sans lactose et sans gluten ?<\/span><\/a><\/h4><\/div><div id=\"d92f254fef0654385\" class=\"panel-collapse collapse \" aria-labelledby=\"toggle_d92f254fef0654385\"><div class=\"panel-body toggle-content fusion-clearfix\">\n<p>Sur demande, nous pouvons vous proposer des produits sans lactose et sans gluten.<\/p>\n<\/div><\/div><\/div><div class=\"fusion-panel panel-default panel-4dbbd706cf62d0e26 fusion-toggle-has-divider\"><div class=\"panel-heading\"><h4 class=\"panel-title toggle\" id=\"toggle_4dbbd706cf62d0e26\"><a aria-expanded=\"false\" aria-controls=\"4dbbd706cf62d0e26\" role=\"button\" data-toggle=\"collapse\" data-parent=\"#accordion-8254-5\" data-target=\"#4dbbd706cf62d0e26\" href=\"#4dbbd706cf62d0e26\"><span class=\"fusion-toggle-icon-wrapper\" aria-hidden=\"true\"><i class=\"fa-fusion-box active-icon awb-icon-minus\" aria-hidden=\"true\"><\/i><i class=\"fa-fusion-box inactive-icon awb-icon-plus\" aria-hidden=\"true\"><\/i><\/span><span class=\"fusion-toggle-heading\">L&#039;h\u00f4tel dispose-t-il d&#039;un restaurant ?<\/span><\/a><\/h4><\/div><div id=\"4dbbd706cf62d0e26\" class=\"panel-collapse collapse \" aria-labelledby=\"toggle_4dbbd706cf62d0e26\"><div class=\"panel-body toggle-content fusion-clearfix\">\n<p>Notre \u00e9quipe du restaurant brassicole IMLAUER de l&#8217;h\u00f4tel se r\u00e9jouit de pouvoir vous g\u00e2ter de 12h00 \u00e0 22h00 (cuisine jusqu&#8217;\u00e0 21h00). Profitez de la culture de la bi\u00e8re et d&#8217;une cuisine bourgeoise de haut niveau.<\/p>\n<\/div><\/div><\/div><div class=\"fusion-panel panel-default panel-1f14a1eb74956c92f fusion-toggle-has-divider\"><div class=\"panel-heading\"><h4 class=\"panel-title toggle\" id=\"toggle_1f14a1eb74956c92f\"><a aria-expanded=\"false\" aria-controls=\"1f14a1eb74956c92f\" role=\"button\" data-toggle=\"collapse\" data-parent=\"#accordion-8254-5\" data-target=\"#1f14a1eb74956c92f\" href=\"#1f14a1eb74956c92f\"><span class=\"fusion-toggle-icon-wrapper\" aria-hidden=\"true\"><i class=\"fa-fusion-box active-icon awb-icon-minus\" aria-hidden=\"true\"><\/i><i class=\"fa-fusion-box inactive-icon awb-icon-plus\" aria-hidden=\"true\"><\/i><\/span><span class=\"fusion-toggle-heading\">Est-il possible de prendre le petit-d\u00e9jeuner \u00e0 l&#039;h\u00f4tel en tant que client externe ?<\/span><\/a><\/h4><\/div><div id=\"1f14a1eb74956c92f\" class=\"panel-collapse collapse \" aria-labelledby=\"toggle_1f14a1eb74956c92f\"><div class=\"panel-body toggle-content fusion-clearfix\">\n<p>Oui, aux conditions indiqu\u00e9es ci-dessous, il est possible pour les clients ext\u00e9rieurs de profiter de notre petit-d\u00e9jeuner. Nous vous prions de bien vouloir r\u00e9server \u00e0 l&#8217;avance.<\/p>\n<\/div><\/div><\/div><div class=\"fusion-panel panel-default panel-582df632f943f284e fusion-toggle-has-divider\"><div class=\"panel-heading\"><h4 class=\"panel-title toggle\" id=\"toggle_582df632f943f284e\"><a aria-expanded=\"false\" aria-controls=\"582df632f943f284e\" role=\"button\" data-toggle=\"collapse\" data-parent=\"#accordion-8254-5\" data-target=\"#582df632f943f284e\" href=\"#582df632f943f284e\"><span class=\"fusion-toggle-icon-wrapper\" aria-hidden=\"true\"><i class=\"fa-fusion-box active-icon awb-icon-minus\" aria-hidden=\"true\"><\/i><i class=\"fa-fusion-box inactive-icon awb-icon-plus\" aria-hidden=\"true\"><\/i><\/span><span class=\"fusion-toggle-heading\">Quels sont les horaires du petit-d\u00e9jeuner ?<\/span><\/a><\/h4><\/div><div id=\"582df632f943f284e\" class=\"panel-collapse collapse \" aria-labelledby=\"toggle_582df632f943f284e\"><div class=\"panel-body toggle-content fusion-clearfix\">\n<p>Nous vous proposons un copieux petit-d\u00e9jeuner buffet tous les jours de 6h30 \u00e0 10h00.<\/p>\n<\/div><\/div><\/div><div class=\"fusion-panel panel-default panel-0139b5d8aa4d3b068 fusion-toggle-has-divider\"><div class=\"panel-heading\"><h4 class=\"panel-title toggle\" id=\"toggle_0139b5d8aa4d3b068\"><a aria-expanded=\"false\" aria-controls=\"0139b5d8aa4d3b068\" role=\"button\" data-toggle=\"collapse\" data-parent=\"#accordion-8254-5\" data-target=\"#0139b5d8aa4d3b068\" href=\"#0139b5d8aa4d3b068\"><span class=\"fusion-toggle-icon-wrapper\" aria-hidden=\"true\"><i class=\"fa-fusion-box active-icon awb-icon-minus\" aria-hidden=\"true\"><\/i><i class=\"fa-fusion-box inactive-icon awb-icon-plus\" aria-hidden=\"true\"><\/i><\/span><span class=\"fusion-toggle-heading\">Y a-t-il des recommandations de restaurants ?<\/span><\/a><\/h4><\/div><div id=\"0139b5d8aa4d3b068\" class=\"panel-collapse collapse \" aria-labelledby=\"toggle_0139b5d8aa4d3b068\"><div class=\"panel-body toggle-content fusion-clearfix\">\n<p>Nous vous recommandons le Braurestaurant IMLAUER, l&#8217;IMLAUER Sky Bar &amp; Restaurant et le PitterKeller.<\/p>\n<p>Dans le Braurestaurant IMLAUER, vous appr\u00e9cierez la culture de la bi\u00e8re et une cuisine bourgeoise de haut niveau.<\/p>\n<p>Dans l&#8217;IMLAUER Sky Bar &amp; Restaurant, vous go\u00fbterez aux plaisirs culinaires tout en profitant d&#8217;une vue incomparable sur la vieille ville de Salzbourg et les montagnes.<\/p>\n<p>Dans le restaurant PitterKeller, nous vous servirons des sp\u00e9cialit\u00e9s traditionnelles de la r\u00e9gion dans une ambiance rustique et chaleureuse.<\/p>\n<\/div><\/div><\/div><div class=\"fusion-panel panel-default panel-7baa67543b9632efb fusion-toggle-has-divider\" style=\"--awb-title-color:#af9755;--awb-content-color:#747474;\"><div class=\"panel-heading\"><h4 class=\"panel-title toggle\" id=\"toggle_7baa67543b9632efb\"><a aria-expanded=\"false\" aria-controls=\"7baa67543b9632efb\" role=\"button\" data-toggle=\"collapse\" data-parent=\"#accordion-8254-5\" data-target=\"#7baa67543b9632efb\" href=\"#7baa67543b9632efb\"><span class=\"fusion-toggle-icon-wrapper\" aria-hidden=\"true\"><i class=\"fa-fusion-box active-icon awb-icon-minus\" aria-hidden=\"true\"><\/i><i class=\"fa-fusion-box inactive-icon awb-icon-plus\" aria-hidden=\"true\"><\/i><\/span><span class=\"fusion-toggle-heading\">Combien co\u00fbte le petit-d\u00e9jeuner ?<\/span><\/a><\/h4><\/div><div id=\"7baa67543b9632efb\" class=\"panel-collapse collapse \" aria-labelledby=\"toggle_7baa67543b9632efb\"><div class=\"panel-body toggle-content fusion-clearfix\">\n<p>Le petit d\u00e9jeuner co\u00fbte 25,00 \u20ac par adulte par jour et 12,50 \u20ac par enfant jusqu&#8217;\u00e0 12 ans par jour ; le petit d\u00e9jeuner est gratuit pour les enfants jusqu&#8217;\u00e0 6 ans.<\/p>\n<\/div><\/div><\/div><\/div><\/div><div class=\"fusion-clearfix\"><\/div><\/div><\/div><\/div><\/div><\/p>\n","protected":false},"excerpt":{"rendered":"","protected":false},"author":1,"featured_media":0,"parent":0,"menu_order":0,"comment_status":"closed","ping_status":"closed","template":"100-width.php","meta":{"footnotes":""},"class_list":["post-8254","page","type-page","status-publish","hentry"],"_links":{"self":[{"href":"https:\/\/imlauer.com\/hotel-imlauer-salzburg\/wp-json\/wp\/v2\/pages\/8254","targetHints":{"allow":["GET"]}}],"collection":[{"href":"https:\/\/imlauer.com\/hotel-imlauer-salzburg\/wp-json\/wp\/v2\/pages"}],"about":[{"href":"https:\/\/imlauer.com\/hotel-imlauer-salzburg\/wp-json\/wp\/v2\/types\/page"}],"author":[{"embeddable":true,"href":"https:\/\/imlauer.com\/hotel-imlauer-salzburg\/wp-json\/wp\/v2\/users\/1"}],"replies":[{"embeddable":true,"href":"https:\/\/imlauer.com\/hotel-imlauer-salzburg\/wp-json\/wp\/v2\/comments?post=8254"}],"version-history":[{"count":7,"href":"https:\/\/imlauer.com\/hotel-imlauer-salzburg\/wp-json\/wp\/v2\/pages\/8254\/revisions"}],"predecessor-version":[{"id":47522,"href":"https:\/\/imlauer.com\/hotel-imlauer-salzburg\/wp-json\/wp\/v2\/pages\/8254\/revisions\/47522"}],"wp:attachment":[{"href":"https:\/\/imlauer.com\/hotel-imlauer-salzburg\/wp-json\/wp\/v2\/media?parent=8254"}],"curies":[{"name":"wp","href":"https:\/\/api.w.org\/{rel}","templated":true}]}}