{"id":84,"date":"2019-09-30T07:24:28","date_gmt":"2019-09-30T07:24:28","guid":{"rendered":"https:\/\/imlauer.com\/hotel-imlauer-salzburg\/index.php\/city-guide\/"},"modified":"2025-04-01T11:20:33","modified_gmt":"2025-04-01T11:20:33","slug":"city-guide","status":"publish","type":"page","link":"https:\/\/imlauer.com\/hotel-imlauer-salzburg\/city-guide\/","title":{"rendered":"City Guide"},"content":{"rendered":"<p><div class=\"fusion-fullwidth fullwidth-box fusion-builder-row-1 fusion-flex-container has-pattern-background has-mask-background nonhundred-percent-fullwidth non-hundred-percent-height-scrolling\" style=\"--awb-background-position:left top;--awb-border-sizes-top:0px;--awb-border-sizes-bottom:0px;--awb-border-sizes-left:0px;--awb-border-sizes-right:0px;--awb-border-radius-top-left:0px;--awb-border-radius-top-right:0px;--awb-border-radius-bottom-right:0px;--awb-border-radius-bottom-left:0px;--awb-padding-top:0px;--awb-padding-bottom:85px;--awb-margin-top:40px;--awb-flex-wrap:wrap;\" ><div class=\"fusion-builder-row fusion-row fusion-flex-align-items-flex-start fusion-flex-content-wrap\" style=\"max-width:1352px;margin-left: calc(-4% \/ 2 );margin-right: calc(-4% \/ 2 );\"><div class=\"fusion-layout-column fusion_builder_column fusion-builder-column-0 fusion_builder_column_1_1 1_1 fusion-flex-column\" style=\"--awb-bg-blend:overlay;--awb-bg-size:cover;--awb-width-large:100%;--awb-margin-top-large:0px;--awb-spacing-right-large:1.92%;--awb-margin-bottom-large:20px;--awb-spacing-left-large:1.92%;--awb-width-medium:100%;--awb-spacing-right-medium:1.92%;--awb-spacing-left-medium:1.92%;--awb-width-small:100%;--awb-spacing-right-small:1.92%;--awb-spacing-left-small:1.92%;\"><div class=\"fusion-column-wrapper fusion-column-has-shadow fusion-flex-justify-content-flex-start fusion-content-layout-column\"><div class=\"fusion-separator fusion-full-width-sep\" style=\"align-self: center;margin-left: auto;margin-right: auto;margin-top:40px;width:100%;\"><\/div><div class=\"fusion-text fusion-text-1\"><p style=\"letter-spacing: 4px; font-size: 2vw; text-align: center; margin-bottom: 0px;\">THE PLACE TO EXPLORE<\/p>\n<h2 style=\"text-align: center; font-size: 2.5vw; margin: 0;\"><strong>SALZBURG MIT ANDEREN AUGEN SEHEN<br \/>\n<\/strong><\/h2>\n<h2 style=\"text-align: center; font-size: 1.8vw; margin: 0;\"><strong>GEHEIMTIPPS UND LIEBLINGSPL\u00c4TZE<br \/>\n<\/strong><\/h2>\n<\/div><\/div><\/div><div class=\"fusion-layout-column fusion_builder_column fusion-builder-column-1 fusion_builder_column_1_2 1_2 fusion-flex-column\" style=\"--awb-padding-top:40px;--awb-padding-right:40px;--awb-padding-bottom:40px;--awb-padding-left:40px;--awb-bg-color:#ffffff;--awb-bg-color-hover:#ffffff;--awb-bg-size:cover;--awb-border-color:#ebeef1;--awb-border-top:0;--awb-border-right:0;--awb-border-bottom:0;--awb-border-left:0;--awb-border-style:solid;--awb-width-large:50%;--awb-margin-top-large:0px;--awb-spacing-right-large:3.84%;--awb-margin-bottom-large:20px;--awb-spacing-left-large:3.84%;--awb-width-medium:100%;--awb-spacing-right-medium:1.92%;--awb-spacing-left-medium:1.92%;--awb-width-small:100%;--awb-spacing-right-small:1.92%;--awb-spacing-left-small:1.92%;\"><div class=\"fusion-column-wrapper fusion-column-has-shadow fusion-flex-justify-content-center fusion-content-layout-column\"><div class=\"fusion-image-element \" style=\"text-align:center;--awb-caption-title-font-family:var(--h2_typography-font-family);--awb-caption-title-font-weight:var(--h2_typography-font-weight);--awb-caption-title-font-style:var(--h2_typography-font-style);--awb-caption-title-size:var(--h2_typography-font-size);--awb-caption-title-transform:var(--h2_typography-text-transform);--awb-caption-title-line-height:var(--h2_typography-line-height);--awb-caption-title-letter-spacing:var(--h2_typography-letter-spacing);\"><span class=\" fusion-imageframe imageframe-none imageframe-1 hover-type-none\"><img decoding=\"async\" width=\"1000\" height=\"664\" title=\"Salzburg-Stadt\" src=\"https:\/\/imlauer.com\/hotel-imlauer-salzburg\/wp-content\/uploads\/2025\/02\/Salzburg-Stadt.jpg\" data-orig-src=\"https:\/\/imlauer.com\/hotel-imlauer-salzburg\/wp-content\/uploads\/2025\/02\/Salzburg-Stadt.jpg\" alt class=\"lazyload img-responsive wp-image-1009\" srcset=\"data:image\/svg+xml,%3Csvg%20xmlns%3D%27http%3A%2F%2Fwww.w3.org%2F2000%2Fsvg%27%20width%3D%271000%27%20height%3D%27664%27%20viewBox%3D%270%200%201000%20664%27%3E%3Crect%20width%3D%271000%27%20height%3D%27664%27%20fill-opacity%3D%220%22%2F%3E%3C%2Fsvg%3E\" data-srcset=\"https:\/\/imlauer.com\/hotel-imlauer-salzburg\/wp-content\/uploads\/2025\/02\/Salzburg-Stadt-200x133.jpg 200w, https:\/\/imlauer.com\/hotel-imlauer-salzburg\/wp-content\/uploads\/2025\/02\/Salzburg-Stadt-400x266.jpg 400w, https:\/\/imlauer.com\/hotel-imlauer-salzburg\/wp-content\/uploads\/2025\/02\/Salzburg-Stadt-600x398.jpg 600w, https:\/\/imlauer.com\/hotel-imlauer-salzburg\/wp-content\/uploads\/2025\/02\/Salzburg-Stadt-800x531.jpg 800w, https:\/\/imlauer.com\/hotel-imlauer-salzburg\/wp-content\/uploads\/2025\/02\/Salzburg-Stadt.jpg 1000w\" data-sizes=\"auto\" data-orig-sizes=\"(max-width: 1024px) 100vw, (max-width: 375px) 100vw, 600px\" \/><\/span><\/div><\/div><\/div><div class=\"fusion-layout-column fusion_builder_column fusion-builder-column-2 fusion_builder_column_1_2 1_2 fusion-flex-column\" style=\"--awb-bg-blend:overlay;--awb-bg-size:cover;--awb-width-large:50%;--awb-margin-top-large:0px;--awb-spacing-right-large:3.84%;--awb-margin-bottom-large:20px;--awb-spacing-left-large:3.84%;--awb-width-medium:100%;--awb-spacing-right-medium:1.92%;--awb-spacing-left-medium:1.92%;--awb-width-small:100%;--awb-spacing-right-small:1.92%;--awb-spacing-left-small:1.92%;\"><div class=\"fusion-column-wrapper fusion-column-has-shadow fusion-flex-justify-content-center fusion-content-layout-column\"><div class=\"fusion-text fusion-text-2\"><p style=\"text-align: center;\">Vom lieblichen <strong>Mirabellgarten<\/strong> bis zur stolzen <strong>Festung Hohensalzburg<\/strong>, von der <strong>Getreidegasse<\/strong> bis zum <strong>Salzburger Dom<\/strong> \u2013 es gibt viel zu entdecken! Dar\u00fcber hinaus verraten wir Ihnen echte<strong> Geheimtipps<\/strong> und <strong>kuriose Lieblingspl\u00e4tze<\/strong>, die auf den zweiten Blick ihre Faszination entfalten. <strong>Kommen Sie mit auf den etwas anderen Spaziergang durch Salzburg!<\/strong><\/p>\n<p style=\"text-align: center;\">Wenn Sie im Hotel IMLAUER &amp; Br\u00e4u Salzburg einchecken, befinden Sie sich schon mitten in einem der sch\u00f6nsten Viertel der Stadt \u2013 dem Andr\u00e4viertel. Manche sagen, die Neustadt, wie das Andr\u00e4viertel auch genannt wird, sei das individuellste \u201eGr\u00e4tzl\u201c Salzburgs. Tats\u00e4chlich besitzt es mit seinen vielen K\u00fcnstler- und Kreativentreffs, individuellen Shops und dem Gr\u00fcnderzeit-Charme ein ganz besonderes Flair.<br \/>\nHier <strong>verschmilzt augescheinlich Geschichte mit Moderne<\/strong>.<\/p>\n<p style=\"text-align: center;\">Die ber\u00fchmten Faberh\u00e4user etwa \u2013 zwei monumentale, aus je drei Einzelh\u00e4usern bestehende Palais \u2013 haben ihren Ursprung in den 70er Jahren des 19. Jahrhunderts. Noch \u00e4lter ist die \u201eBergerbr\u00e4uers-Bierhalle\u201c. Sie wurde 1864 gebaut und legte den Grundstein des heutigen Luxushotels IMLAUER HOTEL PITTER Salzburg.<\/p>\n<p style=\"text-align: center;\"><strong>Weitere sch\u00f6ne Seiten des SalzburgerLandes sowie der Stadt Salzburg <\/strong>k\u00f6nnen Sie \u00fcber\u00a0 <a href=\"https:\/\/www.salzburgerland.com\/de\/virtuelle-erlebnisse-im-salzburgerland\/\" target=\"_blank\" rel=\"noopener noreferrer\">www.salzburgerland.com<\/a> sowie <a href=\"https:\/\/www.salzburg.info\/de\/sehenswertes\" target=\"_blank\" rel=\"noopener noreferrer\">www.salzburg.info<\/a> entdecken.<\/p>\n<p style=\"text-align: center;\"><strong>Die Vorfreude w\u00e4chst&#8230;<\/strong><\/p>\n<\/div><\/div><\/div><\/div><\/div><div class=\"fusion-fullwidth fullwidth-box fusion-builder-row-2 nonhundred-percent-fullwidth non-hundred-percent-height-scrolling fusion-equal-height-columns\" style=\"--awb-border-radius-top-left:0px;--awb-border-radius-top-right:0px;--awb-border-radius-bottom-right:0px;--awb-border-radius-bottom-left:0px;--awb-margin-bottom:30px;--awb-flex-wrap:wrap;\" ><div class=\"fusion-builder-row fusion-row\"><div class=\"fusion-layout-column fusion_builder_column fusion-builder-column-3 fusion_builder_column_1_3 1_3 fusion-one-third fusion-column-first\" style=\"--awb-padding-top:150px;--awb-padding-bottom:150px;--awb-bg-position:center top;--awb-bg-size:cover;--awb-margin-bottom:0px;\"><div class=\"fusion-column-wrapper lazyload fusion-column-has-shadow fusion-flex-column-wrapper-legacy fusion-column-has-bg-image\" data-bg-url=\"https:\/\/imlauer.com\/hotel-imlauer-salzburg\/wp-content\/uploads\/2025\/02\/stpeters.jpg\" data-bg=\"https:\/\/imlauer.com\/hotel-imlauer-salzburg\/wp-content\/uploads\/2025\/02\/stpeters.jpg\"><div class=\"fusion-text fusion-text-3 copyright\"><p style=\"font-size: 11px; text-align: right;\"><span style=\"color: #ffffff;\">\u00a9 Tourismus Salzburg<\/span><\/p>\n<\/div><div class=\"fusion-clearfix\"><\/div><\/div><\/div><div class=\"fusion-layout-column fusion_builder_column fusion-builder-column-4 fusion_builder_column_1_3 1_3 fusion-one-third\" style=\"--awb-padding-top:40px;--awb-padding-right:40px;--awb-padding-bottom:40px;--awb-padding-left:40px;--awb-bg-color:#af9755;--awb-bg-color-hover:#af9755;--awb-bg-size:cover;--awb-margin-bottom:0px;\"><div class=\"fusion-column-wrapper fusion-column-has-shadow fusion-flex-column-wrapper-legacy\"><div class=\"fusion-column-content-centered\"><div class=\"fusion-column-content\"><div class=\"fusion-text fusion-text-4\"><h3 style=\"text-align: center;\"><em><span style=\"color: #ffffff;\">&#8222;Die Welt ist ein Buch und diejenigen, welche nicht reisen, lesen nur eine Seite.&#8220;<\/span><\/em><\/h3>\n<p style=\"letter-spacing: 4px; font-size: 22px; text-align: center; line-height: 22px;\"><span style=\"color: #ffffff;\">St. Augustine<br \/>\n<\/span><\/p>\n<\/div><\/div><\/div><div class=\"fusion-clearfix\"><\/div><\/div><\/div><div class=\"fusion-layout-column fusion_builder_column fusion-builder-column-5 fusion_builder_column_1_3 1_3 fusion-one-third fusion-column-last\" style=\"--awb-padding-top:150px;--awb-padding-bottom:150px;--awb-bg-position:center top;--awb-bg-size:cover;--awb-margin-bottom:0px;\"><div class=\"fusion-column-wrapper lazyload fusion-column-has-shadow fusion-flex-column-wrapper-legacy fusion-column-has-bg-image\" data-bg-url=\"https:\/\/imlauer.com\/hotel-imlauer-salzburg\/wp-content\/uploads\/2025\/02\/Mirabell.jpg\" data-bg=\"https:\/\/imlauer.com\/hotel-imlauer-salzburg\/wp-content\/uploads\/2025\/02\/Mirabell.jpg\"><div class=\"fusion-text fusion-text-5 copyright\"><p style=\"font-size: 11px; text-align: right;\"><span style=\"color: #ffffff;\">\u00a9 Tourismus Salzburg<\/span><\/p>\n<\/div><div class=\"fusion-clearfix\"><\/div><\/div><\/div><\/div><\/div><div class=\"fusion-fullwidth fullwidth-box fusion-builder-row-3 fusion-flex-container has-pattern-background has-mask-background hundred-percent-fullwidth non-hundred-percent-height-scrolling\" style=\"--awb-border-radius-top-left:0px;--awb-border-radius-top-right:0px;--awb-border-radius-bottom-right:0px;--awb-border-radius-bottom-left:0px;--awb-padding-top:4%;--awb-padding-right:6%;--awb-padding-bottom:3%;--awb-padding-left:6%;--awb-background-color:#f7f7f7;--awb-flex-wrap:wrap;\" ><div class=\"fusion-builder-row fusion-row fusion-flex-align-items-stretch fusion-flex-content-wrap\" style=\"width:calc( 100% + 0px ) !important;max-width:calc( 100% + 0px ) !important;margin-left: calc(-0px \/ 2 );margin-right: calc(-0px \/ 2 );\"><div class=\"fusion-layout-column fusion_builder_column fusion-builder-column-6 fusion_builder_column_1_2 1_2 fusion-flex-column fusion-animated\" style=\"--awb-padding-top:11%;--awb-padding-right:11%;--awb-padding-bottom:11%;--awb-padding-left:11%;--awb-bg-color:#ffffff;--awb-bg-color-hover:#ffffff;--awb-bg-size:cover;--awb-width-large:50%;--awb-margin-top-large:0px;--awb-spacing-right-large:0px;--awb-margin-bottom-large:0px;--awb-spacing-left-large:0px;--awb-width-medium:100%;--awb-order-medium:1;--awb-spacing-right-medium:0px;--awb-spacing-left-medium:0px;--awb-width-small:100%;--awb-order-small:1;--awb-spacing-right-small:0px;--awb-spacing-left-small:0px;\" data-animationType=\"fadeInLeft\" data-animationDuration=\"0.8\" data-animationOffset=\"top-into-view\"><div class=\"fusion-column-wrapper fusion-column-has-shadow fusion-flex-justify-content-center fusion-content-layout-column\"><div class=\"fusion-text fusion-text-6\"><h1 style=\"text-align: center;\">Die Mauergucker vom Mirabellgarten<\/h1>\n<\/div><div class=\"fusion-text fusion-text-7\"><p style=\"text-align: center;\">Was aber nur die wenigsten wissen: der Mirabellgarten birgt ein kleines, <strong>kurioses Geheimnis<\/strong>.<\/p>\n<p style=\"text-align: center;\">Aus der Mauer hinter dem Pegasusbrunnen blitzen zwei in Stein gehauene Gesichter zwischen den Rosenranken hervor. Man muss schon genau schauen, um diese beiden K\u00f6pfe zu entdecken. Im Herbst und Winter, wenn die Ranken etwas lichter werden, sind sie aber gut zu erkennen.<\/p>\n<p style=\"text-align: center;\">Wie die Gesichter in die Mauer geraten sind?<br \/>\nDazu gibt es mehrere Theorien.<br \/>\nEine besagt, dass es die K\u00f6pfe von Statuen sind, die fr\u00fcher auf dem Dach des Schlosses angebracht waren. Wom\u00f6glich fielen die Statuen dem gro\u00dfen Stadtbrand von 1818 zum Opfer und die K\u00f6pfe wurden daraufhin \u2013 um zumindest einen Teil der Statuen zu retten \u2013 in die Mauer nahe des Schlosses eingearbeitet.<\/p>\n<\/div><\/div><\/div><div class=\"fusion-layout-column fusion_builder_column fusion-builder-column-7 fusion_builder_column_1_2 1_2 fusion-flex-column fusion-animated\" style=\"--awb-bg-position:center center;--awb-bg-blend:overlay;--awb-bg-size:cover;--awb-width-large:50%;--awb-margin-top-large:0px;--awb-spacing-right-large:0px;--awb-margin-bottom-large:0px;--awb-spacing-left-large:0px;--awb-width-medium:100%;--awb-order-medium:0;--awb-spacing-right-medium:0px;--awb-spacing-left-medium:0px;--awb-width-small:100%;--awb-order-small:0;--awb-spacing-right-small:0px;--awb-spacing-left-small:0px;\" data-animationType=\"fadeInRight\" data-animationDuration=\"0.8\" data-animationOffset=\"top-into-view\"><div class=\"fusion-column-wrapper lazyload fusion-column-has-shadow fusion-flex-justify-content-flex-start fusion-content-layout-column fusion-empty-column-bg-image fusion-column-has-bg-image\" data-bg-url=\"https:\/\/imlauer.com\/hotel-imlauer-salzburg\/wp-content\/uploads\/2025\/02\/Mirabellgarten3.jpg\" data-bg=\"https:\/\/imlauer.com\/hotel-imlauer-salzburg\/wp-content\/uploads\/2025\/02\/Mirabellgarten3.jpg\"><img decoding=\"async\" class=\"fusion-empty-dims-img-placeholder fusion-no-large-visibility\" aria-label=\"Mirabellgarten3\" src=\"data:image\/svg+xml,%3Csvg%20xmlns%3D%27http%3A%2F%2Fwww.w3.org%2F2000%2Fsvg%27%20width%3D%271000%27%20height%3D%27667%27%20viewBox%3D%270%200%201000%20667%27%3E%3Crect%20width%3D%271000%27%20height%3D%27667%27%20fill-opacity%3D%220%22%2F%3E%3C%2Fsvg%3E\"><\/div><\/div><div class=\"fusion-layout-column fusion_builder_column fusion-builder-column-8 fusion_builder_column_1_2 1_2 fusion-flex-column fusion-animated\" style=\"--awb-bg-position:center center;--awb-bg-blend:overlay;--awb-bg-size:cover;--awb-width-large:50%;--awb-margin-top-large:0px;--awb-spacing-right-large:0px;--awb-margin-bottom-large:0px;--awb-spacing-left-large:0px;--awb-width-medium:100%;--awb-order-medium:2;--awb-spacing-right-medium:0px;--awb-spacing-left-medium:0px;--awb-width-small:100%;--awb-order-small:2;--awb-spacing-right-small:0px;--awb-spacing-left-small:0px;\" data-animationType=\"fadeInRight\" data-animationDuration=\"0.8\" data-animationOffset=\"top-into-view\"><div class=\"fusion-column-wrapper lazyload fusion-column-has-shadow fusion-flex-justify-content-flex-start fusion-content-layout-column fusion-empty-column-bg-image fusion-column-has-bg-image\" data-bg-url=\"https:\/\/imlauer.com\/hotel-imlauer-salzburg\/wp-content\/uploads\/2025\/02\/mirabellgarten-stiege-blick-imlauer.jpg\" data-bg=\"https:\/\/imlauer.com\/hotel-imlauer-salzburg\/wp-content\/uploads\/2025\/02\/mirabellgarten-stiege-blick-imlauer.jpg\"><img decoding=\"async\" class=\"fusion-empty-dims-img-placeholder fusion-no-large-visibility\" aria-label=\"mirabellgarten-stiege-blick-imlauer\" src=\"data:image\/svg+xml,%3Csvg%20xmlns%3D%27http%3A%2F%2Fwww.w3.org%2F2000%2Fsvg%27%20width%3D%271500%27%20height%3D%271000%27%20viewBox%3D%270%200%201500%201000%27%3E%3Crect%20width%3D%271500%27%20height%3D%271000%27%20fill-opacity%3D%220%22%2F%3E%3C%2Fsvg%3E\"><\/div><\/div><div class=\"fusion-layout-column fusion_builder_column fusion-builder-column-9 fusion_builder_column_1_2 1_2 fusion-flex-column fusion-animated\" style=\"--awb-padding-top:11%;--awb-padding-right:11%;--awb-padding-bottom:11%;--awb-padding-left:11%;--awb-bg-color:#ffffff;--awb-bg-color-hover:#ffffff;--awb-bg-size:cover;--awb-width-large:50%;--awb-margin-top-large:0px;--awb-spacing-right-large:0px;--awb-margin-bottom-large:0px;--awb-spacing-left-large:0px;--awb-width-medium:100%;--awb-order-medium:3;--awb-spacing-right-medium:0px;--awb-spacing-left-medium:0px;--awb-width-small:100%;--awb-order-small:3;--awb-spacing-right-small:0px;--awb-spacing-left-small:0px;\" data-animationType=\"fadeInLeft\" data-animationDuration=\"0.8\" data-animationOffset=\"top-into-view\"><div class=\"fusion-column-wrapper fusion-column-has-shadow fusion-flex-justify-content-center fusion-content-layout-column\"><div class=\"fusion-text fusion-text-8\"><h1 style=\"text-align: center;\">Die Bilderbuchkulisse des ehemaligen Lustgartens<\/h1>\n<\/div><div class=\"fusion-text fusion-text-9\"><p style=\"text-align: center;\">Nur einen Katzensprung vom IMLAUER HOTEL PITTER Salzburg entfernt liegt der <strong>ber\u00fchmte Mirabellgarten<\/strong>.<\/p>\n<p style=\"text-align: center;\">Sie werden sich an eine Bilderbuchkulisse erinnert f\u00fchlen, wenn Sie vom Kurgarten kommend die Treppe nehmen \u2013 wo \u00fcbrigens Maria Trapp und die Kinder im Film \u201eThe Sound of Music\u201c das Lied \u201eDo-Re-Mi\u201c tr\u00e4llerten \u2013 und den <strong>ehemaligen Lustgarten<\/strong> von F\u00fcrsterzbischof Wolf Dietrich und seiner Salome Alt betreten.<\/p>\n<p style=\"text-align: center;\">Am Horizont erhebt sich die Festung Hohensalzburg, vor Ihnen gleicht der Mirabellgarten einem Kunstwerk aus akkurat arrangierten, bunten Blumen. Dem einmaligen Charme dieses besonderen Gartens \u2013 vom <strong>Pegasusbrunnen<\/strong> bis zum <strong>Zwergelgarten<\/strong>, von der <strong>Orangerie<\/strong> bis zum <strong>Heckentheater<\/strong> \u2013 erliegen Jahr f\u00fcr Jahr unz\u00e4hlige G\u00e4ste. Und auch die Einheimischen lieben ihren \u201eGarten\u201c.<\/p>\n<\/div><\/div><\/div><div class=\"fusion-layout-column fusion_builder_column fusion-builder-column-10 fusion_builder_column_1_2 1_2 fusion-flex-column fusion-animated\" style=\"--awb-padding-top:11%;--awb-padding-right:11%;--awb-padding-bottom:11%;--awb-padding-left:11%;--awb-bg-color:#ffffff;--awb-bg-color-hover:#ffffff;--awb-bg-size:cover;--awb-width-large:50%;--awb-margin-top-large:0px;--awb-spacing-right-large:0px;--awb-margin-bottom-large:0px;--awb-spacing-left-large:0px;--awb-width-medium:100%;--awb-order-medium:5;--awb-spacing-right-medium:0px;--awb-spacing-left-medium:0px;--awb-width-small:100%;--awb-order-small:5;--awb-spacing-right-small:0px;--awb-spacing-left-small:0px;\" data-animationType=\"fadeInLeft\" data-animationDuration=\"0.8\" data-animationOffset=\"top-into-view\"><div class=\"fusion-column-wrapper fusion-column-has-shadow fusion-flex-justify-content-center fusion-content-layout-column\"><div class=\"fusion-text fusion-text-10\"><h1 style=\"text-align: center;\">Die Steingasse, ein Panzer und das Freudenhaus<\/h1>\n<\/div><div class=\"fusion-text fusion-text-11\"><p style=\"text-align: center;\">F\u00fcr unseren n\u00e4chsten Geheimtipp wandern wir zur <strong>historischen Steingasse<\/strong>, einer der <strong>\u00e4ltesten Gassen der rechten Altstadt<\/strong>. Mit ihrem mittelalterlichen Charme ist die schmale Gasse schon an sich ein Tipp.<br \/>\nAuch, dass Joseph Mohr, der Textdichter des ber\u00fchmten Weihnachtsliedes \u201eStille Nacht! Heilige Nacht!\u201c, in der Steingasse 31 gewohnt haben soll, ist gut zu wissen.<\/p>\n<p style=\"text-align: center;\">Doch was wir Ihnen zeigen m\u00f6chten, ist <strong>ein St\u00fcck spannender Zeitgeschichte<\/strong>. Gehen Sie daf\u00fcr bis zum Filmkulturzentrum \u201eDas Kino\u201c. Direkt an der Ecke des Kinos, dort, wo sich die Steingasse wieder verschm\u00e4lert, sehen Sie ein herausgebrochenes St\u00fcck Mauer. Exakt an dieser Stelle blieben an den letzten Tagen des Zweiten Weltkriegs amerikanische Soldaten mir ihrem Panzer stecken. Schlussendlich mussten die Soldaten sogar herausgeschnitten werden, um sie aus ihrer misslichen Lage befreien zu k\u00f6nnen.<\/p>\n<p style=\"text-align: center;\">Manche behaupten hinter vorgehaltener Hand, die Soldaten wollten dem traditionsreichen Freudenhaus \u201eMaison de Plaisier\u201c in der Steingasse einen Besuch abstatten. Das ist aber freilich nicht belegt.<\/p>\n<\/div><\/div><\/div><div class=\"fusion-layout-column fusion_builder_column fusion-builder-column-11 fusion_builder_column_1_2 1_2 fusion-flex-column fusion-animated\" style=\"--awb-bg-position:center center;--awb-bg-blend:overlay;--awb-bg-size:cover;--awb-width-large:50%;--awb-margin-top-large:0px;--awb-spacing-right-large:0px;--awb-margin-bottom-large:0px;--awb-spacing-left-large:0px;--awb-width-medium:100%;--awb-order-medium:4;--awb-spacing-right-medium:0px;--awb-spacing-left-medium:0px;--awb-width-small:100%;--awb-order-small:4;--awb-spacing-right-small:0px;--awb-spacing-left-small:0px;\" data-animationType=\"fadeInLeft\" data-animationDuration=\"0.8\" data-animationOffset=\"top-into-view\"><div class=\"fusion-column-wrapper lazyload fusion-column-has-shadow fusion-flex-justify-content-flex-start fusion-content-layout-column fusion-empty-column-bg-image fusion-column-has-bg-image\" data-bg-url=\"https:\/\/imlauer.com\/hotel-imlauer-salzburg\/wp-content\/uploads\/2025\/02\/steingasse2.jpg\" data-bg=\"https:\/\/imlauer.com\/hotel-imlauer-salzburg\/wp-content\/uploads\/2025\/02\/steingasse2.jpg\"><img decoding=\"async\" class=\"fusion-empty-dims-img-placeholder fusion-no-large-visibility\" aria-label=\"steingasse2\" src=\"data:image\/svg+xml,%3Csvg%20xmlns%3D%27http%3A%2F%2Fwww.w3.org%2F2000%2Fsvg%27%20width%3D%271000%27%20height%3D%271498%27%20viewBox%3D%270%200%201000%201498%27%3E%3Crect%20width%3D%271000%27%20height%3D%271498%27%20fill-opacity%3D%220%22%2F%3E%3C%2Fsvg%3E\"><\/div><\/div><div class=\"fusion-layout-column fusion_builder_column fusion-builder-column-12 fusion_builder_column_1_2 1_2 fusion-flex-column fusion-animated\" style=\"--awb-bg-position:center center;--awb-bg-blend:overlay;--awb-bg-size:cover;--awb-width-large:50%;--awb-margin-top-large:0px;--awb-spacing-right-large:0px;--awb-margin-bottom-large:0px;--awb-spacing-left-large:0px;--awb-width-medium:100%;--awb-order-medium:6;--awb-spacing-right-medium:0px;--awb-spacing-left-medium:0px;--awb-width-small:100%;--awb-order-small:6;--awb-spacing-right-small:0px;--awb-spacing-left-small:0px;\" data-animationType=\"fadeInLeft\" data-animationDuration=\"0.8\" data-animationOffset=\"top-into-view\"><div class=\"fusion-column-wrapper lazyload fusion-column-has-shadow fusion-flex-justify-content-flex-start fusion-content-layout-column fusion-empty-column-bg-image fusion-column-has-bg-image\" data-bg-url=\"https:\/\/imlauer.com\/hotel-imlauer-salzburg\/wp-content\/uploads\/2025\/02\/Dom_Stieglkeller2.jpg\" data-bg=\"https:\/\/imlauer.com\/hotel-imlauer-salzburg\/wp-content\/uploads\/2025\/02\/Dom_Stieglkeller2.jpg\"><img decoding=\"async\" class=\"fusion-empty-dims-img-placeholder fusion-no-large-visibility\" aria-label=\"Dom_Stieglkeller2\" src=\"data:image\/svg+xml,%3Csvg%20xmlns%3D%27http%3A%2F%2Fwww.w3.org%2F2000%2Fsvg%27%20width%3D%271000%27%20height%3D%27667%27%20viewBox%3D%270%200%201000%20667%27%3E%3Crect%20width%3D%271000%27%20height%3D%27667%27%20fill-opacity%3D%220%22%2F%3E%3C%2Fsvg%3E\"><\/div><\/div><div class=\"fusion-layout-column fusion_builder_column fusion-builder-column-13 fusion_builder_column_1_2 1_2 fusion-flex-column fusion-animated\" style=\"--awb-padding-top:11%;--awb-padding-right:11%;--awb-padding-bottom:11%;--awb-padding-left:11%;--awb-bg-color:#ffffff;--awb-bg-color-hover:#ffffff;--awb-bg-size:cover;--awb-width-large:50%;--awb-margin-top-large:0px;--awb-spacing-right-large:0px;--awb-margin-bottom-large:0px;--awb-spacing-left-large:0px;--awb-width-medium:100%;--awb-order-medium:7;--awb-spacing-right-medium:0px;--awb-spacing-left-medium:0px;--awb-width-small:100%;--awb-order-small:7;--awb-spacing-right-small:0px;--awb-spacing-left-small:0px;\" data-animationType=\"fadeInLeft\" data-animationDuration=\"0.8\" data-animationOffset=\"top-into-view\"><div class=\"fusion-column-wrapper fusion-column-has-shadow fusion-flex-justify-content-center fusion-content-layout-column\"><div class=\"fusion-text fusion-text-12\"><h1 style=\"text-align: center;\">Buddha und der Kraftplatz auf dem M\u00f6nchsberg<\/h1>\n<\/div><div class=\"fusion-text fusion-text-13\"><p style=\"text-align: center;\">Nun m\u00f6chten wir Sie noch mit hinauf nehmen auf den <strong>M\u00f6nchsberg<\/strong>.<\/p>\n<p style=\"text-align: center;\">Zwischen Richterh\u00f6he und Festungsberg wurde 2001 eine rund v<strong>ier Meter hohe Stupa<\/strong> errichtet. Eine Stupa ist ein <strong>buddhistische Symbol f\u00fcr den voll verwirklichten Geist<\/strong>. Eingeweiht wurde diese Stupa, die sich auf einem Kraftplatz befinden soll, von Lama Sherab Gyaltsen Rinpoche \u2013 einem Nepalesen, der als einer der bedeutendsten Meditationsmeister Nepals gilt.<\/p>\n<p style=\"text-align: center;\">Aber nicht nur wegen der Stupa lohnt ein Spaziergang auf den M\u00f6nchsberg.<br \/>\nDenn wenn Sie die wenigen Meter zur Richterh\u00f6he hinaufwandern, er\u00f6ffnet sich Ihnen ein schier <strong>atemberaubendes Panorama<\/strong>. Das Salzburger Becken liegt in seiner ganzen Pracht vor Ihnen, im S\u00fcden erhebt sich der <strong>sagenumwobene, mystische Untersberg<\/strong>.<\/p>\n<p style=\"text-align: center;\"><strong>Ein besonders Fleckchen Erde, um zu Meditieren, oder einfach nur den Ausblick zu genie\u00dfen.<\/strong><\/p>\n<\/div><\/div><\/div><div class=\"fusion-layout-column fusion_builder_column fusion-builder-column-14 fusion_builder_column_1_2 1_2 fusion-flex-column fusion-animated\" style=\"--awb-padding-top:11%;--awb-padding-right:11%;--awb-padding-bottom:11%;--awb-padding-left:11%;--awb-bg-color:#ffffff;--awb-bg-color-hover:#ffffff;--awb-bg-size:cover;--awb-width-large:50%;--awb-margin-top-large:0px;--awb-spacing-right-large:0px;--awb-margin-bottom-large:8%;--awb-spacing-left-large:0px;--awb-width-medium:100%;--awb-order-medium:9;--awb-spacing-right-medium:0px;--awb-spacing-left-medium:0px;--awb-width-small:100%;--awb-order-small:9;--awb-spacing-right-small:0px;--awb-spacing-left-small:0px;\" data-animationType=\"fadeInRight\" data-animationDuration=\"0.8\" data-animationOffset=\"top-into-view\"><div class=\"fusion-column-wrapper fusion-column-has-shadow fusion-flex-justify-content-center fusion-content-layout-column\"><div class=\"fusion-text fusion-text-14\"><p style=\"letter-spacing: 4px; font-size: 13px; margin-bottom: 0px; text-transform: uppercase; text-align: center;\">Kurioses in der Getreidegasse:<\/p>\n<h1 style=\"text-align: center;\">Wie der Hai an die Decke kam<\/h1>\n<\/div><div class=\"fusion-text fusion-text-15\"><p style=\"text-align: center;\">Lassen Sie uns noch kurz an die andere Salzachseite wechseln.<\/p>\n<p style=\"text-align: center;\">In einem Durchhaus der Getreidegasse, dem sogenannten <strong>\u201eSchatz-Durchhaus\u201c<\/strong>, verbirgt sich ebenfalls etwas Kurioses.<br \/>\nWenn Sie etwa in der Mitte dieses Durchgangs stehenbleiben und nach oben blicken, sehen Sie einen <strong>vertrockneten Hai und eine Walrippe<\/strong>.<\/p>\n<p style=\"text-align: center;\">Was die dort verloren haben?<br \/>\nIm 18. Jahrhundert kam die <strong>Kaufmanns- und Seefahrerfamilie Mayr<\/strong>, die Gesch\u00e4fte mit L\u00e4ndern des \u00f6stlichen Mittelmeers f\u00fchrte, auf die Idee, die Menschen <strong>auf ihre vielf\u00e4ltigen und exotischen Waren hinzuweisen<\/strong>.<br \/>\nSo entstand die erste Werbeanzeige.<\/p>\n<p style=\"text-align: center;\">Diese Dekoration, die auch das <strong>\u201efliegende Monster\u201c<\/strong> genannt wird, hatte viele Jahrzehnte sp\u00e4ter einen weiteren \u00f6ffentlichkeitswirksamen Auftritt: Bei einer <strong>Inszenierung des \u201eFaust\u201c<\/strong> unter Max Reinhardt <strong>im Rahmen der Salzburger Festspiele<\/strong>.<\/p>\n<\/div><\/div><\/div><div class=\"fusion-layout-column fusion_builder_column fusion-builder-column-15 fusion_builder_column_1_2 1_2 fusion-flex-column fusion-animated\" style=\"--awb-bg-position:center center;--awb-bg-blend:overlay;--awb-bg-size:cover;--awb-width-large:50%;--awb-margin-top-large:0px;--awb-spacing-right-large:0px;--awb-margin-bottom-large:0px;--awb-spacing-left-large:0px;--awb-width-medium:100%;--awb-order-medium:8;--awb-spacing-right-medium:0px;--awb-spacing-left-medium:0px;--awb-width-small:100%;--awb-order-small:8;--awb-spacing-right-small:0px;--awb-spacing-left-small:0px;\" data-animationType=\"fadeInLeft\" data-animationDuration=\"0.8\" data-animationOffset=\"top-into-view\"><div class=\"fusion-column-wrapper lazyload fusion-column-has-shadow fusion-flex-justify-content-flex-start fusion-content-layout-column fusion-empty-column-bg-image fusion-column-has-bg-image\" data-bg-url=\"https:\/\/imlauer.com\/hotel-imlauer-salzburg\/wp-content\/uploads\/2025\/02\/getreidegasse3.jpg\" data-bg=\"https:\/\/imlauer.com\/hotel-imlauer-salzburg\/wp-content\/uploads\/2025\/02\/getreidegasse3.jpg\"><img decoding=\"async\" class=\"fusion-empty-dims-img-placeholder fusion-no-large-visibility\" aria-label=\"getreidegasse3\" src=\"data:image\/svg+xml,%3Csvg%20xmlns%3D%27http%3A%2F%2Fwww.w3.org%2F2000%2Fsvg%27%20width%3D%271000%27%20height%3D%27667%27%20viewBox%3D%270%200%201000%20667%27%3E%3Crect%20width%3D%271000%27%20height%3D%27667%27%20fill-opacity%3D%220%22%2F%3E%3C%2Fsvg%3E\"><\/div><\/div><div class=\"fusion-layout-column fusion_builder_column fusion-builder-column-16 fusion_builder_column_1_2 1_2 fusion-flex-column fusion-animated\" style=\"--awb-bg-position:center center;--awb-bg-size:cover;--awb-width-large:50%;--awb-margin-top-large:0px;--awb-spacing-right-large:0px;--awb-margin-bottom-large:0px;--awb-spacing-left-large:0px;--awb-width-medium:100%;--awb-order-medium:10;--awb-spacing-right-medium:0px;--awb-spacing-left-medium:0px;--awb-width-small:100%;--awb-order-small:10;--awb-spacing-right-small:0px;--awb-spacing-left-small:0px;\" data-animationType=\"fadeInLeft\" data-animationDuration=\"0.8\" data-animationOffset=\"top-into-view\"><div class=\"fusion-column-wrapper lazyload fusion-column-has-shadow fusion-flex-justify-content-flex-start fusion-content-layout-column fusion-empty-column-bg-image fusion-column-has-bg-image\" data-bg-url=\"https:\/\/imlauer.com\/hotel-imlauer-salzburg\/wp-content\/uploads\/2025\/02\/woman-2592247_1920.jpg\" data-bg=\"https:\/\/imlauer.com\/hotel-imlauer-salzburg\/wp-content\/uploads\/2025\/02\/woman-2592247_1920.jpg\"><img decoding=\"async\" class=\"fusion-empty-dims-img-placeholder fusion-no-large-visibility\" aria-label=\"woman-2592247_1920\" src=\"data:image\/svg+xml,%3Csvg%20xmlns%3D%27http%3A%2F%2Fwww.w3.org%2F2000%2Fsvg%27%20width%3D%271920%27%20height%3D%271272%27%20viewBox%3D%270%200%201920%201272%27%3E%3Crect%20width%3D%271920%27%20height%3D%271272%27%20fill-opacity%3D%220%22%2F%3E%3C%2Fsvg%3E\"><\/div><\/div><div class=\"fusion-layout-column fusion_builder_column fusion-builder-column-17 fusion_builder_column_1_2 1_2 fusion-flex-column fusion-animated\" style=\"--awb-padding-top:11%;--awb-padding-right:11%;--awb-padding-bottom:11%;--awb-padding-left:11%;--awb-bg-color:#ffffff;--awb-bg-color-hover:#ffffff;--awb-bg-size:cover;--awb-width-large:50%;--awb-margin-top-large:0px;--awb-spacing-right-large:0px;--awb-margin-bottom-large:8%;--awb-spacing-left-large:0px;--awb-width-medium:100%;--awb-order-medium:11;--awb-spacing-right-medium:0px;--awb-spacing-left-medium:0px;--awb-width-small:100%;--awb-order-small:11;--awb-spacing-right-small:0px;--awb-spacing-left-small:0px;\" data-animationType=\"fadeInRight\" data-animationDuration=\"0.8\" data-animationOffset=\"top-into-view\"><div class=\"fusion-column-wrapper fusion-column-has-shadow fusion-flex-justify-content-center fusion-content-layout-column\"><div class=\"fusion-text fusion-text-16\"><p style=\"letter-spacing: 4px; font-size: 13px; margin-bottom: 0px; text-transform: uppercase; text-align: center;\">WUNDERSCH\u00d6NE AUSSICHTEN:<\/p>\n<h1 style=\"text-align: center;\">Salzburg im Laufschritt entdecken<\/h1>\n<\/div><div class=\"fusion-text fusion-text-17\"><p style=\"text-align: center;\">Wer die wundersch\u00f6ne Kulisse der Salzburger Altstadt genie\u00dfen und dabei etwas f\u00fcr die eigene Fitness tun m\u00f6chte, ist mit unseren Lauftipps bestens beraten.<\/p>\n<p style=\"text-align: center;\">Die gro\u00dfz\u00fcgigen Uferpromenaden entlang der Salzach geben <strong>herrliche Ausblicke<\/strong> auf historische Geb\u00e4ude, die Festung Hohensalzburg und die Salzburger Hausberge frei.<\/p>\n<p style=\"text-align: center;\">Unsere beiden Laufstrecken mit jeweils 3,8 bzw. 5,7 km k\u00f6nnen <strong>direkt bei unseren Salzburger Hotels<\/strong> gestartet werden und f\u00fchren Sie in wenigen Geh-\/Lauf-Minuten an die Salzach.<\/p>\n<p style=\"text-align: center;\">Laden Sie sich unseren Plan f\u00fcr die Laufstrecken direkt auf Ihr Handy oder holen Sie sich ein Exemplar an der Rezeption.<\/p>\n<\/div><div class=\"fusion-separator fusion-full-width-sep\" style=\"align-self: center;margin-left: auto;margin-right: auto;margin-top:20px;width:100%;\"><\/div><div class=\"fusion-text fusion-text-18\"><h2 style=\"text-align: center;\"><a href=\"https:\/\/imlauer.com\/hotel-imlauer-salzburg\/wp-content\/uploads\/2025\/03\/Imlauer_Plakat_Joggingplan_Pitter_A3-abzug-2.pdf\" target=\"_blank\" rel=\"noopener\">Zum Laufplan<\/a><\/h2>\n<\/div><\/div><\/div><\/div><\/div><\/p>\n","protected":false},"excerpt":{"rendered":"","protected":false},"author":1,"featured_media":0,"parent":0,"menu_order":0,"comment_status":"closed","ping_status":"closed","template":"100-width.php","meta":{"footnotes":""},"class_list":["post-84","page","type-page","status-publish","hentry"],"_links":{"self":[{"href":"https:\/\/imlauer.com\/hotel-imlauer-salzburg\/wp-json\/wp\/v2\/pages\/84","targetHints":{"allow":["GET"]}}],"collection":[{"href":"https:\/\/imlauer.com\/hotel-imlauer-salzburg\/wp-json\/wp\/v2\/pages"}],"about":[{"href":"https:\/\/imlauer.com\/hotel-imlauer-salzburg\/wp-json\/wp\/v2\/types\/page"}],"author":[{"embeddable":true,"href":"https:\/\/imlauer.com\/hotel-imlauer-salzburg\/wp-json\/wp\/v2\/users\/1"}],"replies":[{"embeddable":true,"href":"https:\/\/imlauer.com\/hotel-imlauer-salzburg\/wp-json\/wp\/v2\/comments?post=84"}],"version-history":[{"count":6,"href":"https:\/\/imlauer.com\/hotel-imlauer-salzburg\/wp-json\/wp\/v2\/pages\/84\/revisions"}],"predecessor-version":[{"id":7278,"href":"https:\/\/imlauer.com\/hotel-imlauer-salzburg\/wp-json\/wp\/v2\/pages\/84\/revisions\/7278"}],"wp:attachment":[{"href":"https:\/\/imlauer.com\/hotel-imlauer-salzburg\/wp-json\/wp\/v2\/media?parent=84"}],"curies":[{"name":"wp","href":"https:\/\/api.w.org\/{rel}","templated":true}]}}