{"id":1184,"date":"2025-02-03T11:32:45","date_gmt":"2025-02-03T11:32:45","guid":{"rendered":"https:\/\/imlauer.com\/hotel-imlauer-wien\/guide-de-la-ville\/"},"modified":"2025-11-12T08:55:32","modified_gmt":"2025-11-12T08:55:32","slug":"guide-de-la-ville","status":"publish","type":"page","link":"https:\/\/imlauer.com\/hotel-imlauer-wien\/guide-de-la-ville\/?lang=fr","title":{"rendered":"Guide de la ville"},"content":{"rendered":"<p><div class=\"fusion-fullwidth fullwidth-box fusion-builder-row-1 nonhundred-percent-fullwidth non-hundred-percent-height-scrolling fusion-no-small-visibility\" style=\"--awb-background-position:left top;--awb-border-sizes-top:0px;--awb-border-sizes-bottom:0px;--awb-border-sizes-left:0px;--awb-border-sizes-right:0px;--awb-border-radius-top-left:0px;--awb-border-radius-top-right:0px;--awb-border-radius-bottom-right:0px;--awb-border-radius-bottom-left:0px;--awb-padding-top:0px;--awb-padding-bottom:85px;--awb-margin-top:40px;--awb-flex-wrap:wrap;\" ><div class=\"fusion-builder-row fusion-row\"><div class=\"fusion-layout-column fusion_builder_column fusion-builder-column-0 fusion_builder_column_1_1 1_1 fusion-one-full fusion-column-first fusion-column-last\" style=\"--awb-bg-blend:overlay;--awb-bg-size:cover;\"><div class=\"fusion-column-wrapper fusion-column-has-shadow fusion-flex-column-wrapper-legacy\"><div class=\"fusion-sep-clear\"><\/div><div class=\"fusion-separator fusion-full-width-sep\" style=\"margin-left: auto;margin-right: auto;margin-top:40px;width:100%;\"><\/div><div class=\"fusion-sep-clear\"><\/div><div class=\"fusion-text fusion-text-1\"><p style=\"letter-spacing: 4px; font-size: 2vw; text-align: center; margin-bottom: 0px;\">THE PLACE TO EXPLORE<\/p>\n<h2 style=\"text-align: center; font-size: 2.5vw; margin: 0;\"><strong>VOIR VIENNE AVEC D&#8217;AUTRES YEUX<\/strong><\/h2>\n<\/div><div class=\"fusion-clearfix\"><\/div><\/div><\/div><div class=\"fusion-layout-column fusion_builder_column fusion-builder-column-1 fusion_builder_column_1_2 1_2 fusion-one-half fusion-column-first\" style=\"--awb-padding-top:40px;--awb-padding-right:40px;--awb-padding-bottom:40px;--awb-padding-left:40px;--awb-bg-color:#ffffff;--awb-bg-color-hover:#ffffff;--awb-bg-size:cover;--awb-border-color:#ebeef1;--awb-border-top:0px;--awb-border-right:0px;--awb-border-bottom:0px;--awb-border-left:0px;--awb-border-style:solid;width:48%; margin-right: 4%;\"><div class=\"fusion-column-wrapper fusion-column-has-shadow fusion-flex-column-wrapper-legacy\"><div class=\"fusion-column-content-centered\"><div class=\"fusion-column-content\"><div class=\"fusion-image-element fusion-image-align-center in-legacy-container\" style=\"text-align:center;--awb-caption-title-font-family:var(--h2_typography-font-family);--awb-caption-title-font-weight:var(--h2_typography-font-weight);--awb-caption-title-font-style:var(--h2_typography-font-style);--awb-caption-title-size:var(--h2_typography-font-size);--awb-caption-title-transform:var(--h2_typography-text-transform);--awb-caption-title-line-height:var(--h2_typography-line-height);--awb-caption-title-letter-spacing:var(--h2_typography-letter-spacing);\"><div class=\"imageframe-align-center\"><span class=\" fusion-imageframe imageframe-none imageframe-1 hover-type-none\"><img decoding=\"async\" width=\"1000\" height=\"667\" title=\"40711\" src=\"https:\/\/imlauer.com\/hotel-imlauer-wien\/wp-content\/uploads\/2025\/02\/40711.jpg\" data-orig-src=\"https:\/\/imlauer.com\/hotel-imlauer-wien\/wp-content\/uploads\/2025\/02\/40711.jpg\" alt class=\"lazyload img-responsive wp-image-224\" srcset=\"data:image\/svg+xml,%3Csvg%20xmlns%3D%27http%3A%2F%2Fwww.w3.org%2F2000%2Fsvg%27%20width%3D%271000%27%20height%3D%27667%27%20viewBox%3D%270%200%201000%20667%27%3E%3Crect%20width%3D%271000%27%20height%3D%27667%27%20fill-opacity%3D%220%22%2F%3E%3C%2Fsvg%3E\" data-srcset=\"https:\/\/imlauer.com\/hotel-imlauer-wien\/wp-content\/uploads\/2025\/02\/40711-200x133.jpg 200w, https:\/\/imlauer.com\/hotel-imlauer-wien\/wp-content\/uploads\/2025\/02\/40711-400x267.jpg 400w, https:\/\/imlauer.com\/hotel-imlauer-wien\/wp-content\/uploads\/2025\/02\/40711-600x400.jpg 600w, https:\/\/imlauer.com\/hotel-imlauer-wien\/wp-content\/uploads\/2025\/02\/40711-800x534.jpg 800w, https:\/\/imlauer.com\/hotel-imlauer-wien\/wp-content\/uploads\/2025\/02\/40711.jpg 1000w\" data-sizes=\"auto\" data-orig-sizes=\"(max-width: 969px) 100vw, 600px\" \/><\/span><\/div><\/div><div class=\"fusion-text fusion-text-2 copyright\"><p style=\"font-size: 11px; text-align: right;\"><span style=\"color: #ffffff;\">\u00a9 WienTourismus\/Christian Stemper<\/span><\/p>\n<\/div><\/div><\/div><div class=\"fusion-clearfix\"><\/div><\/div><\/div><div class=\"fusion-layout-column fusion_builder_column fusion-builder-column-2 fusion_builder_column_1_2 1_2 fusion-one-half fusion-column-last\" style=\"--awb-bg-blend:overlay;--awb-bg-size:cover;width:48%;\"><div class=\"fusion-column-wrapper fusion-column-has-shadow fusion-flex-column-wrapper-legacy\"><div class=\"fusion-column-content-centered\"><div class=\"fusion-column-content\"><div class=\"fusion-text fusion-text-3\"><p style=\"text-align: center;\">&#8222;Vienne, Vienne, toi seule seras toujours la ville de mes r\u00eaves&#8220;.<br \/>\nCes paroles du compositeur autrichien de chansons viennoises Rudolf Sieczy\u0144ski sont connues de tous. En effet, Vienne est une ville qui fait chavirer plus d&#8217;un c\u0153ur avec son<strong> charme particulier<\/strong>, son riche<strong> patrimoine historique<\/strong> et ses nombreuses oasis de verdure. Mais les<g id=\"gid_3\"> coins moins connus de la ville<\/g> valent \u00e9galement la peine d&#8217;\u00eatre visit\u00e9s. Nous vous d\u00e9voilons <strong>nos endroits pr\u00e9f\u00e9r\u00e9s<\/strong>, qui ne r\u00e9v\u00e8lent parfois leur fascination qu&#8217;au deuxi\u00e8me coup d&#8217;\u0153il !   <\/p>\n<p style=\"text-align: center;\">Lorsque vous vous enregistrez \u00e0 l&#8217;IMLAUER Hotel Wien ou \u00e0 l&#8217;Hotel Nestroy, vous vous trouvez d\u00e9j\u00e0 au c\u0153ur de l&#8217;un des quartiers les plus color\u00e9s de la ville &#8211; le<strong> deuxi\u00e8me arrondissement de Vienne<\/strong>. De la <g id=\"gid_1\">Grande Roue<\/g> \u00e0 la <g id=\"gid_2\">zone de loisirs<\/g> verdoyante <g id=\"gid_2\">du Prater<\/g>, il y a beaucoup \u00e0 faire ici. <strong>Leopoldstadt<\/strong> est un <strong>melting-pot<\/strong> multiculturel, s\u00e9par\u00e9 du centre-ville par le <strong>canal du Danube<\/strong>.  <\/p>\n<\/div><\/div><\/div><div class=\"fusion-clearfix\"><\/div><\/div><\/div><\/div><\/div><div class=\"fusion-fullwidth fullwidth-box fusion-builder-row-2 nonhundred-percent-fullwidth non-hundred-percent-height-scrolling fusion-no-medium-visibility fusion-no-large-visibility\" style=\"--awb-background-position:left top;--awb-border-sizes-top:0px;--awb-border-sizes-bottom:0px;--awb-border-sizes-left:0px;--awb-border-sizes-right:0px;--awb-border-radius-top-left:0px;--awb-border-radius-top-right:0px;--awb-border-radius-bottom-right:0px;--awb-border-radius-bottom-left:0px;--awb-padding-top:0px;--awb-padding-bottom:85px;--awb-margin-top:40px;--awb-flex-wrap:wrap;\" ><div class=\"fusion-builder-row fusion-row\"><div class=\"fusion-layout-column fusion_builder_column fusion-builder-column-3 fusion_builder_column_1_1 1_1 fusion-one-full fusion-column-first fusion-column-last\" style=\"--awb-bg-blend:overlay;--awb-bg-size:cover;\"><div class=\"fusion-column-wrapper fusion-column-has-shadow fusion-flex-column-wrapper-legacy\"><div class=\"fusion-text fusion-text-4\"><p class=\"top\" style=\"letter-spacing: 4px; font-size: 2vw; text-align: center; margin-bottom: 0px;\">THE PLACE TO EXPLORE<\/p>\n<h2 class=\"main\" style=\"text-align: center; font-size: 2.5vw; margin: 0;\"><strong>VOIR VIENNE AVEC D&#8217;AUTRES YEUX<br \/>\n<\/strong><\/h2>\n<\/div><div class=\"fusion-clearfix\"><\/div><\/div><\/div><div class=\"fusion-layout-column fusion_builder_column fusion-builder-column-4 fusion_builder_column_1_2 1_2 fusion-one-half fusion-column-first\" style=\"--awb-padding-top:10px;--awb-padding-bottom:10px;--awb-bg-color:#ffffff;--awb-bg-color-hover:#ffffff;--awb-bg-size:cover;--awb-border-color:#ebeef1;--awb-border-top:0px;--awb-border-right:0px;--awb-border-bottom:0px;--awb-border-left:0px;--awb-border-style:solid;width:48%; margin-right: 4%;\"><div class=\"fusion-column-wrapper fusion-column-has-shadow fusion-flex-column-wrapper-legacy\"><div class=\"fusion-column-content-centered\"><div class=\"fusion-column-content\"><div class=\"fusion-image-element fusion-image-align-center in-legacy-container\" style=\"text-align:center;--awb-caption-title-font-family:var(--h2_typography-font-family);--awb-caption-title-font-weight:var(--h2_typography-font-weight);--awb-caption-title-font-style:var(--h2_typography-font-style);--awb-caption-title-size:var(--h2_typography-font-size);--awb-caption-title-transform:var(--h2_typography-text-transform);--awb-caption-title-line-height:var(--h2_typography-line-height);--awb-caption-title-letter-spacing:var(--h2_typography-letter-spacing);\"><div class=\"imageframe-align-center\"><span class=\" fusion-imageframe imageframe-dropshadow imageframe-2 hover-type-none\" style=\"border:13px solid #ffffff;-webkit-box-shadow: 3px 3px 7px rgba(0,0,0,0.3);box-shadow: 3px 3px 7px rgba(0,0,0,0.3);\"><img decoding=\"async\" src=\"data:image\/gif;base64,R0lGODlhAQABAAAAACH5BAEKAAEALAAAAAABAAEAAAICTAEAOw==\" data-orig-src=\"https:\/\/imlauer.com\/hotel-imlauer-wien\/wp-content\/uploads\/sites\/8\/2020\/03\/40711.jpg\" alt class=\"lazyload img-responsive\"\/><\/span><\/div><\/div><div class=\"fusion-text fusion-text-5 copyright\"><p style=\"font-size: 11px; text-align: right;\"><span style=\"color: #ffffff;\">\u00a9 WienTourismus\/Christian Stemper<\/span><\/p>\n<\/div><\/div><\/div><div class=\"fusion-clearfix\"><\/div><\/div><\/div><div class=\"fusion-layout-column fusion_builder_column fusion-builder-column-5 fusion_builder_column_1_2 1_2 fusion-one-half fusion-column-last\" style=\"--awb-bg-blend:overlay;--awb-bg-size:cover;width:48%;\"><div class=\"fusion-column-wrapper fusion-column-has-shadow fusion-flex-column-wrapper-legacy\"><div class=\"fusion-column-content-centered\"><div class=\"fusion-column-content\"><div class=\"fusion-text fusion-text-6\"><p style=\"text-align: center;\">&#8222;Vienne, Vienne, toi seule seras toujours la ville de mes r\u00eaves&#8220;.<br \/>\nCes paroles du compositeur autrichien de chansons viennoises Rudolf Sieczy\u0144ski sont connues de tous. En effet, Vienne est une ville qui fait chavirer plus d&#8217;un c\u0153ur avec son<strong> charme particulier<\/strong>, son riche<strong> patrimoine historique<\/strong> et ses nombreuses oasis de verdure. Mais les<g id=\"gid_3\"> coins moins connus de la ville<\/g> valent \u00e9galement la peine d&#8217;\u00eatre visit\u00e9s. Nous vous d\u00e9voilons <strong>nos endroits pr\u00e9f\u00e9r\u00e9s<\/strong>, qui ne r\u00e9v\u00e8lent parfois leur fascination qu&#8217;au deuxi\u00e8me coup d&#8217;\u0153il !   <\/p>\n<p style=\"text-align: center;\">Lorsque vous vous enregistrez \u00e0 l&#8217;IMLAUER Hotel Wien ou \u00e0 l&#8217;Hotel Nestroy, vous vous trouvez d\u00e9j\u00e0 au c\u0153ur de l&#8217;un des quartiers les plus color\u00e9s de la ville &#8211; le<strong> deuxi\u00e8me arrondissement de Vienne<\/strong>. De la <g id=\"gid_1\">Grande Roue<\/g> \u00e0 la <g id=\"gid_2\">zone de loisirs<\/g> verdoyante <g id=\"gid_2\">du Prater<\/g>, il y a beaucoup \u00e0 faire ici. <strong>Leopoldstadt<\/strong> est un <strong>melting-pot<\/strong> multiculturel, s\u00e9par\u00e9 du centre-ville par le <strong>canal du Danube<\/strong>.  <\/p>\n<\/div><\/div><\/div><div class=\"fusion-clearfix\"><\/div><\/div><\/div><\/div><\/div><div class=\"fusion-fullwidth fullwidth-box fusion-builder-row-3 nonhundred-percent-fullwidth non-hundred-percent-height-scrolling fusion-equal-height-columns\" style=\"--awb-border-radius-top-left:0px;--awb-border-radius-top-right:0px;--awb-border-radius-bottom-right:0px;--awb-border-radius-bottom-left:0px;--awb-margin-bottom:30px;--awb-flex-wrap:wrap;\" ><div class=\"fusion-builder-row fusion-row\"><div class=\"fusion-layout-column fusion_builder_column fusion-builder-column-6 fusion_builder_column_1_3 1_3 fusion-one-third fusion-column-first\" style=\"--awb-padding-top:150px;--awb-padding-bottom:150px;--awb-bg-position:center top;--awb-bg-size:cover;--awb-margin-bottom:0px;\"><div class=\"fusion-column-wrapper lazyload fusion-column-has-shadow fusion-flex-column-wrapper-legacy fusion-column-has-bg-image\" data-bg-url=\"https:\/\/imlauer.com\/hotel-imlauer-wien\/wp-content\/uploads\/2025\/02\/50854.jpg\" data-bg=\"https:\/\/imlauer.com\/hotel-imlauer-wien\/wp-content\/uploads\/2025\/02\/50854.jpg\"><div class=\"fusion-text fusion-text-7 copyright\"><p style=\"font-size: 11px; text-align: right;\"><span style=\"color: #ffffff;\">\u00a9 WienTourismus\/Gregor Hofbauer<\/span><\/p>\n<\/div><div class=\"fusion-clearfix\"><\/div><\/div><\/div><div class=\"fusion-layout-column fusion_builder_column fusion-builder-column-7 fusion_builder_column_1_3 1_3 fusion-one-third\" style=\"--awb-padding-top:40px;--awb-padding-right:40px;--awb-padding-bottom:40px;--awb-padding-left:40px;--awb-bg-color:#af9755;--awb-bg-color-hover:#af9755;--awb-bg-size:cover;--awb-margin-bottom:0px;\"><div class=\"fusion-column-wrapper fusion-column-has-shadow fusion-flex-column-wrapper-legacy\"><div class=\"fusion-column-content-centered\"><div class=\"fusion-column-content\"><div class=\"fusion-text fusion-text-8\"><h3 style=\"text-align: center;\"><em><span style=\"color: #ffffff;\">&#8222;Le monde est un livre et ceux qui ne voyagent pas n&#8217;en lisent qu&#8217;une page&#8220;.<\/span><\/em><\/h3>\n<p style=\"letter-spacing: 4px; font-size: 22px; text-align: center; line-height: 22px;\"><span style=\"color: #ffffff;\">St. Augustine<br \/>\n<\/span><\/p>\n<\/div><\/div><\/div><div class=\"fusion-clearfix\"><\/div><\/div><\/div><div class=\"fusion-layout-column fusion_builder_column fusion-builder-column-8 fusion_builder_column_1_3 1_3 fusion-one-third fusion-column-last\" style=\"--awb-padding-top:150px;--awb-padding-bottom:150px;--awb-bg-position:center top;--awb-bg-size:cover;--awb-margin-bottom:0px;\"><div class=\"fusion-column-wrapper lazyload fusion-column-has-shadow fusion-flex-column-wrapper-legacy fusion-column-has-bg-image\" data-bg-url=\"https:\/\/imlauer.com\/hotel-imlauer-wien\/wp-content\/uploads\/2025\/02\/50056.jpg\" data-bg=\"https:\/\/imlauer.com\/hotel-imlauer-wien\/wp-content\/uploads\/2025\/02\/50056.jpg\"><div class=\"fusion-text fusion-text-9 copyright\"><p style=\"font-size: 11px; text-align: right;\"><span style=\"color: #ffffff;\">\u00a9 WienTourismus\/Peter Rigaud<\/span><\/p>\n<\/div><div class=\"fusion-clearfix\"><\/div><\/div><\/div><\/div><\/div><div class=\"fusion-fullwidth fullwidth-box fusion-builder-row-4 hundred-percent-fullwidth non-hundred-percent-height-scrolling fusion-equal-height-columns fusion-no-small-visibility fusion-no-medium-visibility\" style=\"--awb-border-radius-top-left:0px;--awb-border-radius-top-right:0px;--awb-border-radius-bottom-right:0px;--awb-border-radius-bottom-left:0px;--awb-padding-top:4%;--awb-padding-right:6%;--awb-padding-bottom:3%;--awb-padding-left:6%;--awb-background-color:#f7f7f7;--awb-flex-wrap:wrap;\" ><div class=\"fusion-builder-row fusion-row\"><div class=\"fusion-layout-column fusion_builder_column fusion-builder-column-9 fusion_builder_column_1_2 1_2 fusion-one-half fusion-column-first fusion-animated\" style=\"--awb-padding-top:11%;--awb-padding-right:11%;--awb-padding-bottom:11%;--awb-padding-left:11%;--awb-bg-color:#ffffff;--awb-bg-color-hover:#ffffff;--awb-bg-size:cover;--awb-margin-bottom:0px;width:50%;width:calc(50% - ( ( 0 ) * 0.5 ) );margin-right: 0px;\" data-animationType=\"fadeInLeft\" data-animationDuration=\"0.8\" data-animationOffset=\"top-into-view\"><div class=\"fusion-column-wrapper fusion-column-has-shadow fusion-flex-column-wrapper-legacy\"><div class=\"fusion-column-content-centered\"><div class=\"fusion-column-content\"><div class=\"fusion-text fusion-text-10\"><h2 style=\"text-align: center; font-size: 27px;\">Le canal du Danube : bars de plage, cocktails et chaises longues<\/h2>\n<\/div><div class=\"fusion-text fusion-text-11\"><p style=\"text-align: center;\">Le canal du Danube est le bras du Danube le plus proche du centre-ville. Autrefois, il \u00e9tait \u00e9galement appel\u00e9 &#8222;Wiener Wasser&#8220; ou &#8222;Wiener Arm&#8220;. En \u00e9t\u00e9, le canal du Danube se transforme en un lieu de rencontre appr\u00e9ci\u00e9 des jeunes et des moins jeunes, avec un air de plage : de nombreux \u00e9tablissements, clubs et bars en plein air attendent les clients en qu\u00eate de soleil. Ici, vous pouvez enfoncer vos orteils dans le sable, vous installer confortablement dans des chaises longues et d\u00e9guster des cocktails color\u00e9s. Et le meilleur : depuis l&#8217;IMLAUER Hotel Wien, le canal du Danube n&#8217;est qu&#8217;\u00e0 dix minutes de marche.    <\/p>\n<\/div><\/div><\/div><div class=\"fusion-clearfix\"><\/div><\/div><\/div><div class=\"fusion-layout-column fusion_builder_column fusion-builder-column-10 fusion_builder_column_1_2 1_2 fusion-one-half fusion-column-last fusion-animated\" style=\"--awb-bg-position:center center;--awb-bg-size:cover;--awb-margin-bottom:0px;width:50%;width:calc(50% - ( ( 0 ) * 0.5 ) );\" data-animationType=\"fadeInRight\" data-animationDuration=\"0.8\" data-animationOffset=\"top-into-view\"><div class=\"fusion-column-wrapper lazyload fusion-column-has-shadow fusion-flex-column-wrapper-legacy fusion-column-has-bg-image\" data-bg-url=\"https:\/\/imlauer.com\/hotel-imlauer-wien\/wp-content\/uploads\/2025\/02\/41003.jpg\" data-bg=\"https:\/\/imlauer.com\/hotel-imlauer-wien\/wp-content\/uploads\/2025\/02\/41003.jpg\"><div class=\"fusion-text fusion-text-12 copyright\"><p style=\"font-size: 11px; text-align: right;\"><span style=\"color: #ffffff;\">\u00a9 WienTourismus\/Christian Stemper<\/span><\/p>\n<\/div><div class=\"fusion-clearfix\"><\/div><\/div><\/div><div class=\"fusion-layout-column fusion_builder_column fusion-builder-column-11 fusion_builder_column_1_2 1_2 fusion-one-half fusion-column-first fusion-animated\" style=\"--awb-bg-position:center center;--awb-bg-size:cover;--awb-margin-bottom:0px;width:50%;width:calc(50% - ( ( 0 ) * 0.5 ) );margin-right: 0px;\" data-animationType=\"fadeInRight\" data-animationDuration=\"0.8\" data-animationOffset=\"top-into-view\"><div class=\"fusion-column-wrapper lazyload fusion-column-has-shadow fusion-flex-column-wrapper-legacy fusion-column-has-bg-image\" data-bg-url=\"https:\/\/imlauer.com\/hotel-imlauer-wien\/wp-content\/uploads\/2025\/02\/saengerknaben.jpg\" data-bg=\"https:\/\/imlauer.com\/hotel-imlauer-wien\/wp-content\/uploads\/2025\/02\/saengerknaben.jpg\"><div class=\"fusion-text fusion-text-13 copyright\"><p style=\"font-size: 11px; text-align: right;\"><span style=\"color: #ffffff;\">  \u00a9 WienTourismus\/Lukas Beck<\/span><\/p>\n<\/div><div class=\"fusion-clearfix\"><\/div><\/div><\/div><div class=\"fusion-layout-column fusion_builder_column fusion-builder-column-12 fusion_builder_column_1_2 1_2 fusion-one-half fusion-column-last fusion-animated\" style=\"--awb-padding-top:11%;--awb-padding-right:11%;--awb-padding-bottom:11%;--awb-padding-left:11%;--awb-bg-color:#ffffff;--awb-bg-color-hover:#ffffff;--awb-bg-size:cover;--awb-margin-bottom:0px;width:50%;width:calc(50% - ( ( 0 ) * 0.5 ) );\" data-animationType=\"fadeInLeft\" data-animationDuration=\"0.8\" data-animationOffset=\"top-into-view\"><div class=\"fusion-column-wrapper fusion-column-has-shadow fusion-flex-column-wrapper-legacy\"><div class=\"fusion-column-content-centered\"><div class=\"fusion-column-content\"><div class=\"fusion-text fusion-text-14\"><h2 style=\"text-align: center; font-size: 27px;\">Salle de concert des Petits Chanteurs de Vienne : Musique et th\u00e9\u00e2tre<\/h2>\n<\/div><div class=\"fusion-text fusion-text-15\"><p style=\"text-align: center;\">\u00c0 cinq minutes \u00e0 pied de l&#8217;h\u00f4tel IMLAUER de Vienne se trouve le Musik und Theater im Augarten (MuTh) &#8211; la salle de concert officielle des Petits Chanteurs de Vienne, c\u00e9l\u00e8bres dans le monde entier. Dans ce b\u00e2timent &#8211; un ensemble de b\u00e2timents baroques et d&#8217;architecture moderne &#8211; on vit l&#8217;alliance de la musique et du th\u00e9\u00e2tre, du classique et de l&#8217;avant-garde, de l&#8217;ouverture et de la diversit\u00e9. Les connaisseurs s&#8217;accordent \u00e0 dire que l&#8217;acoustique est exceptionnelle, que l&#8217;atmosph\u00e8re moderne et la proximit\u00e9 de la sc\u00e8ne sont uniques. Tout aussi exceptionnel et unique que le ch\u0153ur qui a trouv\u00e9 ici son foyer musical : les Wiener S\u00e4ngernkaben.   <\/p>\n<\/div><\/div><\/div><div class=\"fusion-clearfix\"><\/div><\/div><\/div><div class=\"fusion-layout-column fusion_builder_column fusion-builder-column-13 fusion_builder_column_1_2 1_2 fusion-one-half fusion-column-first fusion-animated\" style=\"--awb-padding-top:11%;--awb-padding-right:11%;--awb-padding-bottom:11%;--awb-padding-left:11%;--awb-bg-color:#ffffff;--awb-bg-color-hover:#ffffff;--awb-bg-size:cover;--awb-margin-bottom:0px;width:50%;width:calc(50% - ( ( 0 ) * 0.5 ) );margin-right: 0px;\" data-animationType=\"fadeInLeft\" data-animationDuration=\"0.8\" data-animationOffset=\"top-into-view\"><div class=\"fusion-column-wrapper fusion-column-has-shadow fusion-flex-column-wrapper-legacy\"><div class=\"fusion-column-content-centered\"><div class=\"fusion-column-content\"><div class=\"fusion-text fusion-text-16\"><h2 style=\"text-align: center; font-size: 27px;\">March\u00e9 des Carmes :<\/h2>\n<\/div><div class=\"fusion-text fusion-text-17\"><p style=\"text-align: center;\">Lorsque vous quittez l&#8217;IMLAUER Hotel Vienna pour une promenade \u00e0 travers Vienne, ne manquez pas de visiter le Karmelitermarkt dans le deuxi\u00e8me arrondissement. Situ\u00e9 \u00e0 seulement 500 m\u00e8tres de votre h\u00f4tel, ce march\u00e9 est l&#8217;un des plus secrets des march\u00e9s de rue viennois. Le Karmelitermarkt est l&#8217;un des plus anciens march\u00e9s de Vienne encore en activit\u00e9. Vous pourrez y acheter des sp\u00e9cialit\u00e9s fromag\u00e8res internationales et de la viande de cheval, mais aussi des fruits, des l\u00e9gumes et diverses sp\u00e9cialit\u00e9s biologiques. Un march\u00e9 fermier a d&#8217;ailleurs lieu tous les vendredis et samedis. Les stands color\u00e9s proposent principalement de la viande et de la charcuterie, comme la viande de bison, mais aussi de la slow food avec des aliments de la r\u00e9gion et d&#8217;ailleurs. Faites \u00e9galement un saut \u00e0 l&#8217;auberge &#8222;Sch\u00f6ne Perle&#8220; dans l&#8217;ancien quartier juif. De l&#8217;autre c\u00f4t\u00e9 du canal du Danube, la cuisine viennoise classique y est r\u00e9interpr\u00e9t\u00e9e dans un int\u00e9rieur propre et sobre.       <\/p>\n<\/div><\/div><\/div><div class=\"fusion-clearfix\"><\/div><\/div><\/div><div class=\"fusion-layout-column fusion_builder_column fusion-builder-column-14 fusion_builder_column_1_2 1_2 fusion-one-half fusion-column-last fusion-animated\" style=\"--awb-bg-position:center center;--awb-bg-size:cover;--awb-margin-bottom:0px;width:50%;width:calc(50% - ( ( 0 ) * 0.5 ) );\" data-animationType=\"fadeInRight\" data-animationDuration=\"0.8\" data-animationOffset=\"top-into-view\"><div class=\"fusion-column-wrapper lazyload fusion-column-has-shadow fusion-flex-column-wrapper-legacy fusion-column-has-bg-image\" data-bg-url=\"https:\/\/imlauer.com\/hotel-imlauer-wien\/wp-content\/uploads\/2025\/02\/markt.jpg\" data-bg=\"https:\/\/imlauer.com\/hotel-imlauer-wien\/wp-content\/uploads\/2025\/02\/markt.jpg\"><div class=\"fusion-text fusion-text-18 copyright\"><p style=\"font-size: 11px; text-align: right;\"><span style=\"color: #ffffff;\">\u00a9 WienTourismus\/Paul Bauer<\/span><\/p>\n<\/div><div class=\"fusion-clearfix\"><\/div><\/div><\/div><div class=\"fusion-layout-column fusion_builder_column fusion-builder-column-15 fusion_builder_column_1_2 1_2 fusion-one-half fusion-column-first fusion-animated\" style=\"--awb-bg-position:center center;--awb-bg-size:cover;--awb-margin-bottom:0px;width:50%;width:calc(50% - ( ( 0 ) * 0.5 ) );margin-right: 0px;\" data-animationType=\"fadeInRight\" data-animationDuration=\"0.8\" data-animationOffset=\"top-into-view\"><div class=\"fusion-column-wrapper lazyload fusion-column-has-shadow fusion-flex-column-wrapper-legacy fusion-column-has-bg-image\" data-bg-url=\"https:\/\/imlauer.com\/hotel-imlauer-wien\/wp-content\/uploads\/2025\/02\/40659.jpg\" data-bg=\"https:\/\/imlauer.com\/hotel-imlauer-wien\/wp-content\/uploads\/2025\/02\/40659.jpg\"><div class=\"fusion-text fusion-text-19 copyright\"><p style=\"font-size: 11px; text-align: right;\"><span style=\"color: #ffffff;\">\u00a9 WienTourismus\/Christian Stemper<\/span><\/p>\n<\/div><div class=\"fusion-clearfix\"><\/div><\/div><\/div><div class=\"fusion-layout-column fusion_builder_column fusion-builder-column-16 fusion_builder_column_1_2 1_2 fusion-one-half fusion-column-last fusion-animated\" style=\"--awb-padding-top:11%;--awb-padding-right:11%;--awb-padding-bottom:11%;--awb-padding-left:11%;--awb-bg-color:#ffffff;--awb-bg-color-hover:#ffffff;--awb-bg-size:cover;--awb-margin-bottom:0px;width:50%;width:calc(50% - ( ( 0 ) * 0.5 ) );\" data-animationType=\"fadeInLeft\" data-animationDuration=\"0.8\" data-animationOffset=\"top-into-view\"><div class=\"fusion-column-wrapper fusion-column-has-shadow fusion-flex-column-wrapper-legacy\"><div class=\"fusion-column-content-centered\"><div class=\"fusion-column-content\"><div class=\"fusion-text fusion-text-20\"><h2 style=\"text-align: center; font-size: 27px;\">Les jardins floraux de Hirschstetten : S&#8217;\u00e9panouir dans le 22e arrondissement<\/h2>\n<\/div><div class=\"fusion-text fusion-text-21\"><p style=\"text-align: center;\">Au 15 de la Quadenstra\u00dfe, un paradis color\u00e9 vous attend sur une surface de 70.000 m\u00e8tres carr\u00e9s. Plongez dans les diff\u00e9rents jardins th\u00e9matiques o\u00f9 vous pourrez admirer la diversit\u00e9 des fleurs et des plantes de notre plan\u00e8te. Le zoo de Hirschstetten, avec ses nombreux pensionnaires \u00e0 quatre pattes, qui comptent souvent parmi les esp\u00e8ces menac\u00e9es, n&#8217;est pas seulement une attraction pour les petits visiteurs. Tout comme la ferme historique, o\u00f9 vous aurez l&#8217;impression de remonter le temps. Jetez \u00e9galement un coup d&#8217;\u0153il \u00e0 la palmeraie tropicale ! Pour une pause culinaire, le caf\u00e9 du jardin et le &#8222;Schutzhaus am Seerosenteich&#8220; sont id\u00e9aux. Vous y trouverez un petit air de France et une touche de plage !      <\/p>\n<\/div><\/div><\/div><div class=\"fusion-clearfix\"><\/div><\/div><\/div><div class=\"fusion-layout-column fusion_builder_column fusion-builder-column-17 fusion_builder_column_1_2 1_2 fusion-one-half fusion-column-first fusion-animated\" style=\"--awb-padding-top:11%;--awb-padding-right:11%;--awb-padding-bottom:11%;--awb-padding-left:11%;--awb-bg-color:#ffffff;--awb-bg-color-hover:#ffffff;--awb-bg-size:cover;--awb-margin-bottom:0px;width:50%;width:calc(50% - ( ( 0 ) * 0.5 ) );margin-right: 0px;\" data-animationType=\"fadeInLeft\" data-animationDuration=\"0.8\" data-animationOffset=\"top-into-view\"><div class=\"fusion-column-wrapper fusion-column-has-shadow fusion-flex-column-wrapper-legacy\"><div class=\"fusion-column-content-centered\"><div class=\"fusion-column-content\"><div class=\"fusion-text fusion-text-22\"><h2 style=\"text-align: center; font-size: 27px;\">Le Brunnenmarkt : l&#8217;un des plus grands march\u00e9s de rue permanents d&#8217;Europe<\/h2>\n<\/div><div class=\"fusion-text fusion-text-23\"><p style=\"text-align: center;\">Avec plus de 160 stands, le Brunnenmarkt, dans le 16e arrondissement de Vienne, est un melting-pot de cultures. En raison de son ambiance multiculturelle, il est \u00e9galement appel\u00e9 &#8222;l&#8217;Orient au coin de la rue&#8220;. Vous pouvez y acheter des produits alimentaires r\u00e9gionaux et des souvenirs, mais aussi profiter de la sc\u00e8ne dans les caf\u00e9s et les bars. Vers 1830, il existait d\u00e9j\u00e0 un petit march\u00e9 dans la Thaliastrasse, qui s&#8217;est \u00e9tendu au fil des ann\u00e9es en direction de la Brunnengasse. Finalement, l&#8217;ancien Yppenmarkt a fusionn\u00e9 avec le Brunnenmarkt en 2009. Et voil\u00e0 qu&#8217;aujourd&#8217;hui, le Brunnenmarkt est l&#8217;un des plus grands march\u00e9s de rue permanents d&#8217;Europe.     <\/p>\n<\/div><\/div><\/div><div class=\"fusion-clearfix\"><\/div><\/div><\/div><div class=\"fusion-layout-column fusion_builder_column fusion-builder-column-18 fusion_builder_column_1_2 1_2 fusion-one-half fusion-column-last fusion-animated\" style=\"--awb-bg-position:center center;--awb-bg-size:cover;--awb-margin-bottom:0px;width:50%;width:calc(50% - ( ( 0 ) * 0.5 ) );\" data-animationType=\"fadeInLeft\" data-animationDuration=\"0.8\" data-animationOffset=\"top-into-view\"><div class=\"fusion-column-wrapper lazyload fusion-column-has-shadow fusion-flex-column-wrapper-legacy fusion-column-has-bg-image\" data-bg-url=\"https:\/\/imlauer.com\/hotel-imlauer-wien\/wp-content\/uploads\/2025\/02\/50727.jpg\" data-bg=\"https:\/\/imlauer.com\/hotel-imlauer-wien\/wp-content\/uploads\/2025\/02\/50727.jpg\"><div class=\"fusion-text fusion-text-24 copyright\"><p style=\"font-size: 11px; text-align: right;\"><span style=\"color: #ffffff;\">\u00a9 WienTourismus\/Paul Bauer<\/span><\/p>\n<\/div><div class=\"fusion-clearfix\"><\/div><\/div><\/div><div class=\"fusion-layout-column fusion_builder_column fusion-builder-column-19 fusion_builder_column_1_2 1_2 fusion-one-half fusion-column-first fusion-animated\" style=\"--awb-bg-position:center center;--awb-bg-size:cover;--awb-margin-bottom:0px;width:50%;width:calc(50% - ( ( 0 ) * 0.5 ) );margin-right: 0px;\" data-animationType=\"fadeInLeft\" data-animationDuration=\"0.8\" data-animationOffset=\"top-into-view\"><div class=\"fusion-column-wrapper lazyload fusion-column-has-shadow fusion-flex-column-wrapper-legacy fusion-column-has-bg-image\" data-bg-url=\"https:\/\/imlauer.com\/hotel-imlauer-wien\/wp-content\/uploads\/2025\/02\/50814.jpg\" data-bg=\"https:\/\/imlauer.com\/hotel-imlauer-wien\/wp-content\/uploads\/2025\/02\/50814.jpg\"><div class=\"fusion-text fusion-text-25 copyright\"><p style=\"font-size: 11px; text-align: right;\"><span style=\"color: #ffffff;\">\u00a9 WienTourismus\/Paul Bauer<\/span><\/p>\n<\/div><div class=\"fusion-clearfix\"><\/div><\/div><\/div><div class=\"fusion-layout-column fusion_builder_column fusion-builder-column-20 fusion_builder_column_1_2 1_2 fusion-one-half fusion-column-last fusion-animated\" style=\"--awb-padding-top:11%;--awb-padding-right:11%;--awb-padding-bottom:11%;--awb-padding-left:11%;--awb-bg-color:#ffffff;--awb-bg-color-hover:#ffffff;--awb-bg-size:cover;--awb-margin-bottom:0px;width:50%;width:calc(50% - ( ( 0 ) * 0.5 ) );\" data-animationType=\"fadeInLeft\" data-animationDuration=\"0.8\" data-animationOffset=\"top-into-view\"><div class=\"fusion-column-wrapper fusion-column-has-shadow fusion-flex-column-wrapper-legacy\"><div class=\"fusion-column-content-centered\"><div class=\"fusion-column-content\"><div class=\"fusion-text fusion-text-26\"><h2 style=\"text-align: center; font-size: 27px;\">La Josefst\u00e4dter Strasse : \u00e0 la conqu\u00eate du 8e arrondissement<\/h2>\n<\/div><div class=\"fusion-text fusion-text-27\"><p style=\"text-align: center;\">La Josefst\u00e4dter Stra\u00dfe, dans le 8e arrondissement de Vienne, est consid\u00e9r\u00e9e par les Viennois comme un endroit secret pour faire du shopping. Ici se cachent de nombreuses petites boutiques individuelles avec une gamme de produits parfois inhabituelle. Qu&#8217;il s&#8217;agisse de mode insolite ou de glaces v\u00e9g\u00e9taliennes, vous trouverez votre bonheur ici ! Et pour une petite pause entre deux s\u00e9ances de l\u00e8che-vitrines, voici un conseil suppl\u00e9mentaire : le Caf\u00e9 Eiles, situ\u00e9 au bas de la Josefst\u00e4dter Stra\u00dfe, est un \u00e9tablissement traditionnel viennois \u00e0 l&#8217;\u00e9cart des sentiers touristiques classiques.   <\/p>\n<\/div><\/div><\/div><div class=\"fusion-clearfix\"><\/div><\/div><\/div><div class=\"fusion-layout-column fusion_builder_column fusion-builder-column-21 fusion_builder_column_1_2 1_2 fusion-one-half fusion-column-first fusion-animated\" style=\"--awb-padding-top:11%;--awb-padding-right:11%;--awb-padding-bottom:11%;--awb-padding-left:11%;--awb-bg-color:#ffffff;--awb-bg-color-hover:#ffffff;--awb-bg-size:cover;--awb-margin-bottom:0%;width:50%;width:calc(50% - ( ( 0 ) * 0.5 ) );margin-right: 0px;\" data-animationType=\"fadeInRight\" data-animationDuration=\"0.8\" data-animationOffset=\"top-into-view\"><div class=\"fusion-column-wrapper fusion-column-has-shadow fusion-flex-column-wrapper-legacy\"><div class=\"fusion-column-content-centered\"><div class=\"fusion-column-content\"><div class=\"fusion-text fusion-text-28\"><h2 style=\"text-align: center; font-size: 27px;\">Le cimeti\u00e8re des sans-noms : le cimeti\u00e8re sud et ses fant\u00f4mes<\/h2>\n<\/div><div class=\"fusion-text fusion-text-29\"><p style=\"text-align: center;\">Le Waldfriedhof, au sud de Vienne, est un lieu de fant\u00f4mes inconnus. C&#8217;est ici, juste \u00e0 c\u00f4t\u00e9 du port d&#8217;Albern, que les morts sans nom que le Danube a lib\u00e9r\u00e9s ont \u00e9t\u00e9 d\u00e9pos\u00e9s pour leur derni\u00e8re demeure. Avec sa magnifique chapelle et ses nombreuses croix fun\u00e9raires, dont certaines en fer forg\u00e9, au milieu des arbres, des plantes et des lianes, c&#8217;est un lieu mystique o\u00f9 r\u00e8gne le silence. Peut-\u00eatre connaissez-vous le cimeti\u00e8re des Sans Nom gr\u00e2ce au film hollywoodien &#8222;Before Sunrise&#8220; ? Quoi qu&#8217;il en soit, le cimeti\u00e8re du Sud m\u00e9rite une visite !    <\/p>\n<\/div><\/div><\/div><div class=\"fusion-clearfix\"><\/div><\/div><\/div><div class=\"fusion-layout-column fusion_builder_column fusion-builder-column-22 fusion_builder_column_1_2 1_2 fusion-one-half fusion-column-last fusion-animated\" style=\"--awb-bg-position:center center;--awb-bg-size:cover;--awb-margin-bottom:0px;width:50%;width:calc(50% - ( ( 0 ) * 0.5 ) );\" data-animationType=\"fadeInLeft\" data-animationDuration=\"0.8\" data-animationOffset=\"top-into-view\"><div class=\"fusion-column-wrapper lazyload fusion-column-has-shadow fusion-flex-column-wrapper-legacy fusion-column-has-bg-image\" data-bg-url=\"https:\/\/imlauer.com\/hotel-imlauer-wien\/wp-content\/uploads\/2025\/02\/50839.jpg\" data-bg=\"https:\/\/imlauer.com\/hotel-imlauer-wien\/wp-content\/uploads\/2025\/02\/50839.jpg\"><div class=\"fusion-text fusion-text-30 copyright\"><p style=\"font-size: 11px; text-align: right;\"><span style=\"color: #ffffff;\">\u00a9 WienTourismus\/Gregor Hofbauer<\/span><\/p>\n<\/div><div class=\"fusion-clearfix\"><\/div><\/div><\/div><div class=\"fusion-layout-column fusion_builder_column fusion-builder-column-23 fusion_builder_column_1_2 1_2 fusion-one-half fusion-column-first fusion-animated\" style=\"--awb-bg-position:center center;--awb-bg-size:cover;--awb-margin-bottom:0px;width:50%;width:calc(50% - ( ( 0 ) * 0.5 ) );margin-right: 0px;\" data-animationType=\"fadeInLeft\" data-animationDuration=\"0.8\" data-animationOffset=\"top-into-view\"><div class=\"fusion-column-wrapper lazyload fusion-column-has-shadow fusion-flex-column-wrapper-legacy fusion-column-has-bg-image\" data-bg-url=\"https:\/\/imlauer.com\/hotel-imlauer-wien\/wp-content\/uploads\/2025\/02\/50001.jpg\" data-bg=\"https:\/\/imlauer.com\/hotel-imlauer-wien\/wp-content\/uploads\/2025\/02\/50001.jpg\"><div class=\"fusion-text fusion-text-31 copyright\"><p style=\"font-size: 11px; text-align: right;\"><span style=\"color: #ffffff;\">\u00a9 WienTourismus\/Christian Stemper<\/span><\/p>\n<\/div><div class=\"fusion-clearfix\"><\/div><\/div><\/div><div class=\"fusion-layout-column fusion_builder_column fusion-builder-column-24 fusion_builder_column_1_2 1_2 fusion-one-half fusion-column-last fusion-animated\" style=\"--awb-padding-top:11%;--awb-padding-right:11%;--awb-padding-bottom:11%;--awb-padding-left:11%;--awb-bg-color:#ffffff;--awb-bg-color-hover:#ffffff;--awb-bg-size:cover;--awb-margin-bottom:0%;width:50%;width:calc(50% - ( ( 0 ) * 0.5 ) );\" data-animationType=\"fadeInRight\" data-animationDuration=\"0.8\" data-animationOffset=\"top-into-view\"><div class=\"fusion-column-wrapper fusion-column-has-shadow fusion-flex-column-wrapper-legacy\"><div class=\"fusion-column-content-centered\"><div class=\"fusion-column-content\"><div class=\"fusion-text fusion-text-32\"><h2 style=\"text-align: center; font-size: 27px;\">La villa Otto Wagner : le mus\u00e9e priv\u00e9 d&#8217;Ernst Fuchs<\/h2>\n<\/div><div class=\"fusion-text fusion-text-33\"><p style=\"text-align: center;\">La villa Wagner, situ\u00e9e au 26 de la H\u00fcttelbergstra\u00dfe, a \u00e9t\u00e9 construite entre 1886 et 1888 d&#8217;apr\u00e8s les plans d&#8217;Otto Wagner. Aujourd&#8217;hui, cette belle villa est la propri\u00e9t\u00e9 des h\u00e9ritiers d&#8217;Ernst Fuchs. Les amateurs d&#8217;art trouveront derri\u00e8re les murs historiques le mus\u00e9e priv\u00e9 du c\u00e9l\u00e8bre peintre autrichien.  <\/p>\n<\/div><\/div><\/div><div class=\"fusion-clearfix\"><\/div><\/div><\/div><div class=\"fusion-layout-column fusion_builder_column fusion-builder-column-25 fusion_builder_column_1_2 1_2 fusion-one-half fusion-column-first fusion-animated\" style=\"--awb-padding-top:11%;--awb-padding-right:11%;--awb-padding-bottom:11%;--awb-padding-left:11%;--awb-bg-color:#ffffff;--awb-bg-color-hover:#ffffff;--awb-bg-size:cover;--awb-margin-bottom:0%;width:50%;width:calc(50% - ( ( 0 ) * 0.5 ) );margin-right: 0px;\" data-animationType=\"fadeInRight\" data-animationDuration=\"0.8\" data-animationOffset=\"top-into-view\"><div class=\"fusion-column-wrapper fusion-column-has-shadow fusion-flex-column-wrapper-legacy\"><div class=\"fusion-column-content-centered\"><div class=\"fusion-column-content\"><div class=\"fusion-text fusion-text-34\"><h2 style=\"text-align: center; font-size: 27px;\">La Neubaugasse : la &#8222;rue des sp\u00e9cialistes<\/h2>\n<\/div><div class=\"fusion-text fusion-text-35\"><p style=\"text-align: center;\">Parmi les Viennois, la Neubaugasse est surtout connue comme la &#8222;rue des sp\u00e9cialistes&#8220;. Ici, vous pouvez vous adonner \u00e0 l&#8217;envie de faire du shopping, loin du courant dominant, dans de nombreux petits magasins, dont certains sont g\u00e9r\u00e9s par leurs propri\u00e9taires. <\/p>\n<\/div><\/div><\/div><div class=\"fusion-clearfix\"><\/div><\/div><\/div><div class=\"fusion-layout-column fusion_builder_column fusion-builder-column-26 fusion_builder_column_1_2 1_2 fusion-one-half fusion-column-last fusion-animated\" style=\"--awb-bg-position:center bottom;--awb-bg-size:cover;--awb-margin-bottom:0px;width:50%;width:calc(50% - ( ( 0 ) * 0.5 ) );\" data-animationType=\"fadeInLeft\" data-animationDuration=\"0.8\" data-animationOffset=\"top-into-view\"><div class=\"fusion-column-wrapper lazyload fusion-column-has-shadow fusion-flex-column-wrapper-legacy fusion-column-has-bg-image\" data-bg-url=\"https:\/\/imlauer.com\/hotel-imlauer-wien\/wp-content\/uploads\/2025\/02\/50816.jpg\" data-bg=\"https:\/\/imlauer.com\/hotel-imlauer-wien\/wp-content\/uploads\/2025\/02\/50816.jpg\"><div class=\"fusion-text fusion-text-36 copyright\"><p style=\"font-size: 11px; text-align: right;\"><span style=\"color: #ffffff;\">\u00a9 WienTourismus\/Paul Bauer<\/span><\/p>\n<\/div><div class=\"fusion-clearfix\"><\/div><\/div><\/div><div class=\"fusion-layout-column fusion_builder_column fusion-builder-column-27 fusion_builder_column_1_2 1_2 fusion-one-half fusion-column-first fusion-animated\" style=\"--awb-bg-position:center center;--awb-bg-size:cover;--awb-margin-bottom:0px;width:50%;width:calc(50% - ( ( 0 ) * 0.5 ) );margin-right: 0px;\" data-animationType=\"fadeInLeft\" data-animationDuration=\"0.8\" data-animationOffset=\"top-into-view\"><div class=\"fusion-column-wrapper lazyload fusion-column-has-shadow fusion-flex-column-wrapper-legacy fusion-column-has-bg-image\" data-bg-url=\"https:\/\/imlauer.com\/hotel-imlauer-wien\/wp-content\/uploads\/2025\/02\/sternwartepark.jpg\" data-bg=\"https:\/\/imlauer.com\/hotel-imlauer-wien\/wp-content\/uploads\/2025\/02\/sternwartepark.jpg\"><div class=\"fusion-text fusion-text-37 copyright\"><p style=\"font-size: 11px; text-align: right;\"><span style=\"color: #ffffff;\">\u00a9 WienTourismus\/Christian Stemper<\/span><\/p>\n<\/div><div class=\"fusion-clearfix\"><\/div><\/div><\/div><div class=\"fusion-layout-column fusion_builder_column fusion-builder-column-28 fusion_builder_column_1_2 1_2 fusion-one-half fusion-column-last fusion-animated\" style=\"--awb-padding-top:11%;--awb-padding-right:11%;--awb-padding-bottom:11%;--awb-padding-left:11%;--awb-bg-color:#ffffff;--awb-bg-color-hover:#ffffff;--awb-bg-size:cover;--awb-margin-bottom:0px;width:50%;width:calc(50% - ( ( 0 ) * 0.5 ) );\" data-animationType=\"fadeInRight\" data-animationDuration=\"0.8\" data-animationOffset=\"top-into-view\"><div class=\"fusion-column-wrapper fusion-column-has-shadow fusion-flex-column-wrapper-legacy\"><div class=\"fusion-column-content-centered\"><div class=\"fusion-column-content\"><div class=\"fusion-text fusion-text-38\"><h2 style=\"text-align: center; font-size: 27px;\">Le parc de l&#8217;observatoire : regarder les \u00e9toiles dans le 18e arrondissement<\/h2>\n<\/div><div class=\"fusion-text fusion-text-39\"><p style=\"text-align: center;\">Des chemins cach\u00e9s et une atmosph\u00e8re f\u00e9erique : le parc de l&#8217;observatoire de la Facult\u00e9 d&#8217;astronomie et d&#8217;astrophysique, situ\u00e9 au num\u00e9ro 2 de la rue Edmund Weiss, est un endroit tr\u00e8s particulier. En vous promenant dans le parc, vous aurez presque l&#8217;impression d&#8217;\u00eatre dans un autre monde. L&#8217;int\u00e9rieur du b\u00e2timent, qui fait partie de l&#8217;Universit\u00e9 de Vienne, et le vaste parc poss\u00e8dent tous deux un charme enchanteur, presque mystique. C&#8217;est un endroit \u00e0 ne pas manquer, et pas seulement pour regarder les \u00e9toiles.   <\/p>\n<\/div><\/div><\/div><div class=\"fusion-clearfix\"><\/div><\/div><\/div><div class=\"fusion-layout-column fusion_builder_column fusion-builder-column-29 fusion_builder_column_1_2 1_2 fusion-one-half fusion-column-first fusion-animated\" style=\"--awb-padding-top:11%;--awb-padding-right:11%;--awb-padding-bottom:11%;--awb-padding-left:11%;--awb-bg-color:#ffffff;--awb-bg-color-hover:#ffffff;--awb-bg-size:cover;--awb-margin-bottom:0px;width:50%;width:calc(50% - ( ( 0 ) * 0.5 ) );margin-right: 0px;\" data-animationType=\"fadeInRight\" data-animationDuration=\"0.8\" data-animationOffset=\"top-into-view\"><div class=\"fusion-column-wrapper fusion-column-has-shadow fusion-flex-column-wrapper-legacy\"><div class=\"fusion-column-content-centered\"><div class=\"fusion-column-content\"><div class=\"fusion-text fusion-text-40\"><h2 style=\"text-align: center; font-size: 27px;\">\u00c9glise de Wotruba : comment des blocs de b\u00e9ton sont devenus une \u00e9glise<\/h2>\n<\/div><div class=\"fusion-text fusion-text-41\"><p style=\"text-align: center;\">Disons-le d&#8217;embl\u00e9e : elle ne ressemble pas \u00e0 une \u00e9glise typique. L&#8217;\u00e9glise catholique romaine de Wotruba a \u00e9t\u00e9 construite entre 1974 et 1976 \u00e0 partir de blocs de b\u00e9ton au num\u00e9ro 1 de la Ottillingerplatz. \u00c9galement appel\u00e9e &#8222;\u00e9glise de la Sainte-Trinit\u00e9&#8220;, elle se distingue de loin par son design unique. Les 152 blocs de b\u00e9ton bruts cr\u00e9ent des motifs lumineux captivants \u00e0 l&#8217;int\u00e9rieur de l&#8217;\u00e9glise. Mais voyez vous-m\u00eame !    <\/p>\n<\/div><\/div><\/div><div class=\"fusion-clearfix\"><\/div><\/div><\/div><div class=\"fusion-layout-column fusion_builder_column fusion-builder-column-30 fusion_builder_column_1_2 1_2 fusion-one-half fusion-column-last fusion-animated\" style=\"--awb-bg-position:center center;--awb-bg-size:cover;--awb-margin-bottom:0px;width:50%;width:calc(50% - ( ( 0 ) * 0.5 ) );\" data-animationType=\"fadeInLeft\" data-animationDuration=\"0.8\" data-animationOffset=\"top-into-view\"><div class=\"fusion-column-wrapper lazyload fusion-column-has-shadow fusion-flex-column-wrapper-legacy fusion-column-has-bg-image\" data-bg-url=\"https:\/\/imlauer.com\/hotel-imlauer-wien\/wp-content\/uploads\/2025\/02\/50890.jpg\" data-bg=\"https:\/\/imlauer.com\/hotel-imlauer-wien\/wp-content\/uploads\/2025\/02\/50890.jpg\"><div class=\"fusion-text fusion-text-42 copyright\"><p style=\"font-size: 11px; text-align: right;\"><span style=\"color: #ffffff;\">\u00a9 WienTourismus\/Paul Bauer<\/span><\/p>\n<\/div><div class=\"fusion-clearfix\"><\/div><\/div><\/div><div class=\"fusion-layout-column fusion_builder_column fusion-builder-column-31 fusion_builder_column_1_2 1_2 fusion-one-half fusion-column-first fusion-animated\" style=\"--awb-bg-position:center center;--awb-bg-size:cover;--awb-margin-bottom:0px;width:50%;width:calc(50% - ( ( 0 ) * 0.5 ) );margin-right: 0px;\" data-animationType=\"fadeInLeft\" data-animationDuration=\"0.8\" data-animationOffset=\"top-into-view\"><div class=\"fusion-column-wrapper lazyload fusion-column-has-shadow fusion-flex-column-wrapper-legacy fusion-empty-column-bg-image fusion-column-has-bg-image\" data-bg-url=\"https:\/\/imlauer.com\/hotel-imlauer-wien\/wp-content\/uploads\/2025\/02\/streichelzoo.jpg\" data-bg=\"https:\/\/imlauer.com\/hotel-imlauer-wien\/wp-content\/uploads\/2025\/02\/streichelzoo.jpg\"><img decoding=\"async\" class=\"fusion-empty-dims-img-placeholder fusion-no-large-visibility\" aria-label=\"streichelzoo\" src=\"data:image\/svg+xml,%3Csvg%20xmlns%3D%27http%3A%2F%2Fwww.w3.org%2F2000%2Fsvg%27%20width%3D%271000%27%20height%3D%27667%27%20viewBox%3D%270%200%201000%20667%27%3E%3Crect%20width%3D%271000%27%20height%3D%27667%27%20fill-opacity%3D%220%22%2F%3E%3C%2Fsvg%3E\"><div class=\"fusion-clearfix\"><\/div><\/div><\/div><div class=\"fusion-layout-column fusion_builder_column fusion-builder-column-32 fusion_builder_column_1_2 1_2 fusion-one-half fusion-column-last fusion-animated\" style=\"--awb-padding-top:11%;--awb-padding-right:11%;--awb-padding-bottom:11%;--awb-padding-left:11%;--awb-bg-color:#ffffff;--awb-bg-color-hover:#ffffff;--awb-bg-size:cover;--awb-margin-bottom:8%;width:50%;width:calc(50% - ( ( 0 ) * 0.5 ) );\" data-animationType=\"fadeInRight\" data-animationDuration=\"0.8\" data-animationOffset=\"top-into-view\"><div class=\"fusion-column-wrapper fusion-column-has-shadow fusion-flex-column-wrapper-legacy\"><div class=\"fusion-column-content-centered\"><div class=\"fusion-column-content\"><div class=\"fusion-text fusion-text-43\"><h2 style=\"text-align: center; font-size: 27px;\">Streichelzoo Cobenzl : une excursion \u00e0 la ferme pour enfants<\/h2>\n<\/div><div class=\"fusion-text fusion-text-44\"><p style=\"text-align: center;\">Les enfants des villes ne sont pas les seuls \u00e0 appr\u00e9cier le zoo pour enfants du domaine de Cobenzl, qui est une merveilleuse destination pour les familles. Ici, tout est encore comme il se doit : Les lapins gambadent joyeusement dans les prairies, les oies jacassent avec excitation, les chats errent dans la cour et, avec un peu de chance, les enfants pourront caresser un agneau tout doux. Une centaine d&#8217;animaux vivent dans sept \u00e9tables au total. Mais les enfants ne sont pas les seuls \u00e0 se r\u00e9jouir \u00e0 Cobenzl. Le site de r\u00eave, avec une vue imprenable sur Vienne, enchantera \u00e9galement les plus grands. Promenez-vous sur le sentier des papillons, rendez visite \u00e0 la ruche de d\u00e9monstration sur le sentier p\u00e9dagogique des abeilles ou faites du pain frais avec vos enfants. Peu importe ce que vous choisissez : Vous ne vous ennuierez pas ici avec vos enfants !      <\/p>\n<\/div><\/div><\/div><div class=\"fusion-clearfix\"><\/div><\/div><\/div><\/div><\/div><div class=\"fusion-fullwidth fullwidth-box fusion-builder-row-5 hundred-percent-fullwidth non-hundred-percent-height-scrolling fusion-equal-height-columns fusion-no-large-visibility\" style=\"--awb-border-radius-top-left:0px;--awb-border-radius-top-right:0px;--awb-border-radius-bottom-right:0px;--awb-border-radius-bottom-left:0px;--awb-padding-top:4%;--awb-padding-right:6%;--awb-padding-bottom:3%;--awb-padding-left:6%;--awb-background-color:#f7f7f7;--awb-flex-wrap:wrap;\" ><div class=\"fusion-builder-row fusion-row\"><div class=\"fusion-layout-column fusion_builder_column fusion-builder-column-33 fusion_builder_column_1_1 1_1 fusion-one-full fusion-column-first fusion-column-last fusion-animated\" style=\"--awb-bg-position:center center;--awb-bg-size:cover;--awb-margin-bottom:0px;\" data-animationType=\"fadeInRight\" data-animationDuration=\"0.8\" data-animationOffset=\"top-into-view\"><div class=\"fusion-column-wrapper lazyload fusion-column-has-shadow fusion-flex-column-wrapper-legacy fusion-column-has-bg-image\" data-bg-url=\"https:\/\/imlauer.com\/hotel-imlauer-wien\/wp-content\/uploads\/sites\/8\/2020\/03\/41003.jpg\" data-bg=\"https:\/\/imlauer.com\/hotel-imlauer-wien\/wp-content\/uploads\/sites\/8\/2020\/03\/41003.jpg\"><div class=\"fusion-text fusion-text-45 copyright\"><p style=\"font-size: 11px; text-align: right;\"><span style=\"color: #ffffff;\">\u00a9 WienTourismus\/Christian Stemper<\/span><\/p>\n<\/div><div class=\"fusion-clearfix\"><\/div><\/div><\/div><div class=\"fusion-layout-column fusion_builder_column fusion-builder-column-34 fusion_builder_column_1_1 1_1 fusion-one-full fusion-column-first fusion-column-last fusion-animated\" style=\"--awb-padding-top:11%;--awb-padding-right:11%;--awb-padding-bottom:11%;--awb-padding-left:11%;--awb-bg-color:#ffffff;--awb-bg-color-hover:#ffffff;--awb-bg-size:cover;--awb-margin-bottom:0px;\" data-animationType=\"fadeInLeft\" data-animationDuration=\"0.8\" data-animationOffset=\"top-into-view\"><div class=\"fusion-column-wrapper fusion-column-has-shadow fusion-flex-column-wrapper-legacy\"><div class=\"fusion-column-content-centered\"><div class=\"fusion-column-content\"><div class=\"fusion-text fusion-text-46\"><h2 style=\"text-align: center; font-size: 27px;\">Le canal du Danube : bars de plage, cocktails et chaises longues<\/h2>\n<\/div><div class=\"fusion-text fusion-text-47\"><p style=\"text-align: center;\">Le canal du Danube est le bras du Danube le plus proche du centre-ville. Autrefois, il \u00e9tait \u00e9galement appel\u00e9 &#8222;Wiener Wasser&#8220; ou &#8222;Wiener Arm&#8220;. En \u00e9t\u00e9, le canal du Danube se transforme en un lieu de rencontre appr\u00e9ci\u00e9 des jeunes et des moins jeunes, avec un air de plage : de nombreux \u00e9tablissements, clubs et bars en plein air attendent les clients en qu\u00eate de soleil. Ici, vous pouvez enfoncer vos orteils dans le sable, vous installer confortablement dans des chaises longues et d\u00e9guster des cocktails color\u00e9s. Et le meilleur : depuis l&#8217;IMLAUER Hotel Wien, le canal du Danube n&#8217;est qu&#8217;\u00e0 dix minutes de marche.    <\/p>\n<\/div><\/div><\/div><div class=\"fusion-clearfix\"><\/div><\/div><\/div><div class=\"fusion-layout-column fusion_builder_column fusion-builder-column-35 fusion_builder_column_1_1 1_1 fusion-one-full fusion-column-first fusion-column-last fusion-animated\" style=\"--awb-bg-position:center center;--awb-bg-size:cover;--awb-margin-bottom:0px;\" data-animationType=\"fadeInRight\" data-animationDuration=\"0.8\" data-animationOffset=\"top-into-view\"><div class=\"fusion-column-wrapper lazyload fusion-column-has-shadow fusion-flex-column-wrapper-legacy fusion-column-has-bg-image\" data-bg-url=\"https:\/\/imlauer.com\/hotel-imlauer-wien\/wp-content\/uploads\/sites\/8\/2020\/03\/40659.jpg\" data-bg=\"https:\/\/imlauer.com\/hotel-imlauer-wien\/wp-content\/uploads\/sites\/8\/2020\/03\/40659.jpg\"><div class=\"fusion-text fusion-text-48 copyright\"><p style=\"font-size: 11px; text-align: right;\"><span style=\"color: #ffffff;\">\u00a9 WienTourismus\/Christian Stemper<\/span><\/p>\n<\/div><div class=\"fusion-clearfix\"><\/div><\/div><\/div><div class=\"fusion-layout-column fusion_builder_column fusion-builder-column-36 fusion_builder_column_1_1 1_1 fusion-one-full fusion-column-first fusion-column-last fusion-animated\" style=\"--awb-padding-top:11%;--awb-padding-right:11%;--awb-padding-bottom:11%;--awb-padding-left:11%;--awb-bg-color:#ffffff;--awb-bg-color-hover:#ffffff;--awb-bg-size:cover;--awb-margin-bottom:0px;\" data-animationType=\"fadeInLeft\" data-animationDuration=\"0.8\" data-animationOffset=\"top-into-view\"><div class=\"fusion-column-wrapper fusion-column-has-shadow fusion-flex-column-wrapper-legacy\"><div class=\"fusion-column-content-centered\"><div class=\"fusion-column-content\"><div class=\"fusion-text fusion-text-49\"><h2 style=\"text-align: center; font-size: 27px;\">Les jardins floraux de Hirschstetten : S&#8217;\u00e9panouir dans le 22e arrondissement<\/h2>\n<\/div><div class=\"fusion-text fusion-text-50\"><p style=\"text-align: center;\">Au 15 de la Quadenstra\u00dfe, un paradis color\u00e9 vous attend sur une surface de 70.000 m\u00e8tres carr\u00e9s. Plongez dans les diff\u00e9rents jardins th\u00e9matiques o\u00f9 vous pourrez admirer la diversit\u00e9 des fleurs et des plantes de notre plan\u00e8te. Le zoo de Hirschstetten, avec ses nombreux pensionnaires \u00e0 quatre pattes, qui comptent souvent parmi les esp\u00e8ces menac\u00e9es, n&#8217;est pas seulement une attraction pour les petits visiteurs. Tout comme la ferme historique, o\u00f9 vous aurez l&#8217;impression de remonter le temps. Jetez \u00e9galement un coup d&#8217;\u0153il \u00e0 la palmeraie tropicale ! Pour une pause culinaire, le caf\u00e9 du jardin et le &#8222;Schutzhaus am Seerosenteich&#8220; sont id\u00e9aux. Vous y trouverez un petit air de France et une touche de plage !      <\/p>\n<\/div><\/div><\/div><div class=\"fusion-clearfix\"><\/div><\/div><\/div><div class=\"fusion-layout-column fusion_builder_column fusion-builder-column-37 fusion_builder_column_1_1 1_1 fusion-one-full fusion-column-first fusion-column-last fusion-animated\" style=\"--awb-bg-position:center center;--awb-bg-size:cover;--awb-margin-bottom:0px;\" data-animationType=\"fadeInLeft\" data-animationDuration=\"0.8\" data-animationOffset=\"top-into-view\"><div class=\"fusion-column-wrapper lazyload fusion-column-has-shadow fusion-flex-column-wrapper-legacy fusion-column-has-bg-image\" data-bg-url=\"https:\/\/imlauer.com\/hotel-imlauer-wien\/wp-content\/uploads\/sites\/8\/2020\/03\/50727.jpg\" data-bg=\"https:\/\/imlauer.com\/hotel-imlauer-wien\/wp-content\/uploads\/sites\/8\/2020\/03\/50727.jpg\"><div class=\"fusion-text fusion-text-51 copyright\"><p style=\"font-size: 11px; text-align: right;\"><span style=\"color: #ffffff;\">\u00a9 WienTourismus\/Paul Bauer<\/span><\/p>\n<\/div><div class=\"fusion-clearfix\"><\/div><\/div><\/div><div class=\"fusion-layout-column fusion_builder_column fusion-builder-column-38 fusion_builder_column_1_1 1_1 fusion-one-full fusion-column-first fusion-column-last fusion-animated\" style=\"--awb-padding-top:11%;--awb-padding-right:11%;--awb-padding-bottom:11%;--awb-padding-left:11%;--awb-bg-color:#ffffff;--awb-bg-color-hover:#ffffff;--awb-bg-size:cover;--awb-margin-bottom:0px;\" data-animationType=\"fadeInLeft\" data-animationDuration=\"0.8\" data-animationOffset=\"top-into-view\"><div class=\"fusion-column-wrapper fusion-column-has-shadow fusion-flex-column-wrapper-legacy\"><div class=\"fusion-column-content-centered\"><div class=\"fusion-column-content\"><div class=\"fusion-text fusion-text-52\"><h2 style=\"text-align: center; font-size: 27px;\">Le Brunnenmarkt : l&#8217;un des plus grands march\u00e9s de rue permanents d&#8217;Europe<\/h2>\n<\/div><div class=\"fusion-text fusion-text-53\"><p align=\"CENTER\"><span style=\"color: #747474;\"><span style=\"font-family: Source Sans Pro, serif;\"><span style=\"font-size: large;\">Avec plus de 160 stands, le Brunnenmarkt, dans le 16e arrondissement de Vienne, est un melting-pot de cultures. En raison de son ambiance multiculturelle, il est \u00e9galement appel\u00e9 &#8222;l&#8217;Orient au coin de la rue&#8220;. Vous pouvez y acheter des produits alimentaires r\u00e9gionaux et des souvenirs, mais aussi profiter de la sc\u00e8ne dans les caf\u00e9s et les bars. Vers 1830, il existait d\u00e9j\u00e0 un petit march\u00e9 dans la Thaliastrasse, qui s&#8217;est \u00e9tendu au fil des ann\u00e9es en direction de la Brunnengasse. Finalement, l&#8217;ancien Yppenmarkt a fusionn\u00e9 avec le Brunnenmarkt en 2009. Et voil\u00e0 qu&#8217;aujourd&#8217;hui, le Brunnenmarkt est l&#8217;un des plus grands march\u00e9s de rue permanents d&#8217;Europe.     <\/span><\/span><\/span><\/p>\n<\/div><\/div><\/div><div class=\"fusion-clearfix\"><\/div><\/div><\/div><div class=\"fusion-layout-column fusion_builder_column fusion-builder-column-39 fusion_builder_column_1_1 1_1 fusion-one-full fusion-column-first fusion-column-last fusion-animated\" style=\"--awb-bg-position:center center;--awb-bg-size:cover;--awb-margin-bottom:0px;\" data-animationType=\"fadeInLeft\" data-animationDuration=\"0.8\" data-animationOffset=\"top-into-view\"><div class=\"fusion-column-wrapper lazyload fusion-column-has-shadow fusion-flex-column-wrapper-legacy fusion-column-has-bg-image\" data-bg-url=\"https:\/\/imlauer.com\/hotel-imlauer-wien\/wp-content\/uploads\/sites\/8\/2020\/03\/50814.jpg\" data-bg=\"https:\/\/imlauer.com\/hotel-imlauer-wien\/wp-content\/uploads\/sites\/8\/2020\/03\/50814.jpg\"><div class=\"fusion-text fusion-text-54 copyright\"><p style=\"font-size: 11px; text-align: right;\"><span style=\"color: #ffffff;\">\u00a9 WienTourismus\/Paul Bauer<\/span><\/p>\n<\/div><div class=\"fusion-clearfix\"><\/div><\/div><\/div><div class=\"fusion-layout-column fusion_builder_column fusion-builder-column-40 fusion_builder_column_1_1 1_1 fusion-one-full fusion-column-first fusion-column-last fusion-animated\" style=\"--awb-padding-top:11%;--awb-padding-right:11%;--awb-padding-bottom:11%;--awb-padding-left:11%;--awb-bg-color:#ffffff;--awb-bg-color-hover:#ffffff;--awb-bg-size:cover;--awb-margin-bottom:0px;\" data-animationType=\"fadeInLeft\" data-animationDuration=\"0.8\" data-animationOffset=\"top-into-view\"><div class=\"fusion-column-wrapper fusion-column-has-shadow fusion-flex-column-wrapper-legacy\"><div class=\"fusion-column-content-centered\"><div class=\"fusion-column-content\"><div class=\"fusion-text fusion-text-55\"><h2 style=\"text-align: center; font-size: 27px;\">La Josefst\u00e4dter Strasse : \u00e0 la conqu\u00eate du 8e arrondissement<\/h2>\n<\/div><div class=\"fusion-text fusion-text-56\"><p align=\"CENTER\"><span style=\"color: #747474;\"><span style=\"font-family: Source Sans Pro, serif;\"><span style=\"font-size: large;\">La Josefst\u00e4dter Stra\u00dfe, dans le 8e arrondissement de Vienne, est consid\u00e9r\u00e9e par les Viennois comme un endroit secret pour faire du shopping. Ici se cachent de nombreuses petites boutiques individuelles avec une gamme de produits parfois inhabituelle. Qu&#8217;il s&#8217;agisse de mode insolite ou de glaces v\u00e9g\u00e9taliennes, vous trouverez votre bonheur ici ! Et pour une petite pause entre deux s\u00e9ances de l\u00e8che-vitrines, voici un conseil suppl\u00e9mentaire : le Caf\u00e9 Eiles, situ\u00e9 au bas de la Josefst\u00e4dter Stra\u00dfe, est un \u00e9tablissement traditionnel viennois \u00e0 l&#8217;\u00e9cart des sentiers touristiques classiques.   <\/span><\/span><\/span><\/p>\n<\/div><\/div><\/div><div class=\"fusion-clearfix\"><\/div><\/div><\/div><div class=\"fusion-layout-column fusion_builder_column fusion-builder-column-41 fusion_builder_column_1_1 1_1 fusion-one-full fusion-column-first fusion-column-last fusion-animated\" style=\"--awb-bg-position:center center;--awb-bg-size:cover;--awb-margin-bottom:0px;\" data-animationType=\"fadeInLeft\" data-animationDuration=\"0.8\" data-animationOffset=\"top-into-view\"><div class=\"fusion-column-wrapper lazyload fusion-column-has-shadow fusion-flex-column-wrapper-legacy fusion-column-has-bg-image\" data-bg-url=\"https:\/\/imlauer.com\/hotel-imlauer-wien\/wp-content\/uploads\/sites\/8\/2020\/03\/50839.jpg\" data-bg=\"https:\/\/imlauer.com\/hotel-imlauer-wien\/wp-content\/uploads\/sites\/8\/2020\/03\/50839.jpg\"><div class=\"fusion-text fusion-text-57 copyright\"><p style=\"font-size: 11px; text-align: right;\"><span style=\"color: #ffffff;\">\u00a9 WienTourismus\/Gregor Hofbauer<\/span><\/p>\n<\/div><div class=\"fusion-clearfix\"><\/div><\/div><\/div><div class=\"fusion-layout-column fusion_builder_column fusion-builder-column-42 fusion_builder_column_1_1 1_1 fusion-one-full fusion-column-first fusion-column-last fusion-animated\" style=\"--awb-padding-top:11%;--awb-padding-right:11%;--awb-padding-bottom:11%;--awb-padding-left:11%;--awb-bg-color:#ffffff;--awb-bg-color-hover:#ffffff;--awb-bg-size:cover;--awb-margin-bottom:0%;\" data-animationType=\"fadeInRight\" data-animationDuration=\"0.8\" data-animationOffset=\"top-into-view\"><div class=\"fusion-column-wrapper fusion-column-has-shadow fusion-flex-column-wrapper-legacy\"><div class=\"fusion-column-content-centered\"><div class=\"fusion-column-content\"><div class=\"fusion-text fusion-text-58\"><h2 style=\"text-align: center; font-size: 27px;\">Le cimeti\u00e8re des sans-noms : le cimeti\u00e8re sud et ses fant\u00f4mes<\/h2>\n<\/div><div class=\"fusion-text fusion-text-59\"><p style=\"text-align: center;\">Le Waldfriedhof, au sud de Vienne, est un lieu de fant\u00f4mes inconnus. C&#8217;est ici, juste \u00e0 c\u00f4t\u00e9 du port d&#8217;Albern, que les morts sans nom que le Danube a lib\u00e9r\u00e9s ont \u00e9t\u00e9 d\u00e9pos\u00e9s pour leur derni\u00e8re demeure. Avec sa magnifique chapelle et ses nombreuses croix fun\u00e9raires, dont certaines en fer forg\u00e9, au milieu des arbres, des plantes et des lianes, c&#8217;est un lieu mystique o\u00f9 r\u00e8gne le silence. Peut-\u00eatre connaissez-vous le cimeti\u00e8re des Sans Nom gr\u00e2ce au film hollywoodien &#8222;Before Sunrise&#8220; ? Quoi qu&#8217;il en soit, le cimeti\u00e8re du Sud m\u00e9rite une visite !    <\/p>\n<\/div><\/div><\/div><div class=\"fusion-clearfix\"><\/div><\/div><\/div><div class=\"fusion-layout-column fusion_builder_column fusion-builder-column-43 fusion_builder_column_1_1 1_1 fusion-one-full fusion-column-first fusion-column-last fusion-animated\" style=\"--awb-bg-position:center center;--awb-bg-size:cover;--awb-margin-bottom:0px;\" data-animationType=\"fadeInLeft\" data-animationDuration=\"0.8\" data-animationOffset=\"top-into-view\"><div class=\"fusion-column-wrapper lazyload fusion-column-has-shadow fusion-flex-column-wrapper-legacy fusion-column-has-bg-image\" data-bg-url=\"https:\/\/imlauer.com\/hotel-imlauer-wien\/wp-content\/uploads\/sites\/8\/2020\/03\/50001.jpg\" data-bg=\"https:\/\/imlauer.com\/hotel-imlauer-wien\/wp-content\/uploads\/sites\/8\/2020\/03\/50001.jpg\"><div class=\"fusion-text fusion-text-60 copyright\"><p style=\"font-size: 11px; text-align: right;\"><span style=\"color: #ffffff;\">\u00a9 WienTourismus\/Christian Stemper<\/span><\/p>\n<\/div><div class=\"fusion-clearfix\"><\/div><\/div><\/div><div class=\"fusion-layout-column fusion_builder_column fusion-builder-column-44 fusion_builder_column_1_1 1_1 fusion-one-full fusion-column-first fusion-column-last fusion-animated\" style=\"--awb-padding-top:11%;--awb-padding-right:11%;--awb-padding-bottom:11%;--awb-padding-left:11%;--awb-bg-color:#ffffff;--awb-bg-color-hover:#ffffff;--awb-bg-size:cover;--awb-margin-bottom:0%;\" data-animationType=\"fadeInRight\" data-animationDuration=\"0.8\" data-animationOffset=\"top-into-view\"><div class=\"fusion-column-wrapper fusion-column-has-shadow fusion-flex-column-wrapper-legacy\"><div class=\"fusion-column-content-centered\"><div class=\"fusion-column-content\"><div class=\"fusion-text fusion-text-61\"><h2 style=\"text-align: center; font-size: 27px;\">La villa Otto Wagner : le mus\u00e9e priv\u00e9 d&#8217;Ernst Fuchs<\/h2>\n<\/div><div class=\"fusion-text fusion-text-62\"><p style=\"text-align: center;\">La villa Wagner, situ\u00e9e au 26 de la H\u00fcttelbergstra\u00dfe, a \u00e9t\u00e9 construite entre 1886 et 1888 d&#8217;apr\u00e8s les plans d&#8217;Otto Wagner. Aujourd&#8217;hui, cette belle villa est la propri\u00e9t\u00e9 des h\u00e9ritiers d&#8217;Ernst Fuchs. Les amateurs d&#8217;art trouveront derri\u00e8re les murs historiques le mus\u00e9e priv\u00e9 du c\u00e9l\u00e8bre peintre autrichien.  <\/p>\n<\/div><\/div><\/div><div class=\"fusion-clearfix\"><\/div><\/div><\/div><div class=\"fusion-layout-column fusion_builder_column fusion-builder-column-45 fusion_builder_column_1_1 1_1 fusion-one-full fusion-column-first fusion-column-last fusion-animated\" style=\"--awb-bg-position:center center;--awb-bg-size:cover;--awb-margin-bottom:0px;\" data-animationType=\"fadeInLeft\" data-animationDuration=\"0.8\" data-animationOffset=\"top-into-view\"><div class=\"fusion-column-wrapper lazyload fusion-column-has-shadow fusion-flex-column-wrapper-legacy fusion-column-has-bg-image\" data-bg-url=\"https:\/\/imlauer.com\/hotel-imlauer-wien\/wp-content\/uploads\/sites\/8\/2020\/03\/50816.jpg\" data-bg=\"https:\/\/imlauer.com\/hotel-imlauer-wien\/wp-content\/uploads\/sites\/8\/2020\/03\/50816.jpg\"><div class=\"fusion-text fusion-text-63 copyright\"><p style=\"font-size: 11px; text-align: right;\"><span style=\"color: #ffffff;\">\u00a9 WienTourismus\/Paul Bauer<\/span><\/p>\n<\/div><div class=\"fusion-clearfix\"><\/div><\/div><\/div><div class=\"fusion-layout-column fusion_builder_column fusion-builder-column-46 fusion_builder_column_1_1 1_1 fusion-one-full fusion-column-first fusion-column-last fusion-animated\" style=\"--awb-padding-top:11%;--awb-padding-right:11%;--awb-padding-bottom:11%;--awb-padding-left:11%;--awb-bg-color:#ffffff;--awb-bg-color-hover:#ffffff;--awb-bg-size:cover;--awb-margin-bottom:0%;\" data-animationType=\"fadeInRight\" data-animationDuration=\"0.8\" data-animationOffset=\"top-into-view\"><div class=\"fusion-column-wrapper fusion-column-has-shadow fusion-flex-column-wrapper-legacy\"><div class=\"fusion-column-content-centered\"><div class=\"fusion-column-content\"><div class=\"fusion-text fusion-text-64\"><h2 style=\"text-align: center; font-size: 27px;\">La Neubaugasse : la &#8222;rue des sp\u00e9cialistes<\/h2>\n<\/div><div class=\"fusion-text fusion-text-65\"><p style=\"text-align: center;\">Parmi les Viennois, la Neubaugasse est surtout connue comme la &#8222;rue des sp\u00e9cialistes&#8220;. Ici, vous pouvez vous adonner \u00e0 l&#8217;envie de faire du shopping, loin du courant dominant, dans de nombreux petits magasins, dont certains sont g\u00e9r\u00e9s par leurs propri\u00e9taires. <\/p>\n<\/div><\/div><\/div><div class=\"fusion-clearfix\"><\/div><\/div><\/div><div class=\"fusion-layout-column fusion_builder_column fusion-builder-column-47 fusion_builder_column_1_1 1_1 fusion-one-full fusion-column-first fusion-column-last fusion-animated\" style=\"--awb-bg-position:center center;--awb-bg-size:cover;--awb-margin-bottom:0px;\" data-animationType=\"fadeInLeft\" data-animationDuration=\"0.8\" data-animationOffset=\"top-into-view\"><div class=\"fusion-column-wrapper lazyload fusion-column-has-shadow fusion-flex-column-wrapper-legacy fusion-empty-column-bg-image fusion-column-has-bg-image\" data-bg-url=\"https:\/\/imlauer.com\/hotel-imlauer-wien\/wp-content\/uploads\/sites\/8\/2020\/03\/sternwartepark.jpg\" data-bg=\"https:\/\/imlauer.com\/hotel-imlauer-wien\/wp-content\/uploads\/sites\/8\/2020\/03\/sternwartepark.jpg\"><img decoding=\"async\" class=\"fusion-empty-dims-img-placeholder fusion-no-large-visibility\" src=\"data:image\/gif;base64,R0lGODlhAQABAAAAACH5BAEKAAEALAAAAAABAAEAAAICTAEAOw==\"><div class=\"fusion-clearfix\"><\/div><\/div><\/div><div class=\"fusion-layout-column fusion_builder_column fusion-builder-column-48 fusion_builder_column_1_1 1_1 fusion-one-full fusion-column-first fusion-column-last fusion-animated\" style=\"--awb-padding-top:11%;--awb-padding-right:11%;--awb-padding-bottom:11%;--awb-padding-left:11%;--awb-bg-color:#ffffff;--awb-bg-color-hover:#ffffff;--awb-bg-size:cover;--awb-margin-bottom:0px;\" data-animationType=\"fadeInRight\" data-animationDuration=\"0.8\" data-animationOffset=\"top-into-view\"><div class=\"fusion-column-wrapper fusion-column-has-shadow fusion-flex-column-wrapper-legacy\"><div class=\"fusion-column-content-centered\"><div class=\"fusion-column-content\"><div class=\"fusion-text fusion-text-66\"><h2 style=\"text-align: center; font-size: 27px;\">Le parc de l&#8217;observatoire : regarder les \u00e9toiles dans le 18e arrondissement<\/h2>\n<\/div><div class=\"fusion-text fusion-text-67\"><p style=\"text-align: center;\">Des chemins cach\u00e9s et une atmosph\u00e8re f\u00e9erique : le parc de l&#8217;observatoire de la Facult\u00e9 d&#8217;astronomie et d&#8217;astrophysique, situ\u00e9 au num\u00e9ro 2 de la rue Edmund Weiss, est un endroit tr\u00e8s particulier. En vous promenant dans le parc, vous aurez presque l&#8217;impression d&#8217;\u00eatre dans un autre monde. L&#8217;int\u00e9rieur du b\u00e2timent, qui fait partie de l&#8217;Universit\u00e9 de Vienne, et le vaste parc poss\u00e8dent tous deux un charme enchanteur, presque mystique. C&#8217;est un endroit \u00e0 ne pas manquer, et pas seulement pour regarder les \u00e9toiles.   <\/p>\n<\/div><\/div><\/div><div class=\"fusion-clearfix\"><\/div><\/div><\/div><div class=\"fusion-layout-column fusion_builder_column fusion-builder-column-49 fusion_builder_column_1_1 1_1 fusion-one-full fusion-column-first fusion-column-last fusion-animated\" style=\"--awb-bg-position:center center;--awb-bg-size:cover;--awb-margin-bottom:0px;\" data-animationType=\"fadeInLeft\" data-animationDuration=\"0.8\" data-animationOffset=\"top-into-view\"><div class=\"fusion-column-wrapper lazyload fusion-column-has-shadow fusion-flex-column-wrapper-legacy fusion-column-has-bg-image\" data-bg-url=\"https:\/\/imlauer.com\/hotel-imlauer-wien\/wp-content\/uploads\/sites\/8\/2020\/03\/50890.jpg\" data-bg=\"https:\/\/imlauer.com\/hotel-imlauer-wien\/wp-content\/uploads\/sites\/8\/2020\/03\/50890.jpg\"><div class=\"fusion-text fusion-text-68 copyright\"><p style=\"font-size: 11px; text-align: right;\"><span style=\"color: #ffffff;\">\u00a9 WienTourismus\/Paul Bauer<\/span><\/p>\n<\/div><div class=\"fusion-clearfix\"><\/div><\/div><\/div><div class=\"fusion-layout-column fusion_builder_column fusion-builder-column-50 fusion_builder_column_1_1 1_1 fusion-one-full fusion-column-first fusion-column-last fusion-animated\" style=\"--awb-padding-top:11%;--awb-padding-right:11%;--awb-padding-bottom:11%;--awb-padding-left:11%;--awb-bg-color:#ffffff;--awb-bg-color-hover:#ffffff;--awb-bg-size:cover;--awb-margin-bottom:0px;\" data-animationType=\"fadeInRight\" data-animationDuration=\"0.8\" data-animationOffset=\"top-into-view\"><div class=\"fusion-column-wrapper fusion-column-has-shadow fusion-flex-column-wrapper-legacy\"><div class=\"fusion-column-content-centered\"><div class=\"fusion-column-content\"><div class=\"fusion-text fusion-text-69\"><h2 style=\"text-align: center; font-size: 27px;\">\u00c9glise de Wotruba : comment des blocs de b\u00e9ton sont devenus une \u00e9glise<\/h2>\n<\/div><div class=\"fusion-text fusion-text-70\"><p style=\"text-align: center;\">Disons-le d&#8217;embl\u00e9e : elle ne ressemble pas \u00e0 une \u00e9glise typique. L&#8217;\u00e9glise catholique romaine de Wotruba a \u00e9t\u00e9 construite entre 1974 et 1976 \u00e0 partir de blocs de b\u00e9ton au num\u00e9ro 1 de la Ottillingerplatz. \u00c9galement appel\u00e9e &#8222;\u00e9glise de la Sainte-Trinit\u00e9&#8220;, elle se distingue de loin par son design unique. Les 152 blocs de b\u00e9ton bruts cr\u00e9ent des motifs lumineux captivants \u00e0 l&#8217;int\u00e9rieur de l&#8217;\u00e9glise. Mais voyez vous-m\u00eame !    <\/p>\n<\/div><\/div><\/div><div class=\"fusion-clearfix\"><\/div><\/div><\/div><div class=\"fusion-layout-column fusion_builder_column fusion-builder-column-51 fusion_builder_column_1_1 1_1 fusion-one-full fusion-column-first fusion-column-last fusion-animated\" style=\"--awb-bg-position:center center;--awb-bg-size:cover;--awb-margin-bottom:0px;\" data-animationType=\"fadeInLeft\" data-animationDuration=\"0.8\" data-animationOffset=\"top-into-view\"><div class=\"fusion-column-wrapper lazyload fusion-column-has-shadow fusion-flex-column-wrapper-legacy fusion-empty-column-bg-image fusion-column-has-bg-image\" data-bg-url=\"https:\/\/imlauer.com\/hotel-imlauer-wien\/wp-content\/uploads\/sites\/8\/2020\/03\/streichelzoo.jpg\" data-bg=\"https:\/\/imlauer.com\/hotel-imlauer-wien\/wp-content\/uploads\/sites\/8\/2020\/03\/streichelzoo.jpg\"><img decoding=\"async\" class=\"fusion-empty-dims-img-placeholder fusion-no-large-visibility\" src=\"data:image\/gif;base64,R0lGODlhAQABAAAAACH5BAEKAAEALAAAAAABAAEAAAICTAEAOw==\"><div class=\"fusion-clearfix\"><\/div><\/div><\/div><div class=\"fusion-layout-column fusion_builder_column fusion-builder-column-52 fusion_builder_column_1_1 1_1 fusion-one-full fusion-column-first fusion-column-last fusion-animated\" style=\"--awb-padding-top:11%;--awb-padding-right:11%;--awb-padding-bottom:11%;--awb-padding-left:11%;--awb-bg-color:#ffffff;--awb-bg-color-hover:#ffffff;--awb-bg-size:cover;--awb-margin-bottom:8%;\" data-animationType=\"fadeInRight\" data-animationDuration=\"0.8\" data-animationOffset=\"top-into-view\"><div class=\"fusion-column-wrapper fusion-column-has-shadow fusion-flex-column-wrapper-legacy\"><div class=\"fusion-column-content-centered\"><div class=\"fusion-column-content\"><div class=\"fusion-text fusion-text-71\"><h2 style=\"text-align: center; font-size: 27px;\">Streichelzoo Cobenzl : une excursion \u00e0 la ferme pour enfants<\/h2>\n<\/div><div class=\"fusion-text fusion-text-72\"><p style=\"text-align: center;\">Les enfants des villes ne sont pas les seuls \u00e0 appr\u00e9cier le zoo pour enfants du domaine de Cobenzl, qui est une merveilleuse destination pour les familles. Ici, tout est encore comme il se doit : Les lapins gambadent joyeusement dans les prairies, les oies jacassent avec excitation, les chats errent dans la cour et, avec un peu de chance, les enfants pourront caresser un agneau tout doux. Une centaine d&#8217;animaux vivent dans sept \u00e9tables au total. Mais les enfants ne sont pas les seuls \u00e0 se r\u00e9jouir \u00e0 Cobenzl. Le site de r\u00eave, avec une vue imprenable sur Vienne, enchantera \u00e9galement les plus grands. Promenez-vous sur le sentier des papillons, rendez visite \u00e0 la ruche de d\u00e9monstration sur le sentier p\u00e9dagogique des abeilles ou faites du pain frais avec vos enfants. Peu importe ce que vous choisissez : Vous ne vous ennuierez pas ici avec vos enfants !      <\/p>\n<\/div><\/div><\/div><div class=\"fusion-clearfix\"><\/div><\/div><\/div><\/div><\/div><\/p>\n","protected":false},"excerpt":{"rendered":"","protected":false},"author":1,"featured_media":0,"parent":0,"menu_order":0,"comment_status":"closed","ping_status":"closed","template":"100-width.php","meta":{"footnotes":""},"class_list":["post-1184","page","type-page","status-publish","hentry"],"_links":{"self":[{"href":"https:\/\/imlauer.com\/hotel-imlauer-wien\/wp-json\/wp\/v2\/pages\/1184","targetHints":{"allow":["GET"]}}],"collection":[{"href":"https:\/\/imlauer.com\/hotel-imlauer-wien\/wp-json\/wp\/v2\/pages"}],"about":[{"href":"https:\/\/imlauer.com\/hotel-imlauer-wien\/wp-json\/wp\/v2\/types\/page"}],"author":[{"embeddable":true,"href":"https:\/\/imlauer.com\/hotel-imlauer-wien\/wp-json\/wp\/v2\/users\/1"}],"replies":[{"embeddable":true,"href":"https:\/\/imlauer.com\/hotel-imlauer-wien\/wp-json\/wp\/v2\/comments?post=1184"}],"version-history":[{"count":12,"href":"https:\/\/imlauer.com\/hotel-imlauer-wien\/wp-json\/wp\/v2\/pages\/1184\/revisions"}],"predecessor-version":[{"id":1517,"href":"https:\/\/imlauer.com\/hotel-imlauer-wien\/wp-json\/wp\/v2\/pages\/1184\/revisions\/1517"}],"wp:attachment":[{"href":"https:\/\/imlauer.com\/hotel-imlauer-wien\/wp-json\/wp\/v2\/media?parent=1184"}],"curies":[{"name":"wp","href":"https:\/\/api.w.org\/{rel}","templated":true}]}}