{"id":50,"date":"2025-02-03T11:45:39","date_gmt":"2025-02-03T11:45:39","guid":{"rendered":"https:\/\/imlauer.com\/hotel-imlauer-wien\/index.php\/wichtig-zu-wissen\/"},"modified":"2025-08-26T07:47:43","modified_gmt":"2025-08-26T07:47:43","slug":"wichtig-zu-wissen","status":"publish","type":"page","link":"https:\/\/imlauer.com\/hotel-imlauer-wien\/wichtig-zu-wissen\/","title":{"rendered":"Wichtig zu wissen"},"content":{"rendered":"<p><div class=\"fusion-fullwidth fullwidth-box fusion-builder-row-1 nonhundred-percent-fullwidth non-hundred-percent-height-scrolling fusion-equal-height-columns\" style=\"--awb-background-position:left top;--awb-border-sizes-top:0px;--awb-border-sizes-bottom:0px;--awb-border-sizes-left:0px;--awb-border-sizes-right:0px;--awb-border-radius-top-left:0px;--awb-border-radius-top-right:0px;--awb-border-radius-bottom-right:0px;--awb-border-radius-bottom-left:0px;--awb-padding-top:0px;--awb-padding-bottom:35px;--awb-margin-top:40px;--awb-flex-wrap:wrap;\" ><div class=\"fusion-builder-row fusion-row\"><div class=\"fusion-layout-column fusion_builder_column fusion-builder-column-0 fusion_builder_column_1_2 1_2 fusion-one-half fusion-column-first\" style=\"--awb-padding-top:40px;--awb-padding-right:40px;--awb-padding-bottom:40px;--awb-padding-left:40px;--awb-bg-color:#ffffff;--awb-bg-color-hover:#ffffff;--awb-bg-size:cover;--awb-border-color:#ebeef1;--awb-border-top:0;--awb-border-right:0;--awb-border-bottom:0;--awb-border-left:0;--awb-border-style:solid;width:48%; margin-right: 4%;\"><div class=\"fusion-column-wrapper fusion-column-has-shadow fusion-flex-column-wrapper-legacy\"><div class=\"fusion-column-content-centered\"><div class=\"fusion-column-content\"><div class=\"fusion-image-element fusion-image-align-center in-legacy-container\" style=\"text-align:center;--awb-liftup-border-radius:0px;--awb-caption-title-font-family:var(--h2_typography-font-family);--awb-caption-title-font-weight:var(--h2_typography-font-weight);--awb-caption-title-font-style:var(--h2_typography-font-style);--awb-caption-title-size:var(--h2_typography-font-size);--awb-caption-title-transform:var(--h2_typography-text-transform);--awb-caption-title-line-height:var(--h2_typography-line-height);--awb-caption-title-letter-spacing:var(--h2_typography-letter-spacing);\"><div class=\"imageframe-align-center\"><div class=\"awb-image-frame awb-image-frame-1 imageframe-liftup\"><span class=\" fusion-imageframe imageframe-none imageframe-1\"><a href=\"https:\/\/imlauer.com\/hotel-imlauer-wien\/wp-content\/uploads\/2025\/02\/web_imlauer_wien_0719-1113-2.jpg\" class=\"fusion-lightbox\" data-rel=\"iLightbox[6d662aab61db297460b]\" data-title=\"web_imlauer_wien_0719-1113\" title=\"web_imlauer_wien_0719-1113\"><img decoding=\"async\" width=\"1500\" height=\"1000\" src=\"https:\/\/imlauer.com\/hotel-imlauer-wien\/wp-content\/uploads\/2025\/02\/web_imlauer_wien_0719-1113-2.jpg\" data-orig-src=\"https:\/\/imlauer.com\/hotel-imlauer-wien\/wp-content\/uploads\/2025\/02\/web_imlauer_wien_0719-1113-2.jpg\" alt class=\"lazyload img-responsive wp-image-431\" srcset=\"data:image\/svg+xml,%3Csvg%20xmlns%3D%27http%3A%2F%2Fwww.w3.org%2F2000%2Fsvg%27%20width%3D%271500%27%20height%3D%271000%27%20viewBox%3D%270%200%201500%201000%27%3E%3Crect%20width%3D%271500%27%20height%3D%271000%27%20fill-opacity%3D%220%22%2F%3E%3C%2Fsvg%3E\" data-srcset=\"https:\/\/imlauer.com\/hotel-imlauer-wien\/wp-content\/uploads\/2025\/02\/web_imlauer_wien_0719-1113-2-200x133.jpg 200w, https:\/\/imlauer.com\/hotel-imlauer-wien\/wp-content\/uploads\/2025\/02\/web_imlauer_wien_0719-1113-2-400x267.jpg 400w, https:\/\/imlauer.com\/hotel-imlauer-wien\/wp-content\/uploads\/2025\/02\/web_imlauer_wien_0719-1113-2-600x400.jpg 600w, https:\/\/imlauer.com\/hotel-imlauer-wien\/wp-content\/uploads\/2025\/02\/web_imlauer_wien_0719-1113-2-800x533.jpg 800w, https:\/\/imlauer.com\/hotel-imlauer-wien\/wp-content\/uploads\/2025\/02\/web_imlauer_wien_0719-1113-2-1200x800.jpg 1200w, https:\/\/imlauer.com\/hotel-imlauer-wien\/wp-content\/uploads\/2025\/02\/web_imlauer_wien_0719-1113-2.jpg 1500w\" data-sizes=\"auto\" data-orig-sizes=\"(max-width: 969px) 100vw, 600px\" \/><\/a><\/span><\/div><\/div><\/div><\/div><\/div><div class=\"fusion-clearfix\"><\/div><\/div><\/div><div class=\"fusion-layout-column fusion_builder_column fusion-builder-column-1 fusion_builder_column_1_2 1_2 fusion-one-half fusion-column-last\" style=\"--awb-bg-blend:overlay;--awb-bg-size:cover;width:48%;\"><div class=\"fusion-column-wrapper fusion-column-has-shadow fusion-flex-column-wrapper-legacy\"><div class=\"fusion-column-content-centered\"><div class=\"fusion-column-content\"><div class=\"fusion-text fusion-text-1\"><h1 style=\"text-align: center;\">FAQ<\/h1>\n<\/div><div class=\"fusion-sep-clear\"><\/div><div class=\"fusion-separator\" style=\"margin-left: auto;margin-right: auto;margin-top:0px;margin-bottom:20px;width:100%;max-width:50px;\"><div class=\"fusion-separator-border sep-single sep-solid\" style=\"--awb-height:20px;--awb-amount:20px;--awb-sep-color:#af9755;border-color:#af9755;border-top-width:1px;\"><\/div><\/div><div class=\"fusion-sep-clear\"><\/div><div class=\"fusion-text fusion-text-2\"><p style=\"text-align: center;\">Haben Sie Fragen? St\u00f6bern Sie einfach durch unseren FAQ-Katalog. Sollte der gew\u00fcnschte Inhalt nicht dabei sein, z\u00f6gern Sie nicht uns zu kontaktieren.<\/p>\n<p style=\"text-align: center;\">Gerne beantworten wir Ihre Anfrage auch via Email unter <a href=\"mailto:hotel.wien@imlauer.com\">hotel.wien@imlauer.com<\/a><br \/>\noder via Telefon unter <a href=\"tel:+431211400\">+43 1 211 40 0<\/a><\/p>\n<div class=\"titles\">\n<p style=\"text-align: center;\">Wir freuen uns jederzeit behiflich zu sein.<\/p>\n<\/div>\n<\/div><\/div><\/div><div class=\"fusion-clearfix\"><\/div><\/div><\/div><\/div><\/div><div class=\"fusion-fullwidth fullwidth-box fusion-builder-row-2 hundred-percent-fullwidth non-hundred-percent-height-scrolling fusion-equal-height-columns\" style=\"--awb-background-position:left top;--awb-border-sizes-top:0px;--awb-border-sizes-bottom:0px;--awb-border-sizes-left:0px;--awb-border-sizes-right:0px;--awb-border-radius-top-left:0px;--awb-border-radius-top-right:0px;--awb-border-radius-bottom-right:0px;--awb-border-radius-bottom-left:0px;--awb-padding-top:20px;--awb-padding-right:20px;--awb-padding-bottom:20px;--awb-padding-left:20px;--awb-margin-top:0px;--awb-margin-bottom:0px;--awb-background-color:#af9755;--awb-flex-wrap:wrap;\" id=\"faq_themen\" ><div class=\"fusion-builder-row fusion-row\"><div class=\"fusion-layout-column fusion_builder_column fusion-builder-column-2 fusion_builder_column_1_1 1_1 fusion-one-full fusion-column-first fusion-column-last fusion-column-no-min-height\" style=\"--awb-bg-size:cover;--awb-margin-bottom:0px;\"><div class=\"fusion-column-wrapper fusion-column-has-shadow fusion-flex-column-wrapper-legacy\"><div class=\"fusion-column-content-centered\"><div class=\"fusion-column-content\"><div class=\"fusion-text fusion-text-3\"><h2 style=\"text-align: center;\"><span style=\"color: #ffffff;\">THEMENAUSWAHL<\/span><\/h2>\n<\/div><div class=\"fusion-content-boxes content-boxes columns row fusion-columns-6 fusion-columns-total-6 fusion-content-boxes-1 content-boxes-icon-on-top content-left\" style=\"--awb-backgroundcolor:#ffffff;--awb-body-color:#636362;--awb-title-color:#af9755;--awb-iconcolor:#008ab4;--awb-hover-accent-color:#008ab4;--awb-circle-hover-accent-color:transparent;\" id=\"themenauswahl\" data-animationOffset=\"top-into-view\"><div style=\"--awb-backgroundcolor:#ffffff;--awb-iconcolor:#008ab4;\" class=\"fusion-column content-box-column content-box-column content-box-column-1 col-lg-2 col-md-2 col-sm-2 fusion-content-box-hover content-box-column-first-in-row\"><div class=\"col content-box-wrapper content-wrapper-background link-area-box link-type-text icon-hover-animation-slide\" data-link=\"#anreise\" data-link-target=\"_self\" data-animationOffset=\"top-into-view\"><div class=\"heading heading-with-icon icon-left\"><a class=\"heading-link\" href=\"#anreise\" target=\"_self\"><div aria-hidden=\"true\" class=\"image\"><img decoding=\"async\" class=\"lazyload\" src=\"data:image\/svg+xml,%3Csvg%20xmlns%3D%27http%3A%2F%2Fwww.w3.org%2F2000%2Fsvg%27%20width%3D%27100%27%20height%3D%27100%27%20viewBox%3D%270%200%20100%20100%27%3E%3Crect%20width%3D%27100%27%20height%3D%27100%27%20fill-opacity%3D%220%22%2F%3E%3C%2Fsvg%3E\" data-orig-src=\"https:\/\/imlauer.com\/hotel-imlauer-wien\/wp-content\/uploads\/2025\/02\/schluessel.png\" width=\"100\" height=\"100\" alt=\"\" \/><\/div><h2 class=\"content-box-heading\" style=\"--h2_typography-font-size:20px;line-height:25px;\">Anreise<\/h2><\/a><\/div><\/div><\/div><div style=\"--awb-backgroundcolor:#ffffff;--awb-iconcolor:#008ab4;\" class=\"fusion-column content-box-column content-box-column content-box-column-2 col-lg-2 col-md-2 col-sm-2 fusion-content-box-hover \"><div class=\"col content-box-wrapper content-wrapper-background link-area-box link-type-text icon-hover-animation-slide\" data-link=\"#abreise\" data-link-target=\"_self\" data-animationOffset=\"top-into-view\"><div class=\"heading heading-with-icon icon-left\"><a class=\"heading-link\" href=\"#abreise\" target=\"_self\"><div aria-hidden=\"true\" class=\"image\"><img decoding=\"async\" class=\"lazyload\" src=\"data:image\/svg+xml,%3Csvg%20xmlns%3D%27http%3A%2F%2Fwww.w3.org%2F2000%2Fsvg%27%20width%3D%27100%27%20height%3D%27100%27%20viewBox%3D%270%200%20100%20100%27%3E%3Crect%20width%3D%27100%27%20height%3D%27100%27%20fill-opacity%3D%220%22%2F%3E%3C%2Fsvg%3E\" data-orig-src=\"https:\/\/imlauer.com\/hotel-imlauer-wien\/wp-content\/uploads\/2025\/02\/wegweiser-1.png\" width=\"100\" height=\"100\" alt=\"\" \/><\/div><h2 class=\"content-box-heading\" style=\"--h2_typography-font-size:20px;line-height:25px;\">Abreise<\/h2><\/a><\/div><\/div><\/div><div style=\"--awb-backgroundcolor:#ffffff;--awb-iconcolor:#008ab4;\" class=\"fusion-column content-box-column content-box-column content-box-column-3 col-lg-2 col-md-2 col-sm-2 fusion-content-box-hover \"><div class=\"col content-box-wrapper content-wrapper-background link-area-box link-type-text icon-hover-animation-slide\" data-link=\"#hotel\" data-link-target=\"_self\" data-animationOffset=\"top-into-view\"><div class=\"heading heading-with-icon icon-left\"><a class=\"heading-link\" href=\"#hotel\" target=\"_self\"><div aria-hidden=\"true\" class=\"image\"><img decoding=\"async\" class=\"lazyload\" src=\"data:image\/svg+xml,%3Csvg%20xmlns%3D%27http%3A%2F%2Fwww.w3.org%2F2000%2Fsvg%27%20width%3D%27100%27%20height%3D%27100%27%20viewBox%3D%270%200%20100%20100%27%3E%3Crect%20width%3D%27100%27%20height%3D%27100%27%20fill-opacity%3D%220%22%2F%3E%3C%2Fsvg%3E\" data-orig-src=\"https:\/\/imlauer.com\/hotel-imlauer-wien\/wp-content\/uploads\/2025\/02\/HotelIcon.png\" width=\"100\" height=\"100\" alt=\"\" \/><\/div><h2 class=\"content-box-heading\" style=\"--h2_typography-font-size:20px;line-height:25px;\">im Hotel<\/h2><\/a><\/div><\/div><\/div><div style=\"--awb-backgroundcolor:#ffffff;--awb-iconcolor:#008ab4;\" class=\"fusion-column content-box-column content-box-column content-box-column-4 col-lg-2 col-md-2 col-sm-2 fusion-content-box-hover \"><div class=\"col content-box-wrapper content-wrapper-background link-area-box link-type-text icon-hover-animation-slide\" data-link=\"#naehe\" data-link-target=\"_self\" data-animationOffset=\"top-into-view\"><div class=\"heading heading-with-icon icon-left\"><a class=\"heading-link\" href=\"#naehe\" target=\"_self\"><div aria-hidden=\"true\" class=\"image\"><img decoding=\"async\" class=\"lazyload\" src=\"data:image\/svg+xml,%3Csvg%20xmlns%3D%27http%3A%2F%2Fwww.w3.org%2F2000%2Fsvg%27%20width%3D%27100%27%20height%3D%27100%27%20viewBox%3D%270%200%20100%20100%27%3E%3Crect%20width%3D%27100%27%20height%3D%27100%27%20fill-opacity%3D%220%22%2F%3E%3C%2Fsvg%3E\" data-orig-src=\"https:\/\/imlauer.com\/hotel-imlauer-wien\/wp-content\/uploads\/2025\/02\/imlauernearby.png\" width=\"100\" height=\"100\" alt=\"\" \/><\/div><h2 class=\"content-box-heading\" style=\"--h2_typography-font-size:20px;line-height:25px;\">in der N\u00e4he<\/h2><\/a><\/div><\/div><\/div><div style=\"--awb-backgroundcolor:#ffffff;--awb-iconcolor:#008ab4;\" class=\"fusion-column content-box-column content-box-column content-box-column-5 col-lg-2 col-md-2 col-sm-2 fusion-content-box-hover \"><div class=\"col content-box-wrapper content-wrapper-background link-area-box link-type-text icon-hover-animation-slide\" data-link=\"#fitness\" data-link-target=\"_self\" data-animationOffset=\"top-into-view\"><div class=\"heading heading-with-icon icon-left\"><a class=\"heading-link\" href=\"#fitness\" target=\"_self\"><div aria-hidden=\"true\" class=\"image\"><img decoding=\"async\" class=\"lazyload\" src=\"data:image\/svg+xml,%3Csvg%20xmlns%3D%27http%3A%2F%2Fwww.w3.org%2F2000%2Fsvg%27%20width%3D%27100%27%20height%3D%27100%27%20viewBox%3D%270%200%20100%20100%27%3E%3Crect%20width%3D%27100%27%20height%3D%27100%27%20fill-opacity%3D%220%22%2F%3E%3C%2Fsvg%3E\" data-orig-src=\"https:\/\/imlauer.com\/hotel-imlauer-wien\/wp-content\/uploads\/2025\/02\/ImlauerFitness.png\" width=\"100\" height=\"100\" alt=\"\" \/><\/div><h2 class=\"content-box-heading\" style=\"--h2_typography-font-size:20px;line-height:25px;\">Fitness<\/h2><\/a><\/div><\/div><\/div><div style=\"--awb-backgroundcolor:#ffffff;--awb-iconcolor:#008ab4;\" class=\"fusion-column content-box-column content-box-column content-box-column-6 col-lg-2 col-md-2 col-sm-2 fusion-content-box-hover content-box-column-last content-box-column-last-in-row\"><div class=\"col content-box-wrapper content-wrapper-background link-area-box link-type-text icon-hover-animation-slide\" data-link=\"#kulinarik\" data-link-target=\"_self\" data-animationOffset=\"top-into-view\"><div class=\"heading heading-with-icon icon-left\"><a class=\"heading-link\" href=\"#kulinarik\" target=\"_self\"><div aria-hidden=\"true\" class=\"image\"><img decoding=\"async\" class=\"lazyload\" src=\"data:image\/svg+xml,%3Csvg%20xmlns%3D%27http%3A%2F%2Fwww.w3.org%2F2000%2Fsvg%27%20width%3D%27100%27%20height%3D%27100%27%20viewBox%3D%270%200%20100%20100%27%3E%3Crect%20width%3D%27100%27%20height%3D%27100%27%20fill-opacity%3D%220%22%2F%3E%3C%2Fsvg%3E\" data-orig-src=\"https:\/\/imlauer.com\/hotel-imlauer-wien\/wp-content\/uploads\/2025\/02\/besteck-glas-1.png\" width=\"100\" height=\"100\" alt=\"\" \/><\/div><h2 class=\"content-box-heading\" style=\"--h2_typography-font-size:20px;line-height:25px;\">Kulinarik<\/h2><\/a><\/div><\/div><\/div><div class=\"fusion-clearfix\"><\/div><\/div><\/div><\/div><div class=\"fusion-clearfix\"><\/div><\/div><\/div><\/div><\/div><div class=\"fusion-fullwidth fullwidth-box fusion-builder-row-3 hundred-percent-fullwidth non-hundred-percent-height-scrolling\" style=\"--awb-border-radius-top-left:0px;--awb-border-radius-top-right:0px;--awb-border-radius-bottom-right:0px;--awb-border-radius-bottom-left:0px;--awb-padding-top:4%;--awb-padding-right:6%;--awb-padding-bottom:3%;--awb-padding-left:6%;--awb-flex-wrap:wrap;\" id=\"faq_themen\" ><div class=\"fusion-builder-row fusion-row\"><div class=\"fusion-layout-column fusion_builder_column fusion-builder-column-3 fusion_builder_column_1_2 1_2 fusion-one-half fusion-column-first fusion-animated\" style=\"--awb-padding-top:5%;--awb-padding-right:11%;--awb-padding-bottom:5%;--awb-padding-left:11%;--awb-bg-color:#ffffff;--awb-bg-color-hover:#ffffff;--awb-bg-size:cover;--awb-margin-bottom:0px;width:50%;width:calc(50% - ( ( 0 ) * 0.5 ) );margin-right: 0px;\" data-animationType=\"fadeInLeft\" data-animationDuration=\"0.8\" data-animationOffset=\"top-into-view\" id=\"anreise\"><div class=\"fusion-column-wrapper fusion-column-has-shadow fusion-flex-column-wrapper-legacy\"><div class=\"fusion-content-boxes content-boxes columns row fusion-columns-1 fusion-columns-total-1 fusion-content-boxes-2 content-boxes-icon-on-top content-left\" style=\"--awb-backgroundcolor:#ffffff;--awb-body-color:#636362;--awb-title-color:#af9755;--awb-iconcolor:#008ab4;--awb-hover-accent-color:#af9755;--awb-circle-hover-accent-color:transparent;--awb-item-margin-bottom:40px;\" data-animationOffset=\"top-into-view\"><div style=\"--awb-backgroundcolor:#ffffff;--awb-iconcolor:#008ab4;\" class=\"fusion-column content-box-column content-box-column content-box-column-1 col-lg-12 col-md-12 col-sm-12 fusion-content-box-hover content-box-column-last content-box-column-last-in-row\"><div class=\"col content-box-wrapper content-wrapper-background link-area-link-icon icon-hover-animation-slide\" data-animationOffset=\"top-into-view\"><div class=\"heading heading-with-icon icon-left\"><div aria-hidden=\"true\" class=\"image\"><img decoding=\"async\" class=\"lazyload\" src=\"data:image\/svg+xml,%3Csvg%20xmlns%3D%27http%3A%2F%2Fwww.w3.org%2F2000%2Fsvg%27%20width%3D%27100%27%20height%3D%27100%27%20viewBox%3D%270%200%20100%20100%27%3E%3Crect%20width%3D%27100%27%20height%3D%27100%27%20fill-opacity%3D%220%22%2F%3E%3C%2Fsvg%3E\" data-orig-src=\"https:\/\/imlauer.com\/hotel-imlauer-wien\/wp-content\/uploads\/2025\/02\/schluessel.png\" width=\"100\" height=\"100\" alt=\"\" \/><\/div><h2 class=\"content-box-heading\" style=\"--h2_typography-font-size:20px;line-height:25px;\">Anreise<\/h2><\/div><\/div><\/div><div class=\"fusion-clearfix\"><\/div><\/div><div class=\"accordian fusion-accordian\" style=\"--awb-border-size:1px;--awb-icon-size:13px;--awb-content-font-size:18px;--awb-icon-alignment:right;--awb-hover-color:#f9f9f9;--awb-border-color:#cccccc;--awb-background-color:#ffffff;--awb-divider-color:#e0dede;--awb-divider-hover-color:#e0dede;--awb-icon-color:#ffffff;--awb-title-color:#af9754;--awb-content-color:#747474;--awb-icon-box-color:#333333;--awb-toggle-hover-accent-color:#af9754;--awb-title-font-family:&quot;Bitter&quot;;--awb-title-font-weight:400;--awb-title-font-style:normal;--awb-content-font-family:&quot;Source Sans Pro&quot;;--awb-content-font-style:normal;--awb-content-font-weight:400;\"><div class=\"panel-group fusion-toggle-icon-right fusion-toggle-icon-boxed\" id=\"accordion-50-1\"><div class=\"fusion-panel panel-default panel-0c624b0742405d383 fusion-toggle-has-divider\"><div class=\"panel-heading\"><h4 class=\"panel-title toggle\" id=\"toggle_0c624b0742405d383\"><a aria-expanded=\"false\" aria-controls=\"0c624b0742405d383\" role=\"button\" data-toggle=\"collapse\" data-parent=\"#accordion-50-1\" data-target=\"#0c624b0742405d383\" href=\"#0c624b0742405d383\"><span class=\"fusion-toggle-icon-wrapper\" aria-hidden=\"true\"><i class=\"fa-fusion-box active-icon awb-icon-minus\" aria-hidden=\"true\"><\/i><i class=\"fa-fusion-box inactive-icon awb-icon-plus\" aria-hidden=\"true\"><\/i><\/span><span class=\"fusion-toggle-heading\">Was ist eine Autorisierung?<\/span><\/a><\/h4><\/div><div id=\"0c624b0742405d383\" class=\"panel-collapse collapse \" aria-labelledby=\"toggle_0c624b0742405d383\"><div class=\"panel-body toggle-content fusion-clearfix\">Bei einer Vorautorisierung wird durch die kartenherausgebende Bank ein Betrag auf Ihrer Kreditkarte reserviert. Das bedeutet: Ihre Kreditkarte wird nicht effektiv belastet.<br \/>\nSie k\u00f6nnen jedoch \u00fcber den reservierten Betrag f\u00fcr eine gewisse Dauer nicht verf\u00fcgen.<br \/>\nDieses Vorgehen dient beispielsweise dem Hotel als Zahlungssicherheit.<\/div><\/div><\/div><div class=\"fusion-panel panel-default panel-46310a038104f15f1 fusion-toggle-has-divider\"><div class=\"panel-heading\"><h4 class=\"panel-title toggle\" id=\"toggle_46310a038104f15f1\"><a aria-expanded=\"false\" aria-controls=\"46310a038104f15f1\" role=\"button\" data-toggle=\"collapse\" data-parent=\"#accordion-50-1\" data-target=\"#46310a038104f15f1\" href=\"#46310a038104f15f1\"><span class=\"fusion-toggle-icon-wrapper\" aria-hidden=\"true\"><i class=\"fa-fusion-box active-icon awb-icon-minus\" aria-hidden=\"true\"><\/i><i class=\"fa-fusion-box inactive-icon awb-icon-plus\" aria-hidden=\"true\"><\/i><\/span><span class=\"fusion-toggle-heading\">Welche M\u00f6glichkeiten habe ich wenn ich keine Kreditkarte besitze?<\/span><\/a><\/h4><\/div><div id=\"46310a038104f15f1\" class=\"panel-collapse collapse \" aria-labelledby=\"toggle_46310a038104f15f1\"><div class=\"panel-body toggle-content fusion-clearfix\">Sollten Sie keine Kreditkarte besitze so k\u00f6nnen Sie die Bezahlung auch gerne per Vorauszahlung vornehmen.<br \/>\nF\u00fcr weitere Informationen hierzu wenden Sie sich bitte telefonisch oder auch per E-Mail an das Hotel.<\/div><\/div><\/div><div class=\"fusion-panel panel-default panel-2117b2876bc85b487 fusion-toggle-has-divider\"><div class=\"panel-heading\"><h4 class=\"panel-title toggle\" id=\"toggle_2117b2876bc85b487\"><a aria-expanded=\"false\" aria-controls=\"2117b2876bc85b487\" role=\"button\" data-toggle=\"collapse\" data-parent=\"#accordion-50-1\" data-target=\"#2117b2876bc85b487\" href=\"#2117b2876bc85b487\"><span class=\"fusion-toggle-icon-wrapper\" aria-hidden=\"true\"><i class=\"fa-fusion-box active-icon awb-icon-minus\" aria-hidden=\"true\"><\/i><i class=\"fa-fusion-box inactive-icon awb-icon-plus\" aria-hidden=\"true\"><\/i><\/span><span class=\"fusion-toggle-heading\">Ben\u00f6tige ich f\u00fcr die Buchung eine Kreditkarte? Wozu werden meine Kreditkartendaten ben\u00f6tigt? Sind diese gesch\u00fctzt?<\/span><\/a><\/h4><\/div><div id=\"2117b2876bc85b487\" class=\"panel-collapse collapse \" aria-labelledby=\"toggle_2117b2876bc85b487\"><div class=\"panel-body toggle-content fusion-clearfix\">\n<p>Ja, wir ben\u00f6tigen die Kreditkartenangaben als Garantie oder zur Bezahlung der Buchung bei Aktionsraten.<br \/>\nIst eine Kreditkarte hinterlegt garantieren wir, Ihre Buchung bis zu Ihrer Ankunft zu halten.<br \/>\nBei Check-in k\u00f6nnen Sie dann gerne entscheiden, ob Sie Ihre Buchung in bar oder mit Kreditkarte bezahlen wollen, soweit diese nicht schon im Voraus bezahlt wurde.<\/p>\n<p>Sollten Sie Ihre Kreditkarteninformationen nicht \u00fcber das Internet verschicken wollen, k\u00f6nnen Sie uns diese auch gerne per Fax oder per Telefon zukommen lassen.<\/p>\n<p>Unser Hotel ist PCI verifiziert und gew\u00e4hrleistet somit den Schutz Ihre Daten.<\/p>\n<p>Weitere Infos unter:<a href=\"https:\/\/imlauer.com\/datenschutz\/\"> https:\/\/imlauer.com\/datenschutz\/<\/a><\/p>\n<\/div><\/div><\/div><div class=\"fusion-panel panel-default panel-d6e5ad196188852f1 fusion-toggle-has-divider\"><div class=\"panel-heading\"><h4 class=\"panel-title toggle\" id=\"toggle_d6e5ad196188852f1\"><a aria-expanded=\"false\" aria-controls=\"d6e5ad196188852f1\" role=\"button\" data-toggle=\"collapse\" data-parent=\"#accordion-50-1\" data-target=\"#d6e5ad196188852f1\" href=\"#d6e5ad196188852f1\"><span class=\"fusion-toggle-icon-wrapper\" aria-hidden=\"true\"><i class=\"fa-fusion-box active-icon awb-icon-minus\" aria-hidden=\"true\"><\/i><i class=\"fa-fusion-box inactive-icon awb-icon-plus\" aria-hidden=\"true\"><\/i><\/span><span class=\"fusion-toggle-heading\">Darf man alleine einchecken wenn man unter 18 Jahre alt ist?<\/span><\/a><\/h4><\/div><div id=\"d6e5ad196188852f1\" class=\"panel-collapse collapse \" aria-labelledby=\"toggle_d6e5ad196188852f1\"><div class=\"panel-body toggle-content fusion-clearfix\">Ja Jugendlichen d\u00fcrfen ab einem Alter von 16 Jahren mit Best\u00e4tigung der Eltern alleine anreisen.<\/div><\/div><\/div><div class=\"fusion-panel panel-default panel-4ca7af35f3021a56c fusion-toggle-has-divider\"><div class=\"panel-heading\"><h4 class=\"panel-title toggle\" id=\"toggle_4ca7af35f3021a56c\"><a aria-expanded=\"false\" aria-controls=\"4ca7af35f3021a56c\" role=\"button\" data-toggle=\"collapse\" data-parent=\"#accordion-50-1\" data-target=\"#4ca7af35f3021a56c\" href=\"#4ca7af35f3021a56c\"><span class=\"fusion-toggle-icon-wrapper\" aria-hidden=\"true\"><i class=\"fa-fusion-box active-icon awb-icon-minus\" aria-hidden=\"true\"><\/i><i class=\"fa-fusion-box inactive-icon awb-icon-plus\" aria-hidden=\"true\"><\/i><\/span><span class=\"fusion-toggle-heading\">Welcher ist der n\u00e4heste Bahnhof? Wie komme ich von hier zum Hotel?<\/span><\/a><\/h4><\/div><div id=\"4ca7af35f3021a56c\" class=\"panel-collapse collapse \" aria-labelledby=\"toggle_4ca7af35f3021a56c\"><div class=\"panel-body toggle-content fusion-clearfix\">\n<p>Der n\u00e4heste Bahnhof ist der Wiener\u00a0<strong>Hauptbahnhof<\/strong>.<br \/>\nDieser ist direkt mit unserer n\u00e4hesten U-bahnstation\u00a0<strong>\u201eNestroyplatz\u201c<\/strong>\u00a0der Linie U1 (rote Linie) verbunden.<\/p>\n<\/div><\/div><\/div><div class=\"fusion-panel panel-default panel-ed0b8e43c9678b174 fusion-toggle-has-divider\"><div class=\"panel-heading\"><h4 class=\"panel-title toggle\" id=\"toggle_ed0b8e43c9678b174\"><a aria-expanded=\"false\" aria-controls=\"ed0b8e43c9678b174\" role=\"button\" data-toggle=\"collapse\" data-parent=\"#accordion-50-1\" data-target=\"#ed0b8e43c9678b174\" href=\"#ed0b8e43c9678b174\"><span class=\"fusion-toggle-icon-wrapper\" aria-hidden=\"true\"><i class=\"fa-fusion-box active-icon awb-icon-minus\" aria-hidden=\"true\"><\/i><i class=\"fa-fusion-box inactive-icon awb-icon-plus\" aria-hidden=\"true\"><\/i><\/span><span class=\"fusion-toggle-heading\">K\u00f6nnen die Koffer bzw. Taschen bei Anreise\/Abreise im Hotel deponiert werden?<\/span><\/a><\/h4><\/div><div id=\"ed0b8e43c9678b174\" class=\"panel-collapse collapse \" aria-labelledby=\"toggle_ed0b8e43c9678b174\"><div class=\"panel-body toggle-content fusion-clearfix\">\n<p>Gerne kann das Gep\u00e4ck vor Anreise oder nach Abreise im Hotel kostenfrei abgestellt werden.<\/p>\n<\/div><\/div><\/div><div class=\"fusion-panel panel-default panel-c45d399c3ec8871cd fusion-toggle-has-divider\"><div class=\"panel-heading\"><h4 class=\"panel-title toggle\" id=\"toggle_c45d399c3ec8871cd\"><a aria-expanded=\"false\" aria-controls=\"c45d399c3ec8871cd\" role=\"button\" data-toggle=\"collapse\" data-parent=\"#accordion-50-1\" data-target=\"#c45d399c3ec8871cd\" href=\"#c45d399c3ec8871cd\"><span class=\"fusion-toggle-icon-wrapper\" aria-hidden=\"true\"><i class=\"fa-fusion-box active-icon awb-icon-minus\" aria-hidden=\"true\"><\/i><i class=\"fa-fusion-box inactive-icon awb-icon-plus\" aria-hidden=\"true\"><\/i><\/span><span class=\"fusion-toggle-heading\">Gibt es im Hotel einen Koffertr\u00e4ger bzw. Gep\u00e4ck-\/Porterservice?<\/span><\/a><\/h4><\/div><div id=\"c45d399c3ec8871cd\" class=\"panel-collapse collapse \" aria-labelledby=\"toggle_c45d399c3ec8871cd\"><div class=\"panel-body toggle-content fusion-clearfix\">Nein, leider bieten wir in unserem Haus keinen Porterservice an.<\/div><\/div><\/div><div class=\"fusion-panel panel-default panel-a74d7282537c06919 fusion-toggle-has-divider\"><div class=\"panel-heading\"><h4 class=\"panel-title toggle\" id=\"toggle_a74d7282537c06919\"><a aria-expanded=\"false\" aria-controls=\"a74d7282537c06919\" role=\"button\" data-toggle=\"collapse\" data-parent=\"#accordion-50-1\" data-target=\"#a74d7282537c06919\" href=\"#a74d7282537c06919\"><span class=\"fusion-toggle-icon-wrapper\" aria-hidden=\"true\"><i class=\"fa-fusion-box active-icon awb-icon-minus\" aria-hidden=\"true\"><\/i><i class=\"fa-fusion-box inactive-icon awb-icon-plus\" aria-hidden=\"true\"><\/i><\/span><span class=\"fusion-toggle-heading\">Ab wann ist der Check In m\u00f6glich?<\/span><\/a><\/h4><\/div><div id=\"a74d7282537c06919\" class=\"panel-collapse collapse \" aria-labelledby=\"toggle_a74d7282537c06919\"><div class=\"panel-body toggle-content fusion-clearfix\">Check In ist ab 15 Uhr m\u00f6glich. Sollte das Zimmer schon vorab beziehbar sein, k\u00f6nnen Sie nat\u00fcrlich gerne schon fr\u00fcher einchecken.<\/div><\/div><\/div><div class=\"fusion-panel panel-default panel-c387059f58caeed80 fusion-toggle-has-divider\" style=\"--awb-title-color:#af9754;--awb-content-color:#747474;\"><div class=\"panel-heading\"><h4 class=\"panel-title toggle\" id=\"toggle_c387059f58caeed80\"><a aria-expanded=\"false\" aria-controls=\"c387059f58caeed80\" role=\"button\" data-toggle=\"collapse\" data-parent=\"#accordion-50-1\" data-target=\"#c387059f58caeed80\" href=\"#c387059f58caeed80\"><span class=\"fusion-toggle-icon-wrapper\" aria-hidden=\"true\"><i class=\"fa-fusion-box active-icon awb-icon-minus\" aria-hidden=\"true\"><\/i><i class=\"fa-fusion-box inactive-icon awb-icon-plus\" aria-hidden=\"true\"><\/i><\/span><span class=\"fusion-toggle-heading\">Gibt es die M\u00f6glichkeit einen Transfer vom Flughafen zu bestellen? Was kostet dieser?<\/span><\/a><\/h4><\/div><div id=\"c387059f58caeed80\" class=\"panel-collapse collapse \" aria-labelledby=\"toggle_c387059f58caeed80\"><div class=\"panel-body toggle-content fusion-clearfix\">\n<p>Gerne sind wir Ihnen mit der Organisation eines Transfers behilflich.<br \/>\nSie k\u00f6nnen zwischen folgenden Fahrzeugen w\u00e4hlen:<\/p>\n<p>Ein Wagen f\u00fcr maximal 4 Personen\u00a0\u00a0\u00a0\u00a0\u00a0\u00a0 \u00a0\u00a0\u00a0\u00a0\u00a0\u00a0\u00a0\u00a0\u00a0\u00a0\u00a0\u00a0\u00a0\u00a0\u00a0\u00a0\u00a0 EUR 49,00<\/p>\n<p>Ein Bus f\u00fcr maximal 7 Personen\u00a0\u00a0\u00a0 \u00a0\u00a0\u00a0\u00a0\u00a0\u00a0\u00a0\u00a0\u00a0\u00a0\u00a0\u00a0\u00a0\u00a0\u00a0\u00a0\u00a0\u00a0\u00a0\u00a0\u00a0\u00a0\u00a0\u00a0\u00a0\u00a0 EUR 80,00<\/p>\n<p>Die Preise gelten pro Fahrzeug.<\/p>\n<p>F\u00fcr eine Buchung geben Sie uns telefonisch oder per E-Mail bescheid.<\/p>\n<\/div><\/div><\/div><div class=\"fusion-panel panel-default panel-5659c96f975606f56 fusion-toggle-has-divider\"><div class=\"panel-heading\"><h4 class=\"panel-title toggle\" id=\"toggle_5659c96f975606f56\"><a aria-expanded=\"false\" aria-controls=\"5659c96f975606f56\" role=\"button\" data-toggle=\"collapse\" data-parent=\"#accordion-50-1\" data-target=\"#5659c96f975606f56\" href=\"#5659c96f975606f56\"><span class=\"fusion-toggle-icon-wrapper\" aria-hidden=\"true\"><i class=\"fa-fusion-box active-icon awb-icon-minus\" aria-hidden=\"true\"><\/i><i class=\"fa-fusion-box inactive-icon awb-icon-plus\" aria-hidden=\"true\"><\/i><\/span><span class=\"fusion-toggle-heading\">Ben\u00f6tige ich einen Ausweis um einzuchecken?<\/span><\/a><\/h4><\/div><div id=\"5659c96f975606f56\" class=\"panel-collapse collapse \" aria-labelledby=\"toggle_5659c96f975606f56\"><div class=\"panel-body toggle-content fusion-clearfix\">In \u00d6sterreich gibt es eine Ausweispflicht.<br \/>\nEUB\u00fcrger \u2013 ben\u00f6tigen einen g\u00fcltigen Personalausweis oder Reisepass<br \/>\nNICHT EU-B\u00fcrger \u2013 wird ein Reisepass ben\u00f6tigt<\/div><\/div><\/div><div class=\"fusion-panel panel-default panel-24d631b2d1f41797c fusion-toggle-has-divider\" style=\"--awb-title-color:#af9754;--awb-content-color:#747474;\"><div class=\"panel-heading\"><h4 class=\"panel-title toggle\" id=\"toggle_24d631b2d1f41797c\"><a aria-expanded=\"false\" aria-controls=\"24d631b2d1f41797c\" role=\"button\" data-toggle=\"collapse\" data-parent=\"#accordion-50-1\" data-target=\"#24d631b2d1f41797c\" href=\"#24d631b2d1f41797c\"><span class=\"fusion-toggle-icon-wrapper\" aria-hidden=\"true\"><i class=\"fa-fusion-box active-icon awb-icon-minus\" aria-hidden=\"true\"><\/i><i class=\"fa-fusion-box inactive-icon awb-icon-plus\" aria-hidden=\"true\"><\/i><\/span><span class=\"fusion-toggle-heading\">Gibt es eine Garage? Muss ich diese reservieren? Wie viel kostet diese?<\/span><\/a><\/h4><\/div><div id=\"24d631b2d1f41797c\" class=\"panel-collapse collapse \" aria-labelledby=\"toggle_24d631b2d1f41797c\"><div class=\"panel-body toggle-content fusion-clearfix\">\n<p>Private Parkpl\u00e4tze stehen an der Unterkunft (Reservierung ist nicht erforderlich) zur Verf\u00fcgung und kosten EUR 26 pro Tag<\/p>\n<\/div><\/div><\/div><\/div><\/div><div class=\"fusion-clearfix\"><\/div><\/div><\/div><div class=\"fusion-layout-column fusion_builder_column fusion-builder-column-4 fusion_builder_column_1_2 1_2 fusion-one-half fusion-column-last fusion-animated\" style=\"--awb-padding-top:5%;--awb-padding-right:11%;--awb-padding-bottom:5%;--awb-padding-left:11%;--awb-bg-color:#ffffff;--awb-bg-color-hover:#ffffff;--awb-bg-size:cover;--awb-margin-bottom:0px;width:50%;width:calc(50% - ( ( 0 ) * 0.5 ) );\" data-animationType=\"fadeInLeft\" data-animationDuration=\"0.8\" data-animationOffset=\"top-into-view\" id=\"abreise\"><div class=\"fusion-column-wrapper fusion-column-has-shadow fusion-flex-column-wrapper-legacy\"><div class=\"fusion-content-boxes content-boxes columns row fusion-columns-1 fusion-columns-total-1 fusion-content-boxes-3 content-boxes-icon-on-top content-left\" style=\"--awb-backgroundcolor:#ffffff;--awb-body-color:#636362;--awb-title-color:#af9755;--awb-iconcolor:#008ab4;--awb-hover-accent-color:#af9755;--awb-circle-hover-accent-color:transparent;--awb-item-margin-bottom:40px;\" data-animationOffset=\"top-into-view\"><div style=\"--awb-backgroundcolor:#ffffff;--awb-iconcolor:#008ab4;\" class=\"fusion-column content-box-column content-box-column content-box-column-1 col-lg-12 col-md-12 col-sm-12 fusion-content-box-hover content-box-column-last content-box-column-last-in-row\"><div class=\"col content-box-wrapper content-wrapper-background link-area-link-icon icon-hover-animation-slide\" data-animationOffset=\"top-into-view\"><div class=\"heading heading-with-icon icon-left\"><div aria-hidden=\"true\" class=\"image\"><img decoding=\"async\" class=\"lazyload\" src=\"data:image\/svg+xml,%3Csvg%20xmlns%3D%27http%3A%2F%2Fwww.w3.org%2F2000%2Fsvg%27%20width%3D%27100%27%20height%3D%27100%27%20viewBox%3D%270%200%20100%20100%27%3E%3Crect%20width%3D%27100%27%20height%3D%27100%27%20fill-opacity%3D%220%22%2F%3E%3C%2Fsvg%3E\" data-orig-src=\"https:\/\/imlauer.com\/hotel-imlauer-wien\/wp-content\/uploads\/2025\/02\/wegweiser-1.png\" width=\"100\" height=\"100\" alt=\"\" \/><\/div><h2 class=\"content-box-heading\" style=\"--h2_typography-font-size:20px;line-height:25px;\">Abreise<\/h2><\/div><\/div><\/div><div class=\"fusion-clearfix\"><\/div><\/div><div class=\"accordian fusion-accordian\" style=\"--awb-border-size:1px;--awb-icon-size:13px;--awb-content-font-size:18px;--awb-icon-alignment:right;--awb-hover-color:#f9f9f9;--awb-border-color:#cccccc;--awb-background-color:#ffffff;--awb-divider-color:#e0dede;--awb-divider-hover-color:#e0dede;--awb-icon-color:#ffffff;--awb-title-color:#af9754;--awb-content-color:#747474;--awb-icon-box-color:#333333;--awb-toggle-hover-accent-color:#af9754;--awb-title-font-family:&quot;Bitter&quot;;--awb-title-font-weight:400;--awb-title-font-style:normal;--awb-content-font-family:&quot;Source Sans Pro&quot;;--awb-content-font-style:normal;--awb-content-font-weight:400;\"><div class=\"panel-group fusion-toggle-icon-right fusion-toggle-icon-boxed\" id=\"accordion-50-2\"><div class=\"fusion-panel panel-default panel-2d322c946ddeac9a3 fusion-toggle-has-divider\"><div class=\"panel-heading\"><h4 class=\"panel-title toggle\" id=\"toggle_2d322c946ddeac9a3\"><a aria-expanded=\"false\" aria-controls=\"2d322c946ddeac9a3\" role=\"button\" data-toggle=\"collapse\" data-parent=\"#accordion-50-2\" data-target=\"#2d322c946ddeac9a3\" href=\"#2d322c946ddeac9a3\"><span class=\"fusion-toggle-icon-wrapper\" aria-hidden=\"true\"><i class=\"fa-fusion-box active-icon awb-icon-minus\" aria-hidden=\"true\"><\/i><i class=\"fa-fusion-box inactive-icon awb-icon-plus\" aria-hidden=\"true\"><\/i><\/span><span class=\"fusion-toggle-heading\">Wie lange kann ich am Abreisetag das Zimmer behalten? Ist eine Sp\u00e4tabreise m\u00f6glich?<\/span><\/a><\/h4><\/div><div id=\"2d322c946ddeac9a3\" class=\"panel-collapse collapse \" aria-labelledby=\"toggle_2d322c946ddeac9a3\"><div class=\"panel-body toggle-content fusion-clearfix\">\n<p>Das Zimmer kann am Abreisetag bis 12 Uhr behalten werden. Eine Sp\u00e4tabreise ist gerne nach Verf\u00fcgbarkeit und gegen Aufpreis m\u00f6glich.<\/p>\n<\/div><\/div><\/div><div class=\"fusion-panel panel-default panel-bea32325182c57b33 fusion-toggle-has-divider\" style=\"--awb-title-color:#af9754;--awb-content-color:#747474;\"><div class=\"panel-heading\"><h4 class=\"panel-title toggle\" id=\"toggle_bea32325182c57b33\"><a aria-expanded=\"false\" aria-controls=\"bea32325182c57b33\" role=\"button\" data-toggle=\"collapse\" data-parent=\"#accordion-50-2\" data-target=\"#bea32325182c57b33\" href=\"#bea32325182c57b33\"><span class=\"fusion-toggle-icon-wrapper\" aria-hidden=\"true\"><i class=\"fa-fusion-box active-icon awb-icon-minus\" aria-hidden=\"true\"><\/i><i class=\"fa-fusion-box inactive-icon awb-icon-plus\" aria-hidden=\"true\"><\/i><\/span><span class=\"fusion-toggle-heading\">Gibt es die M\u00f6glichkeit einen Transfer vom Flughafen zu bestellen? Was kostet dieser?<\/span><\/a><\/h4><\/div><div id=\"bea32325182c57b33\" class=\"panel-collapse collapse \" aria-labelledby=\"toggle_bea32325182c57b33\"><div class=\"panel-body toggle-content fusion-clearfix\">\n<p>Gerne sind wir Ihnen mit der Organisation eines Transfers behilflich.<br \/>\nSie k\u00f6nnen zwischen folgenden Fahrzeugen w\u00e4hlen:<\/p>\n<p>Ein Wagen\u00a0 \u00a0 \u00a0 \u00a0 \u00a0EUR 49,00 f\u00fcr maximal 4 Personen<\/p>\n<p>Ein Bus\u00a0 \u00a0 \u00a0 \u00a0 \u00a0 \u00a0 \u00a0 \u00a0EUR 80,00 f\u00fcr maximal 7 Personen<\/p>\n<p>Die Preise gelten pro Fahrzeug.<\/p>\n<p>F\u00fcr eine Buchung geben Sie uns telefonisch oder per E-Mail bescheid.<\/p>\n<\/div><\/div><\/div><\/div><\/div><div class=\"fusion-clearfix\"><\/div><\/div><\/div><div class=\"fusion-layout-column fusion_builder_column fusion-builder-column-5 fusion_builder_column_1_2 1_2 fusion-one-half fusion-column-first fusion-animated\" style=\"--awb-padding-top:5%;--awb-padding-right:11%;--awb-padding-bottom:5%;--awb-padding-left:11%;--awb-bg-color:#ffffff;--awb-bg-color-hover:#ffffff;--awb-bg-size:cover;--awb-margin-bottom:0px;width:50%;width:calc(50% - ( ( 0 ) * 0.5 ) );margin-right: 0px;\" data-animationType=\"fadeInLeft\" data-animationDuration=\"0.8\" data-animationOffset=\"top-into-view\" id=\"hotel\"><div class=\"fusion-column-wrapper fusion-column-has-shadow fusion-flex-column-wrapper-legacy\"><div class=\"fusion-content-boxes content-boxes columns row fusion-columns-1 fusion-columns-total-1 fusion-content-boxes-4 content-boxes-icon-on-top content-left\" style=\"--awb-backgroundcolor:#ffffff;--awb-body-color:#636362;--awb-title-color:#af9755;--awb-iconcolor:#008ab4;--awb-hover-accent-color:#af9755;--awb-circle-hover-accent-color:transparent;--awb-item-margin-bottom:40px;\" data-animationOffset=\"top-into-view\"><div style=\"--awb-backgroundcolor:#ffffff;--awb-iconcolor:#008ab4;\" class=\"fusion-column content-box-column content-box-column content-box-column-1 col-lg-12 col-md-12 col-sm-12 fusion-content-box-hover content-box-column-last content-box-column-last-in-row\"><div class=\"col content-box-wrapper content-wrapper-background link-area-link-icon icon-hover-animation-slide\" data-animationOffset=\"top-into-view\"><div class=\"heading heading-with-icon icon-left\"><div aria-hidden=\"true\" class=\"image\"><img decoding=\"async\" class=\"lazyload\" src=\"data:image\/svg+xml,%3Csvg%20xmlns%3D%27http%3A%2F%2Fwww.w3.org%2F2000%2Fsvg%27%20width%3D%27100%27%20height%3D%27100%27%20viewBox%3D%270%200%20100%20100%27%3E%3Crect%20width%3D%27100%27%20height%3D%27100%27%20fill-opacity%3D%220%22%2F%3E%3C%2Fsvg%3E\" data-orig-src=\"https:\/\/imlauer.com\/hotel-imlauer-wien\/wp-content\/uploads\/2025\/02\/HotelIcon.png\" width=\"100\" height=\"100\" alt=\"\" \/><\/div><h2 class=\"content-box-heading\" style=\"--h2_typography-font-size:20px;line-height:25px;\">im Hotel<\/h2><\/div><\/div><\/div><div class=\"fusion-clearfix\"><\/div><\/div><div class=\"accordian fusion-accordian\" style=\"--awb-border-size:1px;--awb-icon-size:13px;--awb-content-font-size:18px;--awb-icon-alignment:right;--awb-hover-color:#f9f9f9;--awb-border-color:#cccccc;--awb-background-color:#ffffff;--awb-divider-color:#e0dede;--awb-divider-hover-color:#e0dede;--awb-icon-color:#ffffff;--awb-title-color:#af9754;--awb-content-color:#747474;--awb-icon-box-color:#333333;--awb-toggle-hover-accent-color:#af9754;--awb-title-font-family:&quot;Bitter&quot;;--awb-title-font-weight:400;--awb-title-font-style:normal;--awb-content-font-family:&quot;Source Sans Pro&quot;;--awb-content-font-style:normal;--awb-content-font-weight:400;\"><div class=\"panel-group fusion-toggle-icon-right fusion-toggle-icon-boxed\" id=\"accordion-50-3\"><div class=\"fusion-panel panel-default panel-7dc425b7ac379bf1f fusion-toggle-has-divider\"><div class=\"panel-heading\"><h4 class=\"panel-title toggle\" id=\"toggle_7dc425b7ac379bf1f\"><a aria-expanded=\"false\" aria-controls=\"7dc425b7ac379bf1f\" role=\"button\" data-toggle=\"collapse\" data-parent=\"#accordion-50-3\" data-target=\"#7dc425b7ac379bf1f\" href=\"#7dc425b7ac379bf1f\"><span class=\"fusion-toggle-icon-wrapper\" aria-hidden=\"true\"><i class=\"fa-fusion-box active-icon awb-icon-minus\" aria-hidden=\"true\"><\/i><i class=\"fa-fusion-box inactive-icon awb-icon-plus\" aria-hidden=\"true\"><\/i><\/span><span class=\"fusion-toggle-heading\">Gibt es WLAN im Zimmer?<\/span><\/a><\/h4><\/div><div id=\"7dc425b7ac379bf1f\" class=\"panel-collapse collapse \" aria-labelledby=\"toggle_7dc425b7ac379bf1f\"><div class=\"panel-body toggle-content fusion-clearfix\">\n<p>Wlan ist im gesamten Hotel und in jedem Zimmer verf\u00fcgbar und kostenfrei.<\/p>\n<\/div><\/div><\/div><div class=\"fusion-panel panel-default panel-8a34cad09d23f4190 fusion-toggle-has-divider\"><div class=\"panel-heading\"><h4 class=\"panel-title toggle\" id=\"toggle_8a34cad09d23f4190\"><a aria-expanded=\"false\" aria-controls=\"8a34cad09d23f4190\" role=\"button\" data-toggle=\"collapse\" data-parent=\"#accordion-50-3\" data-target=\"#8a34cad09d23f4190\" href=\"#8a34cad09d23f4190\"><span class=\"fusion-toggle-icon-wrapper\" aria-hidden=\"true\"><i class=\"fa-fusion-box active-icon awb-icon-minus\" aria-hidden=\"true\"><\/i><i class=\"fa-fusion-box inactive-icon awb-icon-plus\" aria-hidden=\"true\"><\/i><\/span><span class=\"fusion-toggle-heading\">Wo kann ich Geld wechseln?<\/span><\/a><\/h4><\/div><div id=\"8a34cad09d23f4190\" class=\"panel-collapse collapse \" aria-labelledby=\"toggle_8a34cad09d23f4190\"><div class=\"panel-body toggle-content fusion-clearfix\">\n<p>An unserer Hotelrezeption kann Geld umgewechselt werden.<\/p>\n<\/div><\/div><\/div><div class=\"fusion-panel panel-default panel-8c625ce5c6448c469 fusion-toggle-has-divider\"><div class=\"panel-heading\"><h4 class=\"panel-title toggle\" id=\"toggle_8c625ce5c6448c469\"><a aria-expanded=\"false\" aria-controls=\"8c625ce5c6448c469\" role=\"button\" data-toggle=\"collapse\" data-parent=\"#accordion-50-3\" data-target=\"#8c625ce5c6448c469\" href=\"#8c625ce5c6448c469\"><span class=\"fusion-toggle-icon-wrapper\" aria-hidden=\"true\"><i class=\"fa-fusion-box active-icon awb-icon-minus\" aria-hidden=\"true\"><\/i><i class=\"fa-fusion-box inactive-icon awb-icon-plus\" aria-hidden=\"true\"><\/i><\/span><span class=\"fusion-toggle-heading\">Kann ich meine Reservierung jederzeit \u00e4ndern bzw. stornieren?<\/span><\/a><\/h4><\/div><div id=\"8c625ce5c6448c469\" class=\"panel-collapse collapse \" aria-labelledby=\"toggle_8c625ce5c6448c469\"><div class=\"panel-body toggle-content fusion-clearfix\">Wenn Sie Ihre Buchung \u00e4ndern oder stornieren wollen, muss dies innerhalb der angegebenen Stornierungsfrist geschehen. Die Stornierungsbedingungen k\u00f6nnen Sie auf Ihrer Buchungsbest\u00e4tigung entnehmen.<br \/>\nGerne k\u00f6nnen Sie sich f\u00fcr Stornierungs und \u00c4nderungsanfragen mit unserer Reservierungsabteilung in Verbindung setzen.<\/p>\n<p>Sollten Sie es verabs\u00e4umt haben, Ihre Reservierung im geforderten Zeitrahmen zu stornieren, wird Ihnen vom Hotel die erste Nacht verrechnet.<br \/>\nBitte beachten Sie, dass unser Hotel verschiedene Raten und somit auch unterschiedliche Stornobedingungen anbietet.<\/p>\n<p>F\u00fcr \u201eNoShow\u201c-Geb\u00fchren wird die von Ihnen bei der Buchung zur Garantie angegebene Kreditkarte belastet.<\/div><\/div><\/div><div class=\"fusion-panel panel-default panel-58793e3dd76b91a3f fusion-toggle-has-divider\"><div class=\"panel-heading\"><h4 class=\"panel-title toggle\" id=\"toggle_58793e3dd76b91a3f\"><a aria-expanded=\"false\" aria-controls=\"58793e3dd76b91a3f\" role=\"button\" data-toggle=\"collapse\" data-parent=\"#accordion-50-3\" data-target=\"#58793e3dd76b91a3f\" href=\"#58793e3dd76b91a3f\"><span class=\"fusion-toggle-icon-wrapper\" aria-hidden=\"true\"><i class=\"fa-fusion-box active-icon awb-icon-minus\" aria-hidden=\"true\"><\/i><i class=\"fa-fusion-box inactive-icon awb-icon-plus\" aria-hidden=\"true\"><\/i><\/span><span class=\"fusion-toggle-heading\">Darf im Hotel geraucht werden? Gibt es Raucherzimmer?<\/span><\/a><\/h4><\/div><div id=\"58793e3dd76b91a3f\" class=\"panel-collapse collapse \" aria-labelledby=\"toggle_58793e3dd76b91a3f\"><div class=\"panel-body toggle-content fusion-clearfix\">Das Rauchen ist im gesamten Hotel verboten! Raucherzimmer sind nicht verf\u00fcgbar.<br \/>\nAuch auf den Balkonen, welche an die Zimmer angeschlossen gilt Rauchverbot.<\/p>\n<p>Gerne k\u00f6nnen unsere G\u00e4ste in unserem kleinen Innenhof rauchen.<\/div><\/div><\/div><div class=\"fusion-panel panel-default panel-4c6099342eaf720a9 fusion-toggle-has-divider\"><div class=\"panel-heading\"><h4 class=\"panel-title toggle\" id=\"toggle_4c6099342eaf720a9\"><a aria-expanded=\"false\" aria-controls=\"4c6099342eaf720a9\" role=\"button\" data-toggle=\"collapse\" data-parent=\"#accordion-50-3\" data-target=\"#4c6099342eaf720a9\" href=\"#4c6099342eaf720a9\"><span class=\"fusion-toggle-icon-wrapper\" aria-hidden=\"true\"><i class=\"fa-fusion-box active-icon awb-icon-minus\" aria-hidden=\"true\"><\/i><i class=\"fa-fusion-box inactive-icon awb-icon-plus\" aria-hidden=\"true\"><\/i><\/span><span class=\"fusion-toggle-heading\">Gibt es Abendessen im Hotel?<\/span><\/a><\/h4><\/div><div id=\"4c6099342eaf720a9\" class=\"panel-collapse collapse \" aria-labelledby=\"toggle_4c6099342eaf720a9\"><div class=\"panel-body toggle-content fusion-clearfix\">An unserer Hotelbar gibt es bis 24 Uhr Snacks f\u00fcr den kleinen Hunger zu bestellen.<\/div><\/div><\/div><div class=\"fusion-panel panel-default panel-6d103fa0ce5401715 fusion-toggle-has-divider\"><div class=\"panel-heading\"><h4 class=\"panel-title toggle\" id=\"toggle_6d103fa0ce5401715\"><a aria-expanded=\"false\" aria-controls=\"6d103fa0ce5401715\" role=\"button\" data-toggle=\"collapse\" data-parent=\"#accordion-50-3\" data-target=\"#6d103fa0ce5401715\" href=\"#6d103fa0ce5401715\"><span class=\"fusion-toggle-icon-wrapper\" aria-hidden=\"true\"><i class=\"fa-fusion-box active-icon awb-icon-minus\" aria-hidden=\"true\"><\/i><i class=\"fa-fusion-box inactive-icon awb-icon-plus\" aria-hidden=\"true\"><\/i><\/span><span class=\"fusion-toggle-heading\">Gibt es behindertengerechte Zimmer im Hotel?<\/span><\/a><\/h4><\/div><div id=\"6d103fa0ce5401715\" class=\"panel-collapse collapse \" aria-labelledby=\"toggle_6d103fa0ce5401715\"><div class=\"panel-body toggle-content fusion-clearfix\">\n<p>Bitte kontaktieren Sie hierf\u00fcr das Hotel direkt um auf Ihre Bed\u00fcrfnisse genauest eingehen zu k\u00f6nnen.<\/p>\n<\/div><\/div><\/div><div class=\"fusion-panel panel-default panel-9b93bfa397509a88a fusion-toggle-has-divider\"><div class=\"panel-heading\"><h4 class=\"panel-title toggle\" id=\"toggle_9b93bfa397509a88a\"><a aria-expanded=\"false\" aria-controls=\"9b93bfa397509a88a\" role=\"button\" data-toggle=\"collapse\" data-parent=\"#accordion-50-3\" data-target=\"#9b93bfa397509a88a\" href=\"#9b93bfa397509a88a\"><span class=\"fusion-toggle-icon-wrapper\" aria-hidden=\"true\"><i class=\"fa-fusion-box active-icon awb-icon-minus\" aria-hidden=\"true\"><\/i><i class=\"fa-fusion-box inactive-icon awb-icon-plus\" aria-hidden=\"true\"><\/i><\/span><span class=\"fusion-toggle-heading\">Gibt es einen Babysitterservice?<\/span><\/a><\/h4><\/div><div id=\"9b93bfa397509a88a\" class=\"panel-collapse collapse \" aria-labelledby=\"toggle_9b93bfa397509a88a\"><div class=\"panel-body toggle-content fusion-clearfix\">Nein, im Hotel gibt es keinen Babysitterservice, jedoch helfen wir jederzeit gerne bei der Organisation.<\/div><\/div><\/div><div class=\"fusion-panel panel-default panel-7b94f0103698e56ea fusion-toggle-has-divider\"><div class=\"panel-heading\"><h4 class=\"panel-title toggle\" id=\"toggle_7b94f0103698e56ea\"><a aria-expanded=\"false\" aria-controls=\"7b94f0103698e56ea\" role=\"button\" data-toggle=\"collapse\" data-parent=\"#accordion-50-3\" data-target=\"#7b94f0103698e56ea\" href=\"#7b94f0103698e56ea\"><span class=\"fusion-toggle-icon-wrapper\" aria-hidden=\"true\"><i class=\"fa-fusion-box active-icon awb-icon-minus\" aria-hidden=\"true\"><\/i><i class=\"fa-fusion-box inactive-icon awb-icon-plus\" aria-hidden=\"true\"><\/i><\/span><span class=\"fusion-toggle-heading\">Kann man das Leitungswasser trinken?<\/span><\/a><\/h4><\/div><div id=\"7b94f0103698e56ea\" class=\"panel-collapse collapse \" aria-labelledby=\"toggle_7b94f0103698e56ea\"><div class=\"panel-body toggle-content fusion-clearfix\">Ja! Das Wiener Leitungswasser kommt direkt durch zwei Hochquellenleitungen aus den Gebieten Schneeberg, Rax, Schneealpe und Hochschwab und versorgt t\u00e4glich mit 400.000 m\u00b3 frischem Quellwasser.<\/div><\/div><\/div><div class=\"fusion-panel panel-default panel-30b0a21ded256bc72 fusion-toggle-has-divider\"><div class=\"panel-heading\"><h4 class=\"panel-title toggle\" id=\"toggle_30b0a21ded256bc72\"><a aria-expanded=\"false\" aria-controls=\"30b0a21ded256bc72\" role=\"button\" data-toggle=\"collapse\" data-parent=\"#accordion-50-3\" data-target=\"#30b0a21ded256bc72\" href=\"#30b0a21ded256bc72\"><span class=\"fusion-toggle-icon-wrapper\" aria-hidden=\"true\"><i class=\"fa-fusion-box active-icon awb-icon-minus\" aria-hidden=\"true\"><\/i><i class=\"fa-fusion-box inactive-icon awb-icon-plus\" aria-hidden=\"true\"><\/i><\/span><span class=\"fusion-toggle-heading\">Wie lange ist die Rezeption ge\u00f6ffnet?<\/span><\/a><\/h4><\/div><div id=\"30b0a21ded256bc72\" class=\"panel-collapse collapse \" aria-labelledby=\"toggle_30b0a21ded256bc72\"><div class=\"panel-body toggle-content fusion-clearfix\">Unser Rezeptionsteam ist gerne 24 Stunden f\u00fcr Sie da!<\/div><\/div><\/div><div class=\"fusion-panel panel-default panel-23ce3db52a06876a7 fusion-toggle-has-divider\"><div class=\"panel-heading\"><h4 class=\"panel-title toggle\" id=\"toggle_23ce3db52a06876a7\"><a aria-expanded=\"false\" aria-controls=\"23ce3db52a06876a7\" role=\"button\" data-toggle=\"collapse\" data-parent=\"#accordion-50-3\" data-target=\"#23ce3db52a06876a7\" href=\"#23ce3db52a06876a7\"><span class=\"fusion-toggle-icon-wrapper\" aria-hidden=\"true\"><i class=\"fa-fusion-box active-icon awb-icon-minus\" aria-hidden=\"true\"><\/i><i class=\"fa-fusion-box inactive-icon awb-icon-plus\" aria-hidden=\"true\"><\/i><\/span><span class=\"fusion-toggle-heading\">Sind Hunde im Hotel erlaubt?<\/span><\/a><\/h4><\/div><div id=\"23ce3db52a06876a7\" class=\"panel-collapse collapse \" aria-labelledby=\"toggle_23ce3db52a06876a7\"><div class=\"panel-body toggle-content fusion-clearfix\">\n<p>Ja, Hunde sind bei uns gerne willkommen.<br \/>\nDer Aufpreis betr\u00e4gt EUR 15,- pro Hund und Nacht<\/p>\n<\/div><\/div><\/div><div class=\"fusion-panel panel-default panel-49d595902e4d64a20 fusion-toggle-has-divider\"><div class=\"panel-heading\"><h4 class=\"panel-title toggle\" id=\"toggle_49d595902e4d64a20\"><a aria-expanded=\"false\" aria-controls=\"49d595902e4d64a20\" role=\"button\" data-toggle=\"collapse\" data-parent=\"#accordion-50-3\" data-target=\"#49d595902e4d64a20\" href=\"#49d595902e4d64a20\"><span class=\"fusion-toggle-icon-wrapper\" aria-hidden=\"true\"><i class=\"fa-fusion-box active-icon awb-icon-minus\" aria-hidden=\"true\"><\/i><i class=\"fa-fusion-box inactive-icon awb-icon-plus\" aria-hidden=\"true\"><\/i><\/span><span class=\"fusion-toggle-heading\">Gibt es im Hotel einen Concierge?<\/span><\/a><\/h4><\/div><div id=\"49d595902e4d64a20\" class=\"panel-collapse collapse \" aria-labelledby=\"toggle_49d595902e4d64a20\"><div class=\"panel-body toggle-content fusion-clearfix\">Gerne k\u00f6nnen alle m\u00f6glichen Tickets f\u00fcr Sightseeing oder auch Konzerte an der Rezeption erworben werden.<\/div><\/div><\/div><\/div><\/div><div class=\"fusion-clearfix\"><\/div><\/div><\/div><div class=\"fusion-layout-column fusion_builder_column fusion-builder-column-6 fusion_builder_column_1_2 1_2 fusion-one-half fusion-column-last fusion-animated\" style=\"--awb-padding-top:5%;--awb-padding-right:11%;--awb-padding-bottom:5%;--awb-padding-left:11%;--awb-bg-color:#ffffff;--awb-bg-color-hover:#ffffff;--awb-bg-size:cover;--awb-margin-bottom:0px;width:50%;width:calc(50% - ( ( 0 ) * 0.5 ) );\" data-animationType=\"fadeInLeft\" data-animationDuration=\"0.8\" data-animationOffset=\"top-into-view\" id=\"naehe\"><div class=\"fusion-column-wrapper fusion-column-has-shadow fusion-flex-column-wrapper-legacy\"><div class=\"fusion-content-boxes content-boxes columns row fusion-columns-1 fusion-columns-total-1 fusion-content-boxes-5 content-boxes-icon-on-top content-left\" style=\"--awb-backgroundcolor:#ffffff;--awb-body-color:#636362;--awb-title-color:#af9755;--awb-iconcolor:#008ab4;--awb-hover-accent-color:#af9755;--awb-circle-hover-accent-color:transparent;--awb-item-margin-bottom:40px;\" data-animationOffset=\"top-into-view\"><div style=\"--awb-backgroundcolor:#ffffff;--awb-iconcolor:#008ab4;\" class=\"fusion-column content-box-column content-box-column content-box-column-1 col-lg-12 col-md-12 col-sm-12 fusion-content-box-hover content-box-column-last content-box-column-last-in-row\"><div class=\"col content-box-wrapper content-wrapper-background link-area-link-icon icon-hover-animation-slide\" data-animationOffset=\"top-into-view\"><div class=\"heading heading-with-icon icon-left\"><div aria-hidden=\"true\" class=\"image\"><img decoding=\"async\" class=\"lazyload\" src=\"data:image\/svg+xml,%3Csvg%20xmlns%3D%27http%3A%2F%2Fwww.w3.org%2F2000%2Fsvg%27%20width%3D%27100%27%20height%3D%27100%27%20viewBox%3D%270%200%20100%20100%27%3E%3Crect%20width%3D%27100%27%20height%3D%27100%27%20fill-opacity%3D%220%22%2F%3E%3C%2Fsvg%3E\" data-orig-src=\"https:\/\/imlauer.com\/hotel-imlauer-wien\/wp-content\/uploads\/2025\/02\/imlauernearby.png\" width=\"100\" height=\"100\" alt=\"\" \/><\/div><h2 class=\"content-box-heading\" style=\"--h2_typography-font-size:20px;line-height:25px;\">in der N\u00e4he vom Hotel<\/h2><\/div><\/div><\/div><div class=\"fusion-clearfix\"><\/div><\/div><div class=\"accordian fusion-accordian\" style=\"--awb-border-size:1px;--awb-icon-size:13px;--awb-content-font-size:18px;--awb-icon-alignment:left;--awb-hover-color:#f9f9f9;--awb-border-color:#cccccc;--awb-background-color:#ffffff;--awb-divider-color:#e0dede;--awb-divider-hover-color:#e0dede;--awb-icon-color:#ffffff;--awb-title-color:#af9754;--awb-content-color:#747474;--awb-icon-box-color:#333333;--awb-toggle-hover-accent-color:#af9754;--awb-title-font-family:&quot;Bitter&quot;;--awb-title-font-weight:400;--awb-title-font-style:normal;--awb-content-font-family:&quot;Source Sans Pro&quot;;--awb-content-font-style:normal;--awb-content-font-weight:400;\"><div class=\"panel-group fusion-toggle-icon-boxed\" id=\"accordion-50-4\"><div class=\"fusion-panel panel-default panel-666ebeeb9870c9123 fusion-toggle-has-divider\"><div class=\"panel-heading\"><h4 class=\"panel-title toggle\" id=\"toggle_666ebeeb9870c9123\"><a aria-expanded=\"false\" aria-controls=\"666ebeeb9870c9123\" role=\"button\" data-toggle=\"collapse\" data-parent=\"#accordion-50-4\" data-target=\"#666ebeeb9870c9123\" href=\"#666ebeeb9870c9123\"><span class=\"fusion-toggle-icon-wrapper\" aria-hidden=\"true\"><i class=\"fa-fusion-box active-icon awb-icon-minus\" aria-hidden=\"true\"><\/i><i class=\"fa-fusion-box inactive-icon awb-icon-plus\" aria-hidden=\"true\"><\/i><\/span><span class=\"fusion-toggle-heading\">Gibt es einen Supermarkt\/eine Apotheke in der N\u00e4he?<\/span><\/a><\/h4><\/div><div id=\"666ebeeb9870c9123\" class=\"panel-collapse collapse \" aria-labelledby=\"toggle_666ebeeb9870c9123\"><div class=\"panel-body toggle-content fusion-clearfix\">In der N\u00e4heren Umgebung gibt es 3 Superm\u00e4rkte. (Billa, Hofer, Spar)<\/p>\n<p>Die B\u00e4renapotheke befindet sich in der Taborstra\u00dfe 26 und ist somit 3 Gehminuten vom Hotel entfernt.<br \/>\nDie \u00d6ffnungszeiten k\u00f6nnen Sie an der Rezeption erfragen.<\/div><\/div><\/div><div class=\"fusion-panel panel-default panel-8749bcec05b9b130b fusion-toggle-has-divider\"><div class=\"panel-heading\"><h4 class=\"panel-title toggle\" id=\"toggle_8749bcec05b9b130b\"><a aria-expanded=\"false\" aria-controls=\"8749bcec05b9b130b\" role=\"button\" data-toggle=\"collapse\" data-parent=\"#accordion-50-4\" data-target=\"#8749bcec05b9b130b\" href=\"#8749bcec05b9b130b\"><span class=\"fusion-toggle-icon-wrapper\" aria-hidden=\"true\"><i class=\"fa-fusion-box active-icon awb-icon-minus\" aria-hidden=\"true\"><\/i><i class=\"fa-fusion-box inactive-icon awb-icon-plus\" aria-hidden=\"true\"><\/i><\/span><span class=\"fusion-toggle-heading\">Wo befindet sich der n\u00e4chste Bankautomat?<\/span><\/a><\/h4><\/div><div id=\"8749bcec05b9b130b\" class=\"panel-collapse collapse \" aria-labelledby=\"toggle_8749bcec05b9b130b\"><div class=\"panel-body toggle-content fusion-clearfix\">\n<p>Direkt auf der Taborstra\u00dfe Nr. 26, gleich neben der Erste Bank.<\/p>\n<\/div><\/div><\/div><\/div><\/div><div class=\"fusion-clearfix\"><\/div><\/div><\/div><div class=\"fusion-layout-column fusion_builder_column fusion-builder-column-7 fusion_builder_column_1_2 1_2 fusion-one-half fusion-column-first fusion-animated\" style=\"--awb-padding-top:5%;--awb-padding-right:11%;--awb-padding-bottom:5%;--awb-padding-left:11%;--awb-bg-color:#ffffff;--awb-bg-color-hover:#ffffff;--awb-bg-size:cover;--awb-margin-bottom:0px;width:50%;width:calc(50% - ( ( 0 ) * 0.5 ) );margin-right: 0px;\" data-animationType=\"fadeInLeft\" data-animationDuration=\"0.8\" data-animationOffset=\"top-into-view\" id=\"fitness\"><div class=\"fusion-column-wrapper fusion-column-has-shadow fusion-flex-column-wrapper-legacy\"><div class=\"fusion-content-boxes content-boxes columns row fusion-columns-1 fusion-columns-total-1 fusion-content-boxes-6 content-boxes-icon-on-top content-left\" style=\"--awb-backgroundcolor:#ffffff;--awb-body-color:#636362;--awb-title-color:#af9755;--awb-iconcolor:#008ab4;--awb-hover-accent-color:#af9755;--awb-circle-hover-accent-color:transparent;--awb-item-margin-bottom:40px;\" data-animationOffset=\"top-into-view\"><div style=\"--awb-backgroundcolor:#ffffff;--awb-iconcolor:#008ab4;\" class=\"fusion-column content-box-column content-box-column content-box-column-1 col-lg-12 col-md-12 col-sm-12 fusion-content-box-hover content-box-column-last content-box-column-last-in-row\"><div class=\"col content-box-wrapper content-wrapper-background link-area-link-icon icon-hover-animation-slide\" data-animationOffset=\"top-into-view\"><div class=\"heading heading-with-icon icon-left\"><div aria-hidden=\"true\" class=\"image\"><img decoding=\"async\" class=\"lazyload\" src=\"data:image\/svg+xml,%3Csvg%20xmlns%3D%27http%3A%2F%2Fwww.w3.org%2F2000%2Fsvg%27%20width%3D%27100%27%20height%3D%27100%27%20viewBox%3D%270%200%20100%20100%27%3E%3Crect%20width%3D%27100%27%20height%3D%27100%27%20fill-opacity%3D%220%22%2F%3E%3C%2Fsvg%3E\" data-orig-src=\"https:\/\/imlauer.com\/hotel-imlauer-wien\/wp-content\/uploads\/2025\/02\/ImlauerFitness.png\" width=\"100\" height=\"100\" alt=\"\" \/><\/div><h2 class=\"content-box-heading\" style=\"--h2_typography-font-size:20px;line-height:25px;\">Fitness<\/h2><\/div><\/div><\/div><div class=\"fusion-clearfix\"><\/div><\/div><div class=\"accordian fusion-accordian\" style=\"--awb-border-size:1px;--awb-icon-size:13px;--awb-content-font-size:18px;--awb-icon-alignment:left;--awb-hover-color:#f9f9f9;--awb-border-color:#cccccc;--awb-background-color:#ffffff;--awb-divider-color:#e0dede;--awb-divider-hover-color:#e0dede;--awb-icon-color:#ffffff;--awb-title-color:#af9754;--awb-content-color:#747474;--awb-icon-box-color:#333333;--awb-toggle-hover-accent-color:#af9754;--awb-title-font-family:&quot;Bitter&quot;;--awb-title-font-weight:400;--awb-title-font-style:normal;--awb-content-font-family:&quot;Source Sans Pro&quot;;--awb-content-font-style:normal;--awb-content-font-weight:400;\"><div class=\"panel-group fusion-toggle-icon-boxed\" id=\"accordion-50-5\"><div class=\"fusion-panel panel-default panel-b2b25a17578752115 fusion-toggle-has-divider\"><div class=\"panel-heading\"><h4 class=\"panel-title toggle\" id=\"toggle_b2b25a17578752115\"><a aria-expanded=\"false\" aria-controls=\"b2b25a17578752115\" role=\"button\" data-toggle=\"collapse\" data-parent=\"#accordion-50-5\" data-target=\"#b2b25a17578752115\" href=\"#b2b25a17578752115\"><span class=\"fusion-toggle-icon-wrapper\" aria-hidden=\"true\"><i class=\"fa-fusion-box active-icon awb-icon-minus\" aria-hidden=\"true\"><\/i><i class=\"fa-fusion-box inactive-icon awb-icon-plus\" aria-hidden=\"true\"><\/i><\/span><span class=\"fusion-toggle-heading\">Ist die Sauna- und Fitnessraumbenutzung im Preis inbegriffen?<\/span><\/a><\/h4><\/div><div id=\"b2b25a17578752115\" class=\"panel-collapse collapse \" aria-labelledby=\"toggle_b2b25a17578752115\"><div class=\"panel-body toggle-content fusion-clearfix\">\n<p>Sauna und Fitnessbereich stehen unseren G\u00e4sten gerne kostenfrei zur Verf\u00fcgung!<br \/>\nInformationen zu \u00d6ffnungszeiten und Benutzung erhalten Sie an der Hotelrezeption.<\/p>\n<\/div><\/div><\/div><\/div><\/div><div class=\"fusion-clearfix\"><\/div><\/div><\/div><div class=\"fusion-layout-column fusion_builder_column fusion-builder-column-8 fusion_builder_column_1_2 1_2 fusion-one-half fusion-column-last fusion-animated\" style=\"--awb-padding-top:5%;--awb-padding-right:11%;--awb-padding-bottom:5%;--awb-padding-left:11%;--awb-bg-color:#ffffff;--awb-bg-color-hover:#ffffff;--awb-bg-size:cover;--awb-margin-bottom:8%;width:50%;width:calc(50% - ( ( 0 ) * 0.5 ) );\" data-animationType=\"fadeInRight\" data-animationDuration=\"0.8\" data-animationOffset=\"top-into-view\" id=\"kulinarik\"><div class=\"fusion-column-wrapper fusion-column-has-shadow fusion-flex-column-wrapper-legacy\"><div class=\"fusion-content-boxes content-boxes columns row fusion-columns-1 fusion-columns-total-1 fusion-content-boxes-7 content-boxes-icon-on-top content-left\" style=\"--awb-backgroundcolor:#ffffff;--awb-body-color:#636362;--awb-title-color:#af9755;--awb-iconcolor:#008ab4;--awb-hover-accent-color:#af9755;--awb-circle-hover-accent-color:transparent;--awb-item-margin-bottom:40px;\" data-animationOffset=\"top-into-view\"><div style=\"--awb-backgroundcolor:#ffffff;--awb-iconcolor:#008ab4;\" class=\"fusion-column content-box-column content-box-column content-box-column-1 col-lg-12 col-md-12 col-sm-12 fusion-content-box-hover content-box-column-last content-box-column-last-in-row\"><div class=\"col content-box-wrapper content-wrapper-background link-area-link-icon icon-hover-animation-slide\" data-animationOffset=\"top-into-view\"><div class=\"heading heading-with-icon icon-left\"><div aria-hidden=\"true\" class=\"image\"><img decoding=\"async\" class=\"lazyload\" src=\"data:image\/svg+xml,%3Csvg%20xmlns%3D%27http%3A%2F%2Fwww.w3.org%2F2000%2Fsvg%27%20width%3D%27100%27%20height%3D%27100%27%20viewBox%3D%270%200%20100%20100%27%3E%3Crect%20width%3D%27100%27%20height%3D%27100%27%20fill-opacity%3D%220%22%2F%3E%3C%2Fsvg%3E\" data-orig-src=\"https:\/\/imlauer.com\/hotel-imlauer-wien\/wp-content\/uploads\/2025\/02\/besteck-glas-1.png\" width=\"100\" height=\"100\" alt=\"\" \/><\/div><h2 class=\"content-box-heading\" style=\"--h2_typography-font-size:20px;line-height:25px;\">Kulinarik<\/h2><\/div><\/div><\/div><div class=\"fusion-clearfix\"><\/div><\/div><div class=\"accordian fusion-accordian\" style=\"--awb-border-size:1px;--awb-icon-size:13px;--awb-content-font-size:18px;--awb-icon-alignment:left;--awb-hover-color:#f9f9f9;--awb-border-color:#cccccc;--awb-background-color:#ffffff;--awb-divider-color:#e0dede;--awb-divider-hover-color:#e0dede;--awb-icon-color:#ffffff;--awb-title-color:#af9754;--awb-content-color:#747474;--awb-icon-box-color:#333333;--awb-toggle-hover-accent-color:#af9754;--awb-title-font-family:&quot;Bitter&quot;;--awb-title-font-weight:400;--awb-title-font-style:normal;--awb-content-font-family:&quot;Source Sans Pro&quot;;--awb-content-font-style:normal;--awb-content-font-weight:400;\"><div class=\"panel-group fusion-toggle-icon-boxed\" id=\"accordion-50-6\"><div class=\"fusion-panel panel-default panel-7a43ee451819d0af1 fusion-toggle-has-divider\"><div class=\"panel-heading\"><h4 class=\"panel-title toggle\" id=\"toggle_7a43ee451819d0af1\"><a aria-expanded=\"false\" aria-controls=\"7a43ee451819d0af1\" role=\"button\" data-toggle=\"collapse\" data-parent=\"#accordion-50-6\" data-target=\"#7a43ee451819d0af1\" href=\"#7a43ee451819d0af1\"><span class=\"fusion-toggle-icon-wrapper\" aria-hidden=\"true\"><i class=\"fa-fusion-box active-icon awb-icon-minus\" aria-hidden=\"true\"><\/i><i class=\"fa-fusion-box inactive-icon awb-icon-plus\" aria-hidden=\"true\"><\/i><\/span><span class=\"fusion-toggle-heading\">Gibt es laktosefreie und glutenfreie Produkte am Fr\u00fchst\u00fccksbuffet?<\/span><\/a><\/h4><\/div><div id=\"7a43ee451819d0af1\" class=\"panel-collapse collapse \" aria-labelledby=\"toggle_7a43ee451819d0af1\"><div class=\"panel-body toggle-content fusion-clearfix\">\n<p>Ja! An unserem Fr\u00fchst\u00fccksbuffet finden sich auch laktosefreie Produkte.<br \/>\nGluteinfreies Geb\u00e4ck ist gerne auf Nachfrage erh\u00e4ltlich.<\/p>\n<\/div><\/div><\/div><div class=\"fusion-panel panel-default panel-5fa9213a21c0b3547 fusion-toggle-has-divider\"><div class=\"panel-heading\"><h4 class=\"panel-title toggle\" id=\"toggle_5fa9213a21c0b3547\"><a aria-expanded=\"false\" aria-controls=\"5fa9213a21c0b3547\" role=\"button\" data-toggle=\"collapse\" data-parent=\"#accordion-50-6\" data-target=\"#5fa9213a21c0b3547\" href=\"#5fa9213a21c0b3547\"><span class=\"fusion-toggle-icon-wrapper\" aria-hidden=\"true\"><i class=\"fa-fusion-box active-icon awb-icon-minus\" aria-hidden=\"true\"><\/i><i class=\"fa-fusion-box inactive-icon awb-icon-plus\" aria-hidden=\"true\"><\/i><\/span><span class=\"fusion-toggle-heading\">Gibt es Abendessen im Hotel?<\/span><\/a><\/h4><\/div><div id=\"5fa9213a21c0b3547\" class=\"panel-collapse collapse \" aria-labelledby=\"toggle_5fa9213a21c0b3547\"><div class=\"panel-body toggle-content fusion-clearfix\">\n<p>An unserer Hotelbar gibt es bis 24 Uhr Snacks f\u00fcr den kleinen Hunger zu bestellen.<\/p>\n<\/div><\/div><\/div><div class=\"fusion-panel panel-default panel-6f8173a504a00897a fusion-toggle-has-divider\"><div class=\"panel-heading\"><h4 class=\"panel-title toggle\" id=\"toggle_6f8173a504a00897a\"><a aria-expanded=\"false\" aria-controls=\"6f8173a504a00897a\" role=\"button\" data-toggle=\"collapse\" data-parent=\"#accordion-50-6\" data-target=\"#6f8173a504a00897a\" href=\"#6f8173a504a00897a\"><span class=\"fusion-toggle-icon-wrapper\" aria-hidden=\"true\"><i class=\"fa-fusion-box active-icon awb-icon-minus\" aria-hidden=\"true\"><\/i><i class=\"fa-fusion-box inactive-icon awb-icon-plus\" aria-hidden=\"true\"><\/i><\/span><span class=\"fusion-toggle-heading\">Kann man das Leitungswasser trinken?<\/span><\/a><\/h4><\/div><div id=\"6f8173a504a00897a\" class=\"panel-collapse collapse \" aria-labelledby=\"toggle_6f8173a504a00897a\"><div class=\"panel-body toggle-content fusion-clearfix\">\n<p>Ja! Das Wiener Leitungswasser kommt direkt durch zwei Hochquellenleitungen aus den Gebieten Schneeberg, Rax, Schneealpe und Hochschwab und versorgt t\u00e4glich mit 400.000 m\u00b3 frischem Quellwasser.<\/p>\n<\/div><\/div><\/div><div class=\"fusion-panel panel-default panel-cf04537561bdd1e17 fusion-toggle-has-divider\"><div class=\"panel-heading\"><h4 class=\"panel-title toggle\" id=\"toggle_cf04537561bdd1e17\"><a aria-expanded=\"false\" aria-controls=\"cf04537561bdd1e17\" role=\"button\" data-toggle=\"collapse\" data-parent=\"#accordion-50-6\" data-target=\"#cf04537561bdd1e17\" href=\"#cf04537561bdd1e17\"><span class=\"fusion-toggle-icon-wrapper\" aria-hidden=\"true\"><i class=\"fa-fusion-box active-icon awb-icon-minus\" aria-hidden=\"true\"><\/i><i class=\"fa-fusion-box inactive-icon awb-icon-plus\" aria-hidden=\"true\"><\/i><\/span><span class=\"fusion-toggle-heading\">Kann man auch als externer Gast im Hotel fr\u00fchst\u00fccken?<\/span><\/a><\/h4><\/div><div id=\"cf04537561bdd1e17\" class=\"panel-collapse collapse \" aria-labelledby=\"toggle_cf04537561bdd1e17\"><div class=\"panel-body toggle-content fusion-clearfix\">Ja! Zu den oben genannten Konditionen ist es auch f\u00fcr Au\u00dfer-Haus-G\u00e4ste m\u00f6glich unser Fr\u00fchst\u00fcck zu genie\u00dfen.<\/div><\/div><\/div><div class=\"fusion-panel panel-default panel-9f2ef5c078294ea40 fusion-toggle-has-divider\" style=\"--awb-title-color:#af9754;--awb-content-color:#747474;\"><div class=\"panel-heading\"><h4 class=\"panel-title toggle\" id=\"toggle_9f2ef5c078294ea40\"><a aria-expanded=\"false\" aria-controls=\"9f2ef5c078294ea40\" role=\"button\" data-toggle=\"collapse\" data-parent=\"#accordion-50-6\" data-target=\"#9f2ef5c078294ea40\" href=\"#9f2ef5c078294ea40\"><span class=\"fusion-toggle-icon-wrapper\" aria-hidden=\"true\"><i class=\"fa-fusion-box active-icon awb-icon-minus\" aria-hidden=\"true\"><\/i><i class=\"fa-fusion-box inactive-icon awb-icon-plus\" aria-hidden=\"true\"><\/i><\/span><span class=\"fusion-toggle-heading\">Was kostet das Fr\u00fchst\u00fcck?<\/span><\/a><\/h4><\/div><div id=\"9f2ef5c078294ea40\" class=\"panel-collapse collapse \" aria-labelledby=\"toggle_9f2ef5c078294ea40\"><div class=\"panel-body toggle-content fusion-clearfix\">\n<p>Unsere reichhaltiges Fr\u00fchst\u00fccksbuffet kostet f\u00fcr Erwachsene \u20ac 26 und f\u00fcr Kinder bis 11 Jahre \u20ac 13 pro Person und Tag.<\/p>\n<\/div><\/div><\/div><\/div><\/div><div class=\"fusion-clearfix\"><\/div><\/div><\/div><\/div><\/div><\/p>\n","protected":false},"excerpt":{"rendered":"","protected":false},"author":1,"featured_media":0,"parent":0,"menu_order":0,"comment_status":"closed","ping_status":"closed","template":"100-width.php","meta":{"footnotes":""},"class_list":["post-50","page","type-page","status-publish","hentry"],"_links":{"self":[{"href":"https:\/\/imlauer.com\/hotel-imlauer-wien\/wp-json\/wp\/v2\/pages\/50","targetHints":{"allow":["GET"]}}],"collection":[{"href":"https:\/\/imlauer.com\/hotel-imlauer-wien\/wp-json\/wp\/v2\/pages"}],"about":[{"href":"https:\/\/imlauer.com\/hotel-imlauer-wien\/wp-json\/wp\/v2\/types\/page"}],"author":[{"embeddable":true,"href":"https:\/\/imlauer.com\/hotel-imlauer-wien\/wp-json\/wp\/v2\/users\/1"}],"replies":[{"embeddable":true,"href":"https:\/\/imlauer.com\/hotel-imlauer-wien\/wp-json\/wp\/v2\/comments?post=50"}],"version-history":[{"count":4,"href":"https:\/\/imlauer.com\/hotel-imlauer-wien\/wp-json\/wp\/v2\/pages\/50\/revisions"}],"predecessor-version":[{"id":1403,"href":"https:\/\/imlauer.com\/hotel-imlauer-wien\/wp-json\/wp\/v2\/pages\/50\/revisions\/1403"}],"wp:attachment":[{"href":"https:\/\/imlauer.com\/hotel-imlauer-wien\/wp-json\/wp\/v2\/media?parent=50"}],"curies":[{"name":"wp","href":"https:\/\/api.w.org\/{rel}","templated":true}]}}