{"id":1285,"date":"2025-02-03T12:27:49","date_gmt":"2025-02-03T12:27:49","guid":{"rendered":"https:\/\/imlauer.com\/hotel-nestroy-wien\/guida-della-citta\/"},"modified":"2025-05-13T13:45:43","modified_gmt":"2025-05-13T13:45:43","slug":"guida-della-citta","status":"publish","type":"page","link":"https:\/\/imlauer.com\/hotel-nestroy-wien\/guida-della-citta\/?lang=it","title":{"rendered":"Guida della citt\u00e0"},"content":{"rendered":"<p><div class=\"fusion-fullwidth fullwidth-box fusion-builder-row-1 nonhundred-percent-fullwidth non-hundred-percent-height-scrolling fusion-no-small-visibility\" style=\"--awb-background-position:left top;--awb-border-sizes-top:0px;--awb-border-sizes-bottom:0px;--awb-border-sizes-left:0px;--awb-border-sizes-right:0px;--awb-border-radius-top-left:0px;--awb-border-radius-top-right:0px;--awb-border-radius-bottom-right:0px;--awb-border-radius-bottom-left:0px;--awb-padding-top:0px;--awb-padding-bottom:85px;--awb-margin-top:40px;--awb-flex-wrap:wrap;\" ><div class=\"fusion-builder-row fusion-row\"><div class=\"fusion-layout-column fusion_builder_column fusion-builder-column-0 fusion_builder_column_1_1 1_1 fusion-one-full fusion-column-first fusion-column-last\" style=\"--awb-bg-blend:overlay;--awb-bg-size:cover;\"><div class=\"fusion-column-wrapper fusion-column-has-shadow fusion-flex-column-wrapper-legacy\"><div class=\"fusion-sep-clear\"><\/div><div class=\"fusion-separator fusion-full-width-sep\" style=\"margin-left: auto;margin-right: auto;margin-top:40px;width:100%;\"><\/div><div class=\"fusion-sep-clear\"><\/div><div class=\"fusion-text fusion-text-1\"><p style=\"letter-spacing: 4px; font-size: 2vw; text-align: center; margin-bottom: 0px;\">IL LUOGO DA ESPLORARE<\/p>\n<h2 style=\"text-align: center; font-size: 2.5vw; margin: 0;\"><strong>VEDERE VIENNA CON OCCHI DIVERSI<br \/>\n<\/strong><\/h2>\n<h2 style=\"text-align: center; font-size: 1.8vw; margin: 0;\"><strong>CONSIGLI SEGRETI E LUOGHI PREFERITI<br \/>\n<\/strong><\/h2>\n<\/div><div class=\"fusion-clearfix\"><\/div><\/div><\/div><div class=\"fusion-layout-column fusion_builder_column fusion-builder-column-1 fusion_builder_column_1_2 1_2 fusion-one-half fusion-column-first\" style=\"--awb-padding-top:40px;--awb-padding-right:40px;--awb-padding-bottom:40px;--awb-padding-left:40px;--awb-bg-color:#ffffff;--awb-bg-color-hover:#ffffff;--awb-bg-size:cover;--awb-border-color:#ebeef1;--awb-border-top:0px;--awb-border-right:0px;--awb-border-bottom:0px;--awb-border-left:0px;--awb-border-style:solid;width:48%; margin-right: 4%;\"><div class=\"fusion-column-wrapper fusion-column-has-shadow fusion-flex-column-wrapper-legacy\"><div class=\"fusion-column-content-centered\"><div class=\"fusion-column-content\"><div class=\"fusion-image-element fusion-image-align-center in-legacy-container\" style=\"text-align:center;--awb-caption-title-font-family:var(--h2_typography-font-family);--awb-caption-title-font-weight:var(--h2_typography-font-weight);--awb-caption-title-font-style:var(--h2_typography-font-style);--awb-caption-title-size:var(--h2_typography-font-size);--awb-caption-title-transform:var(--h2_typography-text-transform);--awb-caption-title-line-height:var(--h2_typography-line-height);--awb-caption-title-letter-spacing:var(--h2_typography-letter-spacing);\"><div class=\"imageframe-align-center\"><span class=\" fusion-imageframe imageframe-none imageframe-1 hover-type-none\"><img decoding=\"async\" width=\"1000\" height=\"667\" title=\"40711\" src=\"https:\/\/imlauer.com\/hotel-nestroy-wien\/wp-content\/uploads\/2025\/02\/40711.jpg\" data-orig-src=\"https:\/\/imlauer.com\/hotel-nestroy-wien\/wp-content\/uploads\/2025\/02\/40711.jpg\" alt class=\"lazyload img-responsive wp-image-402\" srcset=\"data:image\/svg+xml,%3Csvg%20xmlns%3D%27http%3A%2F%2Fwww.w3.org%2F2000%2Fsvg%27%20width%3D%271000%27%20height%3D%27667%27%20viewBox%3D%270%200%201000%20667%27%3E%3Crect%20width%3D%271000%27%20height%3D%27667%27%20fill-opacity%3D%220%22%2F%3E%3C%2Fsvg%3E\" data-srcset=\"https:\/\/imlauer.com\/hotel-nestroy-wien\/wp-content\/uploads\/2025\/02\/40711-200x133.jpg 200w, https:\/\/imlauer.com\/hotel-nestroy-wien\/wp-content\/uploads\/2025\/02\/40711-400x267.jpg 400w, https:\/\/imlauer.com\/hotel-nestroy-wien\/wp-content\/uploads\/2025\/02\/40711-600x400.jpg 600w, https:\/\/imlauer.com\/hotel-nestroy-wien\/wp-content\/uploads\/2025\/02\/40711-800x534.jpg 800w, https:\/\/imlauer.com\/hotel-nestroy-wien\/wp-content\/uploads\/2025\/02\/40711.jpg 1000w\" data-sizes=\"auto\" data-orig-sizes=\"(max-width: 969px) 100vw, 600px\" \/><\/span><\/div><\/div><div class=\"fusion-text fusion-text-2 copyright\"><p style=\"font-size: 11px; text-align: right;\"><span style=\"color: #ffffff;\">\u00a9 Ente del Turismo di Vienna\/Christian Stemper<\/span><\/p>\n<\/div><\/div><\/div><div class=\"fusion-clearfix\"><\/div><\/div><\/div><div class=\"fusion-layout-column fusion_builder_column fusion-builder-column-2 fusion_builder_column_1_2 1_2 fusion-one-half fusion-column-last\" style=\"--awb-bg-blend:overlay;--awb-bg-size:cover;width:48%;\"><div class=\"fusion-column-wrapper fusion-column-has-shadow fusion-flex-column-wrapper-legacy\"><div class=\"fusion-column-content-centered\"><div class=\"fusion-column-content\"><div class=\"fusion-text fusion-text-3\"><p style=\"text-align: center;\">&#8222;Vienna, Vienna, tu sola sarai sempre la citt\u00e0 dei miei sogni&#8220;.<br \/>\nI versi del compositore austriaco Wienerlied Rudolf Sieczy\u0144ski sono familiari a molti. Vienna \u00e8 infatti una citt\u00e0 che conquista molti cuori con il suo <strong>fascino particolare<\/strong>, il suo <strong>ricco patrimonio storico<\/strong> e le sue numerose oasi verdi. Ma anche gli <strong>angoli meno conosciuti della citt\u00e0<\/strong> meritano una visita. Vi sveliamo <strong>i nostri luoghi preferiti<\/strong> che a volte rivelano il loro fascino solo a un secondo sguardo!   <\/p>\n<p style=\"text-align: center;\">Quando arrivate all&#8217;IMLAUER Hotel Wien o all&#8217;IMLAUER Hotel Nestroy Wien, vi trovate gi\u00e0 nel mezzo di uno dei quartieri pi\u00f9 colorati della citt\u00e0: il <strong>2\u00b0 distretto di Vienna<\/strong>. Dalla <strong>ruota panoramica<\/strong> alla verde <strong>area ricreativa del Prater<\/strong>, qui c&#8217;\u00e8 molto da sperimentare. <strong>Leopoldstadt<\/strong> \u00e8 un <strong>crogiolo<\/strong> multiculturale, separato dal centro della citt\u00e0 dal <strong>Canale del Danubio<\/strong>.  <\/p>\n<\/div><\/div><\/div><div class=\"fusion-clearfix\"><\/div><\/div><\/div><\/div><\/div><div class=\"fusion-fullwidth fullwidth-box fusion-builder-row-2 nonhundred-percent-fullwidth non-hundred-percent-height-scrolling fusion-no-medium-visibility fusion-no-large-visibility\" style=\"--awb-background-position:left top;--awb-border-sizes-top:0px;--awb-border-sizes-bottom:0px;--awb-border-sizes-left:0px;--awb-border-sizes-right:0px;--awb-border-radius-top-left:0px;--awb-border-radius-top-right:0px;--awb-border-radius-bottom-right:0px;--awb-border-radius-bottom-left:0px;--awb-padding-top:0px;--awb-padding-bottom:85px;--awb-margin-top:40px;--awb-flex-wrap:wrap;\" ><div class=\"fusion-builder-row fusion-row\"><div class=\"fusion-layout-column fusion_builder_column fusion-builder-column-3 fusion_builder_column_1_1 1_1 fusion-one-full fusion-column-first fusion-column-last\" style=\"--awb-bg-blend:overlay;--awb-bg-size:cover;\"><div class=\"fusion-column-wrapper fusion-column-has-shadow fusion-flex-column-wrapper-legacy\"><div class=\"fusion-text fusion-text-4\"><p class=\"top\" style=\"letter-spacing: 4px; font-size: 2vw; text-align: center; margin-bottom: 0px;\">IL LUOGO DA ESPLORARE<\/p>\n<h2 class=\"main\" style=\"text-align: center; font-size: 2.5vw; margin: 0;\"><strong>VEDERE VIENNA CON OCCHI DIVERSI<br \/>\n<\/strong><\/h2>\n<\/div><div class=\"fusion-clearfix\"><\/div><\/div><\/div><div class=\"fusion-layout-column fusion_builder_column fusion-builder-column-4 fusion_builder_column_1_2 1_2 fusion-one-half fusion-column-first\" style=\"--awb-padding-top:10px;--awb-padding-bottom:10px;--awb-bg-color:#ffffff;--awb-bg-color-hover:#ffffff;--awb-bg-size:cover;--awb-border-color:#ebeef1;--awb-border-top:0px;--awb-border-right:0px;--awb-border-bottom:0px;--awb-border-left:0px;--awb-border-style:solid;width:48%; margin-right: 4%;\"><div class=\"fusion-column-wrapper fusion-column-has-shadow fusion-flex-column-wrapper-legacy\"><div class=\"fusion-column-content-centered\"><div class=\"fusion-column-content\"><div class=\"fusion-image-element fusion-image-align-center in-legacy-container\" style=\"text-align:center;--awb-caption-title-font-family:var(--h2_typography-font-family);--awb-caption-title-font-weight:var(--h2_typography-font-weight);--awb-caption-title-font-style:var(--h2_typography-font-style);--awb-caption-title-size:var(--h2_typography-font-size);--awb-caption-title-transform:var(--h2_typography-text-transform);--awb-caption-title-line-height:var(--h2_typography-line-height);--awb-caption-title-letter-spacing:var(--h2_typography-letter-spacing);\"><div class=\"imageframe-align-center\"><span class=\" fusion-imageframe imageframe-none imageframe-2 hover-type-none\"><img decoding=\"async\" src=\"data:image\/gif;base64,R0lGODlhAQABAAAAACH5BAEKAAEALAAAAAABAAEAAAICTAEAOw==\" data-orig-src=\"https:\/\/imlauer.com\/hotel-imlauer-wien\/wp-content\/uploads\/sites\/8\/2020\/03\/40711.jpg\" alt class=\"lazyload img-responsive\"\/><\/span><\/div><\/div><div class=\"fusion-text fusion-text-5 copyright\"><p style=\"font-size: 11px; text-align: right;\"><span style=\"color: #ffffff;\">\u00a9 Ente del Turismo di Vienna\/Christian Stemper<\/span><\/p>\n<\/div><\/div><\/div><div class=\"fusion-clearfix\"><\/div><\/div><\/div><div class=\"fusion-layout-column fusion_builder_column fusion-builder-column-5 fusion_builder_column_1_2 1_2 fusion-one-half fusion-column-last\" style=\"--awb-bg-blend:overlay;--awb-bg-size:cover;width:48%;\"><div class=\"fusion-column-wrapper fusion-column-has-shadow fusion-flex-column-wrapper-legacy\"><div class=\"fusion-column-content-centered\"><div class=\"fusion-column-content\"><div class=\"fusion-text fusion-text-6\"><p style=\"text-align: center;\">&#8222;Vienna, Vienna, tu sola sarai sempre la citt\u00e0 dei miei sogni&#8220;.<br \/>\nI versi del compositore austriaco Wienerlied Rudolf Sieczy\u0144ski sono familiari a molti. Vienna \u00e8 infatti una citt\u00e0 che conquista molti cuori con il suo <strong>fascino particolare<\/strong>, il suo <strong>ricco patrimonio storico<\/strong> e le sue numerose oasi verdi. Ma anche gli <strong>angoli meno conosciuti della citt\u00e0<\/strong> meritano una visita. Vi sveliamo <strong>i nostri luoghi preferiti<\/strong> che a volte rivelano il loro fascino solo a un secondo sguardo!   <\/p>\n<p style=\"text-align: center;\">Quando arrivate all&#8217;IMLAUER Hotel Wien o all&#8217;IMLAUER Hotel Nestroy Wien, vi trovate gi\u00e0 nel mezzo di uno dei quartieri pi\u00f9 colorati della citt\u00e0: il <strong>2\u00b0 distretto di Vienna<\/strong>. Dalla <strong>ruota panoramica<\/strong> alla verde <strong>area ricreativa del Prater<\/strong>, qui c&#8217;\u00e8 molto da sperimentare. <strong>Leopoldstadt<\/strong> \u00e8 un <strong>crogiolo<\/strong> multiculturale, separato dal centro della citt\u00e0 dal <strong>Canale del Danubio<\/strong>.  <\/p>\n<\/div><\/div><\/div><div class=\"fusion-clearfix\"><\/div><\/div><\/div><\/div><\/div><div class=\"fusion-fullwidth fullwidth-box fusion-builder-row-3 nonhundred-percent-fullwidth non-hundred-percent-height-scrolling fusion-equal-height-columns\" style=\"--awb-border-radius-top-left:0px;--awb-border-radius-top-right:0px;--awb-border-radius-bottom-right:0px;--awb-border-radius-bottom-left:0px;--awb-margin-bottom:30px;--awb-flex-wrap:wrap;\" ><div class=\"fusion-builder-row fusion-row\"><div class=\"fusion-layout-column fusion_builder_column fusion-builder-column-6 fusion_builder_column_1_3 1_3 fusion-one-third fusion-column-first\" style=\"--awb-padding-top:150px;--awb-padding-bottom:150px;--awb-bg-position:center top;--awb-bg-size:cover;--awb-margin-bottom:0px;\"><div class=\"fusion-column-wrapper lazyload fusion-column-has-shadow fusion-flex-column-wrapper-legacy fusion-column-has-bg-image\" data-bg-url=\"https:\/\/imlauer.com\/hotel-nestroy-wien\/wp-content\/uploads\/2025\/02\/50854.jpg\" data-bg=\"https:\/\/imlauer.com\/hotel-nestroy-wien\/wp-content\/uploads\/2025\/02\/50854.jpg\"><div class=\"fusion-text fusion-text-7 copyright\"><p style=\"font-size: 11px; text-align: right;\"><span style=\"color: #ffffff;\">\u00a9 Ente del Turismo di Vienna\/Gregor Hofbauer<\/span><\/p>\n<\/div><div class=\"fusion-clearfix\"><\/div><\/div><\/div><div class=\"fusion-layout-column fusion_builder_column fusion-builder-column-7 fusion_builder_column_1_3 1_3 fusion-one-third\" style=\"--awb-padding-top:40px;--awb-padding-right:40px;--awb-padding-bottom:40px;--awb-padding-left:40px;--awb-bg-color:#af9755;--awb-bg-color-hover:#af9755;--awb-bg-size:cover;--awb-margin-bottom:0px;\"><div class=\"fusion-column-wrapper fusion-column-has-shadow fusion-flex-column-wrapper-legacy\"><div class=\"fusion-column-content-centered\"><div class=\"fusion-column-content\"><div class=\"fusion-text fusion-text-8\"><h3 style=\"text-align: center;\"><em><span style=\"color: #ffffff;\">&#8222;Il mondo \u00e8 un libro e chi non viaggia sta leggendo solo una pagina&#8220;.<\/span><\/em><\/h3>\n<p style=\"letter-spacing: 4px; font-size: 22px; text-align: center; line-height: 22px;\"><span style=\"color: #ffffff;\">Sant&#8217;Agostino<br \/>\n<\/span><\/p>\n<\/div><\/div><\/div><div class=\"fusion-clearfix\"><\/div><\/div><\/div><div class=\"fusion-layout-column fusion_builder_column fusion-builder-column-8 fusion_builder_column_1_3 1_3 fusion-one-third fusion-column-last\" style=\"--awb-padding-top:150px;--awb-padding-bottom:150px;--awb-bg-position:center top;--awb-bg-size:cover;--awb-margin-bottom:0px;\"><div class=\"fusion-column-wrapper lazyload fusion-column-has-shadow fusion-flex-column-wrapper-legacy fusion-column-has-bg-image\" data-bg-url=\"https:\/\/imlauer.com\/hotel-nestroy-wien\/wp-content\/uploads\/2025\/02\/50056.jpg\" data-bg=\"https:\/\/imlauer.com\/hotel-nestroy-wien\/wp-content\/uploads\/2025\/02\/50056.jpg\"><div class=\"fusion-text fusion-text-9 copyright\"><p style=\"font-size: 11px; text-align: right;\"><span style=\"color: #ffffff;\">\u00a9 Ente per il Turismo di Vienna\/Peter Rigaud<\/span><\/p>\n<\/div><div class=\"fusion-clearfix\"><\/div><\/div><\/div><\/div><\/div><div class=\"fusion-fullwidth fullwidth-box fusion-builder-row-4 has-pattern-background has-mask-background hundred-percent-fullwidth non-hundred-percent-height-scrolling fusion-equal-height-columns\" style=\"--awb-border-radius-top-left:0px;--awb-border-radius-top-right:0px;--awb-border-radius-bottom-right:0px;--awb-border-radius-bottom-left:0px;--awb-padding-top:4%;--awb-padding-right:6%;--awb-padding-bottom:3%;--awb-padding-left:6%;--awb-background-color:#f7f7f7;--awb-flex-wrap:wrap;\" ><div class=\"fusion-builder-row fusion-row\"><div class=\"fusion-layout-column fusion_builder_column fusion-builder-column-9 fusion_builder_column_1_2 1_2 fusion-one-half fusion-column-first fusion-animated\" style=\"--awb-padding-top:11%;--awb-padding-right:11%;--awb-padding-bottom:11%;--awb-padding-left:11%;--awb-bg-color:#ffffff;--awb-bg-color-hover:#ffffff;--awb-bg-size:cover;--awb-margin-bottom:0px;width:50%;width:calc(50% - ( ( 0 ) * 0.5 ) );margin-right: 0px;\" data-animationType=\"fadeInLeft\" data-animationDuration=\"0.8\" data-animationOffset=\"top-into-view\"><div class=\"fusion-column-wrapper fusion-column-has-shadow fusion-flex-column-wrapper-legacy\"><div class=\"fusion-column-content-centered\"><div class=\"fusion-column-content\"><div class=\"fusion-text fusion-text-10\"><h1 style=\"text-align: center;\">Il Canale del Danubio: bar sulla spiaggia, cocktail e sedie a sdraio<\/h1>\n<\/div><div class=\"fusion-text fusion-text-11\"><p style=\"text-align: center;\">Il Canale del Danubio \u00e8 il braccio del Danubio pi\u00f9 vicino al centro della citt\u00e0. Un tempo era chiamato &#8222;acqua viennese&#8220; o &#8222;braccio viennese&#8220;. In estate, il Canale del Danubio si trasforma in un popolare luogo di incontro per giovani e meno giovani con un&#8217;atmosfera da spiaggia: numerosi pub, club e bar all&#8217;aperto attendono gli ospiti in cerca di sole. Qui si possono infilare le dita dei piedi nella sabbia, mettersi comodi sulle sedie a sdraio e gustare cocktail colorati. E soprattutto, il Canale del Danubio \u00e8 a soli dieci minuti a piedi dall&#8217;IMLAUER Hotel Wien.    <\/p>\n<\/div><\/div><\/div><div class=\"fusion-clearfix\"><\/div><\/div><\/div><div class=\"fusion-layout-column fusion_builder_column fusion-builder-column-10 fusion_builder_column_1_2 1_2 fusion-one-half fusion-column-last fusion-animated\" style=\"--awb-bg-position:center center;--awb-bg-size:cover;--awb-margin-bottom:0px;width:50%;width:calc(50% - ( ( 0 ) * 0.5 ) );\" data-animationType=\"fadeInRight\" data-animationDuration=\"0.8\" data-animationOffset=\"top-into-view\"><div class=\"fusion-column-wrapper lazyload fusion-column-has-shadow fusion-flex-column-wrapper-legacy fusion-column-has-bg-image\" data-bg-url=\"https:\/\/imlauer.com\/hotel-nestroy-wien\/wp-content\/uploads\/2025\/02\/41003.jpg\" data-bg=\"https:\/\/imlauer.com\/hotel-nestroy-wien\/wp-content\/uploads\/2025\/02\/41003.jpg\"><div class=\"fusion-text fusion-text-12 copyright\"><p style=\"font-size: 11px; text-align: right;\"><span style=\"color: #ffffff;\">\u00a9 Ente del Turismo di Vienna\/Christian Stemper<\/span><\/p>\n<\/div><div class=\"fusion-clearfix\"><\/div><\/div><\/div><div class=\"fusion-layout-column fusion_builder_column fusion-builder-column-11 fusion_builder_column_1_2 1_2 fusion-one-half fusion-column-first fusion-animated\" style=\"--awb-bg-position:center center;--awb-bg-size:cover;--awb-margin-bottom:0px;width:50%;width:calc(50% - ( ( 0 ) * 0.5 ) );margin-right: 0px;\" data-animationType=\"fadeInRight\" data-animationDuration=\"0.8\" data-animationOffset=\"top-into-view\"><div class=\"fusion-column-wrapper lazyload fusion-column-has-shadow fusion-flex-column-wrapper-legacy fusion-column-has-bg-image\" data-bg-url=\"https:\/\/imlauer.com\/hotel-nestroy-wien\/wp-content\/uploads\/2025\/02\/saengerknaben.jpg\" data-bg=\"https:\/\/imlauer.com\/hotel-nestroy-wien\/wp-content\/uploads\/2025\/02\/saengerknaben.jpg\"><div class=\"fusion-text fusion-text-13 copyright\"><p style=\"font-size: 11px; text-align: right;\"><span style=\"color: #ffffff;\">  \u00a9 Ente del Turismo di Vienna\/Lukas Beck<\/span><\/p>\n<\/div><div class=\"fusion-clearfix\"><\/div><\/div><\/div><div class=\"fusion-layout-column fusion_builder_column fusion-builder-column-12 fusion_builder_column_1_2 1_2 fusion-one-half fusion-column-last fusion-animated\" style=\"--awb-padding-top:11%;--awb-padding-right:11%;--awb-padding-bottom:11%;--awb-padding-left:11%;--awb-bg-color:#ffffff;--awb-bg-color-hover:#ffffff;--awb-bg-size:cover;--awb-margin-bottom:0px;width:50%;width:calc(50% - ( ( 0 ) * 0.5 ) );\" data-animationType=\"fadeInLeft\" data-animationDuration=\"0.8\" data-animationOffset=\"top-into-view\"><div class=\"fusion-column-wrapper fusion-column-has-shadow fusion-flex-column-wrapper-legacy\"><div class=\"fusion-column-content-centered\"><div class=\"fusion-column-content\"><div class=\"fusion-text fusion-text-14\"><h1 style=\"text-align: center;\">Sala concerti del Coro dei Ragazzi di Vienna: Musica e teatro<\/h1>\n<\/div><div class=\"fusion-text fusion-text-15\"><p style=\"text-align: center;\">A soli cinque minuti a piedi dall&#8217;IMLAUER Hotel Wien si trova il Musik und Theater im Augarten (MuTh), la sala concerti ufficiale del Vienna Boys&#8216; Choir, famoso in tutto il mondo. In questo edificio &#8211; un insieme di tessuto edilizio barocco e architettura moderna &#8211; prende vita la combinazione di musica e teatro, di classico e avanguardia, di apertura e diversit\u00e0. Gli intenditori concordano sul fatto che l&#8217;acustica \u00e8 eccezionale, l&#8217;atmosfera moderna e la vicinanza al palcoscenico unica. Altrettanto straordinario e unico \u00e8 il coro che ha trovato qui la sua casa musicale: il Wiener S\u00e4ngernkaben.   <\/p>\n<\/div><\/div><\/div><div class=\"fusion-clearfix\"><\/div><\/div><\/div><div class=\"fusion-layout-column fusion_builder_column fusion-builder-column-13 fusion_builder_column_1_2 1_2 fusion-one-half fusion-column-first fusion-animated\" style=\"--awb-padding-top:11%;--awb-padding-right:11%;--awb-padding-bottom:11%;--awb-padding-left:11%;--awb-bg-color:#ffffff;--awb-bg-color-hover:#ffffff;--awb-bg-size:cover;--awb-margin-bottom:0px;width:50%;width:calc(50% - ( ( 0 ) * 0.5 ) );margin-right: 0px;\" data-animationType=\"fadeInLeft\" data-animationDuration=\"0.8\" data-animationOffset=\"top-into-view\"><div class=\"fusion-column-wrapper fusion-column-has-shadow fusion-flex-column-wrapper-legacy\"><div class=\"fusion-column-content-centered\"><div class=\"fusion-column-content\"><div class=\"fusion-text fusion-text-16\"><h1 style=\"text-align: center;\">Mercato carmelitano:<\/h1>\n<\/div><div class=\"fusion-text fusion-text-17\"><p style=\"text-align: center;\">Quando lasciate l&#8217;IMLAUER Hotel Wien per una passeggiata a Vienna, dovete includere nei vostri piani il Karmelitermarkt nel 2\u00b0 distretto. A soli 500 metri dall&#8217;hotel, questo mercato \u00e8 uno dei punti di riferimento di Vienna per i mercati di strada. Il Karmelitermarkt \u00e8 uno dei mercati pi\u00f9 antichi ancora esistenti a Vienna. Qui si possono acquistare specialit\u00e0 internazionali di formaggio e carne di cavallo, oltre a frutta, verdura e varie specialit\u00e0 biologiche. Ogni venerd\u00ec e sabato si tiene anche un mercato contadino. Le coloratissime bancarelle vendono soprattutto prelibatezze a base di carne e salsicce, come la carne di bisonte, ma anche slow food con prodotti della regione e non solo. \u00c8 d&#8217;obbligo una sosta alla locanda &#8222;Sch\u00f6ne Perle&#8220;, nell&#8217;ex quartiere ebraico. Dall&#8217;altra parte del Canale del Danubio, la classica cucina viennese viene reinterpretata in un ambiente semplice e pulito.       <\/p>\n<\/div><\/div><\/div><div class=\"fusion-clearfix\"><\/div><\/div><\/div><div class=\"fusion-layout-column fusion_builder_column fusion-builder-column-14 fusion_builder_column_1_2 1_2 fusion-one-half fusion-column-last fusion-animated\" style=\"--awb-bg-position:center center;--awb-bg-size:cover;--awb-margin-bottom:0px;width:50%;width:calc(50% - ( ( 0 ) * 0.5 ) );\" data-animationType=\"fadeInRight\" data-animationDuration=\"0.8\" data-animationOffset=\"top-into-view\"><div class=\"fusion-column-wrapper lazyload fusion-column-has-shadow fusion-flex-column-wrapper-legacy fusion-column-has-bg-image\" data-bg-url=\"https:\/\/imlauer.com\/hotel-nestroy-wien\/wp-content\/uploads\/2025\/02\/markt.jpg\" data-bg=\"https:\/\/imlauer.com\/hotel-nestroy-wien\/wp-content\/uploads\/2025\/02\/markt.jpg\"><div class=\"fusion-text fusion-text-18 copyright\"><p style=\"font-size: 11px; text-align: right;\"><span style=\"color: #ffffff;\">\u00a9 Ente del Turismo di Vienna\/Paul Bauer<\/span><\/p>\n<\/div><div class=\"fusion-clearfix\"><\/div><\/div><\/div><div class=\"fusion-layout-column fusion_builder_column fusion-builder-column-15 fusion_builder_column_1_2 1_2 fusion-one-half fusion-column-first fusion-animated\" style=\"--awb-bg-position:center center;--awb-bg-size:cover;--awb-margin-bottom:0px;width:50%;width:calc(50% - ( ( 0 ) * 0.5 ) );margin-right: 0px;\" data-animationType=\"fadeInRight\" data-animationDuration=\"0.8\" data-animationOffset=\"top-into-view\"><div class=\"fusion-column-wrapper lazyload fusion-column-has-shadow fusion-flex-column-wrapper-legacy fusion-column-has-bg-image\" data-bg-url=\"https:\/\/imlauer.com\/hotel-nestroy-wien\/wp-content\/uploads\/2025\/02\/40659.jpg\" data-bg=\"https:\/\/imlauer.com\/hotel-nestroy-wien\/wp-content\/uploads\/2025\/02\/40659.jpg\"><div class=\"fusion-text fusion-text-19 copyright\"><p style=\"font-size: 11px; text-align: right;\"><span style=\"color: #ffffff;\">\u00a9 Ente del Turismo di Vienna\/Christian Stemper<\/span><\/p>\n<\/div><div class=\"fusion-clearfix\"><\/div><\/div><\/div><div class=\"fusion-layout-column fusion_builder_column fusion-builder-column-16 fusion_builder_column_1_2 1_2 fusion-one-half fusion-column-last fusion-animated\" style=\"--awb-padding-top:11%;--awb-padding-right:11%;--awb-padding-bottom:11%;--awb-padding-left:11%;--awb-bg-color:#ffffff;--awb-bg-color-hover:#ffffff;--awb-bg-size:cover;--awb-margin-bottom:0px;width:50%;width:calc(50% - ( ( 0 ) * 0.5 ) );\" data-animationType=\"fadeInLeft\" data-animationDuration=\"0.8\" data-animationOffset=\"top-into-view\"><div class=\"fusion-column-wrapper fusion-column-has-shadow fusion-flex-column-wrapper-legacy\"><div class=\"fusion-column-content-centered\"><div class=\"fusion-column-content\"><div class=\"fusion-text fusion-text-20\"><h1 style=\"text-align: center;\">I giardini fioriti di Hirschstetten: La fioritura nel 22\u00b0 distretto<\/h1>\n<\/div><div class=\"fusion-text fusion-text-21\"><p style=\"text-align: center;\">In Quadenstra\u00dfe 15, un paradiso colorato vi attende su una superficie di 70.000 metri quadrati. Immergetevi nei vari giardini tematici dove potrete ammirare la diversa flora e fauna del nostro pianeta. Lo zoo di Hirschstetten, con i suoi numerosi abitanti a quattro zampe, molti dei quali sono specie in via di estinzione, \u00e8 una vera attrazione non solo per i giovani visitatori. Cos\u00ec come la fattoria storica, dove vi sembrer\u00e0 di aver fatto un salto indietro nel tempo. Date un&#8217;occhiata anche alla casa delle palme tropicali! Il caff\u00e8 del giardino e la &#8222;Schutzhaus am Seerosenteich&#8220; sono ideali per una sosta culinaria. Un tocco di Francia e una brezza di spiaggia vi aspettano!      <\/p>\n<\/div><\/div><\/div><div class=\"fusion-clearfix\"><\/div><\/div><\/div><div class=\"fusion-layout-column fusion_builder_column fusion-builder-column-17 fusion_builder_column_1_2 1_2 fusion-one-half fusion-column-first fusion-animated\" style=\"--awb-padding-top:11%;--awb-padding-right:11%;--awb-padding-bottom:11%;--awb-padding-left:11%;--awb-bg-color:#ffffff;--awb-bg-color-hover:#ffffff;--awb-bg-size:cover;--awb-margin-bottom:0px;width:50%;width:calc(50% - ( ( 0 ) * 0.5 ) );margin-right: 0px;\" data-animationType=\"fadeInLeft\" data-animationDuration=\"0.8\" data-animationOffset=\"top-into-view\"><div class=\"fusion-column-wrapper fusion-column-has-shadow fusion-flex-column-wrapper-legacy\"><div class=\"fusion-column-content-centered\"><div class=\"fusion-column-content\"><div class=\"fusion-text fusion-text-22\"><h1 style=\"text-align: center;\">Il Brunnenmarkt: uno dei pi\u00f9 grandi mercati ambulanti permanenti d&#8217;Europa<\/h1>\n<\/div><div class=\"fusion-text fusion-text-23\"><p style=\"text-align: center;\">Con oltre 160 bancarelle, il Brunnenmarkt nel 16\u00b0 distretto di Vienna \u00e8 un colorato crogiolo di culture. Grazie al suo ambiente multiculturale, \u00e8 anche conosciuto come &#8222;l&#8217;Oriente dietro l&#8217;angolo&#8220;. Qui si possono acquistare cibi e souvenir regionali e godersi il paesaggio nei caff\u00e8 e nei bar. Gi\u00e0 nel 1830 esisteva un piccolo mercato nella Thaliastrasse, che nel corso degli anni si \u00e8 espanso verso la Brunnengasse. Infine, nel 2009 l&#8217;ex Yppenmarkt si \u00e8 fuso con il Brunnenmarkt. Ed ecco che oggi il Brunnenmarkt \u00e8 uno dei pi\u00f9 grandi mercati ambulanti permanenti d&#8217;Europa.     <\/p>\n<\/div><\/div><\/div><div class=\"fusion-clearfix\"><\/div><\/div><\/div><div class=\"fusion-layout-column fusion_builder_column fusion-builder-column-18 fusion_builder_column_1_2 1_2 fusion-one-half fusion-column-last fusion-animated\" style=\"--awb-bg-position:center center;--awb-bg-size:cover;--awb-margin-bottom:0px;width:50%;width:calc(50% - ( ( 0 ) * 0.5 ) );\" data-animationType=\"fadeInLeft\" data-animationDuration=\"0.8\" data-animationOffset=\"top-into-view\"><div class=\"fusion-column-wrapper lazyload fusion-column-has-shadow fusion-flex-column-wrapper-legacy fusion-column-has-bg-image\" data-bg-url=\"https:\/\/imlauer.com\/hotel-nestroy-wien\/wp-content\/uploads\/2025\/02\/50727.jpg\" data-bg=\"https:\/\/imlauer.com\/hotel-nestroy-wien\/wp-content\/uploads\/2025\/02\/50727.jpg\"><div class=\"fusion-text fusion-text-24 copyright\"><p style=\"font-size: 11px; text-align: right;\"><span style=\"color: #ffffff;\">\u00a9 Ente del Turismo di Vienna\/Paul Bauer<\/span><\/p>\n<\/div><div class=\"fusion-clearfix\"><\/div><\/div><\/div><div class=\"fusion-layout-column fusion_builder_column fusion-builder-column-19 fusion_builder_column_1_2 1_2 fusion-one-half fusion-column-first fusion-animated\" style=\"--awb-bg-position:center center;--awb-bg-size:cover;--awb-margin-bottom:0px;width:50%;width:calc(50% - ( ( 0 ) * 0.5 ) );margin-right: 0px;\" data-animationType=\"fadeInLeft\" data-animationDuration=\"0.8\" data-animationOffset=\"top-into-view\"><div class=\"fusion-column-wrapper lazyload fusion-column-has-shadow fusion-flex-column-wrapper-legacy fusion-column-has-bg-image\" data-bg-url=\"https:\/\/imlauer.com\/hotel-nestroy-wien\/wp-content\/uploads\/2025\/02\/50814.jpg\" data-bg=\"https:\/\/imlauer.com\/hotel-nestroy-wien\/wp-content\/uploads\/2025\/02\/50814.jpg\"><div class=\"fusion-text fusion-text-25 copyright\"><p style=\"font-size: 11px; text-align: right;\"><span style=\"color: #ffffff;\">\u00a9 Ente del Turismo di Vienna\/Paul Bauer<\/span><\/p>\n<\/div><div class=\"fusion-clearfix\"><\/div><\/div><\/div><div class=\"fusion-layout-column fusion_builder_column fusion-builder-column-20 fusion_builder_column_1_2 1_2 fusion-one-half fusion-column-last fusion-animated\" style=\"--awb-padding-top:11%;--awb-padding-right:11%;--awb-padding-bottom:11%;--awb-padding-left:11%;--awb-bg-color:#ffffff;--awb-bg-color-hover:#ffffff;--awb-bg-size:cover;--awb-margin-bottom:0px;width:50%;width:calc(50% - ( ( 0 ) * 0.5 ) );\" data-animationType=\"fadeInLeft\" data-animationDuration=\"0.8\" data-animationOffset=\"top-into-view\"><div class=\"fusion-column-wrapper fusion-column-has-shadow fusion-flex-column-wrapper-legacy\"><div class=\"fusion-column-content-centered\"><div class=\"fusion-column-content\"><div class=\"fusion-text fusion-text-26\"><h1 style=\"text-align: center;\">Josefst\u00e4dter Stra\u00dfe: a caccia nell&#8217;8\u00b0 distretto<\/h1>\n<\/div><div class=\"fusion-text fusion-text-27\"><p style=\"text-align: center;\">Josefst\u00e4dter Stra\u00dfe, nell&#8217;8\u00b0 distretto di Vienna, \u00e8 un consiglio da insider per lo shopping tra i viennesi. Qui si nascondono molte piccole boutique individuali, alcune con una gamma di prodotti insoliti. Che si tratti di moda insolita o di gelato vegano, qui lo troverete! E per una piccola pausa tra una vetrina e l&#8217;altra, ecco un consiglio: il Caf\u00e9 Eiles, all&#8217;estremit\u00e0 inferiore di Josefst\u00e4dter Stra\u00dfe, \u00e8 un locale tradizionale viennese fuori dai sentieri battuti.   <\/p>\n<\/div><\/div><\/div><div class=\"fusion-clearfix\"><\/div><\/div><\/div><div class=\"fusion-layout-column fusion_builder_column fusion-builder-column-21 fusion_builder_column_1_2 1_2 fusion-one-half fusion-column-first fusion-animated\" style=\"--awb-padding-top:11%;--awb-padding-right:11%;--awb-padding-bottom:11%;--awb-padding-left:11%;--awb-bg-color:#ffffff;--awb-bg-color-hover:#ffffff;--awb-bg-size:cover;--awb-margin-bottom:0%;width:50%;width:calc(50% - ( ( 0 ) * 0.5 ) );margin-right: 0px;\" data-animationType=\"fadeInRight\" data-animationDuration=\"0.8\" data-animationOffset=\"top-into-view\"><div class=\"fusion-column-wrapper fusion-column-has-shadow fusion-flex-column-wrapper-legacy\"><div class=\"fusion-column-content-centered\"><div class=\"fusion-column-content\"><div class=\"fusion-text fusion-text-28\"><h1 style=\"text-align: center;\">Il cimitero dei senza nome: Il cimitero meridionale e i suoi fantasmi<\/h1>\n<\/div><div class=\"fusion-text fusion-text-29\"><p style=\"text-align: center;\">Il cimitero della foresta a sud di Vienna \u00e8 un luogo di fantasmi sconosciuti. Qui, proprio accanto al porto di Albern, i morti senza nome sono stati deposti, liberati dal Danubio. Con la sua bella cappella e le numerose croci tombali, alcune delle quali in ferro battuto, circondate da alberi, piante e viti, \u00e8 un luogo mistico di silenzio. Forse conoscete il Cimitero dei Senza Nome dal film hollywoodiano &#8222;Prima dell&#8217;alba&#8220;? In ogni caso, il cimitero meridionale merita una visita!    <\/p>\n<\/div><\/div><\/div><div class=\"fusion-clearfix\"><\/div><\/div><\/div><div class=\"fusion-layout-column fusion_builder_column fusion-builder-column-22 fusion_builder_column_1_2 1_2 fusion-one-half fusion-column-last fusion-animated\" style=\"--awb-bg-position:center center;--awb-bg-size:cover;--awb-margin-bottom:0px;width:50%;width:calc(50% - ( ( 0 ) * 0.5 ) );\" data-animationType=\"fadeInLeft\" data-animationDuration=\"0.8\" data-animationOffset=\"top-into-view\"><div class=\"fusion-column-wrapper lazyload fusion-column-has-shadow fusion-flex-column-wrapper-legacy fusion-column-has-bg-image\" data-bg-url=\"https:\/\/imlauer.com\/hotel-nestroy-wien\/wp-content\/uploads\/2025\/02\/50839.jpg\" data-bg=\"https:\/\/imlauer.com\/hotel-nestroy-wien\/wp-content\/uploads\/2025\/02\/50839.jpg\"><div class=\"fusion-text fusion-text-30 copyright\"><p style=\"font-size: 11px; text-align: right;\"><span style=\"color: #ffffff;\">\u00a9 Ente del Turismo di Vienna\/Gregor Hofbauer<\/span><\/p>\n<\/div><div class=\"fusion-clearfix\"><\/div><\/div><\/div><div class=\"fusion-layout-column fusion_builder_column fusion-builder-column-23 fusion_builder_column_1_2 1_2 fusion-one-half fusion-column-first fusion-animated\" style=\"--awb-bg-position:center center;--awb-bg-size:cover;--awb-margin-bottom:0px;width:50%;width:calc(50% - ( ( 0 ) * 0.5 ) );margin-right: 0px;\" data-animationType=\"fadeInLeft\" data-animationDuration=\"0.8\" data-animationOffset=\"top-into-view\"><div class=\"fusion-column-wrapper lazyload fusion-column-has-shadow fusion-flex-column-wrapper-legacy fusion-column-has-bg-image\" data-bg-url=\"https:\/\/imlauer.com\/hotel-nestroy-wien\/wp-content\/uploads\/2025\/02\/50001.jpg\" data-bg=\"https:\/\/imlauer.com\/hotel-nestroy-wien\/wp-content\/uploads\/2025\/02\/50001.jpg\"><div class=\"fusion-text fusion-text-31 copyright\"><p style=\"font-size: 11px; text-align: right;\"><span style=\"color: #ffffff;\">\u00a9 Ente del Turismo di Vienna\/Christian Stemper<\/span><\/p>\n<\/div><div class=\"fusion-clearfix\"><\/div><\/div><\/div><div class=\"fusion-layout-column fusion_builder_column fusion-builder-column-24 fusion_builder_column_1_2 1_2 fusion-one-half fusion-column-last fusion-animated\" style=\"--awb-padding-top:11%;--awb-padding-right:11%;--awb-padding-bottom:11%;--awb-padding-left:11%;--awb-bg-color:#ffffff;--awb-bg-color-hover:#ffffff;--awb-bg-size:cover;--awb-margin-bottom:0%;width:50%;width:calc(50% - ( ( 0 ) * 0.5 ) );\" data-animationType=\"fadeInRight\" data-animationDuration=\"0.8\" data-animationOffset=\"top-into-view\"><div class=\"fusion-column-wrapper fusion-column-has-shadow fusion-flex-column-wrapper-legacy\"><div class=\"fusion-column-content-centered\"><div class=\"fusion-column-content\"><div class=\"fusion-text fusion-text-32\"><h1 style=\"text-align: center;\">Villa Otto Wagner: il museo privato di Ernst Fuchs<\/h1>\n<\/div><div class=\"fusion-text fusion-text-33\"><p style=\"text-align: center;\">Villa Wagner, in H\u00fcttelbergstra\u00dfe 26, fu costruita tra il 1886 e il 1888 su progetto di Otto Wagner. Oggi la bella villa \u00e8 di propriet\u00e0 degli eredi di Ernst Fuchs. Gli amanti dell&#8217;arte troveranno il museo privato del famoso pittore austriaco dietro le mura storiche.  <\/p>\n<\/div><\/div><\/div><div class=\"fusion-clearfix\"><\/div><\/div><\/div><div class=\"fusion-layout-column fusion_builder_column fusion-builder-column-25 fusion_builder_column_1_2 1_2 fusion-one-half fusion-column-first fusion-animated\" style=\"--awb-padding-top:11%;--awb-padding-right:11%;--awb-padding-bottom:11%;--awb-padding-left:11%;--awb-bg-color:#ffffff;--awb-bg-color-hover:#ffffff;--awb-bg-size:cover;--awb-margin-bottom:0%;width:50%;width:calc(50% - ( ( 0 ) * 0.5 ) );margin-right: 0px;\" data-animationType=\"fadeInRight\" data-animationDuration=\"0.8\" data-animationOffset=\"top-into-view\"><div class=\"fusion-column-wrapper fusion-column-has-shadow fusion-flex-column-wrapper-legacy\"><div class=\"fusion-column-content-centered\"><div class=\"fusion-column-content\"><div class=\"fusion-text fusion-text-34\"><h1 style=\"text-align: center;\">Neubaugasse: la &#8222;strada degli specialisti&#8220;<\/h1>\n<\/div><div class=\"fusion-text fusion-text-35\"><p style=\"text-align: center;\">Tra i viennesi, Neubaugasse \u00e8 meglio conosciuta come la &#8222;via degli specialisti&#8220;. Qui potrete soddisfare i vostri desideri di shopping lontano dal mainstream in molti piccoli negozi, in parte gestiti dai proprietari, dai colorati negozi hippie ai juice bar. <\/p>\n<\/div><\/div><\/div><div class=\"fusion-clearfix\"><\/div><\/div><\/div><div class=\"fusion-layout-column fusion_builder_column fusion-builder-column-26 fusion_builder_column_1_2 1_2 fusion-one-half fusion-column-last fusion-animated\" style=\"--awb-bg-position:center bottom;--awb-bg-size:cover;--awb-margin-bottom:0px;width:50%;width:calc(50% - ( ( 0 ) * 0.5 ) );\" data-animationType=\"fadeInLeft\" data-animationDuration=\"0.8\" data-animationOffset=\"top-into-view\"><div class=\"fusion-column-wrapper lazyload fusion-column-has-shadow fusion-flex-column-wrapper-legacy fusion-column-has-bg-image\" data-bg-url=\"https:\/\/imlauer.com\/hotel-nestroy-wien\/wp-content\/uploads\/2025\/02\/50816.jpg\" data-bg=\"https:\/\/imlauer.com\/hotel-nestroy-wien\/wp-content\/uploads\/2025\/02\/50816.jpg\"><div class=\"fusion-text fusion-text-36 copyright\"><p style=\"font-size: 11px; text-align: right;\"><span style=\"color: #ffffff;\">\u00a9 Ente del Turismo di Vienna\/Paul Bauer<\/span><\/p>\n<\/div><div class=\"fusion-clearfix\"><\/div><\/div><\/div><div class=\"fusion-layout-column fusion_builder_column fusion-builder-column-27 fusion_builder_column_1_2 1_2 fusion-one-half fusion-column-first fusion-animated\" style=\"--awb-bg-position:center center;--awb-bg-size:cover;--awb-margin-bottom:0px;width:50%;width:calc(50% - ( ( 0 ) * 0.5 ) );margin-right: 0px;\" data-animationType=\"fadeInLeft\" data-animationDuration=\"0.8\" data-animationOffset=\"top-into-view\"><div class=\"fusion-column-wrapper lazyload fusion-column-has-shadow fusion-flex-column-wrapper-legacy fusion-empty-column-bg-image fusion-column-has-bg-image\" data-bg-url=\"https:\/\/imlauer.com\/hotel-nestroy-wien\/wp-content\/uploads\/2025\/02\/sternwartepark.jpg\" data-bg=\"https:\/\/imlauer.com\/hotel-nestroy-wien\/wp-content\/uploads\/2025\/02\/sternwartepark.jpg\"><img decoding=\"async\" class=\"fusion-empty-dims-img-placeholder fusion-no-large-visibility\" aria-label=\"sternwartepark\" src=\"data:image\/svg+xml,%3Csvg%20xmlns%3D%27http%3A%2F%2Fwww.w3.org%2F2000%2Fsvg%27%20width%3D%271000%27%20height%3D%27664%27%20viewBox%3D%270%200%201000%20664%27%3E%3Crect%20width%3D%271000%27%20height%3D%27664%27%20fill-opacity%3D%220%22%2F%3E%3C%2Fsvg%3E\"><div class=\"fusion-clearfix\"><\/div><\/div><\/div><div class=\"fusion-layout-column fusion_builder_column fusion-builder-column-28 fusion_builder_column_1_2 1_2 fusion-one-half fusion-column-last fusion-animated\" style=\"--awb-padding-top:11%;--awb-padding-right:11%;--awb-padding-bottom:11%;--awb-padding-left:11%;--awb-bg-color:#ffffff;--awb-bg-color-hover:#ffffff;--awb-bg-size:cover;--awb-margin-bottom:0px;width:50%;width:calc(50% - ( ( 0 ) * 0.5 ) );\" data-animationType=\"fadeInRight\" data-animationDuration=\"0.8\" data-animationOffset=\"top-into-view\"><div class=\"fusion-column-wrapper fusion-column-has-shadow fusion-flex-column-wrapper-legacy\"><div class=\"fusion-column-content-centered\"><div class=\"fusion-column-content\"><div class=\"fusion-text fusion-text-37\"><h1 style=\"text-align: center;\">Il parco dell&#8217;osservatorio: osservare le stelle nel 18\u00b0 distretto<\/h1>\n<\/div><div class=\"fusion-text fusion-text-38\"><p style=\"text-align: center;\">Sentieri nascosti e un&#8217;atmosfera da favola: il parco osservatorio della Facolt\u00e0 di Astronomia e Astrofisica in Edmund-Wei\u00df-Gasse 2 \u00e8 un luogo molto speciale. Quando si passeggia nel parco, si ha quasi la sensazione di trovarsi in un altro mondo. Sia l&#8217;interno dell&#8217;edificio, che appartiene all&#8217;Universit\u00e0 di Vienna, sia l&#8217;ampio parco hanno un fascino incantevole, quasi mistico. Un vero e proprio consiglio da insider, e non solo per l&#8217;osservazione delle stelle.   <\/p>\n<\/div><\/div><\/div><div class=\"fusion-clearfix\"><\/div><\/div><\/div><div class=\"fusion-layout-column fusion_builder_column fusion-builder-column-29 fusion_builder_column_1_2 1_2 fusion-one-half fusion-column-first fusion-animated\" style=\"--awb-padding-top:11%;--awb-padding-right:11%;--awb-padding-bottom:11%;--awb-padding-left:11%;--awb-bg-color:#ffffff;--awb-bg-color-hover:#ffffff;--awb-bg-size:cover;--awb-margin-bottom:0px;width:50%;width:calc(50% - ( ( 0 ) * 0.5 ) );margin-right: 0px;\" data-animationType=\"fadeInRight\" data-animationDuration=\"0.8\" data-animationOffset=\"top-into-view\"><div class=\"fusion-column-wrapper fusion-column-has-shadow fusion-flex-column-wrapper-legacy\"><div class=\"fusion-column-content-centered\"><div class=\"fusion-column-content\"><div class=\"fusion-text fusion-text-39\"><h1 style=\"text-align: center;\">Chiesa di Wotruba: come \u00e8 stata costruita una chiesa con blocchi di cemento<\/h1>\n<\/div><div class=\"fusion-text fusion-text-40\"><p style=\"text-align: center;\">Prima di tutto: non sembra una tipica chiesa. La chiesa cattolica romana di Wotruba \u00e8 stata costruita in blocchi di cemento in Ottillingerplatz 1 tra il 1974 e il 1976. \u00c8 nota anche come &#8222;Chiesa della Santissima Trinit\u00e0&#8220; e cattura l&#8217;attenzione da lontano grazie al suo design unico. I 152 blocchi di cemento grezzo creano emozionanti giochi di luce all&#8217;interno della chiesa. Ma la cosa migliore \u00e8 vederla di persona!    <\/p>\n<\/div><\/div><\/div><div class=\"fusion-clearfix\"><\/div><\/div><\/div><div class=\"fusion-layout-column fusion_builder_column fusion-builder-column-30 fusion_builder_column_1_2 1_2 fusion-one-half fusion-column-last fusion-animated\" style=\"--awb-bg-position:center center;--awb-bg-size:cover;--awb-margin-bottom:0px;width:50%;width:calc(50% - ( ( 0 ) * 0.5 ) );\" data-animationType=\"fadeInLeft\" data-animationDuration=\"0.8\" data-animationOffset=\"top-into-view\"><div class=\"fusion-column-wrapper lazyload fusion-column-has-shadow fusion-flex-column-wrapper-legacy fusion-column-has-bg-image\" data-bg-url=\"https:\/\/imlauer.com\/hotel-nestroy-wien\/wp-content\/uploads\/2025\/02\/50890.jpg\" data-bg=\"https:\/\/imlauer.com\/hotel-nestroy-wien\/wp-content\/uploads\/2025\/02\/50890.jpg\"><div class=\"fusion-text fusion-text-41 copyright\"><p style=\"font-size: 11px; text-align: right;\"><span style=\"color: #ffffff;\">\u00a9 Ente del Turismo di Vienna\/Paul Bauer<\/span><\/p>\n<\/div><div class=\"fusion-clearfix\"><\/div><\/div><\/div><div class=\"fusion-layout-column fusion_builder_column fusion-builder-column-31 fusion_builder_column_1_2 1_2 fusion-one-half fusion-column-first fusion-animated\" style=\"--awb-bg-position:center center;--awb-bg-size:cover;--awb-margin-bottom:0px;width:50%;width:calc(50% - ( ( 0 ) * 0.5 ) );margin-right: 0px;\" data-animationType=\"fadeInLeft\" data-animationDuration=\"0.8\" data-animationOffset=\"top-into-view\"><div class=\"fusion-column-wrapper lazyload fusion-column-has-shadow fusion-flex-column-wrapper-legacy fusion-empty-column-bg-image fusion-column-has-bg-image\" data-bg-url=\"https:\/\/imlauer.com\/hotel-nestroy-wien\/wp-content\/uploads\/2025\/02\/streichelzoo.jpg\" data-bg=\"https:\/\/imlauer.com\/hotel-nestroy-wien\/wp-content\/uploads\/2025\/02\/streichelzoo.jpg\"><img decoding=\"async\" class=\"fusion-empty-dims-img-placeholder fusion-no-large-visibility\" aria-label=\"streichelzoo\" src=\"data:image\/svg+xml,%3Csvg%20xmlns%3D%27http%3A%2F%2Fwww.w3.org%2F2000%2Fsvg%27%20width%3D%271000%27%20height%3D%27667%27%20viewBox%3D%270%200%201000%20667%27%3E%3Crect%20width%3D%271000%27%20height%3D%27667%27%20fill-opacity%3D%220%22%2F%3E%3C%2Fsvg%3E\"><div class=\"fusion-clearfix\"><\/div><\/div><\/div><div class=\"fusion-layout-column fusion_builder_column fusion-builder-column-32 fusion_builder_column_1_2 1_2 fusion-one-half fusion-column-last fusion-animated\" style=\"--awb-padding-top:11%;--awb-padding-right:11%;--awb-padding-bottom:11%;--awb-padding-left:11%;--awb-bg-color:#ffffff;--awb-bg-color-hover:#ffffff;--awb-bg-size:cover;--awb-margin-bottom:8%;width:50%;width:calc(50% - ( ( 0 ) * 0.5 ) );\" data-animationType=\"fadeInRight\" data-animationDuration=\"0.8\" data-animationOffset=\"top-into-view\"><div class=\"fusion-column-wrapper fusion-column-has-shadow fusion-flex-column-wrapper-legacy\"><div class=\"fusion-column-content-centered\"><div class=\"fusion-column-content\"><div class=\"fusion-text fusion-text-42\"><h1 style=\"text-align: center;\">Lo zoo di Cobenzl: un viaggio nella fattoria dei bambini<\/h1>\n<\/div><div class=\"fusion-text fusion-text-43\"><p style=\"text-align: center;\">Non solo qualcosa di speciale per i bambini di citt\u00e0: lo zoo della fattoria per bambini Landgut Cobenzl \u00e8 una splendida meta escursionistica per le famiglie. Qui tutto \u00e8 come dovrebbe essere: I conigli saltellano felici sui prati, le oche chiacchierano eccitate, i gatti vagano per l&#8217;aia e, con un po&#8216; di fortuna, i bambini possono accarezzare un soffice agnellino. Circa 100 animali vivono in un totale di sette stalle. Ma non saranno solo i bambini a divertirsi al Cobenzl. La fantastica posizione con vista mozzafiato su Vienna incanter\u00e0 anche gli adulti. Passeggiate lungo il sentiero delle farfalle, visitate l&#8217;alveare da esposizione sul sentiero didattico delle api o preparate il pane fresco con i vostri figli. Qualunque cosa decidiate di fare: Voi e i vostri figli non vi annoierete di certo qui!      <\/p>\n<\/div><\/div><\/div><div class=\"fusion-clearfix\"><\/div><\/div><\/div><\/div><\/div><\/p>\n","protected":false},"excerpt":{"rendered":"","protected":false},"author":1,"featured_media":0,"parent":0,"menu_order":0,"comment_status":"closed","ping_status":"closed","template":"100-width.php","meta":{"footnotes":""},"class_list":["post-1285","page","type-page","status-publish","hentry"],"_links":{"self":[{"href":"https:\/\/imlauer.com\/hotel-nestroy-wien\/wp-json\/wp\/v2\/pages\/1285","targetHints":{"allow":["GET"]}}],"collection":[{"href":"https:\/\/imlauer.com\/hotel-nestroy-wien\/wp-json\/wp\/v2\/pages"}],"about":[{"href":"https:\/\/imlauer.com\/hotel-nestroy-wien\/wp-json\/wp\/v2\/types\/page"}],"author":[{"embeddable":true,"href":"https:\/\/imlauer.com\/hotel-nestroy-wien\/wp-json\/wp\/v2\/users\/1"}],"replies":[{"embeddable":true,"href":"https:\/\/imlauer.com\/hotel-nestroy-wien\/wp-json\/wp\/v2\/comments?post=1285"}],"version-history":[{"count":2,"href":"https:\/\/imlauer.com\/hotel-nestroy-wien\/wp-json\/wp\/v2\/pages\/1285\/revisions"}],"predecessor-version":[{"id":1298,"href":"https:\/\/imlauer.com\/hotel-nestroy-wien\/wp-json\/wp\/v2\/pages\/1285\/revisions\/1298"}],"wp:attachment":[{"href":"https:\/\/imlauer.com\/hotel-nestroy-wien\/wp-json\/wp\/v2\/media?parent=1285"}],"curies":[{"name":"wp","href":"https:\/\/api.w.org\/{rel}","templated":true}]}}