{"id":1293,"date":"2025-02-03T12:27:49","date_gmt":"2025-02-03T12:27:49","guid":{"rendered":"https:\/\/imlauer.com\/hotel-nestroy-wien\/guia-de-la-ciudad\/"},"modified":"2025-05-13T13:45:43","modified_gmt":"2025-05-13T13:45:43","slug":"guia-de-la-ciudad","status":"publish","type":"page","link":"https:\/\/imlauer.com\/hotel-nestroy-wien\/guia-de-la-ciudad\/?lang=es","title":{"rendered":"Gu\u00eda de la ciudad"},"content":{"rendered":"<p><div class=\"fusion-fullwidth fullwidth-box fusion-builder-row-1 nonhundred-percent-fullwidth non-hundred-percent-height-scrolling fusion-no-small-visibility\" style=\"--awb-background-position:left top;--awb-border-sizes-top:0px;--awb-border-sizes-bottom:0px;--awb-border-sizes-left:0px;--awb-border-sizes-right:0px;--awb-border-radius-top-left:0px;--awb-border-radius-top-right:0px;--awb-border-radius-bottom-right:0px;--awb-border-radius-bottom-left:0px;--awb-padding-top:0px;--awb-padding-bottom:85px;--awb-margin-top:40px;--awb-flex-wrap:wrap;\" ><div class=\"fusion-builder-row fusion-row\"><div class=\"fusion-layout-column fusion_builder_column fusion-builder-column-0 fusion_builder_column_1_1 1_1 fusion-one-full fusion-column-first fusion-column-last\" style=\"--awb-bg-blend:overlay;--awb-bg-size:cover;\"><div class=\"fusion-column-wrapper fusion-column-has-shadow fusion-flex-column-wrapper-legacy\"><div class=\"fusion-sep-clear\"><\/div><div class=\"fusion-separator fusion-full-width-sep\" style=\"margin-left: auto;margin-right: auto;margin-top:40px;width:100%;\"><\/div><div class=\"fusion-sep-clear\"><\/div><div class=\"fusion-text fusion-text-1\"><p style=\"letter-spacing: 4px; font-size: 2vw; text-align: center; margin-bottom: 0px;\">EL LUGAR PARA EXPLORAR<\/p>\n<h2 style=\"text-align: center; font-size: 2.5vw; margin: 0;\"><strong>VER VIENA CON OTROS OJOS<br \/>\n<\/strong><\/h2>\n<h2 style=\"text-align: center; font-size: 1.8vw; margin: 0;\"><strong>CONSEJOS SECRETOS Y LUGARES FAVORITOS<br \/>\n<\/strong><\/h2>\n<\/div><div class=\"fusion-clearfix\"><\/div><\/div><\/div><div class=\"fusion-layout-column fusion_builder_column fusion-builder-column-1 fusion_builder_column_1_2 1_2 fusion-one-half fusion-column-first\" style=\"--awb-padding-top:40px;--awb-padding-right:40px;--awb-padding-bottom:40px;--awb-padding-left:40px;--awb-bg-color:#ffffff;--awb-bg-color-hover:#ffffff;--awb-bg-size:cover;--awb-border-color:#ebeef1;--awb-border-top:0px;--awb-border-right:0px;--awb-border-bottom:0px;--awb-border-left:0px;--awb-border-style:solid;width:48%; margin-right: 4%;\"><div class=\"fusion-column-wrapper fusion-column-has-shadow fusion-flex-column-wrapper-legacy\"><div class=\"fusion-column-content-centered\"><div class=\"fusion-column-content\"><div class=\"fusion-image-element fusion-image-align-center in-legacy-container\" style=\"text-align:center;--awb-caption-title-font-family:var(--h2_typography-font-family);--awb-caption-title-font-weight:var(--h2_typography-font-weight);--awb-caption-title-font-style:var(--h2_typography-font-style);--awb-caption-title-size:var(--h2_typography-font-size);--awb-caption-title-transform:var(--h2_typography-text-transform);--awb-caption-title-line-height:var(--h2_typography-line-height);--awb-caption-title-letter-spacing:var(--h2_typography-letter-spacing);\"><div class=\"imageframe-align-center\"><span class=\" fusion-imageframe imageframe-none imageframe-1 hover-type-none\"><img decoding=\"async\" width=\"1000\" height=\"667\" title=\"40711\" src=\"https:\/\/imlauer.com\/hotel-nestroy-wien\/wp-content\/uploads\/2025\/02\/40711.jpg\" data-orig-src=\"https:\/\/imlauer.com\/hotel-nestroy-wien\/wp-content\/uploads\/2025\/02\/40711.jpg\" alt class=\"lazyload img-responsive wp-image-402\" srcset=\"data:image\/svg+xml,%3Csvg%20xmlns%3D%27http%3A%2F%2Fwww.w3.org%2F2000%2Fsvg%27%20width%3D%271000%27%20height%3D%27667%27%20viewBox%3D%270%200%201000%20667%27%3E%3Crect%20width%3D%271000%27%20height%3D%27667%27%20fill-opacity%3D%220%22%2F%3E%3C%2Fsvg%3E\" data-srcset=\"https:\/\/imlauer.com\/hotel-nestroy-wien\/wp-content\/uploads\/2025\/02\/40711-200x133.jpg 200w, https:\/\/imlauer.com\/hotel-nestroy-wien\/wp-content\/uploads\/2025\/02\/40711-400x267.jpg 400w, https:\/\/imlauer.com\/hotel-nestroy-wien\/wp-content\/uploads\/2025\/02\/40711-600x400.jpg 600w, https:\/\/imlauer.com\/hotel-nestroy-wien\/wp-content\/uploads\/2025\/02\/40711-800x534.jpg 800w, https:\/\/imlauer.com\/hotel-nestroy-wien\/wp-content\/uploads\/2025\/02\/40711.jpg 1000w\" data-sizes=\"auto\" data-orig-sizes=\"(max-width: 969px) 100vw, 600px\" \/><\/span><\/div><\/div><div class=\"fusion-text fusion-text-2 copyright\"><p style=\"font-size: 11px; text-align: right;\"><span style=\"color: #ffffff;\">\u00a9 Oficina de Turismo de Viena\/Christian Stemper<\/span><\/p>\n<\/div><\/div><\/div><div class=\"fusion-clearfix\"><\/div><\/div><\/div><div class=\"fusion-layout-column fusion_builder_column fusion-builder-column-2 fusion_builder_column_1_2 1_2 fusion-one-half fusion-column-last\" style=\"--awb-bg-blend:overlay;--awb-bg-size:cover;width:48%;\"><div class=\"fusion-column-wrapper fusion-column-has-shadow fusion-flex-column-wrapper-legacy\"><div class=\"fusion-column-content-centered\"><div class=\"fusion-column-content\"><div class=\"fusion-text fusion-text-3\"><p style=\"text-align: center;\">&#8222;Viena, Viena, s\u00f3lo t\u00fa ser\u00e1s siempre la ciudad de mis sue\u00f1os&#8220;.<br \/>\nLos versos del compositor austriaco de Wienerlied Rudolf Sieczy\u0144ski son familiares para muchos. Viena es, en efecto, una ciudad que conquista a muchos por su <strong>encanto especial<\/strong>, su <strong>rico patrimonio hist\u00f3rico<\/strong> y sus numerosos oasis verdes. Pero los <strong>rincones menos conocidos de la ciudad<\/strong> tambi\u00e9n merecen una visita. Le desvelamos <strong>nuestros lugares favoritos<\/strong> que, a veces, s\u00f3lo revelan su fascinaci\u00f3n en un segundo vistazo.   <\/p>\n<p style=\"text-align: center;\">Cuando se registre en el IMLAUER Hotel Wien o en el IMLAUER Hotel Nestroy Wien, ya estar\u00e1 en medio de uno de los barrios m\u00e1s coloridos de la ciudad: <strong>el distrito 2 de Viena<\/strong>. Desde <strong>la noria gigante<\/strong> hasta la verde <strong>zona recreativa del Prater<\/strong>, aqu\u00ed hay mucho que experimentar. <strong>Leopoldstadt<\/strong> es un <strong>crisol<\/strong> multicultural, separado del centro de la ciudad por el <strong>Canal del Danubio<\/strong>.  <\/p>\n<\/div><\/div><\/div><div class=\"fusion-clearfix\"><\/div><\/div><\/div><\/div><\/div><div class=\"fusion-fullwidth fullwidth-box fusion-builder-row-2 nonhundred-percent-fullwidth non-hundred-percent-height-scrolling fusion-no-medium-visibility fusion-no-large-visibility\" style=\"--awb-background-position:left top;--awb-border-sizes-top:0px;--awb-border-sizes-bottom:0px;--awb-border-sizes-left:0px;--awb-border-sizes-right:0px;--awb-border-radius-top-left:0px;--awb-border-radius-top-right:0px;--awb-border-radius-bottom-right:0px;--awb-border-radius-bottom-left:0px;--awb-padding-top:0px;--awb-padding-bottom:85px;--awb-margin-top:40px;--awb-flex-wrap:wrap;\" ><div class=\"fusion-builder-row fusion-row\"><div class=\"fusion-layout-column fusion_builder_column fusion-builder-column-3 fusion_builder_column_1_1 1_1 fusion-one-full fusion-column-first fusion-column-last\" style=\"--awb-bg-blend:overlay;--awb-bg-size:cover;\"><div class=\"fusion-column-wrapper fusion-column-has-shadow fusion-flex-column-wrapper-legacy\"><div class=\"fusion-text fusion-text-4\"><p class=\"top\" style=\"letter-spacing: 4px; font-size: 2vw; text-align: center; margin-bottom: 0px;\">EL LUGAR PARA EXPLORAR<\/p>\n<h2 class=\"main\" style=\"text-align: center; font-size: 2.5vw; margin: 0;\"><strong>VER VIENA CON OTROS OJOS<br \/>\n<\/strong><\/h2>\n<\/div><div class=\"fusion-clearfix\"><\/div><\/div><\/div><div class=\"fusion-layout-column fusion_builder_column fusion-builder-column-4 fusion_builder_column_1_2 1_2 fusion-one-half fusion-column-first\" style=\"--awb-padding-top:10px;--awb-padding-bottom:10px;--awb-bg-color:#ffffff;--awb-bg-color-hover:#ffffff;--awb-bg-size:cover;--awb-border-color:#ebeef1;--awb-border-top:0px;--awb-border-right:0px;--awb-border-bottom:0px;--awb-border-left:0px;--awb-border-style:solid;width:48%; margin-right: 4%;\"><div class=\"fusion-column-wrapper fusion-column-has-shadow fusion-flex-column-wrapper-legacy\"><div class=\"fusion-column-content-centered\"><div class=\"fusion-column-content\"><div class=\"fusion-image-element fusion-image-align-center in-legacy-container\" style=\"text-align:center;--awb-caption-title-font-family:var(--h2_typography-font-family);--awb-caption-title-font-weight:var(--h2_typography-font-weight);--awb-caption-title-font-style:var(--h2_typography-font-style);--awb-caption-title-size:var(--h2_typography-font-size);--awb-caption-title-transform:var(--h2_typography-text-transform);--awb-caption-title-line-height:var(--h2_typography-line-height);--awb-caption-title-letter-spacing:var(--h2_typography-letter-spacing);\"><div class=\"imageframe-align-center\"><span class=\" fusion-imageframe imageframe-none imageframe-2 hover-type-none\"><img decoding=\"async\" src=\"data:image\/gif;base64,R0lGODlhAQABAAAAACH5BAEKAAEALAAAAAABAAEAAAICTAEAOw==\" data-orig-src=\"https:\/\/imlauer.com\/hotel-imlauer-wien\/wp-content\/uploads\/sites\/8\/2020\/03\/40711.jpg\" alt class=\"lazyload img-responsive\"\/><\/span><\/div><\/div><div class=\"fusion-text fusion-text-5 copyright\"><p style=\"font-size: 11px; text-align: right;\"><span style=\"color: #ffffff;\">\u00a9 Oficina de Turismo de Viena\/Christian Stemper<\/span><\/p>\n<\/div><\/div><\/div><div class=\"fusion-clearfix\"><\/div><\/div><\/div><div class=\"fusion-layout-column fusion_builder_column fusion-builder-column-5 fusion_builder_column_1_2 1_2 fusion-one-half fusion-column-last\" style=\"--awb-bg-blend:overlay;--awb-bg-size:cover;width:48%;\"><div class=\"fusion-column-wrapper fusion-column-has-shadow fusion-flex-column-wrapper-legacy\"><div class=\"fusion-column-content-centered\"><div class=\"fusion-column-content\"><div class=\"fusion-text fusion-text-6\"><p style=\"text-align: center;\">&#8222;Viena, Viena, s\u00f3lo t\u00fa ser\u00e1s siempre la ciudad de mis sue\u00f1os&#8220;.<br \/>\nLos versos del compositor austriaco de Wienerlied Rudolf Sieczy\u0144ski son familiares para muchos. Viena es, en efecto, una ciudad que conquista a muchos por su <strong>encanto especial<\/strong>, su <strong>rico patrimonio hist\u00f3rico<\/strong> y sus numerosos oasis verdes. Pero los <strong>rincones menos conocidos de la ciudad<\/strong> tambi\u00e9n merecen una visita. Le desvelamos <strong>nuestros lugares favoritos<\/strong> que, a veces, s\u00f3lo revelan su fascinaci\u00f3n en un segundo vistazo.   <\/p>\n<p style=\"text-align: center;\">Cuando se registre en el IMLAUER Hotel Wien o en el IMLAUER Hotel Nestroy Wien, ya estar\u00e1 en medio de uno de los barrios m\u00e1s coloridos de la ciudad: <strong>el distrito 2 de Viena<\/strong>. Desde <strong>la noria gigante<\/strong> hasta la verde <strong>zona recreativa del Prater<\/strong>, aqu\u00ed hay mucho que experimentar. <strong>Leopoldstadt<\/strong> es un <strong>crisol<\/strong> multicultural, separado del centro de la ciudad por el <strong>Canal del Danubio<\/strong>.  <\/p>\n<\/div><\/div><\/div><div class=\"fusion-clearfix\"><\/div><\/div><\/div><\/div><\/div><div class=\"fusion-fullwidth fullwidth-box fusion-builder-row-3 nonhundred-percent-fullwidth non-hundred-percent-height-scrolling fusion-equal-height-columns\" style=\"--awb-border-radius-top-left:0px;--awb-border-radius-top-right:0px;--awb-border-radius-bottom-right:0px;--awb-border-radius-bottom-left:0px;--awb-margin-bottom:30px;--awb-flex-wrap:wrap;\" ><div class=\"fusion-builder-row fusion-row\"><div class=\"fusion-layout-column fusion_builder_column fusion-builder-column-6 fusion_builder_column_1_3 1_3 fusion-one-third fusion-column-first\" style=\"--awb-padding-top:150px;--awb-padding-bottom:150px;--awb-bg-position:center top;--awb-bg-size:cover;--awb-margin-bottom:0px;\"><div class=\"fusion-column-wrapper lazyload fusion-column-has-shadow fusion-flex-column-wrapper-legacy fusion-column-has-bg-image\" data-bg-url=\"https:\/\/imlauer.com\/hotel-nestroy-wien\/wp-content\/uploads\/2025\/02\/50854.jpg\" data-bg=\"https:\/\/imlauer.com\/hotel-nestroy-wien\/wp-content\/uploads\/2025\/02\/50854.jpg\"><div class=\"fusion-text fusion-text-7 copyright\"><p style=\"font-size: 11px; text-align: right;\"><span style=\"color: #ffffff;\">\u00a9 Oficina de Turismo de Viena\/Gregor Hofbauer<\/span><\/p>\n<\/div><div class=\"fusion-clearfix\"><\/div><\/div><\/div><div class=\"fusion-layout-column fusion_builder_column fusion-builder-column-7 fusion_builder_column_1_3 1_3 fusion-one-third\" style=\"--awb-padding-top:40px;--awb-padding-right:40px;--awb-padding-bottom:40px;--awb-padding-left:40px;--awb-bg-color:#af9755;--awb-bg-color-hover:#af9755;--awb-bg-size:cover;--awb-margin-bottom:0px;\"><div class=\"fusion-column-wrapper fusion-column-has-shadow fusion-flex-column-wrapper-legacy\"><div class=\"fusion-column-content-centered\"><div class=\"fusion-column-content\"><div class=\"fusion-text fusion-text-8\"><h3 style=\"text-align: center;\"><em><span style=\"color: #ffffff;\">&#8222;El mundo es un libro y los que no viajan s\u00f3lo leen una p\u00e1gina&#8220;.<\/span><\/em><\/h3>\n<p style=\"letter-spacing: 4px; font-size: 22px; text-align: center; line-height: 22px;\"><span style=\"color: #ffffff;\">San Agust\u00edn<br \/>\n<\/span><\/p>\n<\/div><\/div><\/div><div class=\"fusion-clearfix\"><\/div><\/div><\/div><div class=\"fusion-layout-column fusion_builder_column fusion-builder-column-8 fusion_builder_column_1_3 1_3 fusion-one-third fusion-column-last\" style=\"--awb-padding-top:150px;--awb-padding-bottom:150px;--awb-bg-position:center top;--awb-bg-size:cover;--awb-margin-bottom:0px;\"><div class=\"fusion-column-wrapper lazyload fusion-column-has-shadow fusion-flex-column-wrapper-legacy fusion-column-has-bg-image\" data-bg-url=\"https:\/\/imlauer.com\/hotel-nestroy-wien\/wp-content\/uploads\/2025\/02\/50056.jpg\" data-bg=\"https:\/\/imlauer.com\/hotel-nestroy-wien\/wp-content\/uploads\/2025\/02\/50056.jpg\"><div class=\"fusion-text fusion-text-9 copyright\"><p style=\"font-size: 11px; text-align: right;\"><span style=\"color: #ffffff;\">\u00a9 Oficina de Turismo de Viena\/Peter Rigaud<\/span><\/p>\n<\/div><div class=\"fusion-clearfix\"><\/div><\/div><\/div><\/div><\/div><div class=\"fusion-fullwidth fullwidth-box fusion-builder-row-4 has-pattern-background has-mask-background hundred-percent-fullwidth non-hundred-percent-height-scrolling fusion-equal-height-columns\" style=\"--awb-border-radius-top-left:0px;--awb-border-radius-top-right:0px;--awb-border-radius-bottom-right:0px;--awb-border-radius-bottom-left:0px;--awb-padding-top:4%;--awb-padding-right:6%;--awb-padding-bottom:3%;--awb-padding-left:6%;--awb-background-color:#f7f7f7;--awb-flex-wrap:wrap;\" ><div class=\"fusion-builder-row fusion-row\"><div class=\"fusion-layout-column fusion_builder_column fusion-builder-column-9 fusion_builder_column_1_2 1_2 fusion-one-half fusion-column-first fusion-animated\" style=\"--awb-padding-top:11%;--awb-padding-right:11%;--awb-padding-bottom:11%;--awb-padding-left:11%;--awb-bg-color:#ffffff;--awb-bg-color-hover:#ffffff;--awb-bg-size:cover;--awb-margin-bottom:0px;width:50%;width:calc(50% - ( ( 0 ) * 0.5 ) );margin-right: 0px;\" data-animationType=\"fadeInLeft\" data-animationDuration=\"0.8\" data-animationOffset=\"top-into-view\"><div class=\"fusion-column-wrapper fusion-column-has-shadow fusion-flex-column-wrapper-legacy\"><div class=\"fusion-column-content-centered\"><div class=\"fusion-column-content\"><div class=\"fusion-text fusion-text-10\"><h1 style=\"text-align: center;\">Canal del Danubio: chiringuitos, c\u00f3cteles y tumbonas<\/h1>\n<\/div><div class=\"fusion-text fusion-text-11\"><p style=\"text-align: center;\">El Canal del Danubio es el brazo del Danubio m\u00e1s cercano al centro de la ciudad. Sol\u00eda llamarse el &#8222;agua vienesa&#8220; o &#8222;brazo vien\u00e9s&#8220;. En verano, el Canal del Danubio se transforma en un popular punto de encuentro para j\u00f3venes y mayores con aires playeros: numerosos pubs, discotecas y bares al aire libre esperan a los visitantes que buscan el sol. Aqu\u00ed podr\u00e1 meter los pies en la arena, acomodarse en tumbonas y disfrutar de coloridos c\u00f3cteles. Y lo mejor de todo es que el Canal del Danubio est\u00e1 a s\u00f3lo diez minutos a pie del IMLAUER Hotel Wien.    <\/p>\n<\/div><\/div><\/div><div class=\"fusion-clearfix\"><\/div><\/div><\/div><div class=\"fusion-layout-column fusion_builder_column fusion-builder-column-10 fusion_builder_column_1_2 1_2 fusion-one-half fusion-column-last fusion-animated\" style=\"--awb-bg-position:center center;--awb-bg-size:cover;--awb-margin-bottom:0px;width:50%;width:calc(50% - ( ( 0 ) * 0.5 ) );\" data-animationType=\"fadeInRight\" data-animationDuration=\"0.8\" data-animationOffset=\"top-into-view\"><div class=\"fusion-column-wrapper lazyload fusion-column-has-shadow fusion-flex-column-wrapper-legacy fusion-column-has-bg-image\" data-bg-url=\"https:\/\/imlauer.com\/hotel-nestroy-wien\/wp-content\/uploads\/2025\/02\/41003.jpg\" data-bg=\"https:\/\/imlauer.com\/hotel-nestroy-wien\/wp-content\/uploads\/2025\/02\/41003.jpg\"><div class=\"fusion-text fusion-text-12 copyright\"><p style=\"font-size: 11px; text-align: right;\"><span style=\"color: #ffffff;\">\u00a9 Oficina de Turismo de Viena\/Christian Stemper<\/span><\/p>\n<\/div><div class=\"fusion-clearfix\"><\/div><\/div><\/div><div class=\"fusion-layout-column fusion_builder_column fusion-builder-column-11 fusion_builder_column_1_2 1_2 fusion-one-half fusion-column-first fusion-animated\" style=\"--awb-bg-position:center center;--awb-bg-size:cover;--awb-margin-bottom:0px;width:50%;width:calc(50% - ( ( 0 ) * 0.5 ) );margin-right: 0px;\" data-animationType=\"fadeInRight\" data-animationDuration=\"0.8\" data-animationOffset=\"top-into-view\"><div class=\"fusion-column-wrapper lazyload fusion-column-has-shadow fusion-flex-column-wrapper-legacy fusion-column-has-bg-image\" data-bg-url=\"https:\/\/imlauer.com\/hotel-nestroy-wien\/wp-content\/uploads\/2025\/02\/saengerknaben.jpg\" data-bg=\"https:\/\/imlauer.com\/hotel-nestroy-wien\/wp-content\/uploads\/2025\/02\/saengerknaben.jpg\"><div class=\"fusion-text fusion-text-13 copyright\"><p style=\"font-size: 11px; text-align: right;\"><span style=\"color: #ffffff;\">  \u00a9 Oficina de Turismo de Viena\/Lukas Beck<\/span><\/p>\n<\/div><div class=\"fusion-clearfix\"><\/div><\/div><\/div><div class=\"fusion-layout-column fusion_builder_column fusion-builder-column-12 fusion_builder_column_1_2 1_2 fusion-one-half fusion-column-last fusion-animated\" style=\"--awb-padding-top:11%;--awb-padding-right:11%;--awb-padding-bottom:11%;--awb-padding-left:11%;--awb-bg-color:#ffffff;--awb-bg-color-hover:#ffffff;--awb-bg-size:cover;--awb-margin-bottom:0px;width:50%;width:calc(50% - ( ( 0 ) * 0.5 ) );\" data-animationType=\"fadeInLeft\" data-animationDuration=\"0.8\" data-animationOffset=\"top-into-view\"><div class=\"fusion-column-wrapper fusion-column-has-shadow fusion-flex-column-wrapper-legacy\"><div class=\"fusion-column-content-centered\"><div class=\"fusion-column-content\"><div class=\"fusion-text fusion-text-14\"><h1 style=\"text-align: center;\">Sala de conciertos de los Ni\u00f1os Cantores de Viena: M\u00fasica y teatro<\/h1>\n<\/div><div class=\"fusion-text fusion-text-15\"><p style=\"text-align: center;\">A s\u00f3lo cinco minutos a pie del IMLAUER Hotel Wien se encuentra el Musik und Theater im Augarten (MuTh), la sala de conciertos oficial de los mundialmente famosos Ni\u00f1os Cantores de Viena. En este edificio, mezcla de arquitectura barroca y moderna, se conjugan la m\u00fasica y el teatro, lo cl\u00e1sico y lo vanguardista, lo abierto y lo diverso. Los entendidos coinciden en que la ac\u00fastica es excepcional, el ambiente moderno y la proximidad al escenario \u00fanicos. Tan extraordinario y \u00fanico como el coro que ha encontrado aqu\u00ed su hogar musical: el Wiener S\u00e4ngernkaben.   <\/p>\n<\/div><\/div><\/div><div class=\"fusion-clearfix\"><\/div><\/div><\/div><div class=\"fusion-layout-column fusion_builder_column fusion-builder-column-13 fusion_builder_column_1_2 1_2 fusion-one-half fusion-column-first fusion-animated\" style=\"--awb-padding-top:11%;--awb-padding-right:11%;--awb-padding-bottom:11%;--awb-padding-left:11%;--awb-bg-color:#ffffff;--awb-bg-color-hover:#ffffff;--awb-bg-size:cover;--awb-margin-bottom:0px;width:50%;width:calc(50% - ( ( 0 ) * 0.5 ) );margin-right: 0px;\" data-animationType=\"fadeInLeft\" data-animationDuration=\"0.8\" data-animationOffset=\"top-into-view\"><div class=\"fusion-column-wrapper fusion-column-has-shadow fusion-flex-column-wrapper-legacy\"><div class=\"fusion-column-content-centered\"><div class=\"fusion-column-content\"><div class=\"fusion-text fusion-text-16\"><h1 style=\"text-align: center;\">Mercado carmelita:<\/h1>\n<\/div><div class=\"fusion-text fusion-text-17\"><p style=\"text-align: center;\">Cuando salga del IMLAUER Hotel Wien para dar un paseo por Viena, deber\u00eda incluir en sus planes el Karmelitermarkt, en el distrito II. A tan s\u00f3lo 500 metros de su hotel, este mercado es uno de los mejores lugares de Viena para visitar mercadillos callejeros. El Karmelitermarkt es uno de los mercados m\u00e1s antiguos de Viena. Aqu\u00ed podr\u00e1 comprar especialidades internacionales de queso y carne de caballo, as\u00ed como fruta, verdura y diversas especialidades ecol\u00f3gicas. Tambi\u00e9n hay un mercado de agricultores todos los viernes y s\u00e1bados. Los coloridos puestos venden sobre todo delicias de carne y embutidos, como carne de bisonte, pero tambi\u00e9n slow food con alimentos de la regi\u00f3n y de fuera de ella. Tambi\u00e9n deber\u00eda pasarse por la posada &#8222;Sch\u00f6ne Perle&#8220;, en el antiguo barrio jud\u00edo. Al otro lado del Canal del Danubio, aqu\u00ed se reinterpreta la cocina vienesa cl\u00e1sica en un interior limpio y sencillo.       <\/p>\n<\/div><\/div><\/div><div class=\"fusion-clearfix\"><\/div><\/div><\/div><div class=\"fusion-layout-column fusion_builder_column fusion-builder-column-14 fusion_builder_column_1_2 1_2 fusion-one-half fusion-column-last fusion-animated\" style=\"--awb-bg-position:center center;--awb-bg-size:cover;--awb-margin-bottom:0px;width:50%;width:calc(50% - ( ( 0 ) * 0.5 ) );\" data-animationType=\"fadeInRight\" data-animationDuration=\"0.8\" data-animationOffset=\"top-into-view\"><div class=\"fusion-column-wrapper lazyload fusion-column-has-shadow fusion-flex-column-wrapper-legacy fusion-column-has-bg-image\" data-bg-url=\"https:\/\/imlauer.com\/hotel-nestroy-wien\/wp-content\/uploads\/2025\/02\/markt.jpg\" data-bg=\"https:\/\/imlauer.com\/hotel-nestroy-wien\/wp-content\/uploads\/2025\/02\/markt.jpg\"><div class=\"fusion-text fusion-text-18 copyright\"><p style=\"font-size: 11px; text-align: right;\"><span style=\"color: #ffffff;\">\u00a9 Oficina de Turismo de Viena\/Paul Bauer<\/span><\/p>\n<\/div><div class=\"fusion-clearfix\"><\/div><\/div><\/div><div class=\"fusion-layout-column fusion_builder_column fusion-builder-column-15 fusion_builder_column_1_2 1_2 fusion-one-half fusion-column-first fusion-animated\" style=\"--awb-bg-position:center center;--awb-bg-size:cover;--awb-margin-bottom:0px;width:50%;width:calc(50% - ( ( 0 ) * 0.5 ) );margin-right: 0px;\" data-animationType=\"fadeInRight\" data-animationDuration=\"0.8\" data-animationOffset=\"top-into-view\"><div class=\"fusion-column-wrapper lazyload fusion-column-has-shadow fusion-flex-column-wrapper-legacy fusion-column-has-bg-image\" data-bg-url=\"https:\/\/imlauer.com\/hotel-nestroy-wien\/wp-content\/uploads\/2025\/02\/40659.jpg\" data-bg=\"https:\/\/imlauer.com\/hotel-nestroy-wien\/wp-content\/uploads\/2025\/02\/40659.jpg\"><div class=\"fusion-text fusion-text-19 copyright\"><p style=\"font-size: 11px; text-align: right;\"><span style=\"color: #ffffff;\">\u00a9 Oficina de Turismo de Viena\/Christian Stemper<\/span><\/p>\n<\/div><div class=\"fusion-clearfix\"><\/div><\/div><\/div><div class=\"fusion-layout-column fusion_builder_column fusion-builder-column-16 fusion_builder_column_1_2 1_2 fusion-one-half fusion-column-last fusion-animated\" style=\"--awb-padding-top:11%;--awb-padding-right:11%;--awb-padding-bottom:11%;--awb-padding-left:11%;--awb-bg-color:#ffffff;--awb-bg-color-hover:#ffffff;--awb-bg-size:cover;--awb-margin-bottom:0px;width:50%;width:calc(50% - ( ( 0 ) * 0.5 ) );\" data-animationType=\"fadeInLeft\" data-animationDuration=\"0.8\" data-animationOffset=\"top-into-view\"><div class=\"fusion-column-wrapper fusion-column-has-shadow fusion-flex-column-wrapper-legacy\"><div class=\"fusion-column-content-centered\"><div class=\"fusion-column-content\"><div class=\"fusion-text fusion-text-20\"><h1 style=\"text-align: center;\">Los jardines de flores de Hirschstetten: Florecer en el distrito 22<\/h1>\n<\/div><div class=\"fusion-text fusion-text-21\"><p style=\"text-align: center;\">En Quadenstra\u00dfe 15 le espera un colorido para\u00edso en una superficie de 70.000 metros cuadrados. Sum\u00e9rjase en los diversos jardines tem\u00e1ticos donde podr\u00e1 admirar la diversa flora y fauna de nuestro planeta. El zoo de Hirschstetten, con sus numerosos habitantes cuadr\u00fapedos, muchos de ellos especies en peligro de extinci\u00f3n, es una aut\u00e9ntica atracci\u00f3n no s\u00f3lo para los visitantes m\u00e1s j\u00f3venes. Al igual que la granja hist\u00f3rica, donde se sentir\u00e1 como si hubiera retrocedido en el tiempo. Eche tambi\u00e9n un vistazo a la casa de palmeras tropicales. El caf\u00e9 del jard\u00edn y el &#8222;Schutzhaus am Seerosenteich&#8220; son ideales para una parada culinaria. All\u00ed le espera un toque franc\u00e9s y una brisa playera.      <\/p>\n<\/div><\/div><\/div><div class=\"fusion-clearfix\"><\/div><\/div><\/div><div class=\"fusion-layout-column fusion_builder_column fusion-builder-column-17 fusion_builder_column_1_2 1_2 fusion-one-half fusion-column-first fusion-animated\" style=\"--awb-padding-top:11%;--awb-padding-right:11%;--awb-padding-bottom:11%;--awb-padding-left:11%;--awb-bg-color:#ffffff;--awb-bg-color-hover:#ffffff;--awb-bg-size:cover;--awb-margin-bottom:0px;width:50%;width:calc(50% - ( ( 0 ) * 0.5 ) );margin-right: 0px;\" data-animationType=\"fadeInLeft\" data-animationDuration=\"0.8\" data-animationOffset=\"top-into-view\"><div class=\"fusion-column-wrapper fusion-column-has-shadow fusion-flex-column-wrapper-legacy\"><div class=\"fusion-column-content-centered\"><div class=\"fusion-column-content\"><div class=\"fusion-text fusion-text-22\"><h1 style=\"text-align: center;\">El Brunnenmarkt: uno de los mercadillos permanentes m\u00e1s grandes de Europa<\/h1>\n<\/div><div class=\"fusion-text fusion-text-23\"><p style=\"text-align: center;\">Con m\u00e1s de 160 puestos, el Brunnenmarkt, en el distrito 16 de Viena, es un colorido crisol de culturas. Debido a su ambiente multicultural, tambi\u00e9n se le conoce como &#8222;Oriente a la vuelta de la esquina&#8220;. Aqu\u00ed se pueden comprar alimentos y recuerdos regionales, as\u00ed como disfrutar del paisaje en caf\u00e9s y bares. Ya exist\u00eda un peque\u00f1o mercado en Thaliastrasse hacia 1830, que se fue ampliando con los a\u00f1os en direcci\u00f3n a Brunnengasse. Finalmente, el antiguo Yppenmarkt se fusion\u00f3 con el Brunnenmarkt en 2009. Y he aqu\u00ed que hoy el Brunnenmarkt es uno de los mercados callejeros permanentes m\u00e1s grandes de Europa.     <\/p>\n<\/div><\/div><\/div><div class=\"fusion-clearfix\"><\/div><\/div><\/div><div class=\"fusion-layout-column fusion_builder_column fusion-builder-column-18 fusion_builder_column_1_2 1_2 fusion-one-half fusion-column-last fusion-animated\" style=\"--awb-bg-position:center center;--awb-bg-size:cover;--awb-margin-bottom:0px;width:50%;width:calc(50% - ( ( 0 ) * 0.5 ) );\" data-animationType=\"fadeInLeft\" data-animationDuration=\"0.8\" data-animationOffset=\"top-into-view\"><div class=\"fusion-column-wrapper lazyload fusion-column-has-shadow fusion-flex-column-wrapper-legacy fusion-column-has-bg-image\" data-bg-url=\"https:\/\/imlauer.com\/hotel-nestroy-wien\/wp-content\/uploads\/2025\/02\/50727.jpg\" data-bg=\"https:\/\/imlauer.com\/hotel-nestroy-wien\/wp-content\/uploads\/2025\/02\/50727.jpg\"><div class=\"fusion-text fusion-text-24 copyright\"><p style=\"font-size: 11px; text-align: right;\"><span style=\"color: #ffffff;\">\u00a9 Oficina de Turismo de Viena\/Paul Bauer<\/span><\/p>\n<\/div><div class=\"fusion-clearfix\"><\/div><\/div><\/div><div class=\"fusion-layout-column fusion_builder_column fusion-builder-column-19 fusion_builder_column_1_2 1_2 fusion-one-half fusion-column-first fusion-animated\" style=\"--awb-bg-position:center center;--awb-bg-size:cover;--awb-margin-bottom:0px;width:50%;width:calc(50% - ( ( 0 ) * 0.5 ) );margin-right: 0px;\" data-animationType=\"fadeInLeft\" data-animationDuration=\"0.8\" data-animationOffset=\"top-into-view\"><div class=\"fusion-column-wrapper lazyload fusion-column-has-shadow fusion-flex-column-wrapper-legacy fusion-column-has-bg-image\" data-bg-url=\"https:\/\/imlauer.com\/hotel-nestroy-wien\/wp-content\/uploads\/2025\/02\/50814.jpg\" data-bg=\"https:\/\/imlauer.com\/hotel-nestroy-wien\/wp-content\/uploads\/2025\/02\/50814.jpg\"><div class=\"fusion-text fusion-text-25 copyright\"><p style=\"font-size: 11px; text-align: right;\"><span style=\"color: #ffffff;\">\u00a9 Oficina de Turismo de Viena\/Paul Bauer<\/span><\/p>\n<\/div><div class=\"fusion-clearfix\"><\/div><\/div><\/div><div class=\"fusion-layout-column fusion_builder_column fusion-builder-column-20 fusion_builder_column_1_2 1_2 fusion-one-half fusion-column-last fusion-animated\" style=\"--awb-padding-top:11%;--awb-padding-right:11%;--awb-padding-bottom:11%;--awb-padding-left:11%;--awb-bg-color:#ffffff;--awb-bg-color-hover:#ffffff;--awb-bg-size:cover;--awb-margin-bottom:0px;width:50%;width:calc(50% - ( ( 0 ) * 0.5 ) );\" data-animationType=\"fadeInLeft\" data-animationDuration=\"0.8\" data-animationOffset=\"top-into-view\"><div class=\"fusion-column-wrapper fusion-column-has-shadow fusion-flex-column-wrapper-legacy\"><div class=\"fusion-column-content-centered\"><div class=\"fusion-column-content\"><div class=\"fusion-text fusion-text-26\"><h1 style=\"text-align: center;\">Josefst\u00e4dter Stra\u00dfe: Al acecho en el distrito 8<\/h1>\n<\/div><div class=\"fusion-text fusion-text-27\"><p style=\"text-align: center;\">La Josefst\u00e4dter Stra\u00dfe, en el distrito 8 de Viena, es uno de los lugares favoritos de los vieneses para ir de compras. Aqu\u00ed se esconden muchas peque\u00f1as boutiques individuales, algunas con una gama de productos inusual. Ya sea moda inusual o helados veganos: \u00a1aqu\u00ed los encontrar\u00e1! Y para un peque\u00f1o descanso entre escaparate y escaparate, aqu\u00ed tiene un consejo: el Caf\u00e9 Eiles, en el extremo inferior de la Josefst\u00e4dter Stra\u00dfe, es un tradicional establecimiento vien\u00e9s fuera de los caminos trillados.   <\/p>\n<\/div><\/div><\/div><div class=\"fusion-clearfix\"><\/div><\/div><\/div><div class=\"fusion-layout-column fusion_builder_column fusion-builder-column-21 fusion_builder_column_1_2 1_2 fusion-one-half fusion-column-first fusion-animated\" style=\"--awb-padding-top:11%;--awb-padding-right:11%;--awb-padding-bottom:11%;--awb-padding-left:11%;--awb-bg-color:#ffffff;--awb-bg-color-hover:#ffffff;--awb-bg-size:cover;--awb-margin-bottom:0%;width:50%;width:calc(50% - ( ( 0 ) * 0.5 ) );margin-right: 0px;\" data-animationType=\"fadeInRight\" data-animationDuration=\"0.8\" data-animationOffset=\"top-into-view\"><div class=\"fusion-column-wrapper fusion-column-has-shadow fusion-flex-column-wrapper-legacy\"><div class=\"fusion-column-content-centered\"><div class=\"fusion-column-content\"><div class=\"fusion-text fusion-text-28\"><h1 style=\"text-align: center;\">Cementerio de los sin nombre: el cementerio del sur y sus fantasmas<\/h1>\n<\/div><div class=\"fusion-text fusion-text-29\"><p style=\"text-align: center;\">El cementerio forestal del sur de Viena es un lugar de fantasmas desconocidos. Aqu\u00ed, junto al puerto de Albern, descansaban los muertos sin nombre, liberados por el Danubio. Con su hermosa capilla y las numerosas cruces funerarias, algunas de ellas de hierro forjado, rodeadas de \u00e1rboles, plantas y enredaderas, es un m\u00edstico lugar de silencio. \u00bfQuiz\u00e1 conozca el Cementerio de los Sin Nombre por la pel\u00edcula de Hollywood &#8222;Antes del amanecer&#8220;? En cualquier caso, el cementerio del Sur bien merece una visita.    <\/p>\n<\/div><\/div><\/div><div class=\"fusion-clearfix\"><\/div><\/div><\/div><div class=\"fusion-layout-column fusion_builder_column fusion-builder-column-22 fusion_builder_column_1_2 1_2 fusion-one-half fusion-column-last fusion-animated\" style=\"--awb-bg-position:center center;--awb-bg-size:cover;--awb-margin-bottom:0px;width:50%;width:calc(50% - ( ( 0 ) * 0.5 ) );\" data-animationType=\"fadeInLeft\" data-animationDuration=\"0.8\" data-animationOffset=\"top-into-view\"><div class=\"fusion-column-wrapper lazyload fusion-column-has-shadow fusion-flex-column-wrapper-legacy fusion-column-has-bg-image\" data-bg-url=\"https:\/\/imlauer.com\/hotel-nestroy-wien\/wp-content\/uploads\/2025\/02\/50839.jpg\" data-bg=\"https:\/\/imlauer.com\/hotel-nestroy-wien\/wp-content\/uploads\/2025\/02\/50839.jpg\"><div class=\"fusion-text fusion-text-30 copyright\"><p style=\"font-size: 11px; text-align: right;\"><span style=\"color: #ffffff;\">\u00a9 Oficina de Turismo de Viena\/Gregor Hofbauer<\/span><\/p>\n<\/div><div class=\"fusion-clearfix\"><\/div><\/div><\/div><div class=\"fusion-layout-column fusion_builder_column fusion-builder-column-23 fusion_builder_column_1_2 1_2 fusion-one-half fusion-column-first fusion-animated\" style=\"--awb-bg-position:center center;--awb-bg-size:cover;--awb-margin-bottom:0px;width:50%;width:calc(50% - ( ( 0 ) * 0.5 ) );margin-right: 0px;\" data-animationType=\"fadeInLeft\" data-animationDuration=\"0.8\" data-animationOffset=\"top-into-view\"><div class=\"fusion-column-wrapper lazyload fusion-column-has-shadow fusion-flex-column-wrapper-legacy fusion-column-has-bg-image\" data-bg-url=\"https:\/\/imlauer.com\/hotel-nestroy-wien\/wp-content\/uploads\/2025\/02\/50001.jpg\" data-bg=\"https:\/\/imlauer.com\/hotel-nestroy-wien\/wp-content\/uploads\/2025\/02\/50001.jpg\"><div class=\"fusion-text fusion-text-31 copyright\"><p style=\"font-size: 11px; text-align: right;\"><span style=\"color: #ffffff;\">\u00a9 Oficina de Turismo de Viena\/Christian Stemper<\/span><\/p>\n<\/div><div class=\"fusion-clearfix\"><\/div><\/div><\/div><div class=\"fusion-layout-column fusion_builder_column fusion-builder-column-24 fusion_builder_column_1_2 1_2 fusion-one-half fusion-column-last fusion-animated\" style=\"--awb-padding-top:11%;--awb-padding-right:11%;--awb-padding-bottom:11%;--awb-padding-left:11%;--awb-bg-color:#ffffff;--awb-bg-color-hover:#ffffff;--awb-bg-size:cover;--awb-margin-bottom:0%;width:50%;width:calc(50% - ( ( 0 ) * 0.5 ) );\" data-animationType=\"fadeInRight\" data-animationDuration=\"0.8\" data-animationOffset=\"top-into-view\"><div class=\"fusion-column-wrapper fusion-column-has-shadow fusion-flex-column-wrapper-legacy\"><div class=\"fusion-column-content-centered\"><div class=\"fusion-column-content\"><div class=\"fusion-text fusion-text-32\"><h1 style=\"text-align: center;\">Villa Otto Wagner: el museo privado de Ernst Fuchs<\/h1>\n<\/div><div class=\"fusion-text fusion-text-33\"><p style=\"text-align: center;\">Villa Wagner, en la H\u00fcttelbergstra\u00dfe 26, fue construida entre 1886 y 1888 seg\u00fan los planos de Otto Wagner. Hoy, la hermosa villa es propiedad de los herederos de Ernst Fuchs. Los amantes del arte encontrar\u00e1n el museo privado del famoso pintor austriaco tras los hist\u00f3ricos muros.  <\/p>\n<\/div><\/div><\/div><div class=\"fusion-clearfix\"><\/div><\/div><\/div><div class=\"fusion-layout-column fusion_builder_column fusion-builder-column-25 fusion_builder_column_1_2 1_2 fusion-one-half fusion-column-first fusion-animated\" style=\"--awb-padding-top:11%;--awb-padding-right:11%;--awb-padding-bottom:11%;--awb-padding-left:11%;--awb-bg-color:#ffffff;--awb-bg-color-hover:#ffffff;--awb-bg-size:cover;--awb-margin-bottom:0%;width:50%;width:calc(50% - ( ( 0 ) * 0.5 ) );margin-right: 0px;\" data-animationType=\"fadeInRight\" data-animationDuration=\"0.8\" data-animationOffset=\"top-into-view\"><div class=\"fusion-column-wrapper fusion-column-has-shadow fusion-flex-column-wrapper-legacy\"><div class=\"fusion-column-content-centered\"><div class=\"fusion-column-content\"><div class=\"fusion-text fusion-text-34\"><h1 style=\"text-align: center;\">Neubaugasse: la &#8222;calle de los especialistas<\/h1>\n<\/div><div class=\"fusion-text fusion-text-35\"><p style=\"text-align: center;\">Entre los vieneses, la Neubaugasse es m\u00e1s conocida como la &#8222;calle de los especialistas&#8220;. Aqu\u00ed podr\u00e1 satisfacer sus deseos de compra alejados de la corriente dominante en numerosas tiendas peque\u00f1as, en parte gestionadas por sus propietarios: desde coloridas tiendas hippies hasta bares de zumos. <\/p>\n<\/div><\/div><\/div><div class=\"fusion-clearfix\"><\/div><\/div><\/div><div class=\"fusion-layout-column fusion_builder_column fusion-builder-column-26 fusion_builder_column_1_2 1_2 fusion-one-half fusion-column-last fusion-animated\" style=\"--awb-bg-position:center bottom;--awb-bg-size:cover;--awb-margin-bottom:0px;width:50%;width:calc(50% - ( ( 0 ) * 0.5 ) );\" data-animationType=\"fadeInLeft\" data-animationDuration=\"0.8\" data-animationOffset=\"top-into-view\"><div class=\"fusion-column-wrapper lazyload fusion-column-has-shadow fusion-flex-column-wrapper-legacy fusion-column-has-bg-image\" data-bg-url=\"https:\/\/imlauer.com\/hotel-nestroy-wien\/wp-content\/uploads\/2025\/02\/50816.jpg\" data-bg=\"https:\/\/imlauer.com\/hotel-nestroy-wien\/wp-content\/uploads\/2025\/02\/50816.jpg\"><div class=\"fusion-text fusion-text-36 copyright\"><p style=\"font-size: 11px; text-align: right;\"><span style=\"color: #ffffff;\">\u00a9 Oficina de Turismo de Viena\/Paul Bauer<\/span><\/p>\n<\/div><div class=\"fusion-clearfix\"><\/div><\/div><\/div><div class=\"fusion-layout-column fusion_builder_column fusion-builder-column-27 fusion_builder_column_1_2 1_2 fusion-one-half fusion-column-first fusion-animated\" style=\"--awb-bg-position:center center;--awb-bg-size:cover;--awb-margin-bottom:0px;width:50%;width:calc(50% - ( ( 0 ) * 0.5 ) );margin-right: 0px;\" data-animationType=\"fadeInLeft\" data-animationDuration=\"0.8\" data-animationOffset=\"top-into-view\"><div class=\"fusion-column-wrapper lazyload fusion-column-has-shadow fusion-flex-column-wrapper-legacy fusion-empty-column-bg-image fusion-column-has-bg-image\" data-bg-url=\"https:\/\/imlauer.com\/hotel-nestroy-wien\/wp-content\/uploads\/2025\/02\/sternwartepark.jpg\" data-bg=\"https:\/\/imlauer.com\/hotel-nestroy-wien\/wp-content\/uploads\/2025\/02\/sternwartepark.jpg\"><img decoding=\"async\" class=\"fusion-empty-dims-img-placeholder fusion-no-large-visibility\" aria-label=\"sternwartepark\" src=\"data:image\/svg+xml,%3Csvg%20xmlns%3D%27http%3A%2F%2Fwww.w3.org%2F2000%2Fsvg%27%20width%3D%271000%27%20height%3D%27664%27%20viewBox%3D%270%200%201000%20664%27%3E%3Crect%20width%3D%271000%27%20height%3D%27664%27%20fill-opacity%3D%220%22%2F%3E%3C%2Fsvg%3E\"><div class=\"fusion-clearfix\"><\/div><\/div><\/div><div class=\"fusion-layout-column fusion_builder_column fusion-builder-column-28 fusion_builder_column_1_2 1_2 fusion-one-half fusion-column-last fusion-animated\" style=\"--awb-padding-top:11%;--awb-padding-right:11%;--awb-padding-bottom:11%;--awb-padding-left:11%;--awb-bg-color:#ffffff;--awb-bg-color-hover:#ffffff;--awb-bg-size:cover;--awb-margin-bottom:0px;width:50%;width:calc(50% - ( ( 0 ) * 0.5 ) );\" data-animationType=\"fadeInRight\" data-animationDuration=\"0.8\" data-animationOffset=\"top-into-view\"><div class=\"fusion-column-wrapper fusion-column-has-shadow fusion-flex-column-wrapper-legacy\"><div class=\"fusion-column-content-centered\"><div class=\"fusion-column-content\"><div class=\"fusion-text fusion-text-37\"><h1 style=\"text-align: center;\">El parque del observatorio: observar las estrellas en el distrito 18<\/h1>\n<\/div><div class=\"fusion-text fusion-text-38\"><p style=\"text-align: center;\">Caminos ocultos y un ambiente de cuento de hadas: el parque del observatorio de la Facultad de Astronom\u00eda y Astrof\u00edsica en Edmund-Wei\u00df-Gasse 2 es un lugar muy especial. Cuando pasee por el parque, casi sentir\u00e1 que est\u00e1 en otro mundo. Tanto el interior del edificio, que pertenece a la Universidad de Viena, como el extenso parque tienen un encanto encantador, casi m\u00edstico. Un verdadero consejo, y no s\u00f3lo para observar las estrellas.   <\/p>\n<\/div><\/div><\/div><div class=\"fusion-clearfix\"><\/div><\/div><\/div><div class=\"fusion-layout-column fusion_builder_column fusion-builder-column-29 fusion_builder_column_1_2 1_2 fusion-one-half fusion-column-first fusion-animated\" style=\"--awb-padding-top:11%;--awb-padding-right:11%;--awb-padding-bottom:11%;--awb-padding-left:11%;--awb-bg-color:#ffffff;--awb-bg-color-hover:#ffffff;--awb-bg-size:cover;--awb-margin-bottom:0px;width:50%;width:calc(50% - ( ( 0 ) * 0.5 ) );margin-right: 0px;\" data-animationType=\"fadeInRight\" data-animationDuration=\"0.8\" data-animationOffset=\"top-into-view\"><div class=\"fusion-column-wrapper fusion-column-has-shadow fusion-flex-column-wrapper-legacy\"><div class=\"fusion-column-content-centered\"><div class=\"fusion-column-content\"><div class=\"fusion-text fusion-text-39\"><h1 style=\"text-align: center;\">Iglesia de Wotruba: c\u00f3mo se construy\u00f3 una iglesia con bloques de hormig\u00f3n<\/h1>\n<\/div><div class=\"fusion-text fusion-text-40\"><p style=\"text-align: center;\">Lo primero es lo primero: no parece una iglesia al uso. La iglesia cat\u00f3lica romana de Wotruba se construy\u00f3 con bloques de hormig\u00f3n en Ottillingerplatz 1 entre 1974 y 1976. Tambi\u00e9n se la conoce como &#8222;Iglesia de la Sant\u00edsima Trinidad&#8220; y llama la atenci\u00f3n desde lejos gracias a su dise\u00f1o \u00fanico. Los 152 bloques de hormig\u00f3n en bruto crean interesantes patrones de luz en el interior de la iglesia. Pero lo mejor es que lo vea usted mismo.    <\/p>\n<\/div><\/div><\/div><div class=\"fusion-clearfix\"><\/div><\/div><\/div><div class=\"fusion-layout-column fusion_builder_column fusion-builder-column-30 fusion_builder_column_1_2 1_2 fusion-one-half fusion-column-last fusion-animated\" style=\"--awb-bg-position:center center;--awb-bg-size:cover;--awb-margin-bottom:0px;width:50%;width:calc(50% - ( ( 0 ) * 0.5 ) );\" data-animationType=\"fadeInLeft\" data-animationDuration=\"0.8\" data-animationOffset=\"top-into-view\"><div class=\"fusion-column-wrapper lazyload fusion-column-has-shadow fusion-flex-column-wrapper-legacy fusion-column-has-bg-image\" data-bg-url=\"https:\/\/imlauer.com\/hotel-nestroy-wien\/wp-content\/uploads\/2025\/02\/50890.jpg\" data-bg=\"https:\/\/imlauer.com\/hotel-nestroy-wien\/wp-content\/uploads\/2025\/02\/50890.jpg\"><div class=\"fusion-text fusion-text-41 copyright\"><p style=\"font-size: 11px; text-align: right;\"><span style=\"color: #ffffff;\">\u00a9 Oficina de Turismo de Viena\/Paul Bauer<\/span><\/p>\n<\/div><div class=\"fusion-clearfix\"><\/div><\/div><\/div><div class=\"fusion-layout-column fusion_builder_column fusion-builder-column-31 fusion_builder_column_1_2 1_2 fusion-one-half fusion-column-first fusion-animated\" style=\"--awb-bg-position:center center;--awb-bg-size:cover;--awb-margin-bottom:0px;width:50%;width:calc(50% - ( ( 0 ) * 0.5 ) );margin-right: 0px;\" data-animationType=\"fadeInLeft\" data-animationDuration=\"0.8\" data-animationOffset=\"top-into-view\"><div class=\"fusion-column-wrapper lazyload fusion-column-has-shadow fusion-flex-column-wrapper-legacy fusion-empty-column-bg-image fusion-column-has-bg-image\" data-bg-url=\"https:\/\/imlauer.com\/hotel-nestroy-wien\/wp-content\/uploads\/2025\/02\/streichelzoo.jpg\" data-bg=\"https:\/\/imlauer.com\/hotel-nestroy-wien\/wp-content\/uploads\/2025\/02\/streichelzoo.jpg\"><img decoding=\"async\" class=\"fusion-empty-dims-img-placeholder fusion-no-large-visibility\" aria-label=\"streichelzoo\" src=\"data:image\/svg+xml,%3Csvg%20xmlns%3D%27http%3A%2F%2Fwww.w3.org%2F2000%2Fsvg%27%20width%3D%271000%27%20height%3D%27667%27%20viewBox%3D%270%200%201000%20667%27%3E%3Crect%20width%3D%271000%27%20height%3D%27667%27%20fill-opacity%3D%220%22%2F%3E%3C%2Fsvg%3E\"><div class=\"fusion-clearfix\"><\/div><\/div><\/div><div class=\"fusion-layout-column fusion_builder_column fusion-builder-column-32 fusion_builder_column_1_2 1_2 fusion-one-half fusion-column-last fusion-animated\" style=\"--awb-padding-top:11%;--awb-padding-right:11%;--awb-padding-bottom:11%;--awb-padding-left:11%;--awb-bg-color:#ffffff;--awb-bg-color-hover:#ffffff;--awb-bg-size:cover;--awb-margin-bottom:8%;width:50%;width:calc(50% - ( ( 0 ) * 0.5 ) );\" data-animationType=\"fadeInRight\" data-animationDuration=\"0.8\" data-animationOffset=\"top-into-view\"><div class=\"fusion-column-wrapper fusion-column-has-shadow fusion-flex-column-wrapper-legacy\"><div class=\"fusion-column-content-centered\"><div class=\"fusion-column-content\"><div class=\"fusion-text fusion-text-42\"><h1 style=\"text-align: center;\">Zoo de mascotas de Cobenzl: Un viaje a la granja de los ni\u00f1os<\/h1>\n<\/div><div class=\"fusion-text fusion-text-43\"><p style=\"text-align: center;\">No es s\u00f3lo algo especial para los ni\u00f1os de la ciudad: el zoo de mascotas de la granja infantil Landgut Cobenzl es un maravilloso destino de excursi\u00f3n para familias. Aqu\u00ed todo es como debe ser: Los conejos saltan alegremente por los prados, los gansos parlotean excitados, los gatos deambulan por el corral y, con un poco de suerte, los ni\u00f1os pueden acariciar a un esponjoso cordero. Alrededor de 100 animales viven en un total de siete establos. Pero no s\u00f3lo los ni\u00f1os se lo pasar\u00e1n en grande en Cobenzl. La fant\u00e1stica ubicaci\u00f3n con impresionantes vistas sobre Viena tambi\u00e9n encantar\u00e1 a los mayores. Pasee por el sendero de las mariposas, visite la colmena en el sendero educativo de las abejas u hornee pan fresco con sus hijos. No importa lo que decida hacer: Aqu\u00ed ni usted ni sus hijos se aburrir\u00e1n.      <\/p>\n<\/div><\/div><\/div><div class=\"fusion-clearfix\"><\/div><\/div><\/div><\/div><\/div><\/p>\n","protected":false},"excerpt":{"rendered":"","protected":false},"author":1,"featured_media":0,"parent":0,"menu_order":0,"comment_status":"closed","ping_status":"closed","template":"100-width.php","meta":{"footnotes":""},"class_list":["post-1293","page","type-page","status-publish","hentry"],"_links":{"self":[{"href":"https:\/\/imlauer.com\/hotel-nestroy-wien\/wp-json\/wp\/v2\/pages\/1293","targetHints":{"allow":["GET"]}}],"collection":[{"href":"https:\/\/imlauer.com\/hotel-nestroy-wien\/wp-json\/wp\/v2\/pages"}],"about":[{"href":"https:\/\/imlauer.com\/hotel-nestroy-wien\/wp-json\/wp\/v2\/types\/page"}],"author":[{"embeddable":true,"href":"https:\/\/imlauer.com\/hotel-nestroy-wien\/wp-json\/wp\/v2\/users\/1"}],"replies":[{"embeddable":true,"href":"https:\/\/imlauer.com\/hotel-nestroy-wien\/wp-json\/wp\/v2\/comments?post=1293"}],"version-history":[{"count":2,"href":"https:\/\/imlauer.com\/hotel-nestroy-wien\/wp-json\/wp\/v2\/pages\/1293\/revisions"}],"predecessor-version":[{"id":1300,"href":"https:\/\/imlauer.com\/hotel-nestroy-wien\/wp-json\/wp\/v2\/pages\/1293\/revisions\/1300"}],"wp:attachment":[{"href":"https:\/\/imlauer.com\/hotel-nestroy-wien\/wp-json\/wp\/v2\/media?parent=1293"}],"curies":[{"name":"wp","href":"https:\/\/api.w.org\/{rel}","templated":true}]}}