{"id":37242,"date":"2025-01-10T07:45:22","date_gmt":"2025-01-10T07:45:22","guid":{"rendered":"https:\/\/imlauer.com\/hotel-pitter-salzburg\/?page_id=37242"},"modified":"2026-03-05T10:49:01","modified_gmt":"2026-03-05T10:49:01","slug":"hochzeitsfeiern-private-events","status":"publish","type":"page","link":"https:\/\/imlauer.com\/hotel-pitter-salzburg\/hochzeitsfeiern-private-events\/","title":{"rendered":"Hochzeitsfeiern &amp; private Events"},"content":{"rendered":"<p><div class=\"fusion-fullwidth fullwidth-box fusion-builder-row-1 nonhundred-percent-fullwidth non-hundred-percent-height-scrolling fusion-equal-height-columns fusion-no-small-visibility\" style=\"--awb-background-position:left top;--awb-border-sizes-top:0px;--awb-border-sizes-bottom:0px;--awb-border-sizes-left:0px;--awb-border-sizes-right:0px;--awb-border-radius-top-left:0px;--awb-border-radius-top-right:0px;--awb-border-radius-bottom-right:0px;--awb-border-radius-bottom-left:0px;--awb-padding-top:0px;--awb-padding-bottom:35px;--awb-margin-top:40px;--awb-flex-wrap:wrap;\" ><div class=\"fusion-builder-row fusion-row\"><div class=\"fusion-layout-column fusion_builder_column fusion-builder-column-0 fusion_builder_column_1_2 1_2 fusion-one-half fusion-column-first\" style=\"--awb-bg-color:#ffffff;--awb-bg-color-hover:#ffffff;--awb-bg-size:cover;--awb-border-color:#ebeef1;--awb-border-top:0;--awb-border-right:0;--awb-border-bottom:0;--awb-border-left:0;--awb-border-style:solid;width:48%; margin-right: 4%;\"><div class=\"fusion-column-wrapper fusion-column-has-shadow fusion-flex-column-wrapper-legacy\"><div class=\"fusion-column-content-centered\"><div class=\"fusion-column-content\"><div class=\"fusion-slider-sc fusion-flexslider-loading flexslider flexslider-hover-type-none\" data-slideshow_autoplay=\"1\" data-slideshow_smooth_height=\"0\" data-slideshow_speed=\"4000\" style=\"max-width:100%;height:100%;\"><ul class=\"slides\"><li class=\"image\"><span class=\"fusion-image-hover-element hover-type-none\"><img decoding=\"async\" src=\"https:\/\/imlauer.com\/hotel-pitter-salzburg\/wp-content\/uploads\/2025\/01\/PitterSaal_Gala1-Kopie.jpg\" width=\"1000\" height=\"667\" class=\"wp-image-38649\" srcset=\"https:\/\/imlauer.com\/hotel-pitter-salzburg\/wp-content\/uploads\/2025\/01\/PitterSaal_Gala1-Kopie-200x133.jpg 200w, https:\/\/imlauer.com\/hotel-pitter-salzburg\/wp-content\/uploads\/2025\/01\/PitterSaal_Gala1-Kopie-400x267.jpg 400w, https:\/\/imlauer.com\/hotel-pitter-salzburg\/wp-content\/uploads\/2025\/01\/PitterSaal_Gala1-Kopie-600x400.jpg 600w, https:\/\/imlauer.com\/hotel-pitter-salzburg\/wp-content\/uploads\/2025\/01\/PitterSaal_Gala1-Kopie-800x534.jpg 800w, https:\/\/imlauer.com\/hotel-pitter-salzburg\/wp-content\/uploads\/2025\/01\/PitterSaal_Gala1-Kopie.jpg 1000w\" sizes=\"(max-width: 969px) 100vw, 800px\" \/><\/span><\/li><li class=\"image\"><span class=\"fusion-image-hover-element hover-type-none\"><img decoding=\"async\" src=\"https:\/\/imlauer.com\/hotel-pitter-salzburg\/wp-content\/uploads\/2025\/01\/hochzeit3.jpg\" width=\"1024\" height=\"683\" class=\"wp-image-38654\" srcset=\"https:\/\/imlauer.com\/hotel-pitter-salzburg\/wp-content\/uploads\/2025\/01\/hochzeit3-200x133.jpg 200w, https:\/\/imlauer.com\/hotel-pitter-salzburg\/wp-content\/uploads\/2025\/01\/hochzeit3-400x267.jpg 400w, https:\/\/imlauer.com\/hotel-pitter-salzburg\/wp-content\/uploads\/2025\/01\/hochzeit3-600x400.jpg 600w, https:\/\/imlauer.com\/hotel-pitter-salzburg\/wp-content\/uploads\/2025\/01\/hochzeit3-800x534.jpg 800w, https:\/\/imlauer.com\/hotel-pitter-salzburg\/wp-content\/uploads\/2025\/01\/hochzeit3.jpg 1024w\" sizes=\"(max-width: 969px) 100vw, 800px\" \/><\/span><\/li><li class=\"image\"><span class=\"fusion-image-hover-element hover-type-none\"><img decoding=\"async\" src=\"https:\/\/imlauer.com\/hotel-pitter-salzburg\/wp-content\/uploads\/2025\/01\/Auersperg-Galadinner.jpg\" width=\"1000\" height=\"667\" class=\"wp-image-38484\" srcset=\"https:\/\/imlauer.com\/hotel-pitter-salzburg\/wp-content\/uploads\/2025\/01\/Auersperg-Galadinner-200x133.jpg 200w, https:\/\/imlauer.com\/hotel-pitter-salzburg\/wp-content\/uploads\/2025\/01\/Auersperg-Galadinner-400x267.jpg 400w, https:\/\/imlauer.com\/hotel-pitter-salzburg\/wp-content\/uploads\/2025\/01\/Auersperg-Galadinner-600x400.jpg 600w, https:\/\/imlauer.com\/hotel-pitter-salzburg\/wp-content\/uploads\/2025\/01\/Auersperg-Galadinner-800x534.jpg 800w, https:\/\/imlauer.com\/hotel-pitter-salzburg\/wp-content\/uploads\/2025\/01\/Auersperg-Galadinner.jpg 1000w\" sizes=\"(max-width: 969px) 100vw, 800px\" \/><\/span><\/li><\/ul><\/div><\/div><\/div><div class=\"fusion-clearfix\"><\/div><\/div><\/div><div class=\"fusion-layout-column fusion_builder_column fusion-builder-column-1 fusion_builder_column_1_2 1_2 fusion-one-half fusion-column-last\" style=\"--awb-bg-blend:overlay;--awb-bg-size:cover;width:48%;\"><div class=\"fusion-column-wrapper fusion-column-has-shadow fusion-flex-column-wrapper-legacy\"><div class=\"fusion-column-content-centered\"><div class=\"fusion-column-content\"><div class=\"fusion-text fusion-text-1\"><p style=\"letter-spacing: 4px; font-size: 13px; margin-bottom: 0px; text-transform: uppercase; text-align: center;\">IT\u00b4S PARTY TIME!<\/p>\n<h1 style=\"text-align: center;\">THE PLACE TO CELEBRATE<\/h1>\n<\/div><div class=\"fusion-text fusion-text-2\"><p style=\"text-align: center;\">Der griechische Philosoph Demokrit soll gesagt haben: \u201eEin Leben ohne Feste ist wie eine lange Wanderung ohne Einkehr.\u201c Wir laden Sie herzlich ein, bei uns einzukehren. <strong>Liebe zum Detail<\/strong>, ein <strong>professioneller und pers\u00f6nlicher Service<\/strong>, der von Herzen kommt, sind unsere Schl\u00fcssel f\u00fcr Ihr perfektes Event.<\/p>\n<p style=\"text-align: center;\">Welches Fest Sie auch immer planen, ob<strong> Geburtstagsfeier oder Hochzeitsfest<\/strong> \u2013 wir sind f\u00fcr Sie da. Rufen Sie uns an oder schreiben Sie uns eine E-Mail. Wir freuen uns darauf, mit Ihnen Ihre W\u00fcnsche zu besprechen.<\/p>\n<\/div><\/div><\/div><div class=\"fusion-clearfix\"><\/div><\/div><\/div><\/div><\/div><div class=\"fusion-fullwidth fullwidth-box fusion-builder-row-2 hundred-percent-fullwidth non-hundred-percent-height-scrolling fusion-equal-height-columns fusion-no-small-visibility fusion-no-medium-visibility\" style=\"--awb-border-radius-top-left:0px;--awb-border-radius-top-right:0px;--awb-border-radius-bottom-right:0px;--awb-border-radius-bottom-left:0px;--awb-padding-top:4%;--awb-padding-right:6%;--awb-padding-bottom:0px;--awb-padding-left:6%;--awb-margin-bottom:0px;--awb-background-color:#f7f7f7;--awb-flex-wrap:wrap;\" ><div class=\"fusion-builder-row fusion-row\"><div class=\"fusion-layout-column fusion_builder_column fusion-builder-column-2 fusion_builder_column_1_4 1_4 fusion-one-fourth fusion-column-first\" style=\"--awb-bg-size:cover;width:25%;width:calc(25% - ( ( 4% + 4% ) * 0.25 ) );margin-right: 4%;\"><div class=\"fusion-column-wrapper fusion-column-has-shadow fusion-flex-column-wrapper-legacy\"><div class=\"fusion-image-element fusion-image-align-right in-legacy-container\" style=\"text-align:right;--awb-caption-title-font-family:var(--h2_typography-font-family);--awb-caption-title-font-weight:var(--h2_typography-font-weight);--awb-caption-title-font-style:var(--h2_typography-font-style);--awb-caption-title-size:var(--h2_typography-font-size);--awb-caption-title-transform:var(--h2_typography-text-transform);--awb-caption-title-line-height:var(--h2_typography-line-height);--awb-caption-title-letter-spacing:var(--h2_typography-letter-spacing);\"><span class=\" fusion-imageframe imageframe-none imageframe-1 hover-type-none\" style=\"margin-left:25px;float:right;\"><img decoding=\"async\" width=\"100\" height=\"86\" title=\"hochzeit\" src=\"https:\/\/imlauer.com\/hotel-pitter-salzburg\/wp-content\/uploads\/2025\/01\/hochzeit.png\" alt class=\"img-responsive wp-image-38659\"\/><\/span><\/div><div class=\"fusion-clearfix\"><\/div><\/div><\/div><div class=\"fusion-layout-column fusion_builder_column fusion-builder-column-3 fusion_builder_column_1_2 1_2 fusion-one-half\" style=\"--awb-bg-size:cover;width:50%;width:calc(50% - ( ( 4% + 4% ) * 0.5 ) );margin-right: 4%;\"><div class=\"fusion-column-wrapper fusion-column-has-shadow fusion-flex-column-wrapper-legacy\"><div class=\"fusion-text fusion-text-3\"><p style=\"letter-spacing: 4px; font-size: 13px; margin-bottom: 0px; text-transform: uppercase; text-align: center;\">LOVE IS IN THE AIR<\/p>\n<h2 style=\"text-align: center; font-size: 20px;\">IHR TAG. IHRE TRAUMHOCHZEIT<\/h2>\n<\/div><div class=\"fusion-text fusion-text-4\"><p style=\"text-align: center;\">Klassisch-sch\u00f6n im edlen Anzug und wei\u00dfen Hochzeitskleid. Modern-traditionell im feschen Trachtenanzug und vertr\u00e4umten Brautdirndl. Egal, wie Sie Ihren gro\u00dfen Tag verbringen: Im IMLAUER Hotel Pitter Salzburg finden Sie den <strong>perfekten Rahmen f\u00fcr Ihre Traumhochzeit<\/strong>. Nur einen romantischen Spaziergang vom weltber\u00fchmten <strong>Standesamt Schloss Mirabell<\/strong> entfernt, mit seinem herrlich-pittoresken Mirabellgarten als wundersch\u00f6ne Foto-Location.<\/p>\n<p style=\"text-align: center;\">Lassen Sie sich und Ihre Hochzeitsgesellschaft von unserem herzlichen Serviceteam so richtig verw\u00f6hnen. Ob im einmaligen <strong>Pitter Event Center <\/strong>mit seinem Herzst\u00fcck dem<strong> Pitter Saal<\/strong>, dem <strong>urigen PitterKeller<\/strong>, umgeben vom historischen Charme vergangener Tage, oder oben im <strong>eleganten Panoramarestaurant IMLAUER Sky<\/strong>, Auge in Auge mit der Festung Hohensalzburg. Sie entscheiden. Es ist Ihr Tag.<\/p>\n<\/div><div class=\"fusion-sep-clear\"><\/div><div class=\"fusion-separator fusion-full-width-sep\" style=\"margin-left: auto;margin-right: auto;margin-top:30px;width:100%;\"><\/div><div class=\"fusion-sep-clear\"><\/div><div class=\"fusion-text fusion-text-5\" style=\"--awb-text-transform:none;\"><h2 style=\"text-align: center;\"><strong>In unserem Hochzeitspaket \u201eDiamant\u201c f\u00fcr \u20ac 169,- pro Person sind folgende Leistungen f\u00fcr Sie inkludiert:<\/strong><\/h2>\n<\/div><div class=\"accordian fusion-accordian\" style=\"--awb-border-size:1px;--awb-icon-size:13px;--awb-content-font-size:18px;--awb-icon-alignment:left;--awb-hover-color:#f9f9f9;--awb-border-color:#cccccc;--awb-background-color:#ffffff;--awb-divider-color:#e0dede;--awb-divider-hover-color:#e0dede;--awb-icon-color:#ffffff;--awb-title-color:#008ab4;--awb-content-color:#747474;--awb-icon-box-color:#af9754;--awb-toggle-hover-accent-color:#af9754;--awb-title-font-family:&quot;Bitter&quot;;--awb-title-font-weight:400;--awb-title-font-style:normal;--awb-content-font-family:&quot;Source Sans Pro&quot;;--awb-content-font-style:normal;--awb-content-font-weight:400;\" id=\"hochzeit\"><div class=\"panel-group fusion-toggle-icon-boxed\" id=\"accordion-37242-1\"><div class=\"fusion-panel panel-default panel-32ba74b997f30ceb3 fusion-toggle-no-divider fusion-toggle-boxed-mode\" style=\"--awb-title-color:#008ab4;--awb-content-color:#747474;\"><div class=\"panel-heading\"><h4 class=\"panel-title toggle\" id=\"toggle_32ba74b997f30ceb3\"><a aria-expanded=\"false\" aria-controls=\"32ba74b997f30ceb3\" role=\"button\" data-toggle=\"collapse\" data-parent=\"#accordion-37242-1\" data-target=\"#32ba74b997f30ceb3\" href=\"#32ba74b997f30ceb3\"><span class=\"fusion-toggle-icon-wrapper\" aria-hidden=\"true\"><i class=\"fa-fusion-box active-icon awb-icon-minus\" aria-hidden=\"true\"><\/i><i class=\"fa-fusion-box inactive-icon awb-icon-plus\" aria-hidden=\"true\"><\/i><\/span><span class=\"fusion-toggle-heading\">Saalmiete &amp; Organisation<\/span><\/a><\/h4><\/div><div id=\"32ba74b997f30ceb3\" class=\"panel-collapse collapse \" aria-labelledby=\"toggle_32ba74b997f30ceb3\"><div class=\"panel-body toggle-content fusion-clearfix\">\n<ul style=\"--awb-size:17px;--awb-iconcolor:#cbaa5c;--awb-line-height:28.9px;--awb-icon-width:28.9px;--awb-icon-height:28.9px;--awb-icon-margin:11.9px;--awb-content-margin:40.8px;\" class=\"fusion-checklist fusion-checklist-1 fusion-checklist-default type-icons\"><li class=\"fusion-li-item\" style=\"\"><span class=\"icon-wrapper circle-no\"><i class=\"fusion-li-icon fa-heart fas\" aria-hidden=\"true\"><\/i><\/span><div class=\"fusion-li-item-content\">\n<p>Bei Fixbuchung: pers\u00f6nliche Hausf\u00fchrung &amp; Besprechung\u00a0 &#8211; gerne nehmen wir uns eine Stunde Zeit f\u00fcr Sie!<\/p>\n<\/div><\/li><li class=\"fusion-li-item\" style=\"\"><span class=\"icon-wrapper circle-no\"><i class=\"fusion-li-icon fa-heart fas\" aria-hidden=\"true\"><\/i><\/span><div class=\"fusion-li-item-content\">\n<p>Ein Probe-Essen der gew\u00e4hlten Speisen f\u00fcr das Brautpaar <em>(ab 60 G\u00e4sten)<\/em><\/p>\n<\/div><\/li><li class=\"fusion-li-item\" style=\"\"><span class=\"icon-wrapper circle-no\"><i class=\"fusion-li-icon fa-heart fas\" aria-hidden=\"true\"><\/i><\/span><div class=\"fusion-li-item-content\">\n<p>Bereitstellung &amp; Aufbau Ihres Hochzeitssaales (ab 4 Stunden vor Hochzeitsbeginn)<\/p>\n<\/div><\/li><li class=\"fusion-li-item\" style=\"\"><span class=\"icon-wrapper circle-no\"><i class=\"fusion-li-icon fa-heart fas\" aria-hidden=\"true\"><\/i><\/span><div class=\"fusion-li-item-content\">\n<p>Servicemitarbeiterkosten w\u00e4hrend Ihrer Hochzeitsfeier <em>bis 00:00 Uhr<\/em><\/p>\n<\/div><\/li><\/ul>\n<\/div><\/div><\/div><div class=\"fusion-panel panel-default panel-8a65b6ee68e08d989 fusion-toggle-no-divider fusion-toggle-boxed-mode\"><div class=\"panel-heading\"><h4 class=\"panel-title toggle\" id=\"toggle_8a65b6ee68e08d989\"><a aria-expanded=\"false\" aria-controls=\"8a65b6ee68e08d989\" role=\"button\" data-toggle=\"collapse\" data-parent=\"#accordion-37242-1\" data-target=\"#8a65b6ee68e08d989\" href=\"#8a65b6ee68e08d989\"><span class=\"fusion-toggle-icon-wrapper\" aria-hidden=\"true\"><i class=\"fa-fusion-box active-icon awb-icon-minus\" aria-hidden=\"true\"><\/i><i class=\"fa-fusion-box inactive-icon awb-icon-plus\" aria-hidden=\"true\"><\/i><\/span><span class=\"fusion-toggle-heading\">Ausstattung und Dekoration<\/span><\/a><\/h4><\/div><div id=\"8a65b6ee68e08d989\" class=\"panel-collapse collapse \" aria-labelledby=\"toggle_8a65b6ee68e08d989\"><div class=\"panel-body toggle-content fusion-clearfix\">\n<ul style=\"--awb-size:17px;--awb-iconcolor:#cbaa5c;--awb-line-height:28.9px;--awb-icon-width:28.9px;--awb-icon-height:28.9px;--awb-icon-margin:11.9px;--awb-content-margin:40.8px;\" class=\"fusion-checklist fusion-checklist-2 fusion-checklist-default type-icons\"><li class=\"fusion-li-item\" style=\"\"><span class=\"icon-wrapper circle-no\"><i class=\"fusion-li-icon fa-heart fas\" aria-hidden=\"true\"><\/i><\/span><div class=\"fusion-li-item-content\">\n<p>festlich gedeckte runde Tische, <em>Stehtische im Foyer<\/em><\/p>\n<\/div><\/li><li class=\"fusion-li-item\" style=\"\"><span class=\"icon-wrapper circle-no\"><i class=\"fusion-li-icon fa-heart fas\" aria-hidden=\"true\"><\/i><\/span><div class=\"fusion-li-item-content\">\n<p>dezenter Tischschmuck<\/p>\n<\/div><\/li><li class=\"fusion-li-item\" style=\"\"><span class=\"icon-wrapper circle-no\"><i class=\"fusion-li-icon fa-heart fas\" aria-hidden=\"true\"><\/i><\/span><div class=\"fusion-li-item-content\">\n<p>Standard-Men\u00fckarten, Tischplan<\/p>\n<\/div><\/li><li class=\"fusion-li-item\" style=\"\"><span class=\"icon-wrapper circle-no\"><i class=\"fusion-li-icon fa-heart fas\" aria-hidden=\"true\"><\/i><\/span><div class=\"fusion-li-item-content\">\n<p>B\u00fchne im Saal je nach Ablauf m\u00f6glich<\/p>\n<\/div><\/li><li class=\"fusion-li-item\" style=\"\"><span class=\"icon-wrapper circle-no\"><i class=\"fusion-li-icon fa-heart fas\" aria-hidden=\"true\"><\/i><\/span><div class=\"fusion-li-item-content\">\n<p>Technik: Tonanlage, 1 Handmikrofon, Hintergrundmusik, Beamer &amp; Leinwand, Ambiente-Beleuchtung<\/p>\n<\/div><\/li><li class=\"fusion-li-item\" style=\"\"><span class=\"icon-wrapper circle-no\"><i class=\"fusion-li-icon fa-heart fas\" aria-hidden=\"true\"><\/i><\/span><div class=\"fusion-li-item-content\">\n<p>Elegante, wei\u00dfe Stuhl-Hussen<\/p>\n<\/div><\/li><\/ul>\n<\/div><\/div><\/div><div class=\"fusion-panel panel-default panel-da644a9be0312fd9c fusion-toggle-no-divider fusion-toggle-boxed-mode\"><div class=\"panel-heading\"><h4 class=\"panel-title toggle\" id=\"toggle_da644a9be0312fd9c\"><a aria-expanded=\"false\" aria-controls=\"da644a9be0312fd9c\" role=\"button\" data-toggle=\"collapse\" data-parent=\"#accordion-37242-1\" data-target=\"#da644a9be0312fd9c\" href=\"#da644a9be0312fd9c\"><span class=\"fusion-toggle-icon-wrapper\" aria-hidden=\"true\"><i class=\"fa-fusion-box active-icon awb-icon-minus\" aria-hidden=\"true\"><\/i><i class=\"fa-fusion-box inactive-icon awb-icon-plus\" aria-hidden=\"true\"><\/i><\/span><span class=\"fusion-toggle-heading\">Zimmer<\/span><\/a><\/h4><\/div><div id=\"da644a9be0312fd9c\" class=\"panel-collapse collapse \" aria-labelledby=\"toggle_da644a9be0312fd9c\"><div class=\"panel-body toggle-content fusion-clearfix\">\n<ul style=\"--awb-size:17px;--awb-iconcolor:#cbaa5c;--awb-line-height:28.9px;--awb-icon-width:28.9px;--awb-icon-height:28.9px;--awb-icon-margin:11.9px;--awb-content-margin:40.8px;\" class=\"fusion-checklist fusion-checklist-3 fusion-checklist-default type-icons\"><li class=\"fusion-li-item\" style=\"\"><span class=\"icon-wrapper circle-no\"><i class=\"fusion-li-icon fa-heart fas\" aria-hidden=\"true\"><\/i><\/span><div class=\"fusion-li-item-content\">\n<p>Hochzeitssuite f\u00fcr das Brautpaar <em>(ab 50 G\u00e4sten) <\/em> Fr\u00fchst\u00fcck, 1 Flasche Sekt<\/p>\n<\/div><\/li><li class=\"fusion-li-item\" style=\"\"><span class=\"icon-wrapper circle-no\"><i class=\"fusion-li-icon fa-heart fas\" aria-hidden=\"true\"><\/i><\/span><div class=\"fusion-li-item-content\">\n<p>Zimmerkontingent f\u00fcr die Hochzeitsg\u00e4ste gerne auf Anfrage zum Spezialpreis buchbar<\/p>\n<\/div><\/li><\/ul>\n<\/div><\/div><\/div><div class=\"fusion-panel panel-default panel-79a5058e22cfcb00b fusion-toggle-no-divider fusion-toggle-boxed-mode\" style=\"--awb-title-color:#008ab4;--awb-content-color:#747474;\"><div class=\"panel-heading\"><h4 class=\"panel-title toggle\" id=\"toggle_79a5058e22cfcb00b\"><a aria-expanded=\"false\" aria-controls=\"79a5058e22cfcb00b\" role=\"button\" data-toggle=\"collapse\" data-parent=\"#accordion-37242-1\" data-target=\"#79a5058e22cfcb00b\" href=\"#79a5058e22cfcb00b\"><span class=\"fusion-toggle-icon-wrapper\" aria-hidden=\"true\"><i class=\"fa-fusion-box active-icon awb-icon-minus\" aria-hidden=\"true\"><\/i><i class=\"fa-fusion-box inactive-icon awb-icon-plus\" aria-hidden=\"true\"><\/i><\/span><span class=\"fusion-toggle-heading\">Kulinarik und Getr\u00e4nke<\/span><\/a><\/h4><\/div><div id=\"79a5058e22cfcb00b\" class=\"panel-collapse collapse \" aria-labelledby=\"toggle_79a5058e22cfcb00b\"><div class=\"panel-body toggle-content fusion-clearfix\"><ul style=\"--awb-size:17px;--awb-iconcolor:#cbaa5c;--awb-line-height:28.9px;--awb-icon-width:28.9px;--awb-icon-height:28.9px;--awb-icon-margin:11.9px;--awb-content-margin:40.8px;\" class=\"fusion-checklist fusion-checklist-4 fusion-checklist-default type-icons\"><li class=\"fusion-li-item\" style=\"\"><span class=\"icon-wrapper circle-no\"><i class=\"fusion-li-icon fa-heart fas\" aria-hidden=\"true\"><\/i><\/span><div class=\"fusion-li-item-content\">\n<p>1-st\u00fcndiger Sektempfang im PitterGarten oder Foyer inklusive unlimitiert IMLAUER Cuv\u00e9e Sekt und Sekt Orange, IMLAUER Royal, Saisonaler Aperitif-Cocktail, Stiegl Bier und alkoholfreier Getr\u00e4nke<\/p>\n<\/div><\/li><li class=\"fusion-li-item\" style=\"\"><span class=\"icon-wrapper circle-no\"><i class=\"fusion-li-icon fa-heart fas\" aria-hidden=\"true\"><\/i><\/span><div class=\"fusion-li-item-content\">\n<p>sowie 3 St\u00fcck exquisit belegte Canap\u00e9es (pro Person)<\/p>\n<\/div><\/li><li class=\"fusion-li-item\" style=\"\"><span class=\"icon-wrapper circle-no\"><i class=\"fusion-li-icon fa-heart fas\" aria-hidden=\"true\"><\/i><\/span><div class=\"fusion-li-item-content\">\n<p>4-Gang-Hochzeitsmen\u00fc oder \u2013buffet (verschiedene M\u00f6glichkeiten zur Wahl)<\/p>\n<\/div><\/li><li class=\"fusion-li-item\" style=\"\"><span class=\"icon-wrapper circle-no\"><i class=\"fusion-li-icon fa-heart fas\" aria-hidden=\"true\"><\/i><\/span><div class=\"fusion-li-item-content\">\n<p>Getr\u00e4nkepauschale f\u00fcr 6 Stunden unlimitiert: Gr\u00fcner Veltliner \u201eSelection IMLAUER\u201c Weingut Rainer Wess (Krems), Zweigelt \u201eSelection IMLAUER\u201c Weingut Gerald Tschida (Apetlon), IMLAUER Cuv\u00e9e Sekt, Stiegl Bier, alkoholfreie Getr\u00e4nke, sowie Kaffee &amp; Tee<\/p>\n<\/div><\/li><li class=\"fusion-li-item\" style=\"\"><span class=\"icon-wrapper circle-no\"><i class=\"fusion-li-icon fa-heart fas\" aria-hidden=\"true\"><\/i><\/span><div class=\"fusion-li-item-content\">\n<p>Mitternachtssnack: Gulaschsuppe und Geb\u00e4ck<\/p>\n<\/div><\/li><li class=\"fusion-li-item\" style=\"\"><span class=\"icon-wrapper circle-no\"><i class=\"fusion-li-icon fa-heart fas\" aria-hidden=\"true\"><\/i><\/span><div class=\"fusion-li-item-content\">\n<p>Kindergerichte und -getr\u00e4nke<\/p>\n<\/div><\/li><li class=\"fusion-li-item\" style=\"\"><span class=\"icon-wrapper circle-no\"><i class=\"fusion-li-icon fa-heart fas\" aria-hidden=\"true\"><\/i><\/span><div class=\"fusion-li-item-content\">\n<p>Hochzeitstorte, ganz nach Ihrem Geschmack und Dekorationswunsch. Blumen oder spezielle Cake-Topper sind im Preis jedoch nicht inkludiert.<\/p>\n<\/div><\/li><\/ul><\/div><\/div><\/div><div class=\"fusion-panel panel-default panel-6cc283a9a8e158ee7 fusion-toggle-no-divider fusion-toggle-boxed-mode\" style=\"--awb-title-color:#008ab4;--awb-content-color:#747474;\"><div class=\"panel-heading\"><h4 class=\"panel-title toggle\" id=\"toggle_6cc283a9a8e158ee7\"><a aria-expanded=\"false\" aria-controls=\"6cc283a9a8e158ee7\" role=\"button\" data-toggle=\"collapse\" data-parent=\"#accordion-37242-1\" data-target=\"#6cc283a9a8e158ee7\" href=\"#6cc283a9a8e158ee7\"><span class=\"fusion-toggle-icon-wrapper\" aria-hidden=\"true\"><i class=\"fa-fusion-box active-icon awb-icon-minus\" aria-hidden=\"true\"><\/i><i class=\"fa-fusion-box inactive-icon awb-icon-plus\" aria-hidden=\"true\"><\/i><\/span><span class=\"fusion-toggle-heading\">Erweiterungen<\/span><\/a><\/h4><\/div><div id=\"6cc283a9a8e158ee7\" class=\"panel-collapse collapse \" aria-labelledby=\"toggle_6cc283a9a8e158ee7\"><div class=\"panel-body toggle-content fusion-clearfix\">\n<ul style=\"--awb-size:17px;--awb-iconcolor:#cbaa5c;--awb-line-height:28.9px;--awb-icon-width:28.9px;--awb-icon-height:28.9px;--awb-icon-margin:11.9px;--awb-content-margin:40.8px;\" class=\"fusion-checklist fusion-checklist-5 fusion-checklist-default type-icons\"><li class=\"fusion-li-item\" style=\"\"><span class=\"icon-wrapper circle-no\"><i class=\"fusion-li-icon fa-spa fas\" aria-hidden=\"true\"><\/i><\/span><div class=\"fusion-li-item-content\">\n<p>Blumenschmuck: Gerne k\u00f6nnen Sie Ihren eigenen Blumenschmuck mitbringen. Wir empfehlen Ihnen unsere Floristin, Frau Sandra Merhaut von der Bindestelle Meisterfloristik (<a href=\"http:\/\/www.bindestelle.com\" target=\"_blank\" rel=\"noopener\">bindestelle.com<\/a>), <a href=\"mailto:info@bindestelle.com\">info@bindestelle.com<\/a>, Tel: <a href=\"tel:+43662889780\">+43 (662) 88 97 8 810<\/a><\/p>\n<\/div><\/li><li class=\"fusion-li-item\" style=\"\"><span class=\"icon-wrapper circle-no\"><i class=\"fusion-li-icon fa-headphones-alt fas\" aria-hidden=\"true\"><\/i><\/span><div class=\"fusion-li-item-content\">\n<p>Musik (Live-Band\/DJ): Gerne geben wir Empfehlungen<\/p>\n<\/div><\/li><li class=\"fusion-li-item\" style=\"\"><span class=\"icon-wrapper circle-no\"><i class=\"fusion-li-icon fa-cocktail fas\" aria-hidden=\"true\"><\/i><\/span><div class=\"fusion-li-item-content\">\n<p>Privat-Bar: Party ab 23.00 Uhr in der Plaza Bar auf Anfrage inkl. Tonanlage &amp; Laptop f\u00fcr Ihre Hintergrundmusik<\/p>\n<\/div><\/li><li class=\"fusion-li-item\" style=\"\"><span class=\"icon-wrapper circle-no\"><i class=\"fusion-li-icon fa-wine-bottle fas\" aria-hidden=\"true\"><\/i><\/span><div class=\"fusion-li-item-content\">\n<p>Dekorationsm\u00f6glichkeit <strong>nach Verf\u00fcgbarkeit<\/strong> am Vorabend<\/p>\n<\/div><\/li><li class=\"fusion-li-item\" style=\"\"><span class=\"icon-wrapper circle-no\"><i class=\"fusion-li-icon fa-car fas\" aria-hidden=\"true\"><\/i><\/span><div class=\"fusion-li-item-content\">\n<p>Parkm\u00f6glichkeiten: Mirabell-Congress-Garage \u20ac 22,00 \/ 24 Stunden<\/p>\n<\/div><\/li><li class=\"fusion-li-item\" style=\"\"><span class=\"icon-wrapper circle-no\"><i class=\"fusion-li-icon fa-tshirt fas\" aria-hidden=\"true\"><\/i><\/span><div class=\"fusion-li-item-content\">\n<p>Garderobiere zu \u20ac 35,00 pro Stunde, ab Mitternacht \u20ac 45,00 pro Stunde<\/p>\n<\/div><\/li><\/ul>\n<\/div><\/div><\/div><\/div><\/div><div class=\"fusion-sep-clear\"><\/div><div class=\"fusion-separator fusion-full-width-sep\" style=\"margin-left: auto;margin-right: auto;margin-top:30px;width:100%;\"><\/div><div class=\"fusion-sep-clear\"><\/div><div class=\"fusion-clearfix\"><\/div><\/div><\/div><div class=\"fusion-layout-column fusion_builder_column fusion-builder-column-4 fusion_builder_column_1_4 1_4 fusion-one-fourth fusion-column-last\" style=\"--awb-bg-size:cover;width:25%;width:calc(25% - ( ( 4% + 4% ) * 0.25 ) );\"><div class=\"fusion-column-wrapper fusion-column-has-shadow fusion-flex-column-wrapper-legacy\"><div class=\"fusion-image-element fusion-image-align-left in-legacy-container\" style=\"text-align:left;--awb-caption-title-font-family:var(--h2_typography-font-family);--awb-caption-title-font-weight:var(--h2_typography-font-weight);--awb-caption-title-font-style:var(--h2_typography-font-style);--awb-caption-title-size:var(--h2_typography-font-size);--awb-caption-title-transform:var(--h2_typography-text-transform);--awb-caption-title-line-height:var(--h2_typography-line-height);--awb-caption-title-letter-spacing:var(--h2_typography-letter-spacing);\"><span class=\" fusion-imageframe imageframe-none imageframe-2 hover-type-none\" style=\"margin-right:25px;float:left;\"><img decoding=\"async\" width=\"100\" height=\"86\" title=\"hochzeit\" src=\"https:\/\/imlauer.com\/hotel-pitter-salzburg\/wp-content\/uploads\/2025\/01\/hochzeit.png\" alt class=\"img-responsive wp-image-38659\"\/><\/span><\/div><div class=\"fusion-clearfix\"><\/div><\/div><\/div><div class=\"fusion-layout-column fusion_builder_column fusion-builder-column-5 fusion_builder_column_1_1 1_1 fusion-one-full fusion-column-first fusion-column-last fusion-column-no-min-height\" style=\"--awb-bg-size:cover;--awb-margin-bottom:45px;\"><div class=\"fusion-column-wrapper fusion-column-has-shadow fusion-flex-column-wrapper-legacy\"><div class=\"fusion-image-carousel fusion-image-carousel-auto fusion-image-carousel-1 lightbox-enabled\"><div class=\"awb-carousel awb-swiper awb-swiper-carousel awb-carousel--carousel awb-swiper-dots-position-bottom\" data-layout=\"carousel\" data-autoplay=\"yes\" data-autoplayspeed=\"2500\" data-autoplaypause=\"no\" data-columns=\"5\" data-columnsmedium=\"1\" data-columnssmall=\"1\" data-itemmargin=\"13\" data-itemwidth=\"180\" data-touchscroll=\"no\" data-freemode=\"no\" data-imagesize=\"auto\" data-scrollitems=\"0\" data-centeredslides=\"no\" data-rotationangle=\"50\" data-depth=\"100\" data-speed=\"500\" data-shadow=\"no\" data-pagination=\"bullets\"><div class=\"swiper-wrapper awb-image-carousel-wrapper fusion-flex-align-items-flex-start\"><div class=\"swiper-slide\"><div class=\"fusion-carousel-item-wrapper\"><div class=\"fusion-image-wrapper hover-type-zoomin\"><a data-rel=\"iLightbox[image_carousel_1]\" data-title=\"Foto by @AmirKaljikovicPhotography\" aria-label=\"Foto by @AmirKaljikovicPhotography\" href=\"https:\/\/imlauer.com\/hotel-pitter-salzburg\/wp-content\/uploads\/2025\/01\/1_PitterSaal3Segmente_Wedding-scaled-1.jpg\" target=\"_self\"><img decoding=\"async\" width=\"2560\" height=\"1707\" src=\"https:\/\/imlauer.com\/hotel-pitter-salzburg\/wp-content\/uploads\/2025\/01\/1_PitterSaal3Segmente_Wedding-scaled-1.jpg\" class=\"attachment-full size-full\" alt=\"\" srcset=\"https:\/\/imlauer.com\/hotel-pitter-salzburg\/wp-content\/uploads\/2025\/01\/1_PitterSaal3Segmente_Wedding-scaled-1-200x133.jpg 200w, https:\/\/imlauer.com\/hotel-pitter-salzburg\/wp-content\/uploads\/2025\/01\/1_PitterSaal3Segmente_Wedding-scaled-1-400x267.jpg 400w, https:\/\/imlauer.com\/hotel-pitter-salzburg\/wp-content\/uploads\/2025\/01\/1_PitterSaal3Segmente_Wedding-scaled-1-600x400.jpg 600w, https:\/\/imlauer.com\/hotel-pitter-salzburg\/wp-content\/uploads\/2025\/01\/1_PitterSaal3Segmente_Wedding-scaled-1-800x533.jpg 800w, https:\/\/imlauer.com\/hotel-pitter-salzburg\/wp-content\/uploads\/2025\/01\/1_PitterSaal3Segmente_Wedding-scaled-1-1200x800.jpg 1200w, https:\/\/imlauer.com\/hotel-pitter-salzburg\/wp-content\/uploads\/2025\/01\/1_PitterSaal3Segmente_Wedding-scaled-1.jpg 2560w\" sizes=\"(min-width: 2200px) 100vw, (min-width: 1088px) 250px, (min-width: 976px) 312px, (min-width: 864px) 416px, (min-width: 752px) 624px, (min-width: 640px) 752px, \" \/><\/a><\/div><\/div><\/div><div class=\"swiper-slide\"><div class=\"fusion-carousel-item-wrapper\"><div class=\"fusion-image-wrapper hover-type-zoomin\"><a data-rel=\"iLightbox[image_carousel_1]\" data-title=\"Hochzeit_Pittersaal_3-min-scaled\" aria-label=\"Hochzeit_Pittersaal_3-min-scaled\" href=\"https:\/\/imlauer.com\/hotel-pitter-salzburg\/wp-content\/uploads\/2025\/01\/Hochzeit_Pittersaal_3-min-scaled-1.jpg\" target=\"_self\"><img decoding=\"async\" width=\"2560\" height=\"1707\" src=\"https:\/\/imlauer.com\/hotel-pitter-salzburg\/wp-content\/uploads\/2025\/01\/Hochzeit_Pittersaal_3-min-scaled-1.jpg\" class=\"attachment-full size-full\" alt=\"\" srcset=\"https:\/\/imlauer.com\/hotel-pitter-salzburg\/wp-content\/uploads\/2025\/01\/Hochzeit_Pittersaal_3-min-scaled-1-200x133.jpg 200w, https:\/\/imlauer.com\/hotel-pitter-salzburg\/wp-content\/uploads\/2025\/01\/Hochzeit_Pittersaal_3-min-scaled-1-400x267.jpg 400w, https:\/\/imlauer.com\/hotel-pitter-salzburg\/wp-content\/uploads\/2025\/01\/Hochzeit_Pittersaal_3-min-scaled-1-600x400.jpg 600w, https:\/\/imlauer.com\/hotel-pitter-salzburg\/wp-content\/uploads\/2025\/01\/Hochzeit_Pittersaal_3-min-scaled-1-800x533.jpg 800w, https:\/\/imlauer.com\/hotel-pitter-salzburg\/wp-content\/uploads\/2025\/01\/Hochzeit_Pittersaal_3-min-scaled-1-1200x800.jpg 1200w, https:\/\/imlauer.com\/hotel-pitter-salzburg\/wp-content\/uploads\/2025\/01\/Hochzeit_Pittersaal_3-min-scaled-1.jpg 2560w\" sizes=\"(min-width: 2200px) 100vw, (min-width: 1088px) 250px, (min-width: 976px) 312px, (min-width: 864px) 416px, (min-width: 752px) 624px, (min-width: 640px) 752px, \" \/><\/a><\/div><\/div><\/div><div class=\"swiper-slide\"><div class=\"fusion-carousel-item-wrapper\"><div class=\"fusion-image-wrapper hover-type-zoomin\"><a data-rel=\"iLightbox[image_carousel_1]\" data-title=\"Hochzeitssuite-scaled\" aria-label=\"Hochzeitssuite-scaled\" href=\"https:\/\/imlauer.com\/hotel-pitter-salzburg\/wp-content\/uploads\/2025\/01\/Hochzeitssuite-scaled-1.jpg\" target=\"_self\"><img decoding=\"async\" width=\"2560\" height=\"1709\" src=\"https:\/\/imlauer.com\/hotel-pitter-salzburg\/wp-content\/uploads\/2025\/01\/Hochzeitssuite-scaled-1.jpg\" class=\"attachment-full size-full\" alt=\"\" srcset=\"https:\/\/imlauer.com\/hotel-pitter-salzburg\/wp-content\/uploads\/2025\/01\/Hochzeitssuite-scaled-1-200x134.jpg 200w, https:\/\/imlauer.com\/hotel-pitter-salzburg\/wp-content\/uploads\/2025\/01\/Hochzeitssuite-scaled-1-400x267.jpg 400w, https:\/\/imlauer.com\/hotel-pitter-salzburg\/wp-content\/uploads\/2025\/01\/Hochzeitssuite-scaled-1-600x401.jpg 600w, https:\/\/imlauer.com\/hotel-pitter-salzburg\/wp-content\/uploads\/2025\/01\/Hochzeitssuite-scaled-1-800x534.jpg 800w, https:\/\/imlauer.com\/hotel-pitter-salzburg\/wp-content\/uploads\/2025\/01\/Hochzeitssuite-scaled-1-1200x801.jpg 1200w, https:\/\/imlauer.com\/hotel-pitter-salzburg\/wp-content\/uploads\/2025\/01\/Hochzeitssuite-scaled-1.jpg 2560w\" sizes=\"(min-width: 2200px) 100vw, (min-width: 1088px) 250px, (min-width: 976px) 312px, (min-width: 864px) 416px, (min-width: 752px) 624px, (min-width: 640px) 752px, \" \/><\/a><\/div><\/div><\/div><div class=\"swiper-slide\"><div class=\"fusion-carousel-item-wrapper\"><div class=\"fusion-image-wrapper hover-type-zoomin\"><a data-rel=\"iLightbox[image_carousel_1]\" data-caption=\"Das Foto darf ausschlie\u00dflich f\u00fcr PR- und Marketingma\u00dfnahmen der IMLAUER Hotel &amp; Restaurant GmbH - Rainerstra\u00dfe 12 \u2013 14 - A-5020 Salzburg r\u00e4umlich und zeitlich unbegrenzt verwendet werden. Das Copyright verbleibt beim Bildautor G\u00fcnter Standl (www.guenterstandl.de). Jegliche Nutzung Dritter ist mit dem Bildautor gesondert zu vereinbaren.\nDer Bildautor stellt das gelieferte Bildmaterial nicht von Rechten Dritter frei.\nEtwaige Anspr\u00fcche Dritter fallen in den Verantwortungsbereich des Bildnutzers.\" data-title=\"IMLAUER-Sky-Restaurant_Moenchsberg_3-scaled\" aria-label=\"IMLAUER-Sky-Restaurant_Moenchsberg_3-scaled\" href=\"https:\/\/imlauer.com\/hotel-pitter-salzburg\/wp-content\/uploads\/2025\/01\/IMLAUER-Sky-Restaurant_Moenchsberg_3-scaled-1.jpg\" target=\"_self\"><img decoding=\"async\" width=\"2560\" height=\"1707\" src=\"https:\/\/imlauer.com\/hotel-pitter-salzburg\/wp-content\/uploads\/2025\/01\/IMLAUER-Sky-Restaurant_Moenchsberg_3-scaled-1.jpg\" class=\"attachment-full size-full\" alt=\"\" srcset=\"https:\/\/imlauer.com\/hotel-pitter-salzburg\/wp-content\/uploads\/2025\/01\/IMLAUER-Sky-Restaurant_Moenchsberg_3-scaled-1-200x133.jpg 200w, https:\/\/imlauer.com\/hotel-pitter-salzburg\/wp-content\/uploads\/2025\/01\/IMLAUER-Sky-Restaurant_Moenchsberg_3-scaled-1-400x267.jpg 400w, https:\/\/imlauer.com\/hotel-pitter-salzburg\/wp-content\/uploads\/2025\/01\/IMLAUER-Sky-Restaurant_Moenchsberg_3-scaled-1-600x400.jpg 600w, https:\/\/imlauer.com\/hotel-pitter-salzburg\/wp-content\/uploads\/2025\/01\/IMLAUER-Sky-Restaurant_Moenchsberg_3-scaled-1-800x533.jpg 800w, https:\/\/imlauer.com\/hotel-pitter-salzburg\/wp-content\/uploads\/2025\/01\/IMLAUER-Sky-Restaurant_Moenchsberg_3-scaled-1-1200x800.jpg 1200w, https:\/\/imlauer.com\/hotel-pitter-salzburg\/wp-content\/uploads\/2025\/01\/IMLAUER-Sky-Restaurant_Moenchsberg_3-scaled-1.jpg 2560w\" sizes=\"(min-width: 2200px) 100vw, (min-width: 1088px) 250px, (min-width: 976px) 312px, (min-width: 864px) 416px, (min-width: 752px) 624px, (min-width: 640px) 752px, \" \/><\/a><\/div><\/div><\/div><div class=\"swiper-slide\"><div class=\"fusion-carousel-item-wrapper\"><div class=\"fusion-image-wrapper hover-type-zoomin\"><a data-rel=\"iLightbox[image_carousel_1]\" data-title=\"PitterSaal-BankettbestuhlungTanzflaeche\" aria-label=\"PitterSaal-BankettbestuhlungTanzflaeche\" href=\"https:\/\/imlauer.com\/hotel-pitter-salzburg\/wp-content\/uploads\/2025\/01\/PitterSaal-BankettbestuhlungTanzflaeche.jpg\" target=\"_self\"><img decoding=\"async\" width=\"1152\" height=\"768\" src=\"https:\/\/imlauer.com\/hotel-pitter-salzburg\/wp-content\/uploads\/2025\/01\/PitterSaal-BankettbestuhlungTanzflaeche.jpg\" class=\"attachment-full size-full\" alt=\"\" srcset=\"https:\/\/imlauer.com\/hotel-pitter-salzburg\/wp-content\/uploads\/2025\/01\/PitterSaal-BankettbestuhlungTanzflaeche-200x133.jpg 200w, https:\/\/imlauer.com\/hotel-pitter-salzburg\/wp-content\/uploads\/2025\/01\/PitterSaal-BankettbestuhlungTanzflaeche-400x267.jpg 400w, https:\/\/imlauer.com\/hotel-pitter-salzburg\/wp-content\/uploads\/2025\/01\/PitterSaal-BankettbestuhlungTanzflaeche-600x400.jpg 600w, https:\/\/imlauer.com\/hotel-pitter-salzburg\/wp-content\/uploads\/2025\/01\/PitterSaal-BankettbestuhlungTanzflaeche-800x533.jpg 800w, https:\/\/imlauer.com\/hotel-pitter-salzburg\/wp-content\/uploads\/2025\/01\/PitterSaal-BankettbestuhlungTanzflaeche.jpg 1152w\" sizes=\"(min-width: 2200px) 100vw, (min-width: 1088px) 250px, (min-width: 976px) 312px, (min-width: 864px) 416px, (min-width: 752px) 624px, (min-width: 640px) 752px, \" \/><\/a><\/div><\/div><\/div><div class=\"swiper-slide\"><div class=\"fusion-carousel-item-wrapper\"><div class=\"fusion-image-wrapper hover-type-zoomin\"><a data-rel=\"iLightbox[image_carousel_1]\" data-title=\"Plaza-Bar-2-Kopie\" aria-label=\"Plaza-Bar-2-Kopie\" href=\"https:\/\/imlauer.com\/hotel-pitter-salzburg\/wp-content\/uploads\/2025\/01\/Plaza-Bar-2-Kopie.jpg\" target=\"_self\"><img decoding=\"async\" width=\"1000\" height=\"583\" src=\"https:\/\/imlauer.com\/hotel-pitter-salzburg\/wp-content\/uploads\/2025\/01\/Plaza-Bar-2-Kopie.jpg\" class=\"attachment-full size-full\" alt=\"\" srcset=\"https:\/\/imlauer.com\/hotel-pitter-salzburg\/wp-content\/uploads\/2025\/01\/Plaza-Bar-2-Kopie-200x117.jpg 200w, https:\/\/imlauer.com\/hotel-pitter-salzburg\/wp-content\/uploads\/2025\/01\/Plaza-Bar-2-Kopie-400x233.jpg 400w, https:\/\/imlauer.com\/hotel-pitter-salzburg\/wp-content\/uploads\/2025\/01\/Plaza-Bar-2-Kopie-600x350.jpg 600w, https:\/\/imlauer.com\/hotel-pitter-salzburg\/wp-content\/uploads\/2025\/01\/Plaza-Bar-2-Kopie-800x466.jpg 800w, https:\/\/imlauer.com\/hotel-pitter-salzburg\/wp-content\/uploads\/2025\/01\/Plaza-Bar-2-Kopie.jpg 1000w\" sizes=\"(min-width: 2200px) 100vw, (min-width: 1088px) 250px, (min-width: 976px) 312px, (min-width: 864px) 416px, (min-width: 752px) 624px, (min-width: 640px) 752px, \" \/><\/a><\/div><\/div><\/div><div class=\"swiper-slide\"><div class=\"fusion-carousel-item-wrapper\"><div class=\"fusion-image-wrapper hover-type-zoomin\"><a data-rel=\"iLightbox[image_carousel_1]\" data-title=\"Silesterball-Header\" aria-label=\"Silesterball-Header\" href=\"https:\/\/imlauer.com\/hotel-pitter-salzburg\/wp-content\/uploads\/2025\/01\/Silesterball-Header.jpg\" target=\"_self\"><img decoding=\"async\" width=\"1500\" height=\"1000\" src=\"https:\/\/imlauer.com\/hotel-pitter-salzburg\/wp-content\/uploads\/2025\/01\/Silesterball-Header.jpg\" class=\"attachment-full size-full\" alt=\"\" srcset=\"https:\/\/imlauer.com\/hotel-pitter-salzburg\/wp-content\/uploads\/2025\/01\/Silesterball-Header-200x133.jpg 200w, https:\/\/imlauer.com\/hotel-pitter-salzburg\/wp-content\/uploads\/2025\/01\/Silesterball-Header-400x267.jpg 400w, https:\/\/imlauer.com\/hotel-pitter-salzburg\/wp-content\/uploads\/2025\/01\/Silesterball-Header-600x400.jpg 600w, https:\/\/imlauer.com\/hotel-pitter-salzburg\/wp-content\/uploads\/2025\/01\/Silesterball-Header-800x533.jpg 800w, https:\/\/imlauer.com\/hotel-pitter-salzburg\/wp-content\/uploads\/2025\/01\/Silesterball-Header-1200x800.jpg 1200w, https:\/\/imlauer.com\/hotel-pitter-salzburg\/wp-content\/uploads\/2025\/01\/Silesterball-Header.jpg 1500w\" sizes=\"(min-width: 2200px) 100vw, (min-width: 1088px) 250px, (min-width: 976px) 312px, (min-width: 864px) 416px, (min-width: 752px) 624px, (min-width: 640px) 752px, \" \/><\/a><\/div><\/div><\/div><\/div><div class=\"awb-swiper-button awb-swiper-button-prev\"><i class=\"awb-icon-angle-left\" aria-hidden=\"true\"><\/i><\/div><div class=\"awb-swiper-button awb-swiper-button-next\"><i class=\"awb-icon-angle-right\" aria-hidden=\"true\"><\/i><\/div><\/div><\/div><div class=\"fusion-clearfix\"><\/div><\/div><\/div><\/div><\/div><div class=\"fusion-fullwidth fullwidth-box fusion-builder-row-3 fusion-flex-container hundred-percent-fullwidth non-hundred-percent-height-scrolling fusion-no-large-visibility\" style=\"--awb-border-radius-top-left:0px;--awb-border-radius-top-right:0px;--awb-border-radius-bottom-right:0px;--awb-border-radius-bottom-left:0px;--awb-padding-top:4%;--awb-padding-right:6%;--awb-padding-bottom:3%;--awb-padding-left:6%;--awb-background-color:#f7f7f7;--awb-flex-wrap:wrap;\" ><div class=\"fusion-builder-row fusion-row fusion-flex-align-items-flex-start fusion-flex-content-wrap\" style=\"width:calc( 100% + 0px ) !important;max-width:calc( 100% + 0px ) !important;margin-left: calc(-0px \/ 2 );margin-right: calc(-0px \/ 2 );\"><div class=\"fusion-layout-column fusion_builder_column fusion-builder-column-6 fusion_builder_column_1_2 1_2 fusion-flex-column fusion-flex-align-self-stretch fusion-animated\" style=\"--awb-bg-image:url(&#039;https:\/\/imlauer.com\/hotel-pitter-salzburg\/wp-content\/uploads\/sites\/2\/2019\/12\/Hochzeit-IMLAUER-Pitter-Event-Center.jpg&#039;);--awb-bg-position:center center;--awb-bg-size:cover;--awb-width-large:50%;--awb-margin-top-large:0px;--awb-spacing-right-large:0px;--awb-margin-bottom-large:0px;--awb-spacing-left-large:0px;--awb-width-medium:100%;--awb-spacing-right-medium:0px;--awb-spacing-left-medium:0px;--awb-width-small:100%;--awb-spacing-right-small:0px;--awb-spacing-left-small:0px;\" data-animationType=\"fadeInRight\" data-animationDuration=\"0.8\" data-animationOffset=\"top-into-view\"><div class=\"fusion-column-wrapper fusion-column-has-shadow fusion-flex-justify-content-flex-start fusion-content-layout-column fusion-empty-column-bg-image fusion-column-has-bg-image\" data-bg-url=\"https:\/\/imlauer.com\/hotel-pitter-salzburg\/wp-content\/uploads\/sites\/2\/2019\/12\/Hochzeit-IMLAUER-Pitter-Event-Center.jpg\"><img decoding=\"async\" class=\"fusion-empty-dims-img-placeholder fusion-no-large-visibility\" src=\"data:image\/gif;base64,R0lGODlhAQABAAAAACH5BAEKAAEALAAAAAABAAEAAAICTAEAOw==\"><\/div><\/div><div class=\"fusion-layout-column fusion_builder_column fusion-builder-column-7 fusion_builder_column_1_2 1_2 fusion-flex-column fusion-animated\" style=\"--awb-padding-top:11%;--awb-padding-right:0%;--awb-padding-bottom:11%;--awb-padding-left:0%;--awb-bg-color:#ffffff;--awb-bg-color-hover:#ffffff;--awb-bg-size:cover;--awb-width-large:50%;--awb-margin-top-large:0px;--awb-spacing-right-large:0px;--awb-margin-bottom-large:0px;--awb-spacing-left-large:0px;--awb-width-medium:100%;--awb-order-medium:0;--awb-spacing-right-medium:0px;--awb-spacing-left-medium:0px;--awb-width-small:100%;--awb-order-small:0;--awb-spacing-right-small:0px;--awb-spacing-left-small:0px;\" data-animationType=\"fadeInLeft\" data-animationDuration=\"0.8\" data-animationOffset=\"top-into-view\"><div class=\"fusion-column-wrapper fusion-column-has-shadow fusion-flex-justify-content-center fusion-content-layout-column\"><div class=\"fusion-text fusion-text-6\"><p style=\"letter-spacing: 4px; font-size: 13px; margin-bottom: 0px; text-transform: uppercase; text-align: center;\">LOVE IS IN THE AIR<\/p>\n<h2 style=\"text-align: center; font-size: 20px;\">IHR TAG. IHRE TRAUMHOCHZEIT<\/h2>\n<\/div><div class=\"fusion-text fusion-text-7\"><p style=\"text-align: center;\">Klassisch-sch\u00f6n im edlen Anzug und wei\u00dfen Hochzeitskleid. Modern-traditionell im feschen Trachtenanzug und vertr\u00e4umten Brautdirndl. Egal, wie Sie Ihren gro\u00dfen Tag verbringen: Im IMLAUER Hotel Pitter Salzburg finden Sie den <strong>perfekten Rahmen f\u00fcr Ihre Traumhochzeit<\/strong>. Nur einen romantischen Spaziergang vom weltber\u00fchmten <strong>Standesamt Schloss Mirabell<\/strong> entfernt, mit seinem herrlich-pittoresken Mirabellgarten als wundersch\u00f6ne Foto-Location.<\/p>\n<p style=\"text-align: center;\">Lassen Sie sich und Ihre Hochzeitsgesellschaft von unserem herzlichen Serviceteam so richtig verw\u00f6hnen. Ob im einmaligen <strong>Pitter Event Center <\/strong>mit seinem Herzst\u00fcck dem<strong> Pitter Saal<\/strong>, dem <strong>urigen PitterKeller<\/strong>, umgeben vom historischen Charme vergangener Tage, oder oben im <strong>eleganten Panoramarestaurant IMLAUER Sky<\/strong>, Auge in Auge mit der Festung Hohensalzburg. Sie entscheiden. Es ist Ihr Tag.<\/p>\n<\/div><div class=\"fusion-separator fusion-full-width-sep\" style=\"align-self: center;margin-left: auto;margin-right: auto;margin-top:30px;width:100%;\"><\/div><div class=\"fusion-text fusion-text-8\" style=\"--awb-text-transform:none;\"><h2 style=\"text-align: center;\"><strong>In unserem Hochzeitspaket \u201eDiamant\u201c f\u00fcr \u20ac 169,- pro Person sind folgende Leistungen f\u00fcr Sie inkludiert:<\/strong><\/h2>\n<\/div><div class=\"accordian fusion-accordian\" style=\"--awb-border-size:1px;--awb-icon-size:13px;--awb-content-font-size:18px;--awb-icon-alignment:left;--awb-hover-color:#f9f9f9;--awb-border-color:#cccccc;--awb-background-color:#ffffff;--awb-divider-color:#e0dede;--awb-divider-hover-color:#e0dede;--awb-icon-color:#ffffff;--awb-title-color:#008ab4;--awb-content-color:#747474;--awb-icon-box-color:#af9754;--awb-toggle-hover-accent-color:#af9754;--awb-title-font-family:&quot;Bitter&quot;;--awb-title-font-weight:400;--awb-title-font-style:normal;--awb-content-font-family:&quot;Source Sans Pro&quot;;--awb-content-font-style:normal;--awb-content-font-weight:400;\" id=\"hochzeit\"><div class=\"panel-group fusion-toggle-icon-boxed\" id=\"accordion-37242-2\"><div class=\"fusion-panel panel-default panel-0d1336f7a1da6bac1 fusion-toggle-no-divider fusion-toggle-boxed-mode\" style=\"--awb-title-color:#008ab4;--awb-content-color:#747474;\"><div class=\"panel-heading\"><h4 class=\"panel-title toggle\" id=\"toggle_0d1336f7a1da6bac1\"><a aria-expanded=\"false\" aria-controls=\"0d1336f7a1da6bac1\" role=\"button\" data-toggle=\"collapse\" data-parent=\"#accordion-37242-2\" data-target=\"#0d1336f7a1da6bac1\" href=\"#0d1336f7a1da6bac1\"><span class=\"fusion-toggle-icon-wrapper\" aria-hidden=\"true\"><i class=\"fa-fusion-box active-icon awb-icon-minus\" aria-hidden=\"true\"><\/i><i class=\"fa-fusion-box inactive-icon awb-icon-plus\" aria-hidden=\"true\"><\/i><\/span><span class=\"fusion-toggle-heading\">Saalmiete &amp; Organisation<\/span><\/a><\/h4><\/div><div id=\"0d1336f7a1da6bac1\" class=\"panel-collapse collapse \" aria-labelledby=\"toggle_0d1336f7a1da6bac1\"><div class=\"panel-body toggle-content fusion-clearfix\">\n<ul style=\"--awb-size:17px;--awb-iconcolor:#cbaa5c;--awb-line-height:28.9px;--awb-icon-width:28.9px;--awb-icon-height:28.9px;--awb-icon-margin:11.9px;--awb-content-margin:40.8px;\" class=\"fusion-checklist fusion-checklist-6 fusion-checklist-default type-icons\"><li class=\"fusion-li-item\" style=\"\"><span class=\"icon-wrapper circle-no\"><i class=\"fusion-li-icon fa-heart fas\" aria-hidden=\"true\"><\/i><\/span><div class=\"fusion-li-item-content\">\n<p>Pers\u00f6nliche Hausf\u00fchrung<\/p>\n<\/div><\/li><li class=\"fusion-li-item\" style=\"\"><span class=\"icon-wrapper circle-no\"><i class=\"fusion-li-icon fa-heart fas\" aria-hidden=\"true\"><\/i><\/span><div class=\"fusion-li-item-content\">\n<p>Pitter-Wedding-Planer: verl\u00e4sslicher &amp; professioneller Partner<\/p>\n<\/div><\/li><li class=\"fusion-li-item\" style=\"\"><span class=\"icon-wrapper circle-no\"><i class=\"fusion-li-icon fa-heart fas\" aria-hidden=\"true\"><\/i><\/span><div class=\"fusion-li-item-content\">\n<p>Ein Probe-Essen der gew\u00e4hlten Speisen f\u00fcr das Brautpaar <em>(ab 60 G\u00e4sten)<\/em><\/p>\n<\/div><\/li><li class=\"fusion-li-item\" style=\"\"><span class=\"icon-wrapper circle-no\"><i class=\"fusion-li-icon fa-heart fas\" aria-hidden=\"true\"><\/i><\/span><div class=\"fusion-li-item-content\">\n<p>Bereitstellung &amp; Aufbau Ihres Hochzeitssaales (ab 4 Stunden vor Hochzeitsbeginn)<\/p>\n<\/div><\/li><li class=\"fusion-li-item\" style=\"\"><span class=\"icon-wrapper circle-no\"><i class=\"fusion-li-icon fa-heart fas\" aria-hidden=\"true\"><\/i><\/span><div class=\"fusion-li-item-content\">\n<p>Servicemitarbeiterkosten w\u00e4hrend Ihrer Hochzeitsfeier <em>bis 00:00 Uhr<\/em><\/p>\n<\/div><\/li><\/ul>\n<\/div><\/div><\/div><div class=\"fusion-panel panel-default panel-938e44ea0125a9c18 fusion-toggle-no-divider fusion-toggle-boxed-mode\"><div class=\"panel-heading\"><h4 class=\"panel-title toggle\" id=\"toggle_938e44ea0125a9c18\"><a aria-expanded=\"false\" aria-controls=\"938e44ea0125a9c18\" role=\"button\" data-toggle=\"collapse\" data-parent=\"#accordion-37242-2\" data-target=\"#938e44ea0125a9c18\" href=\"#938e44ea0125a9c18\"><span class=\"fusion-toggle-icon-wrapper\" aria-hidden=\"true\"><i class=\"fa-fusion-box active-icon awb-icon-minus\" aria-hidden=\"true\"><\/i><i class=\"fa-fusion-box inactive-icon awb-icon-plus\" aria-hidden=\"true\"><\/i><\/span><span class=\"fusion-toggle-heading\">Ausstattung und Dekoration<\/span><\/a><\/h4><\/div><div id=\"938e44ea0125a9c18\" class=\"panel-collapse collapse \" aria-labelledby=\"toggle_938e44ea0125a9c18\"><div class=\"panel-body toggle-content fusion-clearfix\">\n<ul style=\"--awb-size:17px;--awb-iconcolor:#cbaa5c;--awb-line-height:28.9px;--awb-icon-width:28.9px;--awb-icon-height:28.9px;--awb-icon-margin:11.9px;--awb-content-margin:40.8px;\" class=\"fusion-checklist fusion-checklist-7 fusion-checklist-default type-icons\"><li class=\"fusion-li-item\" style=\"\"><span class=\"icon-wrapper circle-no\"><i class=\"fusion-li-icon fa-heart fas\" aria-hidden=\"true\"><\/i><\/span><div class=\"fusion-li-item-content\">\n<p>festlich gedeckte runde Tische, <em>Stehtische im Foyer<\/em><\/p>\n<\/div><\/li><li class=\"fusion-li-item\" style=\"\"><span class=\"icon-wrapper circle-no\"><i class=\"fusion-li-icon fa-heart fas\" aria-hidden=\"true\"><\/i><\/span><div class=\"fusion-li-item-content\">\n<p>dezenter Tischschmuck<\/p>\n<\/div><\/li><li class=\"fusion-li-item\" style=\"\"><span class=\"icon-wrapper circle-no\"><i class=\"fusion-li-icon fa-heart fas\" aria-hidden=\"true\"><\/i><\/span><div class=\"fusion-li-item-content\">\n<p>Men\u00fckarten, Tischplan (inkl. gew\u00fcnschtem Schriftzug und in Farbe bedruckt)<\/p>\n<\/div><\/li><li class=\"fusion-li-item\" style=\"\"><span class=\"icon-wrapper circle-no\"><i class=\"fusion-li-icon fa-heart fas\" aria-hidden=\"true\"><\/i><\/span><div class=\"fusion-li-item-content\">\n<p>B\u00fchne im Saal je nach Ablauf m\u00f6glich<\/p>\n<\/div><\/li><li class=\"fusion-li-item\" style=\"\"><span class=\"icon-wrapper circle-no\"><i class=\"fusion-li-icon fa-heart fas\" aria-hidden=\"true\"><\/i><\/span><div class=\"fusion-li-item-content\">\n<p>Technik: Tonanlage, 1 Handmikrofon, Hintergrundmusik, Beamer &amp; Leinwand, Ambiente-Beleuchtung<\/p>\n<\/div><\/li><li class=\"fusion-li-item\" style=\"\"><span class=\"icon-wrapper circle-no\"><i class=\"fusion-li-icon fa-heart fas\" aria-hidden=\"true\"><\/i><\/span><div class=\"fusion-li-item-content\">\n<p>Elegante, wei\u00dfe Stuhl-Hussen<\/p>\n<\/div><\/li><\/ul>\n<\/div><\/div><\/div><div class=\"fusion-panel panel-default panel-cbd5d3f38a1756c63 fusion-toggle-no-divider fusion-toggle-boxed-mode\"><div class=\"panel-heading\"><h4 class=\"panel-title toggle\" id=\"toggle_cbd5d3f38a1756c63\"><a aria-expanded=\"false\" aria-controls=\"cbd5d3f38a1756c63\" role=\"button\" data-toggle=\"collapse\" data-parent=\"#accordion-37242-2\" data-target=\"#cbd5d3f38a1756c63\" href=\"#cbd5d3f38a1756c63\"><span class=\"fusion-toggle-icon-wrapper\" aria-hidden=\"true\"><i class=\"fa-fusion-box active-icon awb-icon-minus\" aria-hidden=\"true\"><\/i><i class=\"fa-fusion-box inactive-icon awb-icon-plus\" aria-hidden=\"true\"><\/i><\/span><span class=\"fusion-toggle-heading\">Zimmer<\/span><\/a><\/h4><\/div><div id=\"cbd5d3f38a1756c63\" class=\"panel-collapse collapse \" aria-labelledby=\"toggle_cbd5d3f38a1756c63\"><div class=\"panel-body toggle-content fusion-clearfix\">\n<ul style=\"--awb-size:17px;--awb-iconcolor:#cbaa5c;--awb-line-height:28.9px;--awb-icon-width:28.9px;--awb-icon-height:28.9px;--awb-icon-margin:11.9px;--awb-content-margin:40.8px;\" class=\"fusion-checklist fusion-checklist-8 fusion-checklist-default type-icons\"><li class=\"fusion-li-item\" style=\"\"><span class=\"icon-wrapper circle-no\"><i class=\"fusion-li-icon fa-heart fas\" aria-hidden=\"true\"><\/i><\/span><div class=\"fusion-li-item-content\">\n<p>Hochzeitssuite f\u00fcr das Brautpaar <em>(ab 50 G\u00e4sten) <\/em> Fr\u00fchst\u00fcck, 1 Flasche Sekt<\/p>\n<\/div><\/li><li class=\"fusion-li-item\" style=\"\"><span class=\"icon-wrapper circle-no\"><i class=\"fusion-li-icon fa-heart fas\" aria-hidden=\"true\"><\/i><\/span><div class=\"fusion-li-item-content\">\n<p>Zimmerkontingent f\u00fcr die Hochzeitsg\u00e4ste gerne auf Anfrage zum Spezialpreis buchbar<\/p>\n<\/div><\/li><\/ul>\n<\/div><\/div><\/div><div class=\"fusion-panel panel-default panel-7c18cb215d33a56d0 fusion-toggle-no-divider fusion-toggle-boxed-mode\"><div class=\"panel-heading\"><h4 class=\"panel-title toggle\" id=\"toggle_7c18cb215d33a56d0\"><a aria-expanded=\"false\" aria-controls=\"7c18cb215d33a56d0\" role=\"button\" data-toggle=\"collapse\" data-parent=\"#accordion-37242-2\" data-target=\"#7c18cb215d33a56d0\" href=\"#7c18cb215d33a56d0\"><span class=\"fusion-toggle-icon-wrapper\" aria-hidden=\"true\"><i class=\"fa-fusion-box active-icon awb-icon-minus\" aria-hidden=\"true\"><\/i><i class=\"fa-fusion-box inactive-icon awb-icon-plus\" aria-hidden=\"true\"><\/i><\/span><span class=\"fusion-toggle-heading\">Kulinarik und Getr\u00e4nke<\/span><\/a><\/h4><\/div><div id=\"7c18cb215d33a56d0\" class=\"panel-collapse collapse \" aria-labelledby=\"toggle_7c18cb215d33a56d0\"><div class=\"panel-body toggle-content fusion-clearfix\">\n<ul style=\"--awb-size:17px;--awb-iconcolor:#cbaa5c;--awb-line-height:28.9px;--awb-icon-width:28.9px;--awb-icon-height:28.9px;--awb-icon-margin:11.9px;--awb-content-margin:40.8px;\" class=\"fusion-checklist fusion-checklist-9 fusion-checklist-default type-icons\"><li class=\"fusion-li-item\" style=\"\"><span class=\"icon-wrapper circle-no\"><i class=\"fusion-li-icon fa-heart fas\" aria-hidden=\"true\"><\/i><\/span><div class=\"fusion-li-item-content\">\n<p>1-st\u00fcndiger Sektempfang im PitterGarten oder Foyer inklusive unlimitiert IMLAUER Cuv\u00e9e Sekt und Sekt Orange, IMLAUER Royal, Saisonaler Aperitif-Cocktail, Stiegl Bier und alkoholfreier Getr\u00e4nke<\/p>\n<\/div><\/li><li class=\"fusion-li-item\" style=\"\"><span class=\"icon-wrapper circle-no\"><i class=\"fusion-li-icon fa-heart fas\" aria-hidden=\"true\"><\/i><\/span><div class=\"fusion-li-item-content\">\n<p>sowie 3 St\u00fcck exquisit belegte Canap\u00e9es (pro Person)<\/p>\n<\/div><\/li><li class=\"fusion-li-item\" style=\"\"><span class=\"icon-wrapper circle-no\"><i class=\"fusion-li-icon fa-heart fas\" aria-hidden=\"true\"><\/i><\/span><div class=\"fusion-li-item-content\">\n<p>4-Gang-Hochzeitsmen\u00fc oder \u2013buffet (verschiedene M\u00f6glichkeiten zur Wahl)<\/p>\n<\/div><\/li><li class=\"fusion-li-item\" style=\"\"><span class=\"icon-wrapper circle-no\"><i class=\"fusion-li-icon fa-heart fas\" aria-hidden=\"true\"><\/i><\/span><div class=\"fusion-li-item-content\">\n<p>Getr\u00e4nkepauschale f\u00fcr 6 Stunden unlimitiert: Gr\u00fcner Veltliner \u201eSelection IMLAUER\u201c Weingut Rainer Wess (Krems), Zweigelt \u201eSelection IMLAUER\u201c Weingut Gerald Tschida (Apetlon), IMLAUER Cuv\u00e9e Sekt, Stiegl Bier, alkoholfreie Getr\u00e4nke, sowie Kaffee &amp; Tee<\/p>\n<\/div><\/li><li class=\"fusion-li-item\" style=\"\"><span class=\"icon-wrapper circle-no\"><i class=\"fusion-li-icon fa-heart fas\" aria-hidden=\"true\"><\/i><\/span><div class=\"fusion-li-item-content\">\n<p>Mitternachtssnack: Gulaschsuppe und Geb\u00e4ck<\/p>\n<\/div><\/li><li class=\"fusion-li-item\" style=\"\"><span class=\"icon-wrapper circle-no\"><i class=\"fusion-li-icon fa-heart fas\" aria-hidden=\"true\"><\/i><\/span><div class=\"fusion-li-item-content\">\n<p>Kindergerichte und -getr\u00e4nke<\/p>\n<\/div><\/li><li class=\"fusion-li-item\" style=\"\"><span class=\"icon-wrapper circle-no\"><i class=\"fusion-li-icon fa-heart fas\" aria-hidden=\"true\"><\/i><\/span><div class=\"fusion-li-item-content\">\n<p>Hochzeitstorte, ganz nach Ihrem Geschmack und Dekorationswunsch<\/p>\n<\/div><\/li><\/ul>\n<\/div><\/div><\/div><div class=\"fusion-panel panel-default panel-8c2911e931593e21b fusion-toggle-no-divider fusion-toggle-boxed-mode\"><div class=\"panel-heading\"><h4 class=\"panel-title toggle\" id=\"toggle_8c2911e931593e21b\"><a aria-expanded=\"false\" aria-controls=\"8c2911e931593e21b\" role=\"button\" data-toggle=\"collapse\" data-parent=\"#accordion-37242-2\" data-target=\"#8c2911e931593e21b\" href=\"#8c2911e931593e21b\"><span class=\"fusion-toggle-icon-wrapper\" aria-hidden=\"true\"><i class=\"fa-fusion-box active-icon awb-icon-minus\" aria-hidden=\"true\"><\/i><i class=\"fa-fusion-box inactive-icon awb-icon-plus\" aria-hidden=\"true\"><\/i><\/span><span class=\"fusion-toggle-heading\">Erweiterungen<\/span><\/a><\/h4><\/div><div id=\"8c2911e931593e21b\" class=\"panel-collapse collapse \" aria-labelledby=\"toggle_8c2911e931593e21b\"><div class=\"panel-body toggle-content fusion-clearfix\">\n<ul style=\"--awb-size:17px;--awb-iconcolor:#cbaa5c;--awb-line-height:28.9px;--awb-icon-width:28.9px;--awb-icon-height:28.9px;--awb-icon-margin:11.9px;--awb-content-margin:40.8px;\" class=\"fusion-checklist fusion-checklist-10 fusion-checklist-default type-icons\"><\/ul><li class=\"fusion-li-item\" style=\"\"><span class=\"icon-wrapper circle-no\"><i class=\"fusion-li-icon fa-spa fas\" aria-hidden=\"true\"><\/i><\/span><div class=\"fusion-li-item-content\">\n<p>Blumenschmuck: Gerne k\u00f6nnen Sie Ihren eigenen Blumenschmuck mitbringen. Wir empfehlen Ihnen unsere Floristin, Frau Sandra Merhaut von der Bindestelle Meisterfloristik (<a href=\"http:\/\/www.bindestelle.com\" target=\"_blank\" rel=\"noopener\">bindestelle.com<\/a>), <a href=\"mailto:info@bindestelle.com\">info@bindestelle.com<\/a>, Tel: <a href=\"tel:+43662889780\">+43 (662) 88 97 8 810<\/a><\/p>\n<\/div><\/li><li class=\"fusion-li-item\" style=\"\"><span class=\"icon-wrapper circle-no\"><i class=\"fusion-li-icon fa-headphones-alt fas\" aria-hidden=\"true\"><\/i><\/span><div class=\"fusion-li-item-content\">\n<p>Musik (Live-Band\/DJ): Gerne geben wir Empfehlungen<\/p>\n<\/div><\/li><li class=\"fusion-li-item\" style=\"\"><span class=\"icon-wrapper circle-no\"><i class=\"fusion-li-icon fa-cocktail fas\" aria-hidden=\"true\"><\/i><\/span><div class=\"fusion-li-item-content\">\n<p>Privat-Bar: Party ab 23.00 Uhr in der Plaza Bar auf Anfrage inkl. Tonanlage &amp; Laptop f\u00fcr Ihre Hintergrundmusik<\/p>\n<\/div><\/li><li class=\"fusion-li-item\" style=\"\"><span class=\"icon-wrapper circle-no\"><i class=\"fusion-li-icon fa-wine-bottle fas\" aria-hidden=\"true\"><\/i><\/span><div class=\"fusion-li-item-content\">\n<p>Dekorationsm\u00f6glichkeit <strong>nach Verf\u00fcgbarkeit<\/strong> am Vorabend<\/p>\n<\/div><\/li><li class=\"fusion-li-item\" style=\"\"><span class=\"icon-wrapper circle-no\"><i class=\"fusion-li-icon fa-car fas\" aria-hidden=\"true\"><\/i><\/span><div class=\"fusion-li-item-content\">\n<p>Parkm\u00f6glichkeiten: Mirabell-Congress-Garage \u20ac 20,00 \/ 24 Stunden<\/p>\n<\/div><\/li><li class=\"fusion-li-item\" style=\"\"><span class=\"icon-wrapper circle-no\"><i class=\"fusion-li-icon fa-tshirt fas\" aria-hidden=\"true\"><\/i><\/span><div class=\"fusion-li-item-content\">\n<p>Garderobiere zu \u20ac 32,00 pro Stunde, ab Mitternacht \u20ac 45,00 pro Stunde<\/p>\n<\/div><\/li><li class=\"fusion-li-item\" style=\"\"><span class=\"icon-wrapper circle-no\"><i class=\"fusion-li-icon fa-ice-cream fas\" aria-hidden=\"true\"><\/i><\/span><div class=\"fusion-li-item-content\"><\/div><\/li>\n<\/div><\/div><\/div><\/div><\/div><div class=\"fusion-separator fusion-full-width-sep\" style=\"align-self: center;margin-left: auto;margin-right: auto;margin-top:30px;width:100%;\"><\/div><\/div><\/div><div class=\"fusion-layout-column fusion_builder_column fusion-builder-column-8 fusion_builder_column_1_2 1_2 fusion-flex-column fusion-animated\" style=\"--awb-bg-image:url(&#039;https:\/\/imlauer.com\/hotel-pitter-salzburg\/wp-content\/uploads\/sites\/2\/2019\/09\/Auersperg-Bankettbestuhlung.jpg&#039;);--awb-bg-position:center center;--awb-bg-size:cover;--awb-width-large:50%;--awb-margin-top-large:0px;--awb-spacing-right-large:0px;--awb-margin-bottom-large:0px;--awb-spacing-left-large:0px;--awb-width-medium:100%;--awb-spacing-right-medium:0px;--awb-spacing-left-medium:0px;--awb-width-small:100%;--awb-spacing-right-small:0px;--awb-spacing-left-small:0px;\" data-animationType=\"fadeInRight\" data-animationDuration=\"0.8\" data-animationOffset=\"top-into-view\"><div class=\"fusion-column-wrapper fusion-column-has-shadow fusion-flex-justify-content-flex-start fusion-content-layout-column fusion-empty-column-bg-image fusion-column-has-bg-image\" data-bg-url=\"https:\/\/imlauer.com\/hotel-pitter-salzburg\/wp-content\/uploads\/sites\/2\/2019\/09\/Auersperg-Bankettbestuhlung.jpg\"><img decoding=\"async\" class=\"fusion-empty-dims-img-placeholder fusion-no-large-visibility\" src=\"data:image\/gif;base64,R0lGODlhAQABAAAAACH5BAEKAAEALAAAAAABAAEAAAICTAEAOw==\"><\/div><\/div><div class=\"fusion-layout-column fusion_builder_column fusion-builder-column-9 fusion_builder_column_1_2 1_2 fusion-flex-column fusion-animated\" style=\"--awb-padding-top:11%;--awb-padding-right:11%;--awb-padding-bottom:11%;--awb-padding-left:11%;--awb-bg-color:#ffffff;--awb-bg-color-hover:#ffffff;--awb-bg-size:cover;--awb-width-large:50%;--awb-margin-top-large:0px;--awb-spacing-right-large:0px;--awb-margin-bottom-large:0px;--awb-spacing-left-large:0px;--awb-width-medium:100%;--awb-spacing-right-medium:0px;--awb-spacing-left-medium:0px;--awb-width-small:100%;--awb-spacing-right-small:0px;--awb-spacing-left-small:0px;\" data-animationType=\"fadeInLeft\" data-animationDuration=\"0.8\" data-animationOffset=\"top-into-view\"><div class=\"fusion-column-wrapper fusion-column-has-shadow fusion-flex-justify-content-center fusion-content-layout-column\"><div class=\"fusion-text fusion-text-9\"><p style=\"letter-spacing: 4px; font-size: 13px; margin-bottom: 0px; text-transform: uppercase; text-align: center;\">F\u00dcR IHREN UNVERGESSLICHEN ABEND<\/p>\n<h2 style=\"text-align: center; font-size: 20px;\">IT\u00b4S PARTY TIME!<\/h2>\n<\/div><div class=\"fusion-text fusion-text-10\"><p style=\"text-align: center;\">Was w\u00e4re das Leben ohne Feste? Jene unvergesslichen Tage und Abende, an denen die Lieben zusammenkommen. Um einen<strong> Geburtstag<\/strong> zu begehen oder einfach nur, um das Leben zu feiern. Im IMLAUER Hotel Pitter Salzburg finden Sie den perfekten Rahmen f\u00fcr Ihren <strong>privaten Event.<\/strong><\/p>\n<p style=\"text-align: center;\">Das Credo unseres Teams, \u201e<strong>Freude am Service<\/strong>\u201d, ist immer und \u00fcberall sp\u00fcrbar \u2013 vom K\u00fcchen- bis zum Serviceteam. Schlie\u00dflich soll dieser Abend f\u00fcr Sie etwas ganz Besonderes werden. Ganz besonders festlich. Ganz besonders herzlich. Ganz besonders sch\u00f6n.<\/p>\n<p style=\"text-align: center;\">Lehnen Sie sich entspannt zur\u00fcck und lassen Sie uns die Vorbereitungen \u00fcbernehmen. Auch w\u00e4hrend Ihrer Feier <strong>organisieren wir alles f\u00fcr Sie<\/strong> und halten Ihnen den R\u00fccken frei. Damit Sie nur noch eines tun m\u00fcssen: den Abend so richtig zu genie\u00dfen.<\/p>\n<p style=\"text-align: center;\">Die Matura ist geschafft und jetzt ist Feiern angesagt! Wir bereiten Ihnen einen kr\u00f6nenden Abschluss mit unseren <a href=\"https:\/\/imlauer.com\/hotel-pitter-salzburg\/maturafeier\/\" target=\"_blank\" rel=\"noopener\"><strong>Packages f\u00fcr Maturafeiern<\/strong><\/a>.<\/p>\n<\/div><\/div><\/div><\/div><\/div><div class=\"fusion-fullwidth fullwidth-box fusion-builder-row-4 fusion-flex-container nonhundred-percent-fullwidth non-hundred-percent-height-scrolling fusion-no-small-visibility fusion-no-medium-visibility\" style=\"--awb-border-radius-top-left:0px;--awb-border-radius-top-right:0px;--awb-border-radius-bottom-right:0px;--awb-border-radius-bottom-left:0px;--awb-flex-wrap:wrap;\" ><div class=\"fusion-builder-row fusion-row fusion-flex-align-items-flex-start fusion-flex-content-wrap\" style=\"max-width:calc( 1300px + 0px );margin-left: calc(-0px \/ 2 );margin-right: calc(-0px \/ 2 );\"><div class=\"fusion-layout-column fusion_builder_column fusion-builder-column-10 fusion_builder_column_1_4 1_4 fusion-flex-column\" style=\"--awb-bg-size:cover;--awb-width-large:25%;--awb-margin-top-large:80px;--awb-spacing-right-large:0px;--awb-margin-bottom-large:20px;--awb-spacing-left-large:0px;--awb-width-medium:100%;--awb-order-medium:0;--awb-spacing-right-medium:0px;--awb-spacing-left-medium:0px;--awb-width-small:100%;--awb-order-small:0;--awb-spacing-right-small:0px;--awb-spacing-left-small:0px;\" data-scroll-devices=\"small-visibility,medium-visibility,large-visibility\"><div class=\"fusion-column-wrapper fusion-column-has-shadow fusion-flex-justify-content-flex-start fusion-content-layout-column\"><div class=\"fusion-image-element \" style=\"text-align:right;--awb-caption-title-font-family:var(--h2_typography-font-family);--awb-caption-title-font-weight:var(--h2_typography-font-weight);--awb-caption-title-font-style:var(--h2_typography-font-style);--awb-caption-title-size:var(--h2_typography-font-size);--awb-caption-title-transform:var(--h2_typography-text-transform);--awb-caption-title-line-height:var(--h2_typography-line-height);--awb-caption-title-letter-spacing:var(--h2_typography-letter-spacing);\"><span class=\" fusion-imageframe imageframe-none imageframe-3 hover-type-none\"><img decoding=\"async\" width=\"120\" height=\"119\" title=\"Glaeser-duenn\" src=\"https:\/\/imlauer.com\/hotel-pitter-salzburg\/wp-content\/uploads\/2025\/01\/Glaeser-duenn.png\" alt class=\"img-responsive wp-image-38664\" srcset=\"https:\/\/imlauer.com\/hotel-pitter-salzburg\/wp-content\/uploads\/2025\/01\/Glaeser-duenn-66x66.png 66w, https:\/\/imlauer.com\/hotel-pitter-salzburg\/wp-content\/uploads\/2025\/01\/Glaeser-duenn.png 120w\" sizes=\"(max-width: 120px) 100vw, 120px\" \/><\/span><\/div><\/div><\/div><div class=\"fusion-layout-column fusion_builder_column fusion-builder-column-11 fusion_builder_column_1_2 1_2 fusion-flex-column fusion-animated\" style=\"--awb-padding-top:11%;--awb-padding-right:11%;--awb-padding-bottom:11%;--awb-padding-left:11%;--awb-bg-color:#ffffff;--awb-bg-color-hover:#ffffff;--awb-bg-size:cover;--awb-width-large:50%;--awb-margin-top-large:0px;--awb-spacing-right-large:0px;--awb-margin-bottom-large:0px;--awb-spacing-left-large:0px;--awb-width-medium:100%;--awb-spacing-right-medium:0px;--awb-spacing-left-medium:0px;--awb-width-small:100%;--awb-spacing-right-small:0px;--awb-spacing-left-small:0px;\" data-animationType=\"fadeInLeft\" data-animationDuration=\"0.8\" data-animationOffset=\"top-into-view\"><div class=\"fusion-column-wrapper fusion-column-has-shadow fusion-flex-justify-content-center fusion-content-layout-column\"><div class=\"fusion-text fusion-text-11\"><p style=\"letter-spacing: 4px; font-size: 13px; margin-bottom: 0px; text-transform: uppercase; text-align: center;\">F\u00dcR IHREN UNVERGESSLICHEN ABEND<\/p>\n<h2 style=\"text-align: center; font-size: 20px;\">IT\u00b4S PARTY TIME!<\/h2>\n<\/div><div class=\"fusion-text fusion-text-12\"><p style=\"text-align: center;\">Was w\u00e4re das Leben ohne Feste? Jene unvergesslichen Tage und Abende, an denen die Lieben zusammenkommen. Um einen<strong> Geburtstag<\/strong> zu begehen oder einfach nur, um das Leben zu feiern. Im IMLAUER Hotel Pitter Salzburg finden Sie den perfekten Rahmen f\u00fcr Ihren <strong>privaten Event.<\/strong><\/p>\n<p style=\"text-align: center;\">Das Credo unseres Teams, \u201e<strong>Freude am Service<\/strong>\u201d, ist immer und \u00fcberall sp\u00fcrbar \u2013 vom K\u00fcchen- bis zum Serviceteam. Schlie\u00dflich soll dieser Abend f\u00fcr Sie etwas ganz Besonderes werden. Ganz besonders festlich. Ganz besonders herzlich. Ganz besonders sch\u00f6n.<\/p>\n<p style=\"text-align: center;\">Lehnen Sie sich entspannt zur\u00fcck und lassen Sie uns die Vorbereitungen \u00fcbernehmen. Auch w\u00e4hrend Ihrer Feier <strong>organisieren wir alles f\u00fcr Sie<\/strong> und halten Ihnen den R\u00fccken frei. Damit Sie nur noch eines tun m\u00fcssen: den Abend so richtig zu genie\u00dfen.<\/p>\n<p style=\"text-align: center;\">Die Matura ist geschafft und jetzt ist Feiern angesagt! Wir bereiten Ihnen einen kr\u00f6nenden Abschluss mit unseren <a href=\"https:\/\/imlauer.com\/hotel-pitter-salzburg\/maturafeier\/\" target=\"_blank\" rel=\"noopener\"><strong>Packages f\u00fcr Maturafeiern<\/strong><\/a>.<\/p>\n<\/div><\/div><\/div><div class=\"fusion-layout-column fusion_builder_column fusion-builder-column-12 fusion_builder_column_1_4 1_4 fusion-flex-column\" style=\"--awb-bg-size:cover;--awb-width-large:25%;--awb-margin-top-large:80px;--awb-spacing-right-large:0px;--awb-margin-bottom-large:20px;--awb-spacing-left-large:0px;--awb-width-medium:100%;--awb-order-medium:0;--awb-spacing-right-medium:0px;--awb-spacing-left-medium:0px;--awb-width-small:100%;--awb-order-small:0;--awb-spacing-right-small:0px;--awb-spacing-left-small:0px;\" data-scroll-devices=\"small-visibility,medium-visibility,large-visibility\"><div class=\"fusion-column-wrapper fusion-column-has-shadow fusion-flex-justify-content-flex-start fusion-content-layout-column\"><div class=\"fusion-image-element \" style=\"text-align:left;--awb-caption-title-font-family:var(--h2_typography-font-family);--awb-caption-title-font-weight:var(--h2_typography-font-weight);--awb-caption-title-font-style:var(--h2_typography-font-style);--awb-caption-title-size:var(--h2_typography-font-size);--awb-caption-title-transform:var(--h2_typography-text-transform);--awb-caption-title-line-height:var(--h2_typography-line-height);--awb-caption-title-letter-spacing:var(--h2_typography-letter-spacing);\"><span class=\" fusion-imageframe imageframe-none imageframe-4 hover-type-none\"><img decoding=\"async\" width=\"120\" height=\"119\" title=\"Glaeser-duenn\" src=\"https:\/\/imlauer.com\/hotel-pitter-salzburg\/wp-content\/uploads\/2025\/01\/Glaeser-duenn.png\" alt class=\"img-responsive wp-image-38664\" srcset=\"https:\/\/imlauer.com\/hotel-pitter-salzburg\/wp-content\/uploads\/2025\/01\/Glaeser-duenn-66x66.png 66w, https:\/\/imlauer.com\/hotel-pitter-salzburg\/wp-content\/uploads\/2025\/01\/Glaeser-duenn.png 120w\" sizes=\"(max-width: 120px) 100vw, 120px\" \/><\/span><\/div><\/div><\/div><div class=\"fusion-layout-column fusion_builder_column fusion-builder-column-13 fusion_builder_column_1_4 1_4 fusion-flex-column\" style=\"--awb-bg-size:cover;--awb-width-large:25%;--awb-margin-top-large:0px;--awb-spacing-right-large:0px;--awb-margin-bottom-large:20px;--awb-spacing-left-large:0px;--awb-width-medium:100%;--awb-order-medium:0;--awb-spacing-right-medium:0px;--awb-spacing-left-medium:0px;--awb-width-small:100%;--awb-order-small:0;--awb-spacing-right-small:0px;--awb-spacing-left-small:0px;\"><div class=\"fusion-column-wrapper fusion-column-has-shadow fusion-flex-justify-content-flex-start fusion-content-layout-column\"><\/div><\/div><div class=\"fusion-layout-column fusion_builder_column fusion-builder-column-14 fusion_builder_column_1_2 1_2 fusion-flex-column\" style=\"--awb-padding-top:10px;--awb-padding-bottom:10px;--awb-bg-color:#ffffff;--awb-bg-color-hover:#ffffff;--awb-bg-size:cover;--awb-border-color:#ebeef1;--awb-border-top:0;--awb-border-right:0;--awb-border-bottom:0;--awb-border-left:0;--awb-border-style:solid;--awb-width-large:50%;--awb-margin-top-large:0px;--awb-spacing-right-large:calc( 0.04 * calc( 100% - 0px ) );--awb-margin-bottom-large:20px;--awb-spacing-left-large:0px;--awb-width-medium:100%;--awb-spacing-right-medium:0px;--awb-spacing-left-medium:0px;--awb-width-small:100%;--awb-spacing-right-small:0px;--awb-spacing-left-small:0px;\"><div class=\"fusion-column-wrapper fusion-column-has-shadow fusion-flex-justify-content-center fusion-content-layout-column\"><div class=\"fusion-slider-sc slider_rahmen\"><div class=\"fusion-flexslider-loading flexslider flexslider-hover-type-none\" data-slideshow_autoplay=\"1\" data-slideshow_smooth_height=\"0\" data-slideshow_speed=\"7000\" style=\"max-width:100%;height:100%;\"><ul class=\"slides\"><li class=\"image\"><span class=\"fusion-image-hover-element hover-type-none\"><img decoding=\"async\" src=\"https:\/\/imlauer.com\/hotel-pitter-salzburg\/wp-content\/uploads\/2025\/01\/Imlauer_Jubilaeum20240218067-web-heller.jpg\" width=\"1200\" height=\"800\" class=\"wp-image-38669\" srcset=\"https:\/\/imlauer.com\/hotel-pitter-salzburg\/wp-content\/uploads\/2025\/01\/Imlauer_Jubilaeum20240218067-web-heller-200x133.jpg 200w, https:\/\/imlauer.com\/hotel-pitter-salzburg\/wp-content\/uploads\/2025\/01\/Imlauer_Jubilaeum20240218067-web-heller-400x267.jpg 400w, https:\/\/imlauer.com\/hotel-pitter-salzburg\/wp-content\/uploads\/2025\/01\/Imlauer_Jubilaeum20240218067-web-heller-600x400.jpg 600w, https:\/\/imlauer.com\/hotel-pitter-salzburg\/wp-content\/uploads\/2025\/01\/Imlauer_Jubilaeum20240218067-web-heller-800x533.jpg 800w, https:\/\/imlauer.com\/hotel-pitter-salzburg\/wp-content\/uploads\/2025\/01\/Imlauer_Jubilaeum20240218067-web-heller.jpg 1200w\" sizes=\"(max-width: 1024px) 100vw, (max-width: 640px) 100vw, 800px\" \/><\/span><\/li><li class=\"image\"><span class=\"fusion-image-hover-element hover-type-none\"><img decoding=\"async\" src=\"https:\/\/imlauer.com\/hotel-pitter-salzburg\/wp-content\/uploads\/2025\/01\/Imagebild_Sektglas-web.jpg\" width=\"1200\" height=\"800\" class=\"wp-image-38674\" srcset=\"https:\/\/imlauer.com\/hotel-pitter-salzburg\/wp-content\/uploads\/2025\/01\/Imagebild_Sektglas-web-200x133.jpg 200w, https:\/\/imlauer.com\/hotel-pitter-salzburg\/wp-content\/uploads\/2025\/01\/Imagebild_Sektglas-web-400x267.jpg 400w, https:\/\/imlauer.com\/hotel-pitter-salzburg\/wp-content\/uploads\/2025\/01\/Imagebild_Sektglas-web-600x400.jpg 600w, https:\/\/imlauer.com\/hotel-pitter-salzburg\/wp-content\/uploads\/2025\/01\/Imagebild_Sektglas-web-800x533.jpg 800w, https:\/\/imlauer.com\/hotel-pitter-salzburg\/wp-content\/uploads\/2025\/01\/Imagebild_Sektglas-web.jpg 1200w\" sizes=\"(max-width: 1024px) 100vw, (max-width: 640px) 100vw, 800px\" \/><\/span><\/li><li class=\"image\"><span class=\"fusion-image-hover-element hover-type-none\"><img decoding=\"async\" src=\"https:\/\/imlauer.com\/hotel-pitter-salzburg\/wp-content\/uploads\/2025\/01\/PitterSaal_Gala1-Kopie.jpg\" width=\"1000\" height=\"667\" class=\"wp-image-38649\" srcset=\"https:\/\/imlauer.com\/hotel-pitter-salzburg\/wp-content\/uploads\/2025\/01\/PitterSaal_Gala1-Kopie-200x133.jpg 200w, https:\/\/imlauer.com\/hotel-pitter-salzburg\/wp-content\/uploads\/2025\/01\/PitterSaal_Gala1-Kopie-400x267.jpg 400w, https:\/\/imlauer.com\/hotel-pitter-salzburg\/wp-content\/uploads\/2025\/01\/PitterSaal_Gala1-Kopie-600x400.jpg 600w, https:\/\/imlauer.com\/hotel-pitter-salzburg\/wp-content\/uploads\/2025\/01\/PitterSaal_Gala1-Kopie-800x534.jpg 800w, https:\/\/imlauer.com\/hotel-pitter-salzburg\/wp-content\/uploads\/2025\/01\/PitterSaal_Gala1-Kopie.jpg 1000w\" sizes=\"(max-width: 1024px) 100vw, (max-width: 640px) 100vw, 800px\" \/><\/span><\/li><li class=\"image\"><span class=\"fusion-image-hover-element hover-type-none\"><img decoding=\"async\" src=\"https:\/\/imlauer.com\/hotel-pitter-salzburg\/wp-content\/uploads\/2025\/01\/Auersperg-Galadinner.jpg\" width=\"1000\" height=\"667\" class=\"wp-image-38484\" srcset=\"https:\/\/imlauer.com\/hotel-pitter-salzburg\/wp-content\/uploads\/2025\/01\/Auersperg-Galadinner-200x133.jpg 200w, https:\/\/imlauer.com\/hotel-pitter-salzburg\/wp-content\/uploads\/2025\/01\/Auersperg-Galadinner-400x267.jpg 400w, https:\/\/imlauer.com\/hotel-pitter-salzburg\/wp-content\/uploads\/2025\/01\/Auersperg-Galadinner-600x400.jpg 600w, https:\/\/imlauer.com\/hotel-pitter-salzburg\/wp-content\/uploads\/2025\/01\/Auersperg-Galadinner-800x534.jpg 800w, https:\/\/imlauer.com\/hotel-pitter-salzburg\/wp-content\/uploads\/2025\/01\/Auersperg-Galadinner.jpg 1000w\" sizes=\"(max-width: 1024px) 100vw, (max-width: 640px) 100vw, 800px\" \/><\/span><\/li><\/ul><\/div><\/div><\/div><\/div><div class=\"fusion-layout-column fusion_builder_column fusion-builder-column-15 fusion_builder_column_1_4 1_4 fusion-flex-column\" style=\"--awb-bg-size:cover;--awb-width-large:25%;--awb-margin-top-large:0px;--awb-spacing-right-large:0px;--awb-margin-bottom-large:20px;--awb-spacing-left-large:calc( 0.08 * calc( 100% - 0px ) );--awb-width-medium:100%;--awb-order-medium:0;--awb-spacing-right-medium:0px;--awb-spacing-left-medium:0px;--awb-width-small:100%;--awb-order-small:0;--awb-spacing-right-small:0px;--awb-spacing-left-small:0px;\"><div class=\"fusion-column-wrapper fusion-column-has-shadow fusion-flex-justify-content-flex-start fusion-content-layout-column\"><\/div><\/div><div class=\"fusion-layout-column fusion_builder_column fusion-builder-column-16 fusion_builder_column_1_1 1_1 fusion-flex-column\" style=\"--awb-bg-size:cover;--awb-width-large:100%;--awb-margin-top-large:0px;--awb-spacing-right-large:0px;--awb-margin-bottom-large:20px;--awb-spacing-left-large:0px;--awb-width-medium:100%;--awb-order-medium:0;--awb-spacing-right-medium:0px;--awb-spacing-left-medium:0px;--awb-width-small:100%;--awb-order-small:0;--awb-spacing-right-small:0px;--awb-spacing-left-small:0px;\"><div class=\"fusion-column-wrapper fusion-column-has-shadow fusion-flex-justify-content-flex-start fusion-content-layout-column\"><div class=\"fusion-separator fusion-full-width-sep\" style=\"align-self: center;margin-left: auto;margin-right: auto;margin-top:40px;width:100%;\"><\/div><\/div><\/div><\/div><\/div><div class=\"fusion-fullwidth fullwidth-box fusion-builder-row-5 nonhundred-percent-fullwidth non-hundred-percent-height-scrolling\" style=\"--awb-border-radius-top-left:0px;--awb-border-radius-top-right:0px;--awb-border-radius-bottom-right:0px;--awb-border-radius-bottom-left:0px;--awb-flex-wrap:wrap;\" id=\"kontakt\" ><div class=\"fusion-builder-row fusion-row\"><div class=\"fusion-layout-column fusion_builder_column fusion-builder-column-17 fusion_builder_column_1_1 1_1 fusion-one-full fusion-column-first fusion-column-last\" style=\"--awb-padding-top:50px;--awb-bg-blend:overlay;--awb-bg-size:cover;\"><div class=\"fusion-column-wrapper fusion-column-has-shadow fusion-flex-column-wrapper-legacy\"><div class=\"fusion-text fusion-text-13\"><h2 style=\"text-align: center; font-size: 20px;\">WIR FREUEN UNS AUF IHRE KONTAKTAUFNAHME!<\/h2>\n<\/div><div class=\"fusion-text fusion-text-14\"><p style=\"text-align: center;\"><strong>Pitter Event Center<\/strong><br \/>\n<strong>im IMLAUER HOTEL PITTER Salzburg<\/strong><\/p>\n<\/div><ul style=\"--awb-size:17px;--awb-iconcolor:#cbaa5c;--awb-line-height:28.9px;--awb-icon-width:28.9px;--awb-icon-height:28.9px;--awb-icon-margin:11.9px;--awb-content-margin:40.8px;\" class=\"fusion-checklist fusion-checklist-11 fusion-checklist-default type-icons address\"><li class=\"fusion-li-item\" style=\"\"><span class=\"icon-wrapper circle-no\"><i class=\"fusion-li-icon fa-phone-alt fas\" aria-hidden=\"true\"><\/i><\/span><div class=\"fusion-li-item-content\">Tel: <a href=\"tel:+43662889780\">+43 (662) 88 97 8 810<\/a><\/div><\/li><li class=\"fusion-li-item\" style=\"\"><span class=\"icon-wrapper circle-no\"><i class=\"fusion-li-icon fa-envelope far\" aria-hidden=\"true\"><\/i><\/span><div class=\"fusion-li-item-content\">\n<p><a href=\"mailto:event@imlauer.com\">event@imlauer.com<\/a><\/p>\n<\/div><\/li><li class=\"fusion-li-item\" style=\"\"><span class=\"icon-wrapper circle-no\"><i class=\"fusion-li-icon fa-map-marked-alt fas\" aria-hidden=\"true\"><\/i><\/span><div class=\"fusion-li-item-content\">Rainerstra\u00dfe 6<br \/>\n5020 Salzburg, \u00d6sterreich<\/div><\/li><\/ul><div class=\"fusion-sep-clear\"><\/div><div class=\"fusion-separator fusion-full-width-sep\" style=\"margin-left: auto;margin-right: auto;margin-top:50px;width:100%;\"><\/div><div class=\"fusion-sep-clear\"><\/div><div class=\"fusion-clearfix\"><\/div><\/div><\/div><\/div><\/div><\/p>\n","protected":false},"excerpt":{"rendered":"","protected":false},"author":1,"featured_media":0,"parent":0,"menu_order":0,"comment_status":"closed","ping_status":"closed","template":"100-width.php","meta":{"footnotes":""},"class_list":["post-37242","page","type-page","status-publish","hentry"],"_links":{"self":[{"href":"https:\/\/imlauer.com\/hotel-pitter-salzburg\/wp-json\/wp\/v2\/pages\/37242","targetHints":{"allow":["GET"]}}],"collection":[{"href":"https:\/\/imlauer.com\/hotel-pitter-salzburg\/wp-json\/wp\/v2\/pages"}],"about":[{"href":"https:\/\/imlauer.com\/hotel-pitter-salzburg\/wp-json\/wp\/v2\/types\/page"}],"author":[{"embeddable":true,"href":"https:\/\/imlauer.com\/hotel-pitter-salzburg\/wp-json\/wp\/v2\/users\/1"}],"replies":[{"embeddable":true,"href":"https:\/\/imlauer.com\/hotel-pitter-salzburg\/wp-json\/wp\/v2\/comments?post=37242"}],"version-history":[{"count":17,"href":"https:\/\/imlauer.com\/hotel-pitter-salzburg\/wp-json\/wp\/v2\/pages\/37242\/revisions"}],"predecessor-version":[{"id":46299,"href":"https:\/\/imlauer.com\/hotel-pitter-salzburg\/wp-json\/wp\/v2\/pages\/37242\/revisions\/46299"}],"wp:attachment":[{"href":"https:\/\/imlauer.com\/hotel-pitter-salzburg\/wp-json\/wp\/v2\/media?parent=37242"}],"curies":[{"name":"wp","href":"https:\/\/api.w.org\/{rel}","templated":true}]}}