{"id":37303,"date":"2025-01-10T08:18:02","date_gmt":"2025-01-10T08:18:02","guid":{"rendered":"https:\/\/imlauer.com\/hotel-pitter-salzburg\/?page_id=37303"},"modified":"2026-04-20T12:17:43","modified_gmt":"2026-04-20T12:17:43","slug":"wichtig-zu-wissen","status":"publish","type":"page","link":"https:\/\/imlauer.com\/hotel-pitter-salzburg\/wichtig-zu-wissen\/","title":{"rendered":"Wichtig zu wissen"},"content":{"rendered":"<p><div class=\"fusion-fullwidth fullwidth-box fusion-builder-row-1 fusion-flex-container has-pattern-background has-mask-background nonhundred-percent-fullwidth non-hundred-percent-height-scrolling\" style=\"--awb-background-position:left top;--awb-border-sizes-top:0px;--awb-border-sizes-bottom:0px;--awb-border-sizes-left:0px;--awb-border-sizes-right:0px;--awb-border-radius-top-left:0px;--awb-border-radius-top-right:0px;--awb-border-radius-bottom-right:0px;--awb-border-radius-bottom-left:0px;--awb-padding-top:0px;--awb-padding-bottom:35px;--awb-margin-top:40px;--awb-flex-wrap:wrap;\" ><div class=\"fusion-builder-row fusion-row fusion-flex-align-items-stretch fusion-flex-content-wrap\" style=\"max-width:1352px;margin-left: calc(-4% \/ 2 );margin-right: calc(-4% \/ 2 );\"><div class=\"fusion-layout-column fusion_builder_column fusion-builder-column-0 fusion_builder_column_1_2 1_2 fusion-flex-column\" style=\"--awb-padding-top:0px;--awb-padding-right:0px;--awb-padding-bottom:0px;--awb-padding-left:0px;--awb-bg-color:#ffffff;--awb-bg-color-hover:#ffffff;--awb-bg-size:cover;--awb-border-color:#ebeef1;--awb-border-top:0;--awb-border-right:0;--awb-border-bottom:0;--awb-border-left:0;--awb-border-style:solid;--awb-width-large:50%;--awb-margin-top-large:0px;--awb-spacing-right-large:3.84%;--awb-margin-bottom-large:20px;--awb-spacing-left-large:3.84%;--awb-width-medium:100%;--awb-spacing-right-medium:1.92%;--awb-spacing-left-medium:1.92%;--awb-width-small:100%;--awb-spacing-right-small:1.92%;--awb-spacing-left-small:1.92%;\"><div class=\"fusion-column-wrapper fusion-column-has-shadow fusion-flex-justify-content-center fusion-content-layout-column\"><div class=\"fusion-image-element \" style=\"text-align:center;--awb-caption-title-font-family:var(--h2_typography-font-family);--awb-caption-title-font-weight:var(--h2_typography-font-weight);--awb-caption-title-font-style:var(--h2_typography-font-style);--awb-caption-title-size:var(--h2_typography-font-size);--awb-caption-title-transform:var(--h2_typography-text-transform);--awb-caption-title-line-height:var(--h2_typography-line-height);--awb-caption-title-letter-spacing:var(--h2_typography-letter-spacing);\"><span class=\" fusion-imageframe imageframe-none imageframe-1 hover-type-none\"><img decoding=\"async\" width=\"1600\" height=\"1216\" title=\"IMLAUER-HOTEL-PITTER_main-entrance-Montage-Jakob\" src=\"https:\/\/imlauer.com\/hotel-pitter-salzburg\/wp-content\/uploads\/2025\/01\/IMLAUER-HOTEL-PITTER_main-entrance-Montage-Jakob.jpg\" alt class=\"img-responsive wp-image-38767\" srcset=\"https:\/\/imlauer.com\/hotel-pitter-salzburg\/wp-content\/uploads\/2025\/01\/IMLAUER-HOTEL-PITTER_main-entrance-Montage-Jakob-200x152.jpg 200w, https:\/\/imlauer.com\/hotel-pitter-salzburg\/wp-content\/uploads\/2025\/01\/IMLAUER-HOTEL-PITTER_main-entrance-Montage-Jakob-400x304.jpg 400w, https:\/\/imlauer.com\/hotel-pitter-salzburg\/wp-content\/uploads\/2025\/01\/IMLAUER-HOTEL-PITTER_main-entrance-Montage-Jakob-600x456.jpg 600w, https:\/\/imlauer.com\/hotel-pitter-salzburg\/wp-content\/uploads\/2025\/01\/IMLAUER-HOTEL-PITTER_main-entrance-Montage-Jakob-800x608.jpg 800w, https:\/\/imlauer.com\/hotel-pitter-salzburg\/wp-content\/uploads\/2025\/01\/IMLAUER-HOTEL-PITTER_main-entrance-Montage-Jakob-1200x912.jpg 1200w, https:\/\/imlauer.com\/hotel-pitter-salzburg\/wp-content\/uploads\/2025\/01\/IMLAUER-HOTEL-PITTER_main-entrance-Montage-Jakob.jpg 1600w\" sizes=\"(max-width: 1024px) 100vw, (max-width: 640px) 100vw, 800px\" \/><\/span><\/div><\/div><\/div><div class=\"fusion-layout-column fusion_builder_column fusion-builder-column-1 fusion_builder_column_1_2 1_2 fusion-flex-column\" style=\"--awb-bg-blend:overlay;--awb-bg-size:cover;--awb-width-large:50%;--awb-margin-top-large:0px;--awb-spacing-right-large:3.84%;--awb-margin-bottom-large:20px;--awb-spacing-left-large:3.84%;--awb-width-medium:100%;--awb-spacing-right-medium:1.92%;--awb-spacing-left-medium:1.92%;--awb-width-small:100%;--awb-spacing-right-small:1.92%;--awb-spacing-left-small:1.92%;\"><div class=\"fusion-column-wrapper fusion-column-has-shadow fusion-flex-justify-content-center fusion-content-layout-column\"><div class=\"fusion-text fusion-text-1\"><h1 style=\"text-align: center;\">FAQ<\/h1>\n<\/div><div class=\"fusion-separator\" style=\"align-self: center;margin-left: auto;margin-right: auto;margin-top:0px;margin-bottom:20px;width:100%;max-width:50px;\"><div class=\"fusion-separator-border sep-single sep-solid\" style=\"--awb-height:20px;--awb-amount:20px;--awb-sep-color:#af9755;border-color:#af9755;border-top-width:1px;\"><\/div><\/div><div class=\"fusion-text fusion-text-2\"><p style=\"text-align: center;\">Haben Sie Fragen zu Ihren Aufenthalt in Salzburg? St\u00f6bern Sie einfach durch unsere Rubrik &#8222;Wichtig zu wissen&#8220;. In diesen FAQ-Katalog finden Sie die wichtigsten Eckdaten zum IMLAUER Hotel Pitter. Sollte der gew\u00fcnschte Inhalt nicht dabei sein, z\u00f6gern Sie nicht uns zu kontaktieren.<\/p>\n<p style=\"text-align: center;\">Gerne beantworten wir Ihre Anfrage auch via Email unter <a href=\"mailto:pitter@imlauer.com\">pitter@imlauer.com<\/a><br \/>\noder via Telefon unter <a href=\"tel:+4366288978\">+43 (0) 662 88 97 8<\/a><\/p>\n<div class=\"titles\">\n<p style=\"text-align: center;\">Wir freuen uns jederzeit behilflich zu sein.<\/p>\n<\/div>\n<\/div><\/div><\/div><\/div><\/div><div class=\"fusion-fullwidth fullwidth-box fusion-builder-row-2 hundred-percent-fullwidth non-hundred-percent-height-scrolling fusion-equal-height-columns\" style=\"--awb-background-position:left top;--awb-border-sizes-top:0px;--awb-border-sizes-bottom:0px;--awb-border-sizes-left:0px;--awb-border-sizes-right:0px;--awb-border-radius-top-left:0px;--awb-border-radius-top-right:0px;--awb-border-radius-bottom-right:0px;--awb-border-radius-bottom-left:0px;--awb-padding-top:20px;--awb-padding-right:20px;--awb-padding-bottom:20px;--awb-padding-left:20px;--awb-margin-top:0px;--awb-margin-bottom:0px;--awb-background-color:#af9755;--awb-flex-wrap:wrap;\" id=\"faq_themen\" ><div class=\"fusion-builder-row fusion-row\"><div class=\"fusion-layout-column fusion_builder_column fusion-builder-column-2 fusion_builder_column_1_1 1_1 fusion-one-full fusion-column-first fusion-column-last fusion-column-no-min-height\" style=\"--awb-bg-size:cover;--awb-margin-bottom:0px;\"><div class=\"fusion-column-wrapper fusion-column-has-shadow fusion-flex-column-wrapper-legacy\"><div class=\"fusion-column-content-centered\"><div class=\"fusion-column-content\"><div class=\"fusion-text fusion-text-3\"><h2 style=\"text-align: center;\"><span style=\"color: #ffffff;\">THEMENAUSWAHL<\/span><\/h2>\n<\/div><div class=\"fusion-content-boxes content-boxes columns row fusion-columns-6 fusion-columns-total-6 fusion-content-boxes-1 content-boxes-icon-on-top content-left\" style=\"--awb-backgroundcolor:#ffffff;--awb-body-color:#636362;--awb-title-color:#af9755;--awb-iconcolor:#008ab4;--awb-hover-accent-color:#008ab4;--awb-circle-hover-accent-color:transparent;\" id=\"themenauswahl\" data-animationOffset=\"top-into-view\"><div style=\"--awb-backgroundcolor:#ffffff;--awb-iconcolor:#008ab4;\" class=\"fusion-column content-box-column content-box-column content-box-column-1 col-lg-2 col-md-2 col-sm-2 fusion-content-box-hover content-box-column-first-in-row\"><div class=\"col content-box-wrapper content-wrapper-background link-area-box link-type-text icon-hover-animation-slide\" data-link=\"#anreise\" data-link-target=\"_self\" data-animationOffset=\"top-into-view\"><div class=\"heading heading-with-icon icon-left\"><a class=\"heading-link\" href=\"#anreise\" target=\"_self\"><div aria-hidden=\"true\" class=\"image\"><img decoding=\"async\" src=\"https:\/\/imlauer.com\/hotel-pitter-salzburg\/wp-content\/uploads\/2025\/01\/schluessel-1.png\" width=\"100\" height=\"100\" alt=\"\" \/><\/div><h2 class=\"content-box-heading\" style=\"--h2_typography-font-size:20px;line-height:25px;\">Anreise<\/h2><\/a><\/div><\/div><\/div><div style=\"--awb-backgroundcolor:#ffffff;--awb-iconcolor:#008ab4;\" class=\"fusion-column content-box-column content-box-column content-box-column-2 col-lg-2 col-md-2 col-sm-2 fusion-content-box-hover \"><div class=\"col content-box-wrapper content-wrapper-background link-area-box link-type-text icon-hover-animation-slide\" data-link=\"#abreise\" data-link-target=\"_self\" data-animationOffset=\"top-into-view\"><div class=\"heading heading-with-icon icon-left\"><a class=\"heading-link\" href=\"#abreise\" target=\"_self\"><div aria-hidden=\"true\" class=\"image\"><img decoding=\"async\" src=\"https:\/\/imlauer.com\/hotel-pitter-salzburg\/wp-content\/uploads\/2025\/01\/wegweiser-1-1.png\" width=\"100\" height=\"100\" alt=\"\" \/><\/div><h2 class=\"content-box-heading\" style=\"--h2_typography-font-size:20px;line-height:25px;\">Abreise<\/h2><\/a><\/div><\/div><\/div><div style=\"--awb-backgroundcolor:#ffffff;--awb-iconcolor:#008ab4;\" class=\"fusion-column content-box-column content-box-column content-box-column-3 col-lg-2 col-md-2 col-sm-2 fusion-content-box-hover \"><div class=\"col content-box-wrapper content-wrapper-background link-area-box link-type-text icon-hover-animation-slide\" data-link=\"#hotel\" data-link-target=\"_self\" data-animationOffset=\"top-into-view\"><div class=\"heading heading-with-icon icon-left\"><a class=\"heading-link\" href=\"#hotel\" target=\"_self\"><div aria-hidden=\"true\" class=\"image\"><img decoding=\"async\" src=\"https:\/\/imlauer.com\/hotel-pitter-salzburg\/wp-content\/uploads\/2025\/01\/HotelIcon.png\" width=\"100\" height=\"100\" alt=\"\" \/><\/div><h2 class=\"content-box-heading\" style=\"--h2_typography-font-size:20px;line-height:25px;\">im Hotel<\/h2><\/a><\/div><\/div><\/div><div style=\"--awb-backgroundcolor:#ffffff;--awb-iconcolor:#008ab4;\" class=\"fusion-column content-box-column content-box-column content-box-column-4 col-lg-2 col-md-2 col-sm-2 fusion-content-box-hover \"><div class=\"col content-box-wrapper content-wrapper-background link-area-box link-type-text icon-hover-animation-slide\" data-link=\"#naehe\" data-link-target=\"_self\" data-animationOffset=\"top-into-view\"><div class=\"heading heading-with-icon icon-left\"><a class=\"heading-link\" href=\"#naehe\" target=\"_self\"><div aria-hidden=\"true\" class=\"image\"><img decoding=\"async\" src=\"https:\/\/imlauer.com\/hotel-pitter-salzburg\/wp-content\/uploads\/2025\/01\/imlauernearby.png\" width=\"100\" height=\"100\" alt=\"\" \/><\/div><h2 class=\"content-box-heading\" style=\"--h2_typography-font-size:20px;line-height:25px;\">in der N\u00e4he<\/h2><\/a><\/div><\/div><\/div><div style=\"--awb-backgroundcolor:#ffffff;--awb-iconcolor:#008ab4;\" class=\"fusion-column content-box-column content-box-column content-box-column-5 col-lg-2 col-md-2 col-sm-2 fusion-content-box-hover \"><div class=\"col content-box-wrapper content-wrapper-background link-area-box link-type-text icon-hover-animation-slide\" data-link=\"#fitness\" data-link-target=\"_self\" data-animationOffset=\"top-into-view\"><div class=\"heading heading-with-icon icon-left\"><a class=\"heading-link\" href=\"#fitness\" target=\"_self\"><div aria-hidden=\"true\" class=\"image\"><img decoding=\"async\" src=\"https:\/\/imlauer.com\/hotel-pitter-salzburg\/wp-content\/uploads\/2025\/01\/ImlauerFitness-1.png\" width=\"100\" height=\"100\" alt=\"\" \/><\/div><h2 class=\"content-box-heading\" style=\"--h2_typography-font-size:20px;line-height:25px;\">Fitness<\/h2><\/a><\/div><\/div><\/div><div style=\"--awb-backgroundcolor:#ffffff;--awb-iconcolor:#008ab4;\" class=\"fusion-column content-box-column content-box-column content-box-column-6 col-lg-2 col-md-2 col-sm-2 fusion-content-box-hover content-box-column-last content-box-column-last-in-row\"><div class=\"col content-box-wrapper content-wrapper-background link-area-box link-type-text icon-hover-animation-slide\" data-link=\"#kulinarik\" data-link-target=\"_self\" data-animationOffset=\"top-into-view\"><div class=\"heading heading-with-icon icon-left\"><a class=\"heading-link\" href=\"#kulinarik\" target=\"_self\"><div aria-hidden=\"true\" class=\"image\"><img decoding=\"async\" src=\"https:\/\/imlauer.com\/hotel-pitter-salzburg\/wp-content\/uploads\/2025\/01\/besteck-glas-1-1.png\" width=\"100\" height=\"100\" alt=\"\" \/><\/div><h2 class=\"content-box-heading\" style=\"--h2_typography-font-size:20px;line-height:25px;\">Kulinarik<\/h2><\/a><\/div><\/div><\/div><div class=\"fusion-clearfix\"><\/div><\/div><\/div><\/div><div class=\"fusion-clearfix\"><\/div><\/div><\/div><\/div><\/div><div class=\"fusion-fullwidth fullwidth-box fusion-builder-row-3 hundred-percent-fullwidth non-hundred-percent-height-scrolling\" style=\"--awb-border-radius-top-left:0px;--awb-border-radius-top-right:0px;--awb-border-radius-bottom-right:0px;--awb-border-radius-bottom-left:0px;--awb-padding-top:4%;--awb-padding-right:6%;--awb-padding-bottom:3%;--awb-padding-left:6%;--awb-flex-wrap:wrap;\" id=\"faq_themen\" ><div class=\"fusion-builder-row fusion-row\"><div class=\"fusion-layout-column fusion_builder_column fusion-builder-column-3 fusion_builder_column_1_2 1_2 fusion-one-half fusion-column-first fusion-animated\" style=\"--awb-padding-top:5%;--awb-padding-right:11%;--awb-padding-bottom:5%;--awb-padding-left:11%;--awb-bg-color:#ffffff;--awb-bg-color-hover:#ffffff;--awb-bg-size:cover;--awb-margin-bottom:0px;width:50%;width:calc(50% - ( ( 0 ) * 0.5 ) );margin-right: 0px;\" data-animationType=\"fadeInLeft\" data-animationDuration=\"0.8\" data-animationOffset=\"top-into-view\" id=\"anreise\"><div class=\"fusion-column-wrapper fusion-column-has-shadow fusion-flex-column-wrapper-legacy\"><div class=\"fusion-content-boxes content-boxes columns row fusion-columns-1 fusion-columns-total-1 fusion-content-boxes-2 content-boxes-icon-on-top content-left\" style=\"--awb-backgroundcolor:#ffffff;--awb-body-color:#636362;--awb-title-color:#af9755;--awb-iconcolor:#008ab4;--awb-hover-accent-color:#af9755;--awb-circle-hover-accent-color:transparent;--awb-item-margin-bottom:40px;\" data-animationOffset=\"top-into-view\"><div style=\"--awb-backgroundcolor:#ffffff;--awb-iconcolor:#008ab4;\" class=\"fusion-column content-box-column content-box-column content-box-column-1 col-lg-12 col-md-12 col-sm-12 fusion-content-box-hover content-box-column-last content-box-column-last-in-row\"><div class=\"col content-box-wrapper content-wrapper-background link-area-box icon-hover-animation-slide\" data-animationOffset=\"top-into-view\"><div class=\"heading heading-with-icon icon-left\"><div aria-hidden=\"true\" class=\"image\"><img decoding=\"async\" src=\"https:\/\/imlauer.com\/hotel-pitter-salzburg\/wp-content\/uploads\/2025\/01\/schluessel-1.png\" width=\"100\" height=\"100\" alt=\"\" \/><\/div><h2 class=\"content-box-heading\" style=\"--h2_typography-font-size:20px;line-height:25px;\">Anreise<\/h2><\/div><\/div><\/div><div class=\"fusion-clearfix\"><\/div><\/div><div class=\"accordian fusion-accordian\" style=\"--awb-border-size:1px;--awb-icon-size:13px;--awb-content-font-size:18px;--awb-icon-alignment:right;--awb-hover-color:#f9f9f9;--awb-border-color:#cccccc;--awb-background-color:#ffffff;--awb-divider-color:#e0dede;--awb-divider-hover-color:#e0dede;--awb-icon-color:#ffffff;--awb-title-color:#008ab4;--awb-content-color:#747474;--awb-icon-box-color:#333333;--awb-toggle-hover-accent-color:#af9754;--awb-title-font-family:&quot;Bitter&quot;;--awb-title-font-weight:400;--awb-title-font-style:normal;--awb-content-font-family:&quot;Source Sans Pro&quot;;--awb-content-font-style:normal;--awb-content-font-weight:400;\"><div class=\"panel-group fusion-toggle-icon-right fusion-toggle-icon-boxed\" id=\"accordion-37303-1\"><div class=\"fusion-panel panel-default panel-16444ed28978d27a6 fusion-toggle-has-divider\"><div class=\"panel-heading\"><h4 class=\"panel-title toggle\" id=\"toggle_16444ed28978d27a6\"><a aria-expanded=\"false\" aria-controls=\"16444ed28978d27a6\" role=\"button\" data-toggle=\"collapse\" data-parent=\"#accordion-37303-1\" data-target=\"#16444ed28978d27a6\" href=\"#16444ed28978d27a6\"><span class=\"fusion-toggle-icon-wrapper\" aria-hidden=\"true\"><i class=\"fa-fusion-box active-icon awb-icon-minus\" aria-hidden=\"true\"><\/i><i class=\"fa-fusion-box inactive-icon awb-icon-plus\" aria-hidden=\"true\"><\/i><\/span><span class=\"fusion-toggle-heading\">Besteht die M\u00f6glichkeit die Koffer bei Ihnen einzulagern?<\/span><\/a><\/h4><\/div><div id=\"16444ed28978d27a6\" class=\"panel-collapse collapse \" aria-labelledby=\"toggle_16444ed28978d27a6\"><div class=\"panel-body toggle-content fusion-clearfix\">\n<div class=\"fusion-text content\" style=\"text-align: center;\">\n<p style=\"text-align: left;\">Gerne lagern wir Ihre Koffer am An- und Abreisetag f\u00fcr Sie ein. Unsere Porter stehen Ihnen jederzeit tatkr\u00e4ftig zur Verf\u00fcgung.<\/p>\n<\/div>\n<\/div><\/div><\/div><div class=\"fusion-panel panel-default panel-fa95f6d498b26e265 fusion-toggle-has-divider\"><div class=\"panel-heading\"><h4 class=\"panel-title toggle\" id=\"toggle_fa95f6d498b26e265\"><a aria-expanded=\"false\" aria-controls=\"fa95f6d498b26e265\" role=\"button\" data-toggle=\"collapse\" data-parent=\"#accordion-37303-1\" data-target=\"#fa95f6d498b26e265\" href=\"#fa95f6d498b26e265\"><span class=\"fusion-toggle-icon-wrapper\" aria-hidden=\"true\"><i class=\"fa-fusion-box active-icon awb-icon-minus\" aria-hidden=\"true\"><\/i><i class=\"fa-fusion-box inactive-icon awb-icon-plus\" aria-hidden=\"true\"><\/i><\/span><span class=\"fusion-toggle-heading\">Ben\u00f6tige ich f\u00fcr die Buchung eine Kreditkarte? Wozu werden meine Kreditkartendaten ben\u00f6tigt? Sind diese gesch\u00fctzt?<\/span><\/a><\/h4><\/div><div id=\"fa95f6d498b26e265\" class=\"panel-collapse collapse \" aria-labelledby=\"toggle_fa95f6d498b26e265\"><div class=\"panel-body toggle-content fusion-clearfix\">\n<div class=\"fusion-text content\" style=\"text-align: right;\">\n<p style=\"text-align: left;\">Ja, wir ben\u00f6tigen die Kreditkartenangaben als Garantie oder zur Vorauszahlung der Buchung bei nicht refundierbaren Aktionsraten.<\/p>\n<p style=\"text-align: left;\">Ist eine Kreditkarte hinterlegt garantieren wir, Ihre Buchung bis zu Ihrer Ankunft zu halten.<\/p>\n<p style=\"text-align: left;\">Bei Check-in k\u00f6nnen Sie dann gerne entscheiden, ob Sie Ihre Buchung in bar oder mit Kreditkarte bezahlen wollen, soweit diese nicht schon im Voraus bezahlt wurde.<\/p>\n<p style=\"text-align: left;\">Sollten Sie Ihre Kreditkarteninformationen nicht \u00fcber das Internet verschicken wollen, k\u00f6nnen Sie uns diese auch gerne per Fax oder per Telefon zukommen lassen.<\/p>\n<p style=\"text-align: left;\">Unser Hotel ist PCI verifiziert und gew\u00e4hrleistet somit den Schutz Ihre Daten.<\/p>\n<p style=\"text-align: left;\">Weitere Infos unter: <a href=\"https:\/\/imlauer.com\/datenschutz\/\">https:\/\/imlauer.com\/datenschutz\/<\/a><\/p>\n<\/div>\n<\/div><\/div><\/div><div class=\"fusion-panel panel-default panel-703e11f419ddd415b fusion-toggle-has-divider\"><div class=\"panel-heading\"><h4 class=\"panel-title toggle\" id=\"toggle_703e11f419ddd415b\"><a aria-expanded=\"false\" aria-controls=\"703e11f419ddd415b\" role=\"button\" data-toggle=\"collapse\" data-parent=\"#accordion-37303-1\" data-target=\"#703e11f419ddd415b\" href=\"#703e11f419ddd415b\"><span class=\"fusion-toggle-icon-wrapper\" aria-hidden=\"true\"><i class=\"fa-fusion-box active-icon awb-icon-minus\" aria-hidden=\"true\"><\/i><i class=\"fa-fusion-box inactive-icon awb-icon-plus\" aria-hidden=\"true\"><\/i><\/span><span class=\"fusion-toggle-heading\">Kann ich ein Zimmer ohne Kreditkartendetails garantiert buchen?<\/span><\/a><\/h4><\/div><div id=\"703e11f419ddd415b\" class=\"panel-collapse collapse \" aria-labelledby=\"toggle_703e11f419ddd415b\"><div class=\"panel-body toggle-content fusion-clearfix\">\n<div class=\"fusion-text content\" style=\"text-align: right;\">\n<p style=\"text-align: left;\">Sollten Sie keine Kreditkarte besitzen, so k\u00f6nnen Sie die Bezahlung auch gerne per Vorauszahlung vornehmen.<\/p>\n<p style=\"text-align: left;\">F\u00fcr weitere Informationen hierzu wenden Sie sich bitte gerne telefonisch oder auch per E-Mail (<a href=\"mailto:reservierung.pitter@imlauer.com\">reservierung.pitter@imlauer.com<\/a>) an uns.<\/p>\n<\/div>\n<\/div><\/div><\/div><div class=\"fusion-panel panel-default panel-772d6c9109c1e96b7 fusion-toggle-has-divider\"><div class=\"panel-heading\"><h4 class=\"panel-title toggle\" id=\"toggle_772d6c9109c1e96b7\"><a aria-expanded=\"false\" aria-controls=\"772d6c9109c1e96b7\" role=\"button\" data-toggle=\"collapse\" data-parent=\"#accordion-37303-1\" data-target=\"#772d6c9109c1e96b7\" href=\"#772d6c9109c1e96b7\"><span class=\"fusion-toggle-icon-wrapper\" aria-hidden=\"true\"><i class=\"fa-fusion-box active-icon awb-icon-minus\" aria-hidden=\"true\"><\/i><i class=\"fa-fusion-box inactive-icon awb-icon-plus\" aria-hidden=\"true\"><\/i><\/span><span class=\"fusion-toggle-heading\">Was ist eine Kreditkarten -Autorisierung?<\/span><\/a><\/h4><\/div><div id=\"772d6c9109c1e96b7\" class=\"panel-collapse collapse \" aria-labelledby=\"toggle_772d6c9109c1e96b7\"><div class=\"panel-body toggle-content fusion-clearfix\">\n<div class=\"fusion-text content\" style=\"text-align: right;\">\n<p style=\"text-align: left;\">Bei einer Vorautorisierung wird durch die kartenherausgebende Bank ein Betrag auf Ihrer Kreditkarte reserviert. Das bedeutet: Ihre Kreditkarte wird nicht effektiv belastet.<\/p>\n<p style=\"text-align: left;\">Sie k\u00f6nnen jedoch \u00fcber den reservierten Betrag f\u00fcr eine gewisse Dauer nicht verf\u00fcgen.<\/p>\n<p style=\"text-align: left;\">Dieses Vorgehen dient dem Hotel als Zahlungssicherheit.<\/p>\n<\/div>\n<\/div><\/div><\/div><div class=\"fusion-panel panel-default panel-22b73e8f49d7c350a fusion-toggle-has-divider\"><div class=\"panel-heading\"><h4 class=\"panel-title toggle\" id=\"toggle_22b73e8f49d7c350a\"><a aria-expanded=\"false\" aria-controls=\"22b73e8f49d7c350a\" role=\"button\" data-toggle=\"collapse\" data-parent=\"#accordion-37303-1\" data-target=\"#22b73e8f49d7c350a\" href=\"#22b73e8f49d7c350a\"><span class=\"fusion-toggle-icon-wrapper\" aria-hidden=\"true\"><i class=\"fa-fusion-box active-icon awb-icon-minus\" aria-hidden=\"true\"><\/i><i class=\"fa-fusion-box inactive-icon awb-icon-plus\" aria-hidden=\"true\"><\/i><\/span><span class=\"fusion-toggle-heading\">Ben\u00f6tige ich bei Anreise einen Ausweis?<\/span><\/a><\/h4><\/div><div id=\"22b73e8f49d7c350a\" class=\"panel-collapse collapse \" aria-labelledby=\"toggle_22b73e8f49d7c350a\"><div class=\"panel-body toggle-content fusion-clearfix\">\n<div class=\"fusion-text content\" style=\"text-align: right;\">\n<p style=\"text-align: left;\">In \u00d6sterreich gibt es eine Ausweispflicht.<\/p>\n<p style=\"text-align: left;\">EU-B\u00fcrger ben\u00f6tigen einen g\u00fcltigen Personalausweis oder Reisepass<\/p>\n<p style=\"text-align: left;\">Von NICHT EU-B\u00fcrgern wird ein Reisepass ben\u00f6tigt<\/p>\n<\/div>\n<\/div><\/div><\/div><div class=\"fusion-panel panel-default panel-cd620cc24b7944ad9 fusion-toggle-has-divider\"><div class=\"panel-heading\"><h4 class=\"panel-title toggle\" id=\"toggle_cd620cc24b7944ad9\"><a aria-expanded=\"false\" aria-controls=\"cd620cc24b7944ad9\" role=\"button\" data-toggle=\"collapse\" data-parent=\"#accordion-37303-1\" data-target=\"#cd620cc24b7944ad9\" href=\"#cd620cc24b7944ad9\"><span class=\"fusion-toggle-icon-wrapper\" aria-hidden=\"true\"><i class=\"fa-fusion-box active-icon awb-icon-minus\" aria-hidden=\"true\"><\/i><i class=\"fa-fusion-box inactive-icon awb-icon-plus\" aria-hidden=\"true\"><\/i><\/span><span class=\"fusion-toggle-heading\">Was ist der einfachste und schnellste Weg vom Flughafen zum Hotel?<\/span><\/a><\/h4><\/div><div id=\"cd620cc24b7944ad9\" class=\"panel-collapse collapse \" aria-labelledby=\"toggle_cd620cc24b7944ad9\"><div class=\"panel-body toggle-content fusion-clearfix\">\n<div class=\"fusion-text content\" style=\"text-align: right;\">\n<p style=\"text-align: left;\">Wir empfehlen Ihnen ein Taxi zu nehmen. Die Taxis stehen immer am Flughafen bereit und kosten im Durchschnitt Euro 16,00 pro Strecke und Fahrzeug. Die Fahrt dauert je nach Verkehrslage 15-25 Minuten.<\/p>\n<\/div>\n<\/div><\/div><\/div><div class=\"fusion-panel panel-default panel-b25eb039beff5b2ac fusion-toggle-has-divider\" style=\"--awb-title-color:#008ab4;--awb-content-color:#747474;\"><div class=\"panel-heading\"><h4 class=\"panel-title toggle\" id=\"toggle_b25eb039beff5b2ac\"><a aria-expanded=\"false\" aria-controls=\"b25eb039beff5b2ac\" role=\"button\" data-toggle=\"collapse\" data-parent=\"#accordion-37303-1\" data-target=\"#b25eb039beff5b2ac\" href=\"#b25eb039beff5b2ac\"><span class=\"fusion-toggle-icon-wrapper\" aria-hidden=\"true\"><i class=\"fa-fusion-box active-icon awb-icon-minus\" aria-hidden=\"true\"><\/i><i class=\"fa-fusion-box inactive-icon awb-icon-plus\" aria-hidden=\"true\"><\/i><\/span><span class=\"fusion-toggle-heading\">D\u00fcrfen Haustiere ins Hotel mitgebracht werden?<\/span><\/a><\/h4><\/div><div id=\"b25eb039beff5b2ac\" class=\"panel-collapse collapse \" aria-labelledby=\"toggle_b25eb039beff5b2ac\"><div class=\"panel-body toggle-content fusion-clearfix\">\n<div class=\"fusion-text content\" style=\"text-align: right;\">\n<p style=\"text-align: left;\">Kleine Hunde sind erlaubt, ein Hund pro Zimmer. Andere Haustiere m\u00fcssen leider zu Hause bleiben. Die Kosten betragen \u20ac 25,00 pro Nacht.<\/p>\n<\/div>\n<\/div><\/div><\/div><div class=\"fusion-panel panel-default panel-8a37adb6937d419fd fusion-toggle-has-divider\"><div class=\"panel-heading\"><h4 class=\"panel-title toggle\" id=\"toggle_8a37adb6937d419fd\"><a aria-expanded=\"false\" aria-controls=\"8a37adb6937d419fd\" role=\"button\" data-toggle=\"collapse\" data-parent=\"#accordion-37303-1\" data-target=\"#8a37adb6937d419fd\" href=\"#8a37adb6937d419fd\"><span class=\"fusion-toggle-icon-wrapper\" aria-hidden=\"true\"><i class=\"fa-fusion-box active-icon awb-icon-minus\" aria-hidden=\"true\"><\/i><i class=\"fa-fusion-box inactive-icon awb-icon-plus\" aria-hidden=\"true\"><\/i><\/span><span class=\"fusion-toggle-heading\">Gibt es einen Privattransfer vom Bahnhof\/Flughafen zum Hotel und zur\u00fcck?<\/span><\/a><\/h4><\/div><div id=\"8a37adb6937d419fd\" class=\"panel-collapse collapse \" aria-labelledby=\"toggle_8a37adb6937d419fd\"><div class=\"panel-body toggle-content fusion-clearfix\">\n<div class=\"fusion-text content\" style=\"text-align: right;\">\n<p style=\"text-align: left;\">Wir organisieren Ihnen gerne einen Privattransfer zu \u20ac 60,00 pro Strecke.<\/p>\n<\/div>\n<\/div><\/div><\/div><\/div><\/div><div class=\"fusion-clearfix\"><\/div><\/div><\/div><div class=\"fusion-layout-column fusion_builder_column fusion-builder-column-4 fusion_builder_column_1_2 1_2 fusion-one-half fusion-column-last fusion-animated\" style=\"--awb-padding-top:5%;--awb-padding-right:11%;--awb-padding-bottom:5%;--awb-padding-left:11%;--awb-bg-color:#ffffff;--awb-bg-color-hover:#ffffff;--awb-bg-size:cover;--awb-margin-bottom:0px;width:50%;width:calc(50% - ( ( 0 ) * 0.5 ) );\" data-animationType=\"fadeInLeft\" data-animationDuration=\"0.8\" data-animationOffset=\"top-into-view\" id=\"abreise\"><div class=\"fusion-column-wrapper fusion-column-has-shadow fusion-flex-column-wrapper-legacy\"><div class=\"fusion-content-boxes content-boxes columns row fusion-columns-1 fusion-columns-total-1 fusion-content-boxes-3 content-boxes-icon-on-top content-left\" style=\"--awb-backgroundcolor:#ffffff;--awb-body-color:#636362;--awb-title-color:#af9755;--awb-iconcolor:#008ab4;--awb-hover-accent-color:#af9755;--awb-circle-hover-accent-color:transparent;--awb-item-margin-bottom:40px;\" data-animationOffset=\"top-into-view\"><div style=\"--awb-backgroundcolor:#ffffff;--awb-iconcolor:#008ab4;\" class=\"fusion-column content-box-column content-box-column content-box-column-1 col-lg-12 col-md-12 col-sm-12 fusion-content-box-hover content-box-column-last content-box-column-last-in-row\"><div class=\"col content-box-wrapper content-wrapper-background link-area-box icon-hover-animation-slide\" data-animationOffset=\"top-into-view\"><div class=\"heading heading-with-icon icon-left\"><div aria-hidden=\"true\" class=\"image\"><img decoding=\"async\" src=\"https:\/\/imlauer.com\/hotel-pitter-salzburg\/wp-content\/uploads\/2025\/01\/wegweiser-1-1.png\" width=\"100\" height=\"100\" alt=\"\" \/><\/div><h2 class=\"content-box-heading\" style=\"--h2_typography-font-size:20px;line-height:25px;\">Abreise<\/h2><\/div><\/div><\/div><div class=\"fusion-clearfix\"><\/div><\/div><div class=\"accordian fusion-accordian\" style=\"--awb-border-size:1px;--awb-icon-size:13px;--awb-content-font-size:18px;--awb-icon-alignment:right;--awb-hover-color:#f9f9f9;--awb-border-color:#cccccc;--awb-background-color:#ffffff;--awb-divider-color:#e0dede;--awb-divider-hover-color:#e0dede;--awb-icon-color:#ffffff;--awb-title-color:#008ab4;--awb-content-color:#747474;--awb-icon-box-color:#333333;--awb-toggle-hover-accent-color:#af9754;--awb-title-font-family:&quot;Bitter&quot;;--awb-title-font-weight:400;--awb-title-font-style:normal;--awb-content-font-family:&quot;Source Sans Pro&quot;;--awb-content-font-style:normal;--awb-content-font-weight:400;\"><div class=\"panel-group fusion-toggle-icon-right fusion-toggle-icon-boxed\" id=\"accordion-37303-2\"><div class=\"fusion-panel panel-default panel-04f79fda25fd3dad3 fusion-toggle-has-divider\"><div class=\"panel-heading\"><h4 class=\"panel-title toggle\" id=\"toggle_04f79fda25fd3dad3\"><a aria-expanded=\"false\" aria-controls=\"04f79fda25fd3dad3\" role=\"button\" data-toggle=\"collapse\" data-parent=\"#accordion-37303-2\" data-target=\"#04f79fda25fd3dad3\" href=\"#04f79fda25fd3dad3\"><span class=\"fusion-toggle-icon-wrapper\" aria-hidden=\"true\"><i class=\"fa-fusion-box active-icon awb-icon-minus\" aria-hidden=\"true\"><\/i><i class=\"fa-fusion-box inactive-icon awb-icon-plus\" aria-hidden=\"true\"><\/i><\/span><span class=\"fusion-toggle-heading\">Muss man ein Taxi am Abreisetag vorbestellen?<\/span><\/a><\/h4><\/div><div id=\"04f79fda25fd3dad3\" class=\"panel-collapse collapse \" aria-labelledby=\"toggle_04f79fda25fd3dad3\"><div class=\"panel-body toggle-content fusion-clearfix\">\n<div class=\"fusion-text content\" style=\"text-align: left;\">\n<p>Wir k\u00f6nnen Ihr Taxi entweder direkt beim Check-out organisieren oder auf Wunsch vorbestellen.<\/p>\n<\/div>\n<\/div><\/div><\/div><div class=\"fusion-panel panel-default panel-da90f59b4596ca630 fusion-toggle-has-divider\"><div class=\"panel-heading\"><h4 class=\"panel-title toggle\" id=\"toggle_da90f59b4596ca630\"><a aria-expanded=\"false\" aria-controls=\"da90f59b4596ca630\" role=\"button\" data-toggle=\"collapse\" data-parent=\"#accordion-37303-2\" data-target=\"#da90f59b4596ca630\" href=\"#da90f59b4596ca630\"><span class=\"fusion-toggle-icon-wrapper\" aria-hidden=\"true\"><i class=\"fa-fusion-box active-icon awb-icon-minus\" aria-hidden=\"true\"><\/i><i class=\"fa-fusion-box inactive-icon awb-icon-plus\" aria-hidden=\"true\"><\/i><\/span><span class=\"fusion-toggle-heading\">Wie lange kann ich das Zimmer am Abreisetag nutzen?<\/span><\/a><\/h4><\/div><div id=\"da90f59b4596ca630\" class=\"panel-collapse collapse \" aria-labelledby=\"toggle_da90f59b4596ca630\"><div class=\"panel-body toggle-content fusion-clearfix\">\n<div class=\"fusion-text content\" style=\"text-align: right;\">\n<p style=\"text-align: left;\">Am Abreisetag k\u00f6nnen Sie Ihr Zimmer bis 11:00 Uhr nutzen. Nach Ihrem Check-out verwahren wir auf Wunsch Ihr Gep\u00e4ck gerne kostenfrei.<\/p>\n<p style=\"text-align: left;\">Sie k\u00f6nnen gerne einen Late Check-out nach Verf\u00fcgbarkeit bzw. gegen Geb\u00fchr an der Rezeption anfragen. Unser Rezeptionsteam ist 24 Stunden\/Tag f\u00fcr Sie da.<\/p>\n<\/div>\n<\/div><\/div><\/div><div class=\"fusion-panel panel-default panel-c970426ce4c5ddcf1 fusion-toggle-has-divider\"><div class=\"panel-heading\"><h4 class=\"panel-title toggle\" id=\"toggle_c970426ce4c5ddcf1\"><a aria-expanded=\"false\" aria-controls=\"c970426ce4c5ddcf1\" role=\"button\" data-toggle=\"collapse\" data-parent=\"#accordion-37303-2\" data-target=\"#c970426ce4c5ddcf1\" href=\"#c970426ce4c5ddcf1\"><span class=\"fusion-toggle-icon-wrapper\" aria-hidden=\"true\"><i class=\"fa-fusion-box active-icon awb-icon-minus\" aria-hidden=\"true\"><\/i><i class=\"fa-fusion-box inactive-icon awb-icon-plus\" aria-hidden=\"true\"><\/i><\/span><span class=\"fusion-toggle-heading\">Was ist der einfachste und schnellste Weg vom Hotel zum Flughafen?<\/span><\/a><\/h4><\/div><div id=\"c970426ce4c5ddcf1\" class=\"panel-collapse collapse \" aria-labelledby=\"toggle_c970426ce4c5ddcf1\"><div class=\"panel-body toggle-content fusion-clearfix\">\n<div class=\"fusion-text content\" style=\"text-align: right;\">\n<p style=\"text-align: left;\">Wir empfehlen Ihnen ein Taxi zu nehmen. Ihr Taxi kann entweder vorbestellt oder direkt bei Check-out gerufen werden. Die Kosten belaufen sich im Durchschnitt auf \u20ac \u00a016,00 pro Strecke. Die Fahrt dauert je nach Verkehrslage 15-25 Minuten.<\/p>\n<\/div>\n<\/div><\/div><\/div><div class=\"fusion-panel panel-default panel-44fea5c5ed452b747 fusion-toggle-has-divider\"><div class=\"panel-heading\"><h4 class=\"panel-title toggle\" id=\"toggle_44fea5c5ed452b747\"><a aria-expanded=\"false\" aria-controls=\"44fea5c5ed452b747\" role=\"button\" data-toggle=\"collapse\" data-parent=\"#accordion-37303-2\" data-target=\"#44fea5c5ed452b747\" href=\"#44fea5c5ed452b747\"><span class=\"fusion-toggle-icon-wrapper\" aria-hidden=\"true\"><i class=\"fa-fusion-box active-icon awb-icon-minus\" aria-hidden=\"true\"><\/i><i class=\"fa-fusion-box inactive-icon awb-icon-plus\" aria-hidden=\"true\"><\/i><\/span><span class=\"fusion-toggle-heading\">Ist eine Sp\u00e4tabreise m\u00f6glich?<\/span><\/a><\/h4><\/div><div id=\"44fea5c5ed452b747\" class=\"panel-collapse collapse \" aria-labelledby=\"toggle_44fea5c5ed452b747\"><div class=\"panel-body toggle-content fusion-clearfix\">\n<div class=\"fusion-text content\" style=\"text-align: right;\">\n<p style=\"text-align: left;\">Gerne k\u00f6nnen wir Ihnen nach Verf\u00fcgbarkeit einen kostenlosen Late Check-out bis <strong>12 Uhr<\/strong> anbieten.<\/p>\n<p style=\"text-align: left;\">Falls Sie Ihr Zimmer am Abreisetag l\u00e4nger als 12 Uhr nutzen m\u00f6chten, fallen je nach Abreisezeit Geb\u00fchren an.<\/p>\n<\/div>\n<\/div><\/div><\/div><\/div><\/div><div class=\"fusion-clearfix\"><\/div><\/div><\/div><div class=\"fusion-layout-column fusion_builder_column fusion-builder-column-5 fusion_builder_column_1_2 1_2 fusion-one-half fusion-column-first fusion-animated\" style=\"--awb-padding-top:5%;--awb-padding-right:11%;--awb-padding-bottom:5%;--awb-padding-left:11%;--awb-bg-color:#ffffff;--awb-bg-color-hover:#ffffff;--awb-bg-size:cover;--awb-margin-bottom:0px;width:50%;width:calc(50% - ( ( 0 ) * 0.5 ) );margin-right: 0px;\" data-animationType=\"fadeInLeft\" data-animationDuration=\"0.8\" data-animationOffset=\"top-into-view\" id=\"hotel\"><div class=\"fusion-column-wrapper fusion-column-has-shadow fusion-flex-column-wrapper-legacy\"><div class=\"fusion-content-boxes content-boxes columns row fusion-columns-1 fusion-columns-total-1 fusion-content-boxes-4 content-boxes-icon-on-top content-left\" style=\"--awb-backgroundcolor:#ffffff;--awb-body-color:#636362;--awb-title-color:#af9755;--awb-iconcolor:#008ab4;--awb-hover-accent-color:#af9755;--awb-circle-hover-accent-color:transparent;--awb-item-margin-bottom:40px;\" data-animationOffset=\"top-into-view\"><div style=\"--awb-backgroundcolor:#ffffff;--awb-iconcolor:#008ab4;\" class=\"fusion-column content-box-column content-box-column content-box-column-1 col-lg-12 col-md-12 col-sm-12 fusion-content-box-hover content-box-column-last content-box-column-last-in-row\"><div class=\"col content-box-wrapper content-wrapper-background link-area-box icon-hover-animation-slide\" data-animationOffset=\"top-into-view\"><div class=\"heading heading-with-icon icon-left\"><div aria-hidden=\"true\" class=\"image\"><img decoding=\"async\" src=\"https:\/\/imlauer.com\/hotel-pitter-salzburg\/wp-content\/uploads\/2025\/01\/HotelIcon.png\" width=\"100\" height=\"100\" alt=\"\" \/><\/div><h2 class=\"content-box-heading\" style=\"--h2_typography-font-size:20px;line-height:25px;\">im Hotel<\/h2><\/div><\/div><\/div><div class=\"fusion-clearfix\"><\/div><\/div><div class=\"accordian fusion-accordian\" style=\"--awb-border-size:1px;--awb-icon-size:13px;--awb-content-font-size:18px;--awb-icon-alignment:right;--awb-hover-color:#f9f9f9;--awb-border-color:#cccccc;--awb-background-color:#ffffff;--awb-divider-color:#e0dede;--awb-divider-hover-color:#e0dede;--awb-icon-color:#ffffff;--awb-title-color:#008ab4;--awb-content-color:#747474;--awb-icon-box-color:#333333;--awb-toggle-hover-accent-color:#af9754;--awb-title-font-family:&quot;Bitter&quot;;--awb-title-font-weight:400;--awb-title-font-style:normal;--awb-content-font-family:&quot;Source Sans Pro&quot;;--awb-content-font-style:normal;--awb-content-font-weight:400;\"><div class=\"panel-group fusion-toggle-icon-right fusion-toggle-icon-boxed\" id=\"accordion-37303-3\"><div class=\"fusion-panel panel-default panel-98e0e91ecd05fcc9b fusion-toggle-has-divider\"><div class=\"panel-heading\"><h4 class=\"panel-title toggle\" id=\"toggle_98e0e91ecd05fcc9b\"><a aria-expanded=\"false\" aria-controls=\"98e0e91ecd05fcc9b\" role=\"button\" data-toggle=\"collapse\" data-parent=\"#accordion-37303-3\" data-target=\"#98e0e91ecd05fcc9b\" href=\"#98e0e91ecd05fcc9b\"><span class=\"fusion-toggle-icon-wrapper\" aria-hidden=\"true\"><i class=\"fa-fusion-box active-icon awb-icon-minus\" aria-hidden=\"true\"><\/i><i class=\"fa-fusion-box inactive-icon awb-icon-plus\" aria-hidden=\"true\"><\/i><\/span><span class=\"fusion-toggle-heading\">K\u00f6nnen Sie uns private Transfers bzw. Rundfahren buchen?<\/span><\/a><\/h4><\/div><div id=\"98e0e91ecd05fcc9b\" class=\"panel-collapse collapse \" aria-labelledby=\"toggle_98e0e91ecd05fcc9b\"><div class=\"panel-body toggle-content fusion-clearfix\">\n<div class=\"fusion-text content\" style=\"text-align: left;\">Gerne organisieren wir f\u00fcr Sie Privattransfers jeglicher Art.<\/div>\n<\/div><\/div><\/div><div class=\"fusion-panel panel-default panel-bc1b96efae9fb452f fusion-toggle-has-divider\"><div class=\"panel-heading\"><h4 class=\"panel-title toggle\" id=\"toggle_bc1b96efae9fb452f\"><a aria-expanded=\"false\" aria-controls=\"bc1b96efae9fb452f\" role=\"button\" data-toggle=\"collapse\" data-parent=\"#accordion-37303-3\" data-target=\"#bc1b96efae9fb452f\" href=\"#bc1b96efae9fb452f\"><span class=\"fusion-toggle-icon-wrapper\" aria-hidden=\"true\"><i class=\"fa-fusion-box active-icon awb-icon-minus\" aria-hidden=\"true\"><\/i><i class=\"fa-fusion-box inactive-icon awb-icon-plus\" aria-hidden=\"true\"><\/i><\/span><span class=\"fusion-toggle-heading\">Kann man im Hotel Stadtrundfahrten buchen?<\/span><\/a><\/h4><\/div><div id=\"bc1b96efae9fb452f\" class=\"panel-collapse collapse \" aria-labelledby=\"toggle_bc1b96efae9fb452f\"><div class=\"panel-body toggle-content fusion-clearfix\">\n<div class=\"fusion-text content\" style=\"text-align: left;\">Ja, gerne organisieren wir alle m\u00f6glichen Touren und verkaufen Ihnen auch gerne die Salzburg Card, wenn Sie die Stadt auf eigene Faust erkunden m\u00f6chten.<\/div>\n<\/div><\/div><\/div><div class=\"fusion-panel panel-default panel-2128a304b4428b73c fusion-toggle-has-divider\"><div class=\"panel-heading\"><h4 class=\"panel-title toggle\" id=\"toggle_2128a304b4428b73c\"><a aria-expanded=\"false\" aria-controls=\"2128a304b4428b73c\" role=\"button\" data-toggle=\"collapse\" data-parent=\"#accordion-37303-3\" data-target=\"#2128a304b4428b73c\" href=\"#2128a304b4428b73c\"><span class=\"fusion-toggle-icon-wrapper\" aria-hidden=\"true\"><i class=\"fa-fusion-box active-icon awb-icon-minus\" aria-hidden=\"true\"><\/i><i class=\"fa-fusion-box inactive-icon awb-icon-plus\" aria-hidden=\"true\"><\/i><\/span><span class=\"fusion-toggle-heading\">Wie kann man von Zimmer zu Zimmer telefonieren bzw. aus dem Hotel hinaus telefonieren?<\/span><\/a><\/h4><\/div><div id=\"2128a304b4428b73c\" class=\"panel-collapse collapse \" aria-labelledby=\"toggle_2128a304b4428b73c\"><div class=\"panel-body toggle-content fusion-clearfix\">\n<div class=\"fusion-text content\" style=\"text-align: left;\">Wenn Sie ein anderes Zimmer anrufen m\u00f6chten, w\u00e4hlen Sie bitte nur die Zimmernummer. F\u00fcr eine externe Nummer w\u00e4hlen Sie bitte eine \u201eNull\u201c vor.<\/div>\n<\/div><\/div><\/div><div class=\"fusion-panel panel-default panel-1fcb9b14d09143067 fusion-toggle-has-divider\"><div class=\"panel-heading\"><h4 class=\"panel-title toggle\" id=\"toggle_1fcb9b14d09143067\"><a aria-expanded=\"false\" aria-controls=\"1fcb9b14d09143067\" role=\"button\" data-toggle=\"collapse\" data-parent=\"#accordion-37303-3\" data-target=\"#1fcb9b14d09143067\" href=\"#1fcb9b14d09143067\"><span class=\"fusion-toggle-icon-wrapper\" aria-hidden=\"true\"><i class=\"fa-fusion-box active-icon awb-icon-minus\" aria-hidden=\"true\"><\/i><i class=\"fa-fusion-box inactive-icon awb-icon-plus\" aria-hidden=\"true\"><\/i><\/span><span class=\"fusion-toggle-heading\">Wie lange gibt es Zimmerservice und was wird angeboten?<\/span><\/a><\/h4><\/div><div id=\"1fcb9b14d09143067\" class=\"panel-collapse collapse \" aria-labelledby=\"toggle_1fcb9b14d09143067\"><div class=\"panel-body toggle-content fusion-clearfix\">\n<div class=\"fusion-text content\" style=\"text-align: left;\">Wir servieren von 07:00 Uhr bis 22:00 Uhr Fr\u00fchst\u00fcck und andere Speisen und Getr\u00e4nke aufs Zimmer. Die Zimmerservice-Geb\u00fchr betr\u00e4gt \u20ac 4,50<\/div>\n<\/div><\/div><\/div><div class=\"fusion-panel panel-default panel-d4071967b72889f84 fusion-toggle-has-divider\"><div class=\"panel-heading\"><h4 class=\"panel-title toggle\" id=\"toggle_d4071967b72889f84\"><a aria-expanded=\"false\" aria-controls=\"d4071967b72889f84\" role=\"button\" data-toggle=\"collapse\" data-parent=\"#accordion-37303-3\" data-target=\"#d4071967b72889f84\" href=\"#d4071967b72889f84\"><span class=\"fusion-toggle-icon-wrapper\" aria-hidden=\"true\"><i class=\"fa-fusion-box active-icon awb-icon-minus\" aria-hidden=\"true\"><\/i><i class=\"fa-fusion-box inactive-icon awb-icon-plus\" aria-hidden=\"true\"><\/i><\/span><span class=\"fusion-toggle-heading\">Gibt es behindertengerechte Zimmer im Hotel?<\/span><\/a><\/h4><\/div><div id=\"d4071967b72889f84\" class=\"panel-collapse collapse \" aria-labelledby=\"toggle_d4071967b72889f84\"><div class=\"panel-body toggle-content fusion-clearfix\">\n<div class=\"fusion-text content\" style=\"text-align: left;\">Ja! Bitte kontaktieren Sie uns hierf\u00fcr direkt damit wir auf Ihre Bed\u00fcrfnisse genauestens eingehen k\u00f6nnen (<a href=\"mailto:reservierung.pitter@imlauer.com\">reservierung.pitter@imlauer.com<\/a>)<\/div>\n<div>\n<p>Alle \u00f6ffentlichen Bereiche sind barrierefrei zu erreichen. An der Ecke Rainerstra\u00dfe\/Auerspergstra\u00dfe befindet sich unser barrierefreier Eingang.<\/p>\n<p>Behindertengerechte Toiletten finden Sie im Erdgescho\u00df, im IMLAUER Sky Bar &amp; Restaurant sowie im Restaurant PitterKeller.<\/p>\n<\/div>\n<\/div><\/div><\/div><div class=\"fusion-panel panel-default panel-6229b8e96ac057d13 fusion-toggle-has-divider\"><div class=\"panel-heading\"><h4 class=\"panel-title toggle\" id=\"toggle_6229b8e96ac057d13\"><a aria-expanded=\"false\" aria-controls=\"6229b8e96ac057d13\" role=\"button\" data-toggle=\"collapse\" data-parent=\"#accordion-37303-3\" data-target=\"#6229b8e96ac057d13\" href=\"#6229b8e96ac057d13\"><span class=\"fusion-toggle-icon-wrapper\" aria-hidden=\"true\"><i class=\"fa-fusion-box active-icon awb-icon-minus\" aria-hidden=\"true\"><\/i><i class=\"fa-fusion-box inactive-icon awb-icon-plus\" aria-hidden=\"true\"><\/i><\/span><span class=\"fusion-toggle-heading\">Darf man im Zimmer rauchen?<\/span><\/a><\/h4><\/div><div id=\"6229b8e96ac057d13\" class=\"panel-collapse collapse \" aria-labelledby=\"toggle_6229b8e96ac057d13\"><div class=\"panel-body toggle-content fusion-clearfix\">\n<div class=\"fusion-text content\" style=\"text-align: left;\">Unser Haus ist ein Nichtraucher-Hotel. Gerne darf auf der Terrasse der IMLAUER Sky Bar oder im Raucherbereich vor dem Eingang geraucht werden.<\/div>\n<\/div><\/div><\/div><div class=\"fusion-panel panel-default panel-36a827062f505d3fb fusion-toggle-has-divider\"><div class=\"panel-heading\"><h4 class=\"panel-title toggle\" id=\"toggle_36a827062f505d3fb\"><a aria-expanded=\"false\" aria-controls=\"36a827062f505d3fb\" role=\"button\" data-toggle=\"collapse\" data-parent=\"#accordion-37303-3\" data-target=\"#36a827062f505d3fb\" href=\"#36a827062f505d3fb\"><span class=\"fusion-toggle-icon-wrapper\" aria-hidden=\"true\"><i class=\"fa-fusion-box active-icon awb-icon-minus\" aria-hidden=\"true\"><\/i><i class=\"fa-fusion-box inactive-icon awb-icon-plus\" aria-hidden=\"true\"><\/i><\/span><span class=\"fusion-toggle-heading\">Kann man das Leitungswasser trinken?<\/span><\/a><\/h4><\/div><div id=\"36a827062f505d3fb\" class=\"panel-collapse collapse \" aria-labelledby=\"toggle_36a827062f505d3fb\"><div class=\"panel-body toggle-content fusion-clearfix\">\n<div class=\"fusion-text content\" style=\"text-align: left;\">Ja, es hat Trinkwasserqualit\u00e4t. Das Trinkwasser der Stadt Salzburg hat eine besonders hohe Qualit\u00e4t und kommt von den Grundwasserwerken in Glanegg, St. Leonhard und Taugl<\/div>\n<\/div><\/div><\/div><div class=\"fusion-panel panel-default panel-95791258074a4e2ba fusion-toggle-has-divider\"><div class=\"panel-heading\"><h4 class=\"panel-title toggle\" id=\"toggle_95791258074a4e2ba\"><a aria-expanded=\"false\" aria-controls=\"95791258074a4e2ba\" role=\"button\" data-toggle=\"collapse\" data-parent=\"#accordion-37303-3\" data-target=\"#95791258074a4e2ba\" href=\"#95791258074a4e2ba\"><span class=\"fusion-toggle-icon-wrapper\" aria-hidden=\"true\"><i class=\"fa-fusion-box active-icon awb-icon-minus\" aria-hidden=\"true\"><\/i><i class=\"fa-fusion-box inactive-icon awb-icon-plus\" aria-hidden=\"true\"><\/i><\/span><span class=\"fusion-toggle-heading\">Gibt es im Hotel einen Concierge?<\/span><\/a><\/h4><\/div><div id=\"95791258074a4e2ba\" class=\"panel-collapse collapse \" aria-labelledby=\"toggle_95791258074a4e2ba\"><div class=\"panel-body toggle-content fusion-clearfix\">\n<div class=\"fusion-text content\" style=\"text-align: left;\">Gerne k\u00f6nnen verschiedenste Tickets f\u00fcr Sightseeing-Touren oder auch Konzerte bei unserem Rezeptionsteam erworben werden.<\/div>\n<\/div><\/div><\/div><div class=\"fusion-panel panel-default panel-38270084fbfa04147 fusion-toggle-has-divider\"><div class=\"panel-heading\"><h4 class=\"panel-title toggle\" id=\"toggle_38270084fbfa04147\"><a aria-expanded=\"false\" aria-controls=\"38270084fbfa04147\" role=\"button\" data-toggle=\"collapse\" data-parent=\"#accordion-37303-3\" data-target=\"#38270084fbfa04147\" href=\"#38270084fbfa04147\"><span class=\"fusion-toggle-icon-wrapper\" aria-hidden=\"true\"><i class=\"fa-fusion-box active-icon awb-icon-minus\" aria-hidden=\"true\"><\/i><i class=\"fa-fusion-box inactive-icon awb-icon-plus\" aria-hidden=\"true\"><\/i><\/span><span class=\"fusion-toggle-heading\">Wie lange ist die Rezeption ge\u00f6ffnet?<\/span><\/a><\/h4><\/div><div id=\"38270084fbfa04147\" class=\"panel-collapse collapse \" aria-labelledby=\"toggle_38270084fbfa04147\"><div class=\"panel-body toggle-content fusion-clearfix\">\n<div class=\"fusion-text content\" style=\"text-align: left;\">\n<p>Unser Rezeptionsteam ist 24 Stunden f\u00fcr Sie da.<\/p>\n<\/div>\n<\/div><\/div><\/div><div class=\"fusion-panel panel-default panel-ad947140ac17bceda fusion-toggle-has-divider\"><div class=\"panel-heading\"><h4 class=\"panel-title toggle\" id=\"toggle_ad947140ac17bceda\"><a aria-expanded=\"false\" aria-controls=\"ad947140ac17bceda\" role=\"button\" data-toggle=\"collapse\" data-parent=\"#accordion-37303-3\" data-target=\"#ad947140ac17bceda\" href=\"#ad947140ac17bceda\"><span class=\"fusion-toggle-icon-wrapper\" aria-hidden=\"true\"><i class=\"fa-fusion-box active-icon awb-icon-minus\" aria-hidden=\"true\"><\/i><i class=\"fa-fusion-box inactive-icon awb-icon-plus\" aria-hidden=\"true\"><\/i><\/span><span class=\"fusion-toggle-heading\">Ist es m\u00f6glich ein Extrabett ins Doppelzimmer stellen zu lassen?<\/span><\/a><\/h4><\/div><div id=\"ad947140ac17bceda\" class=\"panel-collapse collapse \" aria-labelledby=\"toggle_ad947140ac17bceda\"><div class=\"panel-body toggle-content fusion-clearfix\">\n<div class=\"fusion-text content\" style=\"text-align: right;\">\n<p style=\"text-align: left;\">Unsere Klassik Doppelzimmer bieten Platz f\u00fcr maximal 1 Babybett (geeignet f\u00fcr Kinder bis 2 Jahre).<\/p>\n<p style=\"text-align: left;\">Babybetten sind kostenlos und auf Anfrage und nach Verf\u00fcgbarkeit erh\u00e4ltlich.<\/p>\n<p style=\"text-align: left;\">F\u00fcr Kinder \u00fcber 2 Jahre wird ein separates Sofabett ben\u00f6tigt. Dies ist in unseren Superior- oder Familienzimmern bzw. Panoramasuiten gerne m\u00f6glich.<\/p>\n<\/div>\n<\/div><\/div><\/div><div class=\"fusion-panel panel-default panel-2449313e7bfc63aa8 fusion-toggle-has-divider\" style=\"--awb-title-color:#008ab4;--awb-content-color:#747474;\"><div class=\"panel-heading\"><h4 class=\"panel-title toggle\" id=\"toggle_2449313e7bfc63aa8\"><a aria-expanded=\"false\" aria-controls=\"2449313e7bfc63aa8\" role=\"button\" data-toggle=\"collapse\" data-parent=\"#accordion-37303-3\" data-target=\"#2449313e7bfc63aa8\" href=\"#2449313e7bfc63aa8\"><span class=\"fusion-toggle-icon-wrapper\" aria-hidden=\"true\"><i class=\"fa-fusion-box active-icon awb-icon-minus\" aria-hidden=\"true\"><\/i><i class=\"fa-fusion-box inactive-icon awb-icon-plus\" aria-hidden=\"true\"><\/i><\/span><span class=\"fusion-toggle-heading\">Wann ist die beste Zeit zum Fr\u00fchst\u00fccken?<\/span><\/a><\/h4><\/div><div id=\"2449313e7bfc63aa8\" class=\"panel-collapse collapse \" aria-labelledby=\"toggle_2449313e7bfc63aa8\"><div class=\"panel-body toggle-content fusion-clearfix\">\n<div class=\"fusion-text content\" style=\"text-align: right;\">\n<p style=\"text-align: left;\">Speziell an den Wochenenden m\u00f6chten die meisten G\u00e4ste zwischen 9 und 10 Uhr fr\u00fchst\u00fccken. Wir empfehlen daher, die Zeit davor oder danach zu nutzen. Alternativ kann zwischen verschiedenen \u00e0 la carte Fr\u00fchst\u00fccksangeboten in unserer IMLAUER Sky Bar von 9:00 Uhr bis 14:00 Uhr gew\u00e4hlt werden, auch f\u00fcr Langschl\u00e4fer geeignet. Hier bietet sich eine Reservierung am Vorabend an der Rezeption an. Wenn Sie das Buffetfr\u00fchst\u00fcck vor Ort dazu buchen, kostet es ebenso \u20ac 37,00.<\/p>\n<\/div>\n<\/div><\/div><\/div><div class=\"fusion-panel panel-default panel-aecf38d5f4ef1384b fusion-toggle-has-divider\"><div class=\"panel-heading\"><h4 class=\"panel-title toggle\" id=\"toggle_aecf38d5f4ef1384b\"><a aria-expanded=\"false\" aria-controls=\"aecf38d5f4ef1384b\" role=\"button\" data-toggle=\"collapse\" data-parent=\"#accordion-37303-3\" data-target=\"#aecf38d5f4ef1384b\" href=\"#aecf38d5f4ef1384b\"><span class=\"fusion-toggle-icon-wrapper\" aria-hidden=\"true\"><i class=\"fa-fusion-box active-icon awb-icon-minus\" aria-hidden=\"true\"><\/i><i class=\"fa-fusion-box inactive-icon awb-icon-plus\" aria-hidden=\"true\"><\/i><\/span><span class=\"fusion-toggle-heading\">Gibt es WLAN im Haus?<\/span><\/a><\/h4><\/div><div id=\"aecf38d5f4ef1384b\" class=\"panel-collapse collapse \" aria-labelledby=\"toggle_aecf38d5f4ef1384b\"><div class=\"panel-body toggle-content fusion-clearfix\">\n<div class=\"fusion-text content\" style=\"text-align: right;\">\n<p style=\"text-align: left;\">WLAN steht unseren G\u00e4sten im gesamten Hotel und allen Zimmern kostenfrei zur Verf\u00fcgung. F\u00fcr WLAN w\u00e4hrend Meetings &amp; Konferenzen kontaktieren Sie bitte unser Bankettverkaufsteam unter <a href=\"mailto:event@imlauer.com\">event@imlauer.com<\/a><\/p>\n<\/div>\n<\/div><\/div><\/div><div class=\"fusion-panel panel-default panel-69210180c8fac63ca fusion-toggle-has-divider\"><div class=\"panel-heading\"><h4 class=\"panel-title toggle\" id=\"toggle_69210180c8fac63ca\"><a aria-expanded=\"false\" aria-controls=\"69210180c8fac63ca\" role=\"button\" data-toggle=\"collapse\" data-parent=\"#accordion-37303-3\" data-target=\"#69210180c8fac63ca\" href=\"#69210180c8fac63ca\"><span class=\"fusion-toggle-icon-wrapper\" aria-hidden=\"true\"><i class=\"fa-fusion-box active-icon awb-icon-minus\" aria-hidden=\"true\"><\/i><i class=\"fa-fusion-box inactive-icon awb-icon-plus\" aria-hidden=\"true\"><\/i><\/span><span class=\"fusion-toggle-heading\">Wo kann ich parken?<\/span><\/a><\/h4><\/div><div id=\"69210180c8fac63ca\" class=\"panel-collapse collapse \" aria-labelledby=\"toggle_69210180c8fac63ca\"><div class=\"panel-body toggle-content fusion-clearfix\">\n<div class=\"fusion-text content\" style=\"text-align: right;\">\n<p style=\"text-align: left;\">Unser Parkhaus befindet sich einen Block entfernt vom Hotel. Bitte fahren Sie zun\u00e4chst zum Hotel vor, wir erkl\u00e4ren Ihnen den k\u00fcrzesten Weg dorthin. Die Kosten betragen Euro 25,- pro Nacht bzw. Euro 31,- inklusive Parkservice.<\/p>\n<\/div>\n<\/div><\/div><\/div><div class=\"fusion-panel panel-default panel-2f9ae64a2acec978f fusion-toggle-has-divider\"><div class=\"panel-heading\"><h4 class=\"panel-title toggle\" id=\"toggle_2f9ae64a2acec978f\"><a aria-expanded=\"false\" aria-controls=\"2f9ae64a2acec978f\" role=\"button\" data-toggle=\"collapse\" data-parent=\"#accordion-37303-3\" data-target=\"#2f9ae64a2acec978f\" href=\"#2f9ae64a2acec978f\"><span class=\"fusion-toggle-icon-wrapper\" aria-hidden=\"true\"><i class=\"fa-fusion-box active-icon awb-icon-minus\" aria-hidden=\"true\"><\/i><i class=\"fa-fusion-box inactive-icon awb-icon-plus\" aria-hidden=\"true\"><\/i><\/span><span class=\"fusion-toggle-heading\">Kann man bei Ihnen ein Elektro Fahrzeug laden?<\/span><\/a><\/h4><\/div><div id=\"2f9ae64a2acec978f\" class=\"panel-collapse collapse \" aria-labelledby=\"toggle_2f9ae64a2acec978f\"><div class=\"panel-body toggle-content fusion-clearfix\">\n<div class=\"fusion-text content\" style=\"text-align: right;\">\n<p style=\"text-align: left;\">Wir bieten Ihnen 5 E-Ladestationen an, bei welchen Sie um 0,45 \u20ac\/kWh laden k\u00f6nnen<strong>. <\/strong>Die Reservierung einer Ladestation ist nicht m\u00f6glich.<\/p>\n<\/div>\n<\/div><\/div><\/div><div class=\"fusion-panel panel-default panel-c24d0d28abdab689a fusion-toggle-has-divider\" style=\"--awb-title-color:#008ab4;--awb-content-color:#747474;\"><div class=\"panel-heading\"><h4 class=\"panel-title toggle\" id=\"toggle_c24d0d28abdab689a\"><a aria-expanded=\"false\" aria-controls=\"c24d0d28abdab689a\" role=\"button\" data-toggle=\"collapse\" data-parent=\"#accordion-37303-3\" data-target=\"#c24d0d28abdab689a\" href=\"#c24d0d28abdab689a\"><span class=\"fusion-toggle-icon-wrapper\" aria-hidden=\"true\"><i class=\"fa-fusion-box active-icon awb-icon-minus\" aria-hidden=\"true\"><\/i><i class=\"fa-fusion-box inactive-icon awb-icon-plus\" aria-hidden=\"true\"><\/i><\/span><span class=\"fusion-toggle-heading\">Wo ist das Fr\u00fchst\u00fcck?<\/span><\/a><\/h4><\/div><div id=\"c24d0d28abdab689a\" class=\"panel-collapse collapse \" aria-labelledby=\"toggle_c24d0d28abdab689a\"><div class=\"panel-body toggle-content fusion-clearfix\">\n<div class=\"fusion-text content\" style=\"text-align: right;\">\n<p style=\"text-align: left;\">Im IMLAUER Sky Restaurant im 6.Stock \u00a0wird Ihnen von 6:30 Uhr bis 10:30 Uhr ein reichhaltiges Fr\u00fchst\u00fccksbuffet geboten.<\/p>\n<\/div>\n<\/div><\/div><\/div><div class=\"fusion-panel panel-default panel-04f1f2b38f2a34e40 fusion-toggle-has-divider\"><div class=\"panel-heading\"><h4 class=\"panel-title toggle\" id=\"toggle_04f1f2b38f2a34e40\"><a aria-expanded=\"false\" aria-controls=\"04f1f2b38f2a34e40\" role=\"button\" data-toggle=\"collapse\" data-parent=\"#accordion-37303-3\" data-target=\"#04f1f2b38f2a34e40\" href=\"#04f1f2b38f2a34e40\"><span class=\"fusion-toggle-icon-wrapper\" aria-hidden=\"true\"><i class=\"fa-fusion-box active-icon awb-icon-minus\" aria-hidden=\"true\"><\/i><i class=\"fa-fusion-box inactive-icon awb-icon-plus\" aria-hidden=\"true\"><\/i><\/span><span class=\"fusion-toggle-heading\">Wo ist der Bahnhof?<\/span><\/a><\/h4><\/div><div id=\"04f1f2b38f2a34e40\" class=\"panel-collapse collapse \" aria-labelledby=\"toggle_04f1f2b38f2a34e40\"><div class=\"panel-body toggle-content fusion-clearfix\">\n<div class=\"fusion-text content\" style=\"text-align: right;\">\n<p style=\"text-align: left;\">10 Gehminuten entlang der Rainerstra\u00dfe<\/p>\n<\/div>\n<\/div><\/div><\/div><div class=\"fusion-panel panel-default panel-a8a7187a05ab983b3 fusion-toggle-has-divider\"><div class=\"panel-heading\"><h4 class=\"panel-title toggle\" id=\"toggle_a8a7187a05ab983b3\"><a aria-expanded=\"false\" aria-controls=\"a8a7187a05ab983b3\" role=\"button\" data-toggle=\"collapse\" data-parent=\"#accordion-37303-3\" data-target=\"#a8a7187a05ab983b3\" href=\"#a8a7187a05ab983b3\"><span class=\"fusion-toggle-icon-wrapper\" aria-hidden=\"true\"><i class=\"fa-fusion-box active-icon awb-icon-minus\" aria-hidden=\"true\"><\/i><i class=\"fa-fusion-box inactive-icon awb-icon-plus\" aria-hidden=\"true\"><\/i><\/span><span class=\"fusion-toggle-heading\">Gibt es einen Privattransfer vom Bahnhof\/Flughafen zum Hotel und zur\u00fcck?<\/span><\/a><\/h4><\/div><div id=\"a8a7187a05ab983b3\" class=\"panel-collapse collapse \" aria-labelledby=\"toggle_a8a7187a05ab983b3\"><div class=\"panel-body toggle-content fusion-clearfix\">\n<div class=\"fusion-text content\" style=\"text-align: right;\">\n<p style=\"text-align: left;\">Ja, gibt es und es kostet \u20ac 60 pro Strecke<\/p>\n<\/div>\n<\/div><\/div><\/div><\/div><\/div><div class=\"fusion-clearfix\"><\/div><\/div><\/div><div class=\"fusion-layout-column fusion_builder_column fusion-builder-column-6 fusion_builder_column_1_2 1_2 fusion-one-half fusion-column-last fusion-animated\" style=\"--awb-padding-top:5%;--awb-padding-right:11%;--awb-padding-bottom:5%;--awb-padding-left:11%;--awb-bg-color:#ffffff;--awb-bg-color-hover:#ffffff;--awb-bg-size:cover;--awb-margin-bottom:0px;width:50%;width:calc(50% - ( ( 0 ) * 0.5 ) );\" data-animationType=\"fadeInLeft\" data-animationDuration=\"0.8\" data-animationOffset=\"top-into-view\" id=\"naehe\"><div class=\"fusion-column-wrapper fusion-column-has-shadow fusion-flex-column-wrapper-legacy\"><div class=\"fusion-content-boxes content-boxes columns row fusion-columns-1 fusion-columns-total-1 fusion-content-boxes-5 content-boxes-icon-on-top content-left\" style=\"--awb-backgroundcolor:#ffffff;--awb-body-color:#636362;--awb-title-color:#af9755;--awb-iconcolor:#008ab4;--awb-hover-accent-color:#af9755;--awb-circle-hover-accent-color:transparent;--awb-item-margin-bottom:40px;\" data-animationOffset=\"top-into-view\"><div style=\"--awb-backgroundcolor:#ffffff;--awb-iconcolor:#008ab4;\" class=\"fusion-column content-box-column content-box-column content-box-column-1 col-lg-12 col-md-12 col-sm-12 fusion-content-box-hover content-box-column-last content-box-column-last-in-row\"><div class=\"col content-box-wrapper content-wrapper-background link-area-box icon-hover-animation-slide\" data-animationOffset=\"top-into-view\"><div class=\"heading heading-with-icon icon-left\"><div aria-hidden=\"true\" class=\"image\"><img decoding=\"async\" src=\"https:\/\/imlauer.com\/hotel-pitter-salzburg\/wp-content\/uploads\/2025\/01\/imlauernearby.png\" width=\"100\" height=\"100\" alt=\"\" \/><\/div><h2 class=\"content-box-heading\" style=\"--h2_typography-font-size:20px;line-height:25px;\">in der N\u00e4he vom Hotel<\/h2><\/div><\/div><\/div><div class=\"fusion-clearfix\"><\/div><\/div><div class=\"accordian fusion-accordian\" style=\"--awb-border-size:1px;--awb-icon-size:13px;--awb-content-font-size:18px;--awb-icon-alignment:left;--awb-hover-color:#f9f9f9;--awb-border-color:#cccccc;--awb-background-color:#ffffff;--awb-divider-color:#e0dede;--awb-divider-hover-color:#e0dede;--awb-icon-color:#ffffff;--awb-title-color:#008ab4;--awb-content-color:#747474;--awb-icon-box-color:#333333;--awb-toggle-hover-accent-color:#af9754;--awb-title-font-family:&quot;Bitter&quot;;--awb-title-font-weight:400;--awb-title-font-style:normal;--awb-content-font-family:&quot;Source Sans Pro&quot;;--awb-content-font-style:normal;--awb-content-font-weight:400;\"><div class=\"panel-group fusion-toggle-icon-boxed\" id=\"accordion-37303-4\"><div class=\"fusion-panel panel-default panel-68c6fbcfd63dfd1bb fusion-toggle-has-divider\"><div class=\"panel-heading\"><h4 class=\"panel-title toggle\" id=\"toggle_68c6fbcfd63dfd1bb\"><a aria-expanded=\"false\" aria-controls=\"68c6fbcfd63dfd1bb\" role=\"button\" data-toggle=\"collapse\" data-parent=\"#accordion-37303-4\" data-target=\"#68c6fbcfd63dfd1bb\" href=\"#68c6fbcfd63dfd1bb\"><span class=\"fusion-toggle-icon-wrapper\" aria-hidden=\"true\"><i class=\"fa-fusion-box active-icon awb-icon-minus\" aria-hidden=\"true\"><\/i><i class=\"fa-fusion-box inactive-icon awb-icon-plus\" aria-hidden=\"true\"><\/i><\/span><span class=\"fusion-toggle-heading\">Wie lange ben\u00f6tigt man zu Fu\u00df in die Altstadt?<\/span><\/a><\/h4><\/div><div id=\"68c6fbcfd63dfd1bb\" class=\"panel-collapse collapse \" aria-labelledby=\"toggle_68c6fbcfd63dfd1bb\"><div class=\"panel-body toggle-content fusion-clearfix\">\n<div class=\"fusion-text content\" style=\"text-align: left;\">Unser Hotel liegt auf der rechten Seite der Altstadt. Die Altstadt(inklusive Mozart Geburtshaus) k\u00f6nnen Sie durch den Mirabellgarten zu Fu\u00df in 15 Minuten erreichen.<\/div>\n<\/div><\/div><\/div><div class=\"fusion-panel panel-default panel-a2c98e741d3ba3e0e fusion-toggle-has-divider\"><div class=\"panel-heading\"><h4 class=\"panel-title toggle\" id=\"toggle_a2c98e741d3ba3e0e\"><a aria-expanded=\"false\" aria-controls=\"a2c98e741d3ba3e0e\" role=\"button\" data-toggle=\"collapse\" data-parent=\"#accordion-37303-4\" data-target=\"#a2c98e741d3ba3e0e\" href=\"#a2c98e741d3ba3e0e\"><span class=\"fusion-toggle-icon-wrapper\" aria-hidden=\"true\"><i class=\"fa-fusion-box active-icon awb-icon-minus\" aria-hidden=\"true\"><\/i><i class=\"fa-fusion-box inactive-icon awb-icon-plus\" aria-hidden=\"true\"><\/i><\/span><span class=\"fusion-toggle-heading\">Wo befindet sich die n\u00e4chste Apotheke?<\/span><\/a><\/h4><\/div><div id=\"a2c98e741d3ba3e0e\" class=\"panel-collapse collapse \" aria-labelledby=\"toggle_a2c98e741d3ba3e0e\"><div class=\"panel-body toggle-content fusion-clearfix\">\n<div class=\"fusion-text content\" style=\"text-align: left;\">Die n\u00e4chste Apotheke (\u201eElisabeth-Apotheke\u201c) befindet sich ca. 300 Meter vom Hotel entfernt, Richtung Hauptbahnhof, auf der linken Seite.<\/div>\n<\/div><\/div><\/div><div class=\"fusion-panel panel-default panel-bf0db9d314fa15d2e fusion-toggle-has-divider\"><div class=\"panel-heading\"><h4 class=\"panel-title toggle\" id=\"toggle_bf0db9d314fa15d2e\"><a aria-expanded=\"false\" aria-controls=\"bf0db9d314fa15d2e\" role=\"button\" data-toggle=\"collapse\" data-parent=\"#accordion-37303-4\" data-target=\"#bf0db9d314fa15d2e\" href=\"#bf0db9d314fa15d2e\"><span class=\"fusion-toggle-icon-wrapper\" aria-hidden=\"true\"><i class=\"fa-fusion-box active-icon awb-icon-minus\" aria-hidden=\"true\"><\/i><i class=\"fa-fusion-box inactive-icon awb-icon-plus\" aria-hidden=\"true\"><\/i><\/span><span class=\"fusion-toggle-heading\">Wo kann ich Geld wechseln?<\/span><\/a><\/h4><\/div><div id=\"bf0db9d314fa15d2e\" class=\"panel-collapse collapse \" aria-labelledby=\"toggle_bf0db9d314fa15d2e\"><div class=\"panel-body toggle-content fusion-clearfix\">\n<div class=\"fusion-text content\" style=\"text-align: left;\">Gegen\u00fcber des Hotels befinden sich zwei Banken, die Sparkasse und die BAWAG<\/div>\n<\/div><\/div><\/div><div class=\"fusion-panel panel-default panel-f1a972664c0d1bee8 fusion-toggle-has-divider\"><div class=\"panel-heading\"><h4 class=\"panel-title toggle\" id=\"toggle_f1a972664c0d1bee8\"><a aria-expanded=\"false\" aria-controls=\"f1a972664c0d1bee8\" role=\"button\" data-toggle=\"collapse\" data-parent=\"#accordion-37303-4\" data-target=\"#f1a972664c0d1bee8\" href=\"#f1a972664c0d1bee8\"><span class=\"fusion-toggle-icon-wrapper\" aria-hidden=\"true\"><i class=\"fa-fusion-box active-icon awb-icon-minus\" aria-hidden=\"true\"><\/i><i class=\"fa-fusion-box inactive-icon awb-icon-plus\" aria-hidden=\"true\"><\/i><\/span><span class=\"fusion-toggle-heading\">Wo ist der n\u00e4chste Bankomat?<\/span><\/a><\/h4><\/div><div id=\"f1a972664c0d1bee8\" class=\"panel-collapse collapse \" aria-labelledby=\"toggle_f1a972664c0d1bee8\"><div class=\"panel-body toggle-content fusion-clearfix\">\n<div class=\"fusion-text content\" style=\"text-align: left;\">Bawag gegen\u00fcber vom Hotel<\/div>\n<\/div><\/div><\/div><div class=\"fusion-panel panel-default panel-c818a78d30b035e15 fusion-toggle-has-divider\"><div class=\"panel-heading\"><h4 class=\"panel-title toggle\" id=\"toggle_c818a78d30b035e15\"><a aria-expanded=\"false\" aria-controls=\"c818a78d30b035e15\" role=\"button\" data-toggle=\"collapse\" data-parent=\"#accordion-37303-4\" data-target=\"#c818a78d30b035e15\" href=\"#c818a78d30b035e15\"><span class=\"fusion-toggle-icon-wrapper\" aria-hidden=\"true\"><i class=\"fa-fusion-box active-icon awb-icon-minus\" aria-hidden=\"true\"><\/i><i class=\"fa-fusion-box inactive-icon awb-icon-plus\" aria-hidden=\"true\"><\/i><\/span><span class=\"fusion-toggle-heading\">Wo ist der n\u00e4chster Supermarkt?<\/span><\/a><\/h4><\/div><div id=\"c818a78d30b035e15\" class=\"panel-collapse collapse \" aria-labelledby=\"toggle_c818a78d30b035e15\"><div class=\"panel-body toggle-content fusion-clearfix\">\n<div class=\"fusion-text content\" style=\"text-align: left;\">Spar Supermarkt im Hauptbahnhof, Billa im Kiesel Center oder Shell Tankstelle vor dem Hauptbahnhof<\/div>\n<\/div><\/div><\/div><\/div><\/div><div class=\"fusion-clearfix\"><\/div><\/div><\/div><div class=\"fusion-layout-column fusion_builder_column fusion-builder-column-7 fusion_builder_column_1_2 1_2 fusion-one-half fusion-column-first fusion-animated\" style=\"--awb-padding-top:5%;--awb-padding-right:11%;--awb-padding-bottom:5%;--awb-padding-left:11%;--awb-bg-color:#ffffff;--awb-bg-color-hover:#ffffff;--awb-bg-size:cover;--awb-margin-bottom:0px;width:50%;width:calc(50% - ( ( 0 ) * 0.5 ) );margin-right: 0px;\" data-animationType=\"fadeInLeft\" data-animationDuration=\"0.8\" data-animationOffset=\"top-into-view\" id=\"fitness\"><div class=\"fusion-column-wrapper fusion-column-has-shadow fusion-flex-column-wrapper-legacy\"><div class=\"fusion-content-boxes content-boxes columns row fusion-columns-1 fusion-columns-total-1 fusion-content-boxes-6 content-boxes-icon-on-top content-left\" style=\"--awb-backgroundcolor:#ffffff;--awb-body-color:#636362;--awb-title-color:#af9755;--awb-iconcolor:#008ab4;--awb-hover-accent-color:#af9755;--awb-circle-hover-accent-color:transparent;--awb-item-margin-bottom:40px;\" data-animationOffset=\"top-into-view\"><div style=\"--awb-backgroundcolor:#ffffff;--awb-iconcolor:#008ab4;\" class=\"fusion-column content-box-column content-box-column content-box-column-1 col-lg-12 col-md-12 col-sm-12 fusion-content-box-hover content-box-column-last content-box-column-last-in-row\"><div class=\"col content-box-wrapper content-wrapper-background link-area-box icon-hover-animation-slide\" data-animationOffset=\"top-into-view\"><div class=\"heading heading-with-icon icon-left\"><div aria-hidden=\"true\" class=\"image\"><img decoding=\"async\" src=\"https:\/\/imlauer.com\/hotel-pitter-salzburg\/wp-content\/uploads\/2025\/01\/ImlauerFitness-1.png\" width=\"100\" height=\"100\" alt=\"\" \/><\/div><h2 class=\"content-box-heading\" style=\"--h2_typography-font-size:20px;line-height:25px;\">Fitness<\/h2><\/div><\/div><\/div><div class=\"fusion-clearfix\"><\/div><\/div><div class=\"accordian fusion-accordian\" style=\"--awb-border-size:1px;--awb-icon-size:13px;--awb-content-font-size:18px;--awb-icon-alignment:left;--awb-hover-color:#f9f9f9;--awb-border-color:#cccccc;--awb-background-color:#ffffff;--awb-divider-color:#e0dede;--awb-divider-hover-color:#e0dede;--awb-icon-color:#ffffff;--awb-title-color:#008ab4;--awb-content-color:#747474;--awb-icon-box-color:#333333;--awb-toggle-hover-accent-color:#af9754;--awb-title-font-family:&quot;Bitter&quot;;--awb-title-font-weight:400;--awb-title-font-style:normal;--awb-content-font-family:&quot;Source Sans Pro&quot;;--awb-content-font-style:normal;--awb-content-font-weight:400;\"><div class=\"panel-group fusion-toggle-icon-boxed\" id=\"accordion-37303-5\"><div class=\"fusion-panel panel-default panel-72b2a5af7b1fc3224 fusion-toggle-has-divider\"><div class=\"panel-heading\"><h4 class=\"panel-title toggle\" id=\"toggle_72b2a5af7b1fc3224\"><a aria-expanded=\"false\" aria-controls=\"72b2a5af7b1fc3224\" role=\"button\" data-toggle=\"collapse\" data-parent=\"#accordion-37303-5\" data-target=\"#72b2a5af7b1fc3224\" href=\"#72b2a5af7b1fc3224\"><span class=\"fusion-toggle-icon-wrapper\" aria-hidden=\"true\"><i class=\"fa-fusion-box active-icon awb-icon-minus\" aria-hidden=\"true\"><\/i><i class=\"fa-fusion-box inactive-icon awb-icon-plus\" aria-hidden=\"true\"><\/i><\/span><span class=\"fusion-toggle-heading\">Welche Ger\u00e4te bieten Sie im Fitnessbereich an und ab wann ist die Sauna benutzbar?<\/span><\/a><\/h4><\/div><div id=\"72b2a5af7b1fc3224\" class=\"panel-collapse collapse \" aria-labelledby=\"toggle_72b2a5af7b1fc3224\"><div class=\"panel-body toggle-content fusion-clearfix\">\n<div class=\"fusion-text content\" style=\"text-align: left;\">\n<p>Unser Fitnessbereich ist mit topaktuellen Cardio- sowie Kraftger\u00e4te, Hanteln und Faszienrollen ausgestattet. Die Sauna k\u00f6nnen Sie derzeit nur unter voranmeldung an der Rezeption ben\u00fctzen. Unser kostenfreier Fitness-&amp; Saunabereich steht ausschlie\u00dflich unseren Hotelg\u00e4sten zur exklusiven Nutzung bereit.<\/p>\n<\/div>\n<\/div><\/div><\/div><\/div><\/div><div class=\"fusion-clearfix\"><\/div><\/div><\/div><div class=\"fusion-layout-column fusion_builder_column fusion-builder-column-8 fusion_builder_column_1_2 1_2 fusion-one-half fusion-column-last fusion-animated\" style=\"--awb-padding-top:5%;--awb-padding-right:11%;--awb-padding-bottom:5%;--awb-padding-left:11%;--awb-bg-color:#ffffff;--awb-bg-color-hover:#ffffff;--awb-bg-size:cover;--awb-margin-bottom:8%;width:50%;width:calc(50% - ( ( 0 ) * 0.5 ) );\" data-animationType=\"fadeInRight\" data-animationDuration=\"0.8\" data-animationOffset=\"top-into-view\" id=\"kulinarik\"><div class=\"fusion-column-wrapper fusion-column-has-shadow fusion-flex-column-wrapper-legacy\"><div class=\"fusion-content-boxes content-boxes columns row fusion-columns-1 fusion-columns-total-1 fusion-content-boxes-7 content-boxes-icon-on-top content-left\" style=\"--awb-backgroundcolor:#ffffff;--awb-body-color:#636362;--awb-title-color:#af9755;--awb-iconcolor:#008ab4;--awb-hover-accent-color:#af9755;--awb-circle-hover-accent-color:transparent;--awb-item-margin-bottom:40px;\" data-animationOffset=\"top-into-view\"><div style=\"--awb-backgroundcolor:#ffffff;--awb-iconcolor:#008ab4;\" class=\"fusion-column content-box-column content-box-column content-box-column-1 col-lg-12 col-md-12 col-sm-12 fusion-content-box-hover content-box-column-last content-box-column-last-in-row\"><div class=\"col content-box-wrapper content-wrapper-background link-area-box icon-hover-animation-slide\" data-animationOffset=\"top-into-view\"><div class=\"heading heading-with-icon icon-left\"><div aria-hidden=\"true\" class=\"image\"><img decoding=\"async\" src=\"https:\/\/imlauer.com\/hotel-pitter-salzburg\/wp-content\/uploads\/2025\/01\/besteck-glas-1-1.png\" width=\"100\" height=\"100\" alt=\"\" \/><\/div><h2 class=\"content-box-heading\" style=\"--h2_typography-font-size:20px;line-height:25px;\">Kulinarik<\/h2><\/div><\/div><\/div><div class=\"fusion-clearfix\"><\/div><\/div><div class=\"accordian fusion-accordian\" style=\"--awb-border-size:1px;--awb-icon-size:13px;--awb-content-font-size:18px;--awb-icon-alignment:left;--awb-hover-color:#f9f9f9;--awb-border-color:#cccccc;--awb-background-color:#ffffff;--awb-divider-color:#e0dede;--awb-divider-hover-color:#e0dede;--awb-icon-color:#ffffff;--awb-title-color:#008ab4;--awb-content-color:#747474;--awb-icon-box-color:#333333;--awb-toggle-hover-accent-color:#af9754;--awb-title-font-family:&quot;Bitter&quot;;--awb-title-font-weight:400;--awb-title-font-style:normal;--awb-content-font-family:&quot;Source Sans Pro&quot;;--awb-content-font-style:normal;--awb-content-font-weight:400;\"><div class=\"panel-group fusion-toggle-icon-boxed\" id=\"accordion-37303-6\"><div class=\"fusion-panel panel-default panel-2518561b47e078c72 fusion-toggle-has-divider\"><div class=\"panel-heading\"><h4 class=\"panel-title toggle\" id=\"toggle_2518561b47e078c72\"><a aria-expanded=\"false\" aria-controls=\"2518561b47e078c72\" role=\"button\" data-toggle=\"collapse\" data-parent=\"#accordion-37303-6\" data-target=\"#2518561b47e078c72\" href=\"#2518561b47e078c72\"><span class=\"fusion-toggle-icon-wrapper\" aria-hidden=\"true\"><i class=\"fa-fusion-box active-icon awb-icon-minus\" aria-hidden=\"true\"><\/i><i class=\"fa-fusion-box inactive-icon awb-icon-plus\" aria-hidden=\"true\"><\/i><\/span><span class=\"fusion-toggle-heading\">Wie lange ist die K\u00fcche des Restaurants ge\u00f6ffnet?<\/span><\/a><\/h4><\/div><div id=\"2518561b47e078c72\" class=\"panel-collapse collapse \" aria-labelledby=\"toggle_2518561b47e078c72\"><div class=\"panel-body toggle-content fusion-clearfix\">\n<div class=\"fusion-text content\" style=\"text-align: left;\">\n<p>In unserem Hotel befinden sich zwei Restaurants:<\/p>\n<p><strong>IMLAUER Sky Restaurant:<\/strong> Warme K\u00fcche von 11:30 &#8211; 22:00 Uhr<\/p>\n<p><strong>IMLAUER Sky Bar:<\/strong> von 09:00 &#8211; 00:30 Uhr ge\u00f6ffnet<\/p>\n<p><strong>Restaurant Pitterkeller:<br \/>\n<\/strong>Dienstag bis Freitag von 11:30 &#8211; 14:00 Uhr, und von 17:30 &#8211; 21:30 Uhr warme K\u00fcche<br \/>\nSamstags von 17:00 &#8211; 21:30 Uhr warme K\u00fcche<\/p>\n<\/div>\n<\/div><\/div><\/div><\/div><\/div><div class=\"fusion-clearfix\"><\/div><\/div><\/div><\/div><\/div><\/p>\n","protected":false},"excerpt":{"rendered":"","protected":false},"author":1,"featured_media":0,"parent":0,"menu_order":0,"comment_status":"closed","ping_status":"closed","template":"100-width.php","meta":{"footnotes":""},"class_list":["post-37303","page","type-page","status-publish","hentry"],"_links":{"self":[{"href":"https:\/\/imlauer.com\/hotel-pitter-salzburg\/wp-json\/wp\/v2\/pages\/37303","targetHints":{"allow":["GET"]}}],"collection":[{"href":"https:\/\/imlauer.com\/hotel-pitter-salzburg\/wp-json\/wp\/v2\/pages"}],"about":[{"href":"https:\/\/imlauer.com\/hotel-pitter-salzburg\/wp-json\/wp\/v2\/types\/page"}],"author":[{"embeddable":true,"href":"https:\/\/imlauer.com\/hotel-pitter-salzburg\/wp-json\/wp\/v2\/users\/1"}],"replies":[{"embeddable":true,"href":"https:\/\/imlauer.com\/hotel-pitter-salzburg\/wp-json\/wp\/v2\/comments?post=37303"}],"version-history":[{"count":7,"href":"https:\/\/imlauer.com\/hotel-pitter-salzburg\/wp-json\/wp\/v2\/pages\/37303\/revisions"}],"predecessor-version":[{"id":47348,"href":"https:\/\/imlauer.com\/hotel-pitter-salzburg\/wp-json\/wp\/v2\/pages\/37303\/revisions\/47348"}],"wp:attachment":[{"href":"https:\/\/imlauer.com\/hotel-pitter-salzburg\/wp-json\/wp\/v2\/media?parent=37303"}],"curies":[{"name":"wp","href":"https:\/\/api.w.org\/{rel}","templated":true}]}}