{"id":39907,"date":"2025-05-12T07:27:18","date_gmt":"2025-05-12T07:27:18","guid":{"rendered":"https:\/\/imlauer.com\/hotel-pitter-salzburg\/reuniones-y-eventos\/"},"modified":"2026-08-21T09:46:19","modified_gmt":"2026-08-21T09:46:19","slug":"reuniones-y-eventos","status":"publish","type":"page","link":"https:\/\/imlauer.com\/hotel-pitter-salzburg\/reuniones-y-eventos\/?lang=es","title":{"rendered":"Reuniones y eventos"},"content":{"rendered":"<p><div class=\"fusion-fullwidth fullwidth-box fusion-builder-row-1 fusion-flex-container has-pattern-background has-mask-background nonhundred-percent-fullwidth non-hundred-percent-height-scrolling fusion-no-small-visibility\" style=\"--awb-background-position:left top;--awb-border-sizes-top:0px;--awb-border-sizes-bottom:0px;--awb-border-sizes-left:0px;--awb-border-sizes-right:0px;--awb-border-radius-top-left:0px;--awb-border-radius-top-right:0px;--awb-border-radius-bottom-right:0px;--awb-border-radius-bottom-left:0px;--awb-padding-top:60px;--awb-padding-bottom:20px;--awb-flex-wrap:wrap;\" ><div class=\"fusion-builder-row fusion-row fusion-flex-align-items-stretch fusion-flex-content-wrap\" style=\"max-width:calc( 1300px + 0px );margin-left: calc(-0px \/ 2 );margin-right: calc(-0px \/ 2 );\"><div class=\"fusion-layout-column fusion_builder_column fusion-builder-column-0 fusion_builder_column_1_5 1_5 fusion-flex-column\" style=\"--awb-bg-size:cover;--awb-width-large:20%;--awb-margin-top-large:0px;--awb-spacing-right-large:0px;--awb-margin-bottom-large:20px;--awb-spacing-left-large:0px;--awb-width-medium:100%;--awb-order-medium:0;--awb-spacing-right-medium:0px;--awb-spacing-left-medium:0px;--awb-width-small:100%;--awb-order-small:0;--awb-spacing-right-small:0px;--awb-spacing-left-small:0px;\"><div class=\"fusion-column-wrapper fusion-column-has-shadow fusion-flex-justify-content-flex-start fusion-content-layout-column\"><\/div><\/div><div class=\"fusion-layout-column fusion_builder_column fusion-builder-column-1 fusion_builder_column_3_5 3_5 fusion-flex-column\" style=\"--awb-padding-top:20px;--awb-padding-right:20px;--awb-padding-bottom:20px;--awb-padding-left:20px;--awb-bg-position:right bottom;--awb-bg-size:cover;--awb-width-large:60%;--awb-margin-top-large:0px;--awb-spacing-right-large:0px;--awb-margin-bottom-large:30px;--awb-spacing-left-large:0px;--awb-width-medium:100%;--awb-spacing-right-medium:0px;--awb-spacing-left-medium:0px;--awb-width-small:100%;--awb-spacing-right-small:0px;--awb-spacing-left-small:0px;\"><div class=\"fusion-column-wrapper fusion-column-has-shadow fusion-flex-justify-content-center fusion-content-layout-column\"><div class=\"fusion-text fusion-text-1\"><h1 style=\"text-align: center;\">CENTRO DE EVENTOS PITTER<\/h1>\n<h2 style=\"text-align: center;\"><span style=\"font-weight: 400;\">Tu hotel para seminarios, eventos y conferencias en Salzburgo<\/span><\/h2>\n<p style=\"text-align: center;\"><span style=\"font-weight: 400;\">Espacio para grandes planes. Equipado con tecnolog\u00eda punta, el Centro de Eventos Pitter te ofrece todas las posibilidades para tu evento. Ya sea un congreso, un incentivo, una conferencia de prensa, un acto corporativo o una celebraci\u00f3n privada: con nosotros puedes celebrar tu reuni\u00f3n en el coraz\u00f3n de Salzburgo, con todas las comodidades que ofrece un hotel de 4 estrellas superior de renombre.  <\/span><\/p>\n<h2 style=\"text-align: center;\">Echa un vistazo a nuestro Hotel IMLAUER Pitter y al Centro de Eventos Pitter <a href=\"https:\/\/youtu.be\/N4ifosPW_GU\" target=\"_blank\" rel=\"noopener\">ONLINE<\/a>.<\/h2>\n<\/div><div class=\"fusion-separator fusion-full-width-sep\" style=\"align-self: center;margin-left: auto;margin-right: auto;margin-top:25px;width:100%;\"><\/div><ul style=\"--awb-iconcolor:#cbaa5c;--awb-line-height:30.6px;--awb-icon-width:30.6px;--awb-icon-height:30.6px;--awb-icon-margin:12.6px;--awb-content-margin:43.2px;\" class=\"fusion-checklist fusion-checklist-1 fusion-checklist-default type-icons\"><li class=\"fusion-li-item\" style=\"\"><span class=\"icon-wrapper circle-no\"><i class=\"fusion-li-icon fa-pen fas\" aria-hidden=\"true\"><\/i><\/span><div class=\"fusion-li-item-content\">\n<p><strong><a href=\"https:\/\/imlauer.com\/hotel-pitter-salzburg\/paquetes-de-conferencias\/?lang=es\" target=\"_blank\" rel=\"noopener\">Tarifa plana conferencia de medio d\u00eda<\/a><\/strong><\/p>\n<\/div><\/li><li class=\"fusion-li-item\" style=\"\"><span class=\"icon-wrapper circle-no\"><i class=\"fusion-li-icon fa-pen-alt fas\" aria-hidden=\"true\"><\/i><\/span><div class=\"fusion-li-item-content\">\n<p><a href=\"https:\/\/imlauer.com\/hotel-pitter-salzburg\/paquetes-de-conferencias\/?lang=es\" target=\"_blank\" rel=\"noopener\"><strong>Tarifa plana para la conferencia de todo el d\u00eda<\/strong><\/a><\/p>\n<div class=\"fusion-text fusion-text-2\"><\/div><\/div><\/li><\/ul><div class=\"fusion-separator fusion-full-width-sep\" style=\"align-self: center;margin-left: auto;margin-right: auto;margin-top:25px;width:100%;\"><\/div><ul style=\"--awb-iconcolor:#cbaa5c;--awb-line-height:30.6px;--awb-icon-width:30.6px;--awb-icon-height:30.6px;--awb-icon-margin:12.6px;--awb-content-margin:43.2px;\" class=\"fusion-checklist fusion-checklist-2 fusion-checklist-default type-icons\"><li class=\"fusion-li-item\" style=\"\"><span class=\"icon-wrapper circle-no\"><i class=\"fusion-li-icon fa-check fas\" aria-hidden=\"true\"><\/i><\/span><div class=\"fusion-li-item-content\">\n<p><span style=\"font-weight: 400;\">12 salas de seminarios<\/span><\/p>\n<\/div><\/li><li class=\"fusion-li-item\" style=\"\"><span class=\"icon-wrapper circle-no\"><i class=\"fusion-li-icon fa-check fas\" aria-hidden=\"true\"><\/i><\/span><div class=\"fusion-li-item-content\">\n<p><span style=\"font-weight: 400;\">El Pitter Event Center, con una superficie de 1200 m\u00b2<\/span><\/p>\n<\/div><\/li><li class=\"fusion-li-item\" style=\"\"><span class=\"icon-wrapper circle-no\"><i class=\"fusion-li-icon fa-check fas\" aria-hidden=\"true\"><\/i><\/span><div class=\"fusion-li-item-content\">\n<p><span style=\"font-weight: 400;\">192 habitaciones<\/span><\/p>\n<\/div><\/li><li class=\"fusion-li-item\" style=\"\"><span class=\"icon-wrapper circle-no\"><i class=\"fusion-li-icon fa-check fas\" aria-hidden=\"true\"><\/i><\/span><div class=\"fusion-li-item-content\">\n<p><span style=\"font-weight: 400;\">2 restaurantes en el mismo edificio y otros 2 restaurantes de Imlau a los que se puede llegar a pie<\/span><\/p>\n<\/div><\/li><li class=\"fusion-li-item\" style=\"\"><span class=\"icon-wrapper circle-no\"><i class=\"fusion-li-icon fa-check fas\" aria-hidden=\"true\"><\/i><\/span><div class=\"fusion-li-item-content\">\n<p><span style=\"font-weight: 400;\">En pleno centro de Salzburgo, con plazas de aparcamiento y garaje subterr\u00e1neo<\/span><\/p>\n<\/div><\/li><\/ul><div class=\"fusion-separator fusion-full-width-sep\" style=\"align-self: center;margin-left: auto;margin-right: auto;margin-top:25px;width:100%;\"><\/div><div style=\"text-align:center;\"><a class=\"fusion-button button-flat button-large button-custom fusion-button-default button-1 fusion-button-default-span fusion-button-default-type fusion-has-button-gradient\" style=\"--button_accent_color:#af9755;--button_accent_hover_color:#ffffff;--button_border_hover_color:#af9755;--button_border_width-top:2px;--button_border_width-right:2px;--button_border_width-bottom:2px;--button_border_width-left:2px;--button_gradient_top_color:#ffffff;--button_gradient_bottom_color:rgba(255,255,255,0.65);--button_gradient_top_color_hover:#af9755;--button_gradient_bottom_color_hover:#af9755;--button_text_transform:none;\" target=\"_self\" href=\"mailto:pitter@imlauer.com\"><span class=\"fusion-button-icon-divider button-icon-divider-left\"><i class=\"fa-envelope far awb-button__icon awb-button__icon--default\" aria-hidden=\"true\"><\/i><\/span><span class=\"fusion-button-text awb-button__text awb-button__text--default fusion-button-text-left\">\u00bfTe interesa? \u00a1Pide informaci\u00f3n ya!<\/span><\/a><\/div><\/div><\/div><div class=\"fusion-layout-column fusion_builder_column fusion-builder-column-2 fusion_builder_column_1_5 1_5 fusion-flex-column\" style=\"--awb-bg-size:cover;--awb-width-large:20%;--awb-margin-top-large:0px;--awb-spacing-right-large:0px;--awb-margin-bottom-large:20px;--awb-spacing-left-large:0px;--awb-width-medium:100%;--awb-order-medium:0;--awb-spacing-right-medium:0px;--awb-spacing-left-medium:0px;--awb-width-small:100%;--awb-order-small:0;--awb-spacing-right-small:0px;--awb-spacing-left-small:0px;\"><div class=\"fusion-column-wrapper fusion-column-has-shadow fusion-flex-justify-content-flex-start fusion-content-layout-column\"><\/div><\/div><\/div><\/div><div class=\"fusion-fullwidth fullwidth-box fusion-builder-row-2 fusion-flex-container has-pattern-background has-mask-background nonhundred-percent-fullwidth non-hundred-percent-height-scrolling fusion-no-medium-visibility fusion-no-large-visibility\" style=\"--awb-background-position:left top;--awb-border-sizes-top:0px;--awb-border-sizes-bottom:0px;--awb-border-sizes-left:0px;--awb-border-sizes-right:0px;--awb-border-radius-top-left:0px;--awb-border-radius-top-right:0px;--awb-border-radius-bottom-right:0px;--awb-border-radius-bottom-left:0px;--awb-padding-top:60px;--awb-padding-bottom:20px;--awb-flex-wrap:wrap;\" ><div class=\"fusion-builder-row fusion-row fusion-flex-align-items-stretch fusion-flex-content-wrap\" style=\"max-width:calc( 1300px + 0px );margin-left: calc(-0px \/ 2 );margin-right: calc(-0px \/ 2 );\"><div class=\"fusion-layout-column fusion_builder_column fusion-builder-column-3 fusion_builder_column_1_1 1_1 fusion-flex-column\" style=\"--awb-padding-top:20px;--awb-padding-right:20px;--awb-padding-bottom:20px;--awb-padding-left:20px;--awb-bg-position:right bottom;--awb-bg-size:cover;--awb-width-large:100%;--awb-margin-top-large:0px;--awb-spacing-right-large:0px;--awb-margin-bottom-large:30px;--awb-spacing-left-large:0px;--awb-width-medium:100%;--awb-spacing-right-medium:0px;--awb-spacing-left-medium:0px;--awb-width-small:100%;--awb-spacing-right-small:0px;--awb-spacing-left-small:0px;\"><div class=\"fusion-column-wrapper fusion-column-has-shadow fusion-flex-justify-content-center fusion-content-layout-column\"><div class=\"fusion-text fusion-text-3\"><h1 style=\"text-align: center;\">CENTRO DE EVENTOS PITTER<\/h1>\n<h2 style=\"text-align: center;\"><span style=\"font-weight: 400;\">Tu hotel para seminarios, eventos y conferencias en Salzburgo<\/span><\/h2>\n<p style=\"text-align: center;\"><span style=\"font-weight: 400;\">Espacio para grandes planes. Equipado con tecnolog\u00eda punta, el Centro de Eventos Pitter te ofrece todas las posibilidades para tu evento. Ya sea un congreso, un incentivo, una conferencia de prensa, un acto corporativo o una celebraci\u00f3n privada: con nosotros puedes celebrar tu reuni\u00f3n en el coraz\u00f3n de Salzburgo, con todas las comodidades que ofrece un hotel de 4 estrellas superior de renombre.  <\/span><\/p>\n<h2 style=\"text-align: center;\">Echa un vistazo a nuestro Hotel IMLAUER Pitter y al Centro de Eventos Pitter <a href=\"https:\/\/youtu.be\/N4ifosPW_GU\" target=\"_blank\" rel=\"noopener\">ONLINE<\/a>.<\/h2>\n<\/div><div class=\"fusion-separator fusion-full-width-sep\" style=\"align-self: center;margin-left: auto;margin-right: auto;margin-top:25px;width:100%;\"><\/div><ul style=\"--awb-iconcolor:#cbaa5c;--awb-line-height:30.6px;--awb-icon-width:30.6px;--awb-icon-height:30.6px;--awb-icon-margin:12.6px;--awb-content-margin:43.2px;\" class=\"fusion-checklist fusion-checklist-3 fusion-checklist-default type-icons\"><li class=\"fusion-li-item\" style=\"\"><span class=\"icon-wrapper circle-no\"><i class=\"fusion-li-icon fa-pen fas\" aria-hidden=\"true\"><\/i><\/span><div class=\"fusion-li-item-content\">\n<p><strong><a href=\"https:\/\/imlauer.com\/hotel-pitter-salzburg\/paquetes-de-conferencias\/?lang=es\" target=\"_blank\" rel=\"noopener\">Tarifa plana conferencia de medio d\u00eda<\/a><\/strong><\/p>\n<\/div><\/li><li class=\"fusion-li-item\" style=\"\"><span class=\"icon-wrapper circle-no\"><i class=\"fusion-li-icon fa-pen-alt fas\" aria-hidden=\"true\"><\/i><\/span><div class=\"fusion-li-item-content\">\n<p><a href=\"https:\/\/imlauer.com\/hotel-pitter-salzburg\/paquetes-de-conferencias\/?lang=es\" target=\"_blank\" rel=\"noopener\"><strong>Tarifa plana para la conferencia de todo el d\u00eda<\/strong><\/a><\/p>\n<div class=\"fusion-text fusion-text-4\"><\/div><\/div><\/li><\/ul><div class=\"fusion-separator fusion-full-width-sep\" style=\"align-self: center;margin-left: auto;margin-right: auto;margin-top:25px;width:100%;\"><\/div><ul style=\"--awb-iconcolor:#cbaa5c;--awb-line-height:30.6px;--awb-icon-width:30.6px;--awb-icon-height:30.6px;--awb-icon-margin:12.6px;--awb-content-margin:43.2px;\" class=\"fusion-checklist fusion-checklist-4 fusion-checklist-default type-icons\"><li class=\"fusion-li-item\" style=\"\"><span class=\"icon-wrapper circle-no\"><i class=\"fusion-li-icon fa-check fas\" aria-hidden=\"true\"><\/i><\/span><div class=\"fusion-li-item-content\">\n<p><span style=\"font-weight: 400;\">12 salas de seminarios<\/span><\/p>\n<\/div><\/li><li class=\"fusion-li-item\" style=\"\"><span class=\"icon-wrapper circle-no\"><i class=\"fusion-li-icon fa-check fas\" aria-hidden=\"true\"><\/i><\/span><div class=\"fusion-li-item-content\">\n<p><span style=\"font-weight: 400;\">El Pitter Event Center, con una superficie de 1200 m\u00b2<\/span><\/p>\n<\/div><\/li><li class=\"fusion-li-item\" style=\"\"><span class=\"icon-wrapper circle-no\"><i class=\"fusion-li-icon fa-check fas\" aria-hidden=\"true\"><\/i><\/span><div class=\"fusion-li-item-content\">\n<p><span style=\"font-weight: 400;\">192 habitaciones<\/span><\/p>\n<\/div><\/li><li class=\"fusion-li-item\" style=\"\"><span class=\"icon-wrapper circle-no\"><i class=\"fusion-li-icon fa-check fas\" aria-hidden=\"true\"><\/i><\/span><div class=\"fusion-li-item-content\">\n<p><span style=\"font-weight: 400;\">2 restaurantes en el mismo edificio y otros 2 restaurantes de Imlau a los que se puede llegar a pie<\/span><\/p>\n<\/div><\/li><li class=\"fusion-li-item\" style=\"\"><span class=\"icon-wrapper circle-no\"><i class=\"fusion-li-icon fa-check fas\" aria-hidden=\"true\"><\/i><\/span><div class=\"fusion-li-item-content\">\n<p><span style=\"font-weight: 400;\">En pleno centro de Salzburgo, con plazas de aparcamiento y garaje subterr\u00e1neo<\/span><\/p>\n<\/div><\/li><\/ul><div class=\"fusion-separator fusion-full-width-sep\" style=\"align-self: center;margin-left: auto;margin-right: auto;margin-top:25px;width:100%;\"><\/div><div style=\"text-align:center;\"><a class=\"fusion-button button-flat button-large button-custom fusion-button-default button-2 fusion-button-default-span fusion-button-default-type fusion-has-button-gradient\" style=\"--button_accent_color:#af9755;--button_accent_hover_color:#ffffff;--button_border_hover_color:#af9755;--button_border_width-top:2px;--button_border_width-right:2px;--button_border_width-bottom:2px;--button_border_width-left:2px;--button_gradient_top_color:#ffffff;--button_gradient_bottom_color:rgba(255,255,255,0.65);--button_gradient_top_color_hover:#af9755;--button_gradient_bottom_color_hover:#af9755;--button_text_transform:none;\" target=\"_self\" href=\"mailto:pitter@imlauer.com\"><span class=\"fusion-button-icon-divider button-icon-divider-left\"><i class=\"fa-envelope far awb-button__icon awb-button__icon--default\" aria-hidden=\"true\"><\/i><\/span><span class=\"fusion-button-text awb-button__text awb-button__text--default fusion-button-text-left\">\u00bfTe interesa? \u00a1Pide informaci\u00f3n ya!<\/span><\/a><\/div><\/div><\/div><\/div><\/div><div class=\"fusion-fullwidth fullwidth-box fusion-builder-row-3 nonhundred-percent-fullwidth non-hundred-percent-height-scrolling\" style=\"--awb-border-radius-top-left:0px;--awb-border-radius-top-right:0px;--awb-border-radius-bottom-right:0px;--awb-border-radius-bottom-left:0px;--awb-flex-wrap:wrap;\" ><div class=\"fusion-builder-row fusion-row\"><div class=\"fusion-layout-column fusion_builder_column fusion-builder-column-4 fusion_builder_column_1_1 1_1 fusion-one-full fusion-column-first fusion-column-last\" style=\"--awb-bg-size:cover;\"><div class=\"fusion-column-wrapper fusion-column-has-shadow fusion-flex-column-wrapper-legacy\"><div class=\"fusion-sep-clear\"><\/div><div class=\"fusion-separator fusion-full-width-sep\" style=\"margin-left: auto;margin-right: auto;margin-bottom:40px;width:100%;\"><\/div><div class=\"fusion-sep-clear\"><\/div><div class=\"fusion-clearfix\"><\/div><\/div><\/div><\/div><\/div><div class=\"fusion-fullwidth fullwidth-box fusion-builder-row-4 fusion-flex-container has-pattern-background has-mask-background hundred-percent-fullwidth non-hundred-percent-height-scrolling\" style=\"--awb-background-position:left top;--awb-border-sizes-top:0px;--awb-border-sizes-bottom:0px;--awb-border-sizes-left:0px;--awb-border-sizes-right:0px;--awb-border-radius-top-left:0px;--awb-border-radius-top-right:0px;--awb-border-radius-bottom-right:0px;--awb-border-radius-bottom-left:0px;--awb-padding-top:0px;--awb-padding-bottom:0px;--awb-flex-wrap:wrap;\" ><div class=\"fusion-builder-row fusion-row fusion-flex-align-items-stretch fusion-flex-content-wrap\" style=\"width:calc( 100% + 0px ) !important;max-width:calc( 100% + 0px ) !important;margin-left: calc(-0px \/ 2 );margin-right: calc(-0px \/ 2 );\"><div class=\"fusion-layout-column fusion_builder_column fusion-builder-column-5 fusion_builder_column_1_2 1_2 fusion-flex-column fusion-animated\" style=\"--awb-padding-top:40px;--awb-padding-bottom:40px;--awb-bg-color:#f7f7f7;--awb-bg-color-hover:#f7f7f7;--awb-bg-position:center center;--awb-bg-size:cover;--awb-border-color:#af9755;--awb-border-top:0;--awb-border-right:0;--awb-border-bottom:0;--awb-border-left:0;--awb-border-style:solid;--awb-width-large:50%;--awb-margin-top-large:0px;--awb-spacing-right-large:0px;--awb-margin-bottom-large:0px;--awb-spacing-left-large:0px;--awb-width-medium:100%;--awb-order-medium:0;--awb-spacing-right-medium:0px;--awb-spacing-left-medium:0px;--awb-width-small:100%;--awb-order-small:0;--awb-spacing-right-small:0px;--awb-spacing-left-small:0px;\" data-animationType=\"slideInDown\" data-animationDuration=\"0.1\" data-animationOffset=\"top-into-view\" data-scroll-devices=\"small-visibility,medium-visibility,large-visibility\"><div class=\"fusion-column-wrapper fusion-column-has-shadow fusion-flex-justify-content-flex-start fusion-content-layout-column\"><div class=\"fusion-image-carousel fusion-image-carousel-auto fusion-image-carousel-1\"><div class=\"awb-carousel awb-swiper awb-swiper-carousel awb-carousel--carousel awb-swiper-dots-position-bottom\" data-layout=\"carousel\" data-autoplay=\"no\" data-autoplayspeed=\"2500\" data-autoplaypause=\"no\" data-loop=\"yes\" data-columns=\"5\" data-columnsmedium=\"1\" data-columnssmall=\"1\" data-itemmargin=\"13\" data-itemwidth=\"180\" data-touchscroll=\"no\" data-freemode=\"no\" data-imagesize=\"auto\" data-scrollitems=\"0\" data-scrollitems-medium=\"0\" data-scrollitems-small=\"0\" data-centeredslides=\"no\" data-rotationangle=\"50\" data-depth=\"100\" data-speed=\"500\" data-shadow=\"no\" data-pagination=\"bullets\" style=\"--awb-dots-align:center;\"><div class=\"swiper-wrapper awb-image-carousel-wrapper fusion-flex-align-items-center\"><div class=\"swiper-slide\"><div class=\"fusion-carousel-item-wrapper\"><div class=\"fusion-image-wrapper hover-type-none\"><img decoding=\"async\" width=\"1272\" height=\"1920\" src=\"https:\/\/imlauer.com\/hotel-pitter-salzburg\/wp-content\/uploads\/2025\/01\/PitterSaal-3-Blocktafel_1.jpg\" class=\"attachment-full size-full\" alt=\"\" srcset=\"https:\/\/imlauer.com\/hotel-pitter-salzburg\/wp-content\/uploads\/2025\/01\/PitterSaal-3-Blocktafel_1-200x302.jpg 200w, https:\/\/imlauer.com\/hotel-pitter-salzburg\/wp-content\/uploads\/2025\/01\/PitterSaal-3-Blocktafel_1-400x604.jpg 400w, https:\/\/imlauer.com\/hotel-pitter-salzburg\/wp-content\/uploads\/2025\/01\/PitterSaal-3-Blocktafel_1-600x906.jpg 600w, https:\/\/imlauer.com\/hotel-pitter-salzburg\/wp-content\/uploads\/2025\/01\/PitterSaal-3-Blocktafel_1-800x1208.jpg 800w, https:\/\/imlauer.com\/hotel-pitter-salzburg\/wp-content\/uploads\/2025\/01\/PitterSaal-3-Blocktafel_1-1200x1811.jpg 1200w, https:\/\/imlauer.com\/hotel-pitter-salzburg\/wp-content\/uploads\/2025\/01\/PitterSaal-3-Blocktafel_1.jpg 1272w\" sizes=\"(min-width: 2200px) 100vw, (min-width: 752px) 644px, (min-width: 640px) 752px, \" \/><\/div><\/div><\/div><div class=\"swiper-slide\"><div class=\"fusion-carousel-item-wrapper\"><div class=\"fusion-image-wrapper hover-type-none\"><img decoding=\"async\" width=\"667\" height=\"1000\" src=\"https:\/\/imlauer.com\/hotel-pitter-salzburg\/wp-content\/uploads\/2025\/01\/Tagungsraum-Sittikus_3.jpg\" class=\"attachment-full size-full\" alt=\"\" srcset=\"https:\/\/imlauer.com\/hotel-pitter-salzburg\/wp-content\/uploads\/2025\/01\/Tagungsraum-Sittikus_3-200x300.jpg 200w, https:\/\/imlauer.com\/hotel-pitter-salzburg\/wp-content\/uploads\/2025\/01\/Tagungsraum-Sittikus_3-400x600.jpg 400w, https:\/\/imlauer.com\/hotel-pitter-salzburg\/wp-content\/uploads\/2025\/01\/Tagungsraum-Sittikus_3-600x900.jpg 600w, https:\/\/imlauer.com\/hotel-pitter-salzburg\/wp-content\/uploads\/2025\/01\/Tagungsraum-Sittikus_3.jpg 667w\" sizes=\"(min-width: 2200px) 100vw, (min-width: 752px) 644px, (min-width: 640px) 752px, \" \/><\/div><\/div><\/div><\/div><div class=\"awb-swiper-button awb-swiper-button-prev\"><i class=\"awb-icon-angle-left\" aria-hidden=\"true\"><\/i><\/div><div class=\"awb-swiper-button awb-swiper-button-next\"><i class=\"awb-icon-angle-right\" aria-hidden=\"true\"><\/i><\/div><\/div><\/div><div style=\"text-align:center;\"><a class=\"fusion-button button-flat button-large button-custom fusion-button-default button-3 fusion-button-default-span fusion-button-default-type fusion-has-button-gradient\" style=\"--button_accent_color:#af9755;--button_accent_hover_color:#ffffff;--button_border_hover_color:#af9755;--button_gradient_top_color:#ffffff;--button_gradient_bottom_color:rgba(255,255,255,0.65);--button_gradient_top_color_hover:#af9755;--button_gradient_bottom_color_hover:#af9755;--button_text_transform:none;\" target=\"_self\" href=\"https:\/\/www.youtube.com\/watch?v=N4ifosPW_GU\" rel=\"noopener\"><span class=\"fusion-button-icon-divider button-icon-divider-left\"><i class=\"fa-star far awb-button__icon awb-button__icon--default\" aria-hidden=\"true\"><\/i><\/span><span class=\"fusion-button-text awb-button__text awb-button__text--default fusion-button-text-left\">Impresiones del lugar<\/span><\/a><\/div><\/div><\/div><div class=\"fusion-layout-column fusion_builder_column fusion-builder-column-6 fusion_builder_column_1_2 1_2 fusion-flex-column fusion-animated\" style=\"--awb-padding-top:70px;--awb-padding-right:40px;--awb-padding-bottom:70px;--awb-padding-left:40px;--awb-bg-color:#f7f7f7;--awb-bg-color-hover:#f7f7f7;--awb-bg-position:center center;--awb-bg-size:cover;--awb-width-large:50%;--awb-margin-top-large:0px;--awb-spacing-right-large:0px;--awb-margin-bottom-large:0px;--awb-spacing-left-large:0px;--awb-width-medium:100%;--awb-spacing-right-medium:0px;--awb-spacing-left-medium:0px;--awb-width-small:100%;--awb-spacing-right-small:0px;--awb-spacing-left-small:0px;\" data-animationType=\"slideInDown\" data-animationDuration=\"0.1\" data-animationOffset=\"top-into-view\"><div class=\"fusion-column-wrapper fusion-column-has-shadow fusion-flex-justify-content-center fusion-content-layout-column\"><div class=\"fusion-text fusion-text-5\"><h2 style=\"text-align: center;\"><span style=\"font-weight: 400;\">  Nuestras salas para seminarios y reuniones<\/span><\/h2>\n<p style=\"text-align: center;\"><span style=\"font-weight: 400;\">Espacios flexibles y con un equipamiento t\u00e9cnico de primera<\/span><\/p>\n<\/div><div class=\"fusion-separator fusion-full-width-sep\" style=\"align-self: center;margin-left: auto;margin-right: auto;margin-top:30px;width:100%;\"><\/div><ul style=\"--awb-iconcolor:#cbaa5c;--awb-line-height:30.6px;--awb-icon-width:30.6px;--awb-icon-height:30.6px;--awb-icon-margin:12.6px;--awb-content-margin:43.2px;\" class=\"fusion-checklist fusion-checklist-5 fusion-checklist-default type-icons\"><li class=\"fusion-li-item\" style=\"\"><span class=\"icon-wrapper circle-no\"><i class=\"fusion-li-icon fa-check fas\" aria-hidden=\"true\"><\/i><\/span><div class=\"fusion-li-item-content\">\n<p>De 45 a 450 m\u00b2 para entre 16 y 500 personas<\/p>\n<\/div><\/li><li class=\"fusion-li-item\" style=\"\"><span class=\"icon-wrapper circle-no\"><i class=\"fusion-li-icon fa-check fas\" aria-hidden=\"true\"><\/i><\/span><div class=\"fusion-li-item-content\">\n<p><span style=\"font-weight: 400;\">12 salas en 1200 m\u00b2 con <\/span><a href=\"https:\/\/imlauer.com\/hotel-pitter-salzburg\/planos-y-capacidad-de-las-salas\/?lang=es\"><span style=\"font-weight: 400;\">una distribuci\u00f3n flexible del espacio<\/span><\/a><span style=\"font-weight: 400;\"> gracias a las mamparas m\u00f3viles<\/span><\/p>\n<\/div><\/li><li class=\"fusion-li-item\" style=\"\"><span class=\"icon-wrapper circle-no\"><i class=\"fusion-li-icon fa-check fas\" aria-hidden=\"true\"><\/i><\/span><div class=\"fusion-li-item-content\">\n<p><span style=\"font-weight: 400;\">Luz natural en todas las habitaciones<\/span><\/p>\n<\/div><\/li><li class=\"fusion-li-item\" style=\"\"><span class=\"icon-wrapper circle-no\"><i class=\"fusion-li-icon fa-check fas\" aria-hidden=\"true\"><\/i><\/span><div class=\"fusion-li-item-content\">\n<p><span style=\"font-weight: 400;\">Sonido, iluminaci\u00f3n y oscurecimiento ajustables individualmente<\/span><\/p>\n<\/div><\/li><li class=\"fusion-li-item\" style=\"\"><span class=\"icon-wrapper circle-no\"><i class=\"fusion-li-icon fa-check fas\" aria-hidden=\"true\"><\/i><\/span><div class=\"fusion-li-item-content\">\n<p><span style=\"font-weight: 400;\">Opcional: diferentes paquetes de comida, lugares para cenar y celebrar fiestas en el mismo edificio<\/span><\/p>\n<\/div><\/li><li class=\"fusion-li-item\" style=\"\"><span class=\"icon-wrapper circle-no\"><i class=\"fusion-li-icon fa-check fas\" aria-hidden=\"true\"><\/i><\/span><div class=\"fusion-li-item-content\">\n<p><span style=\"font-weight: 400;\">Se puede alojarse en 192 habitaciones<\/span><\/p>\n<\/div><\/li><\/ul><div class=\"fusion-separator fusion-full-width-sep\" style=\"align-self: center;margin-left: auto;margin-right: auto;margin-top:30px;width:100%;\"><\/div><div style=\"text-align:center;\"><a class=\"fusion-button button-flat button-large button-custom fusion-button-default button-4 fusion-button-default-span fusion-button-default-type fusion-has-button-gradient\" style=\"--button_accent_color:#af9755;--button_accent_hover_color:#ffffff;--button_border_hover_color:#af9755;--button_gradient_top_color:#ffffff;--button_gradient_bottom_color:rgba(255,255,255,0.65);--button_gradient_top_color_hover:#af9755;--button_gradient_bottom_color_hover:#af9755;--button_text_transform:none;\" target=\"_self\" href=\"https:\/\/imlauer.com\/hotel-pitter-salzburg\/salones-de-actos\/?lang=es\"><span class=\"fusion-button-icon-divider button-icon-divider-left\"><i class=\"fa-edit far awb-button__icon awb-button__icon--default\" aria-hidden=\"true\"><\/i><\/span><span class=\"fusion-button-text awb-button__text awb-button__text--default fusion-button-text-left\">M\u00e1s informaci\u00f3n<\/span><\/a><\/div><\/div><\/div><\/div><\/div><div class=\"fusion-fullwidth fullwidth-box fusion-builder-row-5 fusion-flex-container has-pattern-background has-mask-background hundred-percent-fullwidth non-hundred-percent-height-scrolling\" style=\"--awb-background-position:left top;--awb-border-sizes-top:0px;--awb-border-sizes-bottom:0px;--awb-border-sizes-left:0px;--awb-border-sizes-right:0px;--awb-border-radius-top-left:0px;--awb-border-radius-top-right:0px;--awb-border-radius-bottom-right:0px;--awb-border-radius-bottom-left:0px;--awb-padding-top:0px;--awb-padding-bottom:0px;--awb-flex-wrap:wrap;\" ><div class=\"fusion-builder-row fusion-row fusion-flex-align-items-stretch fusion-flex-content-wrap\" style=\"width:calc( 100% + 0px ) !important;max-width:calc( 100% + 0px ) !important;margin-left: calc(-0px \/ 2 );margin-right: calc(-0px \/ 2 );\"><div class=\"fusion-layout-column fusion_builder_column fusion-builder-column-7 fusion_builder_column_2_3 2_3 fusion-flex-column fusion-animated\" style=\"--awb-padding-top:70px;--awb-padding-right:40px;--awb-padding-bottom:70px;--awb-padding-left:40px;--awb-bg-color:#f7f7f7;--awb-bg-color-hover:#f7f7f7;--awb-bg-position:center center;--awb-bg-size:cover;--awb-width-large:66.666666666667%;--awb-margin-top-large:0px;--awb-spacing-right-large:0px;--awb-margin-bottom-large:0px;--awb-spacing-left-large:0px;--awb-width-medium:100%;--awb-spacing-right-medium:0px;--awb-spacing-left-medium:0px;--awb-width-small:100%;--awb-spacing-right-small:0px;--awb-spacing-left-small:0px;\" data-animationType=\"slideInDown\" data-animationDuration=\"0.1\" data-animationOffset=\"top-into-view\"><div class=\"fusion-column-wrapper fusion-column-has-shadow fusion-flex-justify-content-center fusion-content-layout-column\"><div class=\"fusion-text fusion-text-6\"><h2 style=\"text-align: center;\"><span style=\"font-weight: 400;\">Nuestro espacio para eventos: la sala Pitter<\/span><\/h2>\n<p style=\"text-align: center;\"><span style=\"font-weight: 400;\">Para grandes eventos, conferencias y presentaciones de productos<\/span><\/p>\n<\/div><div class=\"fusion-separator fusion-full-width-sep\" style=\"align-self: center;margin-left: auto;margin-right: auto;margin-top:30px;width:100%;\"><\/div><ul style=\"--awb-iconcolor:#cbaa5c;--awb-line-height:30.6px;--awb-icon-width:30.6px;--awb-icon-height:30.6px;--awb-icon-margin:12.6px;--awb-content-margin:43.2px;\" class=\"fusion-checklist fusion-checklist-6 fusion-checklist-default type-icons\"><li class=\"fusion-li-item\" style=\"\"><span class=\"icon-wrapper circle-no\"><i class=\"fusion-li-icon fa-check fas\" aria-hidden=\"true\"><\/i><\/span><div class=\"fusion-li-item-content\">\n<p><span style=\"font-weight: 400;\">450 m\u00b2 que se pueden dividir de forma flexible en seis secciones<\/span><\/p>\n<\/div><\/li><li class=\"fusion-li-item\" style=\"\"><span class=\"icon-wrapper circle-no\"><i class=\"fusion-li-icon fa-check fas\" aria-hidden=\"true\"><\/i><\/span><div class=\"fusion-li-item-content\">\n<p><span style=\"font-weight: 400;\">Con capacidad para hasta 500 personas<\/span><\/p>\n<\/div><\/li><li class=\"fusion-li-item\" style=\"\"><span class=\"icon-wrapper circle-no\"><i class=\"fusion-li-icon fa-check fas\" aria-hidden=\"true\"><\/i><\/span><div class=\"fusion-li-item-content\">\n<p><span style=\"font-weight: 400;\">Altura de la sala entre 4,20 y 6,50 m<\/span><\/p>\n<\/div><\/li><li class=\"fusion-li-item\" style=\"\"><span class=\"icon-wrapper circle-no\"><i class=\"fusion-li-icon fa-check fas\" aria-hidden=\"true\"><\/i><\/span><div class=\"fusion-li-item-content\">\n<p><span style=\"font-weight: 400;\">Puertas: 2,70 x 2,30 m<\/span><\/p>\n<\/div><\/li><li class=\"fusion-li-item\" style=\"\"><span class=\"icon-wrapper circle-no\"><i class=\"fusion-li-icon fa-check fas\" aria-hidden=\"true\"><\/i><\/span><div class=\"fusion-li-item-content\">\n<p><span style=\"font-weight: 400;\">Capacidad de carga de 500 kg\/m\u00b2<\/span><\/p>\n<\/div><\/li><li class=\"fusion-li-item\" style=\"\"><span class=\"icon-wrapper circle-no\"><i class=\"fusion-li-icon fa-check fas\" aria-hidden=\"true\"><\/i><\/span><div class=\"fusion-li-item-content\">\n<p><span style=\"font-weight: 400;\">Con luz natural y opciones para oscurecer la habitaci\u00f3n<\/span><\/p>\n<\/div><\/li><li class=\"fusion-li-item\" style=\"\"><span class=\"icon-wrapper circle-no\"><i class=\"fusion-li-icon fa-check fas\" aria-hidden=\"true\"><\/i><\/span><div class=\"fusion-li-item-content\">\n<p><span style=\"font-weight: 400;\">Opcional: diferentes paquetes de comida, lugares para cenar y celebrar fiestas en el mismo edificio<\/span><\/p>\n<\/div><\/li><li class=\"fusion-li-item\" style=\"\"><span class=\"icon-wrapper circle-no\"><i class=\"fusion-li-icon fa-check fas\" aria-hidden=\"true\"><\/i><\/span><div class=\"fusion-li-item-content\">\n<p><span style=\"font-weight: 400;\">Se puede alojarse en 192 habitaciones<\/span><\/p>\n<\/div><\/li><\/ul><div class=\"fusion-separator fusion-full-width-sep\" style=\"align-self: center;margin-left: auto;margin-right: auto;margin-top:30px;width:100%;\"><\/div><div style=\"text-align:center;\"><a class=\"fusion-button button-flat button-large button-custom fusion-button-default button-5 fusion-button-default-span fusion-button-default-type fusion-has-button-gradient\" style=\"--button_accent_color:#af9755;--button_accent_hover_color:#ffffff;--button_border_hover_color:#af9755;--button_gradient_top_color:#ffffff;--button_gradient_bottom_color:rgba(255,255,255,0.65);--button_gradient_top_color_hover:#af9755;--button_gradient_bottom_color_hover:#af9755;--button_text_transform:none;\" target=\"_self\" href=\"https:\/\/imlauer.com\/hotel-pitter-salzburg\/salones-de-actos\/?lang=es\"><span class=\"fusion-button-icon-divider button-icon-divider-left\"><i class=\"fa-edit far awb-button__icon awb-button__icon--default\" aria-hidden=\"true\"><\/i><\/span><span class=\"fusion-button-text awb-button__text awb-button__text--default fusion-button-text-left\">M\u00e1s informaci\u00f3n<\/span><\/a><\/div><\/div><\/div><div class=\"fusion-layout-column fusion_builder_column fusion-builder-column-8 fusion_builder_column_1_3 1_3 fusion-flex-column fusion-animated\" style=\"--awb-padding-top:40px;--awb-padding-bottom:40px;--awb-bg-color:#f7f7f7;--awb-bg-color-hover:#f7f7f7;--awb-bg-position:center center;--awb-bg-size:cover;--awb-border-color:#af9755;--awb-border-top:0;--awb-border-right:0;--awb-border-bottom:0;--awb-border-left:0;--awb-border-style:solid;--awb-width-large:33.333333333333%;--awb-margin-top-large:0px;--awb-spacing-right-large:0px;--awb-margin-bottom-large:0px;--awb-spacing-left-large:0px;--awb-width-medium:100%;--awb-order-medium:0;--awb-spacing-right-medium:0px;--awb-spacing-left-medium:0px;--awb-width-small:100%;--awb-order-small:0;--awb-spacing-right-small:0px;--awb-spacing-left-small:0px;\" data-animationType=\"slideInDown\" data-animationDuration=\"0.1\" data-animationOffset=\"top-into-view\" data-scroll-devices=\"small-visibility,medium-visibility,large-visibility\"><div class=\"fusion-column-wrapper fusion-column-has-shadow fusion-flex-justify-content-flex-start fusion-content-layout-column\"><div class=\"fusion-image-element\" style=\"--awb-caption-title-font-family:var(--h2_typography-font-family);--awb-caption-title-font-weight:var(--h2_typography-font-weight);--awb-caption-title-font-style:var(--h2_typography-font-style);--awb-caption-title-size:var(--h2_typography-font-size);--awb-caption-title-transform:var(--h2_typography-text-transform);--awb-caption-title-line-height:var(--h2_typography-line-height);--awb-caption-title-letter-spacing:var(--h2_typography-letter-spacing);\"><span class=\" fusion-imageframe imageframe-none imageframe-1 hover-type-none\"><img decoding=\"async\" width=\"887\" height=\"591\" alt=\"Bild: Pitter Saal festlich geschm\u00fcckt zu Silvester\" title=\"Pitter Saal 4\" src=\"https:\/\/imlauer.com\/hotel-pitter-salzburg\/wp-content\/uploads\/2025\/01\/Pitter-Saal-4.jpg\" class=\"img-responsive wp-image-40679\" srcset=\"https:\/\/imlauer.com\/hotel-pitter-salzburg\/wp-content\/uploads\/2025\/01\/Pitter-Saal-4-200x133.jpg 200w, https:\/\/imlauer.com\/hotel-pitter-salzburg\/wp-content\/uploads\/2025\/01\/Pitter-Saal-4-400x267.jpg 400w, https:\/\/imlauer.com\/hotel-pitter-salzburg\/wp-content\/uploads\/2025\/01\/Pitter-Saal-4-600x400.jpg 600w, https:\/\/imlauer.com\/hotel-pitter-salzburg\/wp-content\/uploads\/2025\/01\/Pitter-Saal-4-800x533.jpg 800w, https:\/\/imlauer.com\/hotel-pitter-salzburg\/wp-content\/uploads\/2025\/01\/Pitter-Saal-4.jpg 887w\" sizes=\"(max-width: 1024px) 100vw, (max-width: 640px) 100vw, 600px\" \/><\/span><\/div><div class=\"fusion-separator fusion-full-width-sep\" style=\"align-self: center;margin-left: auto;margin-right: auto;margin-top:30px;width:100%;\"><\/div><div class=\"fusion-image-element\" style=\"--awb-caption-title-font-family:var(--h2_typography-font-family);--awb-caption-title-font-weight:var(--h2_typography-font-weight);--awb-caption-title-font-style:var(--h2_typography-font-style);--awb-caption-title-size:var(--h2_typography-font-size);--awb-caption-title-transform:var(--h2_typography-text-transform);--awb-caption-title-line-height:var(--h2_typography-line-height);--awb-caption-title-letter-spacing:var(--h2_typography-letter-spacing);\"><span class=\" fusion-imageframe imageframe-none imageframe-2 hover-type-none\"><img decoding=\"async\" width=\"1000\" height=\"667\" title=\"PitterSaal-Gesamt_2\" src=\"https:\/\/imlauer.com\/hotel-pitter-salzburg\/wp-content\/uploads\/2025\/01\/PitterSaal-Gesamt_2.jpg\" alt class=\"img-responsive wp-image-38505\" srcset=\"https:\/\/imlauer.com\/hotel-pitter-salzburg\/wp-content\/uploads\/2025\/01\/PitterSaal-Gesamt_2-200x133.jpg 200w, https:\/\/imlauer.com\/hotel-pitter-salzburg\/wp-content\/uploads\/2025\/01\/PitterSaal-Gesamt_2-400x267.jpg 400w, https:\/\/imlauer.com\/hotel-pitter-salzburg\/wp-content\/uploads\/2025\/01\/PitterSaal-Gesamt_2-600x400.jpg 600w, https:\/\/imlauer.com\/hotel-pitter-salzburg\/wp-content\/uploads\/2025\/01\/PitterSaal-Gesamt_2-800x534.jpg 800w, https:\/\/imlauer.com\/hotel-pitter-salzburg\/wp-content\/uploads\/2025\/01\/PitterSaal-Gesamt_2.jpg 1000w\" sizes=\"(max-width: 1024px) 100vw, (max-width: 640px) 100vw, 600px\" \/><\/span><\/div><\/div><\/div><\/div><\/div><div class=\"fusion-fullwidth fullwidth-box fusion-builder-row-6 fusion-flex-container has-pattern-background has-mask-background hundred-percent-fullwidth non-hundred-percent-height-scrolling fusion-no-small-visibility\" style=\"--awb-background-position:left top;--awb-border-sizes-top:0px;--awb-border-sizes-bottom:0px;--awb-border-sizes-left:0px;--awb-border-sizes-right:0px;--awb-border-radius-top-left:0px;--awb-border-radius-top-right:0px;--awb-border-radius-bottom-right:0px;--awb-border-radius-bottom-left:0px;--awb-padding-top:0px;--awb-padding-bottom:0px;--awb-flex-wrap:wrap;\" ><div class=\"fusion-builder-row fusion-row fusion-flex-align-items-stretch fusion-flex-content-wrap\" style=\"width:calc( 100% + 0px ) !important;max-width:calc( 100% + 0px ) !important;margin-left: calc(-0px \/ 2 );margin-right: calc(-0px \/ 2 );\"><div class=\"fusion-layout-column fusion_builder_column fusion-builder-column-9 fusion_builder_column_1_1 1_1 fusion-flex-column\" style=\"--awb-bg-size:cover;--awb-width-large:100%;--awb-margin-top-large:0px;--awb-spacing-right-large:0px;--awb-margin-bottom-large:20px;--awb-spacing-left-large:0px;--awb-width-medium:100%;--awb-order-medium:0;--awb-spacing-right-medium:0px;--awb-spacing-left-medium:0px;--awb-width-small:100%;--awb-order-small:0;--awb-spacing-right-small:0px;--awb-spacing-left-small:0px;\" data-scroll-devices=\"small-visibility,medium-visibility,large-visibility\"><div class=\"fusion-column-wrapper fusion-column-has-shadow fusion-flex-justify-content-flex-start fusion-content-layout-column\"><div class=\"fusion-separator fusion-full-width-sep\" style=\"align-self: center;margin-left: auto;margin-right: auto;margin-top:30px;margin-bottom:30px;width:100%;\"><\/div><div class=\"fusion-text fusion-text-7\"><h2 style=\"text-align: center;\"><span style=\"font-weight: 400;\">Paquetes de conferencias en el Hotel Pitter de IMLAUER, de 4 estrellas Superior<\/span><\/h2>\n<\/div><\/div><\/div><div class=\"fusion-layout-column fusion_builder_column fusion-builder-column-10 fusion_builder_column_1_2 1_2 fusion-flex-column\" style=\"--awb-bg-size:cover;--awb-width-large:50%;--awb-margin-top-large:0px;--awb-spacing-right-large:0px;--awb-margin-bottom-large:20px;--awb-spacing-left-large:0px;--awb-width-medium:100%;--awb-order-medium:0;--awb-spacing-right-medium:0px;--awb-spacing-left-medium:0px;--awb-width-small:100%;--awb-order-small:0;--awb-spacing-right-small:0px;--awb-spacing-left-small:0px;\"><div class=\"fusion-column-wrapper fusion-column-has-shadow fusion-flex-justify-content-flex-start fusion-content-layout-column\"><div class=\"fusion-text fusion-text-8\"><h3 style=\"text-align: center;\"><span style=\"font-weight: 400;\">Tarifa fija por d\u00eda completo (a partir de 10 personas)<\/span><\/h3>\n<\/div><\/div><\/div><div class=\"fusion-layout-column fusion_builder_column fusion-builder-column-11 fusion_builder_column_1_2 1_2 fusion-flex-column\" style=\"--awb-bg-size:cover;--awb-width-large:50%;--awb-margin-top-large:0px;--awb-spacing-right-large:0px;--awb-margin-bottom-large:20px;--awb-spacing-left-large:0px;--awb-width-medium:100%;--awb-order-medium:0;--awb-spacing-right-medium:0px;--awb-spacing-left-medium:0px;--awb-width-small:100%;--awb-order-small:0;--awb-spacing-right-small:0px;--awb-spacing-left-small:0px;\"><div class=\"fusion-column-wrapper fusion-column-has-shadow fusion-flex-justify-content-flex-start fusion-content-layout-column\"><div class=\"fusion-text fusion-text-9\"><h3 style=\"text-align: center;\"><span style=\"font-weight: 400;\">Tarifa fija de medio d\u00eda (a partir de 10 personas)<\/span><\/h3>\n<\/div><\/div><\/div><div class=\"fusion-layout-column fusion_builder_column fusion-builder-column-12 fusion_builder_column_1_2 1_2 fusion-flex-column fusion-animated\" style=\"--awb-padding-top:70px;--awb-padding-right:40px;--awb-padding-bottom:70px;--awb-padding-left:40px;--awb-bg-position:center center;--awb-bg-size:cover;--awb-width-large:50%;--awb-margin-top-large:0px;--awb-spacing-right-large:0px;--awb-margin-bottom-large:0px;--awb-spacing-left-large:0px;--awb-width-medium:100%;--awb-order-medium:0;--awb-spacing-right-medium:0px;--awb-spacing-left-medium:0px;--awb-width-small:100%;--awb-order-small:0;--awb-spacing-right-small:0px;--awb-spacing-left-small:0px;\" data-animationType=\"slideInDown\" data-animationDuration=\"0.1\" data-animationOffset=\"top-into-view\" data-scroll-devices=\"small-visibility,medium-visibility,large-visibility\"><div class=\"fusion-column-wrapper fusion-column-has-shadow fusion-flex-justify-content-center fusion-content-layout-column\"><ul style=\"--awb-iconcolor:#cbaa5c;--awb-line-height:30.6px;--awb-icon-width:30.6px;--awb-icon-height:30.6px;--awb-icon-margin:12.6px;--awb-content-margin:43.2px;\" class=\"fusion-checklist fusion-checklist-7 fusion-checklist-default type-icons\"><li class=\"fusion-li-item\" style=\"\"><span class=\"icon-wrapper circle-no\"><i class=\"fusion-li-icon fa-check fas\" aria-hidden=\"true\"><\/i><\/span><div class=\"fusion-li-item-content\">\n<p><span style=\"font-weight: 400;\">Gastos de alquiler y suministro de la sala principal climatizada, en funci\u00f3n del n\u00famero de personas<\/span><\/p>\n<\/div><\/li><li class=\"fusion-li-item\" style=\"\"><span class=\"icon-wrapper circle-no\"><i class=\"fusion-li-icon fa-check fas\" aria-hidden=\"true\"><\/i><\/span><div class=\"fusion-li-item-content\">\n<p><span style=\"font-weight: 400;\">Tecnolog\u00eda del evento: 1 pantalla, 1 proyector, 1 rotafolios, 1 tabl\u00f3n de anuncios<\/span><\/p>\n<\/div><\/li><li class=\"fusion-li-item\" style=\"\"><span class=\"icon-wrapper circle-no\"><i class=\"fusion-li-icon fa-check fas\" aria-hidden=\"true\"><\/i><\/span><div class=\"fusion-li-item-content\">\n<p><span style=\"font-weight: 400;\">Acceso W-LAN para todos los participantes en la conferencia<\/span><\/p>\n<\/div><\/li><li class=\"fusion-li-item\" style=\"\"><span class=\"icon-wrapper circle-no\"><i class=\"fusion-li-icon fa-check fas\" aria-hidden=\"true\"><\/i><\/span><div class=\"fusion-li-item-content\">\n<p><span style=\"font-weight: 400;\">Agua mineral ilimitada en la sala de conferencias<\/span><\/p>\n<\/div><\/li><li class=\"fusion-li-item\" style=\"\"><span class=\"icon-wrapper circle-no\"><i class=\"fusion-li-icon fa-check fas\" aria-hidden=\"true\"><\/i><\/span><div class=\"fusion-li-item-content\">\n<p><span style=\"font-weight: 400;\">Estuche de presentaci\u00f3n, blocs y bol\u00edgrafos<\/span><\/p>\n<\/div><\/li><li class=\"fusion-li-item\" style=\"\"><span class=\"icon-wrapper circle-no\"><i class=\"fusion-li-icon fa-check fas\" aria-hidden=\"true\"><\/i><\/span><div class=\"fusion-li-item-content\">\n<p><span style=\"font-weight: 400;\">2 pausas caf\u00e9 con caf\u00e9, t\u00e9, aperitivos salados o dulces y vitales y fruta fresca<\/span><\/p>\n<\/div><\/li><li class=\"fusion-li-item\" style=\"\"><span class=\"icon-wrapper circle-no\"><i class=\"fusion-li-icon fa-check fas\" aria-hidden=\"true\"><\/i><\/span><div class=\"fusion-li-item-content\">\n<p><span style=\"font-weight: 400;\">Bebidas sin alcohol ilimitadas con tu comida de negocios<\/span><\/p>\n<\/div><\/li><\/ul><div class=\"fusion-separator fusion-full-width-sep\" style=\"align-self: center;margin-left: auto;margin-right: auto;margin-top:30px;margin-bottom:30px;width:100%;\"><\/div><div class=\"fusion-text fusion-text-10\"><p><span style=\"font-weight: 400;\">Con almuerzo de negocios de temporada = <\/span><b>92 \u20ac por persona<\/b><\/p>\n<p><span style=\"font-weight: 400;\">Con men\u00fa fijo de 3 platos para el almuerzo de negocios en el restaurante IMLAUER Sky = <\/span><b>102 \u20ac por persona<\/b><\/p>\n<\/div><\/div><\/div><div class=\"fusion-layout-column fusion_builder_column fusion-builder-column-13 fusion_builder_column_1_2 1_2 fusion-flex-column fusion-animated\" style=\"--awb-padding-top:40px;--awb-padding-bottom:40px;--awb-bg-position:center center;--awb-bg-size:cover;--awb-border-color:#af9755;--awb-border-top:0;--awb-border-right:0;--awb-border-bottom:0;--awb-border-left:0;--awb-border-style:solid;--awb-width-large:50%;--awb-margin-top-large:0px;--awb-spacing-right-large:0px;--awb-margin-bottom-large:0px;--awb-spacing-left-large:0px;--awb-width-medium:100%;--awb-order-medium:0;--awb-spacing-right-medium:0px;--awb-spacing-left-medium:0px;--awb-width-small:100%;--awb-order-small:0;--awb-spacing-right-small:0px;--awb-spacing-left-small:0px;\" data-animationType=\"slideInDown\" data-animationDuration=\"0.1\" data-animationOffset=\"top-into-view\" data-scroll-devices=\"small-visibility,medium-visibility,large-visibility\"><div class=\"fusion-column-wrapper fusion-column-has-shadow fusion-flex-justify-content-flex-start fusion-content-layout-column\"><ul style=\"--awb-iconcolor:#cbaa5c;--awb-line-height:30.6px;--awb-icon-width:30.6px;--awb-icon-height:30.6px;--awb-icon-margin:12.6px;--awb-content-margin:43.2px;\" class=\"fusion-checklist fusion-checklist-8 fusion-checklist-default type-icons\"><li class=\"fusion-li-item\" style=\"\"><span class=\"icon-wrapper circle-no\"><i class=\"fusion-li-icon fa-check fas\" aria-hidden=\"true\"><\/i><\/span><div class=\"fusion-li-item-content\">\n<p><span style=\"font-weight: 400;\">Gastos de alquiler y suministro de la sala principal climatizada, en funci\u00f3n del n\u00famero de personas<\/span><\/p>\n<\/div><\/li><li class=\"fusion-li-item\" style=\"\"><span class=\"icon-wrapper circle-no\"><i class=\"fusion-li-icon fa-check fas\" aria-hidden=\"true\"><\/i><\/span><div class=\"fusion-li-item-content\">\n<p><span style=\"font-weight: 400;\">Tecnolog\u00eda del evento: 1 pantalla, 1 proyector, 1 rotafolios, 1 tabl\u00f3n de anuncios<\/span><\/p>\n<\/div><\/li><li class=\"fusion-li-item\" style=\"\"><span class=\"icon-wrapper circle-no\"><i class=\"fusion-li-icon fa-check fas\" aria-hidden=\"true\"><\/i><\/span><div class=\"fusion-li-item-content\">\n<p><span style=\"font-weight: 400;\">Acceso W-LAN para todos los participantes en la conferencia<\/span><\/p>\n<\/div><\/li><li class=\"fusion-li-item\" style=\"\"><span class=\"icon-wrapper circle-no\"><i class=\"fusion-li-icon fa-check fas\" aria-hidden=\"true\"><\/i><\/span><div class=\"fusion-li-item-content\">\n<p><span style=\"font-weight: 400;\">Agua mineral ilimitada en la sala de conferencias<\/span><\/p>\n<\/div><\/li><li class=\"fusion-li-item\" style=\"\"><span class=\"icon-wrapper circle-no\"><i class=\"fusion-li-icon fa-check fas\" aria-hidden=\"true\"><\/i><\/span><div class=\"fusion-li-item-content\">\n<p><span style=\"font-weight: 400;\">Estuche de presentaci\u00f3n, blocs y bol\u00edgrafos<\/span><\/p>\n<\/div><\/li><li class=\"fusion-li-item\" style=\"\"><span class=\"icon-wrapper circle-no\"><i class=\"fusion-li-icon fa-check fas\" aria-hidden=\"true\"><\/i><\/span><div class=\"fusion-li-item-content\">\n<p><span style=\"font-weight: 400;\">1 pausa caf\u00e9 con caf\u00e9, t\u00e9, aperitivos salados o dulces y vitales y fruta fresca<\/span><\/p>\n<\/div><\/li><li class=\"fusion-li-item\" style=\"\"><span class=\"icon-wrapper circle-no\"><i class=\"fusion-li-icon fa-check fas\" aria-hidden=\"true\"><\/i><\/span><div class=\"fusion-li-item-content\">\n<p><span style=\"font-weight: 400;\">Bebidas sin alcohol ilimitadas con tu comida de negocios<\/span><\/p>\n<\/div><\/li><\/ul><div class=\"fusion-separator fusion-full-width-sep\" style=\"align-self: center;margin-left: auto;margin-right: auto;margin-top:30px;margin-bottom:30px;width:100%;\"><\/div><div class=\"fusion-text fusion-text-11\"><p><span style=\"font-weight: 400;\">Con almuerzo de negocios de temporada = <\/span><b>78 \u20ac por persona<\/b><\/p>\n<\/div><\/div><\/div><div class=\"fusion-layout-column fusion_builder_column fusion-builder-column-14 fusion_builder_column_1_1 1_1 fusion-flex-column\" style=\"--awb-bg-size:cover;--awb-width-large:100%;--awb-margin-top-large:0px;--awb-spacing-right-large:0px;--awb-margin-bottom-large:20px;--awb-spacing-left-large:0px;--awb-width-medium:100%;--awb-order-medium:0;--awb-spacing-right-medium:0px;--awb-spacing-left-medium:0px;--awb-width-small:100%;--awb-order-small:0;--awb-spacing-right-small:0px;--awb-spacing-left-small:0px;\"><div class=\"fusion-column-wrapper fusion-column-has-shadow fusion-flex-justify-content-flex-start fusion-content-layout-column\"><div style=\"text-align:center;\"><a class=\"fusion-button button-flat button-large button-custom fusion-button-default button-6 fusion-button-default-span fusion-button-default-type fusion-has-button-gradient\" style=\"--button_accent_color:#af9755;--button_accent_hover_color:#ffffff;--button_border_hover_color:#af9755;--button_gradient_top_color:#ffffff;--button_gradient_bottom_color:rgba(255,255,255,0.65);--button_gradient_top_color_hover:#af9755;--button_gradient_bottom_color_hover:#af9755;--button_text_transform:none;\" target=\"_self\" href=\"https:\/\/imlauer.com\/hotel-pitter-salzburg\/paquetes-de-conferencias\/?lang=es\"><span class=\"fusion-button-icon-divider button-icon-divider-left\"><i class=\"fa-edit far awb-button__icon awb-button__icon--default\" aria-hidden=\"true\"><\/i><\/span><span class=\"fusion-button-text awb-button__text awb-button__text--default fusion-button-text-left\">M\u00e1s informaci\u00f3n<\/span><\/a><\/div><div class=\"fusion-separator fusion-full-width-sep\" style=\"align-self: center;margin-left: auto;margin-right: auto;margin-top:12px;width:100%;\"><\/div><div style=\"text-align:center;\"><a class=\"fusion-button button-flat button-large button-custom fusion-button-default button-7 fusion-button-default-span fusion-button-default-type fusion-has-button-gradient\" style=\"--button_accent_color:#af9755;--button_accent_hover_color:#ffffff;--button_border_hover_color:#af9755;--button_border_width-top:2px;--button_border_width-right:2px;--button_border_width-bottom:2px;--button_border_width-left:2px;--button_gradient_top_color:#ffffff;--button_gradient_bottom_color:rgba(255,255,255,0.65);--button_gradient_top_color_hover:#af9755;--button_gradient_bottom_color_hover:#af9755;--button_text_transform:none;\" target=\"_self\" href=\"mailto:pitter@imlauer.com\"><span class=\"fusion-button-icon-divider button-icon-divider-left\"><i class=\"fa-envelope far awb-button__icon awb-button__icon--default\" aria-hidden=\"true\"><\/i><\/span><span class=\"fusion-button-text awb-button__text awb-button__text--default fusion-button-text-left\">\u00bfTe interesa? \u00a1Pide informaci\u00f3n ya!<\/span><\/a><\/div><\/div><\/div><\/div><\/div><div class=\"fusion-fullwidth fullwidth-box fusion-builder-row-7 fusion-flex-container has-pattern-background has-mask-background hundred-percent-fullwidth non-hundred-percent-height-scrolling fusion-no-medium-visibility fusion-no-large-visibility\" style=\"--awb-background-position:left top;--awb-border-sizes-top:0px;--awb-border-sizes-bottom:0px;--awb-border-sizes-left:0px;--awb-border-sizes-right:0px;--awb-border-radius-top-left:0px;--awb-border-radius-top-right:0px;--awb-border-radius-bottom-right:0px;--awb-border-radius-bottom-left:0px;--awb-padding-top:0px;--awb-padding-bottom:0px;--awb-flex-wrap:wrap;\" ><div class=\"fusion-builder-row fusion-row fusion-flex-align-items-stretch fusion-flex-content-wrap\" style=\"width:calc( 100% + 0px ) !important;max-width:calc( 100% + 0px ) !important;margin-left: calc(-0px \/ 2 );margin-right: calc(-0px \/ 2 );\"><div class=\"fusion-layout-column fusion_builder_column fusion-builder-column-15 fusion_builder_column_1_1 1_1 fusion-flex-column\" style=\"--awb-bg-size:cover;--awb-width-large:100%;--awb-margin-top-large:0px;--awb-spacing-right-large:0px;--awb-margin-bottom-large:20px;--awb-spacing-left-large:0px;--awb-width-medium:100%;--awb-order-medium:0;--awb-spacing-right-medium:0px;--awb-spacing-left-medium:0px;--awb-width-small:100%;--awb-order-small:0;--awb-spacing-right-small:0px;--awb-spacing-left-small:0px;\" data-scroll-devices=\"small-visibility,medium-visibility,large-visibility\"><div class=\"fusion-column-wrapper fusion-column-has-shadow fusion-flex-justify-content-flex-start fusion-content-layout-column\"><div class=\"fusion-separator fusion-full-width-sep\" style=\"align-self: center;margin-left: auto;margin-right: auto;margin-top:30px;margin-bottom:30px;width:100%;\"><\/div><div class=\"fusion-text fusion-text-12\"><h2 style=\"text-align: center;\"><span style=\"font-weight: 400;\">Paquetes de conferencias en el Hotel Pitter de IMLAUER, de 4 estrellas Superior<\/span><\/h2>\n<\/div><\/div><\/div><div class=\"fusion-layout-column fusion_builder_column fusion-builder-column-16 fusion_builder_column_1_2 1_2 fusion-flex-column fusion-animated\" style=\"--awb-padding-top:70px;--awb-padding-right:40px;--awb-padding-bottom:70px;--awb-padding-left:40px;--awb-bg-position:center center;--awb-bg-size:cover;--awb-width-large:50%;--awb-margin-top-large:0px;--awb-spacing-right-large:0px;--awb-margin-bottom-large:0px;--awb-spacing-left-large:0px;--awb-width-medium:100%;--awb-order-medium:0;--awb-spacing-right-medium:0px;--awb-spacing-left-medium:0px;--awb-width-small:100%;--awb-order-small:0;--awb-spacing-right-small:0px;--awb-spacing-left-small:0px;\" data-animationType=\"slideInDown\" data-animationDuration=\"0.1\" data-animationOffset=\"top-into-view\" data-scroll-devices=\"small-visibility,medium-visibility,large-visibility\"><div class=\"fusion-column-wrapper fusion-column-has-shadow fusion-flex-justify-content-center fusion-content-layout-column\"><div class=\"fusion-text fusion-text-13\"><h3 style=\"text-align: center;\"><span style=\"font-weight: 400;\">Tarifa fija por d\u00eda completo (a partir de 10 personas)<\/span><\/h3>\n<\/div><div class=\"fusion-separator fusion-full-width-sep\" style=\"align-self: center;margin-left: auto;margin-right: auto;margin-top:30px;width:100%;\"><\/div><ul style=\"--awb-iconcolor:#cbaa5c;--awb-line-height:30.6px;--awb-icon-width:30.6px;--awb-icon-height:30.6px;--awb-icon-margin:12.6px;--awb-content-margin:43.2px;\" class=\"fusion-checklist fusion-checklist-9 fusion-checklist-default type-icons\"><li class=\"fusion-li-item\" style=\"\"><span class=\"icon-wrapper circle-no\"><i class=\"fusion-li-icon fa-check fas\" aria-hidden=\"true\"><\/i><\/span><div class=\"fusion-li-item-content\">\n<p><span style=\"font-weight: 400;\">Gastos de alquiler y suministro de la sala principal climatizada, en funci\u00f3n del n\u00famero de personas<\/span><\/p>\n<\/div><\/li><li class=\"fusion-li-item\" style=\"\"><span class=\"icon-wrapper circle-no\"><i class=\"fusion-li-icon fa-check fas\" aria-hidden=\"true\"><\/i><\/span><div class=\"fusion-li-item-content\">\n<p><span style=\"font-weight: 400;\">Tecnolog\u00eda del evento: 1 pantalla, 1 proyector, 1 rotafolios, 1 tabl\u00f3n de anuncios<\/span><\/p>\n<\/div><\/li><li class=\"fusion-li-item\" style=\"\"><span class=\"icon-wrapper circle-no\"><i class=\"fusion-li-icon fa-check fas\" aria-hidden=\"true\"><\/i><\/span><div class=\"fusion-li-item-content\">\n<p><span style=\"font-weight: 400;\">Acceso W-LAN para todos los participantes en la conferencia<\/span><\/p>\n<\/div><\/li><li class=\"fusion-li-item\" style=\"\"><span class=\"icon-wrapper circle-no\"><i class=\"fusion-li-icon fa-check fas\" aria-hidden=\"true\"><\/i><\/span><div class=\"fusion-li-item-content\">\n<p><span style=\"font-weight: 400;\">Agua mineral ilimitada en la sala de conferencias<\/span><\/p>\n<\/div><\/li><li class=\"fusion-li-item\" style=\"\"><span class=\"icon-wrapper circle-no\"><i class=\"fusion-li-icon fa-check fas\" aria-hidden=\"true\"><\/i><\/span><div class=\"fusion-li-item-content\">\n<p><span style=\"font-weight: 400;\">Estuche de presentaci\u00f3n, blocs y bol\u00edgrafos<\/span><\/p>\n<\/div><\/li><li class=\"fusion-li-item\" style=\"\"><span class=\"icon-wrapper circle-no\"><i class=\"fusion-li-icon fa-check fas\" aria-hidden=\"true\"><\/i><\/span><div class=\"fusion-li-item-content\">\n<p><span style=\"font-weight: 400;\">2 pausas caf\u00e9 con caf\u00e9, t\u00e9, aperitivos salados o dulces y vitales y fruta fresca<\/span><\/p>\n<\/div><\/li><li class=\"fusion-li-item\" style=\"\"><span class=\"icon-wrapper circle-no\"><i class=\"fusion-li-icon fa-check fas\" aria-hidden=\"true\"><\/i><\/span><div class=\"fusion-li-item-content\">\n<p><span style=\"font-weight: 400;\">Bebidas sin alcohol ilimitadas con tu comida de negocios<\/span><\/p>\n<\/div><\/li><\/ul><div class=\"fusion-separator fusion-full-width-sep\" style=\"align-self: center;margin-left: auto;margin-right: auto;margin-top:30px;margin-bottom:30px;width:100%;\"><\/div><div class=\"fusion-text fusion-text-14\"><p><span style=\"font-weight: 400;\">Con almuerzo de negocios de temporada = <\/span><b>92 \u20ac por persona<\/b><\/p>\n<p><span style=\"font-weight: 400;\">Con men\u00fa fijo de 3 platos para el almuerzo de negocios en el restaurante IMLAUER Sky = <\/span><b>102 \u20ac por persona<\/b><\/p>\n<\/div><\/div><\/div><div class=\"fusion-layout-column fusion_builder_column fusion-builder-column-17 fusion_builder_column_1_2 1_2 fusion-flex-column fusion-animated\" style=\"--awb-padding-top:40px;--awb-padding-bottom:40px;--awb-bg-position:center center;--awb-bg-size:cover;--awb-border-color:#af9755;--awb-border-top:0;--awb-border-right:0;--awb-border-bottom:0;--awb-border-left:0;--awb-border-style:solid;--awb-width-large:50%;--awb-margin-top-large:0px;--awb-spacing-right-large:0px;--awb-margin-bottom-large:0px;--awb-spacing-left-large:0px;--awb-width-medium:100%;--awb-order-medium:0;--awb-spacing-right-medium:0px;--awb-spacing-left-medium:0px;--awb-width-small:100%;--awb-order-small:0;--awb-spacing-right-small:0px;--awb-spacing-left-small:0px;\" data-animationType=\"slideInDown\" data-animationDuration=\"0.1\" data-animationOffset=\"top-into-view\" data-scroll-devices=\"small-visibility,medium-visibility,large-visibility\"><div class=\"fusion-column-wrapper fusion-column-has-shadow fusion-flex-justify-content-flex-start fusion-content-layout-column\"><div class=\"fusion-text fusion-text-15\"><h3 style=\"text-align: center;\"><span style=\"font-weight: 400;\">Tarifa fija de medio d\u00eda (a partir de 10 personas)<\/span><\/h3>\n<\/div><div class=\"fusion-separator fusion-full-width-sep\" style=\"align-self: center;margin-left: auto;margin-right: auto;margin-top:30px;width:100%;\"><\/div><ul style=\"--awb-iconcolor:#cbaa5c;--awb-line-height:30.6px;--awb-icon-width:30.6px;--awb-icon-height:30.6px;--awb-icon-margin:12.6px;--awb-content-margin:43.2px;\" class=\"fusion-checklist fusion-checklist-10 fusion-checklist-default type-icons\"><li class=\"fusion-li-item\" style=\"\"><span class=\"icon-wrapper circle-no\"><i class=\"fusion-li-icon fa-check fas\" aria-hidden=\"true\"><\/i><\/span><div class=\"fusion-li-item-content\">\n<p><span style=\"font-weight: 400;\">Gastos de alquiler y suministro de la sala principal climatizada, en funci\u00f3n del n\u00famero de personas<\/span><\/p>\n<\/div><\/li><li class=\"fusion-li-item\" style=\"\"><span class=\"icon-wrapper circle-no\"><i class=\"fusion-li-icon fa-check fas\" aria-hidden=\"true\"><\/i><\/span><div class=\"fusion-li-item-content\">\n<p><span style=\"font-weight: 400;\">Tecnolog\u00eda del evento: 1 pantalla, 1 proyector, 1 rotafolios, 1 tabl\u00f3n de anuncios<\/span><\/p>\n<\/div><\/li><li class=\"fusion-li-item\" style=\"\"><span class=\"icon-wrapper circle-no\"><i class=\"fusion-li-icon fa-check fas\" aria-hidden=\"true\"><\/i><\/span><div class=\"fusion-li-item-content\">\n<p><span style=\"font-weight: 400;\">Acceso W-LAN para todos los participantes en la conferencia<\/span><\/p>\n<\/div><\/li><li class=\"fusion-li-item\" style=\"\"><span class=\"icon-wrapper circle-no\"><i class=\"fusion-li-icon fa-check fas\" aria-hidden=\"true\"><\/i><\/span><div class=\"fusion-li-item-content\">\n<p><span style=\"font-weight: 400;\">Agua mineral ilimitada en la sala de conferencias<\/span><\/p>\n<\/div><\/li><li class=\"fusion-li-item\" style=\"\"><span class=\"icon-wrapper circle-no\"><i class=\"fusion-li-icon fa-check fas\" aria-hidden=\"true\"><\/i><\/span><div class=\"fusion-li-item-content\">\n<p><span style=\"font-weight: 400;\">Estuche de presentaci\u00f3n, blocs y bol\u00edgrafos<\/span><\/p>\n<\/div><\/li><li class=\"fusion-li-item\" style=\"\"><span class=\"icon-wrapper circle-no\"><i class=\"fusion-li-icon fa-check fas\" aria-hidden=\"true\"><\/i><\/span><div class=\"fusion-li-item-content\">\n<p><span style=\"font-weight: 400;\">1 pausa caf\u00e9 con caf\u00e9, t\u00e9, aperitivos salados o dulces y vitales y fruta fresca<\/span><\/p>\n<\/div><\/li><li class=\"fusion-li-item\" style=\"\"><span class=\"icon-wrapper circle-no\"><i class=\"fusion-li-icon fa-check fas\" aria-hidden=\"true\"><\/i><\/span><div class=\"fusion-li-item-content\">\n<p><span style=\"font-weight: 400;\">Bebidas sin alcohol ilimitadas con tu comida de negocios<\/span><\/p>\n<\/div><\/li><\/ul><div class=\"fusion-separator fusion-full-width-sep\" style=\"align-self: center;margin-left: auto;margin-right: auto;margin-top:30px;margin-bottom:30px;width:100%;\"><\/div><div class=\"fusion-text fusion-text-16\"><p><span style=\"font-weight: 400;\">Con almuerzo de negocios de temporada = <\/span><b>78 \u20ac por persona<\/b><\/p>\n<\/div><\/div><\/div><div class=\"fusion-layout-column fusion_builder_column fusion-builder-column-18 fusion_builder_column_1_1 1_1 fusion-flex-column\" style=\"--awb-bg-size:cover;--awb-width-large:100%;--awb-margin-top-large:0px;--awb-spacing-right-large:0px;--awb-margin-bottom-large:20px;--awb-spacing-left-large:0px;--awb-width-medium:100%;--awb-order-medium:0;--awb-spacing-right-medium:0px;--awb-spacing-left-medium:0px;--awb-width-small:100%;--awb-order-small:0;--awb-spacing-right-small:0px;--awb-spacing-left-small:0px;\"><div class=\"fusion-column-wrapper fusion-column-has-shadow fusion-flex-justify-content-flex-start fusion-content-layout-column\"><div style=\"text-align:center;\"><a class=\"fusion-button button-flat button-large button-custom fusion-button-default button-8 fusion-button-default-span fusion-button-default-type fusion-has-button-gradient\" style=\"--button_accent_color:#af9755;--button_accent_hover_color:#ffffff;--button_border_hover_color:#af9755;--button_gradient_top_color:#ffffff;--button_gradient_bottom_color:rgba(255,255,255,0.65);--button_gradient_top_color_hover:#af9755;--button_gradient_bottom_color_hover:#af9755;--button_text_transform:none;\" target=\"_self\" href=\"https:\/\/imlauer.com\/hotel-pitter-salzburg\/paquetes-de-conferencias\/?lang=es\"><span class=\"fusion-button-icon-divider button-icon-divider-left\"><i class=\"fa-edit far awb-button__icon awb-button__icon--default\" aria-hidden=\"true\"><\/i><\/span><span class=\"fusion-button-text awb-button__text awb-button__text--default fusion-button-text-left\">M\u00e1s informaci\u00f3n<\/span><\/a><\/div><div class=\"fusion-separator fusion-full-width-sep\" style=\"align-self: center;margin-left: auto;margin-right: auto;margin-top:12px;width:100%;\"><\/div><div style=\"text-align:center;\"><a class=\"fusion-button button-flat button-large button-custom fusion-button-default button-9 fusion-button-default-span fusion-button-default-type fusion-has-button-gradient\" style=\"--button_accent_color:#af9755;--button_accent_hover_color:#ffffff;--button_border_hover_color:#af9755;--button_border_width-top:2px;--button_border_width-right:2px;--button_border_width-bottom:2px;--button_border_width-left:2px;--button_gradient_top_color:#ffffff;--button_gradient_bottom_color:rgba(255,255,255,0.65);--button_gradient_top_color_hover:#af9755;--button_gradient_bottom_color_hover:#af9755;--button_text_transform:none;\" target=\"_self\" href=\"mailto:pitter@imlauer.com\"><span class=\"fusion-button-icon-divider button-icon-divider-left\"><i class=\"fa-envelope far awb-button__icon awb-button__icon--default\" aria-hidden=\"true\"><\/i><\/span><span class=\"fusion-button-text awb-button__text awb-button__text--default fusion-button-text-left\">\u00bfTe interesa? \u00a1Pide informaci\u00f3n ya!<\/span><\/a><\/div><\/div><\/div><\/div><\/div><div class=\"fusion-fullwidth fullwidth-box fusion-builder-row-8 fusion-flex-container has-pattern-background has-mask-background hundred-percent-fullwidth non-hundred-percent-height-scrolling\" style=\"--awb-background-position:left top;--awb-border-sizes-top:0px;--awb-border-sizes-bottom:0px;--awb-border-sizes-left:0px;--awb-border-sizes-right:0px;--awb-border-radius-top-left:0px;--awb-border-radius-top-right:0px;--awb-border-radius-bottom-right:0px;--awb-border-radius-bottom-left:0px;--awb-padding-top:0px;--awb-padding-bottom:0px;--awb-flex-wrap:wrap;\" ><div class=\"fusion-builder-row fusion-row fusion-flex-align-items-stretch fusion-flex-content-wrap\" style=\"width:calc( 100% + 0px ) !important;max-width:calc( 100% + 0px ) !important;margin-left: calc(-0px \/ 2 );margin-right: calc(-0px \/ 2 );\"><div class=\"fusion-layout-column fusion_builder_column fusion-builder-column-19 fusion_builder_column_1_1 1_1 fusion-flex-column\" style=\"--awb-bg-size:cover;--awb-width-large:100%;--awb-margin-top-large:0px;--awb-spacing-right-large:0px;--awb-margin-bottom-large:20px;--awb-spacing-left-large:0px;--awb-width-medium:100%;--awb-order-medium:0;--awb-spacing-right-medium:0px;--awb-spacing-left-medium:0px;--awb-width-small:100%;--awb-order-small:0;--awb-spacing-right-small:0px;--awb-spacing-left-small:0px;\" data-scroll-devices=\"small-visibility,medium-visibility,large-visibility\"><div class=\"fusion-column-wrapper fusion-column-has-shadow fusion-flex-justify-content-flex-start fusion-content-layout-column\"><div class=\"fusion-separator fusion-full-width-sep\" style=\"align-self: center;margin-left: auto;margin-right: auto;margin-top:60px;margin-bottom:60px;width:100%;\"><\/div><div class=\"fusion-text fusion-text-17\"><h2 style=\"text-align: center;\"><span style=\"font-weight: 400;\">Habitaciones y suites: nuestra opci\u00f3n m\u00e1s popular<\/span><\/h2>\n<h3 style=\"text-align: center;\"><span style=\"font-weight: 400;\">Habitaci\u00f3n doble \u00abCl\u00e1sica\u00bb para 1-2 personas<\/span><\/h3>\n<\/div><\/div><\/div><div class=\"fusion-layout-column fusion_builder_column fusion-builder-column-20 fusion_builder_column_1_2 1_2 fusion-flex-column fusion-animated\" style=\"--awb-padding-top:70px;--awb-padding-right:40px;--awb-padding-bottom:70px;--awb-padding-left:40px;--awb-bg-position:center center;--awb-bg-size:cover;--awb-width-large:50%;--awb-margin-top-large:0px;--awb-spacing-right-large:0px;--awb-margin-bottom-large:0px;--awb-spacing-left-large:0px;--awb-width-medium:100%;--awb-order-medium:0;--awb-spacing-right-medium:0px;--awb-spacing-left-medium:0px;--awb-width-small:100%;--awb-order-small:0;--awb-spacing-right-small:0px;--awb-spacing-left-small:0px;\" data-animationType=\"slideInDown\" data-animationDuration=\"0.1\" data-animationOffset=\"top-into-view\" data-scroll-devices=\"small-visibility,medium-visibility,large-visibility\"><div class=\"fusion-column-wrapper fusion-column-has-shadow fusion-flex-justify-content-center fusion-content-layout-column\"><div class=\"fusion-separator fusion-full-width-sep\" style=\"align-self: center;margin-left: auto;margin-right: auto;margin-top:30px;width:100%;\"><\/div><ul style=\"--awb-iconcolor:#cbaa5c;--awb-line-height:30.6px;--awb-icon-width:30.6px;--awb-icon-height:30.6px;--awb-icon-margin:12.6px;--awb-content-margin:43.2px;\" class=\"fusion-checklist fusion-checklist-11 fusion-checklist-default type-icons\"><li class=\"fusion-li-item\" style=\"\"><span class=\"icon-wrapper circle-no\"><i class=\"fusion-li-icon fa-bed fas\" aria-hidden=\"true\"><\/i><\/span><div class=\"fusion-li-item-content\">\n<p><span style=\"font-weight: 400;\">18-26 m\u00b2<\/span><\/p>\n<\/div><\/li><li class=\"fusion-li-item\" style=\"\"><span class=\"icon-wrapper circle-no\"><i class=\"fusion-li-icon fa-bed fas\" aria-hidden=\"true\"><\/i><\/span><div class=\"fusion-li-item-content\">\n<p><span style=\"font-weight: 400;\">Cama doble o camas separadas<\/span><\/p>\n<\/div><\/li><li class=\"fusion-li-item\" style=\"\"><span class=\"icon-wrapper circle-no\"><i class=\"fusion-li-icon fa-bed fas\" aria-hidden=\"true\"><\/i><\/span><div class=\"fusion-li-item-content\">\n<p><span style=\"font-weight: 400;\">Agua mineral gratuita<\/span><\/p>\n<\/div><\/li><li class=\"fusion-li-item\" style=\"\"><span class=\"icon-wrapper circle-no\"><i class=\"fusion-li-icon fa-bed fas\" aria-hidden=\"true\"><\/i><\/span><div class=\"fusion-li-item-content\">\n<p><span style=\"font-weight: 400;\">WLAN gratuito<\/span><\/p>\n<\/div><\/li><li class=\"fusion-li-item\" style=\"\"><span class=\"icon-wrapper circle-no\"><i class=\"fusion-li-icon fa-bed fas\" aria-hidden=\"true\"><\/i><\/span><div class=\"fusion-li-item-content\">\n<p><span style=\"font-weight: 400;\">Smart TV (Netflix y YouTube)<\/span><\/p>\n<\/div><\/li><li class=\"fusion-li-item\" style=\"\"><span class=\"icon-wrapper circle-no\"><i class=\"fusion-li-icon fa-bed fas\" aria-hidden=\"true\"><\/i><\/span><div class=\"fusion-li-item-content\">\n<p><span style=\"font-weight: 400;\">Estaci\u00f3n gratuita de caf\u00e9 y t\u00e9<\/span><\/p>\n<\/div><\/li><\/ul><div class=\"fusion-separator fusion-full-width-sep\" style=\"align-self: center;margin-left: auto;margin-right: auto;margin-top:12px;width:100%;\"><\/div><div style=\"text-align:center;\"><a class=\"fusion-button button-flat button-large button-custom fusion-button-default button-10 fusion-button-default-span fusion-button-default-type fusion-has-button-gradient\" style=\"--button_accent_color:#af9755;--button_accent_hover_color:#ffffff;--button_border_hover_color:#af9755;--button_gradient_top_color:#ffffff;--button_gradient_bottom_color:rgba(255,255,255,0.65);--button_gradient_top_color_hover:#af9755;--button_gradient_bottom_color_hover:#af9755;--button_text_transform:none;\" target=\"_self\" href=\"https:\/\/imlauer.com\/hotel-pitter-salzburg\/habitacion\/?lang=es\"><span class=\"fusion-button-icon-divider button-icon-divider-left\"><i class=\"fa-bed fas awb-button__icon awb-button__icon--default\" aria-hidden=\"true\"><\/i><\/span><span class=\"fusion-button-text awb-button__text awb-button__text--default fusion-button-text-left\">M\u00e1s habitaciones y suites<\/span><\/a><\/div><div class=\"fusion-separator fusion-full-width-sep\" style=\"align-self: center;margin-left: auto;margin-right: auto;margin-top:12px;width:100%;\"><\/div><div style=\"text-align:center;\"><a class=\"fusion-button button-flat button-large button-custom fusion-button-default button-11 fusion-button-default-span fusion-button-default-type fusion-has-button-gradient\" style=\"--button_accent_color:#af9755;--button_accent_hover_color:#ffffff;--button_border_hover_color:#af9755;--button_border_width-top:2px;--button_border_width-right:2px;--button_border_width-bottom:2px;--button_border_width-left:2px;--button_gradient_top_color:#ffffff;--button_gradient_bottom_color:rgba(255,255,255,0.65);--button_gradient_top_color_hover:#af9755;--button_gradient_bottom_color_hover:#af9755;--button_text_transform:none;\" target=\"_self\" href=\"https:\/\/imlauer.com\/hotel-pitter-salzburg\/portfolio-items\/habitacion-doble-clasica\/?lang=es\"><span class=\"fusion-button-icon-divider button-icon-divider-left\"><i class=\"fa-edit far awb-button__icon awb-button__icon--default\" aria-hidden=\"true\"><\/i><\/span><span class=\"fusion-button-text awb-button__text awb-button__text--default fusion-button-text-left\">M\u00e1s informaci\u00f3n<\/span><\/a><\/div><\/div><\/div><div class=\"fusion-layout-column fusion_builder_column fusion-builder-column-21 fusion_builder_column_1_2 1_2 fusion-flex-column fusion-animated\" style=\"--awb-padding-top:40px;--awb-padding-bottom:40px;--awb-bg-position:center center;--awb-bg-size:cover;--awb-border-color:#af9755;--awb-border-top:0;--awb-border-right:0;--awb-border-bottom:0;--awb-border-left:0;--awb-border-style:solid;--awb-width-large:50%;--awb-margin-top-large:0px;--awb-spacing-right-large:0px;--awb-margin-bottom-large:0px;--awb-spacing-left-large:0px;--awb-width-medium:100%;--awb-order-medium:0;--awb-spacing-right-medium:0px;--awb-spacing-left-medium:0px;--awb-width-small:100%;--awb-order-small:0;--awb-spacing-right-small:0px;--awb-spacing-left-small:0px;\" data-animationType=\"slideInDown\" data-animationDuration=\"0.1\" data-animationOffset=\"top-into-view\" data-scroll-devices=\"small-visibility,medium-visibility,large-visibility\"><div class=\"fusion-column-wrapper fusion-column-has-shadow fusion-flex-justify-content-flex-start fusion-content-layout-column\"><div class=\"fusion-image-element\" style=\"--awb-caption-title-font-family:var(--h2_typography-font-family);--awb-caption-title-font-weight:var(--h2_typography-font-weight);--awb-caption-title-font-style:var(--h2_typography-font-style);--awb-caption-title-size:var(--h2_typography-font-size);--awb-caption-title-transform:var(--h2_typography-text-transform);--awb-caption-title-line-height:var(--h2_typography-line-height);--awb-caption-title-letter-spacing:var(--h2_typography-letter-spacing);\"><span class=\" fusion-imageframe imageframe-none imageframe-3 hover-type-none\"><img decoding=\"async\" width=\"2048\" height=\"1536\" alt=\"IMLAUER\" title=\"IMLAUER HOTEL PITTER\" src=\"https:\/\/imlauer.com\/hotel-pitter-salzburg\/wp-content\/uploads\/2025\/01\/ImlauerHotelPitter-8739.jpg\" class=\"img-responsive wp-image-47816\" srcset=\"https:\/\/imlauer.com\/hotel-pitter-salzburg\/wp-content\/uploads\/2025\/01\/ImlauerHotelPitter-8739-200x150.jpg 200w, https:\/\/imlauer.com\/hotel-pitter-salzburg\/wp-content\/uploads\/2025\/01\/ImlauerHotelPitter-8739-400x300.jpg 400w, https:\/\/imlauer.com\/hotel-pitter-salzburg\/wp-content\/uploads\/2025\/01\/ImlauerHotelPitter-8739-600x450.jpg 600w, https:\/\/imlauer.com\/hotel-pitter-salzburg\/wp-content\/uploads\/2025\/01\/ImlauerHotelPitter-8739-800x600.jpg 800w, https:\/\/imlauer.com\/hotel-pitter-salzburg\/wp-content\/uploads\/2025\/01\/ImlauerHotelPitter-8739-1200x900.jpg 1200w, https:\/\/imlauer.com\/hotel-pitter-salzburg\/wp-content\/uploads\/2025\/01\/ImlauerHotelPitter-8739.jpg 2048w\" sizes=\"(max-width: 1024px) 100vw, (max-width: 640px) 100vw, 800px\" \/><\/span><\/div><\/div><\/div><div class=\"fusion-layout-column fusion_builder_column fusion-builder-column-22 fusion_builder_column_1_1 1_1 fusion-flex-column\" style=\"--awb-bg-size:cover;--awb-width-large:100%;--awb-margin-top-large:0px;--awb-spacing-right-large:0px;--awb-margin-bottom-large:20px;--awb-spacing-left-large:0px;--awb-width-medium:100%;--awb-order-medium:0;--awb-spacing-right-medium:0px;--awb-spacing-left-medium:0px;--awb-width-small:100%;--awb-order-small:0;--awb-spacing-right-small:0px;--awb-spacing-left-small:0px;\"><div class=\"fusion-column-wrapper fusion-column-has-shadow fusion-flex-justify-content-flex-start fusion-content-layout-column\"><div class=\"fusion-separator fusion-full-width-sep\" style=\"align-self: center;margin-left: auto;margin-right: auto;margin-top:30px;width:100%;\"><\/div><\/div><\/div><\/div><\/div><div class=\"fusion-fullwidth fullwidth-box fusion-builder-row-9 fusion-flex-container has-pattern-background has-mask-background hundred-percent-fullwidth non-hundred-percent-height-scrolling\" style=\"--awb-background-position:left top;--awb-border-sizes-top:0px;--awb-border-sizes-bottom:0px;--awb-border-sizes-left:0px;--awb-border-sizes-right:0px;--awb-border-radius-top-left:0px;--awb-border-radius-top-right:0px;--awb-border-radius-bottom-right:0px;--awb-border-radius-bottom-left:0px;--awb-padding-top:0px;--awb-padding-bottom:0px;--awb-background-color:rgba(255,255,255,0);--awb-flex-wrap:wrap;\" ><div class=\"fusion-builder-row fusion-row fusion-flex-align-items-stretch fusion-flex-content-wrap\" style=\"width:calc( 100% + 0px ) !important;max-width:calc( 100% + 0px ) !important;margin-left: calc(-0px \/ 2 );margin-right: calc(-0px \/ 2 );\"><div class=\"fusion-layout-column fusion_builder_column fusion-builder-column-23 fusion_builder_column_1_2 1_2 fusion-flex-column fusion-animated\" style=\"--awb-padding-top:0px;--awb-padding-right:0px;--awb-padding-bottom:0px;--awb-padding-left:0px;--awb-bg-position:center center;--awb-bg-size:cover;--awb-width-large:50%;--awb-margin-top-large:0px;--awb-spacing-right-large:0px;--awb-margin-bottom-large:0px;--awb-spacing-left-large:0px;--awb-width-medium:100%;--awb-order-medium:0;--awb-spacing-right-medium:0px;--awb-spacing-left-medium:0px;--awb-width-small:100%;--awb-spacing-right-small:0px;--awb-spacing-left-small:0px;\" data-animationType=\"slideInDown\" data-animationDuration=\"0.1\" data-animationOffset=\"top-into-view\"><div class=\"fusion-column-wrapper fusion-column-has-shadow fusion-flex-justify-content-center fusion-content-layout-column\"><div class=\"fusion-image-before-after-wrapper fusion-image-before-after-horizontal type-before-after hover-type-together fusion-image-before-after-wrapper-1\" style=\"--awb-font-size:13px;--awb-bordersize:0px;--awb-accent-color-bg:rgba(255,255,255,0.15);--awb-transition-time:0.5s;\"><div class=\"fusion-image-before-after-element fusion-image-before-after fusion-image-before-after-container fusion-image-before-after-1\" data-offset=\"0.5\" data-orientation=\"horizontal\" data-move-with-handle-only=\"true\" data-click-to-move=\"true\"><img decoding=\"async\" class=\"fusion-image-before-after-before\" src=\"https:\/\/imlauer.com\/hotel-pitter-salzburg\/wp-content\/uploads\/2025\/01\/Imlauer-sky-bar-restaurant-salzburg.jpg\" width=\"1000\" height=\"667\"><img decoding=\"async\" class=\"fusion-image-before-after-after\" src=\"https:\/\/imlauer.com\/hotel-pitter-salzburg\/wp-content\/uploads\/2025\/01\/Pitterkeller-salzburg-Gastraum1.jpg\" width=\"1000\" height=\"667\"><div class=\"fusion-image-before-after-handle fusion-image-before-after-handle-default\"><span class=\"fusion-image-before-after-left-arrow\"><\/span><span class=\"fusion-image-before-after-right-arrow\"><\/span><\/div><\/div><\/div><\/div><\/div><div class=\"fusion-layout-column fusion_builder_column fusion-builder-column-24 fusion_builder_column_1_2 1_2 fusion-flex-column fusion-animated\" style=\"--awb-padding-top:70px;--awb-padding-right:40px;--awb-padding-bottom:70px;--awb-padding-left:40px;--awb-bg-color:#f7f7f7;--awb-bg-color-hover:#f7f7f7;--awb-bg-size:cover;--awb-width-large:50%;--awb-margin-top-large:0px;--awb-spacing-right-large:0px;--awb-margin-bottom-large:0px;--awb-spacing-left-large:0px;--awb-width-medium:100%;--awb-order-medium:1;--awb-spacing-right-medium:0px;--awb-spacing-left-medium:0px;--awb-width-small:100%;--awb-spacing-right-small:0px;--awb-spacing-left-small:0px;\" data-animationType=\"slideInLeft\" data-animationDuration=\"0.1\" data-animationOffset=\"top-into-view\"><div class=\"fusion-column-wrapper fusion-column-has-shadow fusion-flex-justify-content-center fusion-content-layout-column\"><div class=\"fusion-text fusion-text-18\"><h2 style=\"text-align: center;\"><span style=\"font-weight: 400;\">Dos restaurantes: el Sky-Bar o la cervecer\u00eda<\/span><\/h2>\n<\/div><div class=\"fusion-text fusion-text-19\"><p style=\"text-align: center;\"><span style=\"font-weight: 400;\">La guinda del pastel para que un evento sea todo un \u00e9xito es una gastronom\u00eda de primera y un servicio atento, todo ello en un ambiente que se te quede grabado en la memoria. Con el   <\/span><b>el elegante IMLAUER Sky-Bar &#038; Restaurant, en la 6.\u00aa planta<\/b><span style=\"font-weight: 400;\"> y el <\/span><b>acogedor y con encanto PitterKeller, toda una instituci\u00f3n en Salzburgo<\/b><span style=\"font-weight: 400;\">  El IMLAUER HOTEL PITTER cuenta con dos restaurantes con un encanto muy diferente e inolvidable. Ambos restaurantes tienen capacidad para   <\/span><b>hasta 150 invitados<\/b><span style=\"font-weight: 400;\">.<\/span><\/p>\n<\/div><div class=\"fusion-builder-row fusion-builder-row-inner fusion-row fusion-flex-align-items-stretch fusion-flex-content-wrap\" style=\"--awb-flex-grow:0;--awb-flex-grow-medium:0;--awb-flex-grow-small:0;--awb-flex-shrink:0;--awb-flex-shrink-medium:0;--awb-flex-shrink-small:0;width:calc( 100% + 0px ) !important;max-width:calc( 100% + 0px ) !important;margin-left: calc(-0px \/ 2 );margin-right: calc(-0px \/ 2 );\"><div class=\"fusion-layout-column fusion_builder_column_inner fusion-builder-nested-column-0 fusion_builder_column_inner_1_2 1_2 fusion-flex-column\" style=\"--awb-bg-size:cover;--awb-width-large:50%;--awb-margin-top-large:0px;--awb-spacing-right-large:0px;--awb-margin-bottom-large:20px;--awb-spacing-left-large:0px;--awb-width-medium:100%;--awb-spacing-right-medium:0px;--awb-spacing-left-medium:0px;--awb-width-small:100%;--awb-spacing-right-small:0px;--awb-spacing-left-small:0px;\"><div class=\"fusion-column-wrapper fusion-column-has-shadow fusion-flex-justify-content-flex-start fusion-content-layout-column\"><div class=\"fusion-image-element\" style=\"text-align:center;--awb-max-width:400px;--awb-caption-title-font-family:var(--h2_typography-font-family);--awb-caption-title-font-weight:var(--h2_typography-font-weight);--awb-caption-title-font-style:var(--h2_typography-font-style);--awb-caption-title-size:var(--h2_typography-font-size);--awb-caption-title-transform:var(--h2_typography-text-transform);--awb-caption-title-line-height:var(--h2_typography-line-height);--awb-caption-title-letter-spacing:var(--h2_typography-letter-spacing);\"><span class=\" fusion-imageframe imageframe-none imageframe-4 hover-type-none restaurantdetails\"><a class=\"fusion-no-lightbox\" href=\"https:\/\/imlauer.com\/imlauer-sky-bar-restaurant\/\" target=\"_blank\" aria-label=\"IH_Imlauer_Sky_Bar_Restaurant_links_rgb-e1615546596399\" rel=\"noopener noreferrer\"><img decoding=\"async\" width=\"1413\" height=\"301\" src=\"https:\/\/imlauer.com\/hotel-pitter-salzburg\/wp-content\/uploads\/2025\/01\/IH_Imlauer_Sky_Bar_Restaurant_links_rgb-e1615546596399.png\" alt class=\"img-responsive wp-image-38422\" srcset=\"https:\/\/imlauer.com\/hotel-pitter-salzburg\/wp-content\/uploads\/2025\/01\/IH_Imlauer_Sky_Bar_Restaurant_links_rgb-e1615546596399-200x43.png 200w, https:\/\/imlauer.com\/hotel-pitter-salzburg\/wp-content\/uploads\/2025\/01\/IH_Imlauer_Sky_Bar_Restaurant_links_rgb-e1615546596399-400x85.png 400w, https:\/\/imlauer.com\/hotel-pitter-salzburg\/wp-content\/uploads\/2025\/01\/IH_Imlauer_Sky_Bar_Restaurant_links_rgb-e1615546596399-600x128.png 600w, https:\/\/imlauer.com\/hotel-pitter-salzburg\/wp-content\/uploads\/2025\/01\/IH_Imlauer_Sky_Bar_Restaurant_links_rgb-e1615546596399-800x170.png 800w, https:\/\/imlauer.com\/hotel-pitter-salzburg\/wp-content\/uploads\/2025\/01\/IH_Imlauer_Sky_Bar_Restaurant_links_rgb-e1615546596399-1200x256.png 1200w, https:\/\/imlauer.com\/hotel-pitter-salzburg\/wp-content\/uploads\/2025\/01\/IH_Imlauer_Sky_Bar_Restaurant_links_rgb-e1615546596399.png 1413w\" sizes=\"(max-width: 1024px) 100vw, (max-width: 640px) 100vw, 800px\" \/><\/a><\/span><\/div><div class=\"fusion-separator fusion-full-width-sep\" style=\"align-self: center;margin-left: auto;margin-right: auto;margin-top:20px;width:100%;\"><\/div><div style=\"text-align:center;\"><a class=\"fusion-button button-flat button-large button-custom fusion-button-default button-12 fusion-button-default-span fusion-button-default-type fusion-has-button-gradient\" style=\"--button_accent_color:#af9755;--button_accent_hover_color:#ffffff;--button_border_hover_color:#af9755;--button_border_width-top:2px;--button_border_width-right:2px;--button_border_width-bottom:2px;--button_border_width-left:2px;--button_gradient_top_color:#ffffff;--button_gradient_bottom_color:rgba(255,255,255,0.65);--button_gradient_top_color_hover:#af9755;--button_gradient_bottom_color_hover:#af9755;--button_text_transform:none;\" target=\"_blank\" rel=\"noopener noreferrer\" href=\"https:\/\/imlauer.com\/imlauer-sky-bar-restaurant\/\"><span class=\"fusion-button-icon-divider button-icon-divider-left\"><i class=\"fa-search fas awb-button__icon awb-button__icon--default\" aria-hidden=\"true\"><\/i><\/span><span class=\"fusion-button-text awb-button__text awb-button__text--default fusion-button-text-left\">detalles<\/span><\/a><\/div><\/div><\/div><div class=\"fusion-layout-column fusion_builder_column_inner fusion-builder-nested-column-1 fusion_builder_column_inner_1_2 1_2 fusion-flex-column\" style=\"--awb-bg-size:cover;--awb-width-large:50%;--awb-margin-top-large:0px;--awb-spacing-right-large:0px;--awb-margin-bottom-large:20px;--awb-spacing-left-large:0px;--awb-width-medium:100%;--awb-spacing-right-medium:0px;--awb-spacing-left-medium:0px;--awb-width-small:100%;--awb-spacing-right-small:0px;--awb-spacing-left-small:0px;\"><div class=\"fusion-column-wrapper fusion-column-has-shadow fusion-flex-justify-content-flex-start fusion-content-layout-column\"><div class=\"fusion-separator fusion-full-width-sep\" style=\"align-self: center;margin-left: auto;margin-right: auto;margin-top:15px;width:100%;\"><\/div><div class=\"fusion-image-element\" style=\"text-align:center;--awb-max-width:200px;--awb-caption-title-font-family:var(--h2_typography-font-family);--awb-caption-title-font-weight:var(--h2_typography-font-weight);--awb-caption-title-font-style:var(--h2_typography-font-style);--awb-caption-title-size:var(--h2_typography-font-size);--awb-caption-title-transform:var(--h2_typography-text-transform);--awb-caption-title-line-height:var(--h2_typography-line-height);--awb-caption-title-letter-spacing:var(--h2_typography-letter-spacing);\"><span class=\" fusion-imageframe imageframe-none imageframe-5 hover-type-none restaurantdetails_pitter\"><a class=\"fusion-no-lightbox\" href=\"https:\/\/imlauer.com\/pitterkeller\/\" target=\"_blank\" aria-label=\"Imlauer-Hotels-Salzburg-PitterKeller_Logo_4c_neu\" rel=\"noopener noreferrer\"><img decoding=\"async\" width=\"300\" height=\"46\" src=\"https:\/\/imlauer.com\/hotel-pitter-salzburg\/wp-content\/uploads\/2025\/01\/Imlauer-Hotels-Salzburg-PitterKeller_Logo_4c_neu.png\" alt class=\"img-responsive wp-image-38291\" srcset=\"https:\/\/imlauer.com\/hotel-pitter-salzburg\/wp-content\/uploads\/2025\/01\/Imlauer-Hotels-Salzburg-PitterKeller_Logo_4c_neu-200x31.png 200w, https:\/\/imlauer.com\/hotel-pitter-salzburg\/wp-content\/uploads\/2025\/01\/Imlauer-Hotels-Salzburg-PitterKeller_Logo_4c_neu.png 300w\" sizes=\"(max-width: 1024px) 100vw, (max-width: 640px) 100vw, 300px\" \/><\/a><\/span><\/div><div class=\"fusion-separator fusion-full-width-sep\" style=\"align-self: center;margin-left: auto;margin-right: auto;margin-top:35px;width:100%;\"><\/div><div style=\"text-align:center;\"><a class=\"fusion-button button-flat button-large button-custom fusion-button-default button-13 fusion-button-default-span fusion-button-default-type fusion-has-button-gradient\" style=\"--button_accent_color:#af9755;--button_accent_hover_color:#ffffff;--button_border_hover_color:#af9755;--button_border_width-top:2px;--button_border_width-right:2px;--button_border_width-bottom:2px;--button_border_width-left:2px;--button_gradient_top_color:#ffffff;--button_gradient_bottom_color:rgba(255,255,255,0.65);--button_gradient_top_color_hover:#af9755;--button_gradient_bottom_color_hover:#af9755;--button_text_transform:none;\" target=\"_blank\" rel=\"noopener noreferrer\" href=\"https:\/\/imlauer.com\/pitterkeller\/\"><span class=\"fusion-button-icon-divider button-icon-divider-left\"><i class=\"fa-search fas awb-button__icon awb-button__icon--default\" aria-hidden=\"true\"><\/i><\/span><span class=\"fusion-button-text awb-button__text awb-button__text--default fusion-button-text-left\">detalles<\/span><\/a><\/div><\/div><\/div><\/div><\/div><\/div><\/div><\/div><div class=\"fusion-fullwidth fullwidth-box fusion-builder-row-10 fusion-flex-container has-pattern-background has-mask-background hundred-percent-fullwidth non-hundred-percent-height-scrolling\" style=\"--awb-background-position:left top;--awb-border-sizes-top:0px;--awb-border-sizes-bottom:0px;--awb-border-sizes-left:0px;--awb-border-sizes-right:0px;--awb-border-radius-top-left:0px;--awb-border-radius-top-right:0px;--awb-border-radius-bottom-right:0px;--awb-border-radius-bottom-left:0px;--awb-padding-top:0px;--awb-padding-bottom:0px;--awb-flex-wrap:wrap;\" ><div class=\"fusion-builder-row fusion-row fusion-flex-align-items-stretch fusion-flex-content-wrap\" style=\"width:calc( 100% + 0px ) !important;max-width:calc( 100% + 0px ) !important;margin-left: calc(-0px \/ 2 );margin-right: calc(-0px \/ 2 );\"><div class=\"fusion-layout-column fusion_builder_column fusion-builder-column-25 fusion_builder_column_1_2 1_2 fusion-flex-column fusion-animated\" style=\"--awb-padding-top:70px;--awb-padding-right:40px;--awb-padding-bottom:70px;--awb-padding-left:40px;--awb-bg-color:#f7f7f7;--awb-bg-color-hover:#f7f7f7;--awb-bg-position:center center;--awb-bg-size:cover;--awb-width-large:50%;--awb-margin-top-large:0px;--awb-spacing-right-large:0px;--awb-margin-bottom-large:0px;--awb-spacing-left-large:0px;--awb-width-medium:100%;--awb-order-medium:0;--awb-spacing-right-medium:0px;--awb-spacing-left-medium:0px;--awb-width-small:100%;--awb-order-small:0;--awb-spacing-right-small:0px;--awb-spacing-left-small:0px;\" data-animationType=\"slideInDown\" data-animationDuration=\"0.1\" data-animationOffset=\"top-into-view\" data-scroll-devices=\"small-visibility,medium-visibility,large-visibility\"><div class=\"fusion-column-wrapper fusion-column-has-shadow fusion-flex-justify-content-center fusion-content-layout-column\"><div class=\"fusion-separator fusion-full-width-sep\" style=\"align-self: center;margin-left: auto;margin-right: auto;margin-top:12px;width:100%;\"><\/div><div class=\"fusion-text fusion-text-20\"><h2 style=\"text-align: center;\"><span style=\"font-weight: 400;\">Viaje<\/span><\/h2>\n<\/div><div class=\"fusion-text fusion-text-21\"><p style=\"text-align: center;\">El singular centro de Salzburgo y sus lugares de inter\u00e9s est\u00e1n a un paso. As\u00ed que nada te impide explorarlos a pie. Con una ubicaci\u00f3n perfecta y, aun as\u00ed, f\u00e1cilmente accesible en coche, en tren o incluso en avi\u00f3n. El Hotel Pitter de Imlauer es un lugar al que te encantar\u00e1 volver. El servicio cordial, que aqu\u00ed es toda una tradici\u00f3n, y la encantadora mezcla de ambiente familiar y elegancia hacen que este hotel sea tan especial.    <\/p>\n<\/div><ul style=\"--awb-iconcolor:#cbaa5c;--awb-line-height:30.6px;--awb-icon-width:30.6px;--awb-icon-height:30.6px;--awb-icon-margin:12.6px;--awb-content-margin:43.2px;\" class=\"fusion-checklist fusion-checklist-12 fusion-checklist-default type-icons\"><li class=\"fusion-li-item\" style=\"\"><span class=\"icon-wrapper circle-no\"><i class=\"fusion-li-icon fa-bed fas\" aria-hidden=\"true\"><\/i><\/span><div class=\"fusion-li-item-content\">\n<p><span style=\"font-weight: 400;\">A 600 m de la estaci\u00f3n de tren<\/span><\/p>\n<\/div><\/li><li class=\"fusion-li-item\" style=\"\"><span class=\"icon-wrapper circle-no\"><i class=\"fusion-li-icon fa-bed fas\" aria-hidden=\"true\"><\/i><\/span><div class=\"fusion-li-item-content\">\n<p><span style=\"font-weight: 400;\">A 6,5 km del aeropuerto (se llega en 27 minutos con la l\u00ednea 2 del tranv\u00eda)<\/span><\/p>\n<\/div><\/li><li class=\"fusion-li-item\" style=\"\"><span class=\"icon-wrapper circle-no\"><i class=\"fusion-li-icon fa-bed fas\" aria-hidden=\"true\"><\/i><\/span><div class=\"fusion-li-item-content\">\n<p><span style=\"font-weight: 400;\">A 1 km del casco antiguo de Salzburgo<\/span><\/p>\n<\/div><\/li><\/ul><div class=\"fusion-separator fusion-full-width-sep\" style=\"align-self: center;margin-left: auto;margin-right: auto;margin-top:12px;width:100%;\"><\/div><\/div><\/div><div class=\"fusion-layout-column fusion_builder_column fusion-builder-column-26 fusion_builder_column_1_2 1_2 fusion-flex-column fusion-flex-align-self-flex-start fusion-column-no-min-height\" style=\"--awb-bg-blend:overlay;--awb-bg-size:cover;--awb-width-large:50%;--awb-margin-top-large:0px;--awb-spacing-right-large:0px;--awb-margin-bottom-large:0px;--awb-spacing-left-large:0px;--awb-width-medium:100%;--awb-spacing-right-medium:0px;--awb-spacing-left-medium:0px;--awb-width-small:100%;--awb-spacing-right-small:0px;--awb-spacing-left-small:0px;\"><div class=\"fusion-column-wrapper fusion-flex-justify-content-flex-start fusion-content-layout-column\">\t\t\t\t\t<script type=\"text\/javascript\">\n\t\t\t\t\t\tvar map_fusion_map_6a97cbb014ae3;\n\t\t\t\t\t\tvar markers = [];\n\t\t\t\t\t\tvar counter = 0;\n\t\t\t\t\t\t\t\t\t\t\t\t\t\t\t\t\t\t\t\tvar fusionMapNonce = '791cbbac94';\n\t\t\t\t\t\t\t\t\t\t\t\tfunction fusion_run_map_fusion_map_6a97cbb014ae3() {\n\t\t\t\t\t\t\tjQuery ('#fusion_map_6a97cbb014ae3' ).fusion_maps( {\n\t\t\t\t\t\t\t\taddresses: [{\"address\":\"Rainerstra\\u00dfe 6, 5020 Salzburgo, Austria\",\"infobox_content\":\"Rainerstra\\u00dfe 6, 5020 Salzburgo, Austria\",\"coordinates\":false,\"cache\":false}],\n\t\t\t\t\t\t\t\tanimations: false,\n\t\t\t\t\t\t\t\tinfobox_background_color: '',\n\t\t\t\t\t\t\t\tinfobox_styling: 'default',\n\t\t\t\t\t\t\t\tinfobox_text_color: '',\n\t\t\t\t\t\t\t\tmap_style: 'default',\n\t\t\t\t\t\t\t\tmap_type: 'roadmap',\n\t\t\t\t\t\t\t\tmarker_icon: '',\n\t\t\t\t\t\t\t\toverlay_color: '',\n\t\t\t\t\t\t\t\toverlay_color_hsl: {\"hue\":0,\"sat\":0,\"lum\":100},\n\t\t\t\t\t\t\t\tshow_address: true,\n\t\t\t\t\t\t\t\tscale_control: true,\n\t\t\t\t\t\t\t\tscrollwheel: true,\n\t\t\t\t\t\t\t\tzoom: 14,\n\t\t\t\t\t\t\t\tzoom_control: true,\n\t\t\t\t\t\t\t} );\n\t\t\t\t\t\t}\n\n\t\t\t\t\t\tgoogle.maps.event.addDomListener(window, 'load', fusion_run_map_fusion_map_6a97cbb014ae3);\n\t\t\t\t\t<\/script>\n\t\t\t\t\t<div class=\"shortcode-map fusion-google-map fusion-maps-js-type\" style=\"--awb-height:600px;\" id=\"fusion_map_6a97cbb014ae3\"><\/div><\/div><\/div><\/div><\/div><div class=\"fusion-fullwidth fullwidth-box fusion-builder-row-11 fusion-flex-container has-pattern-background has-mask-background hundred-percent-fullwidth non-hundred-percent-height-scrolling\" style=\"--awb-background-position:left top;--awb-border-sizes-top:0px;--awb-border-sizes-bottom:0px;--awb-border-sizes-left:0px;--awb-border-sizes-right:0px;--awb-border-radius-top-left:0px;--awb-border-radius-top-right:0px;--awb-border-radius-bottom-right:0px;--awb-border-radius-bottom-left:0px;--awb-padding-top:0px;--awb-padding-bottom:0px;--awb-flex-wrap:wrap;\" ><div class=\"fusion-builder-row fusion-row fusion-flex-align-items-stretch fusion-flex-content-wrap\" style=\"width:calc( 100% + 0px ) !important;max-width:calc( 100% + 0px ) !important;margin-left: calc(-0px \/ 2 );margin-right: calc(-0px \/ 2 );\"><div class=\"fusion-layout-column fusion_builder_column fusion-builder-column-27 fusion_builder_column_1_1 1_1 fusion-flex-column fusion-animated\" style=\"--awb-padding-top:70px;--awb-padding-right:40px;--awb-padding-bottom:70px;--awb-padding-left:40px;--awb-bg-position:center center;--awb-bg-size:cover;--awb-width-large:100%;--awb-margin-top-large:0px;--awb-spacing-right-large:0px;--awb-margin-bottom-large:0px;--awb-spacing-left-large:0px;--awb-width-medium:100%;--awb-order-medium:0;--awb-spacing-right-medium:0px;--awb-spacing-left-medium:0px;--awb-width-small:100%;--awb-order-small:0;--awb-spacing-right-small:0px;--awb-spacing-left-small:0px;\" data-animationType=\"slideInDown\" data-animationDuration=\"0.1\" data-animationOffset=\"top-into-view\" data-scroll-devices=\"small-visibility,medium-visibility,large-visibility\"><div class=\"fusion-column-wrapper fusion-column-has-shadow fusion-flex-justify-content-center fusion-content-layout-column\"><div class=\"fusion-text fusion-text-22\"><p style=\"letter-spacing: 4px; font-size: 13px; text-align: center; margin-bottom: 0px;\">OPINIONES Y EXPERIENCIAS DE LAS EMPRESAS QUE CONF\u00cdAN EN NOSOTROS<\/p>\n<h2 style=\"text-align: center;\">LO QUE DICEN NUESTROS CLIENTES<\/h2>\n<\/div><div class=\"fusion-separator\" style=\"align-self: center;margin-left: auto;margin-right: auto;margin-top:15px;margin-bottom:15px;width:100%;max-width:100px;\"><div class=\"fusion-separator-border sep-single sep-solid\" style=\"--awb-height:20px;--awb-amount:20px;--awb-sep-color:#636362;border-color:#636362;border-top-width:1px;\"><\/div><\/div><div class=\"fusion-testimonials clean awb-testimonials-layout-fade awb-testimonial-content-flex-start awb-speech-bubble-show awb-testimonial-author-inline fusion-testimonials-1\" style=\"--awb-flex-align-items:stretch;--awb-backgroundcolor:rgba(246,246,246,0);--awb-testimonial-border-style:solid;--awb-testimonial-border-color:var(--awb-color3);--awb-textcolor:#747474;--awb-content-valign:center;--awb-initials-bg-color:var(--primary_color);--awb-initials-text-color:#ffffff;--awb-testimonial-icon-size:2em;--awb-navigation-size:12px;--awb-margin-top:30px;--awb-border-top-left-radius:0px;--awb-border-top-right-radius:0px;--awb-border-bottom-left-radius:0px;--awb-border-bottom-right-radius:0px;--testimonial-border-width-top:0px;--testimonial-border-width-right:0px;--testimonial-border-width-bottom:0px;--testimonial-border-width-left:0px;\"><div class=\"reviews awb-carousel awb-swiper awb-swiper-dots-position-below\" data-touchscroll=\"touch\" data-loop=\"yes\" data-pagination=\"bullets\" data-autoplay=\"yes\" data-autoplayspeed=\"20000\" data-autoplaypause=\"no\" style=\"--awb-arrow-bgcolor:rgba(0,0,0,0.6);--awb-arrow-color:#fff;--awb-arrow-hover-bgcolor:rgba(0,0,0,0.7);--awb-arrow-hover-color:#fff;--awb-dots-align:center;--awb-arrow-position-vertical-transform:none;\" data-slide-effect=\"fade\" data-itemmargin=\"0\"><div class=\"swiper-wrapper\"><div class=\"swiper-slide review avatar-above no-avatar\"><blockquote class=\"testimonials-shortcode-blockquote\"><div class=\"awb-quote\"><div class=\"awb-quote-content\">\n<p style=\"text-align: center;\"><em>&#8222;Me gustar\u00eda daros las gracias por el excelente servicio en general, la espectacular cena de gala y la profesionalidad de la organizaci\u00f3n y coorganizaci\u00f3n del evento. Se percibe una clara cultura de servicio y un alto grado de profesionalidad en vuestra casa. <\/em><\/p>\n<p style=\"text-align: center;\"><em>El Sr. Tobias Hintermeier me acompa\u00f1\u00f3 ayer y siempre estuvo a mi disposici\u00f3n para ayudarme con todas mis dudas de forma competente y extremadamente amable.<\/em><\/p>\n<p style=\"text-align: center;\"><em>Me impresion\u00f3 igualmente su colega Zoe Honsbein, que organiz\u00f3 y supervis\u00f3 el servicio de comidas y las pausas entre las presentaciones casi sin darse cuenta, pero de forma muy profesional. Su actitud tranquila y estructurada y su compromiso dejaron una impresi\u00f3n muy positiva en m\u00ed y en mis compa\u00f1eros. <\/em><\/p>\n<p style=\"text-align: center;\"><em>Empleados como \u00e9stos a\u00f1aden un enorme valor a tu organizaci\u00f3n y desempe\u00f1an un papel clave para que los hu\u00e9spedes -como en mi caso- recuerden tu hotel con cari\u00f1o.&#8220;<\/em><\/p>\n<\/div><\/div><\/blockquote><div class=\"author\"><span class=\"company-name\"><strong class=\"testimonial-name\">Director de ventas Gesti\u00f3n interina<\/strong><span class=\"awb-testimonial-sep\">, <\/span><span class=\"testimonial-extras\"><span class=\"testimonial-company\">equi balance contable, 2026<\/span><\/span><\/span><\/div><\/div><div class=\"swiper-slide review avatar-above no-avatar\"><blockquote class=\"testimonials-shortcode-blockquote\"><div class=\"awb-quote\"><div class=\"awb-quote-content\">\n<p style=\"text-align: center;\"><em>&#8222;La fiesta de Navidad y el lugar fueron MUY bien para todos. Todo fue perfecto: el servicio, la comida, el ambiente, la atm\u00f3sfera;)   <\/em><\/p>\n<p style=\"text-align: center;\"><em>Gracias tambi\u00e9n por el cumplido, que te devuelvo con mucho gusto, incluida tu paciencia ;)   <\/em><\/p>\n<p style=\"text-align: center;\"><em>Gracias por la gran cooperaci\u00f3n (tambi\u00e9n a tu equipo) &#8211; este a\u00f1o estamos en otro sitio, pero ser\u00e1 estupendo para 2027 o 2028. T\u00fa y el IMLAUER est\u00e1is definitivamente en nuestra &#8222;lista de revisita&#8220;&#8220;.  <\/em><\/p>\n<\/div><\/div><\/blockquote><div class=\"author\"><span class=\"company-name\"><span class=\"testimonial-extras\"><span class=\"testimonial-company\">Fiesta de Navidad FH Salzburgo, 2025<\/span><\/span><\/span><\/div><\/div><div class=\"swiper-slide review avatar-above no-avatar\"><blockquote class=\"testimonials-shortcode-blockquote\"><div class=\"awb-quote\"><div class=\"awb-quote-content\">\n<p style=\"text-align: center;\"><em>&#8222;Muchas gracias por vuestro servicio y hospitalidad.<\/em><\/p>\n<p style=\"text-align: center;\"><em>S\u00f3lo hemos recibido comentarios positivos de nuestros empleados: \u00a1un gran elogio para todo el equipo!<\/em><\/p>\n<p style=\"text-align: center;\"><em>Nos encantar\u00eda volver a visitaros&#8220;.<\/em><\/p>\n<\/div><\/div><\/blockquote><div class=\"author\"><span class=\"company-name\"><span class=\"testimonial-extras\"><span class=\"testimonial-company\">Fiesta de Navidad Ascensores TK, 2025<\/span><\/span><\/span><\/div><\/div><div class=\"swiper-slide review avatar-above no-avatar\"><blockquote class=\"testimonials-shortcode-blockquote\"><div class=\"awb-quote\"><div class=\"awb-quote-content\">\n<p style=\"text-align: center;\"><em>&#8222;Todo el equipo de servicio colabor\u00f3 de forma extraordinariamente armoniosa y extremadamente r\u00e1pida. Todos y cada uno de los miembros del personal fueron extremadamente serviciales y siempre estuvieron a mano con una sonrisa amable. <\/em><\/p>\n<p style=\"text-align: center;\"><em>Incluso antes de nuestra estancia, la Sra. Hancik nos dio muchos consejos \u00fatiles e informaci\u00f3n valiosa. Gracias a su compromiso, siempre nos sentimos muy bien atendidos y bienvenidos.&#8220; <\/em><\/p>\n<\/div><\/div><\/blockquote><div class=\"author\"><span class=\"company-name\"><span class=\"testimonial-extras\"><span class=\"testimonial-company\">Cumbre sobre riesgo crediticio del Volksbank SAP 2025<\/span><\/span><\/span><\/div><\/div><div class=\"swiper-slide review avatar-above no-avatar\"><blockquote class=\"testimonials-shortcode-blockquote\"><div class=\"awb-quote\"><div class=\"awb-quote-content\">\n<p style=\"text-align: center;\"><em>&#8222;Fue una velada absolutamente exitosa y la organizaci\u00f3n, el servicio, el men\u00fa y la hospitalidad en general en Imlauer fueron sencillamente excepcionales.<br \/>\nTanto nuestros invitados como todo el equipo de Resch&#038;Frisch quedaron completamente encantados.<br \/>\nMuchas gracias tambi\u00e9n por vuestro apoyo durante toda la organizaci\u00f3n, desde la consulta inicial hasta despu\u00e9s del evento.&#8220;<\/em><\/p>\n<\/div><\/div><\/blockquote><div class=\"author\"><span class=\"company-name\"><span class=\"testimonial-extras\"><span class=\"testimonial-company\">Resch&amp;Frisch, 2025<\/span><\/span><\/span><\/div><\/div><div class=\"swiper-slide review avatar-above no-avatar\"><blockquote class=\"testimonials-shortcode-blockquote\"><div class=\"awb-quote\"><div class=\"awb-quote-content\">\n<p style=\"text-align: center;\"><em>&#8222;\u00a1Muchas gracias por una velada maravillosa y fant\u00e1stica en vuestro local! Todo fue absolutamente perfecto, la comida deliciosa y el servicio excelente. Muchas gracias por vuestra excelente organizaci\u00f3n&#8220;.<\/em><\/p>\n<\/div><\/div><\/blockquote><div class=\"author\"><span class=\"company-name\"><span class=\"testimonial-extras\"><span class=\"testimonial-company\">ALDI S\u00dcD KG, 2025<\/span><\/span><\/span><\/div><\/div><\/div><div class=\"swiper-pagination testimonial-pagination\" id=\"fusion-testimonials-1\"><\/div><\/div><\/div><div class=\"fusion-separator fusion-full-width-sep\" style=\"align-self: center;margin-left: auto;margin-right: auto;margin-top:12px;width:100%;\"><\/div><div style=\"text-align:center;\"><a class=\"fusion-button button-flat button-large button-custom fusion-button-default button-14 fusion-button-default-span fusion-button-default-type fusion-has-button-gradient\" style=\"--button_accent_color:#af9755;--button_accent_hover_color:#ffffff;--button_border_hover_color:#af9755;--button_border_width-top:2px;--button_border_width-right:2px;--button_border_width-bottom:2px;--button_border_width-left:2px;--button_gradient_top_color:#ffffff;--button_gradient_bottom_color:rgba(255,255,255,0.65);--button_gradient_top_color_hover:#af9755;--button_gradient_bottom_color_hover:#af9755;--button_text_transform:none;\" target=\"_self\" href=\"mailto:pitter@imlauer.com\"><span class=\"fusion-button-icon-divider button-icon-divider-left\"><i class=\"fa-envelope far awb-button__icon awb-button__icon--default\" aria-hidden=\"true\"><\/i><\/span><span class=\"fusion-button-text awb-button__text awb-button__text--default fusion-button-text-left\">\u00bfTe interesa? \u00a1Pide informaci\u00f3n ya!<\/span><\/a><\/div><\/div><\/div><\/div><\/div><div class=\"fusion-fullwidth fullwidth-box fusion-builder-row-12 fusion-flex-container has-pattern-background has-mask-background hundred-percent-fullwidth non-hundred-percent-height-scrolling\" style=\"--awb-background-position:left top;--awb-border-sizes-top:0px;--awb-border-sizes-bottom:0px;--awb-border-sizes-left:0px;--awb-border-sizes-right:0px;--awb-border-radius-top-left:0px;--awb-border-radius-top-right:0px;--awb-border-radius-bottom-right:0px;--awb-border-radius-bottom-left:0px;--awb-padding-top:0px;--awb-padding-bottom:0px;--awb-flex-wrap:wrap;\" ><div class=\"fusion-builder-row fusion-row fusion-flex-align-items-stretch fusion-flex-content-wrap\" style=\"width:calc( 100% + 0px ) !important;max-width:calc( 100% + 0px ) !important;margin-left: calc(-0px \/ 2 );margin-right: calc(-0px \/ 2 );\"><div class=\"fusion-layout-column fusion_builder_column fusion-builder-column-28 fusion_builder_column_1_1 1_1 fusion-flex-column fusion-animated\" style=\"--awb-padding-top:70px;--awb-padding-right:40px;--awb-padding-bottom:70px;--awb-padding-left:40px;--awb-bg-color:#f7f7f7;--awb-bg-color-hover:#f7f7f7;--awb-bg-position:center center;--awb-bg-size:cover;--awb-width-large:100%;--awb-margin-top-large:0px;--awb-spacing-right-large:0px;--awb-margin-bottom-large:0px;--awb-spacing-left-large:0px;--awb-width-medium:100%;--awb-order-medium:0;--awb-spacing-right-medium:0px;--awb-spacing-left-medium:0px;--awb-width-small:100%;--awb-order-small:0;--awb-spacing-right-small:0px;--awb-spacing-left-small:0px;\" data-animationType=\"slideInDown\" data-animationDuration=\"0.1\" data-animationOffset=\"top-into-view\" data-scroll-devices=\"small-visibility,medium-visibility,large-visibility\"><div class=\"fusion-column-wrapper fusion-column-has-shadow fusion-flex-justify-content-center fusion-content-layout-column\"><div class=\"fusion-text fusion-text-23\"><h2 style=\"text-align: left;\"><span style=\"font-weight: 400;\">Preguntas frecuentes<\/span><\/h2>\n<\/div><div class=\"accordian fusion-accordian\" style=\"--awb-border-size:1px;--awb-icon-size:13px;--awb-content-font-size:18px;--awb-icon-alignment:left;--awb-hover-color:#f9f9f9;--awb-border-color:#cccccc;--awb-background-color:#ffffff;--awb-divider-color:#e0dede;--awb-divider-hover-color:#e0dede;--awb-icon-color:#ffffff;--awb-title-color:#008ab4;--awb-content-color:#747474;--awb-icon-box-color:#333333;--awb-toggle-hover-accent-color:#af9754;--awb-title-font-family:&quot;Bitter&quot;;--awb-title-font-weight:400;--awb-title-font-style:normal;--awb-content-font-family:&quot;Source Sans Pro&quot;;--awb-content-font-style:normal;--awb-content-font-weight:400;\"><div class=\"panel-group fusion-toggle-icon-boxed\" id=\"accordion-39907-1\"><div class=\"fusion-panel panel-default panel-1ec4e2950cd13a296 fusion-toggle-has-divider\" style=\"--awb-title-color:#008ab4;--awb-content-color:#747474;\"><div class=\"panel-heading\"><h4 class=\"panel-title toggle\" id=\"toggle_1ec4e2950cd13a296\"><a aria-expanded=\"false\" aria-controls=\"1ec4e2950cd13a296\" role=\"button\" data-toggle=\"collapse\" data-parent=\"#accordion-39907-1\" data-target=\"#1ec4e2950cd13a296\" href=\"#1ec4e2950cd13a296\"><span class=\"fusion-toggle-icon-wrapper\" aria-hidden=\"true\"><i class=\"fa-fusion-box active-icon awb-icon-minus\" aria-hidden=\"true\"><\/i><i class=\"fa-fusion-box inactive-icon awb-icon-plus\" aria-hidden=\"true\"><\/i><\/span><span class=\"fusion-toggle-heading\">\u00bfCu\u00e1ntas salas de seminarios hay en el Hotel Pitter de Imlauer?<\/span><\/a><\/h4><\/div><div id=\"1ec4e2950cd13a296\" class=\"panel-collapse collapse \" aria-labelledby=\"toggle_1ec4e2950cd13a296\"><div class=\"panel-body toggle-content fusion-clearfix\">\n<p>12 salas de seminarios en 1.200 m\u00b2<\/p>\n<\/div><\/div><\/div><div class=\"fusion-panel panel-default panel-812043918d478f133 fusion-toggle-has-divider\" style=\"--awb-title-color:#008ab4;--awb-content-color:#747474;\"><div class=\"panel-heading\"><h4 class=\"panel-title toggle\" id=\"toggle_812043918d478f133\"><a aria-expanded=\"false\" aria-controls=\"812043918d478f133\" role=\"button\" data-toggle=\"collapse\" data-parent=\"#accordion-39907-1\" data-target=\"#812043918d478f133\" href=\"#812043918d478f133\"><span class=\"fusion-toggle-icon-wrapper\" aria-hidden=\"true\"><i class=\"fa-fusion-box active-icon awb-icon-minus\" aria-hidden=\"true\"><\/i><i class=\"fa-fusion-box inactive-icon awb-icon-plus\" aria-hidden=\"true\"><\/i><\/span><span class=\"fusion-toggle-heading\">\u00bfSe pueden celebrar grandes conferencias o eventos?<\/span><\/a><\/h4><\/div><div id=\"812043918d478f133\" class=\"panel-collapse collapse \" aria-labelledby=\"toggle_812043918d478f133\"><div class=\"panel-body toggle-content fusion-clearfix\">\n<p>S\u00ed, para hasta 500 personas.<\/p>\n<\/div><\/div><\/div><div class=\"fusion-panel panel-default panel-18637badfb4d71b8a fusion-toggle-has-divider\" style=\"--awb-title-color:#008ab4;--awb-content-color:#747474;\"><div class=\"panel-heading\"><h4 class=\"panel-title toggle\" id=\"toggle_18637badfb4d71b8a\"><a aria-expanded=\"false\" aria-controls=\"18637badfb4d71b8a\" role=\"button\" data-toggle=\"collapse\" data-parent=\"#accordion-39907-1\" data-target=\"#18637badfb4d71b8a\" href=\"#18637badfb4d71b8a\"><span class=\"fusion-toggle-icon-wrapper\" aria-hidden=\"true\"><i class=\"fa-fusion-box active-icon awb-icon-minus\" aria-hidden=\"true\"><\/i><i class=\"fa-fusion-box inactive-icon awb-icon-plus\" aria-hidden=\"true\"><\/i><\/span><span class=\"fusion-toggle-heading\">\u00bfEst\u00e1 el Hotel Pitter de IMLAUER preparado para eventos automovil\u00edsticos?<\/span><\/a><\/h4><\/div><div id=\"18637badfb4d71b8a\" class=\"panel-collapse collapse \" aria-labelledby=\"toggle_18637badfb4d71b8a\"><div class=\"panel-body toggle-content fusion-clearfix\">\n<p>S\u00ed, la sala Pittersaal tiene una capacidad de carga de 500 kg\/m\u00b2 y las puertas miden 270 cm de ancho y 230 cm de alto.<\/p>\n<\/div><\/div><\/div><div class=\"fusion-panel panel-default panel-fb774e966e149b019 fusion-toggle-has-divider\" style=\"--awb-title-color:#008ab4;--awb-content-color:#747474;\"><div class=\"panel-heading\"><h4 class=\"panel-title toggle\" id=\"toggle_fb774e966e149b019\"><a aria-expanded=\"false\" aria-controls=\"fb774e966e149b019\" role=\"button\" data-toggle=\"collapse\" data-parent=\"#accordion-39907-1\" data-target=\"#fb774e966e149b019\" href=\"#fb774e966e149b019\"><span class=\"fusion-toggle-icon-wrapper\" aria-hidden=\"true\"><i class=\"fa-fusion-box active-icon awb-icon-minus\" aria-hidden=\"true\"><\/i><i class=\"fa-fusion-box inactive-icon awb-icon-plus\" aria-hidden=\"true\"><\/i><\/span><span class=\"fusion-toggle-heading\">\u00bfLas tarifas de la conferencia incluyen el alojamiento? <\/span><\/a><\/h4><\/div><div id=\"fb774e966e149b019\" class=\"panel-collapse collapse \" aria-labelledby=\"toggle_fb774e966e149b019\"><div class=\"panel-body toggle-content fusion-clearfix\">\n<p>No, pero estaremos encantados de ofrecerte tarifas especiales para el alojamiento durante tu evento. Ponte en contacto con nosotros cuando quieras en: <a href=\"mailto:hotel.pitter@imlauer.com\">hotel.pitter@imlauer.com<\/a><\/p>\n<\/div><\/div><\/div><div class=\"fusion-panel panel-default panel-de060d1d7f0a633df fusion-toggle-has-divider\" style=\"--awb-title-color:#008ab4;--awb-content-color:#747474;\"><div class=\"panel-heading\"><h4 class=\"panel-title toggle\" id=\"toggle_de060d1d7f0a633df\"><a aria-expanded=\"false\" aria-controls=\"de060d1d7f0a633df\" role=\"button\" data-toggle=\"collapse\" data-parent=\"#accordion-39907-1\" data-target=\"#de060d1d7f0a633df\" href=\"#de060d1d7f0a633df\"><span class=\"fusion-toggle-icon-wrapper\" aria-hidden=\"true\"><i class=\"fa-fusion-box active-icon awb-icon-minus\" aria-hidden=\"true\"><\/i><i class=\"fa-fusion-box inactive-icon awb-icon-plus\" aria-hidden=\"true\"><\/i><\/span><span class=\"fusion-toggle-heading\">\u00bfSe pueden reservar zonas o salas en los restaurantes en exclusiva?<\/span><\/a><\/h4><\/div><div id=\"de060d1d7f0a633df\" class=\"panel-collapse collapse \" aria-labelledby=\"toggle_de060d1d7f0a633df\"><div class=\"panel-body toggle-content fusion-clearfix\">\n<p>S\u00ed, estaremos encantados de reservarte un espacio en exclusiva que se adapte a tu evento y de ofrecerte propuestas de men\u00fa.<\/p>\n<\/div><\/div><\/div><\/div><\/div><\/div><\/div><\/div><\/div><div class=\"fusion-fullwidth fullwidth-box fusion-builder-row-13 fusion-flex-container hundred-percent-fullwidth non-hundred-percent-height-scrolling linkboxen\" style=\"--awb-border-radius-top-left:0px;--awb-border-radius-top-right:0px;--awb-border-radius-bottom-right:0px;--awb-border-radius-bottom-left:0px;--awb-margin-bottom:0px;--awb-flex-wrap:wrap;\" ><div class=\"fusion-builder-row fusion-row fusion-flex-align-items-stretch fusion-flex-content-wrap\" style=\"width:104% !important;max-width:104% !important;margin-left: calc(-4% \/ 2 );margin-right: calc(-4% \/ 2 );\"><div class=\"fusion-layout-column fusion_builder_column fusion-builder-column-29 fusion_builder_column_1_3 1_3 fusion-flex-column fusion-column-inner-bg-wrapper overlay\" style=\"--awb-padding-top:10%;--awb-padding-right:15%;--awb-padding-bottom:10%;--awb-padding-left:15%;--awb-inner-bg-color:#f0f0f0;--awb-inner-bg-color-hover:#f0f0f0;--awb-inner-bg-image:url(&#039;https:\/\/imlauer.com\/hotel-pitter-salzburg\/wp-content\/uploads\/2025\/01\/MEETINGRAEUME-IMLAUER-PITTER-EVENT-CENTER-HOTEL-SALZBURG.jpg&#039;);--awb-inner-bg-position:center center;--awb-inner-bg-size:cover;--awb-width-large:33.333333333333%;--awb-margin-top-large:2px;--awb-spacing-right-large:1px;--awb-margin-bottom-large:0px;--awb-spacing-left-large:5.76%;--awb-width-medium:100%;--awb-order-medium:0;--awb-spacing-right-medium:1.92%;--awb-spacing-left-medium:1.92%;--awb-width-small:100%;--awb-order-small:0;--awb-spacing-right-small:1.92%;--awb-spacing-left-small:1.92%;\" data-scroll-devices=\"small-visibility,medium-visibility,large-visibility\"><span class=\"fusion-column-inner-bg hover-type-zoomin\"><a class=\"fusion-column-anchor\" href=\"https:\/\/imlauer.com\/hotel-pitter-salzburg\/salones-de-actos\/?lang=es\" rel=\"noopener noreferrer\" target=\"_blank\"><span class=\"fusion-column-inner-bg-image\"><\/span><\/a><\/span><div class=\"fusion-column-wrapper fusion-column-has-shadow fusion-flex-justify-content-center fusion-content-layout-column fusion-column-has-bg-image\" data-bg-url=\"https:\/\/imlauer.com\/hotel-pitter-salzburg\/wp-content\/uploads\/2025\/01\/MEETINGRAEUME-IMLAUER-PITTER-EVENT-CENTER-HOTEL-SALZBURG.jpg\"><div class=\"fusion-text fusion-text-24\"><h4 style=\"font-size: 33px; line-height: 50px; text-align: center;\"><span style=\"color: #ffffff;\">Salones de actos<\/span><\/h4>\n<\/div><\/div><\/div><div class=\"fusion-layout-column fusion_builder_column fusion-builder-column-30 fusion_builder_column_1_3 1_3 fusion-flex-column fusion-column-inner-bg-wrapper overlay\" style=\"--awb-padding-top:10%;--awb-padding-right:15%;--awb-padding-bottom:10%;--awb-padding-left:15%;--awb-inner-bg-color:#f0f0f0;--awb-inner-bg-color-hover:#f0f0f0;--awb-inner-bg-image:url(&#039;https:\/\/imlauer.com\/hotel-pitter-salzburg\/wp-content\/uploads\/2025\/01\/raumplaene-IMLAUER-HOTEL-PITTER-SALZBURG.jpg&#039;);--awb-inner-bg-position:center center;--awb-inner-bg-size:cover;--awb-width-large:33.333333333333%;--awb-margin-top-large:2px;--awb-spacing-right-large:1px;--awb-margin-bottom-large:0px;--awb-spacing-left-large:1px;--awb-width-medium:100%;--awb-order-medium:0;--awb-spacing-right-medium:1.92%;--awb-spacing-left-medium:1.92%;--awb-width-small:100%;--awb-order-small:0;--awb-spacing-right-small:1.92%;--awb-spacing-left-small:1.92%;\"><span class=\"fusion-column-inner-bg hover-type-zoomin\"><a class=\"fusion-column-anchor\" href=\"https:\/\/imlauer.com\/hotel-pitter-salzburg\/planos-y-capacidad-de-las-salas\/?lang=es\" rel=\"noopener noreferrer\" target=\"_blank\"><span class=\"fusion-column-inner-bg-image\"><\/span><\/a><\/span><div class=\"fusion-column-wrapper fusion-column-has-shadow fusion-flex-justify-content-center fusion-content-layout-column fusion-column-has-bg-image\" data-bg-url=\"https:\/\/imlauer.com\/hotel-pitter-salzburg\/wp-content\/uploads\/2025\/01\/raumplaene-IMLAUER-HOTEL-PITTER-SALZBURG.jpg\"><div class=\"fusion-text fusion-text-25\"><h4 style=\"font-size: 33px; line-height: 50px; text-align: center;\"><span style=\"color: #ffffff;\">Planos y capacidad de las salas<\/span><\/h4>\n<\/div><\/div><\/div><div class=\"fusion-layout-column fusion_builder_column fusion-builder-column-31 fusion_builder_column_1_3 1_3 fusion-flex-column fusion-column-inner-bg-wrapper overlay\" style=\"--awb-padding-top:10%;--awb-padding-right:15%;--awb-padding-bottom:10%;--awb-padding-left:15%;--awb-inner-bg-color:#f0f0f0;--awb-inner-bg-color-hover:#f0f0f0;--awb-inner-bg-image:url(&#039;https:\/\/imlauer.com\/hotel-pitter-salzburg\/wp-content\/uploads\/2025\/01\/Pittersaal-Gesamt-Kopie.jpg&#039;);--awb-inner-bg-position:center center;--awb-inner-bg-size:cover;--awb-width-large:33.333333333333%;--awb-margin-top-large:2px;--awb-spacing-right-large:5.76%;--awb-margin-bottom-large:0px;--awb-spacing-left-large:1px;--awb-width-medium:100%;--awb-order-medium:0;--awb-spacing-right-medium:1.92%;--awb-spacing-left-medium:1.92%;--awb-width-small:100%;--awb-order-small:0;--awb-spacing-right-small:1.92%;--awb-spacing-left-small:1.92%;\"><span class=\"fusion-column-inner-bg hover-type-zoomin\"><a class=\"fusion-column-anchor\" href=\"https:\/\/imlauer.com\/hotel-pitter-salzburg\/meeting-events\/konferenzpauschalen\" rel=\"noopener noreferrer\" target=\"_blank\"><span class=\"fusion-column-inner-bg-image\"><\/span><\/a><\/span><div class=\"fusion-column-wrapper fusion-column-has-shadow fusion-flex-justify-content-center fusion-content-layout-column fusion-column-has-bg-image\" data-bg-url=\"https:\/\/imlauer.com\/hotel-pitter-salzburg\/wp-content\/uploads\/2025\/01\/Pittersaal-Gesamt-Kopie.jpg\"><div class=\"fusion-text fusion-text-26\"><h4 style=\"font-size: 33px; line-height: 50px; text-align: center;\"><span style=\"color: #ffffff;\">Paquetes de conferencias  <\/span><\/h4>\n<\/div><\/div><\/div><div class=\"fusion-layout-column fusion_builder_column fusion-builder-column-32 fusion_builder_column_1_3 1_3 fusion-flex-column fusion-column-inner-bg-wrapper overlay\" style=\"--awb-padding-top:10%;--awb-padding-right:15%;--awb-padding-bottom:10%;--awb-padding-left:15%;--awb-inner-bg-color:#f0f0f0;--awb-inner-bg-color-hover:#f0f0f0;--awb-inner-bg-image:url(&#039;https:\/\/imlauer.com\/hotel-pitter-salzburg\/wp-content\/uploads\/2025\/01\/Firmenfeier-IMLAUER-PITTER-EVENT-CENTER-HOTEL-SALZBURG.jpg&#039;);--awb-inner-bg-position:center center;--awb-inner-bg-size:cover;--awb-width-large:33.333333333333%;--awb-margin-top-large:2px;--awb-spacing-right-large:1px;--awb-margin-bottom-large:0px;--awb-spacing-left-large:5.76%;--awb-width-medium:100%;--awb-order-medium:0;--awb-spacing-right-medium:1.92%;--awb-spacing-left-medium:1.92%;--awb-width-small:100%;--awb-order-small:0;--awb-spacing-right-small:1.92%;--awb-spacing-left-small:1.92%;\"><span class=\"fusion-column-inner-bg hover-type-zoomin\"><a class=\"fusion-column-anchor\" href=\"https:\/\/imlauer.com\/hotel-pitter-salzburg\/meeting-events\/firmen-weihnachtsfeiern\/\" rel=\"noopener noreferrer\" target=\"_blank\"><span class=\"fusion-column-inner-bg-image\"><\/span><\/a><\/span><div class=\"fusion-column-wrapper fusion-column-has-shadow fusion-flex-justify-content-center fusion-content-layout-column fusion-column-has-bg-image\" data-bg-url=\"https:\/\/imlauer.com\/hotel-pitter-salzburg\/wp-content\/uploads\/2025\/01\/Firmenfeier-IMLAUER-PITTER-EVENT-CENTER-HOTEL-SALZBURG.jpg\"><div class=\"fusion-text fusion-text-27\"><h4 style=\"font-size: 33px; line-height: 50px; text-align: center;\"><span style=\"color: #ffffff;\">Empresas y fiestas de Navidad<\/span><\/h4>\n<\/div><\/div><\/div><div class=\"fusion-layout-column fusion_builder_column fusion-builder-column-33 fusion_builder_column_1_3 1_3 fusion-flex-column fusion-column-inner-bg-wrapper overlay\" style=\"--awb-padding-top:10%;--awb-padding-right:15%;--awb-padding-bottom:10%;--awb-padding-left:15%;--awb-inner-bg-color:#f0f0f0;--awb-inner-bg-color-hover:#f0f0f0;--awb-inner-bg-image:url(&#039;https:\/\/imlauer.com\/hotel-pitter-salzburg\/wp-content\/uploads\/2025\/01\/HOCHZEITSFEIER-PRIVATE-FEIER-IMLAUER-PITTER-EVENT-CENTER-HOTEL-SALZBURG.jpg&#039;);--awb-inner-bg-position:center center;--awb-inner-bg-size:cover;--awb-width-large:33.333333333333%;--awb-margin-top-large:2px;--awb-spacing-right-large:1px;--awb-margin-bottom-large:0px;--awb-spacing-left-large:1px;--awb-width-medium:100%;--awb-order-medium:0;--awb-spacing-right-medium:1.92%;--awb-spacing-left-medium:1.92%;--awb-width-small:100%;--awb-order-small:0;--awb-spacing-right-small:1.92%;--awb-spacing-left-small:1.92%;\"><span class=\"fusion-column-inner-bg hover-type-zoomin\"><a class=\"fusion-column-anchor\" href=\"https:\/\/imlauer.com\/hotel-pitter-salzburg\/celebraciones-de-bodas-y-eventos-privados\/?lang=es\" rel=\"noopener noreferrer\" target=\"_blank\"><span class=\"fusion-column-inner-bg-image\"><\/span><\/a><\/span><div class=\"fusion-column-wrapper fusion-column-has-shadow fusion-flex-justify-content-center fusion-content-layout-column fusion-column-has-bg-image\" data-bg-url=\"https:\/\/imlauer.com\/hotel-pitter-salzburg\/wp-content\/uploads\/2025\/01\/HOCHZEITSFEIER-PRIVATE-FEIER-IMLAUER-PITTER-EVENT-CENTER-HOTEL-SALZBURG.jpg\"><div class=\"fusion-text fusion-text-28\"><h4 style=\"font-size: 33px; line-height: 50px; text-align: center;\"><span style=\"color: #ffffff;\">Celebraciones de bodas y eventos privados<\/span><\/h4>\n<\/div><\/div><\/div><div class=\"fusion-layout-column fusion_builder_column fusion-builder-column-34 fusion_builder_column_1_3 1_3 fusion-flex-column fusion-column-inner-bg-wrapper overlay\" style=\"--awb-padding-top:10%;--awb-padding-right:15%;--awb-padding-bottom:10%;--awb-padding-left:15%;--awb-inner-bg-color:#f0f0f0;--awb-inner-bg-color-hover:#f0f0f0;--awb-inner-bg-image:url(&#039;https:\/\/imlauer.com\/hotel-pitter-salzburg\/wp-content\/uploads\/2025\/01\/image000045-1024x683-2.jpg&#039;);--awb-inner-bg-position:center center;--awb-inner-bg-size:cover;--awb-width-large:33.333333333333%;--awb-margin-top-large:2px;--awb-spacing-right-large:5.76%;--awb-margin-bottom-large:0px;--awb-spacing-left-large:1px;--awb-width-medium:100%;--awb-order-medium:0;--awb-spacing-right-medium:1.92%;--awb-spacing-left-medium:1.92%;--awb-width-small:100%;--awb-order-small:0;--awb-spacing-right-small:1.92%;--awb-spacing-left-small:1.92%;\"><span class=\"fusion-column-inner-bg hover-type-zoomin\"><a class=\"fusion-column-anchor\" href=\"https:\/\/imlauer.com\/hotel-pitter-salzburg\/imlauer-catering\/?lang=es\" rel=\"noopener noreferrer\" target=\"_blank\"><span class=\"fusion-column-inner-bg-image\"><\/span><\/a><\/span><div class=\"fusion-column-wrapper fusion-column-has-shadow fusion-flex-justify-content-center fusion-content-layout-column fusion-column-has-bg-image\" data-bg-url=\"https:\/\/imlauer.com\/hotel-pitter-salzburg\/wp-content\/uploads\/2025\/01\/image000045-1024x683-2.jpg\"><div class=\"fusion-text fusion-text-29\"><h4 style=\"font-size: 33px; line-height: 50px; text-align: center;\"><span style=\"color: #ffffff;\">IMLAUER Catering<\/span><\/h4>\n<\/div><\/div><\/div><div class=\"fusion-layout-column fusion_builder_column fusion-builder-column-35 fusion_builder_column_1_1 1_1 fusion-flex-column\" style=\"--awb-bg-size:cover;--awb-width-large:100%;--awb-margin-top-large:0px;--awb-spacing-right-large:1.92%;--awb-margin-bottom-large:20px;--awb-spacing-left-large:1.92%;--awb-width-medium:100%;--awb-spacing-right-medium:1.92%;--awb-spacing-left-medium:1.92%;--awb-width-small:100%;--awb-spacing-right-small:1.92%;--awb-spacing-left-small:1.92%;\"><div class=\"fusion-column-wrapper fusion-column-has-shadow fusion-flex-justify-content-flex-start fusion-content-layout-column\"><div class=\"fusion-separator fusion-full-width-sep\" style=\"align-self: center;margin-left: auto;margin-right: auto;margin-bottom:30px;width:100%;\"><\/div><\/div><\/div><\/div><\/div><div class=\"fusion-fullwidth fullwidth-box fusion-builder-row-14 fusion-flex-container nonhundred-percent-fullwidth non-hundred-percent-height-scrolling\" style=\"--awb-border-radius-top-left:0px;--awb-border-radius-top-right:0px;--awb-border-radius-bottom-right:0px;--awb-border-radius-bottom-left:0px;--awb-flex-wrap:wrap;\" ><div class=\"fusion-builder-row fusion-row fusion-flex-align-items-flex-start fusion-flex-content-wrap\" style=\"max-width:calc( 1300px + 0px );margin-left: calc(-0px \/ 2 );margin-right: calc(-0px \/ 2 );\"><\/div><\/div><div class=\"fusion-fullwidth fullwidth-box fusion-builder-row-15 fusion-flex-container nonhundred-percent-fullwidth non-hundred-percent-height-scrolling\" style=\"--awb-border-radius-top-left:0px;--awb-border-radius-top-right:0px;--awb-border-radius-bottom-right:0px;--awb-border-radius-bottom-left:0px;--awb-flex-wrap:wrap;\" ><div class=\"fusion-builder-row fusion-row fusion-flex-align-items-flex-start fusion-flex-content-wrap\" style=\"max-width:1352px;margin-left: calc(-4% \/ 2 );margin-right: calc(-4% \/ 2 );\"><div class=\"fusion-layout-column fusion_builder_column fusion-builder-column-36 fusion_builder_column_1_1 1_1 fusion-flex-column\" style=\"--awb-bg-size:cover;--awb-width-large:100%;--awb-margin-top-large:0px;--awb-spacing-right-large:1.92%;--awb-margin-bottom-large:0px;--awb-spacing-left-large:1.92%;--awb-width-medium:100%;--awb-spacing-right-medium:1.92%;--awb-spacing-left-medium:1.92%;--awb-width-small:100%;--awb-spacing-right-small:1.92%;--awb-spacing-left-small:1.92%;\"><div class=\"fusion-column-wrapper fusion-flex-justify-content-flex-start fusion-content-layout-column\"><div class=\"fusion-separator fusion-full-width-sep\" style=\"align-self: center;margin-left: auto;margin-right: auto;margin-top:30px;width:100%;\"><\/div><\/div><\/div><\/div><\/div><div class=\"fusion-fullwidth fullwidth-box fusion-builder-row-16 hundred-percent-fullwidth non-hundred-percent-height-scrolling fusion-equal-height-columns\" style=\"--awb-background-position:left top;--awb-border-sizes-top:0px;--awb-border-sizes-bottom:0px;--awb-border-sizes-left:0px;--awb-border-sizes-right:0px;--awb-border-radius-top-left:0px;--awb-border-radius-top-right:0px;--awb-border-radius-bottom-right:0px;--awb-border-radius-bottom-left:0px;--awb-padding-top:0px;--awb-padding-right:0px;--awb-padding-bottom:0px;--awb-padding-left:0px;--awb-flex-wrap:wrap;\" ><div class=\"fusion-builder-row fusion-row\"><\/div><\/div><\/p>\n","protected":false},"excerpt":{"rendered":"","protected":false},"author":1,"featured_media":0,"parent":0,"menu_order":0,"comment_status":"closed","ping_status":"closed","template":"100-width.php","meta":{"footnotes":""},"class_list":["post-39907","page","type-page","status-publish","hentry"],"_links":{"self":[{"href":"https:\/\/imlauer.com\/hotel-pitter-salzburg\/wp-json\/wp\/v2\/pages\/39907","targetHints":{"allow":["GET"]}}],"collection":[{"href":"https:\/\/imlauer.com\/hotel-pitter-salzburg\/wp-json\/wp\/v2\/pages"}],"about":[{"href":"https:\/\/imlauer.com\/hotel-pitter-salzburg\/wp-json\/wp\/v2\/types\/page"}],"author":[{"embeddable":true,"href":"https:\/\/imlauer.com\/hotel-pitter-salzburg\/wp-json\/wp\/v2\/users\/1"}],"replies":[{"embeddable":true,"href":"https:\/\/imlauer.com\/hotel-pitter-salzburg\/wp-json\/wp\/v2\/comments?post=39907"}],"version-history":[{"count":263,"href":"https:\/\/imlauer.com\/hotel-pitter-salzburg\/wp-json\/wp\/v2\/pages\/39907\/revisions"}],"predecessor-version":[{"id":48854,"href":"https:\/\/imlauer.com\/hotel-pitter-salzburg\/wp-json\/wp\/v2\/pages\/39907\/revisions\/48854"}],"wp:attachment":[{"href":"https:\/\/imlauer.com\/hotel-pitter-salzburg\/wp-json\/wp\/v2\/media?parent=39907"}],"curies":[{"name":"wp","href":"https:\/\/api.w.org\/{rel}","templated":true}]}}