{"id":40125,"date":"2025-05-12T09:02:44","date_gmt":"2025-05-12T09:02:44","guid":{"rendered":"https:\/\/imlauer.com\/hotel-pitter-salzburg\/referencias-de-imlauer-catering\/"},"modified":"2026-02-26T12:54:11","modified_gmt":"2026-02-26T12:54:11","slug":"referencias-de-imlauer-catering","status":"publish","type":"page","link":"https:\/\/imlauer.com\/hotel-pitter-salzburg\/imlauer-catering\/referencias-de-imlauer-catering\/?lang=es","title":{"rendered":"Referencias de IMLAUER Catering"},"content":{"rendered":"<p><div class=\"fusion-fullwidth fullwidth-box fusion-builder-row-1 has-pattern-background has-mask-background hundred-percent-fullwidth non-hundred-percent-height-scrolling fusion-equal-height-columns fusion-no-small-visibility fusion-no-medium-visibility\" style=\"--awb-background-position:left top;--awb-border-sizes-top:0px;--awb-border-sizes-bottom:0px;--awb-border-sizes-left:0px;--awb-border-sizes-right:0px;--awb-border-radius-top-left:0px;--awb-border-radius-top-right:0px;--awb-border-radius-bottom-right:0px;--awb-border-radius-bottom-left:0px;--awb-padding-top:0px;--awb-padding-bottom:0px;--awb-flex-wrap:wrap;\" ><div class=\"fusion-builder-row fusion-row\"><div class=\"fusion-layout-column fusion_builder_column fusion-builder-column-0 fusion_builder_column_1_2 1_2 fusion-one-half fusion-column-first fusion-animated\" style=\"--awb-padding-top:70px;--awb-padding-right:40px;--awb-padding-bottom:70px;--awb-padding-left:40px;--awb-bg-color:#f7f7f7;--awb-bg-color-hover:#f7f7f7;--awb-bg-position:center center;--awb-bg-size:cover;--awb-margin-bottom:0px;\" data-animationType=\"slideInDown\" data-animationDuration=\"0.1\" data-animationOffset=\"top-into-view\" data-scroll-devices=\"small-visibility,medium-visibility,large-visibility\"><div class=\"fusion-column-wrapper fusion-column-has-shadow fusion-flex-column-wrapper-legacy\"><div class=\"fusion-column-content-centered\"><div class=\"fusion-column-content\"><div class=\"fusion-text fusion-text-1\"><p style=\"letter-spacing: 4px; font-size: 13px; margin-bottom: 0px; text-transform: uppercase; text-align: center;\">IMLAUER Catering, exactamente seg\u00fan tus deseos<\/p>\n<h1 style=\"text-align: center;\">FESTIVAL DEL GUSTO<\/h1>\n<\/div><div class=\"fusion-text fusion-text-2\" style=\"--awb-text-transform:none;\"><h2 style=\"text-align: center;\"><strong>Disfruta al m\u00e1s alto nivel en la recepci\u00f3n del festival en la Residenz de Salzburgo<\/strong><\/h2>\n<p style=\"text-align: center;\">Desde hace muchos a\u00f1os, el equipo de IMLAUER Catering goza de la confianza de los pol\u00edticos de Salzburgo y del Festival de Salzburgo, y ha tenido el honor de encargarse del catering de la recepci\u00f3n anual al comienzo del Festival de Salzburgo, en julio.<\/p>\n<p style=\"text-align: center;\"><strong>Delicias culinarias del m\u00e1s alto nivel, un servicio discreto pero de primera clase y la mejor organizaci\u00f3n son nuestra receta para el \u00e9xito.<\/strong><\/p>\n<\/div><\/div><\/div><div class=\"fusion-clearfix\"><\/div><\/div><\/div><div class=\"fusion-layout-column fusion_builder_column fusion-builder-column-1 fusion_builder_column_1_2 1_2 fusion-one-half fusion-column-last fusion-animated\" style=\"--awb-padding-top:40px;--awb-padding-bottom:40px;--awb-bg-color:#f7f7f7;--awb-bg-color-hover:#f7f7f7;--awb-bg-image:url(&#039;https:\/\/imlauer.com\/hotel-pitter-salzburg\/wp-content\/uploads\/2025\/06\/CarabinieriSaal-web.jpg&#039;);--awb-bg-position:center center;--awb-bg-size:cover;--awb-border-color:#af9755;--awb-border-top:0;--awb-border-right:0;--awb-border-bottom:0;--awb-border-left:0;--awb-border-style:solid;--awb-margin-bottom:0px;\" data-animationType=\"slideInDown\" data-animationDuration=\"0.1\" data-animationOffset=\"top-into-view\" data-scroll-devices=\"small-visibility,medium-visibility,large-visibility\"><div class=\"fusion-column-wrapper fusion-column-has-shadow fusion-flex-column-wrapper-legacy fusion-empty-column-bg-image fusion-column-has-bg-image\" data-bg-url=\"https:\/\/imlauer.com\/hotel-pitter-salzburg\/wp-content\/uploads\/2025\/06\/CarabinieriSaal-web.jpg\"><img decoding=\"async\" class=\"fusion-empty-dims-img-placeholder fusion-no-large-visibility\" alt=\"Bild: Catering in der Salzburger Residenz\" aria-label=\"CarabinieriSaal web\" src=\"data:image\/svg+xml,%3Csvg%20xmlns%3D%27http%3A%2F%2Fwww.w3.org%2F2000%2Fsvg%27%20width%3D%271200%27%20height%3D%27800%27%20viewBox%3D%270%200%201200%20800%27%3E%3Crect%20width%3D%271200%27%20height%3D%27800%27%20fill-opacity%3D%220%22%2F%3E%3C%2Fsvg%3E\"><div class=\"fusion-clearfix\"><\/div><\/div><\/div><\/div><\/div><div class=\"fusion-fullwidth fullwidth-box fusion-builder-row-2 has-pattern-background has-mask-background hundred-percent-fullwidth non-hundred-percent-height-scrolling fusion-equal-height-columns fusion-no-large-visibility\" style=\"--awb-background-position:left top;--awb-border-sizes-top:0px;--awb-border-sizes-bottom:0px;--awb-border-sizes-left:0px;--awb-border-sizes-right:0px;--awb-border-radius-top-left:0px;--awb-border-radius-top-right:0px;--awb-border-radius-bottom-right:0px;--awb-border-radius-bottom-left:0px;--awb-padding-top:0px;--awb-padding-bottom:0px;--awb-flex-wrap:wrap;\" ><div class=\"fusion-builder-row fusion-row\"><div class=\"fusion-layout-column fusion_builder_column fusion-builder-column-2 fusion_builder_column_1_2 1_2 fusion-one-half fusion-column-first fusion-animated\" style=\"--awb-padding-top:70px;--awb-padding-right:40px;--awb-padding-bottom:70px;--awb-padding-left:40px;--awb-bg-color:#f7f7f7;--awb-bg-color-hover:#f7f7f7;--awb-bg-position:center center;--awb-bg-size:cover;--awb-margin-bottom:0px;\" data-animationType=\"slideInDown\" data-animationDuration=\"0.1\" data-animationOffset=\"top-into-view\" data-scroll-devices=\"small-visibility,medium-visibility,large-visibility\"><div class=\"fusion-column-wrapper fusion-column-has-shadow fusion-flex-column-wrapper-legacy\"><div class=\"fusion-column-content-centered\"><div class=\"fusion-column-content\"><div class=\"fusion-text fusion-text-3\"><p style=\"letter-spacing: 4px; font-size: 13px; margin-bottom: 0px; text-transform: uppercase; text-align: center;\">IMLAUER Catering, exactamente seg\u00fan tus deseos<\/p>\n<h2 style=\"text-align: center; font-size: 25px;\">FESTIVAL DEL GUSTO<\/h2>\n<\/div><div class=\"fusion-text fusion-text-4\" style=\"--awb-text-transform:none;\"><h2 style=\"text-align: center;\"><strong>Disfruta al m\u00e1s alto nivel en la recepci\u00f3n del festival en la Residenz de Salzburgo<\/strong><\/h2>\n<p style=\"text-align: center;\">Desde hace muchos a\u00f1os, el equipo de IMLAUER Catering goza de la confianza de los pol\u00edticos de Salzburgo y del Festival de Salzburgo, y ha tenido el honor de encargarse del catering de la recepci\u00f3n anual al comienzo del Festival de Salzburgo, en julio.<\/p>\n<p style=\"text-align: center;\"><strong>Delicias culinarias del m\u00e1s alto nivel, un servicio discreto pero de primera clase y la mejor organizaci\u00f3n son nuestra receta para el \u00e9xito.<\/strong><\/p>\n<p style=\"text-align: center;\">A tiro de piedra de la Residenz zu Salzburg, tambi\u00e9n te mimamos cada a\u00f1o durante las noches del Siemens&gt;Fest&gt;Spiel&gt;en nuestro <strong><a href=\"https:\/\/imlauer.com\/imlauer-sky-bar-restaurant\/kapitelplatz\/\" target=\"_blank\" rel=\"noopener\">restaurante al aire libre IMLAUER en Kapitelplatz.<\/a><\/strong><\/p>\n<\/div><\/div><\/div><div class=\"fusion-clearfix\"><\/div><\/div><\/div><div class=\"fusion-layout-column fusion_builder_column fusion-builder-column-3 fusion_builder_column_1_2 1_2 fusion-one-half fusion-column-last fusion-animated\" style=\"--awb-padding-top:40px;--awb-padding-bottom:40px;--awb-bg-color:#f7f7f7;--awb-bg-color-hover:#f7f7f7;--awb-bg-image:url(&#039;https:\/\/imlauer.com\/hotel-pitter-salzburg\/wp-content\/uploads\/2025\/06\/CarabinieriSaal-web.jpg&#039;);--awb-bg-position:center center;--awb-bg-size:cover;--awb-border-color:#af9755;--awb-border-top:0;--awb-border-right:0;--awb-border-bottom:0;--awb-border-left:0;--awb-border-style:solid;--awb-margin-bottom:0px;\" data-animationType=\"slideInDown\" data-animationDuration=\"0.1\" data-animationOffset=\"top-into-view\" data-scroll-devices=\"small-visibility,medium-visibility,large-visibility\"><div class=\"fusion-column-wrapper fusion-column-has-shadow fusion-flex-column-wrapper-legacy fusion-empty-column-bg-image fusion-column-has-bg-image\" data-bg-url=\"https:\/\/imlauer.com\/hotel-pitter-salzburg\/wp-content\/uploads\/2025\/06\/CarabinieriSaal-web.jpg\"><img decoding=\"async\" class=\"fusion-empty-dims-img-placeholder fusion-no-large-visibility\" alt=\"Bild: Catering in der Salzburger Residenz\" aria-label=\"CarabinieriSaal web\" src=\"data:image\/svg+xml,%3Csvg%20xmlns%3D%27http%3A%2F%2Fwww.w3.org%2F2000%2Fsvg%27%20width%3D%271200%27%20height%3D%27800%27%20viewBox%3D%270%200%201200%20800%27%3E%3Crect%20width%3D%271200%27%20height%3D%27800%27%20fill-opacity%3D%220%22%2F%3E%3C%2Fsvg%3E\"><div class=\"fusion-clearfix\"><\/div><\/div><\/div><\/div><\/div><div class=\"fusion-fullwidth fullwidth-box fusion-builder-row-3 has-pattern-background has-mask-background hundred-percent-fullwidth non-hundred-percent-height-scrolling fusion-equal-height-columns fusion-no-small-visibility fusion-no-medium-visibility\" style=\"--awb-background-position:left top;--awb-border-sizes-top:0px;--awb-border-sizes-bottom:0px;--awb-border-sizes-left:0px;--awb-border-sizes-right:0px;--awb-border-radius-top-left:0px;--awb-border-radius-top-right:0px;--awb-border-radius-bottom-right:0px;--awb-border-radius-bottom-left:0px;--awb-padding-top:0px;--awb-padding-bottom:0px;--awb-flex-wrap:wrap;\" ><div class=\"fusion-builder-row fusion-row\"><div class=\"fusion-layout-column fusion_builder_column fusion-builder-column-4 fusion_builder_column_1_2 1_2 fusion-one-half fusion-column-first fusion-animated\" style=\"--awb-padding-top:40px;--awb-padding-bottom:40px;--awb-bg-color:#f7f7f7;--awb-bg-color-hover:#f7f7f7;--awb-bg-image:url(&#039;https:\/\/imlauer.com\/hotel-pitter-salzburg\/wp-content\/uploads\/2025\/08\/Golfschlaeger_closeup_c-Edy-Groeger-1-klein.jpg&#039;);--awb-bg-position:center center;--awb-bg-size:cover;--awb-border-color:#af9755;--awb-border-top:0;--awb-border-right:0;--awb-border-bottom:0;--awb-border-left:0;--awb-border-style:solid;--awb-margin-bottom:0px;\" data-animationType=\"slideInDown\" data-animationDuration=\"0.1\" data-animationOffset=\"top-into-view\" data-scroll-devices=\"small-visibility,medium-visibility,large-visibility\"><div class=\"fusion-column-wrapper fusion-column-has-shadow fusion-flex-column-wrapper-legacy fusion-column-has-bg-image\" data-bg-url=\"https:\/\/imlauer.com\/hotel-pitter-salzburg\/wp-content\/uploads\/2025\/08\/Golfschlaeger_closeup_c-Edy-Groeger-1-klein.jpg\"><div class=\"fusion-video fusion-selfhosted-video\" style=\"max-width:100%;\"><div class=\"video-wrapper\"><video playsinline=\"true\" width=\"100%\" style=\"object-fit: cover;\" autoplay=\"true\" muted=\"true\" loop=\"true\" preload=\"auto\" controls=\"1\"><source src=\"https:\/\/imlauer.com\/hotel-pitter-salzburg\/wp-content\/uploads\/2025\/08\/VIP-V1_1.mp4\" type=\"video\/mp4\">Sorry, your browser doesn&#039;t support embedded videos.<\/video><\/div><\/div><div class=\"fusion-clearfix\"><\/div><\/div><\/div><div class=\"fusion-layout-column fusion_builder_column fusion-builder-column-5 fusion_builder_column_1_2 1_2 fusion-one-half fusion-column-last fusion-animated\" style=\"--awb-padding-top:70px;--awb-padding-right:40px;--awb-padding-bottom:70px;--awb-padding-left:40px;--awb-bg-color:#f7f7f7;--awb-bg-color-hover:#f7f7f7;--awb-bg-position:center center;--awb-bg-size:cover;--awb-margin-bottom:0px;\" data-animationType=\"slideInDown\" data-animationDuration=\"0.1\" data-animationOffset=\"top-into-view\" data-scroll-devices=\"small-visibility,medium-visibility,large-visibility\"><div class=\"fusion-column-wrapper fusion-column-has-shadow fusion-flex-column-wrapper-legacy\"><div class=\"fusion-column-content-centered\"><div class=\"fusion-column-content\"><div class=\"fusion-text fusion-text-5\"><h2 style=\"text-align: center; font-size: 25px;\">DELICIAS CULINARIAS EN EL GREEN<\/h2>\n<\/div><div class=\"fusion-text fusion-text-6\" style=\"--awb-text-transform:none;\"><h2 style=\"text-align: center;\">IMLAUER Catering en el Open Austr\u00edaco de los Alpes 2025<\/h2>\n<p style=\"text-align: center;\">Del 29 de mayo al 1 de junio de 2025, la \u00e9lite internacional del golf se dio cita en el legendario campo de golf Gut Altentann de Henndorf, y el equipo de catering de IMLAUER estuvo en medio de todo ello.<\/p>\n<p style=\"text-align: center;\"><strong>Como socio culinario del Open Alpino de Austria 2025, pudimos acompa\u00f1ar un acontecimiento deportivo del m\u00e1s alto nivel.<\/strong><\/p>\n<p style=\"text-align: center;\">Ya fuera en la exclusiva zona VIP o entre bastidores para el entregado equipo, nuestro equipo trabaj\u00f3 con pasi\u00f3n para garantizar grandes momentos de disfrute que hicieran justicia a un acontecimiento de talla mundial.<\/p>\n<p style=\"text-align: center;\">Platos refinados, bebidas selectas y un servicio que no dejaba nada que desear tambi\u00e9n hicieron de los d\u00edas del torneo una experiencia culinaria.<\/p>\n<p style=\"text-align: center;\">Tras una pausa de varios a\u00f1os, el DP World Tour celebr\u00f3 un impresionante regreso en Austria &#8211; y estamos orgullosos de formar parte de este cap\u00edtulo especial del <a href=\"https:\/\/imlauer.com\/blog\/imlauer-catering-bei-den-austrian-alpine-open-2025\/\" target=\"_blank\" rel=\"noopener\"><strong>Abierto de los Alpes Austriacos<\/strong><\/a> de haber formado parte de este cap\u00edtulo especial. La mezcla de grandes actuaciones deportivas, paisajes impresionantes y excelencia culinaria proporcion\u00f3 momentos inolvidables que pusieron la piel de gallina. <\/p>\n<\/div><div class=\"fusion-sep-clear\"><\/div><div class=\"fusion-separator fusion-full-width-sep\" style=\"margin-left: auto;margin-right: auto;margin-top:80px;width:100%;\"><\/div><div class=\"fusion-sep-clear\"><\/div><div class=\"fusion-text fusion-text-7\"><p><em>V\u00eddeo \u00a9 Austrian Alpine Open presentado por SalzburgerLand<\/em><\/p>\n<\/div><\/div><\/div><div class=\"fusion-clearfix\"><\/div><\/div><\/div><\/div><\/div><div class=\"fusion-fullwidth fullwidth-box fusion-builder-row-4 has-pattern-background has-mask-background hundred-percent-fullwidth non-hundred-percent-height-scrolling fusion-equal-height-columns fusion-no-large-visibility\" style=\"--awb-background-position:left top;--awb-border-sizes-top:0px;--awb-border-sizes-bottom:0px;--awb-border-sizes-left:0px;--awb-border-sizes-right:0px;--awb-border-radius-top-left:0px;--awb-border-radius-top-right:0px;--awb-border-radius-bottom-right:0px;--awb-border-radius-bottom-left:0px;--awb-padding-top:0px;--awb-padding-bottom:0px;--awb-flex-wrap:wrap;\" ><div class=\"fusion-builder-row fusion-row\"><div class=\"fusion-layout-column fusion_builder_column fusion-builder-column-6 fusion_builder_column_1_2 1_2 fusion-one-half fusion-column-first fusion-animated\" style=\"--awb-padding-top:70px;--awb-padding-right:40px;--awb-padding-bottom:70px;--awb-padding-left:40px;--awb-bg-color:#f7f7f7;--awb-bg-color-hover:#f7f7f7;--awb-bg-position:center center;--awb-bg-size:cover;--awb-margin-bottom:0px;\" data-animationType=\"slideInDown\" data-animationDuration=\"0.1\" data-animationOffset=\"top-into-view\" data-scroll-devices=\"small-visibility,medium-visibility,large-visibility\"><div class=\"fusion-column-wrapper fusion-column-has-shadow fusion-flex-column-wrapper-legacy\"><div class=\"fusion-column-content-centered\"><div class=\"fusion-column-content\"><div class=\"fusion-text fusion-text-8\"><h2 style=\"text-align: center; font-size: 25px;\">DELICIAS CULINARIAS EN EL GREEN<\/h2>\n<\/div><div class=\"fusion-text fusion-text-9\" style=\"--awb-text-transform:none;\"><h2 style=\"text-align: center;\">IMLAUER Catering en el Open Austr\u00edaco de los Alpes 2025<\/h2>\n<p style=\"text-align: center;\">Del 29 de mayo al 1 de junio de 2025, la \u00e9lite internacional del golf se dio cita en el legendario campo de golf Gut Altentann de Henndorf, y el equipo de catering de IMLAUER estuvo en medio de todo ello.<\/p>\n<p style=\"text-align: center;\"><strong>Como socio culinario del Open Alpino de Austria 2025, pudimos acompa\u00f1ar un acontecimiento deportivo del m\u00e1s alto nivel.<\/strong><\/p>\n<p style=\"text-align: center;\">Ya fuera en la exclusiva zona VIP o entre bastidores para el entregado equipo, nuestro equipo trabaj\u00f3 con pasi\u00f3n para garantizar grandes momentos de disfrute que hicieran justicia a un acontecimiento de talla mundial.<\/p>\n<p style=\"text-align: center;\">Platos refinados, bebidas selectas y un servicio que no dejaba nada que desear tambi\u00e9n hicieron de los d\u00edas del torneo una experiencia culinaria.<\/p>\n<p style=\"text-align: center;\">Tras una pausa de varios a\u00f1os, el DP World Tour celebr\u00f3 un impresionante regreso en Austria &#8211; y estamos orgullosos de formar parte de este cap\u00edtulo especial del <a href=\"https:\/\/imlauer.com\/blog\/imlauer-catering-bei-den-austrian-alpine-open-2025\/\" target=\"_blank\" rel=\"noopener\"><strong>Abierto de los Alpes Austriacos<\/strong><\/a> de haber formado parte de este cap\u00edtulo especial. La mezcla de grandes actuaciones deportivas, paisajes impresionantes y excelencia culinaria proporcion\u00f3 momentos inolvidables que pusieron la piel de gallina. <\/p>\n<\/div><div class=\"fusion-sep-clear\"><\/div><div class=\"fusion-separator fusion-full-width-sep\" style=\"margin-left: auto;margin-right: auto;margin-top:30px;width:100%;\"><\/div><div class=\"fusion-sep-clear\"><\/div><div class=\"fusion-text fusion-text-10\"><p><em>V\u00eddeo \u00a9 Austrian Alpine Open \/ SalzburgerLand<\/em><\/p>\n<\/div><\/div><\/div><div class=\"fusion-clearfix\"><\/div><\/div><\/div><div class=\"fusion-layout-column fusion_builder_column fusion-builder-column-7 fusion_builder_column_1_2 1_2 fusion-one-half fusion-column-last fusion-animated\" style=\"--awb-padding-top:40px;--awb-padding-bottom:40px;--awb-bg-color:#f7f7f7;--awb-bg-color-hover:#f7f7f7;--awb-bg-position:center center;--awb-bg-size:cover;--awb-border-color:#af9755;--awb-border-top:0;--awb-border-right:0;--awb-border-bottom:0;--awb-border-left:0;--awb-border-style:solid;--awb-margin-bottom:0px;\" data-animationType=\"slideInDown\" data-animationDuration=\"0.1\" data-animationOffset=\"top-into-view\" data-scroll-devices=\"small-visibility,medium-visibility,large-visibility\"><div class=\"fusion-column-wrapper fusion-column-has-shadow fusion-flex-column-wrapper-legacy\"><div class=\"fusion-video fusion-selfhosted-video\" style=\"max-width:100%;\"><div class=\"video-wrapper\"><video playsinline=\"true\" width=\"100%\" style=\"object-fit: cover;\" autoplay=\"true\" muted=\"true\" loop=\"true\" preload=\"auto\" controls=\"1\"><source src=\"https:\/\/imlauer.com\/hotel-pitter-salzburg\/wp-content\/uploads\/2025\/08\/VIP-V1_1.mp4\" type=\"video\/mp4\">Sorry, your browser doesn&#039;t support embedded videos.<\/video><\/div><\/div><div class=\"fusion-clearfix\"><\/div><\/div><\/div><\/div><\/div><div class=\"fusion-fullwidth fullwidth-box fusion-builder-row-5 has-pattern-background has-mask-background hundred-percent-fullwidth non-hundred-percent-height-scrolling fusion-equal-height-columns fusion-no-small-visibility fusion-no-medium-visibility\" style=\"--awb-background-position:left top;--awb-border-sizes-top:0px;--awb-border-sizes-bottom:0px;--awb-border-sizes-left:0px;--awb-border-sizes-right:0px;--awb-border-radius-top-left:0px;--awb-border-radius-top-right:0px;--awb-border-radius-bottom-right:0px;--awb-border-radius-bottom-left:0px;--awb-padding-top:0px;--awb-padding-bottom:0px;--awb-flex-wrap:wrap;\" ><div class=\"fusion-builder-row fusion-row\"><div class=\"fusion-layout-column fusion_builder_column fusion-builder-column-8 fusion_builder_column_1_2 1_2 fusion-one-half fusion-column-first fusion-animated\" style=\"--awb-padding-top:70px;--awb-padding-right:40px;--awb-padding-bottom:70px;--awb-padding-left:40px;--awb-bg-color:#f7f7f7;--awb-bg-color-hover:#f7f7f7;--awb-bg-position:center center;--awb-bg-size:cover;--awb-margin-bottom:0px;\" data-animationType=\"slideInDown\" data-animationDuration=\"0.1\" data-animationOffset=\"top-into-view\"><div class=\"fusion-column-wrapper fusion-column-has-shadow fusion-flex-column-wrapper-legacy\"><div class=\"fusion-column-content-centered\"><div class=\"fusion-column-content\"><div class=\"fusion-text fusion-text-11\"><h2 style=\"text-align: center; font-size: 25px;\">EL PLACER SE UNE AL DEPORTE DE \u00c9LITE<\/h2>\n<\/div><div class=\"fusion-text fusion-text-12\" style=\"--awb-text-transform:none;\"><h2 style=\"text-align: center;\"><strong>El equipo de catering de IMLAUER organiza <\/strong><strong>EVENTO DESTACADO <\/strong> <\/h2>\n<h2 style=\"text-align: center;\"><strong>en Schladming <\/strong><strong>2023 &amp; 2024<\/strong><\/h2>\n<p style=\"text-align: center;\">Despu\u00e9s de que el equipo de IMLAUER Catering obsequiara a unos 1.500 invitados con delicias culinarias en<a href=\"https:\/\/www.thenightrace.at\/de\/\" target=\"_blank\" rel=\"noopener\">&#8222;THE NIGHTRACE Schladming<\/a>&#8220; en enero de 2023, IMLAUER Catering fue contratado tambi\u00e9n para 2024.<\/p>\n<p style=\"text-align: center;\"><strong>En ambos a\u00f1os, el equipo de IMLAUER se centr\u00f3 en una cocina exquisita y un servicio de primera clase.<\/strong><\/p>\n<p style=\"text-align: center;\">Todos los a\u00f1os, Schladming se convierte en la sede de la que quiz\u00e1 sea la carrera de esqu\u00ed m\u00e1s espectacular de la Copa del Mundo de invierno. El legendario eslalon nocturno transforma el estadio de Planai en una caldera. Hasta 45.000 aficionados al esqu\u00ed celebran este superlativo evento de esqu\u00ed y convierten la noche en d\u00eda. El equipo del <a href=\"https:\/\/schlosspichlarn.at\/\" target=\"_blank\" rel=\"noopener\">Hotel IMLAUER Schloss Pichlarn<\/a> y el equipo de catering IMLAUER de Salzburgo ofrecen delicias culinarias en este acontecimiento deportivo tan especial.   <\/p>\n<p style=\"text-align: center;\">El Hotel IMLAUER Schloss Pichlarn est\u00e1 a unos 35 minutos en coche de Schladming y sirve de &#8222;base&#8220; perfecta para el equipo de restauraci\u00f3n de IMLAUER y para todas las personas afines al deporte, el bienestar y el disfrute.<\/p>\n<p style=\"text-align: center;\"><strong>Exclusivamente para &#8222;La Carrera Nocturna de Schladming&#8220; hemos preparado un paquete especial de alojamiento para ti:<\/strong><\/p>\n<p style=\"text-align: center;\"><a href=\"https:\/\/schlosspichlarn.at\/zimmer-und-packages\/the-nightrace-nachtslalom\/\" target=\"_blank\" rel=\"noopener\"><strong>El paquete Nightrace<\/strong><\/a><\/p>\n<h2><\/h2>\n<h2 style=\"text-align: center;\"><strong>IMLAUER Catering en el Dreik\u00f6nigsspringen de Bischofshofen<\/strong><\/h2>\n<p style=\"text-align: center;\">El 6 de enero de 2024, el equipo de catering de IMLAUER ofrecer\u00e1 los mejores momentos culinarios en el 72\u00ba Torneo de las Cuatro Colinas en Bischofshofen. Esperamos mimar a 400 invitados con la mejor cocina IMLAUER en el tradicional &#8222;Dreik\u00f6nigsspringen&#8220;.  <\/p>\n<\/div><\/div><\/div><div class=\"fusion-clearfix\"><\/div><\/div><\/div><div class=\"fusion-layout-column fusion_builder_column fusion-builder-column-9 fusion_builder_column_1_2 1_2 fusion-one-half fusion-column-last fusion-animated\" style=\"--awb-padding-top:40px;--awb-padding-bottom:40px;--awb-bg-color:#f7f7f7;--awb-bg-color-hover:#f7f7f7;--awb-bg-image:url(&#039;https:\/\/imlauer.com\/hotel-pitter-salzburg\/wp-content\/uploads\/2025\/08\/nightrace-bruendlsportsnight-c-martin-huber-2703-hoch-web.jpg&#039;);--awb-bg-position:center center;--awb-bg-size:cover;--awb-border-color:#af9755;--awb-border-top:0;--awb-border-right:0;--awb-border-bottom:0;--awb-border-left:0;--awb-border-style:solid;--awb-margin-bottom:0px;\" data-animationType=\"slideInDown\" data-animationDuration=\"0.1\" data-animationOffset=\"top-into-view\" data-scroll-devices=\"small-visibility,medium-visibility,large-visibility\"><div class=\"fusion-column-wrapper fusion-column-has-shadow fusion-flex-column-wrapper-legacy fusion-empty-column-bg-image fusion-column-has-bg-image\" data-bg-url=\"https:\/\/imlauer.com\/hotel-pitter-salzburg\/wp-content\/uploads\/2025\/08\/nightrace-bruendlsportsnight-c-martin-huber-2703-hoch-web.jpg\"><img decoding=\"async\" class=\"fusion-empty-dims-img-placeholder fusion-no-large-visibility\" alt=\"Bild: IMLAUER Catering beim Nightrace in Schladming\" aria-label=\"nightrace-bruendlsportsnight-c-martin-huber-2703 hoch web\" src=\"data:image\/svg+xml,%3Csvg%20xmlns%3D%27http%3A%2F%2Fwww.w3.org%2F2000%2Fsvg%27%20width%3D%27780%27%20height%3D%271000%27%20viewBox%3D%270%200%20780%201000%27%3E%3Crect%20width%3D%27780%27%20height%3D%271000%27%20fill-opacity%3D%220%22%2F%3E%3C%2Fsvg%3E\"><div class=\"fusion-clearfix\"><\/div><\/div><\/div><\/div><\/div><div class=\"fusion-fullwidth fullwidth-box fusion-builder-row-6 has-pattern-background has-mask-background hundred-percent-fullwidth non-hundred-percent-height-scrolling fusion-equal-height-columns fusion-no-large-visibility\" style=\"--awb-background-position:left top;--awb-border-sizes-top:0px;--awb-border-sizes-bottom:0px;--awb-border-sizes-left:0px;--awb-border-sizes-right:0px;--awb-border-radius-top-left:0px;--awb-border-radius-top-right:0px;--awb-border-radius-bottom-right:0px;--awb-border-radius-bottom-left:0px;--awb-padding-top:0px;--awb-padding-bottom:0px;--awb-flex-wrap:wrap;\" ><div class=\"fusion-builder-row fusion-row\"><div class=\"fusion-layout-column fusion_builder_column fusion-builder-column-10 fusion_builder_column_1_2 1_2 fusion-one-half fusion-column-first fusion-animated\" style=\"--awb-padding-top:70px;--awb-padding-right:40px;--awb-padding-bottom:70px;--awb-padding-left:40px;--awb-bg-color:#f7f7f7;--awb-bg-color-hover:#f7f7f7;--awb-bg-position:center center;--awb-bg-size:cover;--awb-margin-bottom:0px;\" data-animationType=\"slideInDown\" data-animationDuration=\"0.1\" data-animationOffset=\"top-into-view\"><div class=\"fusion-column-wrapper fusion-column-has-shadow fusion-flex-column-wrapper-legacy\"><div class=\"fusion-column-content-centered\"><div class=\"fusion-column-content\"><div class=\"fusion-text fusion-text-13\"><h2 style=\"text-align: center; font-size: 25px;\">EL PLACER SE UNE AL DEPORTE DE \u00c9LITE<\/h2>\n<\/div><div class=\"fusion-text fusion-text-14\" style=\"--awb-text-transform:none;\"><h2 style=\"text-align: center;\"><strong>El equipo de catering de IMLAUER organiza <\/strong><strong>EVENTO DESTACADO <\/strong> <\/h2>\n<h2 style=\"text-align: center;\"><strong>en Schladming <\/strong><strong>2023 &amp; 2024<\/strong><\/h2>\n<p style=\"text-align: center;\">Despu\u00e9s de que el equipo de IMLAUER Catering obsequiara a unos 1.500 invitados con delicias culinarias en<a href=\"https:\/\/www.thenightrace.at\/de\/\" target=\"_blank\" rel=\"noopener\">&#8222;THE NIGHTRACE Schladming<\/a>&#8220; en enero de 2023, IMLAUER Catering fue contratado tambi\u00e9n para 2024.<\/p>\n<p style=\"text-align: center;\"><strong>En ambos a\u00f1os, el equipo de IMLAUER se centr\u00f3 en una cocina exquisita y un servicio de primera clase.<\/strong><\/p>\n<p style=\"text-align: center;\">Todos los a\u00f1os, Schladming se convierte en la sede de la que quiz\u00e1 sea la carrera de esqu\u00ed m\u00e1s espectacular de la Copa del Mundo de invierno. El legendario eslalon nocturno transforma el estadio de Planai en una caldera. Hasta 45.000 aficionados al esqu\u00ed celebran este superlativo evento de esqu\u00ed y convierten la noche en d\u00eda. El equipo del <a href=\"https:\/\/schlosspichlarn.at\/\" target=\"_blank\" rel=\"noopener\">Hotel IMLAUER Schloss Pichlarn<\/a> y el equipo de catering IMLAUER de Salzburgo ofrecen delicias culinarias en este acontecimiento deportivo tan especial.   <\/p>\n<p style=\"text-align: center;\">El Hotel IMLAUER Schloss Pichlarn est\u00e1 a unos 35 minutos en coche de Schladming y sirve de &#8222;base&#8220; perfecta para el equipo de restauraci\u00f3n de IMLAUER y para todas las personas afines al deporte, el bienestar y el disfrute.<\/p>\n<p style=\"text-align: center;\"><strong>Exclusivamente para &#8222;La Carrera Nocturna de Schladming&#8220; hemos preparado un paquete especial de alojamiento para ti:<\/strong><\/p>\n<p style=\"text-align: center;\"><a href=\"https:\/\/schlosspichlarn.at\/zimmer-und-packages\/the-nightrace-nachtslalom\/\" target=\"_blank\" rel=\"noopener\"><strong>El paquete Nightrace<\/strong><\/a><\/p>\n<h2><\/h2>\n<h2 style=\"text-align: center;\"><strong>IMLAUER Catering en el Dreik\u00f6nigsspringen de Bischofshofen<\/strong><\/h2>\n<p style=\"text-align: center;\">El 6 de enero de 2024, el equipo de catering de IMLAUER ofrecer\u00e1 los mejores momentos culinarios en el 72\u00ba Torneo de las Cuatro Colinas en Bischofshofen. Esperamos mimar a 400 invitados con la mejor cocina IMLAUER en el tradicional &#8222;Dreik\u00f6nigsspringen&#8220;.  <\/p>\n<\/div><\/div><\/div><div class=\"fusion-clearfix\"><\/div><\/div><\/div><div class=\"fusion-layout-column fusion_builder_column fusion-builder-column-11 fusion_builder_column_1_2 1_2 fusion-one-half fusion-column-last fusion-animated\" style=\"--awb-padding-top:40px;--awb-padding-bottom:40px;--awb-bg-color:#f7f7f7;--awb-bg-color-hover:#f7f7f7;--awb-bg-image:url(&#039;https:\/\/imlauer.com\/hotel-pitter-salzburg\/wp-content\/uploads\/2025\/06\/nightrace-bruendlsportsnight-c-martin-huber-2703-web.jpg&#039;);--awb-bg-position:center center;--awb-bg-size:cover;--awb-border-color:#af9755;--awb-border-top:0;--awb-border-right:0;--awb-border-bottom:0;--awb-border-left:0;--awb-border-style:solid;--awb-margin-bottom:0px;\" data-animationType=\"slideInDown\" data-animationDuration=\"0.1\" data-animationOffset=\"top-into-view\" data-scroll-devices=\"small-visibility,medium-visibility,large-visibility\"><div class=\"fusion-column-wrapper fusion-column-has-shadow fusion-flex-column-wrapper-legacy fusion-empty-column-bg-image fusion-column-has-bg-image\" data-bg-url=\"https:\/\/imlauer.com\/hotel-pitter-salzburg\/wp-content\/uploads\/2025\/06\/nightrace-bruendlsportsnight-c-martin-huber-2703-web.jpg\"><img decoding=\"async\" class=\"fusion-empty-dims-img-placeholder fusion-no-large-visibility\" alt=\"Bild: Catering im VIP-Bereich des Nightrace Schladming\" aria-label=\"nightrace-bruendlsportsnight-c-martin-huber-2703 web\" src=\"data:image\/svg+xml,%3Csvg%20xmlns%3D%27http%3A%2F%2Fwww.w3.org%2F2000%2Fsvg%27%20width%3D%271000%27%20height%3D%27667%27%20viewBox%3D%270%200%201000%20667%27%3E%3Crect%20width%3D%271000%27%20height%3D%27667%27%20fill-opacity%3D%220%22%2F%3E%3C%2Fsvg%3E\"><div class=\"fusion-clearfix\"><\/div><\/div><\/div><\/div><\/div><div class=\"fusion-fullwidth fullwidth-box fusion-builder-row-7 has-pattern-background has-mask-background hundred-percent-fullwidth non-hundred-percent-height-scrolling fusion-equal-height-columns fusion-no-small-visibility fusion-no-medium-visibility\" style=\"--awb-background-position:left top;--awb-border-sizes-top:0px;--awb-border-sizes-bottom:0px;--awb-border-sizes-left:0px;--awb-border-sizes-right:0px;--awb-border-radius-top-left:0px;--awb-border-radius-top-right:0px;--awb-border-radius-bottom-right:0px;--awb-border-radius-bottom-left:0px;--awb-padding-top:0px;--awb-padding-bottom:0px;--awb-flex-wrap:wrap;\" ><div class=\"fusion-builder-row fusion-row\"><div class=\"fusion-layout-column fusion_builder_column fusion-builder-column-12 fusion_builder_column_1_2 1_2 fusion-one-half fusion-column-first fusion-animated\" style=\"--awb-padding-top:40px;--awb-padding-bottom:40px;--awb-bg-color:#f7f7f7;--awb-bg-color-hover:#f7f7f7;--awb-bg-image:url(&#039;https:\/\/imlauer.com\/hotel-pitter-salzburg\/wp-content\/uploads\/2026\/02\/IMLAUER-am-Kapitelplatz-IMG_2810-web.jpg&#039;);--awb-bg-position:center center;--awb-bg-size:cover;--awb-border-color:#af9755;--awb-border-top:0;--awb-border-right:0;--awb-border-bottom:0;--awb-border-left:0;--awb-border-style:solid;--awb-margin-bottom:0px;\" data-animationType=\"slideInDown\" data-animationDuration=\"0.1\" data-animationOffset=\"top-into-view\" data-scroll-devices=\"small-visibility,medium-visibility,large-visibility\"><div class=\"fusion-column-wrapper fusion-column-has-shadow fusion-flex-column-wrapper-legacy fusion-empty-column-bg-image fusion-column-has-bg-image\" data-bg-url=\"https:\/\/imlauer.com\/hotel-pitter-salzburg\/wp-content\/uploads\/2026\/02\/IMLAUER-am-Kapitelplatz-IMG_2810-web.jpg\"><img decoding=\"async\" class=\"fusion-empty-dims-img-placeholder fusion-no-large-visibility\" alt=\"Bild: Restaurant IMLAUER am Kapitelplatz und Siemens Festspieln\u00e4chte\" aria-label=\"IMLAUER am Kapitelplatz IMG_2810 web\" src=\"data:image\/svg+xml,%3Csvg%20xmlns%3D%27http%3A%2F%2Fwww.w3.org%2F2000%2Fsvg%27%20width%3D%27750%27%20height%3D%271000%27%20viewBox%3D%270%200%20750%201000%27%3E%3Crect%20width%3D%27750%27%20height%3D%271000%27%20fill-opacity%3D%220%22%2F%3E%3C%2Fsvg%3E\"><div class=\"fusion-clearfix\"><\/div><\/div><\/div><div class=\"fusion-layout-column fusion_builder_column fusion-builder-column-13 fusion_builder_column_1_2 1_2 fusion-one-half fusion-column-last fusion-animated\" style=\"--awb-padding-top:70px;--awb-padding-right:40px;--awb-padding-bottom:70px;--awb-padding-left:40px;--awb-bg-color:#f7f7f7;--awb-bg-color-hover:#f7f7f7;--awb-bg-position:center center;--awb-bg-size:cover;--awb-margin-bottom:0px;\" data-animationType=\"slideInDown\" data-animationDuration=\"0.1\" data-animationOffset=\"top-into-view\"><div class=\"fusion-column-wrapper fusion-column-has-shadow fusion-flex-column-wrapper-legacy\"><div class=\"fusion-column-content-centered\"><div class=\"fusion-column-content\"><div class=\"fusion-text fusion-text-15\"><h2 style=\"text-align: center; font-size: 25px;\">Restaurante al aire libre IMLAUER en Kapitelplatz<\/h2>\n<\/div><div class=\"fusion-text fusion-text-16\" style=\"--awb-text-transform:none;\"><h3 style=\"text-align: center;\">25 a\u00f1os de Sue\u00f1o de una noche de verano para todos<\/h3>\n<p style=\"text-align: center;\">El restaurante al aire libre IMLAUER de Kapitelplatz es parte integrante del verano salzburgu\u00e9s desde hace 25 a\u00f1os. En el centro del casco antiguo de Salzburgo, ha ofrecido a hu\u00e9spedes de todo el mundo, pero sobre todo a los salzburgueses, momentos culinarios en un ambiente \u00fanico, con la mejor vista de la gran pantalla del partido Siemens Fest&gt;&gt; noches y bajo el impresionante tel\u00f3n de fondo de la Fortaleza de Hohensalzburg. <\/p>\n<p style=\"text-align: center;\">Este elaborado concepto de restaurante ha acompa\u00f1ado las noches del Siemens Fest&gt;Spiel&gt;desde el principio y ha garantizado una armoniosa coexistencia culinaria y art\u00edstica.<\/p>\n<p style=\"text-align: center;\">La comida se cocin\u00f3 y sirvi\u00f3 con la habitual calidad de primera clase del IMLAUER Sky &#8211; Bar &amp; Restaurant. El reto de dirigir un restaurante de este alto nivel culinario durante todo un mes de verano era considerable. Sin embargo, gracias a la profesionalidad, el compromiso y los muchos a\u00f1os de experiencia de nuestro equipo, esta tarea se super\u00f3 con \u00e9xito.  <\/p>\n<p style=\"text-align: center;\">Queremos dar las gracias a nuestros socios por la buena cooperaci\u00f3n y, sobre todo, a nuestros hu\u00e9spedes por su lealtad y estamos contentos y agradecidos por los muchos momentos extraordinarios.<\/p>\n<\/div><\/div><\/div><div class=\"fusion-clearfix\"><\/div><\/div><\/div><\/div><\/div><div class=\"fusion-fullwidth fullwidth-box fusion-builder-row-8 has-pattern-background has-mask-background hundred-percent-fullwidth non-hundred-percent-height-scrolling fusion-equal-height-columns fusion-no-large-visibility\" style=\"--awb-background-position:left top;--awb-border-sizes-top:0px;--awb-border-sizes-bottom:0px;--awb-border-sizes-left:0px;--awb-border-sizes-right:0px;--awb-border-radius-top-left:0px;--awb-border-radius-top-right:0px;--awb-border-radius-bottom-right:0px;--awb-border-radius-bottom-left:0px;--awb-padding-top:0px;--awb-padding-bottom:0px;--awb-flex-wrap:wrap;\" ><div class=\"fusion-builder-row fusion-row\"><div class=\"fusion-layout-column fusion_builder_column fusion-builder-column-14 fusion_builder_column_1_2 1_2 fusion-one-half fusion-column-first fusion-animated\" style=\"--awb-padding-top:70px;--awb-padding-right:40px;--awb-padding-bottom:70px;--awb-padding-left:40px;--awb-bg-color:#f7f7f7;--awb-bg-color-hover:#f7f7f7;--awb-bg-position:center center;--awb-bg-size:cover;--awb-margin-bottom:0px;\" data-animationType=\"slideInDown\" data-animationDuration=\"0.1\" data-animationOffset=\"top-into-view\"><div class=\"fusion-column-wrapper fusion-column-has-shadow fusion-flex-column-wrapper-legacy\"><div class=\"fusion-column-content-centered\"><div class=\"fusion-column-content\"><div class=\"fusion-text fusion-text-17\"><h2 style=\"text-align: center; font-size: 25px;\">Restaurante al aire libre IMLAUER en Kapitelplatz<\/h2>\n<\/div><div class=\"fusion-text fusion-text-18\" style=\"--awb-text-transform:none;\"><h3 style=\"text-align: center;\">25 a\u00f1os de Sue\u00f1o de una noche de verano para todos<\/h3>\n<p style=\"text-align: center;\">El restaurante al aire libre IMLAUER de Kapitelplatz es parte integrante del verano salzburgu\u00e9s desde hace 25 a\u00f1os. En el centro del casco antiguo de Salzburgo, ha ofrecido a hu\u00e9spedes de todo el mundo, pero sobre todo a los salzburgueses, momentos culinarios en un ambiente \u00fanico, con la mejor vista de la gran pantalla del partido Siemens Fest&gt;&gt; noches y bajo el impresionante tel\u00f3n de fondo de la Fortaleza de Hohensalzburg. <\/p>\n<p style=\"text-align: center;\">Este elaborado concepto de restaurante ha acompa\u00f1ado las noches del Siemens Fest&gt;Spiel&gt;desde el principio y ha garantizado una armoniosa coexistencia culinaria y art\u00edstica.<\/p>\n<p style=\"text-align: center;\">La comida se cocin\u00f3 y sirvi\u00f3 con la habitual calidad de primera clase del IMLAUER Sky &#8211; Bar &amp; Restaurant. El reto de dirigir un restaurante de este alto nivel culinario durante todo un mes de verano era considerable. Sin embargo, gracias a la profesionalidad, el compromiso y los muchos a\u00f1os de experiencia de nuestro equipo, esta tarea se super\u00f3 con \u00e9xito.  <\/p>\n<p style=\"text-align: center;\">Queremos dar las gracias a nuestros socios por la buena cooperaci\u00f3n y, sobre todo, a nuestros hu\u00e9spedes por su lealtad y estamos contentos y agradecidos por los muchos momentos extraordinarios.<\/p>\n<\/div><\/div><\/div><div class=\"fusion-clearfix\"><\/div><\/div><\/div><div class=\"fusion-layout-column fusion_builder_column fusion-builder-column-15 fusion_builder_column_1_2 1_2 fusion-one-half fusion-column-last fusion-animated\" style=\"--awb-padding-top:40px;--awb-padding-bottom:40px;--awb-bg-color:#f7f7f7;--awb-bg-color-hover:#f7f7f7;--awb-bg-image:url(&#039;https:\/\/imlauer.com\/hotel-pitter-salzburg\/wp-content\/uploads\/2026\/02\/IMLAUER-am-Kapitelplatz-IMG_2810-web.jpg&#039;);--awb-bg-position:center center;--awb-bg-size:cover;--awb-border-color:#af9755;--awb-border-top:0;--awb-border-right:0;--awb-border-bottom:0;--awb-border-left:0;--awb-border-style:solid;--awb-margin-bottom:0px;\" data-animationType=\"slideInDown\" data-animationDuration=\"0.1\" data-animationOffset=\"top-into-view\" data-scroll-devices=\"small-visibility,medium-visibility,large-visibility\"><div class=\"fusion-column-wrapper fusion-column-has-shadow fusion-flex-column-wrapper-legacy fusion-empty-column-bg-image fusion-column-has-bg-image\" data-bg-url=\"https:\/\/imlauer.com\/hotel-pitter-salzburg\/wp-content\/uploads\/2026\/02\/IMLAUER-am-Kapitelplatz-IMG_2810-web.jpg\"><img decoding=\"async\" class=\"fusion-empty-dims-img-placeholder fusion-no-large-visibility\" alt=\"Bild: Restaurant IMLAUER am Kapitelplatz und Siemens Festspieln\u00e4chte\" aria-label=\"IMLAUER am Kapitelplatz IMG_2810 web\" src=\"data:image\/svg+xml,%3Csvg%20xmlns%3D%27http%3A%2F%2Fwww.w3.org%2F2000%2Fsvg%27%20width%3D%27750%27%20height%3D%271000%27%20viewBox%3D%270%200%20750%201000%27%3E%3Crect%20width%3D%27750%27%20height%3D%271000%27%20fill-opacity%3D%220%22%2F%3E%3C%2Fsvg%3E\"><div class=\"fusion-clearfix\"><\/div><\/div><\/div><\/div><\/div><div class=\"fusion-fullwidth fullwidth-box fusion-builder-row-9 nonhundred-percent-fullwidth non-hundred-percent-height-scrolling\" style=\"--awb-border-radius-top-left:0px;--awb-border-radius-top-right:0px;--awb-border-radius-bottom-right:0px;--awb-border-radius-bottom-left:0px;--awb-flex-wrap:wrap;\" ><div class=\"fusion-builder-row fusion-row\"><div class=\"fusion-layout-column fusion_builder_column fusion-builder-column-16 fusion_builder_column_1_1 1_1 fusion-one-full fusion-column-first fusion-column-last\" style=\"--awb-padding-top:50px;--awb-bg-size:cover;\"><div class=\"fusion-column-wrapper fusion-column-has-shadow fusion-flex-column-wrapper-legacy\"><div class=\"fusion-text fusion-text-19\"><h2 style=\"text-align: center; font-size: 25px;\">\u00a1Esperamos tener noticias tuyas!<\/h2>\n<\/div><div class=\"fusion-text fusion-text-20\"><p style=\"text-align: center; font-size: 20px;\"><strong>IMLAUER Catering<\/strong><br \/>\nRainerstra\u00dfe 6<br \/>\nA-5020 Salzburgo<br \/>\nTel:<a href=\"tel:+43662884936\"> +43 662 88 978 &#8211; 810<\/a><br \/>\nE-Mail: <a href=\"mailto:catering@imlauer.com\">catering@imlauer.com<\/a><\/p>\n<\/div><div class=\"fusion-sep-clear\"><\/div><div class=\"fusion-separator fusion-full-width-sep\" style=\"margin-left: auto;margin-right: auto;margin-top:50px;width:100%;\"><\/div><div class=\"fusion-sep-clear\"><\/div><div class=\"fusion-clearfix\"><\/div><\/div><\/div><\/div><\/div><\/p>\n","protected":false},"excerpt":{"rendered":"","protected":false},"author":1,"featured_media":0,"parent":40188,"menu_order":0,"comment_status":"closed","ping_status":"closed","template":"","meta":{"footnotes":""},"class_list":["post-40125","page","type-page","status-publish","hentry"],"_links":{"self":[{"href":"https:\/\/imlauer.com\/hotel-pitter-salzburg\/wp-json\/wp\/v2\/pages\/40125","targetHints":{"allow":["GET"]}}],"collection":[{"href":"https:\/\/imlauer.com\/hotel-pitter-salzburg\/wp-json\/wp\/v2\/pages"}],"about":[{"href":"https:\/\/imlauer.com\/hotel-pitter-salzburg\/wp-json\/wp\/v2\/types\/page"}],"author":[{"embeddable":true,"href":"https:\/\/imlauer.com\/hotel-pitter-salzburg\/wp-json\/wp\/v2\/users\/1"}],"replies":[{"embeddable":true,"href":"https:\/\/imlauer.com\/hotel-pitter-salzburg\/wp-json\/wp\/v2\/comments?post=40125"}],"version-history":[{"count":127,"href":"https:\/\/imlauer.com\/hotel-pitter-salzburg\/wp-json\/wp\/v2\/pages\/40125\/revisions"}],"predecessor-version":[{"id":45722,"href":"https:\/\/imlauer.com\/hotel-pitter-salzburg\/wp-json\/wp\/v2\/pages\/40125\/revisions\/45722"}],"up":[{"embeddable":true,"href":"https:\/\/imlauer.com\/hotel-pitter-salzburg\/wp-json\/wp\/v2\/pages\/40188"}],"wp:attachment":[{"href":"https:\/\/imlauer.com\/hotel-pitter-salzburg\/wp-json\/wp\/v2\/media?parent=40125"}],"curies":[{"name":"wp","href":"https:\/\/api.w.org\/{rel}","templated":true}]}}