{"id":38,"date":"2019-06-13T08:35:19","date_gmt":"2019-06-13T08:35:19","guid":{"rendered":"https:\/\/imlauer.com\/hotel-am-mirabellplatz\/fruehstueck\/"},"modified":"2026-03-17T09:20:25","modified_gmt":"2026-03-17T09:20:25","slug":"fruehstueck","status":"publish","type":"page","link":"https:\/\/imlauer.com\/imlauer-palais-mirabell\/fruehstueck\/","title":{"rendered":"Fr\u00fchst\u00fcck"},"content":{"rendered":"<p><div class=\"fusion-fullwidth fullwidth-box fusion-builder-row-1 has-pattern-background has-mask-background nonhundred-percent-fullwidth non-hundred-percent-height-scrolling fusion-equal-height-columns\" style=\"--awb-background-position:left top;--awb-border-sizes-top:0px;--awb-border-sizes-bottom:0px;--awb-border-sizes-left:0px;--awb-border-sizes-right:0px;--awb-border-radius-top-left:0px;--awb-border-radius-top-right:0px;--awb-border-radius-bottom-right:0px;--awb-border-radius-bottom-left:0px;--awb-padding-top:0px;--awb-padding-bottom:15px;--awb-margin-top:40px;--awb-flex-wrap:wrap;\" ><div class=\"fusion-builder-row fusion-row\"><div class=\"fusion-layout-column fusion_builder_column fusion-builder-column-0 fusion_builder_column_1_2 1_2 fusion-one-half fusion-column-first\" style=\"--awb-padding-top:40px;--awb-padding-bottom:40px;--awb-bg-color:#ffffff;--awb-bg-color-hover:#ffffff;--awb-bg-size:cover;--awb-border-color:#ebeef1;--awb-border-top:0;--awb-border-right:0;--awb-border-bottom:0;--awb-border-left:0;--awb-border-style:solid;width:48%; margin-right: 4%;\"><div class=\"fusion-column-wrapper fusion-column-has-shadow fusion-flex-column-wrapper-legacy\"><div class=\"fusion-column-content-centered\"><div class=\"fusion-column-content\"><div class=\"fusion-image-element fusion-image-align-center in-legacy-container\" style=\"text-align:center;--awb-liftup-border-radius:0px;--awb-caption-title-font-family:var(--h2_typography-font-family);--awb-caption-title-font-weight:var(--h2_typography-font-weight);--awb-caption-title-font-style:var(--h2_typography-font-style);--awb-caption-title-size:var(--h2_typography-font-size);--awb-caption-title-transform:var(--h2_typography-text-transform);--awb-caption-title-line-height:var(--h2_typography-line-height);--awb-caption-title-letter-spacing:var(--h2_typography-letter-spacing);\"><div class=\"imageframe-align-center\"><div class=\"awb-image-frame awb-image-frame-1 imageframe-liftup\"><span class=\" fusion-imageframe imageframe-none imageframe-1\"><a href=\"https:\/\/imlauer.com\/imlauer-palais-mirabell\/wp-content\/uploads\/2025\/02\/web_mirabell_0922-2531_komp.jpg\" class=\"fusion-lightbox\" data-rel=\"iLightbox[22142c380942085a112]\" data-caption=\"Das Foto darf ausschlie\u00dflich f\u00fcr PR- und Marketingma\u00dfnahmen der IMLAUER Hotel &amp; Restaurant GmbH - Rainerstra\u00dfe 6 - A-5020 Salzburg r\u00e4umlich und zeitlich unbegrenzt verwendet werden. Das Copyright verbleibt beim Bildautor G\u00fcnter Standl (www.guenterstandl.de). Jegliche Nutzung Dritter ist mit dem Bildautor gesondert zu vereinbaren. Der Bildautor stellt das gelieferte Bildmaterial nicht von Rechten Dritter frei. Etwaige Anspr\u00fcche Dritter fallen in den Verantwortungsbereich des Bildnutzers.\" data-title=\"web_mirabell_0922-2531_komp\" title=\"web_mirabell_0922-2531_komp\"><img decoding=\"async\" width=\"1002\" height=\"668\" src=\"https:\/\/imlauer.com\/imlauer-palais-mirabell\/wp-content\/uploads\/2025\/02\/web_mirabell_0922-2531_komp.jpg\" data-orig-src=\"https:\/\/imlauer.com\/imlauer-palais-mirabell\/wp-content\/uploads\/2025\/02\/web_mirabell_0922-2531_komp.jpg\" alt class=\"lazyload img-responsive wp-image-171\" srcset=\"data:image\/svg+xml,%3Csvg%20xmlns%3D%27http%3A%2F%2Fwww.w3.org%2F2000%2Fsvg%27%20width%3D%271002%27%20height%3D%27668%27%20viewBox%3D%270%200%201002%20668%27%3E%3Crect%20width%3D%271002%27%20height%3D%27668%27%20fill-opacity%3D%220%22%2F%3E%3C%2Fsvg%3E\" data-srcset=\"https:\/\/imlauer.com\/imlauer-palais-mirabell\/wp-content\/uploads\/2025\/02\/web_mirabell_0922-2531_komp-200x133.jpg 200w, https:\/\/imlauer.com\/imlauer-palais-mirabell\/wp-content\/uploads\/2025\/02\/web_mirabell_0922-2531_komp-400x267.jpg 400w, https:\/\/imlauer.com\/imlauer-palais-mirabell\/wp-content\/uploads\/2025\/02\/web_mirabell_0922-2531_komp-600x400.jpg 600w, https:\/\/imlauer.com\/imlauer-palais-mirabell\/wp-content\/uploads\/2025\/02\/web_mirabell_0922-2531_komp-800x533.jpg 800w, https:\/\/imlauer.com\/imlauer-palais-mirabell\/wp-content\/uploads\/2025\/02\/web_mirabell_0922-2531_komp.jpg 1002w\" data-sizes=\"auto\" data-orig-sizes=\"(max-width: 969px) 100vw, 800px\" \/><\/a><\/span><\/div><\/div><\/div><\/div><\/div><div class=\"fusion-clearfix\"><\/div><\/div><\/div><div class=\"fusion-layout-column fusion_builder_column fusion-builder-column-1 fusion_builder_column_1_2 1_2 fusion-one-half fusion-column-last\" style=\"--awb-bg-blend:overlay;--awb-bg-size:cover;width:48%;\"><div class=\"fusion-column-wrapper fusion-column-has-shadow fusion-flex-column-wrapper-legacy\"><div class=\"fusion-column-content-centered\"><div class=\"fusion-column-content\"><div class=\"fusion-text fusion-text-1\"><p style=\"letter-spacing: 4px; font-size: 13px; text-align: center; margin-bottom: 0px;\">FR\u00dcHST\u00dcCKEN WIE EIN F\u00dcRST(-ERZBISCHOF)<\/p>\n<h1 style=\"text-align: center;\"><strong>Das f\u00e4ngt ja gut an!<\/strong><\/h1>\n<\/div><div class=\"fusion-text fusion-text-2\"><p style=\"text-align: center;\">Man solle fr\u00fchst\u00fccken wie ein Kaiser, sagt eine alte Volksweisheit. Oder wie ein F\u00fcrst? Wenn Sie in unserem <strong>gem\u00fctlichen, holzget\u00e4felten Salon Mirabell<\/strong> Platz nehmen, f\u00e4llt das ganz leicht. Der Duft nach frischem Kaffee empf\u00e4ngt Sie bereits an der T\u00fcr. <strong>Auf den Punkt f\u00fcr Sie zubereitete Eiergerichte<\/strong> und W\u00fcrstchen lassen das Wasser im Mund zusammenlaufen.<\/p>\n<p style=\"text-align: center;\">Pikante K\u00e4se- und Wurstspezialit\u00e4ten d\u00fcrfen auch nicht fehlen! <strong>Frisch geschnittenes Obst<\/strong>, fruchtige Marmeladen und k\u00f6stliche Kuchen runden das Genuss-Angebot am Morgen perfekt ab. Ob Sie bereits um <strong>7 Uhr<\/strong> an Ihrem Fr\u00fchst\u00fcckstisch sitzen oder<strong> bis 10.30<\/strong> Uhr das gro\u00dfe Angebot genie\u00dfen: Im klimatisierten Salon Mirabell l\u00e4sst es sich wunderbar den Tag beginnen.<\/p>\n<p style=\"text-align: center;\">\u00dcbrigens: Am Wochenende und an Feiertagen feiern wir die Langschl\u00e4fer \u2013\u00a0mit einem <strong>verl\u00e4ngerten Fr\u00fchst\u00fcck bis 11 Uhr<\/strong>. So f\u00e4ngt Ihr Tag in Salzburg bestimmt gut an!<\/p>\n<\/div><\/div><\/div><div class=\"fusion-clearfix\"><\/div><\/div><\/div><\/div><\/div><div class=\"fusion-fullwidth fullwidth-box fusion-builder-row-2 nonhundred-percent-fullwidth non-hundred-percent-height-scrolling fusion-equal-height-columns\" style=\"--awb-background-position:left top;--awb-border-sizes-top:0px;--awb-border-sizes-bottom:0px;--awb-border-sizes-left:0px;--awb-border-sizes-right:0px;--awb-border-radius-top-left:0px;--awb-border-radius-top-right:0px;--awb-border-radius-bottom-right:0px;--awb-border-radius-bottom-left:0px;--awb-padding-top:0px;--awb-padding-bottom:30px;--awb-flex-wrap:wrap;\" ><div class=\"fusion-builder-row fusion-row\"><div class=\"fusion-layout-column fusion_builder_column fusion-builder-column-2 fusion_builder_column_1_3 1_3 fusion-one-third fusion-column-first\" style=\"--awb-bg-position:center bottom;--awb-bg-size:cover;--awb-margin-bottom:0px;\"><div class=\"fusion-column-wrapper lazyload fusion-column-has-shadow fusion-flex-column-wrapper-legacy fusion-empty-column-bg-image fusion-column-has-bg-image\" data-bg-url=\"https:\/\/imlauer.com\/imlauer-palais-mirabell\/wp-content\/uploads\/2025\/02\/web_mirabell_0922-2540_crop.jpg\" data-bg=\"https:\/\/imlauer.com\/imlauer-palais-mirabell\/wp-content\/uploads\/2025\/02\/web_mirabell_0922-2540_crop.jpg\"><img decoding=\"async\" class=\"fusion-empty-dims-img-placeholder fusion-no-large-visibility\" aria-label=\"web_mirabell_0922-2540_crop\" src=\"data:image\/svg+xml,%3Csvg%20xmlns%3D%27http%3A%2F%2Fwww.w3.org%2F2000%2Fsvg%27%20width%3D%271002%27%20height%3D%27668%27%20viewBox%3D%270%200%201002%20668%27%3E%3Crect%20width%3D%271002%27%20height%3D%27668%27%20fill-opacity%3D%220%22%2F%3E%3C%2Fsvg%3E\"><div class=\"fusion-clearfix\"><\/div><\/div><\/div><div class=\"fusion-layout-column fusion_builder_column fusion-builder-column-3 fusion_builder_column_1_3 1_3 fusion-one-third\" style=\"--awb-padding-top:70px;--awb-padding-right:60px;--awb-padding-bottom:70px;--awb-padding-left:60px;--awb-bg-color:#af9755;--awb-bg-color-hover:#af9755;--awb-bg-size:cover;--awb-margin-bottom:0px;\"><div class=\"fusion-column-wrapper fusion-column-has-shadow fusion-flex-column-wrapper-legacy\"><div class=\"fusion-text fusion-text-3\"><h3 style=\"text-align: center;\"><em><span style=\"color: #ffffff;\">&#8222;Man soll dem Leib etwas Gutes bieten, damit die Seele Lust hat, darin zu wohnen.&#8220;<\/span><\/em><\/h3>\n<p style=\"letter-spacing: 4px; font-size: 22px; text-align: center; line-height: 22px;\"><span style=\"color: #ffffff;\">WINSTON CHURCHILL<br \/>\n<\/span><\/p>\n<\/div><div class=\"fusion-clearfix\"><\/div><\/div><\/div><div class=\"fusion-layout-column fusion_builder_column fusion-builder-column-4 fusion_builder_column_1_3 1_3 fusion-one-third fusion-column-last\" style=\"--awb-bg-position:center bottom;--awb-bg-size:cover;--awb-margin-bottom:0px;\"><div class=\"fusion-column-wrapper lazyload fusion-column-has-shadow fusion-flex-column-wrapper-legacy fusion-empty-column-bg-image fusion-column-has-bg-image\" data-bg-url=\"https:\/\/imlauer.com\/imlauer-palais-mirabell\/wp-content\/uploads\/2025\/02\/web_mirabell_0922-2464_komp.jpg\" data-bg=\"https:\/\/imlauer.com\/imlauer-palais-mirabell\/wp-content\/uploads\/2025\/02\/web_mirabell_0922-2464_komp.jpg\"><img decoding=\"async\" class=\"fusion-empty-dims-img-placeholder fusion-no-large-visibility\" aria-label=\"web_mirabell_0922-2464_komp\" src=\"data:image\/svg+xml,%3Csvg%20xmlns%3D%27http%3A%2F%2Fwww.w3.org%2F2000%2Fsvg%27%20width%3D%271002%27%20height%3D%27668%27%20viewBox%3D%270%200%201002%20668%27%3E%3Crect%20width%3D%271002%27%20height%3D%27668%27%20fill-opacity%3D%220%22%2F%3E%3C%2Fsvg%3E\"><div class=\"fusion-clearfix\"><\/div><\/div><\/div><\/div><\/div><div class=\"fusion-fullwidth fullwidth-box fusion-builder-row-3 nonhundred-percent-fullwidth non-hundred-percent-height-scrolling fusion-equal-height-columns\" style=\"--awb-background-position:left top;--awb-border-sizes-top:0px;--awb-border-sizes-bottom:0px;--awb-border-sizes-left:0px;--awb-border-sizes-right:0px;--awb-border-radius-top-left:0px;--awb-border-radius-top-right:0px;--awb-border-radius-bottom-right:0px;--awb-border-radius-bottom-left:0px;--awb-padding-top:0px;--awb-padding-right:20px;--awb-padding-bottom:0px;--awb-padding-left:20px;--awb-flex-wrap:wrap;\" ><div class=\"fusion-builder-row fusion-row\"><div class=\"fusion-layout-column fusion_builder_column fusion-builder-column-5 fusion_builder_column_1_1 1_1 fusion-one-full fusion-column-first fusion-column-last fusion-column-no-min-height\" style=\"--awb-bg-blend:overlay;--awb-bg-size:cover;--awb-margin-bottom:0px;\"><div class=\"fusion-column-wrapper fusion-flex-column-wrapper-legacy\"><div class=\"fusion-content-boxes content-boxes columns row fusion-columns-4 fusion-columns-total-4 fusion-content-boxes-1 content-boxes-icon-on-top content-left\" style=\"--awb-backgroundcolor:#ffffff;--awb-body-color:#636362;--awb-title-color:#af9755;--awb-iconcolor:#008ab4;--awb-hover-accent-color:#af9755;--awb-circle-hover-accent-color:transparent;\" data-animationOffset=\"top-into-view\"><div style=\"--awb-backgroundcolor:#ffffff;--awb-iconcolor:#008ab4;\" class=\"fusion-column content-box-column content-box-column content-box-column-1 col-lg-3 col-md-3 col-sm-3 fusion-content-box-hover content-box-column-first-in-row\"><div class=\"col content-box-wrapper content-wrapper-background link-area-link-icon icon-hover-animation-slide\" data-animationOffset=\"top-into-view\"><div class=\"heading heading-with-icon icon-left\"><div aria-hidden=\"true\" class=\"image\"><img decoding=\"async\" class=\"lazyload\" src=\"data:image\/svg+xml,%3Csvg%20xmlns%3D%27http%3A%2F%2Fwww.w3.org%2F2000%2Fsvg%27%20width%3D%27100%27%20height%3D%27100%27%20viewBox%3D%270%200%20100%20100%27%3E%3Crect%20width%3D%27100%27%20height%3D%27100%27%20fill-opacity%3D%220%22%2F%3E%3C%2Fsvg%3E\" data-orig-src=\"https:\/\/imlauer.com\/imlauer-palais-mirabell\/wp-content\/uploads\/2025\/02\/Oeffnungszeiten.png\" width=\"100\" height=\"100\" alt=\"\" \/><\/div><h2 class=\"content-box-heading\" style=\"--h2_typography-font-size:20px;line-height:25px;\">Fr\u00fchst\u00fcckszeiten<\/h2><\/div><div class=\"fusion-clearfix\"><\/div><div class=\"content-container\">\n<p>T\u00e4glich von 07:00 \u2013 10:30 Uhr. Samstags, sonntags &amp; feiertags bis 11.00 Uhr.<\/p>\n<\/div><\/div><\/div><div style=\"--awb-backgroundcolor:#ffffff;--awb-iconcolor:#008ab4;\" class=\"fusion-column content-box-column content-box-column content-box-column-2 col-lg-3 col-md-3 col-sm-3 fusion-content-box-hover \"><div class=\"col content-box-wrapper content-wrapper-background link-area-link-icon icon-hover-animation-slide\" data-animationOffset=\"top-into-view\"><div class=\"heading heading-with-icon icon-left\"><div aria-hidden=\"true\" class=\"image\"><img decoding=\"async\" class=\"lazyload\" src=\"data:image\/svg+xml,%3Csvg%20xmlns%3D%27http%3A%2F%2Fwww.w3.org%2F2000%2Fsvg%27%20width%3D%27100%27%20height%3D%27100%27%20viewBox%3D%270%200%20100%20100%27%3E%3Crect%20width%3D%27100%27%20height%3D%27100%27%20fill-opacity%3D%220%22%2F%3E%3C%2Fsvg%3E\" data-orig-src=\"https:\/\/imlauer.com\/imlauer-palais-mirabell\/wp-content\/uploads\/2025\/02\/imlauernearby.png\" width=\"100\" height=\"100\" alt=\"\" \/><\/div><h2 class=\"content-box-heading\" style=\"--h2_typography-font-size:20px;line-height:25px;\">Regionalit\u00e4t<\/h2><\/div><div class=\"fusion-clearfix\"><\/div><div class=\"content-container\">Die Region ist unsere Speisekammer<\/div><\/div><\/div><div style=\"--awb-backgroundcolor:#ffffff;--awb-iconcolor:#008ab4;\" class=\"fusion-column content-box-column content-box-column content-box-column-3 col-lg-3 col-md-3 col-sm-3 fusion-content-box-hover \"><div class=\"col content-box-wrapper content-wrapper-background link-area-link-icon icon-hover-animation-slide\" data-animationOffset=\"top-into-view\"><div class=\"heading heading-with-icon icon-left\"><div aria-hidden=\"true\" class=\"image\"><img decoding=\"async\" class=\"lazyload\" src=\"data:image\/svg+xml,%3Csvg%20xmlns%3D%27http%3A%2F%2Fwww.w3.org%2F2000%2Fsvg%27%20width%3D%27100%27%20height%3D%27100%27%20viewBox%3D%270%200%20100%20100%27%3E%3Crect%20width%3D%27100%27%20height%3D%27100%27%20fill-opacity%3D%220%22%2F%3E%3C%2Fsvg%3E\" data-orig-src=\"https:\/\/imlauer.com\/imlauer-palais-mirabell\/wp-content\/uploads\/2025\/02\/tasse-1.png\" width=\"100\" height=\"100\" alt=\"\" \/><\/div><h2 class=\"content-box-heading\" style=\"--h2_typography-font-size:20px;line-height:25px;\">Fr\u00fchst\u00fccksbuffet<\/h2><\/div><div class=\"fusion-clearfix\"><\/div><div class=\"content-container\">\n<p>Preis: \u20ac 29,- \/ Person<br \/>\nKinder von 0-5 Jahren kostenfrei<br \/>\nKinder von 6-11 Jahren zahlen die H\u00e4lfte<\/p>\n<\/div><\/div><\/div><div style=\"--awb-backgroundcolor:#ffffff;--awb-iconcolor:#008ab4;\" class=\"fusion-column content-box-column content-box-column content-box-column-4 col-lg-3 col-md-3 col-sm-3 fusion-content-box-hover content-box-column-last content-box-column-last-in-row\"><div class=\"col content-box-wrapper content-wrapper-background link-area-link-icon icon-hover-animation-slide\" data-animationOffset=\"top-into-view\"><div class=\"heading heading-with-icon icon-left\"><div aria-hidden=\"true\" class=\"image\"><img decoding=\"async\" class=\"lazyload\" src=\"data:image\/svg+xml,%3Csvg%20xmlns%3D%27http%3A%2F%2Fwww.w3.org%2F2000%2Fsvg%27%20width%3D%27100%27%20height%3D%27100%27%20viewBox%3D%270%200%20100%20100%27%3E%3Crect%20width%3D%27100%27%20height%3D%27100%27%20fill-opacity%3D%220%22%2F%3E%3C%2Fsvg%3E\" data-orig-src=\"https:\/\/imlauer.com\/imlauer-palais-mirabell\/wp-content\/uploads\/2025\/02\/Ausblick.png\" width=\"100\" height=\"100\" alt=\"\" \/><\/div><h2 class=\"content-box-heading\" style=\"--h2_typography-font-size:20px;line-height:25px;\">Gem\u00fctliches Ambiente<\/h2><\/div><div class=\"fusion-clearfix\"><\/div><div class=\"content-container\">\n<p>Wohlf\u00fchlen und genie\u00dfen.<\/p>\n<\/div><\/div><\/div><div class=\"fusion-clearfix\"><\/div><\/div><div class=\"fusion-clearfix\"><\/div><\/div><\/div><\/div><\/div><\/p>\n","protected":false},"excerpt":{"rendered":"","protected":false},"author":1,"featured_media":0,"parent":0,"menu_order":0,"comment_status":"closed","ping_status":"closed","template":"100-width.php","meta":{"footnotes":""},"class_list":["post-38","page","type-page","status-publish","hentry"],"_links":{"self":[{"href":"https:\/\/imlauer.com\/imlauer-palais-mirabell\/wp-json\/wp\/v2\/pages\/38","targetHints":{"allow":["GET"]}}],"collection":[{"href":"https:\/\/imlauer.com\/imlauer-palais-mirabell\/wp-json\/wp\/v2\/pages"}],"about":[{"href":"https:\/\/imlauer.com\/imlauer-palais-mirabell\/wp-json\/wp\/v2\/types\/page"}],"author":[{"embeddable":true,"href":"https:\/\/imlauer.com\/imlauer-palais-mirabell\/wp-json\/wp\/v2\/users\/1"}],"replies":[{"embeddable":true,"href":"https:\/\/imlauer.com\/imlauer-palais-mirabell\/wp-json\/wp\/v2\/comments?post=38"}],"version-history":[{"count":4,"href":"https:\/\/imlauer.com\/imlauer-palais-mirabell\/wp-json\/wp\/v2\/pages\/38\/revisions"}],"predecessor-version":[{"id":7899,"href":"https:\/\/imlauer.com\/imlauer-palais-mirabell\/wp-json\/wp\/v2\/pages\/38\/revisions\/7899"}],"wp:attachment":[{"href":"https:\/\/imlauer.com\/imlauer-palais-mirabell\/wp-json\/wp\/v2\/media?parent=38"}],"curies":[{"name":"wp","href":"https:\/\/api.w.org\/{rel}","templated":true}]}}