{"id":44,"date":"2019-10-15T07:10:44","date_gmt":"2019-10-15T07:10:44","guid":{"rendered":"https:\/\/imlauer.com\/hotel-am-mirabellplatz\/wichtig-zu-wissen\/"},"modified":"2026-03-30T12:31:37","modified_gmt":"2026-03-30T12:31:37","slug":"wichtig-zu-wissen","status":"publish","type":"page","link":"https:\/\/imlauer.com\/imlauer-palais-mirabell\/wichtig-zu-wissen\/","title":{"rendered":"Wichtig zu wissen"},"content":{"rendered":"<p><div class=\"fusion-fullwidth fullwidth-box fusion-builder-row-1 has-pattern-background has-mask-background nonhundred-percent-fullwidth non-hundred-percent-height-scrolling fusion-equal-height-columns\" style=\"--awb-background-position:left top;--awb-border-sizes-top:0px;--awb-border-sizes-bottom:0px;--awb-border-sizes-left:0px;--awb-border-sizes-right:0px;--awb-border-radius-top-left:0px;--awb-border-radius-top-right:0px;--awb-border-radius-bottom-right:0px;--awb-border-radius-bottom-left:0px;--awb-padding-top:0px;--awb-padding-bottom:35px;--awb-margin-top:40px;--awb-flex-wrap:wrap;\" ><div class=\"fusion-builder-row fusion-row\"><div class=\"fusion-layout-column fusion_builder_column fusion-builder-column-0 fusion_builder_column_1_2 1_2 fusion-one-half fusion-column-first\" style=\"--awb-padding-top:40px;--awb-padding-right:40px;--awb-padding-bottom:40px;--awb-padding-left:40px;--awb-bg-color:#ffffff;--awb-bg-color-hover:#ffffff;--awb-bg-size:cover;--awb-border-color:#ebeef1;--awb-border-top:0;--awb-border-right:0;--awb-border-bottom:0;--awb-border-left:0;--awb-border-style:solid;width:48%; margin-right: 4%;\"><div class=\"fusion-column-wrapper fusion-column-has-shadow fusion-flex-column-wrapper-legacy\"><div class=\"fusion-column-content-centered\"><div class=\"fusion-column-content\"><div class=\"fusion-image-element fusion-image-align-center in-legacy-container\" style=\"text-align:center;--awb-liftup-border-radius:0px;--awb-caption-title-font-family:var(--h2_typography-font-family);--awb-caption-title-font-weight:var(--h2_typography-font-weight);--awb-caption-title-font-style:var(--h2_typography-font-style);--awb-caption-title-size:var(--h2_typography-font-size);--awb-caption-title-transform:var(--h2_typography-text-transform);--awb-caption-title-line-height:var(--h2_typography-line-height);--awb-caption-title-letter-spacing:var(--h2_typography-letter-spacing);\"><div class=\"imageframe-align-center\"><div class=\"awb-image-frame awb-image-frame-1 imageframe-liftup\"><span class=\" fusion-imageframe imageframe-none imageframe-1\"><a href=\"https:\/\/imlauer.com\/imlauer-palais-mirabell\/wp-content\/uploads\/2026\/03\/Lobby_neu-300x240.jpg\" class=\"fusion-lightbox\" data-rel=\"iLightbox[e0cc21d4703bf6cba2d]\" data-title=\"Lobby_neu\" title=\"Lobby_neu\"><img decoding=\"async\" width=\"300\" height=\"240\" alt=\"Neue Lobby im IMLAUER Palais Mirabell\" src=\"https:\/\/imlauer.com\/imlauer-palais-mirabell\/wp-content\/uploads\/2026\/03\/Lobby_neu.jpg\" data-orig-src=\"https:\/\/imlauer.com\/imlauer-palais-mirabell\/wp-content\/uploads\/2026\/03\/Lobby_neu-300x240.jpg\" class=\"lazyload img-responsive wp-image-47446\" srcset=\"data:image\/svg+xml,%3Csvg%20xmlns%3D%27http%3A%2F%2Fwww.w3.org%2F2000%2Fsvg%27%20width%3D%271273%27%20height%3D%271018%27%20viewBox%3D%270%200%201273%201018%27%3E%3Crect%20width%3D%271273%27%20height%3D%271018%27%20fill-opacity%3D%220%22%2F%3E%3C%2Fsvg%3E\" data-srcset=\"https:\/\/imlauer.com\/imlauer-palais-mirabell\/wp-content\/uploads\/2026\/03\/Lobby_neu-200x160.jpg 200w, https:\/\/imlauer.com\/imlauer-palais-mirabell\/wp-content\/uploads\/2026\/03\/Lobby_neu-400x320.jpg 400w, https:\/\/imlauer.com\/imlauer-palais-mirabell\/wp-content\/uploads\/2026\/03\/Lobby_neu-600x480.jpg 600w, https:\/\/imlauer.com\/imlauer-palais-mirabell\/wp-content\/uploads\/2026\/03\/Lobby_neu-800x640.jpg 800w, https:\/\/imlauer.com\/imlauer-palais-mirabell\/wp-content\/uploads\/2026\/03\/Lobby_neu-1200x960.jpg 1200w, https:\/\/imlauer.com\/imlauer-palais-mirabell\/wp-content\/uploads\/2026\/03\/Lobby_neu.jpg 1273w\" data-sizes=\"auto\" data-orig-sizes=\"(max-width: 969px) 100vw, 600px\" \/><\/a><\/span><\/div><\/div><\/div><\/div><\/div><div class=\"fusion-clearfix\"><\/div><\/div><\/div><div class=\"fusion-layout-column fusion_builder_column fusion-builder-column-1 fusion_builder_column_1_2 1_2 fusion-one-half fusion-column-last\" style=\"--awb-bg-blend:overlay;--awb-bg-size:cover;width:48%;\"><div class=\"fusion-column-wrapper fusion-column-has-shadow fusion-flex-column-wrapper-legacy\"><div class=\"fusion-column-content-centered\"><div class=\"fusion-column-content\"><div class=\"fusion-text fusion-text-1\"><h1 style=\"text-align: center;\">FAQ<\/h1>\n<\/div><div class=\"fusion-sep-clear\"><\/div><div class=\"fusion-separator\" style=\"margin-left: auto;margin-right: auto;margin-top:0px;margin-bottom:20px;width:100%;max-width:50px;\"><div class=\"fusion-separator-border sep-single sep-solid\" style=\"--awb-height:20px;--awb-amount:20px;--awb-sep-color:#af9755;border-color:#af9755;border-top-width:1px;\"><\/div><\/div><div class=\"fusion-sep-clear\"><\/div><div class=\"fusion-text fusion-text-2\"><p style=\"text-align: center;\">Haben Sie Fragen? St\u00f6bern Sie einfach durch unseren FAQ-Katalog. Sollte der gew\u00fcnschte Inhalt nicht dabei sein, z\u00f6gern Sie nicht uns zu kontaktieren.<\/p>\n<p style=\"text-align: center;\">Gerne beantworten wir Ihre Anfrage auch via Email unter <a href=\"mailto:mirabell@imlauer.com\">mirabell@imlauer.com<\/a><br \/>\noder via Telefon unter <a href=\"tel:+43662881688\">+43 (0) 662 88 16 88<\/a><\/p>\n<div class=\"titles\">\n<p style=\"text-align: center;\">Wir freuen uns jederzeit behiflich zu sein.<\/p>\n<\/div>\n<\/div><\/div><\/div><div class=\"fusion-clearfix\"><\/div><\/div><\/div><\/div><\/div><div class=\"fusion-fullwidth fullwidth-box fusion-builder-row-2 hundred-percent-fullwidth non-hundred-percent-height-scrolling fusion-equal-height-columns\" style=\"--awb-background-position:left top;--awb-border-sizes-top:0px;--awb-border-sizes-bottom:0px;--awb-border-sizes-left:0px;--awb-border-sizes-right:0px;--awb-border-radius-top-left:0px;--awb-border-radius-top-right:0px;--awb-border-radius-bottom-right:0px;--awb-border-radius-bottom-left:0px;--awb-padding-top:20px;--awb-padding-right:20px;--awb-padding-bottom:20px;--awb-padding-left:20px;--awb-margin-top:0px;--awb-margin-bottom:0px;--awb-background-color:#af9755;--awb-flex-wrap:wrap;\" id=\"faq_themen\" ><div class=\"fusion-builder-row fusion-row\"><div class=\"fusion-layout-column fusion_builder_column fusion-builder-column-2 fusion_builder_column_1_1 1_1 fusion-one-full fusion-column-first fusion-column-last fusion-column-no-min-height\" style=\"--awb-bg-size:cover;--awb-margin-bottom:0px;\"><div class=\"fusion-column-wrapper fusion-column-has-shadow fusion-flex-column-wrapper-legacy\"><div class=\"fusion-column-content-centered\"><div class=\"fusion-column-content\"><div class=\"fusion-text fusion-text-3\"><h2 style=\"text-align: center;\"><span style=\"color: #ffffff;\">THEMENAUSWAHL<\/span><\/h2>\n<\/div><div class=\"fusion-content-boxes content-boxes columns row fusion-columns-5 fusion-columns-total-5 fusion-content-boxes-1 content-boxes-icon-on-top content-left\" style=\"--awb-backgroundcolor:#ffffff;--awb-body-color:#636362;--awb-title-color:#af9755;--awb-iconcolor:#008ab4;--awb-hover-accent-color:#7a7a7a;--awb-circle-hover-accent-color:transparent;\" id=\"themenauswahl\" data-animationOffset=\"top-into-view\"><div style=\"--awb-backgroundcolor:#ffffff;--awb-iconcolor:#008ab4;\" class=\"fusion-column content-box-column content-box-column-1 col-lg-2 col-md-2 col-sm-2 fusion-content-box-hover content-box-column-first-in-row\"><div class=\"col content-box-wrapper content-wrapper-background link-area-box link-type-text icon-hover-animation-slide\" data-link=\"#anreise\" data-link-target=\"_self\" data-animationOffset=\"top-into-view\"><div class=\"heading heading-with-icon icon-left\"><a class=\"heading-link\" href=\"#anreise\" target=\"_self\"><div aria-hidden=\"true\" class=\"image\"><img decoding=\"async\" class=\"lazyload\" src=\"data:image\/svg+xml,%3Csvg%20xmlns%3D%27http%3A%2F%2Fwww.w3.org%2F2000%2Fsvg%27%20width%3D%27100%27%20height%3D%27100%27%20viewBox%3D%270%200%20100%20100%27%3E%3Crect%20width%3D%27100%27%20height%3D%27100%27%20fill-opacity%3D%220%22%2F%3E%3C%2Fsvg%3E\" data-orig-src=\"https:\/\/imlauer.com\/imlauer-palais-mirabell\/wp-content\/uploads\/2025\/02\/schluessel.png\" width=\"100\" height=\"100\" alt=\"\" \/><\/div><h2 class=\"content-box-heading\" style=\"--h2_typography-font-size:20px;line-height:25px;\">Anreise<\/h2><\/a><\/div><\/div><\/div><div style=\"--awb-backgroundcolor:#ffffff;--awb-iconcolor:#008ab4;\" class=\"fusion-column content-box-column content-box-column-2 col-lg-2 col-md-2 col-sm-2 fusion-content-box-hover \"><div class=\"col content-box-wrapper content-wrapper-background link-area-box link-type-text icon-hover-animation-slide\" data-link=\"#abreise\" data-link-target=\"_self\" data-animationOffset=\"top-into-view\"><div class=\"heading heading-with-icon icon-left\"><a class=\"heading-link\" href=\"#abreise\" target=\"_self\"><div aria-hidden=\"true\" class=\"image\"><img decoding=\"async\" class=\"lazyload\" src=\"data:image\/svg+xml,%3Csvg%20xmlns%3D%27http%3A%2F%2Fwww.w3.org%2F2000%2Fsvg%27%20width%3D%27100%27%20height%3D%27100%27%20viewBox%3D%270%200%20100%20100%27%3E%3Crect%20width%3D%27100%27%20height%3D%27100%27%20fill-opacity%3D%220%22%2F%3E%3C%2Fsvg%3E\" data-orig-src=\"https:\/\/imlauer.com\/imlauer-palais-mirabell\/wp-content\/uploads\/2025\/02\/wegweiser-1.png\" width=\"100\" height=\"100\" alt=\"\" \/><\/div><h2 class=\"content-box-heading\" style=\"--h2_typography-font-size:20px;line-height:25px;\">Abreise<\/h2><\/a><\/div><\/div><\/div><div style=\"--awb-backgroundcolor:#ffffff;--awb-iconcolor:#008ab4;\" class=\"fusion-column content-box-column content-box-column-3 col-lg-2 col-md-2 col-sm-2 fusion-content-box-hover \"><div class=\"col content-box-wrapper content-wrapper-background link-area-box link-type-text icon-hover-animation-slide\" data-link=\"#hotel\" data-link-target=\"_self\" data-animationOffset=\"top-into-view\"><div class=\"heading heading-with-icon icon-left\"><a class=\"heading-link\" href=\"#hotel\" target=\"_self\"><div aria-hidden=\"true\" class=\"image\"><img decoding=\"async\" class=\"lazyload\" src=\"data:image\/svg+xml,%3Csvg%20xmlns%3D%27http%3A%2F%2Fwww.w3.org%2F2000%2Fsvg%27%20width%3D%27100%27%20height%3D%27100%27%20viewBox%3D%270%200%20100%20100%27%3E%3Crect%20width%3D%27100%27%20height%3D%27100%27%20fill-opacity%3D%220%22%2F%3E%3C%2Fsvg%3E\" data-orig-src=\"https:\/\/imlauer.com\/imlauer-palais-mirabell\/wp-content\/uploads\/2025\/02\/HotelIcon.png\" width=\"100\" height=\"100\" alt=\"\" \/><\/div><h2 class=\"content-box-heading\" style=\"--h2_typography-font-size:20px;line-height:25px;\">im Hotel<\/h2><\/a><\/div><\/div><\/div><div style=\"--awb-backgroundcolor:#ffffff;--awb-iconcolor:#008ab4;\" class=\"fusion-column content-box-column content-box-column-4 col-lg-2 col-md-2 col-sm-2 fusion-content-box-hover \"><div class=\"col content-box-wrapper content-wrapper-background link-area-box link-type-text icon-hover-animation-slide\" data-link=\"#naehe\" data-link-target=\"_self\" data-animationOffset=\"top-into-view\"><div class=\"heading heading-with-icon icon-left\"><a class=\"heading-link\" href=\"#naehe\" target=\"_self\"><div aria-hidden=\"true\" class=\"image\"><img decoding=\"async\" class=\"lazyload\" src=\"data:image\/svg+xml,%3Csvg%20xmlns%3D%27http%3A%2F%2Fwww.w3.org%2F2000%2Fsvg%27%20width%3D%27100%27%20height%3D%27100%27%20viewBox%3D%270%200%20100%20100%27%3E%3Crect%20width%3D%27100%27%20height%3D%27100%27%20fill-opacity%3D%220%22%2F%3E%3C%2Fsvg%3E\" data-orig-src=\"https:\/\/imlauer.com\/imlauer-palais-mirabell\/wp-content\/uploads\/2025\/02\/imlauernearby.png\" width=\"100\" height=\"100\" alt=\"\" \/><\/div><h2 class=\"content-box-heading\" style=\"--h2_typography-font-size:20px;line-height:25px;\">in der N\u00e4he<\/h2><\/a><\/div><\/div><\/div><div style=\"--awb-backgroundcolor:#ffffff;--awb-iconcolor:#008ab4;\" class=\"fusion-column content-box-column content-box-column-5 col-lg-2 col-md-2 col-sm-2 fusion-content-box-hover content-box-column-last content-box-column-last-in-row\"><div class=\"col content-box-wrapper content-wrapper-background link-area-box link-type-text icon-hover-animation-slide\" data-link=\"#kulinarik\" data-link-target=\"_self\" data-animationOffset=\"top-into-view\"><div class=\"heading heading-with-icon icon-left\"><a class=\"heading-link\" href=\"#kulinarik\" target=\"_self\"><div aria-hidden=\"true\" class=\"image\"><img decoding=\"async\" class=\"lazyload\" src=\"data:image\/svg+xml,%3Csvg%20xmlns%3D%27http%3A%2F%2Fwww.w3.org%2F2000%2Fsvg%27%20width%3D%27100%27%20height%3D%27100%27%20viewBox%3D%270%200%20100%20100%27%3E%3Crect%20width%3D%27100%27%20height%3D%27100%27%20fill-opacity%3D%220%22%2F%3E%3C%2Fsvg%3E\" data-orig-src=\"https:\/\/imlauer.com\/imlauer-palais-mirabell\/wp-content\/uploads\/2025\/02\/besteck-glas-1.png\" width=\"100\" height=\"100\" alt=\"\" \/><\/div><h2 class=\"content-box-heading\" style=\"--h2_typography-font-size:20px;line-height:25px;\">Kulinarik<\/h2><\/a><\/div><\/div><\/div><div class=\"fusion-clearfix\"><\/div><\/div><\/div><\/div><div class=\"fusion-clearfix\"><\/div><\/div><\/div><\/div><\/div><div class=\"fusion-fullwidth fullwidth-box fusion-builder-row-3 hundred-percent-fullwidth non-hundred-percent-height-scrolling\" style=\"--awb-border-radius-top-left:0px;--awb-border-radius-top-right:0px;--awb-border-radius-bottom-right:0px;--awb-border-radius-bottom-left:0px;--awb-padding-top:4%;--awb-padding-right:6%;--awb-padding-bottom:3%;--awb-padding-left:6%;--awb-flex-wrap:wrap;\" id=\"faq_themen\" ><div class=\"fusion-builder-row fusion-row\"><div class=\"fusion-layout-column fusion_builder_column fusion-builder-column-3 fusion_builder_column_1_2 1_2 fusion-one-half fusion-column-first fusion-animated\" style=\"--awb-padding-top:5%;--awb-padding-right:11%;--awb-padding-bottom:5%;--awb-padding-left:11%;--awb-bg-color:#ffffff;--awb-bg-color-hover:#ffffff;--awb-bg-size:cover;--awb-margin-bottom:0px;width:50%;width:calc(50% - ( ( 0 ) * 0.5 ) );margin-right: 0px;\" data-animationType=\"fadeInLeft\" data-animationDuration=\"0.8\" data-animationOffset=\"top-into-view\" id=\"anreise\"><div class=\"fusion-column-wrapper fusion-column-has-shadow fusion-flex-column-wrapper-legacy\"><div class=\"fusion-content-boxes content-boxes columns row fusion-columns-1 fusion-columns-total-1 fusion-content-boxes-2 content-boxes-icon-on-top content-left\" style=\"--awb-backgroundcolor:#ffffff;--awb-body-color:#636362;--awb-title-color:#af9755;--awb-iconcolor:#008ab4;--awb-hover-accent-color:#af9755;--awb-circle-hover-accent-color:transparent;--awb-item-margin-bottom:40px;\" data-animationOffset=\"top-into-view\"><div style=\"--awb-backgroundcolor:#ffffff;--awb-iconcolor:#008ab4;\" class=\"fusion-column content-box-column content-box-column content-box-column-1 col-lg-12 col-md-12 col-sm-12 fusion-content-box-hover content-box-column-last content-box-column-last-in-row\"><div class=\"col content-box-wrapper content-wrapper-background link-area-link-icon icon-hover-animation-slide\" data-animationOffset=\"top-into-view\"><div class=\"heading heading-with-icon icon-left\"><div aria-hidden=\"true\" class=\"image\"><img decoding=\"async\" class=\"lazyload\" src=\"data:image\/svg+xml,%3Csvg%20xmlns%3D%27http%3A%2F%2Fwww.w3.org%2F2000%2Fsvg%27%20width%3D%27100%27%20height%3D%27100%27%20viewBox%3D%270%200%20100%20100%27%3E%3Crect%20width%3D%27100%27%20height%3D%27100%27%20fill-opacity%3D%220%22%2F%3E%3C%2Fsvg%3E\" data-orig-src=\"https:\/\/imlauer.com\/imlauer-palais-mirabell\/wp-content\/uploads\/2025\/02\/schluessel.png\" width=\"100\" height=\"100\" alt=\"\" \/><\/div><h2 class=\"content-box-heading\" style=\"--h2_typography-font-size:20px;line-height:25px;\">Anreise<\/h2><\/div><\/div><\/div><div class=\"fusion-clearfix\"><\/div><\/div><div class=\"accordian fusion-accordian\" style=\"--awb-border-size:1px;--awb-icon-size:13px;--awb-content-font-size:18px;--awb-icon-alignment:right;--awb-hover-color:#f9f9f9;--awb-border-color:#cccccc;--awb-background-color:#ffffff;--awb-divider-color:#e0dede;--awb-divider-hover-color:#e0dede;--awb-icon-color:#ffffff;--awb-title-color:#af9755;--awb-content-color:#747474;--awb-icon-box-color:#333333;--awb-toggle-hover-accent-color:#af9754;--awb-title-font-family:&quot;Bitter&quot;;--awb-title-font-weight:400;--awb-title-font-style:normal;--awb-content-font-family:&quot;Source Sans Pro&quot;;--awb-content-font-style:normal;--awb-content-font-weight:400;\"><div class=\"panel-group fusion-toggle-icon-right fusion-toggle-icon-boxed\" id=\"accordion-44-1\"><div class=\"fusion-panel panel-default panel-11be4972597a87acd fusion-toggle-has-divider\"><div class=\"panel-heading\"><h4 class=\"panel-title toggle\" id=\"toggle_11be4972597a87acd\"><a aria-expanded=\"false\" aria-controls=\"11be4972597a87acd\" role=\"button\" data-toggle=\"collapse\" data-parent=\"#accordion-44-1\" data-target=\"#11be4972597a87acd\" href=\"#11be4972597a87acd\"><span class=\"fusion-toggle-icon-wrapper\" aria-hidden=\"true\"><i class=\"fa-fusion-box active-icon awb-icon-minus\" aria-hidden=\"true\"><\/i><i class=\"fa-fusion-box inactive-icon awb-icon-plus\" aria-hidden=\"true\"><\/i><\/span><span class=\"fusion-toggle-heading\">Ab wann darf man das Zimmer beziehen, wie lauten die Check-In Zeiten?<\/span><\/a><\/h4><\/div><div id=\"11be4972597a87acd\" class=\"panel-collapse collapse \" aria-labelledby=\"toggle_11be4972597a87acd\"><div class=\"panel-body toggle-content fusion-clearfix\">\n<div class=\"fusion-text content\" style=\"text-align: right;\">\n<div class=\"fusion-text\">\n<p style=\"text-align: left;\">Die Zimmer stehen Ihnen am Anreisetag ab sp\u00e4testens 15.00 Uhr zur Verf\u00fcgung. Gerne informieren wir Sie per SMS, wenn Ihr Zimmer fr\u00fcher fertig sein sollte.<\/p>\n<p style=\"text-align: left;\">Am Abreisetag bitten wir Sie, das Zimmer bis sp\u00e4testens 11.00 Uhr zu verlassen und an der Rezeption auszuchecken. Unsere Rezeption ist 24 Stunden\/Tag f\u00fcr Sie besetzt.<\/p>\n<\/div>\n<\/div>\n<\/div><\/div><\/div><div class=\"fusion-panel panel-default panel-8db846622431fe067 fusion-toggle-has-divider\"><div class=\"panel-heading\"><h4 class=\"panel-title toggle\" id=\"toggle_8db846622431fe067\"><a aria-expanded=\"false\" aria-controls=\"8db846622431fe067\" role=\"button\" data-toggle=\"collapse\" data-parent=\"#accordion-44-1\" data-target=\"#8db846622431fe067\" href=\"#8db846622431fe067\"><span class=\"fusion-toggle-icon-wrapper\" aria-hidden=\"true\"><i class=\"fa-fusion-box active-icon awb-icon-minus\" aria-hidden=\"true\"><\/i><i class=\"fa-fusion-box inactive-icon awb-icon-plus\" aria-hidden=\"true\"><\/i><\/span><span class=\"fusion-toggle-heading\">Kann ich mein Gep\u00e4ck verwahren?<\/span><\/a><\/h4><\/div><div id=\"8db846622431fe067\" class=\"panel-collapse collapse \" aria-labelledby=\"toggle_8db846622431fe067\"><div class=\"panel-body toggle-content fusion-clearfix\">\n<div class=\"fusion-text content\" style=\"text-align: center;\">Gerne k\u00f6nnen Sie Ihr Gep\u00e4ck bei uns lagern, im Falle, dass Sie fr\u00fcher an- bzw. sp\u00e4ter abreisen.<\/div>\n<\/div><\/div><\/div><div class=\"fusion-panel panel-default panel-94d23c490018cf1c6 fusion-toggle-has-divider\"><div class=\"panel-heading\"><h4 class=\"panel-title toggle\" id=\"toggle_94d23c490018cf1c6\"><a aria-expanded=\"false\" aria-controls=\"94d23c490018cf1c6\" role=\"button\" data-toggle=\"collapse\" data-parent=\"#accordion-44-1\" data-target=\"#94d23c490018cf1c6\" href=\"#94d23c490018cf1c6\"><span class=\"fusion-toggle-icon-wrapper\" aria-hidden=\"true\"><i class=\"fa-fusion-box active-icon awb-icon-minus\" aria-hidden=\"true\"><\/i><i class=\"fa-fusion-box inactive-icon awb-icon-plus\" aria-hidden=\"true\"><\/i><\/span><span class=\"fusion-toggle-heading\">Ben\u00f6tige ich bei Anreise einen Reisepass?<\/span><\/a><\/h4><\/div><div id=\"94d23c490018cf1c6\" class=\"panel-collapse collapse \" aria-labelledby=\"toggle_94d23c490018cf1c6\"><div class=\"panel-body toggle-content fusion-clearfix\">\n<div class=\"fusion-text content\" style=\"text-align: left;\">\u00d6sterreichische G\u00e4ste sowie EU-B\u00fcrgerinnen ben\u00f6tigen einen Personalausweis oder Reisepass. Nicht EU-B\u00fcrgerinnen einen Reisepass.<\/div>\n<\/div><\/div><\/div><div class=\"fusion-panel panel-default panel-e7ceede7e7951dbff fusion-toggle-has-divider\"><div class=\"panel-heading\"><h4 class=\"panel-title toggle\" id=\"toggle_e7ceede7e7951dbff\"><a aria-expanded=\"false\" aria-controls=\"e7ceede7e7951dbff\" role=\"button\" data-toggle=\"collapse\" data-parent=\"#accordion-44-1\" data-target=\"#e7ceede7e7951dbff\" href=\"#e7ceede7e7951dbff\"><span class=\"fusion-toggle-icon-wrapper\" aria-hidden=\"true\"><i class=\"fa-fusion-box active-icon awb-icon-minus\" aria-hidden=\"true\"><\/i><i class=\"fa-fusion-box inactive-icon awb-icon-plus\" aria-hidden=\"true\"><\/i><\/span><span class=\"fusion-toggle-heading\">Gibt es Transfer-M\u00f6glichkeiten?<\/span><\/a><\/h4><\/div><div id=\"e7ceede7e7951dbff\" class=\"panel-collapse collapse \" aria-labelledby=\"toggle_e7ceede7e7951dbff\"><div class=\"panel-body toggle-content fusion-clearfix\">\n<div class=\"fusion-text content\" style=\"text-align: right;\">\n<div id=\"collapse-1-189\" class=\"panel-collapse collapse in\">\n<div class=\"panel-body toggle-content post-content\">\n<div class=\"fusion-fullwidth fullwidth-box nonhundred-percent-fullwidth non-hundred-percent-height-scrolling\">\n<div class=\"fusion-builder-row fusion-row \">\n<div class=\"fusion-layout-column fusion_builder_column fusion_builder_column_1_1 fusion-builder-column-7 fusion-one-full fusion-column-first fusion-column-last 1_1\">\n<div class=\"fusion-column-wrapper\" data-bg-url=\"\">\n<div class=\"fusion-text\">\n<p style=\"text-align: left;\">Gerne sind wir Ihnen bei der Organisation eines Transfers behilflich. Bitte wenden Sie sich f\u00fcr weitere Informationen an unser Team vom Hotel am Mirabellplatz.<\/p>\n<\/div>\n<div class=\"fusion-clearfix\" style=\"text-align: left;\"><\/div>\n<\/div>\n<\/div>\n<\/div>\n<\/div>\n<\/div>\n<\/div>\n<\/div>\n<\/div><\/div><\/div><div class=\"fusion-panel panel-default panel-9cb0f69f86a9e0c7f fusion-toggle-has-divider\" style=\"--awb-title-color:#af9755;--awb-content-color:#747474;\"><div class=\"panel-heading\"><h4 class=\"panel-title toggle\" id=\"toggle_9cb0f69f86a9e0c7f\"><a aria-expanded=\"false\" aria-controls=\"9cb0f69f86a9e0c7f\" role=\"button\" data-toggle=\"collapse\" data-parent=\"#accordion-44-1\" data-target=\"#9cb0f69f86a9e0c7f\" href=\"#9cb0f69f86a9e0c7f\"><span class=\"fusion-toggle-icon-wrapper\" aria-hidden=\"true\"><i class=\"fa-fusion-box active-icon awb-icon-minus\" aria-hidden=\"true\"><\/i><i class=\"fa-fusion-box inactive-icon awb-icon-plus\" aria-hidden=\"true\"><\/i><\/span><span class=\"fusion-toggle-heading\">Gibt es Parkm\u00f6glichkeiten am Hotel?<\/span><\/a><\/h4><\/div><div id=\"9cb0f69f86a9e0c7f\" class=\"panel-collapse collapse \" aria-labelledby=\"toggle_9cb0f69f86a9e0c7f\"><div class=\"panel-body toggle-content fusion-clearfix\">\n<p>Unseren G\u00e4sten steht die Mirabell-Congress-Garage gegen eine Geb\u00fchr zur Verf\u00fcgung. Es k\u00f6nnen keine Parkpl\u00e4tze reserviert werden.<br \/>\nBei unseren Rezeptionsmitarbeitern erhalten Sie ein Erm\u00e4\u00dfigungsticket, welches Sie VOR Ausfahrt aus der Garage am Automaten nachstecken m\u00fcssen.<br \/>\nDie Mirabell-Congress-Garage befindet sich nur 150 m, 2 Gehminuten, vom Hotel am Mirabellplatz entfernt. Weitere Informationen finden Sie <a href=\"https:\/\/imlauer.com\/imlauer-palais-mirabell\/lage-anreise\/\" target=\"_blank\" rel=\"noopener\">hier<\/a>.<\/p>\n<p>Wir bieten Ihnen 1 E-Ladestation an, bei welcher Sie um 0,45 \u20ac\/kWh laden k\u00f6nnen<strong>.\u00a0<\/strong>Die Parkgeb\u00fchr daf\u00fcr betr\u00e4gt \u20ac 26,00 f\u00fcr 24 Stunden. Die Reservierung der Ladestation ist nicht m\u00f6glich.<\/p>\n<\/div><\/div><\/div><\/div><\/div><div class=\"fusion-clearfix\"><\/div><\/div><\/div><div class=\"fusion-layout-column fusion_builder_column fusion-builder-column-4 fusion_builder_column_1_2 1_2 fusion-one-half fusion-column-last fusion-animated\" style=\"--awb-padding-top:5%;--awb-padding-right:11%;--awb-padding-bottom:5%;--awb-padding-left:11%;--awb-bg-color:#ffffff;--awb-bg-color-hover:#ffffff;--awb-bg-size:cover;--awb-margin-bottom:0px;width:50%;width:calc(50% - ( ( 0 ) * 0.5 ) );\" data-animationType=\"fadeInLeft\" data-animationDuration=\"0.8\" data-animationOffset=\"top-into-view\" id=\"abreise\"><div class=\"fusion-column-wrapper fusion-column-has-shadow fusion-flex-column-wrapper-legacy\"><div class=\"fusion-content-boxes content-boxes columns row fusion-columns-1 fusion-columns-total-1 fusion-content-boxes-3 content-boxes-icon-on-top content-left\" style=\"--awb-backgroundcolor:#ffffff;--awb-body-color:#636362;--awb-title-color:#af9755;--awb-iconcolor:#008ab4;--awb-hover-accent-color:#af9755;--awb-circle-hover-accent-color:transparent;--awb-item-margin-bottom:40px;\" data-animationOffset=\"top-into-view\"><div style=\"--awb-backgroundcolor:#ffffff;--awb-iconcolor:#008ab4;\" class=\"fusion-column content-box-column content-box-column content-box-column-1 col-lg-12 col-md-12 col-sm-12 fusion-content-box-hover content-box-column-last content-box-column-last-in-row\"><div class=\"col content-box-wrapper content-wrapper-background link-area-link-icon icon-hover-animation-slide\" data-animationOffset=\"top-into-view\"><div class=\"heading heading-with-icon icon-left\"><div aria-hidden=\"true\" class=\"image\"><img decoding=\"async\" class=\"lazyload\" src=\"data:image\/svg+xml,%3Csvg%20xmlns%3D%27http%3A%2F%2Fwww.w3.org%2F2000%2Fsvg%27%20width%3D%27100%27%20height%3D%27100%27%20viewBox%3D%270%200%20100%20100%27%3E%3Crect%20width%3D%27100%27%20height%3D%27100%27%20fill-opacity%3D%220%22%2F%3E%3C%2Fsvg%3E\" data-orig-src=\"https:\/\/imlauer.com\/imlauer-palais-mirabell\/wp-content\/uploads\/2025\/02\/wegweiser-1.png\" width=\"100\" height=\"100\" alt=\"\" \/><\/div><h2 class=\"content-box-heading\" style=\"--h2_typography-font-size:20px;line-height:25px;\">Abreise<\/h2><\/div><\/div><\/div><div class=\"fusion-clearfix\"><\/div><\/div><div class=\"accordian fusion-accordian\" style=\"--awb-border-size:1px;--awb-icon-size:13px;--awb-content-font-size:18px;--awb-icon-alignment:right;--awb-hover-color:#f9f9f9;--awb-border-color:#cccccc;--awb-background-color:#ffffff;--awb-divider-color:#e0dede;--awb-divider-hover-color:#e0dede;--awb-icon-color:#ffffff;--awb-title-color:#af9755;--awb-content-color:#747474;--awb-icon-box-color:#333333;--awb-toggle-hover-accent-color:#af9754;--awb-title-font-family:&quot;Bitter&quot;;--awb-title-font-weight:400;--awb-title-font-style:normal;--awb-content-font-family:&quot;Source Sans Pro&quot;;--awb-content-font-style:normal;--awb-content-font-weight:400;\"><div class=\"panel-group fusion-toggle-icon-right fusion-toggle-icon-boxed\" id=\"accordion-44-2\"><div class=\"fusion-panel panel-default panel-ea7cb7aba3cf8ff9f fusion-toggle-has-divider\"><div class=\"panel-heading\"><h4 class=\"panel-title toggle\" id=\"toggle_ea7cb7aba3cf8ff9f\"><a aria-expanded=\"false\" aria-controls=\"ea7cb7aba3cf8ff9f\" role=\"button\" data-toggle=\"collapse\" data-parent=\"#accordion-44-2\" data-target=\"#ea7cb7aba3cf8ff9f\" href=\"#ea7cb7aba3cf8ff9f\"><span class=\"fusion-toggle-icon-wrapper\" aria-hidden=\"true\"><i class=\"fa-fusion-box active-icon awb-icon-minus\" aria-hidden=\"true\"><\/i><i class=\"fa-fusion-box inactive-icon awb-icon-plus\" aria-hidden=\"true\"><\/i><\/span><span class=\"fusion-toggle-heading\">Welche Zahlungsarten akzeptiert das Hotel?<\/span><\/a><\/h4><\/div><div id=\"ea7cb7aba3cf8ff9f\" class=\"panel-collapse collapse \" aria-labelledby=\"toggle_ea7cb7aba3cf8ff9f\"><div class=\"panel-body toggle-content fusion-clearfix\">\n<p>Sie k\u00f6nnen Ihre Rechnung gerne Bar, mittels EC \/ Bankomat, VISA, MasterCard, AMEX, Diners oder JCB begleichen.<\/p>\n<\/div><\/div><\/div><div class=\"fusion-panel panel-default panel-907a52045877ad8ac fusion-toggle-has-divider\"><div class=\"panel-heading\"><h4 class=\"panel-title toggle\" id=\"toggle_907a52045877ad8ac\"><a aria-expanded=\"false\" aria-controls=\"907a52045877ad8ac\" role=\"button\" data-toggle=\"collapse\" data-parent=\"#accordion-44-2\" data-target=\"#907a52045877ad8ac\" href=\"#907a52045877ad8ac\"><span class=\"fusion-toggle-icon-wrapper\" aria-hidden=\"true\"><i class=\"fa-fusion-box active-icon awb-icon-minus\" aria-hidden=\"true\"><\/i><i class=\"fa-fusion-box inactive-icon awb-icon-plus\" aria-hidden=\"true\"><\/i><\/span><span class=\"fusion-toggle-heading\">Wann ist Check-out Zeit, zu welcher Zeit muss das Zimmer sp\u00e4testens ger\u00e4umt sein?<\/span><\/a><\/h4><\/div><div id=\"907a52045877ad8ac\" class=\"panel-collapse collapse \" aria-labelledby=\"toggle_907a52045877ad8ac\"><div class=\"panel-body toggle-content fusion-clearfix\">\n<p>Die Zimmer stehen Ihnen am Anreisetag ab sp\u00e4testens 15.00 Uhr zur Verf\u00fcgung. Gerne informieren wir Sie per SMS, wenn Ihr Zimmer fr\u00fcher fertig sein sollte.<\/p>\n<p>Am Abreisetag bitten wir Sie, das Zimmer bis sp\u00e4testens 11.00 Uhr zu verlassen und an der Rezeption auszuchecken. Unsere Rezeption ist 24 Stunden\/Tag f\u00fcr Sie besetzt.<\/p>\n<\/div><\/div><\/div><div class=\"fusion-panel panel-default panel-003e5bc7396b2c4c7 fusion-toggle-has-divider\" style=\"--awb-title-color:#af9755;--awb-content-color:#747474;\"><div class=\"panel-heading\"><h4 class=\"panel-title toggle\" id=\"toggle_003e5bc7396b2c4c7\"><a aria-expanded=\"false\" aria-controls=\"003e5bc7396b2c4c7\" role=\"button\" data-toggle=\"collapse\" data-parent=\"#accordion-44-2\" data-target=\"#003e5bc7396b2c4c7\" href=\"#003e5bc7396b2c4c7\"><span class=\"fusion-toggle-icon-wrapper\" aria-hidden=\"true\"><i class=\"fa-fusion-box active-icon awb-icon-minus\" aria-hidden=\"true\"><\/i><i class=\"fa-fusion-box inactive-icon awb-icon-plus\" aria-hidden=\"true\"><\/i><\/span><span class=\"fusion-toggle-heading\">Gibt es die M\u00f6glichkeit f\u00fcr Late-Checkout?<\/span><\/a><\/h4><\/div><div id=\"003e5bc7396b2c4c7\" class=\"panel-collapse collapse \" aria-labelledby=\"toggle_003e5bc7396b2c4c7\"><div class=\"panel-body toggle-content fusion-clearfix\">\n<p>Die Zimmer stehen Ihnen am Abreisetag bis 11.00 Uhr zur Verf\u00fcgung. Eine Sp\u00e4tabreise ist gerne nach Verf\u00fcgbarkeit gegen Aufpreis m\u00f6glich.<\/p>\n<\/div><\/div><\/div><div class=\"fusion-panel panel-default panel-cee24ab92bfe5a6a7 fusion-toggle-has-divider\"><div class=\"panel-heading\"><h4 class=\"panel-title toggle\" id=\"toggle_cee24ab92bfe5a6a7\"><a aria-expanded=\"false\" aria-controls=\"cee24ab92bfe5a6a7\" role=\"button\" data-toggle=\"collapse\" data-parent=\"#accordion-44-2\" data-target=\"#cee24ab92bfe5a6a7\" href=\"#cee24ab92bfe5a6a7\"><span class=\"fusion-toggle-icon-wrapper\" aria-hidden=\"true\"><i class=\"fa-fusion-box active-icon awb-icon-minus\" aria-hidden=\"true\"><\/i><i class=\"fa-fusion-box inactive-icon awb-icon-plus\" aria-hidden=\"true\"><\/i><\/span><span class=\"fusion-toggle-heading\">Kann ich mein Gep\u00e4ck verwahren?<\/span><\/a><\/h4><\/div><div id=\"cee24ab92bfe5a6a7\" class=\"panel-collapse collapse \" aria-labelledby=\"toggle_cee24ab92bfe5a6a7\"><div class=\"panel-body toggle-content fusion-clearfix\">\n<p>Gerne k\u00f6nnen Sie Ihr Gep\u00e4ck bei uns lagern, im Falle, dass Sie fr\u00fcher an- bzw. sp\u00e4ter abreisen.<\/p>\n<\/div><\/div><\/div><div class=\"fusion-panel panel-default panel-2588e1216de34ebf7 fusion-toggle-has-divider\"><div class=\"panel-heading\"><h4 class=\"panel-title toggle\" id=\"toggle_2588e1216de34ebf7\"><a aria-expanded=\"false\" aria-controls=\"2588e1216de34ebf7\" role=\"button\" data-toggle=\"collapse\" data-parent=\"#accordion-44-2\" data-target=\"#2588e1216de34ebf7\" href=\"#2588e1216de34ebf7\"><span class=\"fusion-toggle-icon-wrapper\" aria-hidden=\"true\"><i class=\"fa-fusion-box active-icon awb-icon-minus\" aria-hidden=\"true\"><\/i><i class=\"fa-fusion-box inactive-icon awb-icon-plus\" aria-hidden=\"true\"><\/i><\/span><span class=\"fusion-toggle-heading\">Gibt es Transfer-M\u00f6glichkeiten?<\/span><\/a><\/h4><\/div><div id=\"2588e1216de34ebf7\" class=\"panel-collapse collapse \" aria-labelledby=\"toggle_2588e1216de34ebf7\"><div class=\"panel-body toggle-content fusion-clearfix\">Gerne sind wir Ihnen bei der Organisation eines Transfers behilflich. Bitte wenden Sie sich f\u00fcr weitere Informationen an unser Team vom Hotel am Mirabellplatz.<\/div><\/div><\/div><\/div><\/div><div class=\"fusion-clearfix\"><\/div><\/div><\/div><div class=\"fusion-layout-column fusion_builder_column fusion-builder-column-5 fusion_builder_column_1_2 1_2 fusion-one-half fusion-column-first fusion-animated\" style=\"--awb-padding-top:5%;--awb-padding-right:11%;--awb-padding-bottom:5%;--awb-padding-left:11%;--awb-bg-color:#ffffff;--awb-bg-color-hover:#ffffff;--awb-bg-size:cover;--awb-margin-bottom:0px;width:50%;width:calc(50% - ( ( 0 ) * 0.5 ) );margin-right: 0px;\" data-animationType=\"fadeInLeft\" data-animationDuration=\"0.8\" data-animationOffset=\"top-into-view\" id=\"hotel\"><div class=\"fusion-column-wrapper fusion-column-has-shadow fusion-flex-column-wrapper-legacy\"><div class=\"fusion-content-boxes content-boxes columns row fusion-columns-1 fusion-columns-total-1 fusion-content-boxes-4 content-boxes-icon-on-top content-left\" style=\"--awb-backgroundcolor:#ffffff;--awb-body-color:#636362;--awb-title-color:#af9755;--awb-iconcolor:#008ab4;--awb-hover-accent-color:#af9755;--awb-circle-hover-accent-color:transparent;--awb-item-margin-bottom:40px;\" data-animationOffset=\"top-into-view\"><div style=\"--awb-backgroundcolor:#ffffff;--awb-iconcolor:#008ab4;\" class=\"fusion-column content-box-column content-box-column content-box-column-1 col-lg-12 col-md-12 col-sm-12 fusion-content-box-hover content-box-column-last content-box-column-last-in-row\"><div class=\"col content-box-wrapper content-wrapper-background link-area-link-icon icon-hover-animation-slide\" data-animationOffset=\"top-into-view\"><div class=\"heading heading-with-icon icon-left\"><div aria-hidden=\"true\" class=\"image\"><img decoding=\"async\" class=\"lazyload\" src=\"data:image\/svg+xml,%3Csvg%20xmlns%3D%27http%3A%2F%2Fwww.w3.org%2F2000%2Fsvg%27%20width%3D%27100%27%20height%3D%27100%27%20viewBox%3D%270%200%20100%20100%27%3E%3Crect%20width%3D%27100%27%20height%3D%27100%27%20fill-opacity%3D%220%22%2F%3E%3C%2Fsvg%3E\" data-orig-src=\"https:\/\/imlauer.com\/imlauer-palais-mirabell\/wp-content\/uploads\/2025\/02\/HotelIcon.png\" width=\"100\" height=\"100\" alt=\"\" \/><\/div><h2 class=\"content-box-heading\" style=\"--h2_typography-font-size:20px;line-height:25px;\">im Hotel<\/h2><\/div><\/div><\/div><div class=\"fusion-clearfix\"><\/div><\/div><div class=\"accordian fusion-accordian\" style=\"--awb-border-size:1px;--awb-icon-size:13px;--awb-content-font-size:18px;--awb-icon-alignment:right;--awb-hover-color:#f9f9f9;--awb-border-color:#cccccc;--awb-background-color:#ffffff;--awb-divider-color:#e0dede;--awb-divider-hover-color:#e0dede;--awb-icon-color:#ffffff;--awb-title-color:#af9755;--awb-content-color:#747474;--awb-icon-box-color:#333333;--awb-toggle-hover-accent-color:#af9754;--awb-title-font-family:&quot;Bitter&quot;;--awb-title-font-weight:400;--awb-title-font-style:normal;--awb-content-font-family:&quot;Source Sans Pro&quot;;--awb-content-font-style:normal;--awb-content-font-weight:400;\"><div class=\"panel-group fusion-toggle-icon-right fusion-toggle-icon-boxed\" id=\"accordion-44-3\"><div class=\"fusion-panel panel-default panel-a544866c97f098554 fusion-toggle-has-divider\"><div class=\"panel-heading\"><h4 class=\"panel-title toggle\" id=\"toggle_a544866c97f098554\"><a aria-expanded=\"false\" aria-controls=\"a544866c97f098554\" role=\"button\" data-toggle=\"collapse\" data-parent=\"#accordion-44-3\" data-target=\"#a544866c97f098554\" href=\"#a544866c97f098554\"><span class=\"fusion-toggle-icon-wrapper\" aria-hidden=\"true\"><i class=\"fa-fusion-box active-icon awb-icon-minus\" aria-hidden=\"true\"><\/i><i class=\"fa-fusion-box inactive-icon awb-icon-plus\" aria-hidden=\"true\"><\/i><\/span><span class=\"fusion-toggle-heading\">Wie lange ist die Rezeption ge\u00f6ffnet?<\/span><\/a><\/h4><\/div><div id=\"a544866c97f098554\" class=\"panel-collapse collapse \" aria-labelledby=\"toggle_a544866c97f098554\"><div class=\"panel-body toggle-content fusion-clearfix\">\n<div class=\"fusion-text content\" style=\"text-align: left;\">Die Rezeption ist 24 Stunden ge\u00f6ffnet<\/div>\n<\/div><\/div><\/div><div class=\"fusion-panel panel-default panel-ee80cabfa3c99fbf5 fusion-toggle-has-divider\" style=\"--awb-title-color:#af9755;--awb-content-color:#747474;\"><div class=\"panel-heading\"><h4 class=\"panel-title toggle\" id=\"toggle_ee80cabfa3c99fbf5\"><a aria-expanded=\"false\" aria-controls=\"ee80cabfa3c99fbf5\" role=\"button\" data-toggle=\"collapse\" data-parent=\"#accordion-44-3\" data-target=\"#ee80cabfa3c99fbf5\" href=\"#ee80cabfa3c99fbf5\"><span class=\"fusion-toggle-icon-wrapper\" aria-hidden=\"true\"><i class=\"fa-fusion-box active-icon awb-icon-minus\" aria-hidden=\"true\"><\/i><i class=\"fa-fusion-box inactive-icon awb-icon-plus\" aria-hidden=\"true\"><\/i><\/span><span class=\"fusion-toggle-heading\">Gibt es Parkm\u00f6glichkeiten am Hotel?<\/span><\/a><\/h4><\/div><div id=\"ee80cabfa3c99fbf5\" class=\"panel-collapse collapse \" aria-labelledby=\"toggle_ee80cabfa3c99fbf5\"><div class=\"panel-body toggle-content fusion-clearfix\">\n<p>Unseren G\u00e4sten steht die Mirabell-Congress-Garage gegen eine Geb\u00fchr zur Verf\u00fcgung. Es k\u00f6nnen keine Parkpl\u00e4tze reserviert werden.<br \/>\nBei unseren Rezeptionsmitarbeitern erhalten Sie ein Erm\u00e4\u00dfigungsticket, welches Sie VOR Ausfahrt aus der Garage am Automaten nachstecken m\u00fcssen.<br \/>\nDie Mirabell-Congress-Garage befindet sich nur 150 m, 2 Gehminuten, vom Hotel am Mirabellplatz entfernt. Weitere Informationen finden Sie <a href=\"https:\/\/imlauer.com\/imlauer-palais-mirabell\/lage-anreise\/\" target=\"_blank\" rel=\"noopener\">hier<\/a>.<\/p>\n<p>Wir bieten Ihnen 1 E-Ladestation an, bei welcher Sie um 0,45 \u20ac\/kWh laden k\u00f6nnen<strong>.\u00a0<\/strong>Die Parkgeb\u00fchr daf\u00fcr betr\u00e4gt \u20ac 26,00 f\u00fcr 24 Stunden. Die Reservierung der Ladestation ist nicht m\u00f6glich.<\/p>\n<\/div><\/div><\/div><div class=\"fusion-panel panel-default panel-664e2a58c1b036654 fusion-toggle-has-divider\" style=\"--awb-title-color:#af9755;--awb-content-color:#747474;\"><div class=\"panel-heading\"><h4 class=\"panel-title toggle\" id=\"toggle_664e2a58c1b036654\"><a aria-expanded=\"false\" aria-controls=\"664e2a58c1b036654\" role=\"button\" data-toggle=\"collapse\" data-parent=\"#accordion-44-3\" data-target=\"#664e2a58c1b036654\" href=\"#664e2a58c1b036654\"><span class=\"fusion-toggle-icon-wrapper\" aria-hidden=\"true\"><i class=\"fa-fusion-box active-icon awb-icon-minus\" aria-hidden=\"true\"><\/i><i class=\"fa-fusion-box inactive-icon awb-icon-plus\" aria-hidden=\"true\"><\/i><\/span><span class=\"fusion-toggle-heading\">Gibt es eine E-Ladestation beim Hotel?<\/span><\/a><\/h4><\/div><div id=\"664e2a58c1b036654\" class=\"panel-collapse collapse \" aria-labelledby=\"toggle_664e2a58c1b036654\"><div class=\"panel-body toggle-content fusion-clearfix\">\n<p>Wir bieten Ihnen 1 E-Ladestation an, bei welcher Sie um 0,45 \u20ac\/kWh laden k\u00f6nnen<strong>.\u00a0<\/strong>Die Parkgeb\u00fchr daf\u00fcr betr\u00e4gt \u20ac 26,00 f\u00fcr 24 Stunden. Die Reservierung der Ladestation ist nicht m\u00f6glich.<\/p>\n<\/div><\/div><\/div><div class=\"fusion-panel panel-default panel-5cb5a3de23589e59b fusion-toggle-has-divider\" style=\"--awb-title-color:#af9755;--awb-content-color:#747474;\"><div class=\"panel-heading\"><h4 class=\"panel-title toggle\" id=\"toggle_5cb5a3de23589e59b\"><a aria-expanded=\"false\" aria-controls=\"5cb5a3de23589e59b\" role=\"button\" data-toggle=\"collapse\" data-parent=\"#accordion-44-3\" data-target=\"#5cb5a3de23589e59b\" href=\"#5cb5a3de23589e59b\"><span class=\"fusion-toggle-icon-wrapper\" aria-hidden=\"true\"><i class=\"fa-fusion-box active-icon awb-icon-minus\" aria-hidden=\"true\"><\/i><i class=\"fa-fusion-box inactive-icon awb-icon-plus\" aria-hidden=\"true\"><\/i><\/span><span class=\"fusion-toggle-heading\">Ist W-LAN im Hotel kostenfrei?<\/span><\/a><\/h4><\/div><div id=\"5cb5a3de23589e59b\" class=\"panel-collapse collapse \" aria-labelledby=\"toggle_5cb5a3de23589e59b\"><div class=\"panel-body toggle-content fusion-clearfix\">\n<div class=\"fusion-text content\" style=\"text-align: right;\">\n<p style=\"text-align: left;\">WLAN steht unseren G\u00e4sten im gesamten Hotel und allen Zimmern kostenfrei zur Verf\u00fcgung.<\/p>\n<\/div>\n<\/div><\/div><\/div><div class=\"fusion-panel panel-default panel-6d9ecaab01b25e79e fusion-toggle-has-divider\"><div class=\"panel-heading\"><h4 class=\"panel-title toggle\" id=\"toggle_6d9ecaab01b25e79e\"><a aria-expanded=\"false\" aria-controls=\"6d9ecaab01b25e79e\" role=\"button\" data-toggle=\"collapse\" data-parent=\"#accordion-44-3\" data-target=\"#6d9ecaab01b25e79e\" href=\"#6d9ecaab01b25e79e\"><span class=\"fusion-toggle-icon-wrapper\" aria-hidden=\"true\"><i class=\"fa-fusion-box active-icon awb-icon-minus\" aria-hidden=\"true\"><\/i><i class=\"fa-fusion-box inactive-icon awb-icon-plus\" aria-hidden=\"true\"><\/i><\/span><span class=\"fusion-toggle-heading\">Ist das Rauchen im Hotel erlaubt?<\/span><\/a><\/h4><\/div><div id=\"6d9ecaab01b25e79e\" class=\"panel-collapse collapse \" aria-labelledby=\"toggle_6d9ecaab01b25e79e\"><div class=\"panel-body toggle-content fusion-clearfix\">Unser gesamtes Hotel ist ein Nichtraucherhotel. Das Rauchen ist nur vor dem Eingangsbereich gestattet.<\/div><\/div><\/div><div class=\"fusion-panel panel-default panel-5ac9bf00796fbd61b fusion-toggle-has-divider\" style=\"--awb-title-color:#af9755;--awb-content-color:#747474;\"><div class=\"panel-heading\"><h4 class=\"panel-title toggle\" id=\"toggle_5ac9bf00796fbd61b\"><a aria-expanded=\"false\" aria-controls=\"5ac9bf00796fbd61b\" role=\"button\" data-toggle=\"collapse\" data-parent=\"#accordion-44-3\" data-target=\"#5ac9bf00796fbd61b\" href=\"#5ac9bf00796fbd61b\"><span class=\"fusion-toggle-icon-wrapper\" aria-hidden=\"true\"><i class=\"fa-fusion-box active-icon awb-icon-minus\" aria-hidden=\"true\"><\/i><i class=\"fa-fusion-box inactive-icon awb-icon-plus\" aria-hidden=\"true\"><\/i><\/span><span class=\"fusion-toggle-heading\">Sind Hunde im Hotel erlaubt?<\/span><\/a><\/h4><\/div><div id=\"5ac9bf00796fbd61b\" class=\"panel-collapse collapse \" aria-labelledby=\"toggle_5ac9bf00796fbd61b\"><div class=\"panel-body toggle-content fusion-clearfix\">\n<p>Hunde sind bei uns ebenfalls herzlich willkommen. Der Aufpreis betr\u00e4gt \u20ac 25,00 pro Hund und Tag.<\/p>\n<\/div><\/div><\/div><div class=\"fusion-panel panel-default panel-c8a481f74dee83f3b fusion-toggle-has-divider\"><div class=\"panel-heading\"><h4 class=\"panel-title toggle\" id=\"toggle_c8a481f74dee83f3b\"><a aria-expanded=\"false\" aria-controls=\"c8a481f74dee83f3b\" role=\"button\" data-toggle=\"collapse\" data-parent=\"#accordion-44-3\" data-target=\"#c8a481f74dee83f3b\" href=\"#c8a481f74dee83f3b\"><span class=\"fusion-toggle-icon-wrapper\" aria-hidden=\"true\"><i class=\"fa-fusion-box active-icon awb-icon-minus\" aria-hidden=\"true\"><\/i><i class=\"fa-fusion-box inactive-icon awb-icon-plus\" aria-hidden=\"true\"><\/i><\/span><span class=\"fusion-toggle-heading\">Gibt es eine Klimaanlage?<\/span><\/a><\/h4><\/div><div id=\"c8a481f74dee83f3b\" class=\"panel-collapse collapse \" aria-labelledby=\"toggle_c8a481f74dee83f3b\"><div class=\"panel-body toggle-content fusion-clearfix\">Das komplette Hotel ist seit Juli 2019 voll klimatisiert<\/div><\/div><\/div><div class=\"fusion-panel panel-default panel-0ac9288b3aa6157ad fusion-toggle-has-divider\" style=\"--awb-title-color:#af9755;--awb-content-color:#747474;\"><div class=\"panel-heading\"><h4 class=\"panel-title toggle\" id=\"toggle_0ac9288b3aa6157ad\"><a aria-expanded=\"false\" aria-controls=\"0ac9288b3aa6157ad\" role=\"button\" data-toggle=\"collapse\" data-parent=\"#accordion-44-3\" data-target=\"#0ac9288b3aa6157ad\" href=\"#0ac9288b3aa6157ad\"><span class=\"fusion-toggle-icon-wrapper\" aria-hidden=\"true\"><i class=\"fa-fusion-box active-icon awb-icon-minus\" aria-hidden=\"true\"><\/i><i class=\"fa-fusion-box inactive-icon awb-icon-plus\" aria-hidden=\"true\"><\/i><\/span><span class=\"fusion-toggle-heading\">Ist das Fr\u00fchst\u00fcck im Preis inbegriffen?<\/span><\/a><\/h4><\/div><div id=\"0ac9288b3aa6157ad\" class=\"panel-collapse collapse \" aria-labelledby=\"toggle_0ac9288b3aa6157ad\"><div class=\"panel-body toggle-content fusion-clearfix\">\n<p>Bitte pr\u00fcfen Sie hierzu Ihre Reservierungsbest\u00e4tigung. Sollte das Fr\u00fchst\u00fcck noch nicht inkludiert sein, kann dies gerne dazugebucht werden.<\/p>\n<\/div><\/div><\/div><div class=\"fusion-panel panel-default panel-83fc9a90d7194ffaf fusion-toggle-has-divider\" style=\"--awb-title-color:#af9755;--awb-content-color:#747474;\"><div class=\"panel-heading\"><h4 class=\"panel-title toggle\" id=\"toggle_83fc9a90d7194ffaf\"><a aria-expanded=\"false\" aria-controls=\"83fc9a90d7194ffaf\" role=\"button\" data-toggle=\"collapse\" data-parent=\"#accordion-44-3\" data-target=\"#83fc9a90d7194ffaf\" href=\"#83fc9a90d7194ffaf\"><span class=\"fusion-toggle-icon-wrapper\" aria-hidden=\"true\"><i class=\"fa-fusion-box active-icon awb-icon-minus\" aria-hidden=\"true\"><\/i><i class=\"fa-fusion-box inactive-icon awb-icon-plus\" aria-hidden=\"true\"><\/i><\/span><span class=\"fusion-toggle-heading\">Wann gibt es Fr\u00fchst\u00fcck?<\/span><\/a><\/h4><\/div><div id=\"83fc9a90d7194ffaf\" class=\"panel-collapse collapse \" aria-labelledby=\"toggle_83fc9a90d7194ffaf\"><div class=\"panel-body toggle-content fusion-clearfix\">\n<p>Fr\u00fchst\u00fcck gibt es bei uns t\u00e4glich von 7.00 \u2013 10.30 Uhr. Am Wochenende und an Feiertagen ist das Fr\u00fchst\u00fccksbuffet von 07.00 \u2013 11.00 Uhr verf\u00fcgbar<\/p>\n<\/div><\/div><\/div><div class=\"fusion-panel panel-default panel-502a7c60ad16018de fusion-toggle-has-divider\"><div class=\"panel-heading\"><h4 class=\"panel-title toggle\" id=\"toggle_502a7c60ad16018de\"><a aria-expanded=\"false\" aria-controls=\"502a7c60ad16018de\" role=\"button\" data-toggle=\"collapse\" data-parent=\"#accordion-44-3\" data-target=\"#502a7c60ad16018de\" href=\"#502a7c60ad16018de\"><span class=\"fusion-toggle-icon-wrapper\" aria-hidden=\"true\"><i class=\"fa-fusion-box active-icon awb-icon-minus\" aria-hidden=\"true\"><\/i><i class=\"fa-fusion-box inactive-icon awb-icon-plus\" aria-hidden=\"true\"><\/i><\/span><span class=\"fusion-toggle-heading\">Gibt es eine Minibar im Zimmer?<\/span><\/a><\/h4><\/div><div id=\"502a7c60ad16018de\" class=\"panel-collapse collapse \" aria-labelledby=\"toggle_502a7c60ad16018de\"><div class=\"panel-body toggle-content fusion-clearfix\">Ja, jedes Zimmer verf\u00fcgt \u00fcber eine Minibar. Diese ist kostenpflichtig.<\/div><\/div><\/div><\/div><\/div><div class=\"fusion-clearfix\"><\/div><\/div><\/div><div class=\"fusion-layout-column fusion_builder_column fusion-builder-column-6 fusion_builder_column_1_2 1_2 fusion-one-half fusion-column-last fusion-animated\" style=\"--awb-padding-top:5%;--awb-padding-right:11%;--awb-padding-bottom:5%;--awb-padding-left:11%;--awb-bg-color:#ffffff;--awb-bg-color-hover:#ffffff;--awb-bg-size:cover;--awb-margin-bottom:0px;width:50%;width:calc(50% - ( ( 0 ) * 0.5 ) );\" data-animationType=\"fadeInLeft\" data-animationDuration=\"0.8\" data-animationOffset=\"top-into-view\" id=\"naehe\"><div class=\"fusion-column-wrapper fusion-column-has-shadow fusion-flex-column-wrapper-legacy\"><div class=\"fusion-content-boxes content-boxes columns row fusion-columns-1 fusion-columns-total-1 fusion-content-boxes-5 content-boxes-icon-on-top content-left\" style=\"--awb-backgroundcolor:#ffffff;--awb-body-color:#636362;--awb-title-color:#af9755;--awb-iconcolor:#008ab4;--awb-hover-accent-color:#af9755;--awb-circle-hover-accent-color:transparent;--awb-item-margin-bottom:40px;\" data-animationOffset=\"top-into-view\"><div style=\"--awb-backgroundcolor:#ffffff;--awb-iconcolor:#008ab4;\" class=\"fusion-column content-box-column content-box-column content-box-column-1 col-lg-12 col-md-12 col-sm-12 fusion-content-box-hover content-box-column-last content-box-column-last-in-row\"><div class=\"col content-box-wrapper content-wrapper-background link-area-link-icon icon-hover-animation-slide\" data-animationOffset=\"top-into-view\"><div class=\"heading heading-with-icon icon-left\"><div aria-hidden=\"true\" class=\"image\"><img decoding=\"async\" class=\"lazyload\" src=\"data:image\/svg+xml,%3Csvg%20xmlns%3D%27http%3A%2F%2Fwww.w3.org%2F2000%2Fsvg%27%20width%3D%27100%27%20height%3D%27100%27%20viewBox%3D%270%200%20100%20100%27%3E%3Crect%20width%3D%27100%27%20height%3D%27100%27%20fill-opacity%3D%220%22%2F%3E%3C%2Fsvg%3E\" data-orig-src=\"https:\/\/imlauer.com\/imlauer-palais-mirabell\/wp-content\/uploads\/2025\/02\/imlauernearby.png\" width=\"100\" height=\"100\" alt=\"\" \/><\/div><h2 class=\"content-box-heading\" style=\"--h2_typography-font-size:20px;line-height:25px;\">in der N\u00e4he vom Hotel<\/h2><\/div><\/div><\/div><div class=\"fusion-clearfix\"><\/div><\/div><div class=\"accordian fusion-accordian\" style=\"--awb-border-size:1px;--awb-icon-size:13px;--awb-content-font-size:18px;--awb-icon-alignment:left;--awb-hover-color:#f9f9f9;--awb-border-color:#cccccc;--awb-background-color:#ffffff;--awb-divider-color:#e0dede;--awb-divider-hover-color:#e0dede;--awb-icon-color:#ffffff;--awb-title-color:#af9755;--awb-content-color:#747474;--awb-icon-box-color:#333333;--awb-toggle-hover-accent-color:#af9754;--awb-title-font-family:&quot;Bitter&quot;;--awb-title-font-weight:400;--awb-title-font-style:normal;--awb-content-font-family:&quot;Source Sans Pro&quot;;--awb-content-font-style:normal;--awb-content-font-weight:400;\"><div class=\"panel-group fusion-toggle-icon-boxed\" id=\"accordion-44-4\"><div class=\"fusion-panel panel-default panel-db9733282818dbb09 fusion-toggle-has-divider\" style=\"--awb-title-color:#af9755;--awb-content-color:#747474;\"><div class=\"panel-heading\"><h4 class=\"panel-title toggle\" id=\"toggle_db9733282818dbb09\"><a aria-expanded=\"false\" aria-controls=\"db9733282818dbb09\" role=\"button\" data-toggle=\"collapse\" data-parent=\"#accordion-44-4\" data-target=\"#db9733282818dbb09\" href=\"#db9733282818dbb09\"><span class=\"fusion-toggle-icon-wrapper\" aria-hidden=\"true\"><i class=\"fa-fusion-box active-icon awb-icon-minus\" aria-hidden=\"true\"><\/i><i class=\"fa-fusion-box inactive-icon awb-icon-plus\" aria-hidden=\"true\"><\/i><\/span><span class=\"fusion-toggle-heading\">Gibt es Parkm\u00f6glichkeiten am Hotel?<\/span><\/a><\/h4><\/div><div id=\"db9733282818dbb09\" class=\"panel-collapse collapse \" aria-labelledby=\"toggle_db9733282818dbb09\"><div class=\"panel-body toggle-content fusion-clearfix\">\n<p>Unseren G\u00e4sten steht die Mirabell-Congress-Garage gegen eine Geb\u00fchr zur Verf\u00fcgung. Es k\u00f6nnen keine Parkpl\u00e4tze reserviert werden.<br \/>\nBei unseren Rezeptionsmitarbeitern erhalten Sie ein <strong>Erm\u00e4\u00dfigungsticket<\/strong>, welches Sie <strong>VOR Ausfahrt aus der Garage<\/strong> am Automaten nachstecken m\u00fcssen.<br \/>\nDie Mirabell-Congress-Garage befindet sich nur 150 m, 2 Gehminuten, vom Hotel am Mirabellplatz entfernt. Weitere Informationen finden Sie <a href=\"https:\/\/imlauer.com\/imlauer-palais-mirabell\/lage-anreise\/\" target=\"_blank\" rel=\"noopener\">hier<\/a>.<\/p>\n<p>Wir bieten Ihnen 1 E-Ladestation an, bei welcher Sie um 0,45 \u20ac\/kWh laden k\u00f6nnen<strong>.\u00a0<\/strong>Die Parkgeb\u00fchr daf\u00fcr betr\u00e4gt \u20ac 26,00 f\u00fcr 24 Stunden. Die Reservierung der Ladestation ist nicht m\u00f6glich.<\/p>\n<\/div><\/div><\/div><div class=\"fusion-panel panel-default panel-dea72247adaaa4e0e fusion-toggle-has-divider\"><div class=\"panel-heading\"><h4 class=\"panel-title toggle\" id=\"toggle_dea72247adaaa4e0e\"><a aria-expanded=\"false\" aria-controls=\"dea72247adaaa4e0e\" role=\"button\" data-toggle=\"collapse\" data-parent=\"#accordion-44-4\" data-target=\"#dea72247adaaa4e0e\" href=\"#dea72247adaaa4e0e\"><span class=\"fusion-toggle-icon-wrapper\" aria-hidden=\"true\"><i class=\"fa-fusion-box active-icon awb-icon-minus\" aria-hidden=\"true\"><\/i><i class=\"fa-fusion-box inactive-icon awb-icon-plus\" aria-hidden=\"true\"><\/i><\/span><span class=\"fusion-toggle-heading\">Gibt es Einkaufsm\u00f6glichkeiten in der Umgebung?<\/span><\/a><\/h4><\/div><div id=\"dea72247adaaa4e0e\" class=\"panel-collapse collapse \" aria-labelledby=\"toggle_dea72247adaaa4e0e\"><div class=\"panel-body toggle-content fusion-clearfix\">Gesch\u00e4fte des t\u00e4glichen Bedarfs finden Sie in unmittelbarer N\u00e4he zum Hotel. Die n\u00e4chste Apotheke befindet sich direkt um die Ecke am Mirabellplatz. In der \u201eLinzer Gasse\u201c, welche nur 4 Gehminuten vom Hotel entfernt ist, befinden sich zahlreiche Gesch\u00e4fte und Boutiquen. Die ber\u00fchmteste Salzburger Einkaufsstra\u00dfe, die \u201eGetreidegasse\u201c ist knapp 10 Gehminuten vom Hotel am Mirabellplatz entfernt.<\/div><\/div><\/div><div class=\"fusion-panel panel-default panel-031958fb332838961 fusion-toggle-has-divider\"><div class=\"panel-heading\"><h4 class=\"panel-title toggle\" id=\"toggle_031958fb332838961\"><a aria-expanded=\"false\" aria-controls=\"031958fb332838961\" role=\"button\" data-toggle=\"collapse\" data-parent=\"#accordion-44-4\" data-target=\"#031958fb332838961\" href=\"#031958fb332838961\"><span class=\"fusion-toggle-icon-wrapper\" aria-hidden=\"true\"><i class=\"fa-fusion-box active-icon awb-icon-minus\" aria-hidden=\"true\"><\/i><i class=\"fa-fusion-box inactive-icon awb-icon-plus\" aria-hidden=\"true\"><\/i><\/span><span class=\"fusion-toggle-heading\">Wie weit ist es zur Altstadt?<\/span><\/a><\/h4><\/div><div id=\"031958fb332838961\" class=\"panel-collapse collapse \" aria-labelledby=\"toggle_031958fb332838961\"><div class=\"panel-body toggle-content fusion-clearfix\">\n<p>Die Salzburger Altstadt: Das Hotel am Mirabellplatz befindet sich mitten in der Salzburger Altstadt. Das Schloss Mirabell und der Mirabellgarten befinden sich 200 m entfernt. Mozarts Wohnhaus erreichen Sie nach nur 3 Gehminuten. Bei Mozarts Geburtshaus in der Getreidegasse Nr. 9 kommen Sie nach einem sch\u00f6nen Spaziergang von nur 8 Minuten an.<\/p>\n<\/div><\/div><\/div><div class=\"fusion-panel panel-default panel-5b510ce31d05a9a19 fusion-toggle-has-divider\"><div class=\"panel-heading\"><h4 class=\"panel-title toggle\" id=\"toggle_5b510ce31d05a9a19\"><a aria-expanded=\"false\" aria-controls=\"5b510ce31d05a9a19\" role=\"button\" data-toggle=\"collapse\" data-parent=\"#accordion-44-4\" data-target=\"#5b510ce31d05a9a19\" href=\"#5b510ce31d05a9a19\"><span class=\"fusion-toggle-icon-wrapper\" aria-hidden=\"true\"><i class=\"fa-fusion-box active-icon awb-icon-minus\" aria-hidden=\"true\"><\/i><i class=\"fa-fusion-box inactive-icon awb-icon-plus\" aria-hidden=\"true\"><\/i><\/span><span class=\"fusion-toggle-heading\">Wie weit ist es zum Kongresszentrum?<\/span><\/a><\/h4><\/div><div id=\"5b510ce31d05a9a19\" class=\"panel-collapse collapse \" aria-labelledby=\"toggle_5b510ce31d05a9a19\"><div class=\"panel-body toggle-content fusion-clearfix\">\n<p>Der Salzburg Kongress ist ca. 200 Meter von uns entfernt.<\/p>\n<\/div><\/div><\/div><\/div><\/div><div class=\"fusion-clearfix\"><\/div><\/div><\/div><div class=\"fusion-layout-column fusion_builder_column fusion-builder-column-7 fusion_builder_column_1_2 1_2 fusion-one-half fusion-column-first fusion-animated\" style=\"--awb-padding-top:5%;--awb-padding-right:11%;--awb-padding-bottom:5%;--awb-padding-left:11%;--awb-bg-color:#ffffff;--awb-bg-color-hover:#ffffff;--awb-bg-size:cover;--awb-margin-bottom:8%;width:50%;width:calc(50% - ( ( 0 ) * 0.5 ) );margin-right: 0px;\" data-animationType=\"fadeInRight\" data-animationDuration=\"0.8\" data-animationOffset=\"top-into-view\" id=\"kulinarik\"><div class=\"fusion-column-wrapper fusion-column-has-shadow fusion-flex-column-wrapper-legacy\"><div class=\"fusion-content-boxes content-boxes columns row fusion-columns-1 fusion-columns-total-1 fusion-content-boxes-6 content-boxes-icon-on-top content-left\" style=\"--awb-backgroundcolor:#ffffff;--awb-body-color:#636362;--awb-title-color:#af9755;--awb-iconcolor:#008ab4;--awb-hover-accent-color:#af9755;--awb-circle-hover-accent-color:transparent;--awb-item-margin-bottom:40px;\" data-animationOffset=\"top-into-view\"><div style=\"--awb-backgroundcolor:#ffffff;--awb-iconcolor:#008ab4;\" class=\"fusion-column content-box-column content-box-column content-box-column-1 col-lg-12 col-md-12 col-sm-12 fusion-content-box-hover content-box-column-last content-box-column-last-in-row\"><div class=\"col content-box-wrapper content-wrapper-background link-area-link-icon icon-hover-animation-slide\" data-animationOffset=\"top-into-view\"><div class=\"heading heading-with-icon icon-left\"><div aria-hidden=\"true\" class=\"image\"><img decoding=\"async\" class=\"lazyload\" src=\"data:image\/svg+xml,%3Csvg%20xmlns%3D%27http%3A%2F%2Fwww.w3.org%2F2000%2Fsvg%27%20width%3D%27100%27%20height%3D%27100%27%20viewBox%3D%270%200%20100%20100%27%3E%3Crect%20width%3D%27100%27%20height%3D%27100%27%20fill-opacity%3D%220%22%2F%3E%3C%2Fsvg%3E\" data-orig-src=\"https:\/\/imlauer.com\/imlauer-palais-mirabell\/wp-content\/uploads\/2025\/02\/besteck-glas-1.png\" width=\"100\" height=\"100\" alt=\"\" \/><\/div><h2 class=\"content-box-heading\" style=\"--h2_typography-font-size:20px;line-height:25px;\">Kulinarik<\/h2><\/div><\/div><\/div><div class=\"fusion-clearfix\"><\/div><\/div><div class=\"accordian fusion-accordian\" style=\"--awb-border-size:1px;--awb-icon-size:13px;--awb-content-font-size:18px;--awb-icon-alignment:left;--awb-hover-color:#f9f9f9;--awb-border-color:#cccccc;--awb-background-color:#ffffff;--awb-divider-color:#e0dede;--awb-divider-hover-color:#e0dede;--awb-icon-color:#ffffff;--awb-title-color:#af9755;--awb-content-color:#747474;--awb-icon-box-color:#333333;--awb-toggle-hover-accent-color:#af9754;--awb-title-font-family:&quot;Bitter&quot;;--awb-title-font-weight:400;--awb-title-font-style:normal;--awb-content-font-family:&quot;Source Sans Pro&quot;;--awb-content-font-style:normal;--awb-content-font-weight:400;\"><div class=\"panel-group fusion-toggle-icon-boxed\" id=\"accordion-44-5\"><div class=\"fusion-panel panel-default panel-53697796d89290b62 fusion-toggle-has-divider\" style=\"--awb-title-color:#af9755;--awb-content-color:#747474;\"><div class=\"panel-heading\"><h4 class=\"panel-title toggle\" id=\"toggle_53697796d89290b62\"><a aria-expanded=\"false\" aria-controls=\"53697796d89290b62\" role=\"button\" data-toggle=\"collapse\" data-parent=\"#accordion-44-5\" data-target=\"#53697796d89290b62\" href=\"#53697796d89290b62\"><span class=\"fusion-toggle-icon-wrapper\" aria-hidden=\"true\"><i class=\"fa-fusion-box active-icon awb-icon-minus\" aria-hidden=\"true\"><\/i><i class=\"fa-fusion-box inactive-icon awb-icon-plus\" aria-hidden=\"true\"><\/i><\/span><span class=\"fusion-toggle-heading\">Verf\u00fcgt das Hotel \u00fcber ein Restaurant?<\/span><\/a><\/h4><\/div><div id=\"53697796d89290b62\" class=\"panel-collapse collapse \" aria-labelledby=\"toggle_53697796d89290b62\"><div class=\"panel-body toggle-content fusion-clearfix\">\n<p data-start=\"0\" data-end=\"202\">Aktuell verf\u00fcgt das IMLAUER Palais Mirabell \u00fcber kein eigenes Restaurant. Gerne reservieren wir f\u00fcr Sie einen Tisch in einem unserer nahegelegenen IMLAUER Restaurants. Ab Ende Mai 2026 begr\u00fc\u00dfen wir Sie in der neuen IMLAUER Brasserie Mirabell im historischen Gew\u00f6lbe des Erdgeschosses \u2013 ge\u00f6ffnet vom Fr\u00fchst\u00fcck bis zum Abendessen.<\/p>\n<p>Nur 5 Gehminuten entfernt befinden sich:<br \/>\n<a href=\"https:\/\/imlauer.com\/pitterkeller\/\">Restaurant PitterKeller<\/a> \u2013 ein legend\u00e4rer, uriger Bierkeller mit typischen, regionalen \u201eSchmankerln\u201c und Bierspezialit\u00e4ten<br \/>\n<a href=\"https:\/\/imlauer.com\/imlauer-sky-bar-restaurant\/\">IMLAUER Sky Bar &amp; Restaurant<\/a>: Genie\u00dfen Sie den Blick \u00fcber die Altstadt und die Berge bei exzellenter Gastronomie<br \/>\n<a href=\"https:\/\/imlauer.com\/braurestaurant-imlauer\/\">Braurestaurant IMLAUER<\/a>: Bierkultur &amp; gutb\u00fcrgerliche K\u00fcche auf h\u00f6chstem Niveau<\/p>\n<\/div><\/div><\/div><div class=\"fusion-panel panel-default panel-135f1f589b11a9dca fusion-toggle-has-divider\" style=\"--awb-title-color:#af9755;--awb-content-color:#747474;\"><div class=\"panel-heading\"><h4 class=\"panel-title toggle\" id=\"toggle_135f1f589b11a9dca\"><a aria-expanded=\"false\" aria-controls=\"135f1f589b11a9dca\" role=\"button\" data-toggle=\"collapse\" data-parent=\"#accordion-44-5\" data-target=\"#135f1f589b11a9dca\" href=\"#135f1f589b11a9dca\"><span class=\"fusion-toggle-icon-wrapper\" aria-hidden=\"true\"><i class=\"fa-fusion-box active-icon awb-icon-minus\" aria-hidden=\"true\"><\/i><i class=\"fa-fusion-box inactive-icon awb-icon-plus\" aria-hidden=\"true\"><\/i><\/span><span class=\"fusion-toggle-heading\">Gibt es eine Minibar im Zimmer?<\/span><\/a><\/h4><\/div><div id=\"135f1f589b11a9dca\" class=\"panel-collapse collapse \" aria-labelledby=\"toggle_135f1f589b11a9dca\"><div class=\"panel-body toggle-content fusion-clearfix\">\n<p>Ja, jedes Zimmer verf\u00fcgt \u00fcber eine Minibar. Diese ist kostenpflichtig.<\/p>\n<\/div><\/div><\/div><\/div><\/div><div class=\"fusion-clearfix\"><\/div><\/div><\/div><\/div><\/div><\/p>\n","protected":false},"excerpt":{"rendered":"","protected":false},"author":1,"featured_media":0,"parent":0,"menu_order":0,"comment_status":"closed","ping_status":"closed","template":"100-width.php","meta":{"footnotes":""},"class_list":["post-44","page","type-page","status-publish","hentry"],"_links":{"self":[{"href":"https:\/\/imlauer.com\/imlauer-palais-mirabell\/wp-json\/wp\/v2\/pages\/44","targetHints":{"allow":["GET"]}}],"collection":[{"href":"https:\/\/imlauer.com\/imlauer-palais-mirabell\/wp-json\/wp\/v2\/pages"}],"about":[{"href":"https:\/\/imlauer.com\/imlauer-palais-mirabell\/wp-json\/wp\/v2\/types\/page"}],"author":[{"embeddable":true,"href":"https:\/\/imlauer.com\/imlauer-palais-mirabell\/wp-json\/wp\/v2\/users\/1"}],"replies":[{"embeddable":true,"href":"https:\/\/imlauer.com\/imlauer-palais-mirabell\/wp-json\/wp\/v2\/comments?post=44"}],"version-history":[{"count":11,"href":"https:\/\/imlauer.com\/imlauer-palais-mirabell\/wp-json\/wp\/v2\/pages\/44\/revisions"}],"predecessor-version":[{"id":47447,"href":"https:\/\/imlauer.com\/imlauer-palais-mirabell\/wp-json\/wp\/v2\/pages\/44\/revisions\/47447"}],"wp:attachment":[{"href":"https:\/\/imlauer.com\/imlauer-palais-mirabell\/wp-json\/wp\/v2\/media?parent=44"}],"curies":[{"name":"wp","href":"https:\/\/api.w.org\/{rel}","templated":true}]}}