{"id":7062,"date":"2019-06-13T08:17:43","date_gmt":"2019-06-13T08:17:43","guid":{"rendered":"https:\/\/imlauer.com\/hotel-am-mirabellplatz\/hotel-sur-la-place-mirabell-salzbourg\/"},"modified":"2026-04-29T08:57:07","modified_gmt":"2026-04-29T08:57:07","slug":"hotel-sur-la-place-mirabell-salzbourg","status":"publish","type":"page","link":"https:\/\/imlauer.com\/imlauer-palais-mirabell\/hotel-sur-la-place-mirabell-salzbourg\/?lang=fr","title":{"rendered":"IMLAUER Palais Mirabell &#8211; H\u00f4tel sur la place Mirabell Salzbourg"},"content":{"rendered":"<p><div class=\"fusion-fullwidth fullwidth-box fusion-builder-row-1 has-pattern-background has-mask-background nonhundred-percent-fullwidth hundred-percent-height hundred-percent-height-center-content non-hundred-percent-height-scrolling\" style=\"--awb-border-radius-top-left:0px;--awb-border-radius-top-right:0px;--awb-border-radius-bottom-right:0px;--awb-border-radius-bottom-left:0px;--awb-flex-wrap:wrap;\" ><div class=\"awb-background-slider\" data-type=\"container\" data-loop=\"yes\" data-animation=\"fade\" data-slideshow-speed=\"6000\" data-animation-speed=\"1200\" data-direction=\"up\" style=\"--awb-image-position:50% 50%;\"><div class=\"swiper-wrapper\"><div class=\"swiper-slide\"><img decoding=\"async\" width=\"2048\" height=\"1536\" src=\"https:\/\/imlauer.com\/imlauer-palais-mirabell\/wp-content\/uploads\/2026\/04\/2026_patrese_imlauer_palais_mirabell-147.jpg\" class=\"awb-background-slider__image lazyload\" alt=\"\" srcset=\"data:image\/svg+xml,%3Csvg%20xmlns%3D%27http%3A%2F%2Fwww.w3.org%2F2000%2Fsvg%27%20width%3D%272048%27%20height%3D%271536%27%20viewBox%3D%270%200%202048%201536%27%3E%3Crect%20width%3D%272048%27%20height%3D%271536%27%20fill-opacity%3D%220%22%2F%3E%3C%2Fsvg%3E\" data-orig-src=\"https:\/\/imlauer.com\/imlauer-palais-mirabell\/wp-content\/uploads\/2026\/04\/2026_patrese_imlauer_palais_mirabell-147.jpg\" data-srcset=\"https:\/\/imlauer.com\/imlauer-palais-mirabell\/wp-content\/uploads\/2026\/04\/2026_patrese_imlauer_palais_mirabell-147-200x150.jpg 200w, https:\/\/imlauer.com\/imlauer-palais-mirabell\/wp-content\/uploads\/2026\/04\/2026_patrese_imlauer_palais_mirabell-147-300x225.jpg 300w, https:\/\/imlauer.com\/imlauer-palais-mirabell\/wp-content\/uploads\/2026\/04\/2026_patrese_imlauer_palais_mirabell-147-400x300.jpg 400w, https:\/\/imlauer.com\/imlauer-palais-mirabell\/wp-content\/uploads\/2026\/04\/2026_patrese_imlauer_palais_mirabell-147-600x450.jpg 600w, https:\/\/imlauer.com\/imlauer-palais-mirabell\/wp-content\/uploads\/2026\/04\/2026_patrese_imlauer_palais_mirabell-147-768x576.jpg 768w, https:\/\/imlauer.com\/imlauer-palais-mirabell\/wp-content\/uploads\/2026\/04\/2026_patrese_imlauer_palais_mirabell-147-800x600.jpg 800w, https:\/\/imlauer.com\/imlauer-palais-mirabell\/wp-content\/uploads\/2026\/04\/2026_patrese_imlauer_palais_mirabell-147-1024x768.jpg 1024w, https:\/\/imlauer.com\/imlauer-palais-mirabell\/wp-content\/uploads\/2026\/04\/2026_patrese_imlauer_palais_mirabell-147-1200x900.jpg 1200w, https:\/\/imlauer.com\/imlauer-palais-mirabell\/wp-content\/uploads\/2026\/04\/2026_patrese_imlauer_palais_mirabell-147-1536x1152.jpg 1536w, https:\/\/imlauer.com\/imlauer-palais-mirabell\/wp-content\/uploads\/2026\/04\/2026_patrese_imlauer_palais_mirabell-147.jpg 2048w\" data-sizes=\"auto\" \/><\/div><div class=\"swiper-slide\"><img decoding=\"async\" width=\"2560\" height=\"1920\" src=\"https:\/\/imlauer.com\/imlauer-palais-mirabell\/wp-content\/uploads\/2026\/04\/2026_patrese_salzburg-225-scaled.jpg\" class=\"awb-background-slider__image lazyload\" alt=\"\" srcset=\"data:image\/svg+xml,%3Csvg%20xmlns%3D%27http%3A%2F%2Fwww.w3.org%2F2000%2Fsvg%27%20width%3D%272560%27%20height%3D%271920%27%20viewBox%3D%270%200%202560%201920%27%3E%3Crect%20width%3D%272560%27%20height%3D%271920%27%20fill-opacity%3D%220%22%2F%3E%3C%2Fsvg%3E\" data-orig-src=\"https:\/\/imlauer.com\/imlauer-palais-mirabell\/wp-content\/uploads\/2026\/04\/2026_patrese_salzburg-225-scaled.jpg\" data-srcset=\"https:\/\/imlauer.com\/imlauer-palais-mirabell\/wp-content\/uploads\/2026\/04\/2026_patrese_salzburg-225-200x150.jpg 200w, https:\/\/imlauer.com\/imlauer-palais-mirabell\/wp-content\/uploads\/2026\/04\/2026_patrese_salzburg-225-300x225.jpg 300w, https:\/\/imlauer.com\/imlauer-palais-mirabell\/wp-content\/uploads\/2026\/04\/2026_patrese_salzburg-225-400x300.jpg 400w, https:\/\/imlauer.com\/imlauer-palais-mirabell\/wp-content\/uploads\/2026\/04\/2026_patrese_salzburg-225-600x450.jpg 600w, https:\/\/imlauer.com\/imlauer-palais-mirabell\/wp-content\/uploads\/2026\/04\/2026_patrese_salzburg-225-768x576.jpg 768w, https:\/\/imlauer.com\/imlauer-palais-mirabell\/wp-content\/uploads\/2026\/04\/2026_patrese_salzburg-225-800x600.jpg 800w, https:\/\/imlauer.com\/imlauer-palais-mirabell\/wp-content\/uploads\/2026\/04\/2026_patrese_salzburg-225-1024x768.jpg 1024w, https:\/\/imlauer.com\/imlauer-palais-mirabell\/wp-content\/uploads\/2026\/04\/2026_patrese_salzburg-225-1200x900.jpg 1200w, https:\/\/imlauer.com\/imlauer-palais-mirabell\/wp-content\/uploads\/2026\/04\/2026_patrese_salzburg-225-1536x1152.jpg 1536w, https:\/\/imlauer.com\/imlauer-palais-mirabell\/wp-content\/uploads\/2026\/04\/2026_patrese_salzburg-225-scaled.jpg 2560w\" data-sizes=\"auto\" \/><\/div><\/div><\/div><div class=\"fusion-fullwidth-center-content\"><div class=\"fusion-builder-row fusion-row\"><div class=\"fusion-layout-column fusion_builder_column fusion-builder-column-0 fusion_builder_column_1_1 1_1 fusion-one-full fusion-column-first fusion-column-last\" style=\"--awb-bg-blend:overlay;--awb-bg-size:cover;\"><div class=\"fusion-column-wrapper fusion-column-has-shadow fusion-flex-column-wrapper-legacy\"><div class=\"fusion-sep-clear\"><\/div><div class=\"fusion-separator fusion-full-width-sep\" style=\"margin-left: auto;margin-right: auto;margin-top:300px;width:100%;\"><\/div><div class=\"fusion-sep-clear\"><\/div><div class=\"fusion-clearfix\"><\/div><\/div><\/div><\/div><\/div><\/div><div class=\"fusion-fullwidth fullwidth-box fusion-builder-row-2 nonhundred-percent-fullwidth non-hundred-percent-height-scrolling fusion-equal-height-columns fusion-no-small-visibility fusion-no-medium-visibility\" style=\"--awb-background-position:left top;--awb-border-sizes-top:0px;--awb-border-sizes-bottom:0px;--awb-border-sizes-left:0px;--awb-border-sizes-right:0px;--awb-border-radius-top-left:0px;--awb-border-radius-top-right:0px;--awb-border-radius-bottom-right:0px;--awb-border-radius-bottom-left:0px;--awb-padding-top:0px;--awb-padding-bottom:0px;--awb-flex-wrap:wrap;\" ><div class=\"fusion-builder-row fusion-row\"><div class=\"fusion-layout-column fusion_builder_column fusion-builder-column-1 fusion_builder_column_1_1 1_1 fusion-one-full fusion-column-first fusion-column-last rahmen\" style=\"--awb-padding-top:40px;--awb-padding-right:40px;--awb-padding-bottom:40px;--awb-padding-left:40px;--awb-bg-position:right bottom;--awb-bg-blend:overlay;--awb-bg-size:cover;--awb-border-color:rgba(175,151,85,0.29);--awb-border-top:1px;--awb-border-right:1px;--awb-border-bottom:1px;--awb-border-left:1px;--awb-border-style:solid;\"><div class=\"fusion-column-wrapper fusion-column-has-shadow fusion-flex-column-wrapper-legacy\"><div class=\"fusion-column-content-centered\"><div class=\"fusion-column-content\"><div class=\"fusion-text fusion-text-1\"><p style=\"letter-spacing: 4px; font-size: 13px; text-align: center; margin-bottom: 0px;\">L&#8217;h\u00f4tel avec une histoire<\/p>\n<h1 style=\"text-align: center;\">BIENVENUE \u00c0 SALZBOURG<\/h1>\n<h2 style=\"text-align: center;\">Hier et aujourd&#8217;hui en parfaite harmonie<\/h2>\n<\/div><div class=\"fusion-text fusion-text-2\"><p style=\"text-align: center;\">L&#8216;<strong>IMLAUER Palais Mirabell<\/strong> (anciennement Hotel am Mirabellplatz) allie une architecture historique datant de 1653 \u00e0 un confort moderne et \u00e0 l&#8217;un des meilleurs emplacements de Salzbourg &#8211; directement sur la Mirabellplatz, au c\u0153ur de la vieille ville, \u00e0 quelques pas du ch\u00e2teau Mirabell et de la demeure de Mozart.<\/p>\n<p style=\"text-align: center;\"><strong>Depuis mars 2026, le Palais-Hotel r\u00e9nov\u00e9 avec style accueille \u00e0 nouveau ses h\u00f4tes<\/strong> et allie substance d\u00e9velopp\u00e9e et design contemporain. Le nouveau lobby se pr\u00e9sente comme le centre \u00e9l\u00e9gant de l&#8217;\u00e9tablissement &#8211; un v\u00e9ritable bijou qui allie harmonieusement pass\u00e9 et pr\u00e9sent. <\/p>\n<p style=\"text-align: center;\">Les chambres et suites au design individuel offrent une exp\u00e9rience authentique de Salzbourg &#8211; marqu\u00e9e par l&#8217;atmosph\u00e8re, des d\u00e9tails particuliers et le sentiment d&#8217;\u00eatre au c\u0153ur de la ville tout en \u00e9tant chez soi.<\/p>\n<\/div><div class=\"fusion-sep-clear\"><\/div><div class=\"fusion-separator fusion-full-width-sep\" style=\"margin-left: auto;margin-right: auto;margin-top:10px;width:100%;\"><\/div><div class=\"fusion-sep-clear\"><\/div><div class=\"fusion-aligncenter\"><a class=\"fusion-button button-flat button-large button-custom fusion-button-default button-1 fusion-button-default-span \" style=\"--button_accent_color:#af9755;--button_accent_hover_color:#ffffff;--button_border_hover_color:#af9755;--button_gradient_top_color:#ffffff;--button_gradient_bottom_color:#ffffff;--button_gradient_top_color_hover:#af9755;--button_gradient_bottom_color_hover:#af9755;--button_text_transform:uppercase;\" target=\"_self\" href=\"https:\/\/imlauer.com\/imlauer-palais-mirabell\/chambre\/?lang=fr\"><span class=\"fusion-button-icon-divider button-icon-divider-left\"><i class=\"fa-angle-right fas awb-button__icon awb-button__icon--default\" aria-hidden=\"true\"><\/i><\/span><span class=\"fusion-button-text awb-button__text awb-button__text--default fusion-button-text-left\">D\u00e9couvrez nos chambres<\/span><\/a><\/div><\/div><\/div><div class=\"fusion-clearfix\"><\/div><\/div><\/div><\/div><\/div><div class=\"fusion-fullwidth fullwidth-box fusion-builder-row-3 nonhundred-percent-fullwidth non-hundred-percent-height-scrolling fusion-no-large-visibility\" style=\"--awb-background-position:left top;--awb-border-sizes-top:0px;--awb-border-sizes-bottom:0px;--awb-border-sizes-left:0px;--awb-border-sizes-right:0px;--awb-border-radius-top-left:0px;--awb-border-radius-top-right:0px;--awb-border-radius-bottom-right:0px;--awb-border-radius-bottom-left:0px;--awb-padding-top:0px;--awb-padding-bottom:0px;--awb-flex-wrap:wrap;\" ><div class=\"fusion-builder-row fusion-row\"><div class=\"fusion-layout-column fusion_builder_column fusion-builder-column-2 fusion_builder_column_1_1 1_1 fusion-one-full fusion-column-first fusion-column-last\" style=\"--awb-padding-top:40px;--awb-padding-bottom:40px;--awb-bg-position:right bottom;--awb-bg-size:cover;--awb-border-color:rgba(175,151,85,0.29);--awb-border-top:0;--awb-border-right:0;--awb-border-bottom:0;--awb-border-left:0;--awb-border-style:solid;\"><div class=\"fusion-column-wrapper fusion-column-has-shadow fusion-flex-column-wrapper-legacy\"><div class=\"fusion-column-content-centered\"><div class=\"fusion-column-content\"><div class=\"fusion-text fusion-text-3\"><p style=\"letter-spacing: 4px; font-size: 13px; text-align: center; margin-bottom: 0px;\">L&#8217;h\u00f4tel avec une histoire<\/p>\n<h2 style=\"text-align: center; font-size: 25;\">BIENVENUE \u00c0 SALZBOURG<\/h2>\n<h2 style=\"text-align: center;\">Hier et aujourd&#8217;hui en parfaite harmonie<\/h2>\n<\/div><div class=\"fusion-text fusion-text-4\"><p style=\"text-align: center;\">L&#8216;<strong>IMLAUER Palais Mirabell<\/strong> (anciennement Hotel am Mirabellplatz) allie une architecture historique datant de 1653 \u00e0 un confort moderne et \u00e0 l&#8217;un des meilleurs emplacements de Salzbourg &#8211; directement sur la Mirabellplatz, au c\u0153ur de la vieille ville, \u00e0 quelques pas du ch\u00e2teau Mirabell et de la demeure de Mozart.<\/p>\n<p style=\"text-align: center;\"><strong>Depuis mars 2026, le Palais-Hotel r\u00e9nov\u00e9 avec style accueille \u00e0 nouveau ses h\u00f4tes<\/strong> et allie substance d\u00e9velopp\u00e9e et design contemporain. Le nouveau lobby se pr\u00e9sente comme le centre \u00e9l\u00e9gant de l&#8217;\u00e9tablissement &#8211; un v\u00e9ritable bijou qui allie harmonieusement pass\u00e9 et pr\u00e9sent. <\/p>\n<p style=\"text-align: center;\">Les chambres et suites au design individuel offrent une exp\u00e9rience authentique de Salzbourg &#8211; marqu\u00e9e par l&#8217;atmosph\u00e8re, des d\u00e9tails particuliers et le sentiment d&#8217;\u00eatre au c\u0153ur de la ville tout en \u00e9tant chez soi.<\/p>\n<p style=\"text-align: center;\">.<\/p>\n<\/div><div class=\"fusion-sep-clear\"><\/div><div class=\"fusion-separator fusion-full-width-sep\" style=\"margin-left: auto;margin-right: auto;margin-top:10px;width:100%;\"><\/div><div class=\"fusion-sep-clear\"><\/div><div class=\"fusion-aligncenter\"><a class=\"fusion-button button-flat button-large button-custom fusion-button-default button-2 fusion-button-default-span \" style=\"--button_accent_color:#af9755;--button_accent_hover_color:#ffffff;--button_border_hover_color:#af9755;--button_gradient_top_color:#ffffff;--button_gradient_bottom_color:#ffffff;--button_gradient_top_color_hover:#af9755;--button_gradient_bottom_color_hover:#af9755;--button_text_transform:uppercase;\" target=\"_self\" href=\"https:\/\/imlauer.com\/imlauer-palais-mirabell\/chambre\/?lang=fr\"><span class=\"fusion-button-icon-divider button-icon-divider-left\"><i class=\"fa-angle-right fas awb-button__icon awb-button__icon--default\" aria-hidden=\"true\"><\/i><\/span><span class=\"fusion-button-text awb-button__text awb-button__text--default fusion-button-text-left\">D\u00e9couvrez nos chambres<\/span><\/a><\/div><\/div><\/div><div class=\"fusion-clearfix\"><\/div><\/div><\/div><\/div><\/div><div class=\"fusion-fullwidth fullwidth-box fusion-builder-row-4 nonhundred-percent-fullwidth non-hundred-percent-height-scrolling fusion-equal-height-columns\" style=\"--awb-background-position:left top;--awb-border-sizes-top:0px;--awb-border-sizes-bottom:0px;--awb-border-sizes-left:0px;--awb-border-sizes-right:0px;--awb-border-radius-top-left:0px;--awb-border-radius-top-right:0px;--awb-border-radius-bottom-right:0px;--awb-border-radius-bottom-left:0px;--awb-padding-top:0px;--awb-padding-bottom:20px;--awb-flex-wrap:wrap;\" ><div class=\"fusion-builder-row fusion-row\"><div class=\"fusion-layout-column fusion_builder_column fusion-builder-column-3 fusion_builder_column_1_3 1_3 fusion-one-third fusion-column-first\" style=\"--awb-bg-position:center top;--awb-bg-size:cover;--awb-margin-bottom:0px;\" data-scroll-devices=\"small-visibility,medium-visibility,large-visibility\"><div class=\"fusion-column-wrapper lazyload fusion-column-has-shadow fusion-flex-column-wrapper-legacy fusion-empty-column-bg-image fusion-column-has-bg-image\" data-bg-url=\"https:\/\/imlauer.com\/imlauer-palais-mirabell\/wp-content\/uploads\/2026\/04\/2026_patrese_imlauer_palais_mirabell-149-web.jpg\" data-bg=\"https:\/\/imlauer.com\/imlauer-palais-mirabell\/wp-content\/uploads\/2026\/04\/2026_patrese_imlauer_palais_mirabell-149-web.jpg\"><img decoding=\"async\" class=\"fusion-empty-dims-img-placeholder fusion-no-large-visibility\" alt=\"Bild: Blick ins Doppelzimmer IMLAUER Palais Mirabell\" aria-label=\"imlauer_Palais_mirabell\" src=\"data:image\/svg+xml,%3Csvg%20xmlns%3D%27http%3A%2F%2Fwww.w3.org%2F2000%2Fsvg%27%20width%3D%271000%27%20height%3D%27750%27%20viewBox%3D%270%200%201000%20750%27%3E%3Crect%20width%3D%271000%27%20height%3D%27750%27%20fill-opacity%3D%220%22%2F%3E%3C%2Fsvg%3E\"><div class=\"fusion-clearfix\"><\/div><\/div><\/div><div class=\"fusion-layout-column fusion_builder_column fusion-builder-column-4 fusion_builder_column_1_3 1_3 fusion-one-third\" style=\"--awb-padding-top:40px;--awb-padding-right:40px;--awb-padding-bottom:40px;--awb-padding-left:40px;--awb-bg-color:#af9755;--awb-bg-color-hover:#af9755;--awb-bg-size:cover;--awb-margin-bottom:0px;\"><div class=\"fusion-column-wrapper fusion-column-has-shadow fusion-flex-column-wrapper-legacy\"><div class=\"fusion-text fusion-text-5\"><h2 style=\"text-align: center;\"><span style=\"color: #ffffff;\">LE PLAISIR DU SERVICE<\/span><\/h2>\n<h3 style=\"text-align: center;\"><em><span style=\"color: #ffffff;\">&#8222;Nous avons le plaisir de servir dans le sang. La satisfaction de nos clients est au premier et au centre de nos pr\u00e9occupations, car nous sommes une entreprise familiale avec une touche personnelle&#8220;. <\/span><\/em><\/h3>\n<p style=\"letter-spacing: 4px; font-size: 22px; text-align: center; line-height: 22px;\"><span style=\"color: #ffffff;\">GEORG IMLAUER<br \/>\n<\/span><\/p>\n<\/div><div class=\"fusion-clearfix\"><\/div><\/div><\/div><div class=\"fusion-layout-column fusion_builder_column fusion-builder-column-5 fusion_builder_column_1_3 1_3 fusion-one-third fusion-column-last\" style=\"--awb-bg-position:center center;--awb-bg-size:cover;--awb-margin-bottom:0px;\" data-scroll-devices=\"small-visibility,medium-visibility,large-visibility\"><div class=\"fusion-column-wrapper lazyload fusion-column-has-shadow fusion-flex-column-wrapper-legacy fusion-empty-column-bg-image fusion-column-has-bg-image\" data-bg-url=\"https:\/\/imlauer.com\/imlauer-palais-mirabell\/wp-content\/uploads\/2026\/04\/2026_patrese_imlauer_palais_mirabell-172-web.jpg\" data-bg=\"https:\/\/imlauer.com\/imlauer-palais-mirabell\/wp-content\/uploads\/2026\/04\/2026_patrese_imlauer_palais_mirabell-172-web.jpg\"><img decoding=\"async\" class=\"fusion-empty-dims-img-placeholder fusion-no-large-visibility\" alt=\"Bild: Doppelzimmer im IMLAUER Palais Mirabell\" aria-label=\"imlauer_palais_mirabell\" src=\"data:image\/svg+xml,%3Csvg%20xmlns%3D%27http%3A%2F%2Fwww.w3.org%2F2000%2Fsvg%27%20width%3D%271000%27%20height%3D%27750%27%20viewBox%3D%270%200%201000%20750%27%3E%3Crect%20width%3D%271000%27%20height%3D%27750%27%20fill-opacity%3D%220%22%2F%3E%3C%2Fsvg%3E\"><div class=\"fusion-clearfix\"><\/div><\/div><\/div><\/div><\/div><div class=\"fusion-fullwidth fullwidth-box fusion-builder-row-5 has-pattern-background has-mask-background nonhundred-percent-fullwidth non-hundred-percent-height-scrolling fusion-equal-height-columns\" style=\"--awb-background-position:left top;--awb-border-sizes-top:0px;--awb-border-sizes-bottom:0px;--awb-border-sizes-left:0px;--awb-border-sizes-right:0px;--awb-border-radius-top-left:0px;--awb-border-radius-top-right:0px;--awb-border-radius-bottom-right:0px;--awb-border-radius-bottom-left:0px;--awb-margin-top:50px;--awb-margin-bottom:35px;--awb-flex-wrap:wrap;\" ><div class=\"fusion-builder-row fusion-row\"><div class=\"fusion-layout-column fusion_builder_column fusion-builder-column-6 fusion_builder_column_1_2 1_2 fusion-one-half fusion-column-first\" style=\"--awb-padding-top:0px;--awb-padding-right:20px;--awb-padding-bottom:0px;--awb-padding-left:20px;--awb-bg-size:cover;--awb-margin-bottom:0px;\" data-scroll-devices=\"small-visibility,medium-visibility,large-visibility\"><div class=\"fusion-column-wrapper fusion-column-has-shadow fusion-flex-column-wrapper-legacy\"><div class=\"fusion-column-content-centered\"><div class=\"fusion-column-content\"><div class=\"fusion-image-element in-legacy-container\" style=\"--awb-caption-title-font-family:var(--h2_typography-font-family);--awb-caption-title-font-weight:var(--h2_typography-font-weight);--awb-caption-title-font-style:var(--h2_typography-font-style);--awb-caption-title-size:var(--h2_typography-font-size);--awb-caption-title-transform:var(--h2_typography-text-transform);--awb-caption-title-line-height:var(--h2_typography-line-height);--awb-caption-title-letter-spacing:var(--h2_typography-letter-spacing);\"><span class=\" fusion-imageframe imageframe-none imageframe-1 hover-type-none\"><img decoding=\"async\" width=\"2048\" height=\"1536\" title=\"2026_patrese_imlauer_palais_mirabell-103\" src=\"https:\/\/imlauer.com\/imlauer-palais-mirabell\/wp-content\/uploads\/2026\/04\/2026_patrese_imlauer_palais_mirabell-103.jpg\" data-orig-src=\"https:\/\/imlauer.com\/imlauer-palais-mirabell\/wp-content\/uploads\/2026\/04\/2026_patrese_imlauer_palais_mirabell-103.jpg\" alt class=\"lazyload img-responsive wp-image-47788\" srcset=\"data:image\/svg+xml,%3Csvg%20xmlns%3D%27http%3A%2F%2Fwww.w3.org%2F2000%2Fsvg%27%20width%3D%272048%27%20height%3D%271536%27%20viewBox%3D%270%200%202048%201536%27%3E%3Crect%20width%3D%272048%27%20height%3D%271536%27%20fill-opacity%3D%220%22%2F%3E%3C%2Fsvg%3E\" data-srcset=\"https:\/\/imlauer.com\/imlauer-palais-mirabell\/wp-content\/uploads\/2026\/04\/2026_patrese_imlauer_palais_mirabell-103-200x150.jpg 200w, https:\/\/imlauer.com\/imlauer-palais-mirabell\/wp-content\/uploads\/2026\/04\/2026_patrese_imlauer_palais_mirabell-103-400x300.jpg 400w, https:\/\/imlauer.com\/imlauer-palais-mirabell\/wp-content\/uploads\/2026\/04\/2026_patrese_imlauer_palais_mirabell-103-600x450.jpg 600w, https:\/\/imlauer.com\/imlauer-palais-mirabell\/wp-content\/uploads\/2026\/04\/2026_patrese_imlauer_palais_mirabell-103-800x600.jpg 800w, https:\/\/imlauer.com\/imlauer-palais-mirabell\/wp-content\/uploads\/2026\/04\/2026_patrese_imlauer_palais_mirabell-103-1200x900.jpg 1200w, https:\/\/imlauer.com\/imlauer-palais-mirabell\/wp-content\/uploads\/2026\/04\/2026_patrese_imlauer_palais_mirabell-103.jpg 2048w\" data-sizes=\"auto\" data-orig-sizes=\"(max-width: 969px) 100vw, 800px\" \/><\/span><\/div><div class=\"fusion-sep-clear\"><\/div><div class=\"fusion-separator fusion-full-width-sep\" style=\"margin-left: auto;margin-right: auto;margin-bottom:35px;width:100%;\"><\/div><div class=\"fusion-sep-clear\"><\/div><div class=\"fusion-text fusion-text-6\"><h2 style=\"text-align: left;\">Depuis juillet 2019, la famille Imlauer pr\u00e9side aux destin\u00e9es de l&#8217;h\u00f4tel palace historique de Salzbourg<\/h2>\n<\/div><div class=\"fusion-text fusion-text-7\"><p>Le palais existant a \u00e9t\u00e9 r\u00e9nov\u00e9 en douceur avec beaucoup de sensibilit\u00e9. Au lieu d&#8217;une nouvelle construction, l&#8217;accent est mis sur le d\u00e9veloppement &#8211; pour une qualit\u00e9 durable et un autre h\u00f4tel IMLAUER qui perp\u00e9tue son histoire. <\/p>\n<p data-start=\"257\" data-end=\"521\">La plupart de nos chambres et suites ont \u00e9t\u00e9 r\u00e9cemment r\u00e9nov\u00e9es et pr\u00e9sentent un nouveau design. Les diff\u00e9rentes cat\u00e9gories de chambres sont indiqu\u00e9es de mani\u00e8re transparente dans le processus de r\u00e9servation &#8211; vous trouverez ainsi exactement la chambre qui convient parfaitement \u00e0 votre s\u00e9jour. <\/p>\n<p data-start=\"523\" data-end=\"663\" data-is-last-node=\"\" data-is-only-node=\"\">Ici, vous d\u00e9couvrirez Salzbourg non seulement comme une destination touristique, mais aussi comme un v\u00e9ritable mode de vie &#8211; en plein c\u0153ur de la ville de Mozart.<\/p>\n<\/div><div class=\"fusion-alignleft\"><a class=\"fusion-button button-flat fusion-button-default-size button-default fusion-button-default button-3 fusion-button-default-span \" target=\"_self\" href=\"https:\/\/app.mews.com\/distributor\/ed37fea5-e408-4ff0-97f1-b2ec0085d749?_gl=1*18zzgzl*_gcl_au*MTg5OTE2MzYyNS4xNzczNzM1MTY3*_ga*MTkyMjE2NTE0LjE3NjU3OTkzMjE.*_ga_TGMH9THV0C*czE3NzQ2MDc5OTEkbzUxJGcxJHQxNzc0NjA5MTI2JGo2MCRsMCRoMA..\" rel=\"noopener\"><span class=\"fusion-button-text awb-button__text awb-button__text--default\">R\u00e9server une pause <\/span><\/a><\/div><\/div><\/div><div class=\"fusion-clearfix\"><\/div><\/div><\/div><div class=\"fusion-layout-column fusion_builder_column fusion-builder-column-7 fusion_builder_column_1_2 1_2 fusion-one-half fusion-column-last\" style=\"--awb-padding-top:0px;--awb-padding-right:20px;--awb-padding-bottom:0px;--awb-padding-left:20px;--awb-bg-size:cover;--awb-margin-bottom:0px;\" data-scroll-devices=\"small-visibility,medium-visibility,large-visibility\"><div class=\"fusion-column-wrapper fusion-column-has-shadow fusion-flex-column-wrapper-legacy\"><div class=\"fusion-sep-clear\"><\/div><div class=\"fusion-separator fusion-full-width-sep\" style=\"margin-left: auto;margin-right: auto;margin-top:70px;margin-bottom:70px;width:100%;\"><\/div><div class=\"fusion-sep-clear\"><\/div><div class=\"fusion-image-element in-legacy-container\" style=\"--awb-caption-title-font-family:var(--h2_typography-font-family);--awb-caption-title-font-weight:var(--h2_typography-font-weight);--awb-caption-title-font-style:var(--h2_typography-font-style);--awb-caption-title-size:var(--h2_typography-font-size);--awb-caption-title-transform:var(--h2_typography-text-transform);--awb-caption-title-line-height:var(--h2_typography-line-height);--awb-caption-title-letter-spacing:var(--h2_typography-letter-spacing);\"><span class=\" fusion-imageframe imageframe-none imageframe-2 hover-type-none\"><img decoding=\"async\" width=\"2560\" height=\"1920\" title=\"Patrick Langwallner\" src=\"https:\/\/imlauer.com\/imlauer-palais-mirabell\/wp-content\/uploads\/2026\/04\/2026_patrese_salzburg-225-scaled.jpg\" data-orig-src=\"https:\/\/imlauer.com\/imlauer-palais-mirabell\/wp-content\/uploads\/2026\/04\/2026_patrese_salzburg-225-scaled.jpg\" alt class=\"lazyload img-responsive wp-image-47789\" srcset=\"data:image\/svg+xml,%3Csvg%20xmlns%3D%27http%3A%2F%2Fwww.w3.org%2F2000%2Fsvg%27%20width%3D%272560%27%20height%3D%271920%27%20viewBox%3D%270%200%202560%201920%27%3E%3Crect%20width%3D%272560%27%20height%3D%271920%27%20fill-opacity%3D%220%22%2F%3E%3C%2Fsvg%3E\" data-srcset=\"https:\/\/imlauer.com\/imlauer-palais-mirabell\/wp-content\/uploads\/2026\/04\/2026_patrese_salzburg-225-200x150.jpg 200w, https:\/\/imlauer.com\/imlauer-palais-mirabell\/wp-content\/uploads\/2026\/04\/2026_patrese_salzburg-225-400x300.jpg 400w, https:\/\/imlauer.com\/imlauer-palais-mirabell\/wp-content\/uploads\/2026\/04\/2026_patrese_salzburg-225-600x450.jpg 600w, https:\/\/imlauer.com\/imlauer-palais-mirabell\/wp-content\/uploads\/2026\/04\/2026_patrese_salzburg-225-800x600.jpg 800w, https:\/\/imlauer.com\/imlauer-palais-mirabell\/wp-content\/uploads\/2026\/04\/2026_patrese_salzburg-225-1200x900.jpg 1200w, https:\/\/imlauer.com\/imlauer-palais-mirabell\/wp-content\/uploads\/2026\/04\/2026_patrese_salzburg-225-scaled.jpg 2560w\" data-sizes=\"auto\" data-orig-sizes=\"(max-width: 969px) 100vw, 800px\" \/><\/span><\/div><div class=\"fusion-sep-clear\"><\/div><div class=\"fusion-separator fusion-full-width-sep\" style=\"margin-left: auto;margin-right: auto;margin-bottom:35px;width:100%;\"><\/div><div class=\"fusion-sep-clear\"><\/div><div class=\"fusion-text fusion-text-8\"><h2 style=\"text-align: left;\">Hier comme aujourd&#8217;hui, la situation est s\u00e9duisante.<\/h2>\n<\/div><div class=\"fusion-text fusion-text-9\"><p style=\"text-align: left;\">Pour vous rendre au ch\u00e2teau de Mirabell et \u00e0 ses magnifiques jardins, il vous suffit de changer de c\u00f4t\u00e9 de la rue. La Linzergasse n&#8217;est qu&#8217;\u00e0 quelques pas, tout comme la c\u00e9l\u00e8bre Getreidegasse. <\/p>\n<p>Hier et aujourd&#8217;hui en parfaite harmonie : <strong>bienvenue au<\/strong> <strong>IMLAUER Palais Mirabell<\/strong> (anciennement Hotel am Mirabellplatz).<\/p>\n<\/div><div class=\"fusion-alignleft\"><a class=\"fusion-button button-flat fusion-button-default-size button-default fusion-button-default button-4 fusion-button-default-span \" target=\"_self\" href=\"https:\/\/imlauer.com\/imlauer-palais-mirabell\/guide-de-la-ville\/?lang=fr\"><span class=\"fusion-button-text awb-button__text awb-button__text--default\">D\u00e9couvrir Salzbourg<\/span><\/a><\/div><div class=\"fusion-clearfix\"><\/div><\/div><\/div><\/div><\/div><div class=\"fusion-fullwidth fullwidth-box fusion-builder-row-6 fusion-flex-container has-pattern-background has-mask-background nonhundred-percent-fullwidth non-hundred-percent-height-scrolling\" style=\"--awb-border-radius-top-left:0px;--awb-border-radius-top-right:0px;--awb-border-radius-bottom-right:0px;--awb-border-radius-bottom-left:0px;--awb-margin-top:35px;--awb-flex-wrap:wrap;\" ><div class=\"fusion-builder-row fusion-row fusion-flex-align-items-flex-start fusion-flex-content-wrap\" style=\"max-width:1352px;margin-left: calc(-4% \/ 2 );margin-right: calc(-4% \/ 2 );\"><div class=\"fusion-layout-column fusion_builder_column fusion-builder-column-8 fusion_builder_column_1_2 1_2 fusion-flex-column fusion-column-inner-bg-wrapper overlay\" style=\"--awb-padding-top:10%;--awb-padding-right:15%;--awb-padding-bottom:10%;--awb-padding-left:15%;--awb-inner-bg-color:#f0f0f0;--awb-inner-bg-color-hover:#f0f0f0;--awb-inner-bg-position:center center;--awb-inner-bg-size:cover;--awb-width-large:50%;--awb-margin-top-large:2px;--awb-spacing-right-large:1px;--awb-margin-bottom-large:0px;--awb-spacing-left-large:3.84%;--awb-width-medium:100%;--awb-order-medium:0;--awb-spacing-right-medium:1.92%;--awb-spacing-left-medium:1.92%;--awb-width-small:100%;--awb-order-small:0;--awb-spacing-right-small:1.92%;--awb-spacing-left-small:1.92%;\" data-scroll-devices=\"small-visibility,medium-visibility,large-visibility\"><span class=\"fusion-column-inner-bg hover-type-zoomin\"><a class=\"fusion-column-anchor\" href=\"https:\/\/imlauer.com\/imlauer-palais-mirabell\/chambre\/?lang=fr\"><span class=\"fusion-column-inner-bg-image lazyload\" data-bg=\"https:\/\/imlauer.com\/imlauer-palais-mirabell\/wp-content\/uploads\/2026\/04\/IMLAUERPalaisMirabelleroeffnung-141.jpg\"><\/span><\/a><\/span><div class=\"fusion-column-wrapper fusion-column-has-shadow fusion-flex-justify-content-center fusion-content-layout-column fusion-column-has-bg-image\" data-bg-url=\"https:\/\/imlauer.com\/imlauer-palais-mirabell\/wp-content\/uploads\/2026\/04\/IMLAUERPalaisMirabelleroeffnung-141.jpg\"><div class=\"fusion-text fusion-text-10\"><h4 style=\"font-size: 33px; line-height: 50px; text-align: center;\"><span style=\"color: #ffffff;\">Chambre<\/span><\/h4>\n<\/div><\/div><\/div><div class=\"fusion-layout-column fusion_builder_column fusion-builder-column-9 fusion_builder_column_1_2 1_2 fusion-flex-column fusion-column-inner-bg-wrapper overlay\" style=\"--awb-padding-top:10%;--awb-padding-right:15%;--awb-padding-bottom:10%;--awb-padding-left:15%;--awb-inner-bg-color:#f0f0f0;--awb-inner-bg-color-hover:#f0f0f0;--awb-inner-bg-position:center center;--awb-inner-bg-size:cover;--awb-width-large:50%;--awb-margin-top-large:2px;--awb-spacing-right-large:1px;--awb-margin-bottom-large:0px;--awb-spacing-left-large:1px;--awb-width-medium:100%;--awb-order-medium:0;--awb-spacing-right-medium:1.92%;--awb-spacing-left-medium:1.92%;--awb-width-small:100%;--awb-order-small:0;--awb-spacing-right-small:1.92%;--awb-spacing-left-small:1.92%;\" data-scroll-devices=\"small-visibility,medium-visibility,large-visibility\"><span class=\"fusion-column-inner-bg hover-type-zoomin\"><a class=\"fusion-column-anchor\" href=\"https:\/\/imlauer.com\/imlauer-palais-mirabell\/galerie-dimages\/?lang=fr\"><span class=\"fusion-column-inner-bg-image lazyload\" data-bg=\"https:\/\/imlauer.com\/imlauer-palais-mirabell\/wp-content\/uploads\/2026\/03\/web_imlauer_0124-0442-web.jpg\"><\/span><\/a><\/span><div class=\"fusion-column-wrapper fusion-column-has-shadow fusion-flex-justify-content-center fusion-content-layout-column fusion-column-has-bg-image\" data-bg-url=\"https:\/\/imlauer.com\/imlauer-palais-mirabell\/wp-content\/uploads\/2026\/03\/web_imlauer_0124-0442-web.jpg\"><div class=\"fusion-text fusion-text-11\"><h4 style=\"font-size: 33px; line-height: 50px; text-align: center;\"><span style=\"color: #ffffff;\">Galerie d&#8217;images<\/span><\/h4>\n<\/div><\/div><\/div><div class=\"fusion-layout-column fusion_builder_column fusion-builder-column-10 fusion_builder_column_1_2 1_2 fusion-flex-column fusion-column-inner-bg-wrapper overlay\" style=\"--awb-padding-top:10%;--awb-padding-right:15%;--awb-padding-bottom:3%;--awb-padding-left:15%;--awb-inner-bg-color:#f0f0f0;--awb-inner-bg-color-hover:#f0f0f0;--awb-inner-bg-position:center center;--awb-inner-bg-size:cover;--awb-width-large:50%;--awb-margin-top-large:2px;--awb-spacing-right-large:1px;--awb-margin-bottom-large:0px;--awb-spacing-left-large:25.994318px;--awb-width-medium:100%;--awb-order-medium:0;--awb-spacing-right-medium:1.92%;--awb-spacing-left-medium:1.92%;--awb-width-small:100%;--awb-order-small:0;--awb-spacing-right-small:1.92%;--awb-spacing-left-small:1.92%;\" data-scroll-devices=\"small-visibility,medium-visibility,large-visibility\"><span class=\"fusion-column-inner-bg hover-type-zoomin\"><a class=\"fusion-column-anchor\" href=\"https:\/\/imlauer.com\/imlauer-palais-mirabell\/restaurants\/?lang=fr\"><span class=\"fusion-column-inner-bg-image lazyload\" data-bg=\"https:\/\/imlauer.com\/imlauer-palais-mirabell\/wp-content\/uploads\/2025\/02\/Tafelspitz-mit-Bier-overlay-1.jpg\"><\/span><\/a><\/span><div class=\"fusion-column-wrapper fusion-column-has-shadow fusion-flex-justify-content-center fusion-content-layout-column fusion-column-has-bg-image\" data-bg-url=\"https:\/\/imlauer.com\/imlauer-palais-mirabell\/wp-content\/uploads\/2025\/02\/Tafelspitz-mit-Bier-overlay-1.jpg\"><div class=\"fusion-text fusion-text-12\"><h4 style=\"font-size: 33px; line-height: 50px; text-align: center;\"><span style=\"color: #ffffff;\">IMLAUER Restaurants Salzbourg<\/span><\/h4>\n<\/div><\/div><\/div><div class=\"fusion-layout-column fusion_builder_column fusion-builder-column-11 fusion_builder_column_1_2 1_2 fusion-flex-column fusion-column-inner-bg-wrapper overlay\" style=\"--awb-padding-top:10%;--awb-padding-right:15%;--awb-padding-bottom:10%;--awb-padding-left:15%;--awb-inner-bg-color:#f0f0f0;--awb-inner-bg-color-hover:#f0f0f0;--awb-inner-bg-position:center center;--awb-inner-bg-size:cover;--awb-width-large:50%;--awb-margin-top-large:2px;--awb-spacing-right-large:0%;--awb-margin-bottom-large:0px;--awb-spacing-left-large:1px;--awb-width-medium:100%;--awb-order-medium:0;--awb-spacing-right-medium:1.92%;--awb-spacing-left-medium:1.92%;--awb-width-small:100%;--awb-order-small:0;--awb-spacing-right-small:1.92%;--awb-spacing-left-small:1.92%;\" data-scroll-devices=\"small-visibility,medium-visibility,large-visibility\"><span class=\"fusion-column-inner-bg hover-type-zoomin\"><a class=\"fusion-column-anchor\" href=\"https:\/\/imlauer.com\/imlauer-palais-mirabell\/jetzt-buchen\/\"><span class=\"fusion-column-inner-bg-image lazyload\" data-bg=\"https:\/\/imlauer.com\/imlauer-palais-mirabell\/wp-content\/uploads\/2026\/04\/IMLAUERPalaisMirabelleroeffnung-132.jpg\"><\/span><\/a><\/span><div class=\"fusion-column-wrapper fusion-column-has-shadow fusion-flex-justify-content-center fusion-content-layout-column fusion-column-has-bg-image\" data-bg-url=\"https:\/\/imlauer.com\/imlauer-palais-mirabell\/wp-content\/uploads\/2026\/04\/IMLAUERPalaisMirabelleroeffnung-132.jpg\"><div class=\"fusion-text fusion-text-13\"><h4 style=\"font-size: 33px; line-height: 50px; text-align: center;\"><span style=\"color: #ffffff;\">R\u00e9server<\/span><\/h4>\n<\/div><\/div><\/div><\/div><\/div><div class=\"fusion-fullwidth fullwidth-box fusion-builder-row-7 hundred-percent-fullwidth non-hundred-percent-height-scrolling fusion-equal-height-columns linkboxen\" style=\"--awb-border-radius-top-left:0px;--awb-border-radius-top-right:0px;--awb-border-radius-bottom-right:0px;--awb-border-radius-bottom-left:0px;--awb-margin-bottom:0px;--awb-flex-wrap:wrap;\" ><div class=\"fusion-builder-row fusion-row\"><\/div><\/div><div class=\"fusion-fullwidth fullwidth-box fusion-builder-row-8 hundred-percent-fullwidth non-hundred-percent-height-scrolling fusion-equal-height-columns\" style=\"--awb-background-position:left top;--awb-border-sizes-top:0px;--awb-border-sizes-bottom:0px;--awb-border-sizes-left:0px;--awb-border-sizes-right:0px;--awb-border-radius-top-left:0px;--awb-border-radius-top-right:0px;--awb-border-radius-bottom-right:0px;--awb-border-radius-bottom-left:0px;--awb-padding-top:80px;--awb-padding-right:20px;--awb-padding-bottom:0px;--awb-padding-left:20px;--awb-flex-wrap:wrap;\" ><div class=\"fusion-builder-row fusion-row\"><div class=\"fusion-layout-column fusion_builder_column fusion-builder-column-12 fusion_builder_column_1_1 1_1 fusion-one-full fusion-column-first fusion-column-last fusion-column-no-min-height\" style=\"--awb-bg-blend:overlay;--awb-bg-size:cover;--awb-margin-bottom:0px;\"><div class=\"fusion-column-wrapper fusion-flex-column-wrapper-legacy\"><div class=\"fusion-content-boxes content-boxes columns row fusion-columns-5 fusion-columns-total-5 fusion-content-boxes-1 content-boxes-icon-on-top content-left\" style=\"--awb-backgroundcolor:#ffffff;--awb-body-color:#636362;--awb-title-color:#af9755;--awb-iconcolor:#008ab4;--awb-hover-accent-color:#af9755;--awb-circle-hover-accent-color:transparent;\" data-animationOffset=\"top-into-view\"><div style=\"--awb-backgroundcolor:#ffffff;--awb-iconcolor:#008ab4;\" class=\"fusion-column content-box-column content-box-column-1 col-lg-2 col-md-2 col-sm-2 fusion-content-box-hover content-box-column-first-in-row\"><div class=\"col content-box-wrapper content-wrapper-background link-area-box link-type-text icon-hover-animation-slide\" data-link=\"https:\/\/imlauer.com\/imlauer-palais-mirabell\/chambre\/?lang=fr\" data-link-target=\"_self\" data-animationOffset=\"top-into-view\"><div class=\"heading heading-with-icon icon-left\"><a class=\"heading-link\" href=\"https:\/\/imlauer.com\/imlauer-palais-mirabell\/chambre\/?lang=fr\" target=\"_self\"><div aria-hidden=\"true\" class=\"image\"><img decoding=\"async\" class=\"lazyload\" src=\"data:image\/svg+xml,%3Csvg%20xmlns%3D%27http%3A%2F%2Fwww.w3.org%2F2000%2Fsvg%27%20width%3D%27100%27%20height%3D%27100%27%20viewBox%3D%270%200%20100%20100%27%3E%3Crect%20width%3D%27100%27%20height%3D%27100%27%20fill-opacity%3D%220%22%2F%3E%3C%2Fsvg%3E\" data-orig-src=\"https:\/\/imlauer.com\/imlauer-palais-mirabell\/wp-content\/uploads\/2025\/02\/bett.png\" width=\"100\" height=\"100\" alt=\"\" \/><\/div><h2 class=\"content-box-heading\" style=\"--h2_typography-font-size:20px;line-height:25px;\">Chambre<\/h2><\/a><\/div><div class=\"fusion-clearfix\"><\/div><div class=\"content-container\">\n<p>70 chambres avec Wi-Fi gratuit &amp; climatisation<\/p>\n<\/div><div class=\"fusion-clearfix\"><\/div><a class=\" fusion-read-more\" href=\"https:\/\/imlauer.com\/imlauer-palais-mirabell\/chambre\/?lang=fr\" target=\"_self\">Plus d&#039;informations<\/a><div class=\"fusion-clearfix\"><\/div><\/div><\/div><div style=\"--awb-backgroundcolor:#ffffff;--awb-iconcolor:#008ab4;\" class=\"fusion-column content-box-column content-box-column-2 col-lg-2 col-md-2 col-sm-2 fusion-content-box-hover \"><div class=\"col content-box-wrapper content-wrapper-background link-area-box link-type-text icon-hover-animation-slide\" data-link=\"https:\/\/imlauer.com\/imlauer-palais-mirabell\/important-a-savoir\/?lang=fr\" data-link-target=\"_self\" data-animationOffset=\"top-into-view\"><div class=\"heading heading-with-icon icon-left\"><a class=\"heading-link\" href=\"https:\/\/imlauer.com\/imlauer-palais-mirabell\/important-a-savoir\/?lang=fr\" target=\"_self\"><div aria-hidden=\"true\" class=\"image\"><img decoding=\"async\" class=\"lazyload\" src=\"data:image\/svg+xml,%3Csvg%20xmlns%3D%27http%3A%2F%2Fwww.w3.org%2F2000%2Fsvg%27%20width%3D%27100%27%20height%3D%27100%27%20viewBox%3D%270%200%20100%20100%27%3E%3Crect%20width%3D%27100%27%20height%3D%27100%27%20fill-opacity%3D%220%22%2F%3E%3C%2Fsvg%3E\" data-orig-src=\"https:\/\/imlauer.com\/imlauer-palais-mirabell\/wp-content\/uploads\/2025\/02\/schluessel.png\" width=\"100\" height=\"100\" alt=\"\" \/><\/div><h2 class=\"content-box-heading\" style=\"--h2_typography-font-size:20px;line-height:25px;\">Check In &amp; Check Out<\/h2><\/a><\/div><div class=\"fusion-clearfix\"><\/div><div class=\"content-container\">Check In \u00e0 partir de 15h00<br \/>\nCheck Out avant 11h00<\/div><\/div><\/div><div style=\"--awb-backgroundcolor:#ffffff;--awb-iconcolor:#008ab4;\" class=\"fusion-column content-box-column content-box-column-3 col-lg-2 col-md-2 col-sm-2 fusion-content-box-hover \"><div class=\"col content-box-wrapper content-wrapper-background link-area-box link-type-text icon-hover-animation-slide\" data-link=\"https:\/\/imlauer.com\/imlauer-palais-mirabell\/important-a-savoir\/?lang=fr\" data-link-target=\"_self\" data-animationOffset=\"top-into-view\"><div class=\"heading heading-with-icon icon-left\"><a class=\"heading-link\" href=\"https:\/\/imlauer.com\/imlauer-palais-mirabell\/important-a-savoir\/?lang=fr\" target=\"_self\"><div aria-hidden=\"true\" class=\"image\"><img decoding=\"async\" class=\"lazyload\" src=\"data:image\/svg+xml,%3Csvg%20xmlns%3D%27http%3A%2F%2Fwww.w3.org%2F2000%2Fsvg%27%20width%3D%27100%27%20height%3D%27100%27%20viewBox%3D%270%200%20100%20100%27%3E%3Crect%20width%3D%27100%27%20height%3D%27100%27%20fill-opacity%3D%220%22%2F%3E%3C%2Fsvg%3E\" data-orig-src=\"https:\/\/imlauer.com\/imlauer-palais-mirabell\/wp-content\/uploads\/2025\/02\/parking.png\" width=\"100\" height=\"100\" alt=\"\" \/><\/div><h2 class=\"content-box-heading\" style=\"--h2_typography-font-size:20px;line-height:25px;\">Stationnement - Parking<\/h2><\/a><\/div><div class=\"fusion-clearfix\"><\/div><div class=\"content-container\">Parking souterrain sur la Mirabellplatz<br \/>\n\u20ac 39,00 par jour &amp; emplacement. Informations importantes <a href=\"https:\/\/imlauer.com\/imlauer-palais-mirabell\/situation-acces\/?lang=fr\" target=\"_blank\" rel=\"noopener\">ici.<\/a><br \/>\n1 station de recharge \u00e9lectrique (utilisation payante)<\/div><\/div><\/div><div style=\"--awb-backgroundcolor:#ffffff;--awb-iconcolor:#008ab4;\" class=\"fusion-column content-box-column content-box-column-4 col-lg-2 col-md-2 col-sm-2 fusion-content-box-hover \"><div class=\"col content-box-wrapper content-wrapper-background link-area-box link-type-text icon-hover-animation-slide\" data-link=\"https:\/\/imlauer.com\/imlauer-palais-mirabell\/situation-acces\/?lang=fr\" data-link-target=\"_self\" data-animationOffset=\"top-into-view\"><div class=\"heading heading-with-icon icon-left\"><a class=\"heading-link\" href=\"https:\/\/imlauer.com\/imlauer-palais-mirabell\/situation-acces\/?lang=fr\" target=\"_self\"><div aria-hidden=\"true\" class=\"image\"><img decoding=\"async\" class=\"lazyload\" src=\"data:image\/svg+xml,%3Csvg%20xmlns%3D%27http%3A%2F%2Fwww.w3.org%2F2000%2Fsvg%27%20width%3D%27100%27%20height%3D%27100%27%20viewBox%3D%270%200%20100%20100%27%3E%3Crect%20width%3D%27100%27%20height%3D%27100%27%20fill-opacity%3D%220%22%2F%3E%3C%2Fsvg%3E\" data-orig-src=\"https:\/\/imlauer.com\/imlauer-palais-mirabell\/wp-content\/uploads\/2025\/02\/wegweiser-1.png\" width=\"100\" height=\"100\" alt=\"\" \/><\/div><h2 class=\"content-box-heading\" style=\"--h2_typography-font-size:20px;line-height:25px;\">Situation &amp; acc\u00e8s<\/h2><\/a><\/div><div class=\"fusion-clearfix\"><\/div><div class=\"content-container\">Vous trouverez <a href=\"https:\/\/imlauer.com\/imlauer-palais-mirabell\/situation-acces\/?lang=fr\" target=\"_blank\" rel=\"noopener\">ici<\/a> toutes les informations sur l&#8217;emplacement et l&#8217;acc\u00e8s au site.<\/div><\/div><\/div><div style=\"--awb-backgroundcolor:#ffffff;--awb-iconcolor:#008ab4;\" class=\"fusion-column content-box-column content-box-column-5 col-lg-2 col-md-2 col-sm-2 fusion-content-box-hover content-box-column-last content-box-column-last-in-row\"><div class=\"col content-box-wrapper content-wrapper-background link-area-box link-type-text icon-hover-animation-slide\" data-link=\"https:\/\/imlauer.com\/imlauer-palais-mirabell\/restaurants\/?lang=fr\" data-link-target=\"_self\" data-animationOffset=\"top-into-view\"><div class=\"heading heading-with-icon icon-left\"><a class=\"heading-link\" href=\"https:\/\/imlauer.com\/imlauer-palais-mirabell\/restaurants\/?lang=fr\" target=\"_self\"><div aria-hidden=\"true\" class=\"image\"><img decoding=\"async\" class=\"lazyload\" src=\"data:image\/svg+xml,%3Csvg%20xmlns%3D%27http%3A%2F%2Fwww.w3.org%2F2000%2Fsvg%27%20width%3D%27100%27%20height%3D%27100%27%20viewBox%3D%270%200%20100%20100%27%3E%3Crect%20width%3D%27100%27%20height%3D%27100%27%20fill-opacity%3D%220%22%2F%3E%3C%2Fsvg%3E\" data-orig-src=\"https:\/\/imlauer.com\/imlauer-palais-mirabell\/wp-content\/uploads\/2025\/02\/besteck-1.png\" width=\"100\" height=\"100\" alt=\"\" \/><\/div><h2 class=\"content-box-heading\" style=\"--h2_typography-font-size:20px;line-height:25px;\">Manger dans les environs<\/h2><\/a><\/div><div class=\"fusion-clearfix\"><\/div><div class=\"content-container\">Visitez nos restaurants \u00e0 l&#8217;h\u00f4tel IMLAUER Pitter ainsi que le restaurant de la brasserie IMLAUER.<\/div><\/div><\/div><div class=\"fusion-clearfix\"><\/div><\/div><div class=\"fusion-clearfix\"><\/div><\/div><\/div><\/div><\/div><\/p>\n","protected":false},"excerpt":{"rendered":"","protected":false},"author":1,"featured_media":0,"parent":0,"menu_order":0,"comment_status":"closed","ping_status":"closed","template":"100-width.php","meta":{"footnotes":""},"class_list":["post-7062","page","type-page","status-publish","hentry"],"_links":{"self":[{"href":"https:\/\/imlauer.com\/imlauer-palais-mirabell\/wp-json\/wp\/v2\/pages\/7062","targetHints":{"allow":["GET"]}}],"collection":[{"href":"https:\/\/imlauer.com\/imlauer-palais-mirabell\/wp-json\/wp\/v2\/pages"}],"about":[{"href":"https:\/\/imlauer.com\/imlauer-palais-mirabell\/wp-json\/wp\/v2\/types\/page"}],"author":[{"embeddable":true,"href":"https:\/\/imlauer.com\/imlauer-palais-mirabell\/wp-json\/wp\/v2\/users\/1"}],"replies":[{"embeddable":true,"href":"https:\/\/imlauer.com\/imlauer-palais-mirabell\/wp-json\/wp\/v2\/comments?post=7062"}],"version-history":[{"count":310,"href":"https:\/\/imlauer.com\/imlauer-palais-mirabell\/wp-json\/wp\/v2\/pages\/7062\/revisions"}],"predecessor-version":[{"id":48153,"href":"https:\/\/imlauer.com\/imlauer-palais-mirabell\/wp-json\/wp\/v2\/pages\/7062\/revisions\/48153"}],"wp:attachment":[{"href":"https:\/\/imlauer.com\/imlauer-palais-mirabell\/wp-json\/wp\/v2\/media?parent=7062"}],"curies":[{"name":"wp","href":"https:\/\/api.w.org\/{rel}","templated":true}]}}