{"id":7065,"date":"2019-06-13T08:17:43","date_gmt":"2019-06-13T08:17:43","guid":{"rendered":"https:\/\/imlauer.com\/hotel-am-mirabellplatz\/hotel-am-mirabellplatz-salzburgo\/"},"modified":"2026-04-29T08:57:31","modified_gmt":"2026-04-29T08:57:31","slug":"hotel-am-mirabellplatz-salzburgo","status":"publish","type":"page","link":"https:\/\/imlauer.com\/imlauer-palais-mirabell\/hotel-am-mirabellplatz-salzburgo\/?lang=es","title":{"rendered":"IMLAUER Palais Mirabell &#8211; Hotel am Mirabellplatz Salzburgo"},"content":{"rendered":"<p><div class=\"fusion-fullwidth fullwidth-box fusion-builder-row-1 has-pattern-background has-mask-background nonhundred-percent-fullwidth hundred-percent-height hundred-percent-height-center-content non-hundred-percent-height-scrolling\" style=\"--awb-border-radius-top-left:0px;--awb-border-radius-top-right:0px;--awb-border-radius-bottom-right:0px;--awb-border-radius-bottom-left:0px;--awb-flex-wrap:wrap;\" ><div class=\"awb-background-slider\" data-type=\"container\" data-loop=\"yes\" data-animation=\"fade\" data-slideshow-speed=\"6000\" data-animation-speed=\"1200\" data-direction=\"up\" style=\"--awb-image-position:50% 50%;\"><div class=\"swiper-wrapper\"><div class=\"swiper-slide\"><img decoding=\"async\" width=\"2048\" height=\"1536\" src=\"https:\/\/imlauer.com\/imlauer-palais-mirabell\/wp-content\/uploads\/2026\/04\/2026_patrese_imlauer_palais_mirabell-147.jpg\" class=\"awb-background-slider__image lazyload\" alt=\"\" srcset=\"data:image\/svg+xml,%3Csvg%20xmlns%3D%27http%3A%2F%2Fwww.w3.org%2F2000%2Fsvg%27%20width%3D%272048%27%20height%3D%271536%27%20viewBox%3D%270%200%202048%201536%27%3E%3Crect%20width%3D%272048%27%20height%3D%271536%27%20fill-opacity%3D%220%22%2F%3E%3C%2Fsvg%3E\" data-orig-src=\"https:\/\/imlauer.com\/imlauer-palais-mirabell\/wp-content\/uploads\/2026\/04\/2026_patrese_imlauer_palais_mirabell-147.jpg\" data-srcset=\"https:\/\/imlauer.com\/imlauer-palais-mirabell\/wp-content\/uploads\/2026\/04\/2026_patrese_imlauer_palais_mirabell-147-200x150.jpg 200w, https:\/\/imlauer.com\/imlauer-palais-mirabell\/wp-content\/uploads\/2026\/04\/2026_patrese_imlauer_palais_mirabell-147-300x225.jpg 300w, https:\/\/imlauer.com\/imlauer-palais-mirabell\/wp-content\/uploads\/2026\/04\/2026_patrese_imlauer_palais_mirabell-147-400x300.jpg 400w, https:\/\/imlauer.com\/imlauer-palais-mirabell\/wp-content\/uploads\/2026\/04\/2026_patrese_imlauer_palais_mirabell-147-600x450.jpg 600w, https:\/\/imlauer.com\/imlauer-palais-mirabell\/wp-content\/uploads\/2026\/04\/2026_patrese_imlauer_palais_mirabell-147-768x576.jpg 768w, https:\/\/imlauer.com\/imlauer-palais-mirabell\/wp-content\/uploads\/2026\/04\/2026_patrese_imlauer_palais_mirabell-147-800x600.jpg 800w, https:\/\/imlauer.com\/imlauer-palais-mirabell\/wp-content\/uploads\/2026\/04\/2026_patrese_imlauer_palais_mirabell-147-1024x768.jpg 1024w, https:\/\/imlauer.com\/imlauer-palais-mirabell\/wp-content\/uploads\/2026\/04\/2026_patrese_imlauer_palais_mirabell-147-1200x900.jpg 1200w, https:\/\/imlauer.com\/imlauer-palais-mirabell\/wp-content\/uploads\/2026\/04\/2026_patrese_imlauer_palais_mirabell-147-1536x1152.jpg 1536w, https:\/\/imlauer.com\/imlauer-palais-mirabell\/wp-content\/uploads\/2026\/04\/2026_patrese_imlauer_palais_mirabell-147.jpg 2048w\" data-sizes=\"auto\" \/><\/div><div class=\"swiper-slide\"><img decoding=\"async\" width=\"2560\" height=\"1920\" src=\"https:\/\/imlauer.com\/imlauer-palais-mirabell\/wp-content\/uploads\/2026\/04\/2026_patrese_salzburg-225-scaled.jpg\" class=\"awb-background-slider__image lazyload\" alt=\"\" srcset=\"data:image\/svg+xml,%3Csvg%20xmlns%3D%27http%3A%2F%2Fwww.w3.org%2F2000%2Fsvg%27%20width%3D%272560%27%20height%3D%271920%27%20viewBox%3D%270%200%202560%201920%27%3E%3Crect%20width%3D%272560%27%20height%3D%271920%27%20fill-opacity%3D%220%22%2F%3E%3C%2Fsvg%3E\" data-orig-src=\"https:\/\/imlauer.com\/imlauer-palais-mirabell\/wp-content\/uploads\/2026\/04\/2026_patrese_salzburg-225-scaled.jpg\" data-srcset=\"https:\/\/imlauer.com\/imlauer-palais-mirabell\/wp-content\/uploads\/2026\/04\/2026_patrese_salzburg-225-200x150.jpg 200w, https:\/\/imlauer.com\/imlauer-palais-mirabell\/wp-content\/uploads\/2026\/04\/2026_patrese_salzburg-225-300x225.jpg 300w, https:\/\/imlauer.com\/imlauer-palais-mirabell\/wp-content\/uploads\/2026\/04\/2026_patrese_salzburg-225-400x300.jpg 400w, https:\/\/imlauer.com\/imlauer-palais-mirabell\/wp-content\/uploads\/2026\/04\/2026_patrese_salzburg-225-600x450.jpg 600w, https:\/\/imlauer.com\/imlauer-palais-mirabell\/wp-content\/uploads\/2026\/04\/2026_patrese_salzburg-225-768x576.jpg 768w, https:\/\/imlauer.com\/imlauer-palais-mirabell\/wp-content\/uploads\/2026\/04\/2026_patrese_salzburg-225-800x600.jpg 800w, https:\/\/imlauer.com\/imlauer-palais-mirabell\/wp-content\/uploads\/2026\/04\/2026_patrese_salzburg-225-1024x768.jpg 1024w, https:\/\/imlauer.com\/imlauer-palais-mirabell\/wp-content\/uploads\/2026\/04\/2026_patrese_salzburg-225-1200x900.jpg 1200w, https:\/\/imlauer.com\/imlauer-palais-mirabell\/wp-content\/uploads\/2026\/04\/2026_patrese_salzburg-225-1536x1152.jpg 1536w, https:\/\/imlauer.com\/imlauer-palais-mirabell\/wp-content\/uploads\/2026\/04\/2026_patrese_salzburg-225-scaled.jpg 2560w\" data-sizes=\"auto\" \/><\/div><\/div><\/div><div class=\"fusion-fullwidth-center-content\"><div class=\"fusion-builder-row fusion-row\"><div class=\"fusion-layout-column fusion_builder_column fusion-builder-column-0 fusion_builder_column_1_1 1_1 fusion-one-full fusion-column-first fusion-column-last\" style=\"--awb-bg-blend:overlay;--awb-bg-size:cover;\"><div class=\"fusion-column-wrapper fusion-column-has-shadow fusion-flex-column-wrapper-legacy\"><div class=\"fusion-sep-clear\"><\/div><div class=\"fusion-separator fusion-full-width-sep\" style=\"margin-left: auto;margin-right: auto;margin-top:300px;width:100%;\"><\/div><div class=\"fusion-sep-clear\"><\/div><div class=\"fusion-clearfix\"><\/div><\/div><\/div><\/div><\/div><\/div><div class=\"fusion-fullwidth fullwidth-box fusion-builder-row-2 nonhundred-percent-fullwidth non-hundred-percent-height-scrolling fusion-equal-height-columns fusion-no-small-visibility fusion-no-medium-visibility\" style=\"--awb-background-position:left top;--awb-border-sizes-top:0px;--awb-border-sizes-bottom:0px;--awb-border-sizes-left:0px;--awb-border-sizes-right:0px;--awb-border-radius-top-left:0px;--awb-border-radius-top-right:0px;--awb-border-radius-bottom-right:0px;--awb-border-radius-bottom-left:0px;--awb-padding-top:0px;--awb-padding-bottom:0px;--awb-flex-wrap:wrap;\" ><div class=\"fusion-builder-row fusion-row\"><div class=\"fusion-layout-column fusion_builder_column fusion-builder-column-1 fusion_builder_column_1_1 1_1 fusion-one-full fusion-column-first fusion-column-last rahmen\" style=\"--awb-padding-top:40px;--awb-padding-right:40px;--awb-padding-bottom:40px;--awb-padding-left:40px;--awb-bg-position:right bottom;--awb-bg-blend:overlay;--awb-bg-size:cover;--awb-border-color:rgba(175,151,85,0.29);--awb-border-top:1px;--awb-border-right:1px;--awb-border-bottom:1px;--awb-border-left:1px;--awb-border-style:solid;\"><div class=\"fusion-column-wrapper fusion-column-has-shadow fusion-flex-column-wrapper-legacy\"><div class=\"fusion-column-content-centered\"><div class=\"fusion-column-content\"><div class=\"fusion-text fusion-text-1\"><p style=\"letter-spacing: 4px; font-size: 13px; text-align: center; margin-bottom: 0px;\">El hotel con historia<\/p>\n<h1 style=\"text-align: center;\">BIENVENIDO A SALZBURGO<\/h1>\n<h2 style=\"text-align: center;\">Ayer y hoy en perfecta armon\u00eda<\/h2>\n<\/div><div class=\"fusion-text fusion-text-2\"><p style=\"text-align: center;\">El <strong>IMLAUER Palais Mirabell<\/strong> (antes Hotel am Mirabellplatz) combina la arquitectura hist\u00f3rica de 1653 con el confort moderno y una de las mejores ubicaciones de Salzburgo: justo en Mirabellplatz, en el centro del casco antiguo, a pocos pasos del Palacio Mirabell y de la residencia de Mozart.<\/p>\n<p style=\"text-align: center;\"><strong>Desde marzo de 2026, el Hotel Palais, elegantemente renovado, vuelve a dar la bienvenida a sus hu\u00e9spedes<\/strong>, combinando la sustancia original del hotel con un dise\u00f1o contempor\u00e1neo. El nuevo vest\u00edbulo se presenta como la elegante pieza central del hotel, una aut\u00e9ntica joya que combina armoniosamente pasado y presente. <\/p>\n<p style=\"text-align: center;\">Las habitaciones y suites, dise\u00f1adas individualmente, ofrecen una aut\u00e9ntica experiencia en Salzburgo, caracterizada por el ambiente, los detalles especiales y la sensaci\u00f3n de estar en medio de la ciudad y, sin embargo, completamente en casa.<\/p>\n<\/div><div class=\"fusion-sep-clear\"><\/div><div class=\"fusion-separator fusion-full-width-sep\" style=\"margin-left: auto;margin-right: auto;margin-top:10px;width:100%;\"><\/div><div class=\"fusion-sep-clear\"><\/div><div class=\"fusion-aligncenter\"><a class=\"fusion-button button-flat button-large button-custom fusion-button-default button-1 fusion-button-default-span \" style=\"--button_accent_color:#af9755;--button_accent_hover_color:#ffffff;--button_border_hover_color:#af9755;--button_gradient_top_color:#ffffff;--button_gradient_bottom_color:#ffffff;--button_gradient_top_color_hover:#af9755;--button_gradient_bottom_color_hover:#af9755;--button_text_transform:uppercase;\" target=\"_self\" href=\"https:\/\/imlauer.com\/imlauer-palais-mirabell\/habitacion\/?lang=es\"><span class=\"fusion-button-icon-divider button-icon-divider-left\"><i class=\"fa-angle-right fas awb-button__icon awb-button__icon--default\" aria-hidden=\"true\"><\/i><\/span><span class=\"fusion-button-text awb-button__text awb-button__text--default fusion-button-text-left\">Descubra nuestras habitaciones<\/span><\/a><\/div><\/div><\/div><div class=\"fusion-clearfix\"><\/div><\/div><\/div><\/div><\/div><div class=\"fusion-fullwidth fullwidth-box fusion-builder-row-3 nonhundred-percent-fullwidth non-hundred-percent-height-scrolling fusion-no-large-visibility\" style=\"--awb-background-position:left top;--awb-border-sizes-top:0px;--awb-border-sizes-bottom:0px;--awb-border-sizes-left:0px;--awb-border-sizes-right:0px;--awb-border-radius-top-left:0px;--awb-border-radius-top-right:0px;--awb-border-radius-bottom-right:0px;--awb-border-radius-bottom-left:0px;--awb-padding-top:0px;--awb-padding-bottom:0px;--awb-flex-wrap:wrap;\" ><div class=\"fusion-builder-row fusion-row\"><div class=\"fusion-layout-column fusion_builder_column fusion-builder-column-2 fusion_builder_column_1_1 1_1 fusion-one-full fusion-column-first fusion-column-last\" style=\"--awb-padding-top:40px;--awb-padding-bottom:40px;--awb-bg-position:right bottom;--awb-bg-size:cover;--awb-border-color:rgba(175,151,85,0.29);--awb-border-top:0;--awb-border-right:0;--awb-border-bottom:0;--awb-border-left:0;--awb-border-style:solid;\"><div class=\"fusion-column-wrapper fusion-column-has-shadow fusion-flex-column-wrapper-legacy\"><div class=\"fusion-column-content-centered\"><div class=\"fusion-column-content\"><div class=\"fusion-text fusion-text-3\"><p style=\"letter-spacing: 4px; font-size: 13px; text-align: center; margin-bottom: 0px;\">El hotel con historia<\/p>\n<h2 style=\"text-align: center; font-size: 25;\">BIENVENIDO A SALZBURGO<\/h2>\n<h2 style=\"text-align: center;\">Ayer y hoy en perfecta armon\u00eda<\/h2>\n<\/div><div class=\"fusion-text fusion-text-4\"><p style=\"text-align: center;\">El <strong>IMLAUER Palais Mirabell<\/strong> (antes Hotel am Mirabellplatz) combina la arquitectura hist\u00f3rica de 1653 con el confort moderno y una de las mejores ubicaciones de Salzburgo: justo en Mirabellplatz, en el centro del casco antiguo, a pocos pasos del Palacio Mirabell y de la residencia de Mozart.<\/p>\n<p style=\"text-align: center;\"><strong>Desde marzo de 2026, el Hotel Palais, elegantemente renovado, vuelve a dar la bienvenida a sus hu\u00e9spedes<\/strong>, combinando la sustancia original del hotel con un dise\u00f1o contempor\u00e1neo. El nuevo vest\u00edbulo se presenta como la elegante pieza central del hotel, una aut\u00e9ntica joya que combina armoniosamente pasado y presente. <\/p>\n<p style=\"text-align: center;\">Las habitaciones y suites, dise\u00f1adas individualmente, ofrecen una aut\u00e9ntica experiencia en Salzburgo, caracterizada por el ambiente, los detalles especiales y la sensaci\u00f3n de estar en medio de la ciudad y, sin embargo, completamente en casa.<\/p>\n<p style=\"text-align: center;\">.<\/p>\n<\/div><div class=\"fusion-sep-clear\"><\/div><div class=\"fusion-separator fusion-full-width-sep\" style=\"margin-left: auto;margin-right: auto;margin-top:10px;width:100%;\"><\/div><div class=\"fusion-sep-clear\"><\/div><div class=\"fusion-aligncenter\"><a class=\"fusion-button button-flat button-large button-custom fusion-button-default button-2 fusion-button-default-span \" style=\"--button_accent_color:#af9755;--button_accent_hover_color:#ffffff;--button_border_hover_color:#af9755;--button_gradient_top_color:#ffffff;--button_gradient_bottom_color:#ffffff;--button_gradient_top_color_hover:#af9755;--button_gradient_bottom_color_hover:#af9755;--button_text_transform:uppercase;\" target=\"_self\" href=\"https:\/\/imlauer.com\/imlauer-palais-mirabell\/habitacion\/?lang=es\"><span class=\"fusion-button-icon-divider button-icon-divider-left\"><i class=\"fa-angle-right fas awb-button__icon awb-button__icon--default\" aria-hidden=\"true\"><\/i><\/span><span class=\"fusion-button-text awb-button__text awb-button__text--default fusion-button-text-left\">Descubra nuestras habitaciones<\/span><\/a><\/div><\/div><\/div><div class=\"fusion-clearfix\"><\/div><\/div><\/div><\/div><\/div><div class=\"fusion-fullwidth fullwidth-box fusion-builder-row-4 nonhundred-percent-fullwidth non-hundred-percent-height-scrolling fusion-equal-height-columns\" style=\"--awb-background-position:left top;--awb-border-sizes-top:0px;--awb-border-sizes-bottom:0px;--awb-border-sizes-left:0px;--awb-border-sizes-right:0px;--awb-border-radius-top-left:0px;--awb-border-radius-top-right:0px;--awb-border-radius-bottom-right:0px;--awb-border-radius-bottom-left:0px;--awb-padding-top:0px;--awb-padding-bottom:20px;--awb-flex-wrap:wrap;\" ><div class=\"fusion-builder-row fusion-row\"><div class=\"fusion-layout-column fusion_builder_column fusion-builder-column-3 fusion_builder_column_1_3 1_3 fusion-one-third fusion-column-first\" style=\"--awb-bg-position:center top;--awb-bg-size:cover;--awb-margin-bottom:0px;\" data-scroll-devices=\"small-visibility,medium-visibility,large-visibility\"><div class=\"fusion-column-wrapper lazyload fusion-column-has-shadow fusion-flex-column-wrapper-legacy fusion-empty-column-bg-image fusion-column-has-bg-image\" data-bg-url=\"https:\/\/imlauer.com\/imlauer-palais-mirabell\/wp-content\/uploads\/2026\/04\/2026_patrese_imlauer_palais_mirabell-149-web.jpg\" data-bg=\"https:\/\/imlauer.com\/imlauer-palais-mirabell\/wp-content\/uploads\/2026\/04\/2026_patrese_imlauer_palais_mirabell-149-web.jpg\"><img decoding=\"async\" class=\"fusion-empty-dims-img-placeholder fusion-no-large-visibility\" alt=\"Bild: Blick ins Doppelzimmer IMLAUER Palais Mirabell\" aria-label=\"imlauer_Palais_mirabell\" src=\"data:image\/svg+xml,%3Csvg%20xmlns%3D%27http%3A%2F%2Fwww.w3.org%2F2000%2Fsvg%27%20width%3D%271000%27%20height%3D%27750%27%20viewBox%3D%270%200%201000%20750%27%3E%3Crect%20width%3D%271000%27%20height%3D%27750%27%20fill-opacity%3D%220%22%2F%3E%3C%2Fsvg%3E\"><div class=\"fusion-clearfix\"><\/div><\/div><\/div><div class=\"fusion-layout-column fusion_builder_column fusion-builder-column-4 fusion_builder_column_1_3 1_3 fusion-one-third\" style=\"--awb-padding-top:40px;--awb-padding-right:40px;--awb-padding-bottom:40px;--awb-padding-left:40px;--awb-bg-color:#af9755;--awb-bg-color-hover:#af9755;--awb-bg-size:cover;--awb-margin-bottom:0px;\"><div class=\"fusion-column-wrapper fusion-column-has-shadow fusion-flex-column-wrapper-legacy\"><div class=\"fusion-text fusion-text-5\"><h2 style=\"text-align: center;\"><span style=\"color: #ffffff;\">LA ALEGR\u00cdA DEL SERVICIO<\/span><\/h2>\n<h3 style=\"text-align: center;\"><em><span style=\"color: #ffffff;\">&#8222;Llevamos el placer del servicio en la sangre. La satisfacci\u00f3n de nuestros hu\u00e9spedes est\u00e1 en el centro de todo lo que hacemos, porque somos una empresa familiar con un toque personal.&#8220; <\/span><\/em><\/h3>\n<p style=\"letter-spacing: 4px; font-size: 22px; text-align: center; line-height: 22px;\"><span style=\"color: #ffffff;\">GEORG IMLAUER<br \/>\n<\/span><\/p>\n<\/div><div class=\"fusion-clearfix\"><\/div><\/div><\/div><div class=\"fusion-layout-column fusion_builder_column fusion-builder-column-5 fusion_builder_column_1_3 1_3 fusion-one-third fusion-column-last\" style=\"--awb-bg-position:center center;--awb-bg-size:cover;--awb-margin-bottom:0px;\" data-scroll-devices=\"small-visibility,medium-visibility,large-visibility\"><div class=\"fusion-column-wrapper lazyload fusion-column-has-shadow fusion-flex-column-wrapper-legacy fusion-empty-column-bg-image fusion-column-has-bg-image\" data-bg-url=\"https:\/\/imlauer.com\/imlauer-palais-mirabell\/wp-content\/uploads\/2026\/04\/2026_patrese_imlauer_palais_mirabell-172-web.jpg\" data-bg=\"https:\/\/imlauer.com\/imlauer-palais-mirabell\/wp-content\/uploads\/2026\/04\/2026_patrese_imlauer_palais_mirabell-172-web.jpg\"><img decoding=\"async\" class=\"fusion-empty-dims-img-placeholder fusion-no-large-visibility\" alt=\"Bild: Doppelzimmer im IMLAUER Palais Mirabell\" aria-label=\"imlauer_palais_mirabell\" src=\"data:image\/svg+xml,%3Csvg%20xmlns%3D%27http%3A%2F%2Fwww.w3.org%2F2000%2Fsvg%27%20width%3D%271000%27%20height%3D%27750%27%20viewBox%3D%270%200%201000%20750%27%3E%3Crect%20width%3D%271000%27%20height%3D%27750%27%20fill-opacity%3D%220%22%2F%3E%3C%2Fsvg%3E\"><div class=\"fusion-clearfix\"><\/div><\/div><\/div><\/div><\/div><div class=\"fusion-fullwidth fullwidth-box fusion-builder-row-5 has-pattern-background has-mask-background nonhundred-percent-fullwidth non-hundred-percent-height-scrolling fusion-equal-height-columns\" style=\"--awb-background-position:left top;--awb-border-sizes-top:0px;--awb-border-sizes-bottom:0px;--awb-border-sizes-left:0px;--awb-border-sizes-right:0px;--awb-border-radius-top-left:0px;--awb-border-radius-top-right:0px;--awb-border-radius-bottom-right:0px;--awb-border-radius-bottom-left:0px;--awb-margin-top:50px;--awb-margin-bottom:35px;--awb-flex-wrap:wrap;\" ><div class=\"fusion-builder-row fusion-row\"><div class=\"fusion-layout-column fusion_builder_column fusion-builder-column-6 fusion_builder_column_1_2 1_2 fusion-one-half fusion-column-first\" style=\"--awb-padding-top:0px;--awb-padding-right:20px;--awb-padding-bottom:0px;--awb-padding-left:20px;--awb-bg-size:cover;--awb-margin-bottom:0px;\" data-scroll-devices=\"small-visibility,medium-visibility,large-visibility\"><div class=\"fusion-column-wrapper fusion-column-has-shadow fusion-flex-column-wrapper-legacy\"><div class=\"fusion-column-content-centered\"><div class=\"fusion-column-content\"><div class=\"fusion-image-element in-legacy-container\" style=\"--awb-caption-title-font-family:var(--h2_typography-font-family);--awb-caption-title-font-weight:var(--h2_typography-font-weight);--awb-caption-title-font-style:var(--h2_typography-font-style);--awb-caption-title-size:var(--h2_typography-font-size);--awb-caption-title-transform:var(--h2_typography-text-transform);--awb-caption-title-line-height:var(--h2_typography-line-height);--awb-caption-title-letter-spacing:var(--h2_typography-letter-spacing);\"><span class=\" fusion-imageframe imageframe-none imageframe-1 hover-type-none\"><img decoding=\"async\" width=\"2048\" height=\"1536\" title=\"2026_patrese_imlauer_palais_mirabell-103\" src=\"https:\/\/imlauer.com\/imlauer-palais-mirabell\/wp-content\/uploads\/2026\/04\/2026_patrese_imlauer_palais_mirabell-103.jpg\" data-orig-src=\"https:\/\/imlauer.com\/imlauer-palais-mirabell\/wp-content\/uploads\/2026\/04\/2026_patrese_imlauer_palais_mirabell-103.jpg\" alt class=\"lazyload img-responsive wp-image-47788\" srcset=\"data:image\/svg+xml,%3Csvg%20xmlns%3D%27http%3A%2F%2Fwww.w3.org%2F2000%2Fsvg%27%20width%3D%272048%27%20height%3D%271536%27%20viewBox%3D%270%200%202048%201536%27%3E%3Crect%20width%3D%272048%27%20height%3D%271536%27%20fill-opacity%3D%220%22%2F%3E%3C%2Fsvg%3E\" data-srcset=\"https:\/\/imlauer.com\/imlauer-palais-mirabell\/wp-content\/uploads\/2026\/04\/2026_patrese_imlauer_palais_mirabell-103-200x150.jpg 200w, https:\/\/imlauer.com\/imlauer-palais-mirabell\/wp-content\/uploads\/2026\/04\/2026_patrese_imlauer_palais_mirabell-103-400x300.jpg 400w, https:\/\/imlauer.com\/imlauer-palais-mirabell\/wp-content\/uploads\/2026\/04\/2026_patrese_imlauer_palais_mirabell-103-600x450.jpg 600w, https:\/\/imlauer.com\/imlauer-palais-mirabell\/wp-content\/uploads\/2026\/04\/2026_patrese_imlauer_palais_mirabell-103-800x600.jpg 800w, https:\/\/imlauer.com\/imlauer-palais-mirabell\/wp-content\/uploads\/2026\/04\/2026_patrese_imlauer_palais_mirabell-103-1200x900.jpg 1200w, https:\/\/imlauer.com\/imlauer-palais-mirabell\/wp-content\/uploads\/2026\/04\/2026_patrese_imlauer_palais_mirabell-103.jpg 2048w\" data-sizes=\"auto\" data-orig-sizes=\"(max-width: 969px) 100vw, 800px\" \/><\/span><\/div><div class=\"fusion-sep-clear\"><\/div><div class=\"fusion-separator fusion-full-width-sep\" style=\"margin-left: auto;margin-right: auto;margin-bottom:35px;width:100%;\"><\/div><div class=\"fusion-sep-clear\"><\/div><div class=\"fusion-text fusion-text-6\"><h2 style=\"text-align: left;\">La familia Imlauer est\u00e1 al frente del hist\u00f3rico Hotel Palais de Salzburgo desde julio de 2019<\/h2>\n<\/div><div class=\"fusion-text fusion-text-7\"><p>El Palais existente se renov\u00f3 cuidadosamente con gran sensibilidad. En lugar de una nueva construcci\u00f3n, la atenci\u00f3n se centra en un mayor desarrollo: para una calidad sostenible y otro hotel IMLAUER que contin\u00fae su historia. <\/p>\n<p data-start=\"257\" data-end=\"521\">La mayor\u00eda de nuestras habitaciones y suites ya han sido renovadas y tienen un nuevo dise\u00f1o. Las distintas categor\u00edas de habitaciones est\u00e1n claramente etiquetadas durante el proceso de reserva, para que puedas encontrar la habitaci\u00f3n que mejor se adapte a tu estancia. <\/p>\n<p data-start=\"523\" data-end=\"663\" data-is-last-node=\"\" data-is-only-node=\"\">Aqu\u00ed podr\u00e1s experimentar Salzburgo no s\u00f3lo como destino tur\u00edstico, sino como un aut\u00e9ntico estilo de vida, en pleno coraz\u00f3n de la ciudad de Mozart.<\/p>\n<\/div><div class=\"fusion-alignleft\"><a class=\"fusion-button button-flat fusion-button-default-size button-default fusion-button-default button-3 fusion-button-default-span \" target=\"_self\" href=\"https:\/\/app.mews.com\/distributor\/ed37fea5-e408-4ff0-97f1-b2ec0085d749?_gl=1*18zzgzl*_gcl_au*MTg5OTE2MzYyNS4xNzczNzM1MTY3*_ga*MTkyMjE2NTE0LjE3NjU3OTkzMjE.*_ga_TGMH9THV0C*czE3NzQ2MDc5OTEkbzUxJGcxJHQxNzc0NjA5MTI2JGo2MCRsMCRoMA..\" rel=\"noopener\"><span class=\"fusion-button-text awb-button__text awb-button__text--default\">Reserva tiempo libre <\/span><\/a><\/div><\/div><\/div><div class=\"fusion-clearfix\"><\/div><\/div><\/div><div class=\"fusion-layout-column fusion_builder_column fusion-builder-column-7 fusion_builder_column_1_2 1_2 fusion-one-half fusion-column-last\" style=\"--awb-padding-top:0px;--awb-padding-right:20px;--awb-padding-bottom:0px;--awb-padding-left:20px;--awb-bg-size:cover;--awb-margin-bottom:0px;\" data-scroll-devices=\"small-visibility,medium-visibility,large-visibility\"><div class=\"fusion-column-wrapper fusion-column-has-shadow fusion-flex-column-wrapper-legacy\"><div class=\"fusion-sep-clear\"><\/div><div class=\"fusion-separator fusion-full-width-sep\" style=\"margin-left: auto;margin-right: auto;margin-top:70px;margin-bottom:70px;width:100%;\"><\/div><div class=\"fusion-sep-clear\"><\/div><div class=\"fusion-image-element in-legacy-container\" style=\"--awb-caption-title-font-family:var(--h2_typography-font-family);--awb-caption-title-font-weight:var(--h2_typography-font-weight);--awb-caption-title-font-style:var(--h2_typography-font-style);--awb-caption-title-size:var(--h2_typography-font-size);--awb-caption-title-transform:var(--h2_typography-text-transform);--awb-caption-title-line-height:var(--h2_typography-line-height);--awb-caption-title-letter-spacing:var(--h2_typography-letter-spacing);\"><span class=\" fusion-imageframe imageframe-none imageframe-2 hover-type-none\"><img decoding=\"async\" width=\"2560\" height=\"1920\" title=\"Patrick Langwallner\" src=\"https:\/\/imlauer.com\/imlauer-palais-mirabell\/wp-content\/uploads\/2026\/04\/2026_patrese_salzburg-225-scaled.jpg\" data-orig-src=\"https:\/\/imlauer.com\/imlauer-palais-mirabell\/wp-content\/uploads\/2026\/04\/2026_patrese_salzburg-225-scaled.jpg\" alt class=\"lazyload img-responsive wp-image-47789\" srcset=\"data:image\/svg+xml,%3Csvg%20xmlns%3D%27http%3A%2F%2Fwww.w3.org%2F2000%2Fsvg%27%20width%3D%272560%27%20height%3D%271920%27%20viewBox%3D%270%200%202560%201920%27%3E%3Crect%20width%3D%272560%27%20height%3D%271920%27%20fill-opacity%3D%220%22%2F%3E%3C%2Fsvg%3E\" data-srcset=\"https:\/\/imlauer.com\/imlauer-palais-mirabell\/wp-content\/uploads\/2026\/04\/2026_patrese_salzburg-225-200x150.jpg 200w, https:\/\/imlauer.com\/imlauer-palais-mirabell\/wp-content\/uploads\/2026\/04\/2026_patrese_salzburg-225-400x300.jpg 400w, https:\/\/imlauer.com\/imlauer-palais-mirabell\/wp-content\/uploads\/2026\/04\/2026_patrese_salzburg-225-600x450.jpg 600w, https:\/\/imlauer.com\/imlauer-palais-mirabell\/wp-content\/uploads\/2026\/04\/2026_patrese_salzburg-225-800x600.jpg 800w, https:\/\/imlauer.com\/imlauer-palais-mirabell\/wp-content\/uploads\/2026\/04\/2026_patrese_salzburg-225-1200x900.jpg 1200w, https:\/\/imlauer.com\/imlauer-palais-mirabell\/wp-content\/uploads\/2026\/04\/2026_patrese_salzburg-225-scaled.jpg 2560w\" data-sizes=\"auto\" data-orig-sizes=\"(max-width: 969px) 100vw, 800px\" \/><\/span><\/div><div class=\"fusion-sep-clear\"><\/div><div class=\"fusion-separator fusion-full-width-sep\" style=\"margin-left: auto;margin-right: auto;margin-bottom:35px;width:100%;\"><\/div><div class=\"fusion-sep-clear\"><\/div><div class=\"fusion-text fusion-text-8\"><h2 style=\"text-align: left;\">La situaci\u00f3n es tan impresionante ayer como hoy.<\/h2>\n<\/div><div class=\"fusion-text fusion-text-9\"><p style=\"text-align: left;\">Para llegar al Palacio Mirabell, con sus magn\u00edficos Jardines Mirabell, s\u00f3lo tienes que cruzar la calle. La Linzergasse est\u00e1 a un paso, al igual que la mundialmente famosa Getreidegasse. <\/p>\n<p>Ayer y hoy en perfecta armon\u00eda: <strong>Bienvenido al<\/strong> <strong>IMLAUER Palais Mirabell<\/strong> (antes Hotel am Mirabellplatz).<\/p>\n<\/div><div class=\"fusion-alignleft\"><a class=\"fusion-button button-flat fusion-button-default-size button-default fusion-button-default button-4 fusion-button-default-span \" target=\"_self\" href=\"https:\/\/imlauer.com\/imlauer-palais-mirabell\/guia-de-la-ciudad\/?lang=es\"><span class=\"fusion-button-text awb-button__text awb-button__text--default\">Descubre Salzburgo<\/span><\/a><\/div><div class=\"fusion-clearfix\"><\/div><\/div><\/div><\/div><\/div><div class=\"fusion-fullwidth fullwidth-box fusion-builder-row-6 fusion-flex-container has-pattern-background has-mask-background nonhundred-percent-fullwidth non-hundred-percent-height-scrolling\" style=\"--awb-border-radius-top-left:0px;--awb-border-radius-top-right:0px;--awb-border-radius-bottom-right:0px;--awb-border-radius-bottom-left:0px;--awb-margin-top:35px;--awb-flex-wrap:wrap;\" ><div class=\"fusion-builder-row fusion-row fusion-flex-align-items-flex-start fusion-flex-content-wrap\" style=\"max-width:1352px;margin-left: calc(-4% \/ 2 );margin-right: calc(-4% \/ 2 );\"><div class=\"fusion-layout-column fusion_builder_column fusion-builder-column-8 fusion_builder_column_1_2 1_2 fusion-flex-column fusion-column-inner-bg-wrapper overlay\" style=\"--awb-padding-top:10%;--awb-padding-right:15%;--awb-padding-bottom:10%;--awb-padding-left:15%;--awb-inner-bg-color:#f0f0f0;--awb-inner-bg-color-hover:#f0f0f0;--awb-inner-bg-position:center center;--awb-inner-bg-size:cover;--awb-width-large:50%;--awb-margin-top-large:2px;--awb-spacing-right-large:1px;--awb-margin-bottom-large:0px;--awb-spacing-left-large:3.84%;--awb-width-medium:100%;--awb-order-medium:0;--awb-spacing-right-medium:1.92%;--awb-spacing-left-medium:1.92%;--awb-width-small:100%;--awb-order-small:0;--awb-spacing-right-small:1.92%;--awb-spacing-left-small:1.92%;\" data-scroll-devices=\"small-visibility,medium-visibility,large-visibility\"><span class=\"fusion-column-inner-bg hover-type-zoomin\"><a class=\"fusion-column-anchor\" href=\"https:\/\/imlauer.com\/imlauer-palais-mirabell\/habitacion\/?lang=es\"><span class=\"fusion-column-inner-bg-image lazyload\" data-bg=\"https:\/\/imlauer.com\/imlauer-palais-mirabell\/wp-content\/uploads\/2026\/04\/IMLAUERPalaisMirabelleroeffnung-141.jpg\"><\/span><\/a><\/span><div class=\"fusion-column-wrapper fusion-column-has-shadow fusion-flex-justify-content-center fusion-content-layout-column fusion-column-has-bg-image\" data-bg-url=\"https:\/\/imlauer.com\/imlauer-palais-mirabell\/wp-content\/uploads\/2026\/04\/IMLAUERPalaisMirabelleroeffnung-141.jpg\"><div class=\"fusion-text fusion-text-10\"><h4 style=\"font-size: 33px; line-height: 50px; text-align: center;\"><span style=\"color: #ffffff;\">Habitaci\u00f3n<\/span><\/h4>\n<\/div><\/div><\/div><div class=\"fusion-layout-column fusion_builder_column fusion-builder-column-9 fusion_builder_column_1_2 1_2 fusion-flex-column fusion-column-inner-bg-wrapper overlay\" style=\"--awb-padding-top:10%;--awb-padding-right:15%;--awb-padding-bottom:10%;--awb-padding-left:15%;--awb-inner-bg-color:#f0f0f0;--awb-inner-bg-color-hover:#f0f0f0;--awb-inner-bg-position:center center;--awb-inner-bg-size:cover;--awb-width-large:50%;--awb-margin-top-large:2px;--awb-spacing-right-large:1px;--awb-margin-bottom-large:0px;--awb-spacing-left-large:1px;--awb-width-medium:100%;--awb-order-medium:0;--awb-spacing-right-medium:1.92%;--awb-spacing-left-medium:1.92%;--awb-width-small:100%;--awb-order-small:0;--awb-spacing-right-small:1.92%;--awb-spacing-left-small:1.92%;\" data-scroll-devices=\"small-visibility,medium-visibility,large-visibility\"><span class=\"fusion-column-inner-bg hover-type-zoomin\"><a class=\"fusion-column-anchor\" href=\"https:\/\/imlauer.com\/imlauer-palais-mirabell\/galeria-de-imagenes\/?lang=es\"><span class=\"fusion-column-inner-bg-image lazyload\" data-bg=\"https:\/\/imlauer.com\/imlauer-palais-mirabell\/wp-content\/uploads\/2026\/03\/web_imlauer_0124-0442-web.jpg\"><\/span><\/a><\/span><div class=\"fusion-column-wrapper fusion-column-has-shadow fusion-flex-justify-content-center fusion-content-layout-column fusion-column-has-bg-image\" data-bg-url=\"https:\/\/imlauer.com\/imlauer-palais-mirabell\/wp-content\/uploads\/2026\/03\/web_imlauer_0124-0442-web.jpg\"><div class=\"fusion-text fusion-text-11\"><h4 style=\"font-size: 33px; line-height: 50px; text-align: center;\"><span style=\"color: #ffffff;\">Galer\u00eda de im\u00e1genes<\/span><\/h4>\n<\/div><\/div><\/div><div class=\"fusion-layout-column fusion_builder_column fusion-builder-column-10 fusion_builder_column_1_2 1_2 fusion-flex-column fusion-column-inner-bg-wrapper overlay\" style=\"--awb-padding-top:10%;--awb-padding-right:15%;--awb-padding-bottom:3%;--awb-padding-left:15%;--awb-inner-bg-color:#f0f0f0;--awb-inner-bg-color-hover:#f0f0f0;--awb-inner-bg-position:center center;--awb-inner-bg-size:cover;--awb-width-large:50%;--awb-margin-top-large:2px;--awb-spacing-right-large:1px;--awb-margin-bottom-large:0px;--awb-spacing-left-large:25.994318px;--awb-width-medium:100%;--awb-order-medium:0;--awb-spacing-right-medium:1.92%;--awb-spacing-left-medium:1.92%;--awb-width-small:100%;--awb-order-small:0;--awb-spacing-right-small:1.92%;--awb-spacing-left-small:1.92%;\" data-scroll-devices=\"small-visibility,medium-visibility,large-visibility\"><span class=\"fusion-column-inner-bg hover-type-zoomin\"><a class=\"fusion-column-anchor\" href=\"https:\/\/imlauer.com\/imlauer-palais-mirabell\/restaurantes\/?lang=es\"><span class=\"fusion-column-inner-bg-image lazyload\" data-bg=\"https:\/\/imlauer.com\/imlauer-palais-mirabell\/wp-content\/uploads\/2025\/02\/Tafelspitz-mit-Bier-overlay-1.jpg\"><\/span><\/a><\/span><div class=\"fusion-column-wrapper fusion-column-has-shadow fusion-flex-justify-content-center fusion-content-layout-column fusion-column-has-bg-image\" data-bg-url=\"https:\/\/imlauer.com\/imlauer-palais-mirabell\/wp-content\/uploads\/2025\/02\/Tafelspitz-mit-Bier-overlay-1.jpg\"><div class=\"fusion-text fusion-text-12\"><h4 style=\"font-size: 33px; line-height: 50px; text-align: center;\"><span style=\"color: #ffffff;\">IMLAUER Restaurantes Salzburgo<\/span><\/h4>\n<\/div><\/div><\/div><div class=\"fusion-layout-column fusion_builder_column fusion-builder-column-11 fusion_builder_column_1_2 1_2 fusion-flex-column fusion-column-inner-bg-wrapper overlay\" style=\"--awb-padding-top:10%;--awb-padding-right:15%;--awb-padding-bottom:10%;--awb-padding-left:15%;--awb-inner-bg-color:#f0f0f0;--awb-inner-bg-color-hover:#f0f0f0;--awb-inner-bg-position:center center;--awb-inner-bg-size:cover;--awb-width-large:50%;--awb-margin-top-large:2px;--awb-spacing-right-large:0%;--awb-margin-bottom-large:0px;--awb-spacing-left-large:1px;--awb-width-medium:100%;--awb-order-medium:0;--awb-spacing-right-medium:1.92%;--awb-spacing-left-medium:1.92%;--awb-width-small:100%;--awb-order-small:0;--awb-spacing-right-small:1.92%;--awb-spacing-left-small:1.92%;\" data-scroll-devices=\"small-visibility,medium-visibility,large-visibility\"><span class=\"fusion-column-inner-bg hover-type-zoomin\"><a class=\"fusion-column-anchor\" href=\"https:\/\/imlauer.com\/imlauer-palais-mirabell\/jetzt-buchen\/\"><span class=\"fusion-column-inner-bg-image lazyload\" data-bg=\"https:\/\/imlauer.com\/imlauer-palais-mirabell\/wp-content\/uploads\/2026\/04\/IMLAUERPalaisMirabelleroeffnung-132.jpg\"><\/span><\/a><\/span><div class=\"fusion-column-wrapper fusion-column-has-shadow fusion-flex-justify-content-center fusion-content-layout-column fusion-column-has-bg-image\" data-bg-url=\"https:\/\/imlauer.com\/imlauer-palais-mirabell\/wp-content\/uploads\/2026\/04\/IMLAUERPalaisMirabelleroeffnung-132.jpg\"><div class=\"fusion-text fusion-text-13\"><h4 style=\"font-size: 33px; line-height: 50px; text-align: center;\"><span style=\"color: #ffffff;\">Reserva<\/span><\/h4>\n<\/div><\/div><\/div><\/div><\/div><div class=\"fusion-fullwidth fullwidth-box fusion-builder-row-7 hundred-percent-fullwidth non-hundred-percent-height-scrolling fusion-equal-height-columns linkboxen\" style=\"--awb-border-radius-top-left:0px;--awb-border-radius-top-right:0px;--awb-border-radius-bottom-right:0px;--awb-border-radius-bottom-left:0px;--awb-margin-bottom:0px;--awb-flex-wrap:wrap;\" ><div class=\"fusion-builder-row fusion-row\"><\/div><\/div><div class=\"fusion-fullwidth fullwidth-box fusion-builder-row-8 hundred-percent-fullwidth non-hundred-percent-height-scrolling fusion-equal-height-columns\" style=\"--awb-background-position:left top;--awb-border-sizes-top:0px;--awb-border-sizes-bottom:0px;--awb-border-sizes-left:0px;--awb-border-sizes-right:0px;--awb-border-radius-top-left:0px;--awb-border-radius-top-right:0px;--awb-border-radius-bottom-right:0px;--awb-border-radius-bottom-left:0px;--awb-padding-top:80px;--awb-padding-right:20px;--awb-padding-bottom:0px;--awb-padding-left:20px;--awb-flex-wrap:wrap;\" ><div class=\"fusion-builder-row fusion-row\"><div class=\"fusion-layout-column fusion_builder_column fusion-builder-column-12 fusion_builder_column_1_1 1_1 fusion-one-full fusion-column-first fusion-column-last fusion-column-no-min-height\" style=\"--awb-bg-blend:overlay;--awb-bg-size:cover;--awb-margin-bottom:0px;\"><div class=\"fusion-column-wrapper fusion-flex-column-wrapper-legacy\"><div class=\"fusion-content-boxes content-boxes columns row fusion-columns-5 fusion-columns-total-5 fusion-content-boxes-1 content-boxes-icon-on-top content-left\" style=\"--awb-backgroundcolor:#ffffff;--awb-body-color:#636362;--awb-title-color:#af9755;--awb-iconcolor:#008ab4;--awb-hover-accent-color:#af9755;--awb-circle-hover-accent-color:transparent;\" data-animationOffset=\"top-into-view\"><div style=\"--awb-backgroundcolor:#ffffff;--awb-iconcolor:#008ab4;\" class=\"fusion-column content-box-column content-box-column-1 col-lg-2 col-md-2 col-sm-2 fusion-content-box-hover content-box-column-first-in-row\"><div class=\"col content-box-wrapper content-wrapper-background link-area-box link-type-text icon-hover-animation-slide\" data-link=\"https:\/\/imlauer.com\/imlauer-palais-mirabell\/habitacion\/?lang=es\" data-link-target=\"_self\" data-animationOffset=\"top-into-view\"><div class=\"heading heading-with-icon icon-left\"><a class=\"heading-link\" href=\"https:\/\/imlauer.com\/imlauer-palais-mirabell\/habitacion\/?lang=es\" target=\"_self\"><div aria-hidden=\"true\" class=\"image\"><img decoding=\"async\" class=\"lazyload\" src=\"data:image\/svg+xml,%3Csvg%20xmlns%3D%27http%3A%2F%2Fwww.w3.org%2F2000%2Fsvg%27%20width%3D%27100%27%20height%3D%27100%27%20viewBox%3D%270%200%20100%20100%27%3E%3Crect%20width%3D%27100%27%20height%3D%27100%27%20fill-opacity%3D%220%22%2F%3E%3C%2Fsvg%3E\" data-orig-src=\"https:\/\/imlauer.com\/imlauer-palais-mirabell\/wp-content\/uploads\/2025\/02\/bett.png\" width=\"100\" height=\"100\" alt=\"\" \/><\/div><h2 class=\"content-box-heading\" style=\"--h2_typography-font-size:20px;line-height:25px;\">Habitaci\u00f3n<\/h2><\/a><\/div><div class=\"fusion-clearfix\"><\/div><div class=\"content-container\">\n<p>70 habitaciones con WLAN gratuito y aire acondicionado<\/p>\n<\/div><div class=\"fusion-clearfix\"><\/div><a class=\" fusion-read-more\" href=\"https:\/\/imlauer.com\/imlauer-palais-mirabell\/habitacion\/?lang=es\" target=\"_self\">M\u00e1s informaci\u00f3n<\/a><div class=\"fusion-clearfix\"><\/div><\/div><\/div><div style=\"--awb-backgroundcolor:#ffffff;--awb-iconcolor:#008ab4;\" class=\"fusion-column content-box-column content-box-column-2 col-lg-2 col-md-2 col-sm-2 fusion-content-box-hover \"><div class=\"col content-box-wrapper content-wrapper-background link-area-box link-type-text icon-hover-animation-slide\" data-link=\"https:\/\/imlauer.com\/imlauer-palais-mirabell\/importante-saber\/?lang=es\" data-link-target=\"_self\" data-animationOffset=\"top-into-view\"><div class=\"heading heading-with-icon icon-left\"><a class=\"heading-link\" href=\"https:\/\/imlauer.com\/imlauer-palais-mirabell\/importante-saber\/?lang=es\" target=\"_self\"><div aria-hidden=\"true\" class=\"image\"><img decoding=\"async\" class=\"lazyload\" src=\"data:image\/svg+xml,%3Csvg%20xmlns%3D%27http%3A%2F%2Fwww.w3.org%2F2000%2Fsvg%27%20width%3D%27100%27%20height%3D%27100%27%20viewBox%3D%270%200%20100%20100%27%3E%3Crect%20width%3D%27100%27%20height%3D%27100%27%20fill-opacity%3D%220%22%2F%3E%3C%2Fsvg%3E\" data-orig-src=\"https:\/\/imlauer.com\/imlauer-palais-mirabell\/wp-content\/uploads\/2025\/02\/schluessel.png\" width=\"100\" height=\"100\" alt=\"\" \/><\/div><h2 class=\"content-box-heading\" style=\"--h2_typography-font-size:20px;line-height:25px;\">Registro de entrada y salida<\/h2><\/a><\/div><div class=\"fusion-clearfix\"><\/div><div class=\"content-container\">Entrada a partir de las 15:00<br \/>\nSalida hasta las 11:00<\/div><\/div><\/div><div style=\"--awb-backgroundcolor:#ffffff;--awb-iconcolor:#008ab4;\" class=\"fusion-column content-box-column content-box-column-3 col-lg-2 col-md-2 col-sm-2 fusion-content-box-hover \"><div class=\"col content-box-wrapper content-wrapper-background link-area-box link-type-text icon-hover-animation-slide\" data-link=\"https:\/\/imlauer.com\/imlauer-palais-mirabell\/importante-saber\/?lang=es\" data-link-target=\"_self\" data-animationOffset=\"top-into-view\"><div class=\"heading heading-with-icon icon-left\"><a class=\"heading-link\" href=\"https:\/\/imlauer.com\/imlauer-palais-mirabell\/importante-saber\/?lang=es\" target=\"_self\"><div aria-hidden=\"true\" class=\"image\"><img decoding=\"async\" class=\"lazyload\" src=\"data:image\/svg+xml,%3Csvg%20xmlns%3D%27http%3A%2F%2Fwww.w3.org%2F2000%2Fsvg%27%20width%3D%27100%27%20height%3D%27100%27%20viewBox%3D%270%200%20100%20100%27%3E%3Crect%20width%3D%27100%27%20height%3D%27100%27%20fill-opacity%3D%220%22%2F%3E%3C%2Fsvg%3E\" data-orig-src=\"https:\/\/imlauer.com\/imlauer-palais-mirabell\/wp-content\/uploads\/2025\/02\/parking.png\" width=\"100\" height=\"100\" alt=\"\" \/><\/div><h2 class=\"content-box-heading\" style=\"--h2_typography-font-size:20px;line-height:25px;\">Aparcamiento - Aparcamiento<\/h2><\/a><\/div><div class=\"fusion-clearfix\"><\/div><div class=\"content-container\">Aparcamiento subterr\u00e1neo en Mirabellplatz<br \/>\n39,00 \u20ac por d\u00eda y plaza. Informaci\u00f3n importante <a href=\"https:\/\/imlauer.com\/imlauer-palais-mirabell\/localizacion-y-llegada\/?lang=es\" target=\"_blank\" rel=\"noopener\">aqu\u00ed.<\/a><br \/>\n1 estaci\u00f3n de recarga electr\u00f3nica (de pago)<\/div><\/div><\/div><div style=\"--awb-backgroundcolor:#ffffff;--awb-iconcolor:#008ab4;\" class=\"fusion-column content-box-column content-box-column-4 col-lg-2 col-md-2 col-sm-2 fusion-content-box-hover \"><div class=\"col content-box-wrapper content-wrapper-background link-area-box link-type-text icon-hover-animation-slide\" data-link=\"https:\/\/imlauer.com\/imlauer-palais-mirabell\/localizacion-y-llegada\/?lang=es\" data-link-target=\"_self\" data-animationOffset=\"top-into-view\"><div class=\"heading heading-with-icon icon-left\"><a class=\"heading-link\" href=\"https:\/\/imlauer.com\/imlauer-palais-mirabell\/localizacion-y-llegada\/?lang=es\" target=\"_self\"><div aria-hidden=\"true\" class=\"image\"><img decoding=\"async\" class=\"lazyload\" src=\"data:image\/svg+xml,%3Csvg%20xmlns%3D%27http%3A%2F%2Fwww.w3.org%2F2000%2Fsvg%27%20width%3D%27100%27%20height%3D%27100%27%20viewBox%3D%270%200%20100%20100%27%3E%3Crect%20width%3D%27100%27%20height%3D%27100%27%20fill-opacity%3D%220%22%2F%3E%3C%2Fsvg%3E\" data-orig-src=\"https:\/\/imlauer.com\/imlauer-palais-mirabell\/wp-content\/uploads\/2025\/02\/wegweiser-1.png\" width=\"100\" height=\"100\" alt=\"\" \/><\/div><h2 class=\"content-box-heading\" style=\"--h2_typography-font-size:20px;line-height:25px;\">Localizaci\u00f3n y llegada<\/h2><\/a><\/div><div class=\"fusion-clearfix\"><\/div><div class=\"content-container\"><a href=\"https:\/\/imlauer.com\/imlauer-palais-mirabell\/localizacion-y-llegada\/?lang=es\" target=\"_blank\" rel=\"noopener\">Aqu\u00ed<\/a> encontrar\u00e1s toda la informaci\u00f3n sobre la ubicaci\u00f3n y la llegada<\/div><\/div><\/div><div style=\"--awb-backgroundcolor:#ffffff;--awb-iconcolor:#008ab4;\" class=\"fusion-column content-box-column content-box-column-5 col-lg-2 col-md-2 col-sm-2 fusion-content-box-hover content-box-column-last content-box-column-last-in-row\"><div class=\"col content-box-wrapper content-wrapper-background link-area-box link-type-text icon-hover-animation-slide\" data-link=\"https:\/\/imlauer.com\/imlauer-palais-mirabell\/restaurantes\/?lang=es\" data-link-target=\"_self\" data-animationOffset=\"top-into-view\"><div class=\"heading heading-with-icon icon-left\"><a class=\"heading-link\" href=\"https:\/\/imlauer.com\/imlauer-palais-mirabell\/restaurantes\/?lang=es\" target=\"_self\"><div aria-hidden=\"true\" class=\"image\"><img decoding=\"async\" class=\"lazyload\" src=\"data:image\/svg+xml,%3Csvg%20xmlns%3D%27http%3A%2F%2Fwww.w3.org%2F2000%2Fsvg%27%20width%3D%27100%27%20height%3D%27100%27%20viewBox%3D%270%200%20100%20100%27%3E%3Crect%20width%3D%27100%27%20height%3D%27100%27%20fill-opacity%3D%220%22%2F%3E%3C%2Fsvg%3E\" data-orig-src=\"https:\/\/imlauer.com\/imlauer-palais-mirabell\/wp-content\/uploads\/2025\/02\/besteck-1.png\" width=\"100\" height=\"100\" alt=\"\" \/><\/div><h2 class=\"content-box-heading\" style=\"--h2_typography-font-size:20px;line-height:25px;\">Comer en el barrio<\/h2><\/a><\/div><div class=\"fusion-clearfix\"><\/div><div class=\"content-container\">Visita nuestros restaurantes del Hotel IMLAUER Pitter y el restaurante de la cervecer\u00eda IMLAUER.<\/div><\/div><\/div><div class=\"fusion-clearfix\"><\/div><\/div><div class=\"fusion-clearfix\"><\/div><\/div><\/div><\/div><\/div><\/p>\n","protected":false},"excerpt":{"rendered":"","protected":false},"author":1,"featured_media":0,"parent":0,"menu_order":0,"comment_status":"closed","ping_status":"closed","template":"100-width.php","meta":{"footnotes":""},"class_list":["post-7065","page","type-page","status-publish","hentry"],"_links":{"self":[{"href":"https:\/\/imlauer.com\/imlauer-palais-mirabell\/wp-json\/wp\/v2\/pages\/7065","targetHints":{"allow":["GET"]}}],"collection":[{"href":"https:\/\/imlauer.com\/imlauer-palais-mirabell\/wp-json\/wp\/v2\/pages"}],"about":[{"href":"https:\/\/imlauer.com\/imlauer-palais-mirabell\/wp-json\/wp\/v2\/types\/page"}],"author":[{"embeddable":true,"href":"https:\/\/imlauer.com\/imlauer-palais-mirabell\/wp-json\/wp\/v2\/users\/1"}],"replies":[{"embeddable":true,"href":"https:\/\/imlauer.com\/imlauer-palais-mirabell\/wp-json\/wp\/v2\/comments?post=7065"}],"version-history":[{"count":419,"href":"https:\/\/imlauer.com\/imlauer-palais-mirabell\/wp-json\/wp\/v2\/pages\/7065\/revisions"}],"predecessor-version":[{"id":48171,"href":"https:\/\/imlauer.com\/imlauer-palais-mirabell\/wp-json\/wp\/v2\/pages\/7065\/revisions\/48171"}],"wp:attachment":[{"href":"https:\/\/imlauer.com\/imlauer-palais-mirabell\/wp-json\/wp\/v2\/media?parent=7065"}],"curies":[{"name":"wp","href":"https:\/\/api.w.org\/{rel}","templated":true}]}}